{"id":28304,"date":"2024-02-19T18:14:25","date_gmt":"2024-02-19T17:14:25","guid":{"rendered":"https:\/\/cafelapalma.com\/?post_type=tribe_events&#038;p=28304"},"modified":"2024-04-19T12:16:22","modified_gmt":"2024-04-19T10:16:22","slug":"linze","status":"publish","type":"tribe_events","link":"https:\/\/cafelapalma.com\/en\/programacion\/linze\/","title":{"rendered":"LINZE"},"content":{"rendered":"<div  class=\"tribe-events-schedule tribe-clearfix\" >\n\t<p class=\"tribe-events-schedule__datetime\">\n\t\t<span class=\"tribe-events-schedule__date tribe-events-schedule__date--start\">\n\t\t\t20  April  2024\t\t<\/span>\n\n\t\t\t\t\t<span class=\"tribe-events-schedule__separator tribe-events-schedule__separator--date\">\n\t\t\t\t@\t\t\t<\/span>\n\t\t\t<span class=\"tribe-events-schedule__time tribe-events-schedule__time--start\">\n\t\t\t\t21:30\t\t\t<\/span>\n\t\t\n\t\t\t\t\t\t\t\t\t<span class=\"tribe-events-schedule__separator tribe-events-schedule__separator--time\">\n\t\t\t\t\t&#8211;\t\t\t\t<\/span>\n\t\t\t\n\t\t\t\t\t\t\t<span class=\"tribe-events-schedule__time tribe-events-schedule__time--end\">\n\t\t\t\t\t23:45\t\t\t\t<\/span>\n\t\t\t\n\t\t\t\t\t\t<\/p>\n<\/div>\n\n\n<div  class=\"tribe-block tribe-block__event-price\" >\n\t\t\t<span class=\"tribe-block__event-price__cost\"> 12\u20ac <\/span>\n\t\t\t\t<span class=\"tribe-block__event-price__description\">+ gg Anticipada | 15\u20ac Taquilla<\/span>\n\t<\/div>\n\n\n\n<div style=\"height:100px\" aria-hidden=\"true\" class=\"wp-block-spacer\"><\/div>\n\n\n\n<div class=\"wp-block-columns is-layout-flex wp-container-core-columns-is-layout-8f761849 wp-block-columns-is-layout-flex\">\n<div class=\"wp-block-column is-layout-flow wp-block-column-is-layout-flow\" style=\"flex-basis:33.33%\">\n<figure class=\"wp-block-image size-large\"><img loading=\"lazy\" decoding=\"async\" width=\"780\" height=\"1040\" src=\"https:\/\/cafelapalma.com\/wp-content\/uploads\/2024\/04\/LINZE-A3-LOW-DEF-780x1040.jpg\" alt=\"\" class=\"wp-image-28686\" srcset=\"https:\/\/cafelapalma.com\/wp-content\/uploads\/2024\/04\/LINZE-A3-LOW-DEF-780x1040.jpg 780w, https:\/\/cafelapalma.com\/wp-content\/uploads\/2024\/04\/LINZE-A3-LOW-DEF-225x300.jpg 225w, https:\/\/cafelapalma.com\/wp-content\/uploads\/2024\/04\/LINZE-A3-LOW-DEF-768x1024.jpg 768w, https:\/\/cafelapalma.com\/wp-content\/uploads\/2024\/04\/LINZE-A3-LOW-DEF-1152x1536.jpg 1152w, https:\/\/cafelapalma.com\/wp-content\/uploads\/2024\/04\/LINZE-A3-LOW-DEF-1536x2048.jpg 1536w, https:\/\/cafelapalma.com\/wp-content\/uploads\/2024\/04\/LINZE-A3-LOW-DEF-45x60.jpg 45w\" sizes=\"auto, (max-width: 780px) 100vw, 780px\" \/><\/figure>\n\n\n<div  class=\"tribe-block tribe-block__event-website\" >\n\t<a\n\t\thref=\"https:\/\/www.passline.com\/eventos\/linze\"\n\t\ttarget=\"_self\"\n\t\t\t>\n\t\tBUY TICKETS\t<\/a>\n<\/div>\n<\/div>\n\n\n\n<div class=\"wp-block-column is-layout-flow wp-block-column-is-layout-flow\" style=\"flex-basis:66.66%\">\n<div style=\"height:100px\" aria-hidden=\"true\" class=\"wp-block-spacer\"><\/div>\n\n\n\n<p class=\"has-text-align-left wp-block-paragraph\"><strong>LINZE <\/strong>es una banda madrile\u00f1a de Rock\u2019n\u2019Roll de corte muy setentero. Sus integrantes apenas superan la veintena, algo que contrasta con los m\u00e1s de doscientas actuaciones que han dado a lo largo y ancho de la pen\u00ednsula desde 2014. Con una esencia especial y actitud imparable y la admiraci\u00f3n de figuras como <strong>El Pirata<\/strong> (<strong>Rock FM<\/strong>), <strong>Josu Garc\u00eda<\/strong>, <strong>Chapo Gonz\u00e1les<\/strong> o <strong>F\u00e9lix Arribas<\/strong>, <strong>Linze <\/strong>lleva tiempo dando mucho que hablar en el panorama R&amp;R estatal.<\/p>\n\n\n\n<p class=\"has-text-align-right wp-block-paragraph\"><em><a href=\"https:\/\/open.spotify.com\/intl-es\/artist\/1tTfoCV93H1A7jvq1PpRJq?si=x6_MZF2cRKKfGv0_pEEK2w\">Listen to <\/a><\/em><strong><a href=\"https:\/\/open.spotify.com\/intl-es\/artist\/1tTfoCV93H1A7jvq1PpRJq?si=x6_MZF2cRKKfGv0_pEEK2w\">LINZE<\/a><\/strong><em><a href=\"https:\/\/open.spotify.com\/intl-es\/artist\/1tTfoCV93H1A7jvq1PpRJq?si=x6_MZF2cRKKfGv0_pEEK2w\"> en Spotyfy<\/a><\/em><\/p>\n\n\n\n<p class=\"has-text-align-left wp-block-paragraph\">&#x26a0;&#xfe0f; <em><strong>ATENCI\u00d3N<\/strong>: <strong>EMLAN <\/strong>no actuar\u00e1 por problemas de salud.<\/em> <em>Si deseas devolver tu entrada, escr\u00edbenos a <strong>comunicacion@cafelapalma.com<\/strong> y nos pondremos en contacto contigo lo antes posible para proceder al reembolso.<\/em> <\/p>\n<\/div>\n<\/div>\n\n\n\n<div style=\"height:100px\" aria-hidden=\"true\" class=\"wp-block-spacer\"><\/div>\n\n\n\n<hr class=\"wp-block-separator has-alpha-channel-opacity\"\/>\n\n\n\n<div style=\"height:100px\" aria-hidden=\"true\" class=\"wp-block-spacer\"><\/div>\n\n\n<h2 class=\"tribe-block__related-events__title\">Related Events<\/h2>\n\n<ul  class=\"tribe-related-events tribe-clearfix\" >\n\t\t\t<li>\n\t\n<div class=\"tribe-related-events-thumbnail\">\n\t<a href=\"https:\/\/cafelapalma.com\/en\/programacion\/funkin-donuts\/\" class=\"url\" rel=\"bookmark\" tabindex=\"-1\" aria-hidden=\"true\"><img loading=\"lazy\" decoding=\"async\" width=\"693\" height=\"1040\" src=\"https:\/\/cafelapalma.com\/wp-content\/uploads\/2026\/07\/FD-vert2-bn-693x1040.jpg\" class=\"attachment-large size-large wp-post-image\" alt=\"\" \/><\/a>\n<\/div>\n\t<div class=\"tribe-related-event-info\">\n\t<h3 class=\"tribe-related-events-title\">\n\t\t<a href=\"https:\/\/cafelapalma.com\/en\/programacion\/funkin-donuts\/\" class=\"tribe-event-url\" rel=\"bookmark\">\n\t\t\tFUNKIN&#8217; DONUTS\t\t<\/a>\n\t<\/h3>\n\t<span class=\"tribe-event-date-start\">5  September@22:00<\/span><span class=\"tribe-event-time\">23:45<\/span><\/div>\n<\/li>\n\t\t\t<li>\n\t\n<div class=\"tribe-related-events-thumbnail\">\n\t<a href=\"https:\/\/cafelapalma.com\/en\/programacion\/backstage-le-petit-truffle-mayo\/\" class=\"url\" rel=\"bookmark\" tabindex=\"-1\" aria-hidden=\"true\"><img loading=\"lazy\" decoding=\"async\" width=\"780\" height=\"1040\" src=\"https:\/\/cafelapalma.com\/wp-content\/uploads\/2026\/07\/Imagen-TruffleMayo-LePetit-i-1-780x1040.png\" class=\"attachment-large size-large wp-post-image\" alt=\"\" \/><\/a>\n<\/div>\n\t<div class=\"tribe-related-event-info\">\n\t<h3 class=\"tribe-related-events-title\">\n\t\t<a href=\"https:\/\/cafelapalma.com\/en\/programacion\/backstage-le-petit-truffle-mayo\/\" class=\"tribe-event-url\" rel=\"bookmark\">\n\t\t\tBACKSTAGE: LE PETIT + TRUFFLE MAYO\t\t<\/a>\n\t<\/h3>\n\t<span class=\"tribe-event-date-start\">5  September@23:55<\/span><\/div>\n<\/li>\n\t\t\t<li>\n\t\n<div class=\"tribe-related-events-thumbnail\">\n\t<a href=\"https:\/\/cafelapalma.com\/en\/programacion\/willie-deville-concierto-benefico-x-venezuela\/\" class=\"url\" rel=\"bookmark\" tabindex=\"-1\" aria-hidden=\"true\"><img loading=\"lazy\" decoding=\"async\" width=\"1020\" height=\"531\" src=\"https:\/\/cafelapalma.com\/wp-content\/uploads\/2026\/08\/Willie-deville-1100x572-1-1040x541.jpg\" class=\"attachment-large size-large wp-post-image\" alt=\"\" \/><\/a>\n<\/div>\n\t<div class=\"tribe-related-event-info\">\n\t<h3 class=\"tribe-related-events-title\">\n\t\t<a href=\"https:\/\/cafelapalma.com\/en\/programacion\/willie-deville-concierto-benefico-x-venezuela\/\" class=\"tribe-event-url\" rel=\"bookmark\">\n\t\t\tWILLIE DEVILLE: CONCIERTO BEN\u00c9FICO X VENEZUELA\t\t<\/a>\n\t<\/h3>\n\t<span class=\"tribe-event-date-start\">6  September@21:00<\/span><span class=\"tribe-event-time\">23:45<\/span><\/div>\n<\/li>\n\t<\/ul>","protected":false},"excerpt":{"rendered":"<p>LINZE es una banda madrile\u00f1a de Rock\u2019n\u2019Roll de corte muy setentero. Sus integrantes apenas superan la veintena, algo que contrasta con los m\u00e1s de doscientas actuaciones que han dado a lo largo y ancho de la pen\u00ednsula desde 2014. Con una esencia especial y actitud imparable y la admiraci\u00f3n de figuras como El Pirata (Rock &hellip; <\/p>","protected":false},"author":2,"featured_media":21029,"template":"","meta":{"_tec_requires_first_save":false,"_uag_custom_page_level_css":"","loftloader_page_shortcode":"","_EventAllDay":false,"_EventTimezone":"Europe\/Madrid","_EventStartDate":"2024-04-20 21:30:00","_EventEndDate":"2024-04-20 23:45:00","_EventStartDateUTC":"2024-04-20 19:30:00","_EventEndDateUTC":"2024-04-20 21:45:00","_EventShowMap":false,"_EventShowMapLink":false,"_EventURL":"https:\/\/www.passline.com\/eventos\/linze","_EventCost":"12","_EventCostDescription":"","_EventCurrencySymbol":"\u20ac","_EventCurrencyCode":"USD","_EventCurrencyPosition":"suffix","_EventDateTimeSeparator":"@","_EventTimeRangeSeparator":"-","_EventOrganizerID":[],"_EventVenueID":[],"_OrganizerEmail":"","_OrganizerPhone":"","_OrganizerWebsite":"","_VenueAddress":"","_VenueCity":"","_VenueCountry":"","_VenueProvince":"","_VenueState":"","_VenueZip":"","_VenuePhone":"","_VenueURL":"","_VenueStateProvince":"","_VenueLat":"","_VenueLng":"","_VenueShowMap":false,"_VenueShowMapLink":false,"_tribe_blocks_recurrence_rules":"","_tribe_blocks_recurrence_description":"","_tribe_blocks_recurrence_exclusions":"","_ecp_custom_2":"","_tribe_events_status":"","_tribe_events_status_reason":"","_tribe_events_is_hybrid":"","_tribe_events_is_virtual":"","_tribe_events_virtual_video_source":"","_tribe_events_virtual_embed_video":"","_tribe_events_virtual_linked_button_text":"","_tribe_events_virtual_linked_button":"","_tribe_events_virtual_show_embed_at":"","_tribe_events_virtual_show_embed_to":[],"_tribe_events_virtual_show_on_event":"","_tribe_events_virtual_show_on_views":"","_tribe_events_virtual_url":"","footnotes":""},"tags":[15314,1363,8869,15307,2865,9147,9146,15313,15306,15316,15309,9165,15312,15308,1355,1481,15315,1354,9167,15317,15310],"tribe_events_cat":[8963],"class_list":["post-28304","tribe_events","type-tribe_events","status-publish","has-post-thumbnail","hentry","tag-arnau-griso","tag-cafe-la-palma","tag-cafe-la-palma-2","tag-chicle-pop","tag-conciertos-cafe-la-palma","tag-conciertos-madrid","tag-conciertos-malasana","tag-despistaos","tag-emlan","tag-green-day","tag-hotel-chiclepunk","tag-linze","tag-miki-nunez","tag-nuestro-plan","tag-pop","tag-punk","tag-road-to-rio-babel","tag-rock","tag-rock-roll","tag-the-hives","tag-vicco","tribe_events_cat-concierto","cat_concierto"],"uagb_featured_image_src":{"full":["https:\/\/cafelapalma.com\/wp-content\/uploads\/2021\/12\/LINZELOW.jpg",443,591,false],"thumbnail":["https:\/\/cafelapalma.com\/wp-content\/uploads\/2021\/12\/LINZELOW-150x150.jpg",150,150,true],"medium":["https:\/\/cafelapalma.com\/wp-content\/uploads\/2021\/12\/LINZELOW-225x300.jpg",225,300,true],"medium_large":["https:\/\/cafelapalma.com\/wp-content\/uploads\/2021\/12\/LINZELOW.jpg",443,591,false],"large":["https:\/\/cafelapalma.com\/wp-content\/uploads\/2021\/12\/LINZELOW.jpg",443,591,false],"1536x1536":["https:\/\/cafelapalma.com\/wp-content\/uploads\/2021\/12\/LINZELOW.jpg",443,591,false],"2048x2048":["https:\/\/cafelapalma.com\/wp-content\/uploads\/2021\/12\/LINZELOW.jpg",443,591,false],"trp-custom-language-flag":["https:\/\/cafelapalma.com\/wp-content\/uploads\/2021\/12\/LINZELOW.jpg",9,12,false],"blossom-feminine-slider":["https:\/\/cafelapalma.com\/wp-content\/uploads\/2021\/12\/LINZELOW.jpg",443,591,false],"blossom-feminine-featured":["https:\/\/cafelapalma.com\/wp-content\/uploads\/2021\/12\/LINZELOW.jpg",443,591,false],"blossom-feminine-with-sidebar":["https:\/\/cafelapalma.com\/wp-content\/uploads\/2021\/12\/LINZELOW.jpg",443,591,false],"blossom-feminine-blog":["https:\/\/cafelapalma.com\/wp-content\/uploads\/2021\/12\/LINZELOW-435x435.jpg",435,435,true],"blossom-feminine-cat":["https:\/\/cafelapalma.com\/wp-content\/uploads\/2021\/12\/LINZELOW-443x300.jpg",443,300,true],"blossom-feminine-related":["https:\/\/cafelapalma.com\/wp-content\/uploads\/2021\/12\/LINZELOW-320x200.jpg",320,200,true],"blossom-feminine-schema":["https:\/\/cafelapalma.com\/wp-content\/uploads\/2021\/12\/LINZELOW-45x60.jpg",45,60,true]},"uagb_author_info":{"display_name":"Victor","author_link":"https:\/\/cafelapalma.com\/en\/author\/comunicacion\/"},"uagb_comment_info":0,"uagb_excerpt":"LINZE es una banda madrile\u00f1a de Rock\u2019n\u2019Roll de corte muy setentero. Sus integrantes apenas superan la veintena, algo que contrasta con los m\u00e1s de doscientas actuaciones que han dado a lo largo y ancho de la pen\u00ednsula desde 2014. Con una esencia especial y actitud imparable y la admiraci\u00f3n de figuras como El Pirata (Rock&hellip;","_links":{"self":[{"href":"https:\/\/cafelapalma.com\/en\/wp-json\/wp\/v2\/tribe_events\/28304","targetHints":{"allow":["GET"]}}],"collection":[{"href":"https:\/\/cafelapalma.com\/en\/wp-json\/wp\/v2\/tribe_events"}],"about":[{"href":"https:\/\/cafelapalma.com\/en\/wp-json\/wp\/v2\/types\/tribe_events"}],"author":[{"embeddable":true,"href":"https:\/\/cafelapalma.com\/en\/wp-json\/wp\/v2\/users\/2"}],"version-history":[{"count":0,"href":"https:\/\/cafelapalma.com\/en\/wp-json\/wp\/v2\/tribe_events\/28304\/revisions"}],"wp:featuredmedia":[{"embeddable":true,"href":"https:\/\/cafelapalma.com\/en\/wp-json\/wp\/v2\/media\/21029"}],"wp:attachment":[{"href":"https:\/\/cafelapalma.com\/en\/wp-json\/wp\/v2\/media?parent=28304"}],"wp:term":[{"taxonomy":"post_tag","embeddable":true,"href":"https:\/\/cafelapalma.com\/en\/wp-json\/wp\/v2\/tags?post=28304"},{"taxonomy":"tribe_events_cat","embeddable":true,"href":"https:\/\/cafelapalma.com\/en\/wp-json\/wp\/v2\/tribe_events_cat?post=28304"}],"curies":[{"name":"wp","href":"https:\/\/api.w.org\/{rel}","templated":true}]}}