{"id":28351,"date":"2024-02-27T19:03:42","date_gmt":"2024-02-27T18:03:42","guid":{"rendered":"https:\/\/cafelapalma.com\/programacion\/afterparty-depresion-sonora-copy\/"},"modified":"2024-03-04T12:33:41","modified_gmt":"2024-03-04T11:33:41","slug":"afterparty-depresion-sonora-by-mosul-mosul","status":"publish","type":"tribe_events","link":"https:\/\/cafelapalma.com\/en\/programacion\/afterparty-depresion-sonora-by-mosul-mosul\/","title":{"rendered":"AFTERPARTY DEPRESI\u00d3N SONORA by MOSUL MOSUL"},"content":{"rendered":"<div  class=\"tribe-events-schedule tribe-clearfix\" >\n\t<p class=\"tribe-events-schedule__datetime\">\n\t\t<span class=\"tribe-events-schedule__date tribe-events-schedule__date--start\">\n\t\t\t22  March  2024\t\t<\/span>\n\n\t\t\t\t\t<span class=\"tribe-events-schedule__separator tribe-events-schedule__separator--date\">\n\t\t\t\t@\t\t\t<\/span>\n\t\t\t<span class=\"tribe-events-schedule__time tribe-events-schedule__time--start\">\n\t\t\t\t23:50\t\t\t<\/span>\n\t\t\n\t\t\t\t\t\t\t\t\t<span class=\"tribe-events-schedule__separator tribe-events-schedule__separator--time\">\n\t\t\t\t\t&#8211;\t\t\t\t<\/span>\n\t\t\t\n\t\t\t\t\t\t\t<span class=\"tribe-events-schedule__time tribe-events-schedule__time--end\">\n\t\t\t\t\t23:55\t\t\t\t<\/span>\n\t\t\t\n\t\t\t\t\t\t<\/p>\n<\/div>\n\n\n<div  class=\"tribe-block tribe-block__event-price\" >\n\t\t\t<span class=\"tribe-block__event-price__cost\"> 12\u20ac <\/span>\n\t\t\t\t<span class=\"tribe-block__event-price__description\">+ gg Anticipada | 13\u20ac Taquilla de 00:00 a 01:30 | 14\u20ac Taquilla de 01:30 a cierre. Todos los tramos de entrada incluyen UNA CONSUMICI\u00d3N. Canjeable por DOS CERVEZAS DE BARRIL antes de las 01:30<\/span>\n\t<\/div>\n\n\n\n<div style=\"height:100px\" aria-hidden=\"true\" class=\"wp-block-spacer\"><\/div>\n\n\n\n<div class=\"wp-block-columns is-layout-flex wp-container-core-columns-is-layout-8f761849 wp-block-columns-is-layout-flex\">\n<div class=\"wp-block-column is-layout-flow wp-block-column-is-layout-flow\" style=\"flex-basis:33.33%\">\n<figure class=\"wp-block-image size-full\"><img loading=\"lazy\" decoding=\"async\" width=\"2122\" height=\"3000\" src=\"https:\/\/cafelapalma.com\/wp-content\/uploads\/2024\/03\/AFTERPARTY-DS-BY-MOSUL-A3-LOW-1-scaled.jpg\" alt=\"\" class=\"wp-image-28407\" srcset=\"https:\/\/cafelapalma.com\/wp-content\/uploads\/2024\/03\/AFTERPARTY-DS-BY-MOSUL-A3-LOW-1-scaled.jpg 2122w, https:\/\/cafelapalma.com\/wp-content\/uploads\/2024\/03\/AFTERPARTY-DS-BY-MOSUL-A3-LOW-1-212x300.jpg 212w, https:\/\/cafelapalma.com\/wp-content\/uploads\/2024\/03\/AFTERPARTY-DS-BY-MOSUL-A3-LOW-1-736x1040.jpg 736w, https:\/\/cafelapalma.com\/wp-content\/uploads\/2024\/03\/AFTERPARTY-DS-BY-MOSUL-A3-LOW-1-768x1086.jpg 768w, https:\/\/cafelapalma.com\/wp-content\/uploads\/2024\/03\/AFTERPARTY-DS-BY-MOSUL-A3-LOW-1-1086x1536.jpg 1086w, https:\/\/cafelapalma.com\/wp-content\/uploads\/2024\/03\/AFTERPARTY-DS-BY-MOSUL-A3-LOW-1-1448x2048.jpg 1448w, https:\/\/cafelapalma.com\/wp-content\/uploads\/2024\/03\/AFTERPARTY-DS-BY-MOSUL-A3-LOW-1-42x60.jpg 42w\" sizes=\"auto, (max-width: 2122px) 100vw, 2122px\" \/><\/figure>\n\n\n<div  class=\"tribe-block tribe-block__event-website\" >\n\t<a\n\t\thref=\"https:\/\/www.passline.com\/eventos\/afterparty-depresion-sonora-by-mosul-mosul\"\n\t\ttarget=\"_self\"\n\t\t\t>\n\t\tBUY TICKETS\t<\/a>\n<\/div>\n<\/div>\n\n\n\n<div class=\"wp-block-column is-layout-flow wp-block-column-is-layout-flow\" style=\"flex-basis:66.66%\">\n<p class=\"wp-block-paragraph\"><\/p>\n\n\n\n<p class=\"has-text-align-left wp-block-paragraph\">El 22 de marzo <strong>DEPRESI\u00d3N SONORA<\/strong> presenta su nuevo EP <strong><em>\u00abMakinabaja\u00bb<\/em><\/strong>, siendo su \u00fanico concierto en sala de todo el a\u00f1o. Tras ese concierto, tendremos en <strong>CAFE LA PALMA<\/strong> el afterparty organizado por el colectivo madrile\u00f1o <strong>MOSUL MOSUL<\/strong>, con las pinchadas de <strong>Markusiano<\/strong>, el d\u00fao <strong>Infrasaun<\/strong>, <strong>\u00dcverdriver <\/strong>y la triada en formato b2b de <strong>Com Pac<\/strong>, <strong>Marcelo <\/strong>y <strong>Gothic Sans<\/strong>.<\/p>\n\n\n\n<p class=\"has-text-align-left wp-block-paragraph\"><strong>INFRASAUN <\/strong>surge de la uni\u00f3n de dos mentes inmersas en el sonido m\u00e1s experimental y retorcido de la electr\u00f3nica, transmitiendo a la pista una amalgama de elementos que pretenden mostrar diferentes facetas del ambient, breaks, experimental o del techno sin quitar el foco en el sudor del baile y los estrobos.<\/p>\n\n\n\n<p class=\"has-text-align-left wp-block-paragraph\"><strong>Depresi\u00f3n Sonora<\/strong> es <strong>Marcos Crespo<\/strong>, vallecano tambi\u00e9n conocido como <strong>MARKUSIANO<\/strong>. En sus sesiones convive el trance, el electro y edits imposibles.<\/p>\n\n\n\n<p class=\"has-text-align-left wp-block-paragraph\"><strong>COM PAC<\/strong> B2B <strong>GOTHIC SANS<\/strong> B2B <strong>MARCELO<\/strong>: Como las tres mellizas, Ed, Edd y Eddy o los tres tenores, pero con controladora y cuenta de <strong>Paypal<\/strong>.<\/p>\n\n\n\n<p class=\"has-text-align-left wp-block-paragraph\"><strong>\u00dcVERDRIVER<\/strong> es otro de los muchos proyectos en los que anda <strong>Miguel Grimaldo<\/strong>. Influenciado por la escena electr\u00f3nica de <strong>Detroit <\/strong>y <strong>Chicago<\/strong>, nos presenta un set con mucha 808s, 909s y 303s, bien saturado todo.<\/p>\n\n\n\n<p class=\"has-text-align-right wp-block-paragraph\"><em><a href=\"https:\/\/www.instagram.com\/_mosulmosul\/\">Sigue a <strong>MOSUL MOSUL<\/strong> in <\/a><\/em><strong><a href=\"https:\/\/www.instagram.com\/_mosulmosul\/\">Instagram<\/a><\/strong><\/p>\n<\/div>\n<\/div>\n\n\n\n<div style=\"height:100px\" aria-hidden=\"true\" class=\"wp-block-spacer\"><\/div>\n\n\n\n<hr class=\"wp-block-separator has-alpha-channel-opacity is-style-wide\"\/>\n\n\n\n<div style=\"height:100px\" aria-hidden=\"true\" class=\"wp-block-spacer\"><\/div>\n\n\n<h2 class=\"tribe-block__related-events__title\">Related Events<\/h2>\n\n<ul  class=\"tribe-related-events tribe-clearfix\" >\n\t\t\t<li>\n\t\n<div class=\"tribe-related-events-thumbnail\">\n\t<a href=\"https:\/\/cafelapalma.com\/en\/programacion\/funkin-donuts\/\" class=\"url\" rel=\"bookmark\" tabindex=\"-1\" aria-hidden=\"true\"><img loading=\"lazy\" decoding=\"async\" width=\"693\" height=\"1040\" src=\"https:\/\/cafelapalma.com\/wp-content\/uploads\/2026\/07\/FD-vert2-bn-693x1040.jpg\" class=\"attachment-large size-large wp-post-image\" alt=\"\" \/><\/a>\n<\/div>\n\t<div class=\"tribe-related-event-info\">\n\t<h3 class=\"tribe-related-events-title\">\n\t\t<a href=\"https:\/\/cafelapalma.com\/en\/programacion\/funkin-donuts\/\" class=\"tribe-event-url\" rel=\"bookmark\">\n\t\t\tFUNKIN&#8217; DONUTS\t\t<\/a>\n\t<\/h3>\n\t<span class=\"tribe-event-date-start\">5  September@22:00<\/span><span class=\"tribe-event-time\">23:45<\/span><\/div>\n<\/li>\n\t\t\t<li>\n\t\n<div class=\"tribe-related-events-thumbnail\">\n\t<a href=\"https:\/\/cafelapalma.com\/en\/programacion\/backstage-le-petit-truffle-mayo\/\" class=\"url\" rel=\"bookmark\" tabindex=\"-1\" aria-hidden=\"true\"><img loading=\"lazy\" decoding=\"async\" width=\"780\" height=\"1040\" src=\"https:\/\/cafelapalma.com\/wp-content\/uploads\/2026\/07\/Imagen-TruffleMayo-LePetit-i-1-780x1040.png\" class=\"attachment-large size-large wp-post-image\" alt=\"\" \/><\/a>\n<\/div>\n\t<div class=\"tribe-related-event-info\">\n\t<h3 class=\"tribe-related-events-title\">\n\t\t<a href=\"https:\/\/cafelapalma.com\/en\/programacion\/backstage-le-petit-truffle-mayo\/\" class=\"tribe-event-url\" rel=\"bookmark\">\n\t\t\tBACKSTAGE: LE PETIT + TRUFFLE MAYO\t\t<\/a>\n\t<\/h3>\n\t<span class=\"tribe-event-date-start\">5  September@23:55<\/span><\/div>\n<\/li>\n\t\t\t<li>\n\t\n<div class=\"tribe-related-events-thumbnail\">\n\t<a href=\"https:\/\/cafelapalma.com\/en\/programacion\/willie-deville-concierto-benefico-x-venezuela\/\" class=\"url\" rel=\"bookmark\" tabindex=\"-1\" aria-hidden=\"true\"><img loading=\"lazy\" decoding=\"async\" width=\"1020\" height=\"531\" src=\"https:\/\/cafelapalma.com\/wp-content\/uploads\/2026\/08\/Willie-deville-1100x572-1-1040x541.jpg\" class=\"attachment-large size-large wp-post-image\" alt=\"\" \/><\/a>\n<\/div>\n\t<div class=\"tribe-related-event-info\">\n\t<h3 class=\"tribe-related-events-title\">\n\t\t<a href=\"https:\/\/cafelapalma.com\/en\/programacion\/willie-deville-concierto-benefico-x-venezuela\/\" class=\"tribe-event-url\" rel=\"bookmark\">\n\t\t\tWILLIE DEVILLE: CONCIERTO BEN\u00c9FICO X VENEZUELA\t\t<\/a>\n\t<\/h3>\n\t<span class=\"tribe-event-date-start\">6  September@21:00<\/span><span class=\"tribe-event-time\">23:45<\/span><\/div>\n<\/li>\n\t<\/ul>","protected":false},"excerpt":{"rendered":"<p>El 22 de marzo DEPRESI\u00d3N SONORA presenta su nuevo EP \u00abMakinabaja\u00bb, siendo su \u00fanico concierto en sala de todo el a\u00f1o. Tras ese concierto, tendremos en CAFE LA PALMA el afterparty organizado por el colectivo madrile\u00f1o MOSUL MOSUL, con las pinchadas de Markusiano, el d\u00fao Infrasaun, \u00dcverdriver y la triada en formato b2b de Com &hellip; <\/p>","protected":false},"author":2,"featured_media":28354,"template":"","meta":{"_tec_requires_first_save":false,"_uag_custom_page_level_css":"","loftloader_page_shortcode":"","_EventAllDay":false,"_EventTimezone":"Europe\/Madrid","_EventStartDate":"2024-03-22 23:50:00","_EventEndDate":"2024-03-22 23:55:00","_EventStartDateUTC":"2024-03-22 22:50:00","_EventEndDateUTC":"2024-03-22 22:55:00","_EventShowMap":false,"_EventShowMapLink":false,"_EventURL":"https:\/\/www.passline.com\/eventos\/afterparty-depresion-sonora-by-mosul-mosul","_EventCost":"12","_EventCostDescription":"","_EventCurrencySymbol":"\u20ac","_EventCurrencyCode":"","_EventCurrencyPosition":"suffix","_EventDateTimeSeparator":"@","_EventTimeRangeSeparator":"-","_EventOrganizerID":[],"_EventVenueID":[0],"_OrganizerEmail":"","_OrganizerPhone":"","_OrganizerWebsite":"","_VenueAddress":"","_VenueCity":"","_VenueCountry":"","_VenueProvince":"","_VenueState":"","_VenueZip":"","_VenuePhone":"","_VenueURL":"","_VenueStateProvince":"","_VenueLat":"","_VenueLng":"","_VenueShowMap":false,"_VenueShowMapLink":false,"_tribe_blocks_recurrence_rules":"","_tribe_blocks_recurrence_description":"","_tribe_blocks_recurrence_exclusions":"","_ecp_custom_2":"","_tribe_events_status":"","_tribe_events_status_reason":"","_tribe_events_is_hybrid":"","_tribe_events_is_virtual":"","_tribe_events_virtual_video_source":"","_tribe_events_virtual_embed_video":"","_tribe_events_virtual_linked_button_text":"","_tribe_events_virtual_linked_button":"","_tribe_events_virtual_show_embed_at":"","_tribe_events_virtual_show_embed_to":[],"_tribe_events_virtual_show_on_event":"","_tribe_events_virtual_show_on_views":"","_tribe_events_virtual_url":"","footnotes":""},"tags":[10177,13280,9674,1363,9225,15365,13279,9226,9227,13281,9317,1357,13287,13288,15364,11301,15363,13286,13289,13283,13290,13284,13282,11416,776,10228,14788],"tribe_events_cat":[8964],"class_list":["post-28351","tribe_events","type-tribe_events","status-publish","has-post-thumbnail","hentry","tag-afterparty","tag-afterparty-depresion-sonora","tag-breakbeat","tag-cafe-la-palma","tag-cafe-la-palma-clubbing","tag-com-pac-2","tag-depresion-sonora","tag-djs-madrid","tag-djs-malasana","tag-el-arte-de-morir-muy-despacio","tag-electro","tag-electronica","tag-gonso","tag-gothic-sans","tag-infrasaun","tag-jungle","tag-makinabaja","tag-marcelo","tag-marcos-crespo","tag-markusiano","tag-megansito-el-guapo","tag-miguel-grimaldo","tag-mosul-mosul","tag-somos-la-herencia","tag-techno","tag-trance","tag-uverdriver","tribe_events_cat-clubbing","cat_clubbing"],"uagb_featured_image_src":{"full":["https:\/\/cafelapalma.com\/wp-content\/uploads\/2024\/02\/MARCKUSIANO-SHOT-LOW.jpg",2007,2866,false],"thumbnail":["https:\/\/cafelapalma.com\/wp-content\/uploads\/2024\/02\/MARCKUSIANO-SHOT-LOW-150x150.jpg",150,150,true],"medium":["https:\/\/cafelapalma.com\/wp-content\/uploads\/2024\/02\/MARCKUSIANO-SHOT-LOW-210x300.jpg",210,300,true],"medium_large":["https:\/\/cafelapalma.com\/wp-content\/uploads\/2024\/02\/MARCKUSIANO-SHOT-LOW-768x1097.jpg",768,1097,true],"large":["https:\/\/cafelapalma.com\/wp-content\/uploads\/2024\/02\/MARCKUSIANO-SHOT-LOW-728x1040.jpg",728,1040,true],"1536x1536":["https:\/\/cafelapalma.com\/wp-content\/uploads\/2024\/02\/MARCKUSIANO-SHOT-LOW-1076x1536.jpg",1076,1536,true],"2048x2048":["https:\/\/cafelapalma.com\/wp-content\/uploads\/2024\/02\/MARCKUSIANO-SHOT-LOW-1434x2048.jpg",1434,2048,true],"trp-custom-language-flag":["https:\/\/cafelapalma.com\/wp-content\/uploads\/2024\/02\/MARCKUSIANO-SHOT-LOW.jpg",8,12,false],"blossom-feminine-slider":["https:\/\/cafelapalma.com\/wp-content\/uploads\/2024\/02\/MARCKUSIANO-SHOT-LOW-1920x649.jpg",1920,649,true],"blossom-feminine-featured":["https:\/\/cafelapalma.com\/wp-content\/uploads\/2024\/02\/MARCKUSIANO-SHOT-LOW-1410x600.jpg",1410,600,true],"blossom-feminine-with-sidebar":["https:\/\/cafelapalma.com\/wp-content\/uploads\/2024\/02\/MARCKUSIANO-SHOT-LOW-1020x600.jpg",1020,600,true],"blossom-feminine-blog":["https:\/\/cafelapalma.com\/wp-content\/uploads\/2024\/02\/MARCKUSIANO-SHOT-LOW-435x435.jpg",435,435,true],"blossom-feminine-cat":["https:\/\/cafelapalma.com\/wp-content\/uploads\/2024\/02\/MARCKUSIANO-SHOT-LOW-450x300.jpg",450,300,true],"blossom-feminine-related":["https:\/\/cafelapalma.com\/wp-content\/uploads\/2024\/02\/MARCKUSIANO-SHOT-LOW-320x200.jpg",320,200,true],"blossom-feminine-schema":["https:\/\/cafelapalma.com\/wp-content\/uploads\/2024\/02\/MARCKUSIANO-SHOT-LOW-42x60.jpg",42,60,true]},"uagb_author_info":{"display_name":"Victor","author_link":"https:\/\/cafelapalma.com\/en\/author\/comunicacion\/"},"uagb_comment_info":0,"uagb_excerpt":"El 22 de marzo DEPRESI\u00d3N SONORA presenta su nuevo EP \u00abMakinabaja\u00bb, siendo su \u00fanico concierto en sala de todo el a\u00f1o. Tras ese concierto, tendremos en CAFE LA PALMA el afterparty organizado por el colectivo madrile\u00f1o MOSUL MOSUL, con las pinchadas de Markusiano, el d\u00fao Infrasaun, \u00dcverdriver y la triada en formato b2b de Com&hellip;","_links":{"self":[{"href":"https:\/\/cafelapalma.com\/en\/wp-json\/wp\/v2\/tribe_events\/28351","targetHints":{"allow":["GET"]}}],"collection":[{"href":"https:\/\/cafelapalma.com\/en\/wp-json\/wp\/v2\/tribe_events"}],"about":[{"href":"https:\/\/cafelapalma.com\/en\/wp-json\/wp\/v2\/types\/tribe_events"}],"author":[{"embeddable":true,"href":"https:\/\/cafelapalma.com\/en\/wp-json\/wp\/v2\/users\/2"}],"version-history":[{"count":0,"href":"https:\/\/cafelapalma.com\/en\/wp-json\/wp\/v2\/tribe_events\/28351\/revisions"}],"wp:featuredmedia":[{"embeddable":true,"href":"https:\/\/cafelapalma.com\/en\/wp-json\/wp\/v2\/media\/28354"}],"wp:attachment":[{"href":"https:\/\/cafelapalma.com\/en\/wp-json\/wp\/v2\/media?parent=28351"}],"wp:term":[{"taxonomy":"post_tag","embeddable":true,"href":"https:\/\/cafelapalma.com\/en\/wp-json\/wp\/v2\/tags?post=28351"},{"taxonomy":"tribe_events_cat","embeddable":true,"href":"https:\/\/cafelapalma.com\/en\/wp-json\/wp\/v2\/tribe_events_cat?post=28351"}],"curies":[{"name":"wp","href":"https:\/\/api.w.org\/{rel}","templated":true}]}}