{"id":28389,"date":"2024-02-29T17:25:52","date_gmt":"2024-02-29T16:25:52","guid":{"rendered":"https:\/\/cafelapalma.com\/?post_type=tribe_events&#038;p=28389"},"modified":"2024-02-29T17:25:58","modified_gmt":"2024-02-29T16:25:58","slug":"el-momo-presenta-artesania-el-doblezero-dj-fleki-flex","status":"publish","type":"tribe_events","link":"https:\/\/cafelapalma.com\/en\/programacion\/el-momo-presenta-artesania-el-doblezero-dj-fleki-flex\/","title":{"rendered":"EL MOMO presenta \u00abARTESANIA\u00bb + EL DOBLEZERO &#038; DJ FLEKI FLEX"},"content":{"rendered":"<div  class=\"tribe-events-schedule tribe-clearfix\" >\n\t<p class=\"tribe-events-schedule__datetime\">\n\t\t<span class=\"tribe-events-schedule__date tribe-events-schedule__date--start\">\n\t\t\t01  June  2024\t\t<\/span>\n\n\t\t\t\t\t<span class=\"tribe-events-schedule__separator tribe-events-schedule__separator--date\">\n\t\t\t\t@\t\t\t<\/span>\n\t\t\t<span class=\"tribe-events-schedule__time tribe-events-schedule__time--start\">\n\t\t\t\t21:30\t\t\t<\/span>\n\t\t\n\t\t\t\t\t\t\t\t\t<span class=\"tribe-events-schedule__separator tribe-events-schedule__separator--time\">\n\t\t\t\t\t&#8211;\t\t\t\t<\/span>\n\t\t\t\n\t\t\t\t\t\t\t<span class=\"tribe-events-schedule__time tribe-events-schedule__time--end\">\n\t\t\t\t\t23:45\t\t\t\t<\/span>\n\t\t\t\n\t\t\t\t\t\t<\/p>\n<\/div>\n\n\n<div  class=\"tribe-block tribe-block__event-price\" >\n\t\t\t<span class=\"tribe-block__event-price__cost\"> 12\u20ac <\/span>\n\t\t\t\t<span class=\"tribe-block__event-price__description\">+ gg Anticipada | 15\u20ac Taquilla<\/span>\n\t<\/div>\n\n\n\n<div style=\"height:100px\" aria-hidden=\"true\" class=\"wp-block-spacer\"><\/div>\n\n\n\n<div class=\"wp-block-columns is-layout-flex wp-container-core-columns-is-layout-8f761849 wp-block-columns-is-layout-flex\">\n<div class=\"wp-block-column is-layout-flow wp-block-column-is-layout-flow\" style=\"flex-basis:33.33%\">\n<figure class=\"wp-block-image size-large\"><img loading=\"lazy\" decoding=\"async\" width=\"736\" height=\"1040\" src=\"https:\/\/cafelapalma.com\/wp-content\/uploads\/2024\/02\/MOMO-A3-LOW-736x1040.jpg\" alt=\"\" class=\"wp-image-28390\" srcset=\"https:\/\/cafelapalma.com\/wp-content\/uploads\/2024\/02\/MOMO-A3-LOW-736x1040.jpg 736w, https:\/\/cafelapalma.com\/wp-content\/uploads\/2024\/02\/MOMO-A3-LOW-212x300.jpg 212w, https:\/\/cafelapalma.com\/wp-content\/uploads\/2024\/02\/MOMO-A3-LOW-768x1086.jpg 768w, https:\/\/cafelapalma.com\/wp-content\/uploads\/2024\/02\/MOMO-A3-LOW-1086x1536.jpg 1086w, https:\/\/cafelapalma.com\/wp-content\/uploads\/2024\/02\/MOMO-A3-LOW-1448x2048.jpg 1448w, https:\/\/cafelapalma.com\/wp-content\/uploads\/2024\/02\/MOMO-A3-LOW-42x60.jpg 42w\" sizes=\"auto, (max-width: 736px) 100vw, 736px\" \/><\/figure>\n\n\n<div  class=\"tribe-block tribe-block__event-website\" >\n\t<a\n\t\thref=\"https:\/\/www.passline.com\/eventos\/el-momo-presenta-artesania-en-madrid-showcase-de-el-doblezero-y-dj-fleki-flex\"\n\t\ttarget=\"_self\"\n\t\t\t>\n\t\tBUY TICKETS\t<\/a>\n<\/div>\n<\/div>\n\n\n\n<div class=\"wp-block-column is-layout-flow wp-block-column-is-layout-flow\" style=\"flex-basis:66.66%\">\n<p class=\"has-text-align-left wp-block-paragraph\">El show del mc zaragozano <strong>EL MOMO<\/strong> siempre se ha caracterizado por sus letras \u00e1cidas, ritmos r\u00e1pidos y un sonido muy trabajado. No pod\u00eda ser menos para la presentaci\u00f3n en directo de su \u00faltimo disco <strong><em>\u00abArtesan\u00eda\u00bb<\/em><\/strong>, un \u00e1lbum cargado de rap con tintes funk, soul y muchas colaboraciones.<\/p>\n\n\n\n<p class=\"has-text-align-left wp-block-paragraph\">Durante el concierto, el artista hace un repaso de las mejores canciones de trayectoria y de sus trabajos anteriores como <strong><em>\u00abSue\u00f1os Reales\u00bb<\/em><\/strong>, <strong><em>\u00abTetsuo\u00bb<\/em><\/strong> o <strong><em>\u00abEl Don de Escuchar\u00bb<\/em><\/strong>. Acompa\u00f1ado de sus escuderos <strong>Dj Fleki Flex <\/strong>a los platos y <strong>El Doblezero<\/strong> a los coros, el show de El Momo garantiza un evento de diversi\u00f3n y calidad.<\/p>\n\n\n\n<p class=\"has-text-align-right wp-block-paragraph\"><em><a href=\"https:\/\/open.spotify.com\/intl-es\/artist\/7HhsUsekYDNFOeqiq54VbW?si=lx4SKm89R5yCrX1bf5eujw\">Listen to <\/a><\/em><strong><a href=\"https:\/\/open.spotify.com\/intl-es\/artist\/7HhsUsekYDNFOeqiq54VbW?si=lx4SKm89R5yCrX1bf5eujw\">EL MOMO<\/a><\/strong><em><a href=\"https:\/\/open.spotify.com\/intl-es\/artist\/7HhsUsekYDNFOeqiq54VbW?si=lx4SKm89R5yCrX1bf5eujw\"> in <\/a><\/em><strong><a href=\"https:\/\/open.spotify.com\/intl-es\/artist\/7HhsUsekYDNFOeqiq54VbW?si=lx4SKm89R5yCrX1bf5eujw\">Spotify<\/a><\/strong><\/p>\n\n\n\n<p class=\"has-text-align-left wp-block-paragraph\"><strong>EL DOBLEZERO<\/strong> es un cl\u00e1sico del rap underground zaragozano que se caracteriza por sus ingeniosas letras y ritmos potentes. En sus conciertos hace un repaso por las mejores canciones de su discograf\u00eda hasta llegar a su \u00faltimo trabajo <strong><em>\u00abHechos, no palabras\u00bb<\/em><\/strong>.<\/p>\n\n\n\n<p class=\"has-text-align-right wp-block-paragraph\"><em><a href=\"https:\/\/open.spotify.com\/intl-es\/artist\/61jFODz8NWPejSaBsz5Rbv?si=EBW43peERHS-r39smXV6hQ\">Listen to <\/a><\/em><strong><a href=\"https:\/\/open.spotify.com\/intl-es\/artist\/61jFODz8NWPejSaBsz5Rbv?si=EBW43peERHS-r39smXV6hQ\">EL DOBLEZERO<\/a><\/strong><em><a href=\"https:\/\/open.spotify.com\/intl-es\/artist\/61jFODz8NWPejSaBsz5Rbv?si=EBW43peERHS-r39smXV6hQ\"> in <\/a><\/em><strong><a href=\"https:\/\/open.spotify.com\/intl-es\/artist\/61jFODz8NWPejSaBsz5Rbv?si=EBW43peERHS-r39smXV6hQ\">Spotify<\/a><\/strong><\/p>\n\n\n\n<p class=\"has-text-align-left wp-block-paragraph\">Dj <strong>FLEKI FLEX<\/strong> es uno de los djs m\u00e1s prol\u00edficos de <strong>Arag\u00f3n<\/strong>, llevando a cabo numerosas fiestas por la regi\u00f3n y siendo el dj habitual de varios MCs. Su estilo natural es la m\u00fasica negra, rap de los &#8217;90 en adelante pero se mueve como pez en el agua con sesiones m\u00e1s club o de ritmos latinos.<\/p>\n<\/div>\n<\/div>\n\n\n\n<div style=\"height:100px\" aria-hidden=\"true\" class=\"wp-block-spacer\"><\/div>\n\n\n\n<hr class=\"wp-block-separator has-alpha-channel-opacity\"\/>\n\n\n\n<div style=\"height:100px\" aria-hidden=\"true\" class=\"wp-block-spacer\"><\/div>\n\n\n<h2 class=\"tribe-block__related-events__title\">Related Events<\/h2>\n\n<ul  class=\"tribe-related-events tribe-clearfix\" >\n\t\t\t<li>\n\t\n<div class=\"tribe-related-events-thumbnail\">\n\t<a href=\"https:\/\/cafelapalma.com\/en\/programacion\/funkin-donuts\/\" class=\"url\" rel=\"bookmark\" tabindex=\"-1\" aria-hidden=\"true\"><img loading=\"lazy\" decoding=\"async\" width=\"693\" height=\"1040\" src=\"https:\/\/cafelapalma.com\/wp-content\/uploads\/2026\/07\/FD-vert2-bn-693x1040.jpg\" class=\"attachment-large size-large wp-post-image\" alt=\"\" \/><\/a>\n<\/div>\n\t<div class=\"tribe-related-event-info\">\n\t<h3 class=\"tribe-related-events-title\">\n\t\t<a href=\"https:\/\/cafelapalma.com\/en\/programacion\/funkin-donuts\/\" class=\"tribe-event-url\" rel=\"bookmark\">\n\t\t\tFUNKIN&#8217; DONUTS\t\t<\/a>\n\t<\/h3>\n\t<span class=\"tribe-event-date-start\">5  September@22:00<\/span><span class=\"tribe-event-time\">23:45<\/span><\/div>\n<\/li>\n\t\t\t<li>\n\t\n<div class=\"tribe-related-events-thumbnail\">\n\t<a href=\"https:\/\/cafelapalma.com\/en\/programacion\/backstage-le-petit-truffle-mayo\/\" class=\"url\" rel=\"bookmark\" tabindex=\"-1\" aria-hidden=\"true\"><img loading=\"lazy\" decoding=\"async\" width=\"780\" height=\"1040\" src=\"https:\/\/cafelapalma.com\/wp-content\/uploads\/2026\/07\/Imagen-TruffleMayo-LePetit-i-1-780x1040.png\" class=\"attachment-large size-large wp-post-image\" alt=\"\" \/><\/a>\n<\/div>\n\t<div class=\"tribe-related-event-info\">\n\t<h3 class=\"tribe-related-events-title\">\n\t\t<a href=\"https:\/\/cafelapalma.com\/en\/programacion\/backstage-le-petit-truffle-mayo\/\" class=\"tribe-event-url\" rel=\"bookmark\">\n\t\t\tBACKSTAGE: LE PETIT + TRUFFLE MAYO\t\t<\/a>\n\t<\/h3>\n\t<span class=\"tribe-event-date-start\">5  September@23:55<\/span><\/div>\n<\/li>\n\t\t\t<li>\n\t\n<div class=\"tribe-related-events-thumbnail\">\n\t<a href=\"https:\/\/cafelapalma.com\/en\/programacion\/willie-deville-concierto-benefico-x-venezuela\/\" class=\"url\" rel=\"bookmark\" tabindex=\"-1\" aria-hidden=\"true\"><img loading=\"lazy\" decoding=\"async\" width=\"1020\" height=\"531\" src=\"https:\/\/cafelapalma.com\/wp-content\/uploads\/2026\/08\/Willie-deville-1100x572-1-1040x541.jpg\" class=\"attachment-large size-large wp-post-image\" alt=\"\" \/><\/a>\n<\/div>\n\t<div class=\"tribe-related-event-info\">\n\t<h3 class=\"tribe-related-events-title\">\n\t\t<a href=\"https:\/\/cafelapalma.com\/en\/programacion\/willie-deville-concierto-benefico-x-venezuela\/\" class=\"tribe-event-url\" rel=\"bookmark\">\n\t\t\tWILLIE DEVILLE: CONCIERTO BEN\u00c9FICO X VENEZUELA\t\t<\/a>\n\t<\/h3>\n\t<span class=\"tribe-event-date-start\">6  September@21:00<\/span><span class=\"tribe-event-time\">23:45<\/span><\/div>\n<\/li>\n\t<\/ul>","protected":false},"excerpt":{"rendered":"<p>El show del mc zaragozano EL MOMO siempre se ha caracterizado por sus letras \u00e1cidas, ritmos r\u00e1pidos y un sonido muy trabajado. No pod\u00eda ser menos para la presentaci\u00f3n en directo de su \u00faltimo disco \u00abArtesan\u00eda\u00bb, un \u00e1lbum cargado de rap con tintes funk, soul y muchas colaboraciones. Durante el concierto, el artista hace un &hellip; <\/p>","protected":false},"author":2,"featured_media":28391,"template":"","meta":{"_tec_requires_first_save":false,"_uag_custom_page_level_css":"","loftloader_page_shortcode":"","_EventAllDay":false,"_EventTimezone":"Europe\/Madrid","_EventStartDate":"2024-06-01 21:30:00","_EventEndDate":"2024-06-01 23:45:00","_EventStartDateUTC":"2024-06-01 19:30:00","_EventEndDateUTC":"2024-06-01 21:45:00","_EventShowMap":false,"_EventShowMapLink":false,"_EventURL":"https:\/\/www.passline.com\/eventos\/el-momo-presenta-artesania-en-madrid-showcase-de-el-doblezero-y-dj-fleki-flex","_EventCost":"12","_EventCostDescription":"","_EventCurrencySymbol":"\u20ac","_EventCurrencyCode":"USD","_EventCurrencyPosition":"suffix","_EventDateTimeSeparator":"@","_EventTimeRangeSeparator":"-","_EventOrganizerID":[],"_EventVenueID":[],"_OrganizerEmail":"","_OrganizerPhone":"","_OrganizerWebsite":"","_VenueAddress":"","_VenueCity":"","_VenueCountry":"","_VenueProvince":"","_VenueState":"","_VenueZip":"","_VenuePhone":"","_VenueURL":"","_VenueStateProvince":"","_VenueLat":"","_VenueLng":"","_VenueShowMap":false,"_VenueShowMapLink":false,"_tribe_blocks_recurrence_rules":"","_tribe_blocks_recurrence_description":"","_tribe_blocks_recurrence_exclusions":"","_ecp_custom_2":"","_tribe_events_status":"","_tribe_events_status_reason":"","_tribe_events_is_hybrid":"","_tribe_events_is_virtual":"","_tribe_events_virtual_video_source":"","_tribe_events_virtual_embed_video":"","_tribe_events_virtual_linked_button_text":"","_tribe_events_virtual_linked_button":"","_tribe_events_virtual_show_embed_at":"","_tribe_events_virtual_show_embed_to":[],"_tribe_events_virtual_show_on_event":"","_tribe_events_virtual_show_on_views":"","_tribe_events_virtual_url":"","footnotes":""},"tags":[15395,8869,1363,2865,9147,9146,15393,15394,15398,15392,15399,9352,14457,2395,15396,15397,9182],"tribe_events_cat":[8963],"class_list":["post-28389","tribe_events","type-tribe_events","status-publish","has-post-thumbnail","hentry","tag-artesania","tag-cafe-la-palma-2","tag-cafe-la-palma","tag-conciertos-cafe-la-palma","tag-conciertos-madrid","tag-conciertos-malasana","tag-dj-fleki-flex","tag-el-doblezero","tag-el-don-de-escuchar","tag-el-momo","tag-hechos-no-palabras","tag-hip-hop-2","tag-mobbz","tag-rap","tag-suenos-reales","tag-tetsuo","tag-zaragoza","tribe_events_cat-concierto","cat_concierto"],"uagb_featured_image_src":{"full":["https:\/\/cafelapalma.com\/wp-content\/uploads\/2024\/02\/MOMO-FRONT-PIC.jpg",787,1180,false],"thumbnail":["https:\/\/cafelapalma.com\/wp-content\/uploads\/2024\/02\/MOMO-FRONT-PIC-150x150.jpg",150,150,true],"medium":["https:\/\/cafelapalma.com\/wp-content\/uploads\/2024\/02\/MOMO-FRONT-PIC-200x300.jpg",200,300,true],"medium_large":["https:\/\/cafelapalma.com\/wp-content\/uploads\/2024\/02\/MOMO-FRONT-PIC-768x1152.jpg",768,1152,true],"large":["https:\/\/cafelapalma.com\/wp-content\/uploads\/2024\/02\/MOMO-FRONT-PIC-694x1040.jpg",694,1040,true],"1536x1536":["https:\/\/cafelapalma.com\/wp-content\/uploads\/2024\/02\/MOMO-FRONT-PIC.jpg",787,1180,false],"2048x2048":["https:\/\/cafelapalma.com\/wp-content\/uploads\/2024\/02\/MOMO-FRONT-PIC.jpg",787,1180,false],"trp-custom-language-flag":["https:\/\/cafelapalma.com\/wp-content\/uploads\/2024\/02\/MOMO-FRONT-PIC.jpg",8,12,false],"blossom-feminine-slider":["https:\/\/cafelapalma.com\/wp-content\/uploads\/2024\/02\/MOMO-FRONT-PIC-787x649.jpg",787,649,true],"blossom-feminine-featured":["https:\/\/cafelapalma.com\/wp-content\/uploads\/2024\/02\/MOMO-FRONT-PIC-787x600.jpg",787,600,true],"blossom-feminine-with-sidebar":["https:\/\/cafelapalma.com\/wp-content\/uploads\/2024\/02\/MOMO-FRONT-PIC-787x600.jpg",787,600,true],"blossom-feminine-blog":["https:\/\/cafelapalma.com\/wp-content\/uploads\/2024\/02\/MOMO-FRONT-PIC-435x435.jpg",435,435,true],"blossom-feminine-cat":["https:\/\/cafelapalma.com\/wp-content\/uploads\/2024\/02\/MOMO-FRONT-PIC-450x300.jpg",450,300,true],"blossom-feminine-related":["https:\/\/cafelapalma.com\/wp-content\/uploads\/2024\/02\/MOMO-FRONT-PIC-320x200.jpg",320,200,true],"blossom-feminine-schema":["https:\/\/cafelapalma.com\/wp-content\/uploads\/2024\/02\/MOMO-FRONT-PIC-40x60.jpg",40,60,true]},"uagb_author_info":{"display_name":"Victor","author_link":"https:\/\/cafelapalma.com\/en\/author\/comunicacion\/"},"uagb_comment_info":0,"uagb_excerpt":"El show del mc zaragozano EL MOMO siempre se ha caracterizado por sus letras \u00e1cidas, ritmos r\u00e1pidos y un sonido muy trabajado. No pod\u00eda ser menos para la presentaci\u00f3n en directo de su \u00faltimo disco \u00abArtesan\u00eda\u00bb, un \u00e1lbum cargado de rap con tintes funk, soul y muchas colaboraciones. Durante el concierto, el artista hace un&hellip;","_links":{"self":[{"href":"https:\/\/cafelapalma.com\/en\/wp-json\/wp\/v2\/tribe_events\/28389","targetHints":{"allow":["GET"]}}],"collection":[{"href":"https:\/\/cafelapalma.com\/en\/wp-json\/wp\/v2\/tribe_events"}],"about":[{"href":"https:\/\/cafelapalma.com\/en\/wp-json\/wp\/v2\/types\/tribe_events"}],"author":[{"embeddable":true,"href":"https:\/\/cafelapalma.com\/en\/wp-json\/wp\/v2\/users\/2"}],"version-history":[{"count":0,"href":"https:\/\/cafelapalma.com\/en\/wp-json\/wp\/v2\/tribe_events\/28389\/revisions"}],"wp:featuredmedia":[{"embeddable":true,"href":"https:\/\/cafelapalma.com\/en\/wp-json\/wp\/v2\/media\/28391"}],"wp:attachment":[{"href":"https:\/\/cafelapalma.com\/en\/wp-json\/wp\/v2\/media?parent=28389"}],"wp:term":[{"taxonomy":"post_tag","embeddable":true,"href":"https:\/\/cafelapalma.com\/en\/wp-json\/wp\/v2\/tags?post=28389"},{"taxonomy":"tribe_events_cat","embeddable":true,"href":"https:\/\/cafelapalma.com\/en\/wp-json\/wp\/v2\/tribe_events_cat?post=28389"}],"curies":[{"name":"wp","href":"https:\/\/api.w.org\/{rel}","templated":true}]}}