{"id":28398,"date":"2024-03-01T12:28:22","date_gmt":"2024-03-01T11:28:22","guid":{"rendered":"https:\/\/cafelapalma.com\/programacion\/bonico-moren-luna-asteri-copy\/"},"modified":"2024-03-01T12:35:50","modified_gmt":"2024-03-01T11:35:50","slug":"bonico-moren-luna-asteri-2024","status":"publish","type":"tribe_events","link":"https:\/\/cafelapalma.com\/en\/programacion\/bonico-moren-luna-asteri-2024\/","title":{"rendered":"bonico + moren + LUNA ASTERI Copiar"},"content":{"rendered":"<div  class=\"tribe-events-schedule tribe-clearfix\" >\n\t<p class=\"tribe-events-schedule__datetime\">\n\t\t<span class=\"tribe-events-schedule__date tribe-events-schedule__date--start\">\n\t\t\t29  February  2024\t\t<\/span>\n\n\t\t\t\t\t<span class=\"tribe-events-schedule__separator tribe-events-schedule__separator--date\">\n\t\t\t\t@\t\t\t<\/span>\n\t\t\t<span class=\"tribe-events-schedule__time tribe-events-schedule__time--start\">\n\t\t\t\t21:00\t\t\t<\/span>\n\t\t\n\t\t\t\t\t\t\t\t\t<span class=\"tribe-events-schedule__separator tribe-events-schedule__separator--time\">\n\t\t\t\t\t&#8211;\t\t\t\t<\/span>\n\t\t\t\n\t\t\t\t\t\t\t<span class=\"tribe-events-schedule__time tribe-events-schedule__time--end\">\n\t\t\t\t\t23:45\t\t\t\t<\/span>\n\t\t\t\n\t\t\t\t\t\t<\/p>\n<\/div>\n\n\n<div  class=\"tribe-block tribe-block__event-price\" >\n\t\t\t<span class=\"tribe-block__event-price__cost\"> 9\u20ac <\/span>\n\t\t\t\t<span class=\"tribe-block__event-price__description\">Taquilla<\/span>\n\t<\/div>\n\n\n\n<div style=\"height:100px\" aria-hidden=\"true\" class=\"wp-block-spacer\"><\/div>\n\n\n\n<div class=\"wp-block-columns is-layout-flex wp-container-core-columns-is-layout-8f761849 wp-block-columns-is-layout-flex\">\n<div class=\"wp-block-column is-layout-flow wp-block-column-is-layout-flow\" style=\"flex-basis:33.33%\">\n<figure class=\"wp-block-image size-large\"><img loading=\"lazy\" decoding=\"async\" width=\"736\" height=\"1040\" src=\"https:\/\/cafelapalma.com\/wp-content\/uploads\/2024\/03\/BONICO-GHOST-EVENT-736x1040.jpg\" alt=\"\" class=\"wp-image-28399\" srcset=\"https:\/\/cafelapalma.com\/wp-content\/uploads\/2024\/03\/BONICO-GHOST-EVENT-736x1040.jpg 736w, https:\/\/cafelapalma.com\/wp-content\/uploads\/2024\/03\/BONICO-GHOST-EVENT-212x300.jpg 212w, https:\/\/cafelapalma.com\/wp-content\/uploads\/2024\/03\/BONICO-GHOST-EVENT-768x1086.jpg 768w, https:\/\/cafelapalma.com\/wp-content\/uploads\/2024\/03\/BONICO-GHOST-EVENT-1086x1536.jpg 1086w\" sizes=\"auto, (max-width: 736px) 100vw, 736px\" \/><\/figure>\n<\/div>\n\n\n\n<div class=\"wp-block-column is-layout-flow wp-block-column-is-layout-flow\" style=\"flex-basis:66.66%\">\n<p class=\"wp-block-paragraph\"><\/p>\n\n\n\n<p class=\"has-text-align-left wp-block-paragraph\"><strong>bonico <\/strong>es el proyecto musical de <strong>Jes\u00fas<\/strong>, artista y productor murciano actualmente residente en <strong>Barcelona<\/strong>. Acaba de lanzar su primer EP \u00ab<strong><em>no todas van sobre ti<\/em><\/strong>\u00bb, un trabajo en el que combina sonidos pop rock con letras cotidianas y mucho humor. Pretende llegar a la gente de manera natural, sin pretensiones, y as\u00ed mismo se lo lleva al directo con un \u00fanico fin: que el p\u00fablico disfrute.<\/p>\n\n\n\n<p class=\"has-text-align-right wp-block-paragraph\"><em><a href=\"https:\/\/open.spotify.com\/intl-es\/artist\/2hjFavceHsdu475Mjrddgl?si=qAlLajOGQZagJ_mvVtuQrg\">Listen to <\/a><\/em><strong><a href=\"https:\/\/open.spotify.com\/intl-es\/artist\/2hjFavceHsdu475Mjrddgl?si=qAlLajOGQZagJ_mvVtuQrg\">bonico <\/a><\/strong><em><a href=\"https:\/\/open.spotify.com\/intl-es\/artist\/2hjFavceHsdu475Mjrddgl?si=qAlLajOGQZagJ_mvVtuQrg\">in <\/a><\/em><strong><a href=\"https:\/\/open.spotify.com\/intl-es\/artist\/2hjFavceHsdu475Mjrddgl?si=qAlLajOGQZagJ_mvVtuQrg\">Spotify<\/a><\/strong><\/p>\n\n\n\n<p class=\"has-text-align-left wp-block-paragraph\"><strong>moren <\/strong>es una artista emergente de <strong>Barcelona<\/strong>. Manteni\u00e9ndose en el indie alternativo o pop experimental, ha unido su faceta cantautora con ritmos y sonidos m\u00e1s urbanos y el uso de una gran producci\u00f3n vocal, llena de capas y efectos. Podemos verlo en su single \u00ab<strong><em>LA MIRADA<\/em><\/strong>\u00bb. Actualmente contin\u00faa explorando nuevos caminos, dejando siempre su toque personal.<\/p>\n\n\n\n<p class=\"has-text-align-right wp-block-paragraph\"><em><a href=\"https:\/\/open.spotify.com\/intl-es\/artist\/4RrEBiUy9o8kPtdTFOw2zj?si=FmrifO_FSkeHDaN7JgMq7g\">Listen to <\/a><\/em><strong><a href=\"https:\/\/open.spotify.com\/intl-es\/artist\/4RrEBiUy9o8kPtdTFOw2zj?si=FmrifO_FSkeHDaN7JgMq7g\">moren <\/a><\/strong><em><a href=\"https:\/\/open.spotify.com\/intl-es\/artist\/4RrEBiUy9o8kPtdTFOw2zj?si=FmrifO_FSkeHDaN7JgMq7g\">in <\/a><\/em><strong><a href=\"https:\/\/open.spotify.com\/intl-es\/artist\/4RrEBiUy9o8kPtdTFOw2zj?si=FmrifO_FSkeHDaN7JgMq7g\">Spotify<\/a><\/strong><\/p>\n\n\n\n<p class=\"has-text-align-left wp-block-paragraph\"><strong>Luna Asteri <\/strong>es una artista argentina residente en <strong>Barcelona<\/strong>. Aunque ya contaba con m\u00fasica anteriormente, decidi\u00f3 darle un giro a su proyecto para hacerse un hueco en la escena indie espa\u00f1ola, apostando por el indie pop y jugando con las ideas de su ni\u00f1a interior. Con singles como \u00ab<strong><em>si nadie est\u00e1 viendo<\/em><\/strong>\u00bb, empieza a mostrar las canciones que conforman su primer EP.<\/p>\n\n\n\n<p class=\"has-text-align-right wp-block-paragraph\"><em><a href=\"https:\/\/open.spotify.com\/intl-es\/artist\/32enpHAw3LxTlZCZqSckZM?si=th6i13yiT3eXSU3smx4uqQ\">Listen to <\/a><\/em><strong><a href=\"https:\/\/open.spotify.com\/intl-es\/artist\/32enpHAw3LxTlZCZqSckZM?si=th6i13yiT3eXSU3smx4uqQ\">Luna Asteri<\/a><\/strong><em><a href=\"https:\/\/open.spotify.com\/intl-es\/artist\/32enpHAw3LxTlZCZqSckZM?si=th6i13yiT3eXSU3smx4uqQ\"> in <\/a><\/em><strong><a href=\"https:\/\/open.spotify.com\/intl-es\/artist\/32enpHAw3LxTlZCZqSckZM?si=th6i13yiT3eXSU3smx4uqQ\">Spotify<\/a><\/strong><\/p>\n<\/div>\n<\/div>\n\n\n\n<div style=\"height:100px\" aria-hidden=\"true\" class=\"wp-block-spacer\"><\/div>\n\n\n\n<hr class=\"wp-block-separator has-alpha-channel-opacity\"\/>\n\n\n\n<div style=\"height:100px\" aria-hidden=\"true\" class=\"wp-block-spacer\"><\/div>\n\n\n<h2 class=\"tribe-block__related-events__title\">Related Events<\/h2>\n\n<ul  class=\"tribe-related-events tribe-clearfix\" >\n\t\t\t<li>\n\t\n<div class=\"tribe-related-events-thumbnail\">\n\t<a href=\"https:\/\/cafelapalma.com\/en\/programacion\/funkin-donuts\/\" class=\"url\" rel=\"bookmark\" tabindex=\"-1\" aria-hidden=\"true\"><img loading=\"lazy\" decoding=\"async\" width=\"693\" height=\"1040\" src=\"https:\/\/cafelapalma.com\/wp-content\/uploads\/2026\/07\/FD-vert2-bn-693x1040.jpg\" class=\"attachment-large size-large wp-post-image\" alt=\"\" \/><\/a>\n<\/div>\n\t<div class=\"tribe-related-event-info\">\n\t<h3 class=\"tribe-related-events-title\">\n\t\t<a href=\"https:\/\/cafelapalma.com\/en\/programacion\/funkin-donuts\/\" class=\"tribe-event-url\" rel=\"bookmark\">\n\t\t\tFUNKIN&#8217; DONUTS\t\t<\/a>\n\t<\/h3>\n\t<span class=\"tribe-event-date-start\">5  September@22:00<\/span><span class=\"tribe-event-time\">23:45<\/span><\/div>\n<\/li>\n\t\t\t<li>\n\t\n<div class=\"tribe-related-events-thumbnail\">\n\t<a href=\"https:\/\/cafelapalma.com\/en\/programacion\/backstage-le-petit-truffle-mayo\/\" class=\"url\" rel=\"bookmark\" tabindex=\"-1\" aria-hidden=\"true\"><img loading=\"lazy\" decoding=\"async\" width=\"780\" height=\"1040\" src=\"https:\/\/cafelapalma.com\/wp-content\/uploads\/2026\/07\/Imagen-TruffleMayo-LePetit-i-1-780x1040.png\" class=\"attachment-large size-large wp-post-image\" alt=\"\" \/><\/a>\n<\/div>\n\t<div class=\"tribe-related-event-info\">\n\t<h3 class=\"tribe-related-events-title\">\n\t\t<a href=\"https:\/\/cafelapalma.com\/en\/programacion\/backstage-le-petit-truffle-mayo\/\" class=\"tribe-event-url\" rel=\"bookmark\">\n\t\t\tBACKSTAGE: LE PETIT + TRUFFLE MAYO\t\t<\/a>\n\t<\/h3>\n\t<span class=\"tribe-event-date-start\">5  September@23:55<\/span><\/div>\n<\/li>\n\t\t\t<li>\n\t\n<div class=\"tribe-related-events-thumbnail\">\n\t<a href=\"https:\/\/cafelapalma.com\/en\/programacion\/willie-deville-concierto-benefico-x-venezuela\/\" class=\"url\" rel=\"bookmark\" tabindex=\"-1\" aria-hidden=\"true\"><img loading=\"lazy\" decoding=\"async\" width=\"1020\" height=\"531\" src=\"https:\/\/cafelapalma.com\/wp-content\/uploads\/2026\/08\/Willie-deville-1100x572-1-1040x541.jpg\" class=\"attachment-large size-large wp-post-image\" alt=\"\" \/><\/a>\n<\/div>\n\t<div class=\"tribe-related-event-info\">\n\t<h3 class=\"tribe-related-events-title\">\n\t\t<a href=\"https:\/\/cafelapalma.com\/en\/programacion\/willie-deville-concierto-benefico-x-venezuela\/\" class=\"tribe-event-url\" rel=\"bookmark\">\n\t\t\tWILLIE DEVILLE: CONCIERTO BEN\u00c9FICO X VENEZUELA\t\t<\/a>\n\t<\/h3>\n\t<span class=\"tribe-event-date-start\">6  September@21:00<\/span><span class=\"tribe-event-time\">23:45<\/span><\/div>\n<\/li>\n\t<\/ul>","protected":false},"excerpt":{"rendered":"<p>bonico es el proyecto musical de Jes\u00fas, artista y productor murciano actualmente residente en Barcelona. Acaba de lanzar su primer EP \u00abno todas van sobre ti\u00bb, un trabajo en el que combina sonidos pop rock con letras cotidianas y mucho humor. Pretende llegar a la gente de manera natural, sin pretensiones, y as\u00ed mismo se &hellip; <\/p>","protected":false},"author":2,"featured_media":27486,"template":"","meta":{"_tec_requires_first_save":false,"_uag_custom_page_level_css":"","loftloader_page_shortcode":"","_EventAllDay":false,"_EventTimezone":"Europe\/Madrid","_EventStartDate":"2024-02-29 21:00:00","_EventEndDate":"2024-02-29 23:45:00","_EventStartDateUTC":"2024-02-29 20:00:00","_EventEndDateUTC":"2024-02-29 22:45:00","_EventShowMap":false,"_EventShowMapLink":false,"_EventURL":"https:\/\/www.passline.com\/eventos\/bonico-moren-luna-asteri","_EventCost":"9","_EventCostDescription":"","_EventCurrencySymbol":"\u20ac","_EventCurrencyCode":"USD","_EventCurrencyPosition":"suffix","_EventDateTimeSeparator":"@","_EventTimeRangeSeparator":"-","_EventOrganizerID":[],"_EventVenueID":[],"_OrganizerEmail":"","_OrganizerPhone":"","_OrganizerWebsite":"","_VenueAddress":"","_VenueCity":"","_VenueCountry":"","_VenueProvince":"","_VenueState":"","_VenueZip":"","_VenuePhone":"","_VenueURL":"","_VenueStateProvince":"","_VenueLat":"","_VenueLng":"","_VenueShowMap":false,"_VenueShowMapLink":false,"_tribe_blocks_recurrence_rules":"","_tribe_blocks_recurrence_description":"","_tribe_blocks_recurrence_exclusions":"","_ecp_custom_2":"","_tribe_events_status":"","_tribe_events_status_reason":"","_tribe_events_is_hybrid":"","_tribe_events_is_virtual":"","_tribe_events_virtual_video_source":"","_tribe_events_virtual_embed_video":"","_tribe_events_virtual_linked_button_text":"","_tribe_events_virtual_linked_button":"","_tribe_events_virtual_show_embed_at":"","_tribe_events_virtual_show_embed_to":[],"_tribe_events_virtual_show_on_event":"","_tribe_events_virtual_show_on_views":"","_tribe_events_virtual_url":"","footnotes":""},"tags":[14596,1363,2865,9147,9146,14598,14597],"tribe_events_cat":[8963],"class_list":["post-28398","tribe_events","type-tribe_events","status-publish","has-post-thumbnail","hentry","tag-bonico","tag-cafe-la-palma","tag-conciertos-cafe-la-palma","tag-conciertos-madrid","tag-conciertos-malasana","tag-luna-asteri","tag-moren","tribe_events_cat-concierto","cat_concierto"],"uagb_featured_image_src":{"full":["https:\/\/cafelapalma.com\/wp-content\/uploads\/2023\/10\/bonico_VERTICAL-LOW-scaled.jpg",2325,3000,false],"thumbnail":["https:\/\/cafelapalma.com\/wp-content\/uploads\/2023\/10\/bonico_VERTICAL-LOW-150x150.jpg",150,150,true],"medium":["https:\/\/cafelapalma.com\/wp-content\/uploads\/2023\/10\/bonico_VERTICAL-LOW-233x300.jpg",233,300,true],"medium_large":["https:\/\/cafelapalma.com\/wp-content\/uploads\/2023\/10\/bonico_VERTICAL-LOW-768x991.jpg",768,991,true],"large":["https:\/\/cafelapalma.com\/wp-content\/uploads\/2023\/10\/bonico_VERTICAL-LOW-806x1040.jpg",806,1040,true],"1536x1536":["https:\/\/cafelapalma.com\/wp-content\/uploads\/2023\/10\/bonico_VERTICAL-LOW-1190x1536.jpg",1190,1536,true],"2048x2048":["https:\/\/cafelapalma.com\/wp-content\/uploads\/2023\/10\/bonico_VERTICAL-LOW-1587x2048.jpg",1587,2048,true],"trp-custom-language-flag":["https:\/\/cafelapalma.com\/wp-content\/uploads\/2023\/10\/bonico_VERTICAL-LOW-scaled.jpg",9,12,false],"blossom-feminine-slider":["https:\/\/cafelapalma.com\/wp-content\/uploads\/2023\/10\/bonico_VERTICAL-LOW-1920x649.jpg",1920,649,true],"blossom-feminine-featured":["https:\/\/cafelapalma.com\/wp-content\/uploads\/2023\/10\/bonico_VERTICAL-LOW-1410x600.jpg",1410,600,true],"blossom-feminine-with-sidebar":["https:\/\/cafelapalma.com\/wp-content\/uploads\/2023\/10\/bonico_VERTICAL-LOW-1020x600.jpg",1020,600,true],"blossom-feminine-blog":["https:\/\/cafelapalma.com\/wp-content\/uploads\/2023\/10\/bonico_VERTICAL-LOW-435x435.jpg",435,435,true],"blossom-feminine-cat":["https:\/\/cafelapalma.com\/wp-content\/uploads\/2023\/10\/bonico_VERTICAL-LOW-450x300.jpg",450,300,true],"blossom-feminine-related":["https:\/\/cafelapalma.com\/wp-content\/uploads\/2023\/10\/bonico_VERTICAL-LOW-320x200.jpg",320,200,true],"blossom-feminine-schema":["https:\/\/cafelapalma.com\/wp-content\/uploads\/2023\/10\/bonico_VERTICAL-LOW-47x60.jpg",47,60,true]},"uagb_author_info":{"display_name":"Victor","author_link":"https:\/\/cafelapalma.com\/en\/author\/comunicacion\/"},"uagb_comment_info":0,"uagb_excerpt":"bonico es el proyecto musical de Jes\u00fas, artista y productor murciano actualmente residente en Barcelona. Acaba de lanzar su primer EP \u00abno todas van sobre ti\u00bb, un trabajo en el que combina sonidos pop rock con letras cotidianas y mucho humor. Pretende llegar a la gente de manera natural, sin pretensiones, y as\u00ed mismo se&hellip;","_links":{"self":[{"href":"https:\/\/cafelapalma.com\/en\/wp-json\/wp\/v2\/tribe_events\/28398","targetHints":{"allow":["GET"]}}],"collection":[{"href":"https:\/\/cafelapalma.com\/en\/wp-json\/wp\/v2\/tribe_events"}],"about":[{"href":"https:\/\/cafelapalma.com\/en\/wp-json\/wp\/v2\/types\/tribe_events"}],"author":[{"embeddable":true,"href":"https:\/\/cafelapalma.com\/en\/wp-json\/wp\/v2\/users\/2"}],"version-history":[{"count":0,"href":"https:\/\/cafelapalma.com\/en\/wp-json\/wp\/v2\/tribe_events\/28398\/revisions"}],"wp:featuredmedia":[{"embeddable":true,"href":"https:\/\/cafelapalma.com\/en\/wp-json\/wp\/v2\/media\/27486"}],"wp:attachment":[{"href":"https:\/\/cafelapalma.com\/en\/wp-json\/wp\/v2\/media?parent=28398"}],"wp:term":[{"taxonomy":"post_tag","embeddable":true,"href":"https:\/\/cafelapalma.com\/en\/wp-json\/wp\/v2\/tags?post=28398"},{"taxonomy":"tribe_events_cat","embeddable":true,"href":"https:\/\/cafelapalma.com\/en\/wp-json\/wp\/v2\/tribe_events_cat?post=28398"}],"curies":[{"name":"wp","href":"https:\/\/api.w.org\/{rel}","templated":true}]}}