{"id":28576,"date":"2024-04-01T12:48:47","date_gmt":"2024-04-01T10:48:47","guid":{"rendered":"https:\/\/cafelapalma.com\/programacion\/madrid-terminal-2-bloodstein-net-bby-lichi-copy\/"},"modified":"2024-04-01T12:52:38","modified_gmt":"2024-04-01T10:52:38","slug":"madrid-terminal-2-rococo-recreo-ana-webb","status":"publish","type":"tribe_events","link":"https:\/\/cafelapalma.com\/en\/programacion\/madrid-terminal-2-rococo-recreo-ana-webb\/","title":{"rendered":"ROCOC\u00d3 + RECREO + ANA WEBB"},"content":{"rendered":"<div  class=\"tribe-events-schedule tribe-clearfix\" >\n\t<p class=\"tribe-events-schedule__datetime\">\n\t\t<span class=\"tribe-events-schedule__date tribe-events-schedule__date--start\">\n\t\t\t25  April  2024\t\t<\/span>\n\n\t\t\t\t\t<span class=\"tribe-events-schedule__separator tribe-events-schedule__separator--date\">\n\t\t\t\t@\t\t\t<\/span>\n\t\t\t<span class=\"tribe-events-schedule__time tribe-events-schedule__time--start\">\n\t\t\t\t21:00\t\t\t<\/span>\n\t\t\n\t\t\t\t\t\t\t\t\t<span class=\"tribe-events-schedule__separator tribe-events-schedule__separator--time\">\n\t\t\t\t\t&#8211;\t\t\t\t<\/span>\n\t\t\t\n\t\t\t\t\t\t\t<span class=\"tribe-events-schedule__time tribe-events-schedule__time--end\">\n\t\t\t\t\t23:45\t\t\t\t<\/span>\n\t\t\t\n\t\t\t\t\t\t<\/p>\n<\/div>\n\n\n<div  class=\"tribe-block tribe-block__event-price\" >\n\t\t\t<span class=\"tribe-block__event-price__cost\"> 8\u20ac <\/span>\n\t\t\t\t<span class=\"tribe-block__event-price__description\">+ gg Anticipada | 10\u20ac Taquilla<\/span>\n\t<\/div>\n\n\n\n<div style=\"height:100px\" aria-hidden=\"true\" class=\"wp-block-spacer\"><\/div>\n\n\n\n<div class=\"wp-block-columns is-layout-flex wp-container-core-columns-is-layout-8f761849 wp-block-columns-is-layout-flex\">\n<div class=\"wp-block-column is-layout-flow wp-block-column-is-layout-flow\" style=\"flex-basis:33.33%\">\n<figure class=\"wp-block-image size-large\"><img loading=\"lazy\" decoding=\"async\" width=\"735\" height=\"1040\" src=\"https:\/\/cafelapalma.com\/wp-content\/uploads\/2024\/04\/MADRID-TERMINAL-3-A3-LOW-735x1040.jpg\" alt=\"\" class=\"wp-image-28577\" srcset=\"https:\/\/cafelapalma.com\/wp-content\/uploads\/2024\/04\/MADRID-TERMINAL-3-A3-LOW-735x1040.jpg 735w, https:\/\/cafelapalma.com\/wp-content\/uploads\/2024\/04\/MADRID-TERMINAL-3-A3-LOW-212x300.jpg 212w, https:\/\/cafelapalma.com\/wp-content\/uploads\/2024\/04\/MADRID-TERMINAL-3-A3-LOW-768x1086.jpg 768w, https:\/\/cafelapalma.com\/wp-content\/uploads\/2024\/04\/MADRID-TERMINAL-3-A3-LOW-1086x1536.jpg 1086w, https:\/\/cafelapalma.com\/wp-content\/uploads\/2024\/04\/MADRID-TERMINAL-3-A3-LOW-1448x2048.jpg 1448w, https:\/\/cafelapalma.com\/wp-content\/uploads\/2024\/04\/MADRID-TERMINAL-3-A3-LOW-42x60.jpg 42w\" sizes=\"auto, (max-width: 735px) 100vw, 735px\" \/><\/figure>\n\n\n<div  class=\"tribe-block tribe-block__event-website\" >\n\t<a\n\t\thref=\"https:\/\/www.passline.com\/eventos\/madrid-terminal-2-rococo-recreo-ana-webb\"\n\t\ttarget=\"_self\"\n\t\t\t>\n\t\tBUY TICKETS\t<\/a>\n<\/div>\n<\/div>\n\n\n\n<div class=\"wp-block-column is-layout-flow wp-block-column-is-layout-flow\" style=\"flex-basis:66.66%\">\n<p class=\"wp-block-paragraph\"><\/p>\n\n\n\n<p class=\"has-text-align-left wp-block-paragraph\"><strong>MADRID TERMINAL 2<\/strong> es una radiograf\u00eda de la efervescente escena de la capital, manteniendo el legado y esp\u00edritu de la primera entrega publicada tambi\u00e9n por <strong>Subterfuge Records<\/strong> en 2005.<\/p>\n\n\n\n<p class=\"has-text-align-left wp-block-paragraph\">Del \u00e1lbum de doce canciones nace un ciclo de conciertos en torno a esta compilaci\u00f3n con ADN 100% <strong>Madrid<\/strong>. La tercera entrega de este ciclo ser\u00e1 el pr\u00f3ximo Jueves 25 de abril y contar\u00e1 con la participaci\u00f3n de <strong>ROCOC\u00d3<\/strong>, <strong>RECREO <\/strong>y <strong>ANA WEBB<\/strong>.<\/p>\n\n\n\n<p class=\"has-text-align-left wp-block-paragraph\"><strong>ROCOC\u00d3 <\/strong>es un proyecto de rock con influencias de finales de los &#8217;90 y principios de los 2000. Tras su aclamado primer LP <strong><em>\u00abNo me sale querer\u00bb<\/em><\/strong>, con influencias como <strong>Basement <\/strong>o <strong>Drug Church<\/strong>, apuestan ahora por una linea m\u00e1s \u00fanica y experimental, como se muestra en su EP <strong><em>\u00abTan lejos \/ Tan cerca\u00bb<\/em><\/strong> y en su aportaci\u00f3n a <strong>Madrid Terminal 2<\/strong>, <strong><em>\u00abNo est\u00e1s\u00bb<\/em><\/strong>. Sin duda una de las bandas del momento en la escena alternativa de nuestra ciudad.<\/p>\n\n\n\n<p class=\"has-text-align-left wp-block-paragraph\"><strong>RECREO <\/strong>se presentan en <strong>CAFE LA PALMA<\/strong> tras su reciente actuaci\u00f3n junto a <strong>Aiko El Grupo<\/strong> en el <strong>Ochoymedio<\/strong>. Emo-90s, garage y actitud punk.<\/p>\n\n\n\n<p class=\"has-text-align-left wp-block-paragraph\"><strong>ANA WEBB<\/strong> es una artista ovetense afincada en Madrid que abrir\u00e1 la noche con su shoegaze y dream pop introspectivo.<\/p>\n\n\n\n<p class=\"has-text-align-right wp-block-paragraph\"><em><a href=\"https:\/\/open.spotify.com\/intl-es\/album\/2rgtJ4xpN42octvbA6BHNz?si=oRIPiUY1QxSVc9M22rj4wA\">Escucha <strong>MADRID TERMINAL<\/strong> in <strong>Spotify<\/strong><\/a><\/em><\/p>\n<\/div>\n<\/div>\n\n\n\n<div style=\"height:100px\" aria-hidden=\"true\" class=\"wp-block-spacer\"><\/div>\n\n\n\n<hr class=\"wp-block-separator has-alpha-channel-opacity\"\/>\n\n\n\n<div style=\"height:100px\" aria-hidden=\"true\" class=\"wp-block-spacer\"><\/div>\n\n\n<h2 class=\"tribe-block__related-events__title\">Related Events<\/h2>\n\n<ul  class=\"tribe-related-events tribe-clearfix\" >\n\t\t\t<li>\n\t\n<div class=\"tribe-related-events-thumbnail\">\n\t<a href=\"https:\/\/cafelapalma.com\/en\/programacion\/funkin-donuts\/\" class=\"url\" rel=\"bookmark\" tabindex=\"-1\" aria-hidden=\"true\"><img loading=\"lazy\" decoding=\"async\" width=\"693\" height=\"1040\" src=\"https:\/\/cafelapalma.com\/wp-content\/uploads\/2026\/07\/FD-vert2-bn-693x1040.jpg\" class=\"attachment-large size-large wp-post-image\" alt=\"\" \/><\/a>\n<\/div>\n\t<div class=\"tribe-related-event-info\">\n\t<h3 class=\"tribe-related-events-title\">\n\t\t<a href=\"https:\/\/cafelapalma.com\/en\/programacion\/funkin-donuts\/\" class=\"tribe-event-url\" rel=\"bookmark\">\n\t\t\tFUNKIN&#8217; DONUTS\t\t<\/a>\n\t<\/h3>\n\t<span class=\"tribe-event-date-start\">5  September@22:00<\/span><span class=\"tribe-event-time\">23:45<\/span><\/div>\n<\/li>\n\t\t\t<li>\n\t\n<div class=\"tribe-related-events-thumbnail\">\n\t<a href=\"https:\/\/cafelapalma.com\/en\/programacion\/backstage-le-petit-truffle-mayo\/\" class=\"url\" rel=\"bookmark\" tabindex=\"-1\" aria-hidden=\"true\"><img loading=\"lazy\" decoding=\"async\" width=\"780\" height=\"1040\" src=\"https:\/\/cafelapalma.com\/wp-content\/uploads\/2026\/07\/Imagen-TruffleMayo-LePetit-i-1-780x1040.png\" class=\"attachment-large size-large wp-post-image\" alt=\"\" \/><\/a>\n<\/div>\n\t<div class=\"tribe-related-event-info\">\n\t<h3 class=\"tribe-related-events-title\">\n\t\t<a href=\"https:\/\/cafelapalma.com\/en\/programacion\/backstage-le-petit-truffle-mayo\/\" class=\"tribe-event-url\" rel=\"bookmark\">\n\t\t\tBACKSTAGE: LE PETIT + TRUFFLE MAYO\t\t<\/a>\n\t<\/h3>\n\t<span class=\"tribe-event-date-start\">5  September@23:55<\/span><\/div>\n<\/li>\n\t\t\t<li>\n\t\n<div class=\"tribe-related-events-thumbnail\">\n\t<a href=\"https:\/\/cafelapalma.com\/en\/programacion\/willie-deville-concierto-benefico-x-venezuela\/\" class=\"url\" rel=\"bookmark\" tabindex=\"-1\" aria-hidden=\"true\"><img loading=\"lazy\" decoding=\"async\" width=\"1020\" height=\"531\" src=\"https:\/\/cafelapalma.com\/wp-content\/uploads\/2026\/08\/Willie-deville-1100x572-1-1040x541.jpg\" class=\"attachment-large size-large wp-post-image\" alt=\"\" \/><\/a>\n<\/div>\n\t<div class=\"tribe-related-event-info\">\n\t<h3 class=\"tribe-related-events-title\">\n\t\t<a href=\"https:\/\/cafelapalma.com\/en\/programacion\/willie-deville-concierto-benefico-x-venezuela\/\" class=\"tribe-event-url\" rel=\"bookmark\">\n\t\t\tWILLIE DEVILLE: CONCIERTO BEN\u00c9FICO X VENEZUELA\t\t<\/a>\n\t<\/h3>\n\t<span class=\"tribe-event-date-start\">6  September@21:00<\/span><span class=\"tribe-event-time\">23:45<\/span><\/div>\n<\/li>\n\t<\/ul>","protected":false},"excerpt":{"rendered":"<p>MADRID TERMINAL 2 es una radiograf\u00eda de la efervescente escena de la capital, manteniendo el legado y esp\u00edritu de la primera entrega publicada tambi\u00e9n por Subterfuge Records en 2005. Del \u00e1lbum de doce canciones nace un ciclo de conciertos en torno a esta compilaci\u00f3n con ADN 100% Madrid. La tercera entrega de este ciclo ser\u00e1 &hellip; <\/p>","protected":false},"author":2,"featured_media":28026,"template":"","meta":{"_tec_requires_first_save":false,"_uag_custom_page_level_css":"","loftloader_page_shortcode":"","_EventAllDay":false,"_EventTimezone":"Europe\/Madrid","_EventStartDate":"2024-04-25 21:00:00","_EventEndDate":"2024-04-25 23:45:00","_EventStartDateUTC":"2024-04-25 19:00:00","_EventEndDateUTC":"2024-04-25 21:45:00","_EventShowMap":false,"_EventShowMapLink":false,"_EventURL":"https:\/\/www.passline.com\/eventos\/madrid-terminal-2-rococo-recreo-ana-webb","_EventCost":"8","_EventCostDescription":"","_EventCurrencySymbol":"\u20ac","_EventCurrencyCode":"USD","_EventCurrencyPosition":"suffix","_EventDateTimeSeparator":"@","_EventTimeRangeSeparator":"-","_EventOrganizerID":[],"_EventVenueID":[],"_OrganizerEmail":"","_OrganizerPhone":"","_OrganizerWebsite":"","_VenueAddress":"","_VenueCity":"","_VenueCountry":"","_VenueProvince":"","_VenueState":"","_VenueZip":"","_VenuePhone":"","_VenueURL":"","_VenueStateProvince":"","_VenueLat":"","_VenueLng":"","_VenueShowMap":false,"_VenueShowMapLink":false,"_tribe_blocks_recurrence_rules":"","_tribe_blocks_recurrence_description":"","_tribe_blocks_recurrence_exclusions":"","_ecp_custom_2":"","_tribe_events_status":"","_tribe_events_status_reason":"","_tribe_events_is_hybrid":"","_tribe_events_is_virtual":"","_tribe_events_virtual_video_source":"","_tribe_events_virtual_embed_video":"","_tribe_events_virtual_linked_button_text":"","_tribe_events_virtual_linked_button":"","_tribe_events_virtual_show_embed_at":"","_tribe_events_virtual_show_embed_to":[],"_tribe_events_virtual_show_on_event":"","_tribe_events_virtual_show_on_views":"","_tribe_events_virtual_url":"","footnotes":""},"tags":[14537,13003,9438,1363,15096,2865,9147,9146,15093,11153,13007,1355,9164,9366,9766,12375,15510],"tribe_events_cat":[8963],"class_list":["post-28576","tribe_events","type-tribe_events","status-publish","has-post-thumbnail","hentry","tag-ana-webb","tag-anibal","tag-bedroom-pop","tag-cafe-la-palma","tag-carlos-galan","tag-conciertos-cafe-la-palma","tag-conciertos-madrid","tag-conciertos-malasana","tag-madrid-terminal","tag-no-estas","tag-no-me-sale-querer","tag-pop","tag-pop-rock-2","tag-recreo","tag-rococo","tag-subterfuge-records","tag-tan-lejos-tan-cerca","tribe_events_cat-concierto","cat_concierto"],"uagb_featured_image_src":{"full":["https:\/\/cafelapalma.com\/wp-content\/uploads\/2024\/01\/MADRID-TERMINAL-LOGO.png",540,541,false],"thumbnail":["https:\/\/cafelapalma.com\/wp-content\/uploads\/2024\/01\/MADRID-TERMINAL-LOGO-150x150.png",150,150,true],"medium":["https:\/\/cafelapalma.com\/wp-content\/uploads\/2024\/01\/MADRID-TERMINAL-LOGO-300x300.png",300,300,true],"medium_large":["https:\/\/cafelapalma.com\/wp-content\/uploads\/2024\/01\/MADRID-TERMINAL-LOGO.png",540,541,false],"large":["https:\/\/cafelapalma.com\/wp-content\/uploads\/2024\/01\/MADRID-TERMINAL-LOGO.png",540,541,false],"1536x1536":["https:\/\/cafelapalma.com\/wp-content\/uploads\/2024\/01\/MADRID-TERMINAL-LOGO.png",540,541,false],"2048x2048":["https:\/\/cafelapalma.com\/wp-content\/uploads\/2024\/01\/MADRID-TERMINAL-LOGO.png",540,541,false],"trp-custom-language-flag":["https:\/\/cafelapalma.com\/wp-content\/uploads\/2024\/01\/MADRID-TERMINAL-LOGO.png",12,12,false],"blossom-feminine-slider":["https:\/\/cafelapalma.com\/wp-content\/uploads\/2024\/01\/MADRID-TERMINAL-LOGO.png",540,541,false],"blossom-feminine-featured":["https:\/\/cafelapalma.com\/wp-content\/uploads\/2024\/01\/MADRID-TERMINAL-LOGO.png",540,541,false],"blossom-feminine-with-sidebar":["https:\/\/cafelapalma.com\/wp-content\/uploads\/2024\/01\/MADRID-TERMINAL-LOGO.png",540,541,false],"blossom-feminine-blog":["https:\/\/cafelapalma.com\/wp-content\/uploads\/2024\/01\/MADRID-TERMINAL-LOGO-435x435.png",435,435,true],"blossom-feminine-cat":["https:\/\/cafelapalma.com\/wp-content\/uploads\/2024\/01\/MADRID-TERMINAL-LOGO-450x300.png",450,300,true],"blossom-feminine-related":["https:\/\/cafelapalma.com\/wp-content\/uploads\/2024\/01\/MADRID-TERMINAL-LOGO-320x200.png",320,200,true],"blossom-feminine-schema":["https:\/\/cafelapalma.com\/wp-content\/uploads\/2024\/01\/MADRID-TERMINAL-LOGO-60x60.png",60,60,true]},"uagb_author_info":{"display_name":"Victor","author_link":"https:\/\/cafelapalma.com\/en\/author\/comunicacion\/"},"uagb_comment_info":0,"uagb_excerpt":"MADRID TERMINAL 2 es una radiograf\u00eda de la efervescente escena de la capital, manteniendo el legado y esp\u00edritu de la primera entrega publicada tambi\u00e9n por Subterfuge Records en 2005. Del \u00e1lbum de doce canciones nace un ciclo de conciertos en torno a esta compilaci\u00f3n con ADN 100% Madrid. La tercera entrega de este ciclo ser\u00e1&hellip;","_links":{"self":[{"href":"https:\/\/cafelapalma.com\/en\/wp-json\/wp\/v2\/tribe_events\/28576","targetHints":{"allow":["GET"]}}],"collection":[{"href":"https:\/\/cafelapalma.com\/en\/wp-json\/wp\/v2\/tribe_events"}],"about":[{"href":"https:\/\/cafelapalma.com\/en\/wp-json\/wp\/v2\/types\/tribe_events"}],"author":[{"embeddable":true,"href":"https:\/\/cafelapalma.com\/en\/wp-json\/wp\/v2\/users\/2"}],"version-history":[{"count":0,"href":"https:\/\/cafelapalma.com\/en\/wp-json\/wp\/v2\/tribe_events\/28576\/revisions"}],"wp:featuredmedia":[{"embeddable":true,"href":"https:\/\/cafelapalma.com\/en\/wp-json\/wp\/v2\/media\/28026"}],"wp:attachment":[{"href":"https:\/\/cafelapalma.com\/en\/wp-json\/wp\/v2\/media?parent=28576"}],"wp:term":[{"taxonomy":"post_tag","embeddable":true,"href":"https:\/\/cafelapalma.com\/en\/wp-json\/wp\/v2\/tags?post=28576"},{"taxonomy":"tribe_events_cat","embeddable":true,"href":"https:\/\/cafelapalma.com\/en\/wp-json\/wp\/v2\/tribe_events_cat?post=28576"}],"curies":[{"name":"wp","href":"https:\/\/api.w.org\/{rel}","templated":true}]}}