{"id":28580,"date":"2024-04-01T13:35:56","date_gmt":"2024-04-01T11:35:56","guid":{"rendered":"https:\/\/cafelapalma.com\/programacion\/tanzen-2-copy\/"},"modified":"2024-04-01T13:46:48","modified_gmt":"2024-04-01T11:46:48","slug":"tanzen-special-bday","status":"publish","type":"tribe_events","link":"https:\/\/cafelapalma.com\/en\/programacion\/tanzen-special-bday\/","title":{"rendered":"TANZEN SPECIAL BDAY"},"content":{"rendered":"<div  class=\"tribe-events-schedule tribe-clearfix\" >\n\t<p class=\"tribe-events-schedule__datetime\">\n\t\t<span class=\"tribe-events-schedule__date tribe-events-schedule__date--start\">\n\t\t\t20  April  2024\t\t<\/span>\n\n\t\t\t\t\t<span class=\"tribe-events-schedule__separator tribe-events-schedule__separator--date\">\n\t\t\t\t@\t\t\t<\/span>\n\t\t\t<span class=\"tribe-events-schedule__time tribe-events-schedule__time--start\">\n\t\t\t\t23:50\t\t\t<\/span>\n\t\t\n\t\t\t\t\t\t\t\t\t<span class=\"tribe-events-schedule__separator tribe-events-schedule__separator--time\">\n\t\t\t\t\t&#8211;\t\t\t\t<\/span>\n\t\t\t\n\t\t\t\t\t\t\t<span class=\"tribe-events-schedule__time tribe-events-schedule__time--end\">\n\t\t\t\t\t23:55\t\t\t\t<\/span>\n\t\t\t\n\t\t\t\t\t\t<\/p>\n<\/div>\n\n\n<div  class=\"tribe-block tribe-block__event-price\" >\n\t\t\t<span class=\"tribe-block__event-price__cost\"> 9\u20ac <\/span>\n\t\t\t\t<span class=\"tribe-block__event-price__description\">+ gg Anticipada | 11\u20ac Taquilla de 00:00 a 01:30 + UNA COPA o DOS DOBLES | 13\u20ac Taquilla de 01:30 a cierre + CONSUMICI\u00d3N<\/span>\n\t<\/div>\n\n\n\n<div style=\"height:100px\" aria-hidden=\"true\" class=\"wp-block-spacer\"><\/div>\n\n\n\n<div class=\"wp-block-columns is-layout-flex wp-container-core-columns-is-layout-8f761849 wp-block-columns-is-layout-flex\">\n<div class=\"wp-block-column is-layout-flow wp-block-column-is-layout-flow\" style=\"flex-basis:33.33%\">\n<figure class=\"wp-block-image size-full\"><img loading=\"lazy\" decoding=\"async\" width=\"1842\" height=\"2568\" src=\"https:\/\/cafelapalma.com\/wp-content\/uploads\/2024\/04\/TANZEN-APR-24-LOW.jpg\" alt=\"\" class=\"wp-image-28582\" srcset=\"https:\/\/cafelapalma.com\/wp-content\/uploads\/2024\/04\/TANZEN-APR-24-LOW.jpg 1842w, https:\/\/cafelapalma.com\/wp-content\/uploads\/2024\/04\/TANZEN-APR-24-LOW-215x300.jpg 215w, https:\/\/cafelapalma.com\/wp-content\/uploads\/2024\/04\/TANZEN-APR-24-LOW-746x1040.jpg 746w, https:\/\/cafelapalma.com\/wp-content\/uploads\/2024\/04\/TANZEN-APR-24-LOW-768x1071.jpg 768w, https:\/\/cafelapalma.com\/wp-content\/uploads\/2024\/04\/TANZEN-APR-24-LOW-1102x1536.jpg 1102w, https:\/\/cafelapalma.com\/wp-content\/uploads\/2024\/04\/TANZEN-APR-24-LOW-1469x2048.jpg 1469w, https:\/\/cafelapalma.com\/wp-content\/uploads\/2024\/04\/TANZEN-APR-24-LOW-43x60.jpg 43w\" sizes=\"auto, (max-width: 1842px) 100vw, 1842px\" \/><\/figure>\n\n\n<div  class=\"tribe-block tribe-block__event-website\" >\n\t<a\n\t\thref=\"https:\/\/www.passline.com\/eventos\/tanzen-special-bday\"\n\t\ttarget=\"_self\"\n\t\t\t>\n\t\tBUY TICKETS\t<\/a>\n<\/div>\n<\/div>\n\n\n\n<div class=\"wp-block-column is-layout-flow wp-block-column-is-layout-flow\" style=\"flex-basis:66.66%\">\n<p class=\"has-text-align-left wp-block-paragraph\"><strong>TANZEN<\/strong> es una fiesta cuyo principal objetivo es el baile y surge de la idea de <strong>AlesaDJ <\/strong>de crear un colectivo en el que participen Djs y productores nacionales de m\u00fasica electr\u00f3nica y darlos a conocer en las salas y clubes m\u00e1s importantes.\u00a0 Con varias fiestas a sus espaldas, la m\u00fasica electr\u00f3nica en sus m\u00faltiples variantes es el hilo conductor de las noches aderezados con unas visuales de calidad que moldeen el ambiente al ritmo de la m\u00fasica. Su fiesta hermana , <strong>Vermuttr\u00f2nic<\/strong>, une la m\u00fasica con el arte en horario diurno, para los menos noct\u00e1mbulos.<\/p>\n\n\n\n<p class=\"has-text-align-left wp-block-paragraph\">Inquieta y curiosa por naturaleza, <strong>CARMEN BUEND\u00cdA<\/strong> es Dj profesional desde el a\u00f1o 2000. Ganadora Concurso <strong>Deejay TalentSOS\u201916<\/strong> y profesora de Deejay y Live Performance en <strong>Escuela DJP Music School<\/strong> hasta 2021, sus sets destilan much\u00edsima energ\u00eda y su pasi\u00f3n por la m\u00fasica nos la muestra en el primer comp\u00e1s. Adem\u00e1s viene a celebrar su cumplea\u00f1os&#8230; \u00a1fiesta asegurada!<\/p>\n\n\n\n<p class=\"has-text-align-left wp-block-paragraph\"><strong>SERGIONE <\/strong>es fundador de las fiestas <strong>Pink Bingo<\/strong> con residencia en la sala <strong>Freedonia <\/strong>de <strong>Barcelona<\/strong>, donde da rienda suelta a sus actuales filias musicales: Dark Disco, Electro, EBM, Indie Dance\u2026 sin descuidar otros tantos estilos, sus sesiones se caracterizan por su contagiosa energ\u00eda que extiende a la pista de baile, con una enorme obsesi\u00f3n por conectar con el p\u00fablico y hacerles bailar como posesos.<\/p>\n\n\n\n<p class=\"has-text-align-left wp-block-paragraph\">Unidos por la experimentaci\u00f3n , con atm\u00f3sferas propias del techno mel\u00f3dico, <strong>Gonzalo Bautista<\/strong> (ex teclista de la banda post -rock <strong>Autumn Comets<\/strong>) y <strong>Nacho Urdia\u00edn<\/strong> son\u00a0<strong>OCKTIVE<\/strong>. Naturales de <strong>Madrid<\/strong>, las producciones de este d\u00fao de m\u00fasicos electr\u00f3nicos ahondan en un sonido org\u00e1nico, c\u00e1lido y sampled\u00e9lico que sustancian texturas estimulantes, con querencias experimentales, desde estilos como el house primitivo, el 2-step, el electro, techno mel\u00f3dico, IDM, el deep-house o el ambient.<\/p>\n\n\n\n<p class=\"has-text-align-left wp-block-paragraph\">Natural de Madrid, <strong>GLEEZY<\/strong> es un artista emergente dem\u00fasica electronica. Con una amplia fuente de inspiraci\u00f3n que va desde la escena electr\u00f3nica de UK al hip-hop, su estilo junta un diverso reperorio con caracter\u00edsticas comunes como son los ritmos de baile del house y el breakbeat.<\/p>\n\n\n\n<p class=\"has-text-align-right wp-block-paragraph\"><em><a href=\"https:\/\/www.instagram.com\/tanze.ndance\/\">Sigue a <\/a><\/em><strong><a href=\"https:\/\/www.instagram.com\/tanze.ndance\/\">TANZEN <\/a><\/strong><em><a href=\"https:\/\/www.instagram.com\/tanze.ndance\/\">in <\/a><\/em><strong><a href=\"https:\/\/www.instagram.com\/tanze.ndance\/\">Instagram<\/a><\/strong><\/p>\n<\/div>\n<\/div>\n\n\n\n<div style=\"height:100px\" aria-hidden=\"true\" class=\"wp-block-spacer\"><\/div>\n\n\n\n<hr class=\"wp-block-separator has-alpha-channel-opacity is-style-wide\"\/>\n\n\n\n<div style=\"height:100px\" aria-hidden=\"true\" class=\"wp-block-spacer\"><\/div>\n\n\n<h2 class=\"tribe-block__related-events__title\">Related Events<\/h2>\n\n<ul  class=\"tribe-related-events tribe-clearfix\" >\n\t\t\t<li>\n\t\n<div class=\"tribe-related-events-thumbnail\">\n\t<a href=\"https:\/\/cafelapalma.com\/en\/programacion\/willie-deville-concierto-benefico-x-venezuela\/\" class=\"url\" rel=\"bookmark\" tabindex=\"-1\" aria-hidden=\"true\"><img loading=\"lazy\" decoding=\"async\" width=\"1020\" height=\"531\" src=\"https:\/\/cafelapalma.com\/wp-content\/uploads\/2026\/08\/Willie-deville-1100x572-1-1040x541.jpg\" class=\"attachment-large size-large wp-post-image\" alt=\"\" \/><\/a>\n<\/div>\n\t<div class=\"tribe-related-event-info\">\n\t<h3 class=\"tribe-related-events-title\">\n\t\t<a href=\"https:\/\/cafelapalma.com\/en\/programacion\/willie-deville-concierto-benefico-x-venezuela\/\" class=\"tribe-event-url\" rel=\"bookmark\">\n\t\t\tWILLIE DEVILLE: CONCIERTO BEN\u00c9FICO X VENEZUELA\t\t<\/a>\n\t<\/h3>\n\t<span class=\"tribe-event-date-start\">6  September@21:00<\/span><span class=\"tribe-event-time\">23:45<\/span><\/div>\n<\/li>\n\t\t\t<li>\n\t\n<div class=\"tribe-related-events-thumbnail\">\n\t<a href=\"https:\/\/cafelapalma.com\/en\/programacion\/new-boix\/\" class=\"url\" rel=\"bookmark\" tabindex=\"-1\" aria-hidden=\"true\"><img loading=\"lazy\" decoding=\"async\" width=\"694\" height=\"1040\" src=\"https:\/\/cafelapalma.com\/wp-content\/uploads\/2026\/05\/WhatsApp-Image-2026-04-29-at-12.00.28-694x1040.jpeg\" class=\"attachment-large size-large wp-post-image\" alt=\"\" \/><\/a>\n<\/div>\n\t<div class=\"tribe-related-event-info\">\n\t<h3 class=\"tribe-related-events-title\">\n\t\t<a href=\"https:\/\/cafelapalma.com\/en\/programacion\/new-boix\/\" class=\"tribe-event-url\" rel=\"bookmark\">\n\t\t\tNEW BOIX\t\t<\/a>\n\t<\/h3>\n\t<span class=\"tribe-event-date-start\">10  September@22:00<\/span><span class=\"tribe-event-time\">23:45<\/span><\/div>\n<\/li>\n\t\t\t<li>\n\t\n<div class=\"tribe-related-events-thumbnail\">\n\t<a href=\"https:\/\/cafelapalma.com\/en\/programacion\/zetaeme\/\" class=\"url\" rel=\"bookmark\" tabindex=\"-1\" aria-hidden=\"true\"><img loading=\"lazy\" decoding=\"async\" width=\"693\" height=\"1040\" src=\"https:\/\/cafelapalma.com\/wp-content\/uploads\/2026\/07\/5O3A7345-1-1-693x1040.jpg\" class=\"attachment-large size-large wp-post-image\" alt=\"\" \/><\/a>\n<\/div>\n\t<div class=\"tribe-related-event-info\">\n\t<h3 class=\"tribe-related-events-title\">\n\t\t<a href=\"https:\/\/cafelapalma.com\/en\/programacion\/zetaeme\/\" class=\"tribe-event-url\" rel=\"bookmark\">\n\t\t\tZETAEME\t\t<\/a>\n\t<\/h3>\n\t<span class=\"tribe-event-date-start\">10  September@23:55<\/span><\/div>\n<\/li>\n\t<\/ul>","protected":false},"excerpt":{"rendered":"<p>TANZEN es una fiesta cuyo principal objetivo es el baile y surge de la idea de AlesaDJ de crear un colectivo en el que participen Djs y productores nacionales de m\u00fasica electr\u00f3nica y darlos a conocer en las salas y clubes m\u00e1s importantes.\u00a0 Con varias fiestas a sus espaldas, la m\u00fasica electr\u00f3nica en sus m\u00faltiples &hellip; <\/p>","protected":false},"author":2,"featured_media":28583,"template":"","meta":{"_tec_requires_first_save":false,"_uag_custom_page_level_css":"","loftloader_page_shortcode":"","_EventAllDay":false,"_EventTimezone":"Europe\/Madrid","_EventStartDate":"2024-04-20 23:50:00","_EventEndDate":"2024-04-20 23:55:00","_EventStartDateUTC":"2024-04-20 21:50:00","_EventEndDateUTC":"2024-04-20 21:55:00","_EventShowMap":false,"_EventShowMapLink":false,"_EventURL":"https:\/\/www.passline.com\/eventos\/tanzen-special-bday","_EventCost":"9","_EventCostDescription":"","_EventCurrencySymbol":"\u20ac","_EventCurrencyCode":"","_EventCurrencyPosition":"suffix","_EventDateTimeSeparator":"@","_EventTimeRangeSeparator":"-","_EventOrganizerID":[],"_EventVenueID":[0],"_OrganizerEmail":"","_OrganizerPhone":"","_OrganizerWebsite":"","_VenueAddress":"","_VenueCity":"","_VenueCountry":"","_VenueProvince":"","_VenueState":"","_VenueZip":"","_VenuePhone":"","_VenueURL":"","_VenueStateProvince":"","_VenueLat":"","_VenueLng":"","_VenueShowMap":false,"_VenueShowMapLink":false,"_tribe_blocks_recurrence_rules":"","_tribe_blocks_recurrence_description":"","_tribe_blocks_recurrence_exclusions":"","_ecp_custom_2":"","_tribe_events_status":"","_tribe_events_status_reason":"","_tribe_events_is_hybrid":"","_tribe_events_is_virtual":"","_tribe_events_virtual_video_source":"","_tribe_events_virtual_embed_video":"","_tribe_events_virtual_linked_button_text":"","_tribe_events_virtual_linked_button":"","_tribe_events_virtual_show_embed_at":"","_tribe_events_virtual_show_embed_to":[],"_tribe_events_virtual_show_on_event":"","_tribe_events_virtual_show_on_views":"","_tribe_events_virtual_url":"","footnotes":""},"tags":[10473,10474,9323,13544,9674,10358,15512,1363,9225,15511,9546,9557,9226,9227,10544,9394,9317,1357,15515,9818,14570,13543,9309,13546,9549,13545,13541,15516,15513,13540,776,15514],"tribe_events_cat":[8964],"class_list":["post-28580","tribe_events","type-tribe_events","status-publish","has-post-thumbnail","hentry","tag-alesa-dj","tag-alesadj","tag-ambient","tag-autumn-comets","tag-breakbeat","tag-breaks","tag-buendia","tag-cafe-la-palma","tag-cafe-la-palma-clubbing","tag-carmen-buendia","tag-dark-disco","tag-deep-house","tag-djs-madrid","tag-djs-malasana","tag-dont-kill-my-vibes","tag-ebm","tag-electro","tag-electronica","tag-escuela-djp-music-school","tag-freedonia","tag-gleezy","tag-gonzalo-bautista","tag-house","tag-idm","tag-indie-dance","tag-nacho-urdiain","tag-ocktive","tag-pink-bingo","tag-sergione","tag-tanzen","tag-techno","tag-vermuttronic","tribe_events_cat-clubbing","cat_clubbing"],"uagb_featured_image_src":{"full":["https:\/\/cafelapalma.com\/wp-content\/uploads\/2024\/04\/TANZEN-FRONT-ULTRALIGHT.jpg",1000,1634,false],"thumbnail":["https:\/\/cafelapalma.com\/wp-content\/uploads\/2024\/04\/TANZEN-FRONT-ULTRALIGHT-150x150.jpg",150,150,true],"medium":["https:\/\/cafelapalma.com\/wp-content\/uploads\/2024\/04\/TANZEN-FRONT-ULTRALIGHT-184x300.jpg",184,300,true],"medium_large":["https:\/\/cafelapalma.com\/wp-content\/uploads\/2024\/04\/TANZEN-FRONT-ULTRALIGHT-768x1255.jpg",768,1255,true],"large":["https:\/\/cafelapalma.com\/wp-content\/uploads\/2024\/04\/TANZEN-FRONT-ULTRALIGHT-636x1040.jpg",636,1040,true],"1536x1536":["https:\/\/cafelapalma.com\/wp-content\/uploads\/2024\/04\/TANZEN-FRONT-ULTRALIGHT-940x1536.jpg",940,1536,true],"2048x2048":["https:\/\/cafelapalma.com\/wp-content\/uploads\/2024\/04\/TANZEN-FRONT-ULTRALIGHT.jpg",1000,1634,false],"trp-custom-language-flag":["https:\/\/cafelapalma.com\/wp-content\/uploads\/2024\/04\/TANZEN-FRONT-ULTRALIGHT.jpg",7,12,false],"blossom-feminine-slider":["https:\/\/cafelapalma.com\/wp-content\/uploads\/2024\/04\/TANZEN-FRONT-ULTRALIGHT-1000x649.jpg",1000,649,true],"blossom-feminine-featured":["https:\/\/cafelapalma.com\/wp-content\/uploads\/2024\/04\/TANZEN-FRONT-ULTRALIGHT-1000x600.jpg",1000,600,true],"blossom-feminine-with-sidebar":["https:\/\/cafelapalma.com\/wp-content\/uploads\/2024\/04\/TANZEN-FRONT-ULTRALIGHT-1000x600.jpg",1000,600,true],"blossom-feminine-blog":["https:\/\/cafelapalma.com\/wp-content\/uploads\/2024\/04\/TANZEN-FRONT-ULTRALIGHT-435x435.jpg",435,435,true],"blossom-feminine-cat":["https:\/\/cafelapalma.com\/wp-content\/uploads\/2024\/04\/TANZEN-FRONT-ULTRALIGHT-450x300.jpg",450,300,true],"blossom-feminine-related":["https:\/\/cafelapalma.com\/wp-content\/uploads\/2024\/04\/TANZEN-FRONT-ULTRALIGHT-320x200.jpg",320,200,true],"blossom-feminine-schema":["https:\/\/cafelapalma.com\/wp-content\/uploads\/2024\/04\/TANZEN-FRONT-ULTRALIGHT-37x60.jpg",37,60,true]},"uagb_author_info":{"display_name":"Victor","author_link":"https:\/\/cafelapalma.com\/en\/author\/comunicacion\/"},"uagb_comment_info":0,"uagb_excerpt":"TANZEN es una fiesta cuyo principal objetivo es el baile y surge de la idea de AlesaDJ de crear un colectivo en el que participen Djs y productores nacionales de m\u00fasica electr\u00f3nica y darlos a conocer en las salas y clubes m\u00e1s importantes.\u00a0 Con varias fiestas a sus espaldas, la m\u00fasica electr\u00f3nica en sus m\u00faltiples&hellip;","_links":{"self":[{"href":"https:\/\/cafelapalma.com\/en\/wp-json\/wp\/v2\/tribe_events\/28580","targetHints":{"allow":["GET"]}}],"collection":[{"href":"https:\/\/cafelapalma.com\/en\/wp-json\/wp\/v2\/tribe_events"}],"about":[{"href":"https:\/\/cafelapalma.com\/en\/wp-json\/wp\/v2\/types\/tribe_events"}],"author":[{"embeddable":true,"href":"https:\/\/cafelapalma.com\/en\/wp-json\/wp\/v2\/users\/2"}],"version-history":[{"count":0,"href":"https:\/\/cafelapalma.com\/en\/wp-json\/wp\/v2\/tribe_events\/28580\/revisions"}],"wp:featuredmedia":[{"embeddable":true,"href":"https:\/\/cafelapalma.com\/en\/wp-json\/wp\/v2\/media\/28583"}],"wp:attachment":[{"href":"https:\/\/cafelapalma.com\/en\/wp-json\/wp\/v2\/media?parent=28580"}],"wp:term":[{"taxonomy":"post_tag","embeddable":true,"href":"https:\/\/cafelapalma.com\/en\/wp-json\/wp\/v2\/tags?post=28580"},{"taxonomy":"tribe_events_cat","embeddable":true,"href":"https:\/\/cafelapalma.com\/en\/wp-json\/wp\/v2\/tribe_events_cat?post=28580"}],"curies":[{"name":"wp","href":"https:\/\/api.w.org\/{rel}","templated":true}]}}