{"id":28632,"date":"2024-04-10T13:16:47","date_gmt":"2024-04-10T11:16:47","guid":{"rendered":"https:\/\/cafelapalma.com\/?post_type=tribe_events&#038;p=28632"},"modified":"2024-04-10T16:48:34","modified_gmt":"2024-04-10T14:48:34","slug":"shhhound-isidro","status":"publish","type":"tribe_events","link":"https:\/\/cafelapalma.com\/en\/programacion\/shhhound-isidro\/","title":{"rendered":"SHHHOUND ISIDRO"},"content":{"rendered":"<div  class=\"tribe-events-schedule tribe-clearfix\" >\n\t<p class=\"tribe-events-schedule__datetime\">\n\t\t<span class=\"tribe-events-schedule__date tribe-events-schedule__date--start\">\n\t\t\t28  May  2024\t\t<\/span>\n\n\t\t\t\t\t<span class=\"tribe-events-schedule__separator tribe-events-schedule__separator--date\">\n\t\t\t\t@\t\t\t<\/span>\n\t\t\t<span class=\"tribe-events-schedule__time tribe-events-schedule__time--start\">\n\t\t\t\t21:00\t\t\t<\/span>\n\t\t\n\t\t\t\t\t\t\t\t\t<span class=\"tribe-events-schedule__separator tribe-events-schedule__separator--time\">\n\t\t\t\t\t&#8211;\t\t\t\t<\/span>\n\t\t\t\n\t\t\t\t\t\t\t<span class=\"tribe-events-schedule__time tribe-events-schedule__time--end\">\n\t\t\t\t\t23:00\t\t\t\t<\/span>\n\t\t\t\n\t\t\t\t\t\t<\/p>\n<\/div>\n\n\n<div  class=\"tribe-block tribe-block__event-price\" >\n\t\t\t<span class=\"tribe-block__event-price__cost\"> ENTRADAS AGOTADAS <\/span>\n\t\t\t\t<span class=\"tribe-block__event-price__description\">#soldout<\/span>\n\t<\/div>\n\n\n\n<div style=\"height:100px\" aria-hidden=\"true\" class=\"wp-block-spacer\"><\/div>\n\n\n\n<div class=\"wp-block-columns is-layout-flex wp-container-core-columns-is-layout-8f761849 wp-block-columns-is-layout-flex\">\n<div class=\"wp-block-column is-layout-flow wp-block-column-is-layout-flow\" style=\"flex-basis:33.33%\">\n<figure class=\"wp-block-image size-full\"><img loading=\"lazy\" decoding=\"async\" width=\"297\" height=\"420\" src=\"https:\/\/cafelapalma.com\/wp-content\/uploads\/2024\/04\/SHHHOUND-ISISDRO-A3.jpg\" alt=\"\" class=\"wp-image-28633\" srcset=\"https:\/\/cafelapalma.com\/wp-content\/uploads\/2024\/04\/SHHHOUND-ISISDRO-A3.jpg 297w, https:\/\/cafelapalma.com\/wp-content\/uploads\/2024\/04\/SHHHOUND-ISISDRO-A3-212x300.jpg 212w, https:\/\/cafelapalma.com\/wp-content\/uploads\/2024\/04\/SHHHOUND-ISISDRO-A3-42x60.jpg 42w\" sizes=\"auto, (max-width: 297px) 100vw, 297px\" \/><\/figure>\n<\/div>\n\n\n\n<div class=\"wp-block-column is-layout-flow wp-block-column-is-layout-flow\" style=\"flex-basis:66.66%\">\n<p class=\"has-text-align-left wp-block-paragraph\">Cuando all\u00e1 por 2014 arrancaba la primera edici\u00f3n de <strong>SOUND ISIDRO<\/strong>, pocos pod\u00edamos imaginar que, diez a\u00f1os despu\u00e9s, y echando la vista atr\u00e1s, encontr\u00e1semos en su historial semejante elenco de artistas que hoy son cabezas de cartel en otros festivales m\u00e1s grandes y seguramente m\u00e1s ambiciosos. <strong>SOUND ISIDRO<\/strong> se ha convertido, con el paso de los a\u00f1os, en ese festival que brinda esa necesaria primera oportunidad a esos artistas que luego marcar\u00e1n el sonido de una generaci\u00f3n.<\/p>\n\n\n\n<p class=\"has-text-align-left wp-block-paragraph\">Con motivo del d\u00e9cimo aniversario del festival, y con el apoyo de <strong>VIBRA MAHOU<\/strong>, har\u00e1n volver a algunas salas con capacidad para menos de 250 personas a artistas con est\u00e1ndares de convocatoria de miles de personas.<\/p>\n\n\n\n<p class=\"has-text-align-left wp-block-paragraph\">En total ser\u00e1n cinco conciertos de cinco artistas que actuar\u00e1n sin anunciarse previamente. En <strong>CAFE LA PALMA<\/strong> celebraremos uno de ellos, el 28 de mayo, y con una entrada que costar\u00e1 s\u00f3lo 8,50\u20ac e incluir\u00e1 una <strong>Mahou<\/strong>.<\/p>\n\n\n\n<p class=\"has-text-align-left wp-block-paragraph\">Estos cinco conciertos convertir\u00e1n a <strong>SOUND ISIDRO <\/strong>in <strong>SHHHOUND ISIDRO<\/strong>: un secreto del que querr\u00e1s formar parte. A quien te encuentres sobre el escenario, te aseguramos: no hay faroles, solo artistas ic\u00f3nicos.<\/p>\n\n\n\n<p class=\"has-text-align-left wp-block-paragraph\">Nos vemos el 28 de mayo &#x1f92b;<\/p>\n<\/div>\n<\/div>\n\n\n\n<div style=\"height:100px\" aria-hidden=\"true\" class=\"wp-block-spacer\"><\/div>\n\n\n\n<hr class=\"wp-block-separator has-alpha-channel-opacity\"\/>\n\n\n\n<div style=\"height:100px\" aria-hidden=\"true\" class=\"wp-block-spacer\"><\/div>\n\n\n<h2 class=\"tribe-block__related-events__title\">Related Events<\/h2>\n\n<ul  class=\"tribe-related-events tribe-clearfix\" >\n\t\t\t<li>\n\t\n<div class=\"tribe-related-events-thumbnail\">\n\t<a href=\"https:\/\/cafelapalma.com\/en\/programacion\/funkin-donuts\/\" class=\"url\" rel=\"bookmark\" tabindex=\"-1\" aria-hidden=\"true\"><img loading=\"lazy\" decoding=\"async\" width=\"693\" height=\"1040\" src=\"https:\/\/cafelapalma.com\/wp-content\/uploads\/2026\/07\/FD-vert2-bn-693x1040.jpg\" class=\"attachment-large size-large wp-post-image\" alt=\"\" \/><\/a>\n<\/div>\n\t<div class=\"tribe-related-event-info\">\n\t<h3 class=\"tribe-related-events-title\">\n\t\t<a href=\"https:\/\/cafelapalma.com\/en\/programacion\/funkin-donuts\/\" class=\"tribe-event-url\" rel=\"bookmark\">\n\t\t\tFUNKIN&#8217; DONUTS\t\t<\/a>\n\t<\/h3>\n\t<span class=\"tribe-event-date-start\">5  September@22:00<\/span><span class=\"tribe-event-time\">23:45<\/span><\/div>\n<\/li>\n\t\t\t<li>\n\t\n<div class=\"tribe-related-events-thumbnail\">\n\t<a href=\"https:\/\/cafelapalma.com\/en\/programacion\/backstage-le-petit-truffle-mayo\/\" class=\"url\" rel=\"bookmark\" tabindex=\"-1\" aria-hidden=\"true\"><img loading=\"lazy\" decoding=\"async\" width=\"780\" height=\"1040\" src=\"https:\/\/cafelapalma.com\/wp-content\/uploads\/2026\/07\/Imagen-TruffleMayo-LePetit-i-1-780x1040.png\" class=\"attachment-large size-large wp-post-image\" alt=\"\" \/><\/a>\n<\/div>\n\t<div class=\"tribe-related-event-info\">\n\t<h3 class=\"tribe-related-events-title\">\n\t\t<a href=\"https:\/\/cafelapalma.com\/en\/programacion\/backstage-le-petit-truffle-mayo\/\" class=\"tribe-event-url\" rel=\"bookmark\">\n\t\t\tBACKSTAGE: LE PETIT + TRUFFLE MAYO\t\t<\/a>\n\t<\/h3>\n\t<span class=\"tribe-event-date-start\">5  September@23:55<\/span><\/div>\n<\/li>\n\t\t\t<li>\n\t\n<div class=\"tribe-related-events-thumbnail\">\n\t<a href=\"https:\/\/cafelapalma.com\/en\/programacion\/willie-deville-concierto-benefico-x-venezuela\/\" class=\"url\" rel=\"bookmark\" tabindex=\"-1\" aria-hidden=\"true\"><img loading=\"lazy\" decoding=\"async\" width=\"1020\" height=\"531\" src=\"https:\/\/cafelapalma.com\/wp-content\/uploads\/2026\/08\/Willie-deville-1100x572-1-1040x541.jpg\" class=\"attachment-large size-large wp-post-image\" alt=\"\" \/><\/a>\n<\/div>\n\t<div class=\"tribe-related-event-info\">\n\t<h3 class=\"tribe-related-events-title\">\n\t\t<a href=\"https:\/\/cafelapalma.com\/en\/programacion\/willie-deville-concierto-benefico-x-venezuela\/\" class=\"tribe-event-url\" rel=\"bookmark\">\n\t\t\tWILLIE DEVILLE: CONCIERTO BEN\u00c9FICO X VENEZUELA\t\t<\/a>\n\t<\/h3>\n\t<span class=\"tribe-event-date-start\">6  September@21:00<\/span><span class=\"tribe-event-time\">23:45<\/span><\/div>\n<\/li>\n\t<\/ul>","protected":false},"excerpt":{"rendered":"<p>Cuando all\u00e1 por 2014 arrancaba la primera edici\u00f3n de SOUND ISIDRO, pocos pod\u00edamos imaginar que, diez a\u00f1os despu\u00e9s, y echando la vista atr\u00e1s, encontr\u00e1semos en su historial semejante elenco de artistas que hoy son cabezas de cartel en otros festivales m\u00e1s grandes y seguramente m\u00e1s ambiciosos. SOUND ISIDRO se ha convertido, con el paso de &hellip; <\/p>","protected":false},"author":2,"featured_media":28634,"template":"","meta":{"_tec_requires_first_save":false,"_uag_custom_page_level_css":"","loftloader_page_shortcode":"","_EventAllDay":false,"_EventTimezone":"Europe\/Madrid","_EventStartDate":"2024-05-28 21:00:00","_EventEndDate":"2024-05-28 23:00:00","_EventStartDateUTC":"2024-05-28 19:00:00","_EventEndDateUTC":"2024-05-28 21:00:00","_EventShowMap":false,"_EventShowMapLink":false,"_EventURL":"https:\/\/dice.fm\/partner\/dice\/event\/dyrmv-shhhound-isidro-x-5-28th-may-caf-la-palma-madrid-tickets?dice_id=2821647&dice_channel=web&dice_tags=organic&dice_campaign=DICE&dice_feature=mio_marketing&_branch_match_id=1176888606898373702&_branch_referrer=H4sIAAAAAAAAA8soKSkottLXz8nMy9ZLyUxO1UvL1fc2NTEzN0szs0g0NwMASHpCEAAAA","_EventCost":"ENTRADAS AGOTADAS","_EventCostDescription":"","_EventCurrencySymbol":"\u20ac","_EventCurrencyCode":"USD","_EventCurrencyPosition":"suffix","_EventDateTimeSeparator":"@","_EventTimeRangeSeparator":"-","_EventOrganizerID":[],"_EventVenueID":[],"_OrganizerEmail":"","_OrganizerPhone":"","_OrganizerWebsite":"","_VenueAddress":"","_VenueCity":"","_VenueCountry":"","_VenueProvince":"","_VenueState":"","_VenueZip":"","_VenuePhone":"","_VenueURL":"","_VenueStateProvince":"","_VenueLat":"","_VenueLng":"","_VenueShowMap":false,"_VenueShowMapLink":false,"_tribe_blocks_recurrence_rules":"","_tribe_blocks_recurrence_description":"","_tribe_blocks_recurrence_exclusions":"","_ecp_custom_2":"","_tribe_events_status":"","_tribe_events_status_reason":"","_tribe_events_is_hybrid":"","_tribe_events_is_virtual":"","_tribe_events_virtual_video_source":"","_tribe_events_virtual_embed_video":"","_tribe_events_virtual_linked_button_text":"","_tribe_events_virtual_linked_button":"","_tribe_events_virtual_show_embed_at":"","_tribe_events_virtual_show_embed_to":[],"_tribe_events_virtual_show_on_event":"","_tribe_events_virtual_show_on_views":"","_tribe_events_virtual_url":"","footnotes":""},"tags":[11175,15547,1363,8869,2865,9147,9146,11172,15546,9300,9194],"tribe_events_cat":[8963],"class_list":["post-28632","tribe_events","type-tribe_events","status-publish","has-post-thumbnail","hentry","tag-alan-queipo","tag-baiuca","tag-cafe-la-palma","tag-cafe-la-palma-2","tag-conciertos-cafe-la-palma","tag-conciertos-madrid","tag-conciertos-malasana","tag-javi-ferrara","tag-shhhound-isidro","tag-sound-isidro","tag-vibra-mahou","tribe_events_cat-concierto","cat_concierto"],"uagb_featured_image_src":{"full":["https:\/\/cafelapalma.com\/wp-content\/uploads\/2024\/04\/SHOUNDISISDRO-FRONT-scaled.jpg",1682,3000,false],"thumbnail":["https:\/\/cafelapalma.com\/wp-content\/uploads\/2024\/04\/SHOUNDISISDRO-FRONT-150x150.jpg",150,150,true],"medium":["https:\/\/cafelapalma.com\/wp-content\/uploads\/2024\/04\/SHOUNDISISDRO-FRONT-168x300.jpg",168,300,true],"medium_large":["https:\/\/cafelapalma.com\/wp-content\/uploads\/2024\/04\/SHOUNDISISDRO-FRONT-768x1370.jpg",768,1370,true],"large":["https:\/\/cafelapalma.com\/wp-content\/uploads\/2024\/04\/SHOUNDISISDRO-FRONT-583x1040.jpg",583,1040,true],"1536x1536":["https:\/\/cafelapalma.com\/wp-content\/uploads\/2024\/04\/SHOUNDISISDRO-FRONT-861x1536.jpg",861,1536,true],"2048x2048":["https:\/\/cafelapalma.com\/wp-content\/uploads\/2024\/04\/SHOUNDISISDRO-FRONT-1148x2048.jpg",1148,2048,true],"trp-custom-language-flag":["https:\/\/cafelapalma.com\/wp-content\/uploads\/2024\/04\/SHOUNDISISDRO-FRONT-scaled.jpg",7,12,false],"blossom-feminine-slider":["https:\/\/cafelapalma.com\/wp-content\/uploads\/2024\/04\/SHOUNDISISDRO-FRONT-1920x649.jpg",1920,649,true],"blossom-feminine-featured":["https:\/\/cafelapalma.com\/wp-content\/uploads\/2024\/04\/SHOUNDISISDRO-FRONT-1410x600.jpg",1410,600,true],"blossom-feminine-with-sidebar":["https:\/\/cafelapalma.com\/wp-content\/uploads\/2024\/04\/SHOUNDISISDRO-FRONT-1020x600.jpg",1020,600,true],"blossom-feminine-blog":["https:\/\/cafelapalma.com\/wp-content\/uploads\/2024\/04\/SHOUNDISISDRO-FRONT-435x435.jpg",435,435,true],"blossom-feminine-cat":["https:\/\/cafelapalma.com\/wp-content\/uploads\/2024\/04\/SHOUNDISISDRO-FRONT-450x300.jpg",450,300,true],"blossom-feminine-related":["https:\/\/cafelapalma.com\/wp-content\/uploads\/2024\/04\/SHOUNDISISDRO-FRONT-320x200.jpg",320,200,true],"blossom-feminine-schema":["https:\/\/cafelapalma.com\/wp-content\/uploads\/2024\/04\/SHOUNDISISDRO-FRONT-34x60.jpg",34,60,true]},"uagb_author_info":{"display_name":"Victor","author_link":"https:\/\/cafelapalma.com\/en\/author\/comunicacion\/"},"uagb_comment_info":0,"uagb_excerpt":"Cuando all\u00e1 por 2014 arrancaba la primera edici\u00f3n de SOUND ISIDRO, pocos pod\u00edamos imaginar que, diez a\u00f1os despu\u00e9s, y echando la vista atr\u00e1s, encontr\u00e1semos en su historial semejante elenco de artistas que hoy son cabezas de cartel en otros festivales m\u00e1s grandes y seguramente m\u00e1s ambiciosos. SOUND ISIDRO se ha convertido, con el paso de&hellip;","_links":{"self":[{"href":"https:\/\/cafelapalma.com\/en\/wp-json\/wp\/v2\/tribe_events\/28632","targetHints":{"allow":["GET"]}}],"collection":[{"href":"https:\/\/cafelapalma.com\/en\/wp-json\/wp\/v2\/tribe_events"}],"about":[{"href":"https:\/\/cafelapalma.com\/en\/wp-json\/wp\/v2\/types\/tribe_events"}],"author":[{"embeddable":true,"href":"https:\/\/cafelapalma.com\/en\/wp-json\/wp\/v2\/users\/2"}],"version-history":[{"count":0,"href":"https:\/\/cafelapalma.com\/en\/wp-json\/wp\/v2\/tribe_events\/28632\/revisions"}],"wp:featuredmedia":[{"embeddable":true,"href":"https:\/\/cafelapalma.com\/en\/wp-json\/wp\/v2\/media\/28634"}],"wp:attachment":[{"href":"https:\/\/cafelapalma.com\/en\/wp-json\/wp\/v2\/media?parent=28632"}],"wp:term":[{"taxonomy":"post_tag","embeddable":true,"href":"https:\/\/cafelapalma.com\/en\/wp-json\/wp\/v2\/tags?post=28632"},{"taxonomy":"tribe_events_cat","embeddable":true,"href":"https:\/\/cafelapalma.com\/en\/wp-json\/wp\/v2\/tribe_events_cat?post=28632"}],"curies":[{"name":"wp","href":"https:\/\/api.w.org\/{rel}","templated":true}]}}