{"id":28664,"date":"2024-04-16T14:54:24","date_gmt":"2024-04-16T12:54:24","guid":{"rendered":"https:\/\/cafelapalma.com\/?post_type=tribe_events&#038;p=28664"},"modified":"2024-05-07T13:13:37","modified_gmt":"2024-05-07T11:13:37","slug":"idolos-del-parque-volavent","status":"publish","type":"tribe_events","link":"https:\/\/cafelapalma.com\/en\/programacion\/idolos-del-parque-volavent\/","title":{"rendered":"SONIDO MADRID EN VIVO 24: \u00cdDOLOS DEL PARQUE + VOLAVENT"},"content":{"rendered":"<div  class=\"tribe-events-schedule tribe-clearfix\" >\n\t<p class=\"tribe-events-schedule__datetime\">\n\t\t<span class=\"tribe-events-schedule__date tribe-events-schedule__date--start\">\n\t\t\t24  May  2024\t\t<\/span>\n\n\t\t\t\t\t<span class=\"tribe-events-schedule__separator tribe-events-schedule__separator--date\">\n\t\t\t\t@\t\t\t<\/span>\n\t\t\t<span class=\"tribe-events-schedule__time tribe-events-schedule__time--start\">\n\t\t\t\t21:30\t\t\t<\/span>\n\t\t\n\t\t\t\t\t\t\t\t\t<span class=\"tribe-events-schedule__separator tribe-events-schedule__separator--time\">\n\t\t\t\t\t&#8211;\t\t\t\t<\/span>\n\t\t\t\n\t\t\t\t\t\t\t<span class=\"tribe-events-schedule__time tribe-events-schedule__time--end\">\n\t\t\t\t\t23:45\t\t\t\t<\/span>\n\t\t\t\n\t\t\t\t\t\t<\/p>\n<\/div>\n\n\n<div  class=\"tribe-block tribe-block__event-price\" >\n\t\t\t<span class=\"tribe-block__event-price__cost\"> 10\u20ac <\/span>\n\t\t\t\t<span class=\"tribe-block__event-price__description\">+ gg Anticipada | 12\u20ac Taquilla<\/span>\n\t<\/div>\n\n\n\n<div style=\"height:100px\" aria-hidden=\"true\" class=\"wp-block-spacer\"><\/div>\n\n\n\n<div class=\"wp-block-columns is-layout-flex wp-container-core-columns-is-layout-8f761849 wp-block-columns-is-layout-flex\">\n<div class=\"wp-block-column is-layout-flow wp-block-column-is-layout-flow\" style=\"flex-basis:33.33%\">\n<figure class=\"wp-block-image size-full\"><img loading=\"lazy\" decoding=\"async\" width=\"297\" height=\"420\" src=\"https:\/\/cafelapalma.com\/wp-content\/uploads\/2024\/05\/SONIDO-MADRID-A3-LOW.jpg\" alt=\"\" class=\"wp-image-28828\" srcset=\"https:\/\/cafelapalma.com\/wp-content\/uploads\/2024\/05\/SONIDO-MADRID-A3-LOW.jpg 297w, https:\/\/cafelapalma.com\/wp-content\/uploads\/2024\/05\/SONIDO-MADRID-A3-LOW-212x300.jpg 212w, https:\/\/cafelapalma.com\/wp-content\/uploads\/2024\/05\/SONIDO-MADRID-A3-LOW-42x60.jpg 42w\" sizes=\"auto, (max-width: 297px) 100vw, 297px\" \/><\/figure>\n\n\n<div  class=\"tribe-block tribe-block__event-website\" >\n\t<a\n\t\thref=\"https:\/\/www.passline.com\/eventos\/idolos-del-parque-volavent\"\n\t\ttarget=\"_self\"\n\t\t\t>\n\t\tBUY TICKETS\t<\/a>\n<\/div>\n<\/div>\n\n\n\n<div class=\"wp-block-column is-layout-flow wp-block-column-is-layout-flow\" style=\"flex-basis:66.66%\">\n<p class=\"wp-block-paragraph\"><\/p>\n\n\n\n<p class=\"has-text-align-left wp-block-paragraph\"><strong>\u00cdDOLOS DEL PARQUE<\/strong> es una banda de pop con claras influencias del rock, nacida en <strong>Madrid <\/strong>en el verano del 2021 y lanzada en enero del 2023 tras dos a\u00f1os de extenso trabajo de composici\u00f3n, b\u00fasqueda de la imagen potente y un sonido caracter\u00edstico. La banda est\u00e1 formada por <strong>Sergio G\u00f3mez<\/strong> (voz), <strong>Miki Rodr\u00edguez<\/strong> (bajo y voz), <strong>Chamo <\/strong>(guitarra) y <strong>Carlos L\u00f3pez<\/strong> (bater\u00eda).<\/p>\n\n\n\n<p class=\"has-text-align-left wp-block-paragraph\">El conjunto madrile\u00f1o lanz\u00f3 su primer EP <strong><em>\u00abMundos\u00bb<\/em><\/strong> en abril del 2024 y con \u00e9l su carta de presentaci\u00f3n para todo el mundo. Un EP fresco, nacido de las primeras canciones de una banda que se caracteriza por la frescura, dinamismo en sus directos y una apuesta segura para cantar y bailar escuchando sus temas.<\/p>\n\n\n\n<p class=\"has-text-align-right wp-block-paragraph\"><em><a href=\"https:\/\/open.spotify.com\/intl-es\/artist\/2UArUaAj3IDGksChOYRAlt?si=64rQKFHGRYy2PzE0nJbyjw\">Listen to <\/a><\/em><strong><a href=\"https:\/\/open.spotify.com\/intl-es\/artist\/2UArUaAj3IDGksChOYRAlt?si=64rQKFHGRYy2PzE0nJbyjw\">\u00cdDOLOS DEL PARQUE<\/a><\/strong><em><a href=\"https:\/\/open.spotify.com\/intl-es\/artist\/2UArUaAj3IDGksChOYRAlt?si=64rQKFHGRYy2PzE0nJbyjw\"> in <\/a><\/em><strong><a href=\"https:\/\/open.spotify.com\/intl-es\/artist\/2UArUaAj3IDGksChOYRAlt?si=64rQKFHGRYy2PzE0nJbyjw\">Spotify<\/a><\/strong><\/p>\n\n\n\n<p class=\"has-text-align-left wp-block-paragraph\"><strong>VOLAVENT <\/strong>nace en 2019 con la idea clara de crear un grupo de m\u00fasica dentro del panorama Indie en <strong>Valencia<\/strong>. Con el foco puesto en 2024, <strong>Volavent <\/strong>ha preparado una nueva gira con el fin de presentar al p\u00fablico su segundo \u00e1lbum, <em><strong>\u201cNuestra Realidad<\/strong><\/em>\u201d, que vio la luz el pasado marzo y en el que se plasma una madurez compositiva y una b\u00fasqueda de nuevos sonidos, desde el pop rock hasta el funk m\u00e1s bailable.<\/p>\n\n\n\n<p class=\"has-text-align-right wp-block-paragraph\"><em><a href=\"https:\/\/open.spotify.com\/intl-es\/artist\/6Mh7nmPPk64ydB0liVmXRb?si=YoqpyEudQNO7M94mvrO3FQ\">Listen to <\/a><\/em><strong><a href=\"https:\/\/open.spotify.com\/intl-es\/artist\/6Mh7nmPPk64ydB0liVmXRb?si=YoqpyEudQNO7M94mvrO3FQ\">VOLAVENT <\/a><\/strong><em><a href=\"https:\/\/open.spotify.com\/intl-es\/artist\/6Mh7nmPPk64ydB0liVmXRb?si=YoqpyEudQNO7M94mvrO3FQ\">in <\/a><\/em><strong><a href=\"https:\/\/open.spotify.com\/intl-es\/artist\/6Mh7nmPPk64ydB0liVmXRb?si=YoqpyEudQNO7M94mvrO3FQ\">Spotify<\/a><\/strong><\/p>\n\n\n\n<div style=\"height:100px\" aria-hidden=\"true\" class=\"wp-block-spacer\"><\/div>\n\n\n\n<p class=\"has-text-align-center wp-block-paragraph\"><em>Este concierto forma parte del ciclo <\/em><strong>SONIDO MADRID EN VIVO 24<\/strong><em>, organizado por <\/em><strong>MADRID EN VIVO<\/strong><em> en colaboraci\u00f3n con <\/em><strong>MAHOU CINCO ESTRELLAS<\/strong><\/p>\n<\/div>\n<\/div>\n\n\n\n<div style=\"height:100px\" aria-hidden=\"true\" class=\"wp-block-spacer\"><\/div>\n\n\n\n<hr class=\"wp-block-separator has-alpha-channel-opacity\"\/>\n\n\n\n<div style=\"height:100px\" aria-hidden=\"true\" class=\"wp-block-spacer\"><\/div>\n\n\n<h2 class=\"tribe-block__related-events__title\">Related Events<\/h2>\n\n<ul  class=\"tribe-related-events tribe-clearfix\" >\n\t\t\t<li>\n\t\n<div class=\"tribe-related-events-thumbnail\">\n\t<a href=\"https:\/\/cafelapalma.com\/en\/programacion\/funkin-donuts\/\" class=\"url\" rel=\"bookmark\" tabindex=\"-1\" aria-hidden=\"true\"><img loading=\"lazy\" decoding=\"async\" width=\"693\" height=\"1040\" src=\"https:\/\/cafelapalma.com\/wp-content\/uploads\/2026\/07\/FD-vert2-bn-693x1040.jpg\" class=\"attachment-large size-large wp-post-image\" alt=\"\" \/><\/a>\n<\/div>\n\t<div class=\"tribe-related-event-info\">\n\t<h3 class=\"tribe-related-events-title\">\n\t\t<a href=\"https:\/\/cafelapalma.com\/en\/programacion\/funkin-donuts\/\" class=\"tribe-event-url\" rel=\"bookmark\">\n\t\t\tFUNKIN&#8217; DONUTS\t\t<\/a>\n\t<\/h3>\n\t<span class=\"tribe-event-date-start\">5  September@22:00<\/span><span class=\"tribe-event-time\">23:45<\/span><\/div>\n<\/li>\n\t\t\t<li>\n\t\n<div class=\"tribe-related-events-thumbnail\">\n\t<a href=\"https:\/\/cafelapalma.com\/en\/programacion\/backstage-le-petit-truffle-mayo\/\" class=\"url\" rel=\"bookmark\" tabindex=\"-1\" aria-hidden=\"true\"><img loading=\"lazy\" decoding=\"async\" width=\"780\" height=\"1040\" src=\"https:\/\/cafelapalma.com\/wp-content\/uploads\/2026\/07\/Imagen-TruffleMayo-LePetit-i-1-780x1040.png\" class=\"attachment-large size-large wp-post-image\" alt=\"\" \/><\/a>\n<\/div>\n\t<div class=\"tribe-related-event-info\">\n\t<h3 class=\"tribe-related-events-title\">\n\t\t<a href=\"https:\/\/cafelapalma.com\/en\/programacion\/backstage-le-petit-truffle-mayo\/\" class=\"tribe-event-url\" rel=\"bookmark\">\n\t\t\tBACKSTAGE: LE PETIT + TRUFFLE MAYO\t\t<\/a>\n\t<\/h3>\n\t<span class=\"tribe-event-date-start\">5  September@23:55<\/span><\/div>\n<\/li>\n\t\t\t<li>\n\t\n<div class=\"tribe-related-events-thumbnail\">\n\t<a href=\"https:\/\/cafelapalma.com\/en\/programacion\/willie-deville-concierto-benefico-x-venezuela\/\" class=\"url\" rel=\"bookmark\" tabindex=\"-1\" aria-hidden=\"true\"><img loading=\"lazy\" decoding=\"async\" width=\"1020\" height=\"531\" src=\"https:\/\/cafelapalma.com\/wp-content\/uploads\/2026\/08\/Willie-deville-1100x572-1-1040x541.jpg\" class=\"attachment-large size-large wp-post-image\" alt=\"\" \/><\/a>\n<\/div>\n\t<div class=\"tribe-related-event-info\">\n\t<h3 class=\"tribe-related-events-title\">\n\t\t<a href=\"https:\/\/cafelapalma.com\/en\/programacion\/willie-deville-concierto-benefico-x-venezuela\/\" class=\"tribe-event-url\" rel=\"bookmark\">\n\t\t\tWILLIE DEVILLE: CONCIERTO BEN\u00c9FICO X VENEZUELA\t\t<\/a>\n\t<\/h3>\n\t<span class=\"tribe-event-date-start\">6  September@21:00<\/span><span class=\"tribe-event-time\">23:45<\/span><\/div>\n<\/li>\n\t<\/ul>","protected":false},"excerpt":{"rendered":"<p>\u00cdDOLOS DEL PARQUE es una banda de pop con claras influencias del rock, nacida en Madrid en el verano del 2021 y lanzada en enero del 2023 tras dos a\u00f1os de extenso trabajo de composici\u00f3n, b\u00fasqueda de la imagen potente y un sonido caracter\u00edstico. La banda est\u00e1 formada por Sergio G\u00f3mez (voz), Miki Rodr\u00edguez (bajo &hellip; <\/p>","protected":false},"author":2,"featured_media":28666,"template":"","meta":{"_tec_requires_first_save":false,"_uag_custom_page_level_css":"","loftloader_page_shortcode":"","_EventAllDay":false,"_EventTimezone":"Europe\/Madrid","_EventStartDate":"2024-05-24 21:30:00","_EventEndDate":"2024-05-24 23:45:00","_EventStartDateUTC":"2024-05-24 19:30:00","_EventEndDateUTC":"2024-05-24 21:45:00","_EventShowMap":false,"_EventShowMapLink":false,"_EventURL":"https:\/\/www.passline.com\/eventos\/idolos-del-parque-volavent","_EventCost":"10","_EventCostDescription":"","_EventCurrencySymbol":"\u20ac","_EventCurrencyCode":"USD","_EventCurrencyPosition":"suffix","_EventDateTimeSeparator":"@","_EventTimeRangeSeparator":"-","_EventOrganizerID":[],"_EventVenueID":[],"_OrganizerEmail":"","_OrganizerPhone":"","_OrganizerWebsite":"","_VenueAddress":"","_VenueCity":"","_VenueCountry":"","_VenueProvince":"","_VenueState":"","_VenueZip":"","_VenuePhone":"","_VenueURL":"","_VenueStateProvince":"","_VenueLat":"","_VenueLng":"","_VenueShowMap":false,"_VenueShowMapLink":false,"_tribe_blocks_recurrence_rules":"","_tribe_blocks_recurrence_description":"","_tribe_blocks_recurrence_exclusions":"","_ecp_custom_2":"","_tribe_events_status":"","_tribe_events_status_reason":"","_tribe_events_is_hybrid":"","_tribe_events_is_virtual":"","_tribe_events_virtual_video_source":"","_tribe_events_virtual_embed_video":"","_tribe_events_virtual_linked_button_text":"","_tribe_events_virtual_linked_button":"","_tribe_events_virtual_show_embed_at":"","_tribe_events_virtual_show_embed_to":[],"_tribe_events_virtual_show_on_event":"","_tribe_events_virtual_show_on_views":"","_tribe_events_virtual_url":"","footnotes":""},"tags":[15580,1363,8869,15585,15584,2865,9147,9146,15576,8970,9224,15578,15581,12369,12598,12599,15579,15583,15586,15587,1355,15582,12608,9194,15577],"tribe_events_cat":[8963],"class_list":["post-28664","tribe_events","type-tribe_events","status-publish","has-post-thumbnail","hentry","tag-besayuname","tag-cafe-la-palma","tag-cafe-la-palma-2","tag-carlos-lopez","tag-chamo","tag-conciertos-cafe-la-palma","tag-conciertos-madrid","tag-conciertos-malasana","tag-idolos-del-parque","tag-indie","tag-la-noche-en-vivo","tag-lanzate","tag-lisboa","tag-madrid-en-vivo","tag-mahou","tag-mahou-cinco-estrellas","tag-mi-ultima-cancion","tag-miki-rodriguez","tag-mundos","tag-nuestra-realidad","tag-pop","tag-sergio-gomez","tag-sonido-madrid-en-vivo","tag-vibra-mahou","tag-volavent","tribe_events_cat-concierto","cat_concierto"],"uagb_featured_image_src":{"full":["https:\/\/cafelapalma.com\/wp-content\/uploads\/2024\/04\/IDOLOS-DEL-PARQUE-LOWPIC-scaled.jpg",1869,3000,false],"thumbnail":["https:\/\/cafelapalma.com\/wp-content\/uploads\/2024\/04\/IDOLOS-DEL-PARQUE-LOWPIC-150x150.jpg",150,150,true],"medium":["https:\/\/cafelapalma.com\/wp-content\/uploads\/2024\/04\/IDOLOS-DEL-PARQUE-LOWPIC-187x300.jpg",187,300,true],"medium_large":["https:\/\/cafelapalma.com\/wp-content\/uploads\/2024\/04\/IDOLOS-DEL-PARQUE-LOWPIC-768x1233.jpg",768,1233,true],"large":["https:\/\/cafelapalma.com\/wp-content\/uploads\/2024\/04\/IDOLOS-DEL-PARQUE-LOWPIC-648x1040.jpg",648,1040,true],"1536x1536":["https:\/\/cafelapalma.com\/wp-content\/uploads\/2024\/04\/IDOLOS-DEL-PARQUE-LOWPIC-957x1536.jpg",957,1536,true],"2048x2048":["https:\/\/cafelapalma.com\/wp-content\/uploads\/2024\/04\/IDOLOS-DEL-PARQUE-LOWPIC-1276x2048.jpg",1276,2048,true],"trp-custom-language-flag":["https:\/\/cafelapalma.com\/wp-content\/uploads\/2024\/04\/IDOLOS-DEL-PARQUE-LOWPIC-scaled.jpg",7,12,false],"blossom-feminine-slider":["https:\/\/cafelapalma.com\/wp-content\/uploads\/2024\/04\/IDOLOS-DEL-PARQUE-LOWPIC-1920x649.jpg",1920,649,true],"blossom-feminine-featured":["https:\/\/cafelapalma.com\/wp-content\/uploads\/2024\/04\/IDOLOS-DEL-PARQUE-LOWPIC-1410x600.jpg",1410,600,true],"blossom-feminine-with-sidebar":["https:\/\/cafelapalma.com\/wp-content\/uploads\/2024\/04\/IDOLOS-DEL-PARQUE-LOWPIC-1020x600.jpg",1020,600,true],"blossom-feminine-blog":["https:\/\/cafelapalma.com\/wp-content\/uploads\/2024\/04\/IDOLOS-DEL-PARQUE-LOWPIC-435x435.jpg",435,435,true],"blossom-feminine-cat":["https:\/\/cafelapalma.com\/wp-content\/uploads\/2024\/04\/IDOLOS-DEL-PARQUE-LOWPIC-450x300.jpg",450,300,true],"blossom-feminine-related":["https:\/\/cafelapalma.com\/wp-content\/uploads\/2024\/04\/IDOLOS-DEL-PARQUE-LOWPIC-320x200.jpg",320,200,true],"blossom-feminine-schema":["https:\/\/cafelapalma.com\/wp-content\/uploads\/2024\/04\/IDOLOS-DEL-PARQUE-LOWPIC-37x60.jpg",37,60,true]},"uagb_author_info":{"display_name":"Victor","author_link":"https:\/\/cafelapalma.com\/en\/author\/comunicacion\/"},"uagb_comment_info":0,"uagb_excerpt":"\u00cdDOLOS DEL PARQUE es una banda de pop con claras influencias del rock, nacida en Madrid en el verano del 2021 y lanzada en enero del 2023 tras dos a\u00f1os de extenso trabajo de composici\u00f3n, b\u00fasqueda de la imagen potente y un sonido caracter\u00edstico. La banda est\u00e1 formada por Sergio G\u00f3mez (voz), Miki Rodr\u00edguez (bajo&hellip;","_links":{"self":[{"href":"https:\/\/cafelapalma.com\/en\/wp-json\/wp\/v2\/tribe_events\/28664","targetHints":{"allow":["GET"]}}],"collection":[{"href":"https:\/\/cafelapalma.com\/en\/wp-json\/wp\/v2\/tribe_events"}],"about":[{"href":"https:\/\/cafelapalma.com\/en\/wp-json\/wp\/v2\/types\/tribe_events"}],"author":[{"embeddable":true,"href":"https:\/\/cafelapalma.com\/en\/wp-json\/wp\/v2\/users\/2"}],"version-history":[{"count":0,"href":"https:\/\/cafelapalma.com\/en\/wp-json\/wp\/v2\/tribe_events\/28664\/revisions"}],"wp:featuredmedia":[{"embeddable":true,"href":"https:\/\/cafelapalma.com\/en\/wp-json\/wp\/v2\/media\/28666"}],"wp:attachment":[{"href":"https:\/\/cafelapalma.com\/en\/wp-json\/wp\/v2\/media?parent=28664"}],"wp:term":[{"taxonomy":"post_tag","embeddable":true,"href":"https:\/\/cafelapalma.com\/en\/wp-json\/wp\/v2\/tags?post=28664"},{"taxonomy":"tribe_events_cat","embeddable":true,"href":"https:\/\/cafelapalma.com\/en\/wp-json\/wp\/v2\/tribe_events_cat?post=28664"}],"curies":[{"name":"wp","href":"https:\/\/api.w.org\/{rel}","templated":true}]}}