{"id":28698,"date":"2024-04-20T18:36:45","date_gmt":"2024-04-20T16:36:45","guid":{"rendered":"https:\/\/cafelapalma.com\/?post_type=tribe_events&#038;p=28698"},"modified":"2024-04-20T18:36:46","modified_gmt":"2024-04-20T16:36:46","slug":"santiago-isla-presenta-brutalismo","status":"publish","type":"tribe_events","link":"https:\/\/cafelapalma.com\/en\/programacion\/santiago-isla-presenta-brutalismo\/","title":{"rendered":"SANTIAGO ISLA"},"content":{"rendered":"<div  class=\"tribe-events-schedule tribe-clearfix\" >\n\t<p class=\"tribe-events-schedule__datetime\">\n\t\t<span class=\"tribe-events-schedule__date tribe-events-schedule__date--start\">\n\t\t\t13  June  2024\t\t<\/span>\n\n\t\t\t\t\t<span class=\"tribe-events-schedule__separator tribe-events-schedule__separator--date\">\n\t\t\t\t@\t\t\t<\/span>\n\t\t\t<span class=\"tribe-events-schedule__time tribe-events-schedule__time--start\">\n\t\t\t\t22:00\t\t\t<\/span>\n\t\t\n\t\t\t\t\t\t\t\t\t<span class=\"tribe-events-schedule__separator tribe-events-schedule__separator--time\">\n\t\t\t\t\t&#8211;\t\t\t\t<\/span>\n\t\t\t\n\t\t\t\t\t\t\t<span class=\"tribe-events-schedule__time tribe-events-schedule__time--end\">\n\t\t\t\t\t23:30\t\t\t\t<\/span>\n\t\t\t\n\t\t\t\t\t\t<\/p>\n<\/div>\n\n\n<div  class=\"tribe-block tribe-block__event-price\" >\n\t\t\t<span class=\"tribe-block__event-price__cost\"> 18\u20ac <\/span>\n\t\t\t\t<span class=\"tribe-block__event-price__description\">+ gg Anticipada | 20\u20ac Taquilla<\/span>\n\t<\/div>\n\n\n\n<div style=\"height:100px\" aria-hidden=\"true\" class=\"wp-block-spacer\"><\/div>\n\n\n\n<div class=\"wp-block-columns is-layout-flex wp-container-core-columns-is-layout-8f761849 wp-block-columns-is-layout-flex\">\n<div class=\"wp-block-column is-layout-flow wp-block-column-is-layout-flow\" style=\"flex-basis:33.33%\">\n<figure class=\"wp-block-image size-large\"><img loading=\"lazy\" decoding=\"async\" width=\"735\" height=\"1040\" src=\"https:\/\/cafelapalma.com\/wp-content\/uploads\/2024\/04\/BRUTALISMO-A3-LOW-735x1040.jpg\" alt=\"\" class=\"wp-image-28699\" srcset=\"https:\/\/cafelapalma.com\/wp-content\/uploads\/2024\/04\/BRUTALISMO-A3-LOW-735x1040.jpg 735w, https:\/\/cafelapalma.com\/wp-content\/uploads\/2024\/04\/BRUTALISMO-A3-LOW-212x300.jpg 212w, https:\/\/cafelapalma.com\/wp-content\/uploads\/2024\/04\/BRUTALISMO-A3-LOW-768x1086.jpg 768w, https:\/\/cafelapalma.com\/wp-content\/uploads\/2024\/04\/BRUTALISMO-A3-LOW-1086x1536.jpg 1086w, https:\/\/cafelapalma.com\/wp-content\/uploads\/2024\/04\/BRUTALISMO-A3-LOW-1448x2048.jpg 1448w, https:\/\/cafelapalma.com\/wp-content\/uploads\/2024\/04\/BRUTALISMO-A3-LOW-42x60.jpg 42w, https:\/\/cafelapalma.com\/wp-content\/uploads\/2024\/04\/BRUTALISMO-A3-LOW.jpg 1755w\" sizes=\"auto, (max-width: 735px) 100vw, 735px\" \/><\/figure>\n\n\n<div  class=\"tribe-block tribe-block__event-website\" >\n\t<a\n\t\thref=\"https:\/\/www.passline.com\/eventos\/santiago-isla-presenta-brutalismo-en-madrid\"\n\t\ttarget=\"_self\"\n\t\t\t>\n\t\tBUY TICKETS\t<\/a>\n<\/div>\n<\/div>\n\n\n\n<div class=\"wp-block-column is-layout-flow wp-block-column-is-layout-flow\" style=\"flex-basis:66.66%\">\n<p class=\"wp-block-paragraph\"><\/p>\n\n\n\n<p class=\"has-text-align-left wp-block-paragraph\"><strong>SANTIAGO ISLA<\/strong> presenta <strong><em>\u00abBrutalismo\u00bb<\/em><\/strong>, su primer disco en solitario, con un \u00fanico concierto. Lo acompa\u00f1ar\u00e1n m\u00fasicos de primer nivel, curtid\u00edsimos, para que \u00e9l pueda dedicarse a lo que m\u00e1s le gusta: interpretar. Y disfrutar, claro.<\/p>\n\n\n\n<p class=\"has-text-align-left wp-block-paragraph\">Este disco no es un disco al uso, es una historia. Primero de rabia; luego de liberaci\u00f3n. El concierto tampoco lo ser\u00e1. Pero eso solo lo podr\u00e1n comprobar los que asistan. En una \u00e9poca en la que lo digital permite reproducirlo todo infinitamente, esta ser\u00e1 una experiencia, en el sentido m\u00e1s literal de la palabra, \u00fanica.<\/p>\n\n\n\n<p class=\"has-text-align-left wp-block-paragraph\">\u00bfY por qu\u00e9? Porque para que nazca lo nuevo hay que dejar morir lo viejo. <strong><em>\u00abBrutalismo\u00bb<\/em><\/strong> tiene un principio y un final. Este es el \u00faltimo cap\u00edtulo. Qui\u00e9n sabe qu\u00e9 vendr\u00e1 despu\u00e9s.<\/p>\n\n\n\n<p class=\"has-text-align-left wp-block-paragraph\"><strong>Santiago Isla <\/strong>(<strong>Madrid<\/strong>, 1994) forma <strong>Chelsea Boots<\/strong> en 2014. Con la banda grabaron un disco, publicaron aproximadamente 20 singles, giraron incansablemente por salas y festivales (resultando ganadores del <strong>Mad Cool Talent<\/strong> en 2017) y colaboraron con artistas de la talla de <strong>Xoel L\u00f3pez<\/strong>, <strong>Taburete <\/strong>u <strong>84<\/strong>.<\/p>\n\n\n\n<p class=\"has-text-align-left wp-block-paragraph\">Como escritor ha publicado dos libros, <strong><em>\u00abBuenas noches\u00bb<\/em><\/strong> (<strong>C\u00edrculo de Tiza<\/strong>, 2020) y <strong><em>\u00abLos juegos florales\u00bb<\/em><\/strong> (<strong>Espasa<\/strong>, 2021). Ha colaborado en medios como <strong>El Espa\u00f1ol<\/strong>, <strong>El Pa\u00eds Semanal<\/strong> o <strong>Telva<\/strong>. Escribe y desarrolla guiones en la productora de cine y series <strong>Fonte Films<\/strong>.<\/p>\n\n\n\n<p class=\"has-text-align-right wp-block-paragraph\"><em><a href=\"https:\/\/open.spotify.com\/intl-es\/artist\/64IxMPk8dA5GPsSGJ4wG4C?si=X-zx9Sr4TxeYPX2gNQlo4g\">Listen to <\/a><\/em><strong><a href=\"https:\/\/open.spotify.com\/intl-es\/artist\/64IxMPk8dA5GPsSGJ4wG4C?si=X-zx9Sr4TxeYPX2gNQlo4g\">Santiago Isla<\/a><\/strong><em><a href=\"https:\/\/open.spotify.com\/intl-es\/artist\/64IxMPk8dA5GPsSGJ4wG4C?si=X-zx9Sr4TxeYPX2gNQlo4g\"> in <\/a><\/em><strong><a href=\"https:\/\/open.spotify.com\/intl-es\/artist\/64IxMPk8dA5GPsSGJ4wG4C?si=X-zx9Sr4TxeYPX2gNQlo4g\">Spotify<\/a><\/strong><\/p>\n\n\n\n<p class=\"has-text-align-right wp-block-paragraph\"><em><a href=\"https:\/\/www.instagram.com\/santiagoisla\/\">Sigue a <strong>Santiago Isla<\/strong> in <\/a><\/em><strong><a href=\"https:\/\/www.instagram.com\/santiagoisla\/\">Instagram<\/a><\/strong><\/p>\n<\/div>\n<\/div>\n\n\n\n<div style=\"height:100px\" aria-hidden=\"true\" class=\"wp-block-spacer\"><\/div>\n\n\n\n<hr class=\"wp-block-separator has-alpha-channel-opacity\"\/>\n\n\n\n<div style=\"height:100px\" aria-hidden=\"true\" class=\"wp-block-spacer\"><\/div>\n\n\n<h2 class=\"tribe-block__related-events__title\">Related Events<\/h2>\n\n<ul  class=\"tribe-related-events tribe-clearfix\" >\n\t\t\t<li>\n\t\n<div class=\"tribe-related-events-thumbnail\">\n\t<a href=\"https:\/\/cafelapalma.com\/en\/programacion\/funkin-donuts\/\" class=\"url\" rel=\"bookmark\" tabindex=\"-1\" aria-hidden=\"true\"><img loading=\"lazy\" decoding=\"async\" width=\"693\" height=\"1040\" src=\"https:\/\/cafelapalma.com\/wp-content\/uploads\/2026\/07\/FD-vert2-bn-693x1040.jpg\" class=\"attachment-large size-large wp-post-image\" alt=\"\" \/><\/a>\n<\/div>\n\t<div class=\"tribe-related-event-info\">\n\t<h3 class=\"tribe-related-events-title\">\n\t\t<a href=\"https:\/\/cafelapalma.com\/en\/programacion\/funkin-donuts\/\" class=\"tribe-event-url\" rel=\"bookmark\">\n\t\t\tFUNKIN&#8217; DONUTS\t\t<\/a>\n\t<\/h3>\n\t<span class=\"tribe-event-date-start\">5  September@22:00<\/span><span class=\"tribe-event-time\">23:45<\/span><\/div>\n<\/li>\n\t\t\t<li>\n\t\n<div class=\"tribe-related-events-thumbnail\">\n\t<a href=\"https:\/\/cafelapalma.com\/en\/programacion\/backstage-le-petit-truffle-mayo\/\" class=\"url\" rel=\"bookmark\" tabindex=\"-1\" aria-hidden=\"true\"><img loading=\"lazy\" decoding=\"async\" width=\"780\" height=\"1040\" src=\"https:\/\/cafelapalma.com\/wp-content\/uploads\/2026\/07\/Imagen-TruffleMayo-LePetit-i-1-780x1040.png\" class=\"attachment-large size-large wp-post-image\" alt=\"\" \/><\/a>\n<\/div>\n\t<div class=\"tribe-related-event-info\">\n\t<h3 class=\"tribe-related-events-title\">\n\t\t<a href=\"https:\/\/cafelapalma.com\/en\/programacion\/backstage-le-petit-truffle-mayo\/\" class=\"tribe-event-url\" rel=\"bookmark\">\n\t\t\tBACKSTAGE: LE PETIT + TRUFFLE MAYO\t\t<\/a>\n\t<\/h3>\n\t<span class=\"tribe-event-date-start\">5  September@23:55<\/span><\/div>\n<\/li>\n\t\t\t<li>\n\t\n<div class=\"tribe-related-events-thumbnail\">\n\t<a href=\"https:\/\/cafelapalma.com\/en\/programacion\/willie-deville-concierto-benefico-x-venezuela\/\" class=\"url\" rel=\"bookmark\" tabindex=\"-1\" aria-hidden=\"true\"><img loading=\"lazy\" decoding=\"async\" width=\"1020\" height=\"531\" src=\"https:\/\/cafelapalma.com\/wp-content\/uploads\/2026\/08\/Willie-deville-1100x572-1-1040x541.jpg\" class=\"attachment-large size-large wp-post-image\" alt=\"\" \/><\/a>\n<\/div>\n\t<div class=\"tribe-related-event-info\">\n\t<h3 class=\"tribe-related-events-title\">\n\t\t<a href=\"https:\/\/cafelapalma.com\/en\/programacion\/willie-deville-concierto-benefico-x-venezuela\/\" class=\"tribe-event-url\" rel=\"bookmark\">\n\t\t\tWILLIE DEVILLE: CONCIERTO BEN\u00c9FICO X VENEZUELA\t\t<\/a>\n\t<\/h3>\n\t<span class=\"tribe-event-date-start\">6  September@21:00<\/span><span class=\"tribe-event-time\">23:45<\/span><\/div>\n<\/li>\n\t<\/ul>","protected":false},"excerpt":{"rendered":"<p>SANTIAGO ISLA presenta \u00abBrutalismo\u00bb, su primer disco en solitario, con un \u00fanico concierto. Lo acompa\u00f1ar\u00e1n m\u00fasicos de primer nivel, curtid\u00edsimos, para que \u00e9l pueda dedicarse a lo que m\u00e1s le gusta: interpretar. Y disfrutar, claro. Este disco no es un disco al uso, es una historia. Primero de rabia; luego de liberaci\u00f3n. El concierto tampoco &hellip; <\/p>","protected":false},"author":2,"featured_media":28700,"template":"","meta":{"_tec_requires_first_save":false,"_uag_custom_page_level_css":"","loftloader_page_shortcode":"","_EventAllDay":false,"_EventTimezone":"Europe\/Madrid","_EventStartDate":"2024-06-13 22:00:00","_EventEndDate":"2024-06-13 23:30:00","_EventStartDateUTC":"2024-06-13 20:00:00","_EventEndDateUTC":"2024-06-13 21:30:00","_EventShowMap":false,"_EventShowMapLink":false,"_EventURL":"https:\/\/www.passline.com\/eventos\/santiago-isla-presenta-brutalismo-en-madrid","_EventCost":"18","_EventCostDescription":"","_EventCurrencySymbol":"\u20ac","_EventCurrencyCode":"USD","_EventCurrencyPosition":"suffix","_EventDateTimeSeparator":"@","_EventTimeRangeSeparator":"-","_EventOrganizerID":[],"_EventVenueID":[],"_OrganizerEmail":"","_OrganizerPhone":"","_OrganizerWebsite":"","_VenueAddress":"","_VenueCity":"","_VenueCountry":"","_VenueProvince":"","_VenueState":"","_VenueZip":"","_VenuePhone":"","_VenueURL":"","_VenueStateProvince":"","_VenueLat":"","_VenueLng":"","_VenueShowMap":false,"_VenueShowMapLink":false,"_tribe_blocks_recurrence_rules":"","_tribe_blocks_recurrence_description":"","_tribe_blocks_recurrence_exclusions":"","_ecp_custom_2":"","_tribe_events_status":"","_tribe_events_status_reason":"","_tribe_events_is_hybrid":"","_tribe_events_is_virtual":"","_tribe_events_virtual_video_source":"","_tribe_events_virtual_embed_video":"","_tribe_events_virtual_linked_button_text":"","_tribe_events_virtual_linked_button":"","_tribe_events_virtual_show_embed_at":"","_tribe_events_virtual_show_embed_to":[],"_tribe_events_virtual_show_on_event":"","_tribe_events_virtual_show_on_views":"","_tribe_events_virtual_url":"","footnotes":""},"tags":[15596,15598,1363,8869,15597,15599,2865,9147,9146,12637,15601,15600,15380,15595],"tribe_events_cat":[8963],"class_list":["post-28698","tribe_events","type-tribe_events","status-publish","has-post-thumbnail","hentry","tag-brutalismo","tag-buenas-noches","tag-cafe-la-palma","tag-cafe-la-palma-2","tag-chelsea-boots","tag-circulo-de-tiza","tag-conciertos-cafe-la-palma","tag-conciertos-madrid","tag-conciertos-malasana","tag-espasa","tag-fonte-films","tag-los-juegos-florales","tag-mad-cool-talent","tag-santiago-isla","tribe_events_cat-concierto","cat_concierto"],"uagb_featured_image_src":{"full":["https:\/\/cafelapalma.com\/wp-content\/uploads\/2024\/04\/SANTI-ISLA-LOW-scaled.jpg",1500,3000,false],"thumbnail":["https:\/\/cafelapalma.com\/wp-content\/uploads\/2024\/04\/SANTI-ISLA-LOW-150x150.jpg",150,150,true],"medium":["https:\/\/cafelapalma.com\/wp-content\/uploads\/2024\/04\/SANTI-ISLA-LOW-150x300.jpg",150,300,true],"medium_large":["https:\/\/cafelapalma.com\/wp-content\/uploads\/2024\/04\/SANTI-ISLA-LOW-768x1536.jpg",768,1536,true],"large":["https:\/\/cafelapalma.com\/wp-content\/uploads\/2024\/04\/SANTI-ISLA-LOW-520x1040.jpg",520,1040,true],"1536x1536":["https:\/\/cafelapalma.com\/wp-content\/uploads\/2024\/04\/SANTI-ISLA-LOW-768x1536.jpg",768,1536,true],"2048x2048":["https:\/\/cafelapalma.com\/wp-content\/uploads\/2024\/04\/SANTI-ISLA-LOW-1024x2048.jpg",1024,2048,true],"trp-custom-language-flag":["https:\/\/cafelapalma.com\/wp-content\/uploads\/2024\/04\/SANTI-ISLA-LOW-scaled.jpg",6,12,false],"blossom-feminine-slider":["https:\/\/cafelapalma.com\/wp-content\/uploads\/2024\/04\/SANTI-ISLA-LOW-1665x649.jpg",1665,649,true],"blossom-feminine-featured":["https:\/\/cafelapalma.com\/wp-content\/uploads\/2024\/04\/SANTI-ISLA-LOW-1410x600.jpg",1410,600,true],"blossom-feminine-with-sidebar":["https:\/\/cafelapalma.com\/wp-content\/uploads\/2024\/04\/SANTI-ISLA-LOW-1020x600.jpg",1020,600,true],"blossom-feminine-blog":["https:\/\/cafelapalma.com\/wp-content\/uploads\/2024\/04\/SANTI-ISLA-LOW-435x435.jpg",435,435,true],"blossom-feminine-cat":["https:\/\/cafelapalma.com\/wp-content\/uploads\/2024\/04\/SANTI-ISLA-LOW-450x300.jpg",450,300,true],"blossom-feminine-related":["https:\/\/cafelapalma.com\/wp-content\/uploads\/2024\/04\/SANTI-ISLA-LOW-320x200.jpg",320,200,true],"blossom-feminine-schema":["https:\/\/cafelapalma.com\/wp-content\/uploads\/2024\/04\/SANTI-ISLA-LOW-30x60.jpg",30,60,true]},"uagb_author_info":{"display_name":"Victor","author_link":"https:\/\/cafelapalma.com\/en\/author\/comunicacion\/"},"uagb_comment_info":0,"uagb_excerpt":"SANTIAGO ISLA presenta \u00abBrutalismo\u00bb, su primer disco en solitario, con un \u00fanico concierto. Lo acompa\u00f1ar\u00e1n m\u00fasicos de primer nivel, curtid\u00edsimos, para que \u00e9l pueda dedicarse a lo que m\u00e1s le gusta: interpretar. Y disfrutar, claro. Este disco no es un disco al uso, es una historia. Primero de rabia; luego de liberaci\u00f3n. El concierto tampoco&hellip;","_links":{"self":[{"href":"https:\/\/cafelapalma.com\/en\/wp-json\/wp\/v2\/tribe_events\/28698","targetHints":{"allow":["GET"]}}],"collection":[{"href":"https:\/\/cafelapalma.com\/en\/wp-json\/wp\/v2\/tribe_events"}],"about":[{"href":"https:\/\/cafelapalma.com\/en\/wp-json\/wp\/v2\/types\/tribe_events"}],"author":[{"embeddable":true,"href":"https:\/\/cafelapalma.com\/en\/wp-json\/wp\/v2\/users\/2"}],"version-history":[{"count":0,"href":"https:\/\/cafelapalma.com\/en\/wp-json\/wp\/v2\/tribe_events\/28698\/revisions"}],"wp:featuredmedia":[{"embeddable":true,"href":"https:\/\/cafelapalma.com\/en\/wp-json\/wp\/v2\/media\/28700"}],"wp:attachment":[{"href":"https:\/\/cafelapalma.com\/en\/wp-json\/wp\/v2\/media?parent=28698"}],"wp:term":[{"taxonomy":"post_tag","embeddable":true,"href":"https:\/\/cafelapalma.com\/en\/wp-json\/wp\/v2\/tags?post=28698"},{"taxonomy":"tribe_events_cat","embeddable":true,"href":"https:\/\/cafelapalma.com\/en\/wp-json\/wp\/v2\/tribe_events_cat?post=28698"}],"curies":[{"name":"wp","href":"https:\/\/api.w.org\/{rel}","templated":true}]}}