{"id":28794,"date":"2024-04-29T14:16:25","date_gmt":"2024-04-29T12:16:25","guid":{"rendered":"https:\/\/cafelapalma.com\/programacion\/pluriel-3-copy\/"},"modified":"2024-04-29T14:24:31","modified_gmt":"2024-04-29T12:24:31","slug":"tribe-in-the-city-by-pluriel","status":"publish","type":"tribe_events","link":"https:\/\/cafelapalma.com\/en\/programacion\/tribe-in-the-city-by-pluriel\/","title":{"rendered":"TRIBE IN THE CITY"},"content":{"rendered":"<div  class=\"tribe-events-schedule tribe-clearfix\" >\n\t<p class=\"tribe-events-schedule__datetime\">\n\t\t<span class=\"tribe-events-schedule__date tribe-events-schedule__date--start\">\n\t\t\t11  May  2024\t\t<\/span>\n\n\t\t\t\t\t<span class=\"tribe-events-schedule__separator tribe-events-schedule__separator--date\">\n\t\t\t\t@\t\t\t<\/span>\n\t\t\t<span class=\"tribe-events-schedule__time tribe-events-schedule__time--start\">\n\t\t\t\t23:50\t\t\t<\/span>\n\t\t\n\t\t\t\t\t\t\t\t\t<span class=\"tribe-events-schedule__separator tribe-events-schedule__separator--time\">\n\t\t\t\t\t&#8211;\t\t\t\t<\/span>\n\t\t\t\n\t\t\t\t\t\t\t<span class=\"tribe-events-schedule__time tribe-events-schedule__time--end\">\n\t\t\t\t\t23:55\t\t\t\t<\/span>\n\t\t\t\n\t\t\t\t\t\t<\/p>\n<\/div>\n\n\n<div  class=\"tribe-block tribe-block__event-price\" >\n\t\t\t<span class=\"tribe-block__event-price__cost\"> 11\u20ac <\/span>\n\t\t\t\t<span class=\"tribe-block__event-price__description\">+ gg Anticipada | 13\u20ac Taquilla de 00:00 a 01:30 | 15\u20ac Taquilla de 01:30 a cierre. Todos los tramos de entrada incluyen UNA CONSUMICI\u00d3N. Canjeable por DOS DOBLES DE CERVEZA DE BARRIL hasta la 01:30<\/span>\n\t<\/div>\n\n\n\n<div style=\"height:100px\" aria-hidden=\"true\" class=\"wp-block-spacer\"><\/div>\n\n\n\n<div class=\"wp-block-columns is-layout-flex wp-container-core-columns-is-layout-8f761849 wp-block-columns-is-layout-flex\">\n<div class=\"wp-block-column is-layout-flow wp-block-column-is-layout-flow\" style=\"flex-basis:33.33%\">\n<figure class=\"wp-block-image size-large\"><img loading=\"lazy\" decoding=\"async\" width=\"736\" height=\"1040\" src=\"https:\/\/cafelapalma.com\/wp-content\/uploads\/2024\/04\/PLURIEL-MAY24-A3-LOW-736x1040.jpg\" alt=\"\" class=\"wp-image-28796\" srcset=\"https:\/\/cafelapalma.com\/wp-content\/uploads\/2024\/04\/PLURIEL-MAY24-A3-LOW-736x1040.jpg 736w, https:\/\/cafelapalma.com\/wp-content\/uploads\/2024\/04\/PLURIEL-MAY24-A3-LOW-212x300.jpg 212w, https:\/\/cafelapalma.com\/wp-content\/uploads\/2024\/04\/PLURIEL-MAY24-A3-LOW-768x1086.jpg 768w, https:\/\/cafelapalma.com\/wp-content\/uploads\/2024\/04\/PLURIEL-MAY24-A3-LOW-1086x1536.jpg 1086w, https:\/\/cafelapalma.com\/wp-content\/uploads\/2024\/04\/PLURIEL-MAY24-A3-LOW-1448x2048.jpg 1448w, https:\/\/cafelapalma.com\/wp-content\/uploads\/2024\/04\/PLURIEL-MAY24-A3-LOW-42x60.jpg 42w\" sizes=\"auto, (max-width: 736px) 100vw, 736px\" \/><\/figure>\n\n\n<div  class=\"tribe-block tribe-block__event-website\" >\n\t<a\n\t\thref=\"https:\/\/www.passline.com\/eventos\/tribe-in-the-city-by-pluriel\"\n\t\ttarget=\"_self\"\n\t\t\t>\n\t\tBUY TICKETS\t<\/a>\n<\/div>\n<\/div>\n\n\n\n<div class=\"wp-block-column is-layout-flow wp-block-column-is-layout-flow\" style=\"flex-basis:66.66%\">\n<p class=\"wp-block-paragraph\"><\/p>\n\n\n\n<p class=\"has-text-align-left wp-block-paragraph\">El colectivo <strong>PLURIEL <\/strong>presenta <strong>TRIBE IN THE CITY<\/strong>, un espacio seguro en el que podr\u00e1s\u00a0vibrar y bailar disfrutando y compartiendo los valores que representan a este colectivo: paz, amor, unidad y respeto. A la cabina:<\/p>\n\n\n\n<p class=\"has-text-align-left wp-block-paragraph\"><strong>TQNT <\/strong>est\u00e1 reconocido como una de las proyecciones m\u00e1s recientes de la escena asturiana. A los 19 a\u00f1os comenz\u00f3 su carrera como DJ inspirado en el Tech House con su toque personal en las vocales. Ha compartido cabina con DI&#8217;s internacionales como <strong>H\u00e9ctor Couto<\/strong>, <strong>George Privatti<\/strong>, <strong>Cuartero<\/strong>, <strong>Viviana Casanova<\/strong> e incluso llegando a debutar en el festival <strong>Aquasella<\/strong>.<\/p>\n\n\n\n<p class=\"has-text-align-right wp-block-paragraph\"><a href=\"https:\/\/soundcloud.com\/user-304096893\">ESCUCHAR A <strong>TQNT<\/strong><\/a><\/p>\n\n\n\n<p class=\"has-text-align-left wp-block-paragraph\"><strong>RAQUEL X<\/strong> est\u00e1 dejando una marca significativa en la escena del techno madrile\u00f1o con su estilo <em>groovy<\/em>, siempre fusionado con un toque hard que no pasa desapercibido.<\/p>\n\n\n\n<p class=\"has-text-align-right wp-block-paragraph\"><a href=\"https:\/\/soundcloud.com\/raquel-cruz-rey\">ESCUCHAR A <strong>RAQUEL X<\/strong><\/a><\/p>\n\n\n\n<p class=\"has-text-align-left wp-block-paragraph\"><strong>C.SUITE<\/strong> es un artista asturiano emergente con un background variado. Sus primeras influencias fueron el italo disco y euro dance de principios del 2000, junto con el rap y otros g\u00e9neros urbanos. Desde hace 4 a\u00f1os el house y el techno han cobrado protagonismo, desarrollando sesiones groovy y con fuerte componente \u00e1cido.<\/p>\n\n\n\n<p class=\"has-text-align-right wp-block-paragraph\"><a href=\"https:\/\/www.mixcloud.com\/CSuite\/\">ESCUCHAR A <strong>C.SUITE<\/strong><\/a><\/p>\n\n\n\n<p class=\"has-text-align-left wp-block-paragraph\">Afianzado en el puro arte de la mezcla con vinilos, <strong>RUDERIK <\/strong>no da puntada sin hilo con sus agujas. Su pasi\u00f3n por la m\u00fasica en todos sus g\u00e9neros le convierte en un artista polivalente, aunque con sus sets ba\u00f1ados en Techno y Hard Groove logra un sonido compacto que deja huella.<\/p>\n\n\n\n<p class=\"has-text-align-left wp-block-paragraph\"><strong>ROMA FARAH<\/strong> es un Dj y productor de <strong>Madrid<\/strong>, con ascendencia bosnia. Su obsesi\u00f3n desde peque\u00f1o por todos los g\u00e9neros musicales le han llevado a ponerse delante de los platos y transmitir su pasi\u00f3n&nbsp;por la m\u00fasica a todo el que le escuche. Muy influenciado&nbsp;por el Hip Hop y los sonidos \u00e9tnicos que mezcla con el techno m\u00e1s <em>groovy<\/em>, sus sesiones siempre est\u00e1n llenas de energ\u00eda y sorpresas.<\/p>\n\n\n\n<p class=\"has-text-align-right wp-block-paragraph\"><a href=\"https:\/\/soundcloud.com\/romafarah\">ESCUCHAR A <strong>ROMA<\/strong><\/a><a href=\"https:\/\/youtu.be\/v5pFytuxKvE?si=EDxf1pQPqLS7985I\"><strong> FARAH<\/strong><\/a><\/p>\n\n\n\n<p class=\"has-text-align-left wp-block-paragraph\"><strong>SIM\u00d3N PORZIO<\/strong> es un Dj de <strong>Vigo <\/strong>residente en <strong>Madrid<\/strong> amante del Hard Groove y Hard Techno. A los platos, busca sorprender y divertir al p\u00fablico, para lo que recurre a cambios de ritmo, vocales hiphoperas y a la mezcla de g\u00e9neros.<\/p>\n\n\n\n<p class=\"has-text-align-right wp-block-paragraph\"><a href=\"https:\/\/youtu.be\/cz5YzDbm_cg?si=5yttvCRhYjfW6SzZ\">ES<\/a><a href=\"https:\/\/soundcloud.com\/simon-porzio\">CUCHAR A <strong>SIM\u00d3N PORZIO<\/strong><\/a><\/p>\n<\/div>\n<\/div>\n\n\n\n<div style=\"height:100px\" aria-hidden=\"true\" class=\"wp-block-spacer\"><\/div>\n\n\n\n<hr class=\"wp-block-separator has-alpha-channel-opacity\"\/>\n\n\n\n<div style=\"height:100px\" aria-hidden=\"true\" class=\"wp-block-spacer\"><\/div>\n\n\n<h2 class=\"tribe-block__related-events__title\">Related Events<\/h2>\n\n<ul  class=\"tribe-related-events tribe-clearfix\" >\n\t\t\t<li>\n\t\n<div class=\"tribe-related-events-thumbnail\">\n\t<a href=\"https:\/\/cafelapalma.com\/en\/programacion\/funkin-donuts\/\" class=\"url\" rel=\"bookmark\" tabindex=\"-1\" aria-hidden=\"true\"><img loading=\"lazy\" decoding=\"async\" width=\"693\" height=\"1040\" src=\"https:\/\/cafelapalma.com\/wp-content\/uploads\/2026\/07\/FD-vert2-bn-693x1040.jpg\" class=\"attachment-large size-large wp-post-image\" alt=\"\" \/><\/a>\n<\/div>\n\t<div class=\"tribe-related-event-info\">\n\t<h3 class=\"tribe-related-events-title\">\n\t\t<a href=\"https:\/\/cafelapalma.com\/en\/programacion\/funkin-donuts\/\" class=\"tribe-event-url\" rel=\"bookmark\">\n\t\t\tFUNKIN&#8217; DONUTS\t\t<\/a>\n\t<\/h3>\n\t<span class=\"tribe-event-date-start\">5  September@22:00<\/span><span class=\"tribe-event-time\">23:45<\/span><\/div>\n<\/li>\n\t\t\t<li>\n\t\n<div class=\"tribe-related-events-thumbnail\">\n\t<a href=\"https:\/\/cafelapalma.com\/en\/programacion\/backstage-le-petit-truffle-mayo\/\" class=\"url\" rel=\"bookmark\" tabindex=\"-1\" aria-hidden=\"true\"><img loading=\"lazy\" decoding=\"async\" width=\"780\" height=\"1040\" src=\"https:\/\/cafelapalma.com\/wp-content\/uploads\/2026\/07\/Imagen-TruffleMayo-LePetit-i-1-780x1040.png\" class=\"attachment-large size-large wp-post-image\" alt=\"\" \/><\/a>\n<\/div>\n\t<div class=\"tribe-related-event-info\">\n\t<h3 class=\"tribe-related-events-title\">\n\t\t<a href=\"https:\/\/cafelapalma.com\/en\/programacion\/backstage-le-petit-truffle-mayo\/\" class=\"tribe-event-url\" rel=\"bookmark\">\n\t\t\tBACKSTAGE: LE PETIT + TRUFFLE MAYO\t\t<\/a>\n\t<\/h3>\n\t<span class=\"tribe-event-date-start\">5  September@23:55<\/span><\/div>\n<\/li>\n\t\t\t<li>\n\t\n<div class=\"tribe-related-events-thumbnail\">\n\t<a href=\"https:\/\/cafelapalma.com\/en\/programacion\/willie-deville-concierto-benefico-x-venezuela\/\" class=\"url\" rel=\"bookmark\" tabindex=\"-1\" aria-hidden=\"true\"><img loading=\"lazy\" decoding=\"async\" width=\"1020\" height=\"531\" src=\"https:\/\/cafelapalma.com\/wp-content\/uploads\/2026\/08\/Willie-deville-1100x572-1-1040x541.jpg\" class=\"attachment-large size-large wp-post-image\" alt=\"\" \/><\/a>\n<\/div>\n\t<div class=\"tribe-related-event-info\">\n\t<h3 class=\"tribe-related-events-title\">\n\t\t<a href=\"https:\/\/cafelapalma.com\/en\/programacion\/willie-deville-concierto-benefico-x-venezuela\/\" class=\"tribe-event-url\" rel=\"bookmark\">\n\t\t\tWILLIE DEVILLE: CONCIERTO BEN\u00c9FICO X VENEZUELA\t\t<\/a>\n\t<\/h3>\n\t<span class=\"tribe-event-date-start\">6  September@21:00<\/span><span class=\"tribe-event-time\">23:45<\/span><\/div>\n<\/li>\n\t<\/ul>","protected":false},"excerpt":{"rendered":"<p>El colectivo PLURIEL presenta TRIBE IN THE CITY, un espacio seguro en el que podr\u00e1s\u00a0vibrar y bailar disfrutando y compartiendo los valores que representan a este colectivo: paz, amor, unidad y respeto. A la cabina: TQNT est\u00e1 reconocido como una de las proyecciones m\u00e1s recientes de la escena asturiana. A los 19 a\u00f1os comenz\u00f3 su &hellip; <\/p>","protected":false},"author":2,"featured_media":27537,"template":"","meta":{"_tec_requires_first_save":false,"_uag_custom_page_level_css":"","loftloader_page_shortcode":"","_EventAllDay":false,"_EventTimezone":"Europe\/Madrid","_EventStartDate":"2024-05-11 23:50:00","_EventEndDate":"2024-05-11 23:55:00","_EventStartDateUTC":"2024-05-11 21:50:00","_EventEndDateUTC":"2024-05-11 21:55:00","_EventShowMap":false,"_EventShowMapLink":false,"_EventURL":"https:\/\/www.passline.com\/eventos\/tribe-in-the-city-by-pluriel","_EventCost":"11","_EventCostDescription":"","_EventCurrencySymbol":"\u20ac","_EventCurrencyCode":"USD","_EventCurrencyPosition":"suffix","_EventDateTimeSeparator":"@","_EventTimeRangeSeparator":"-","_EventOrganizerID":[],"_EventVenueID":[],"_OrganizerEmail":"","_OrganizerPhone":"","_OrganizerWebsite":"","_VenueAddress":"","_VenueCity":"","_VenueCountry":"","_VenueProvince":"","_VenueState":"","_VenueZip":"","_VenuePhone":"","_VenueURL":"","_VenueStateProvince":"","_VenueLat":"","_VenueLng":"","_VenueShowMap":false,"_VenueShowMapLink":false,"_tribe_blocks_recurrence_rules":"","_tribe_blocks_recurrence_description":"","_tribe_blocks_recurrence_exclusions":"","_ecp_custom_2":"","_tribe_events_status":"","_tribe_events_status_reason":"","_tribe_events_is_hybrid":"","_tribe_events_is_virtual":"","_tribe_events_virtual_video_source":"","_tribe_events_virtual_embed_video":"","_tribe_events_virtual_linked_button_text":"","_tribe_events_virtual_linked_button":"","_tribe_events_virtual_show_embed_at":"","_tribe_events_virtual_show_embed_to":[],"_tribe_events_virtual_show_on_event":"","_tribe_events_virtual_show_on_views":"","_tribe_events_virtual_url":"","footnotes":""},"tags":[9545,15646,14632,1363,9225,15472,9226,9227,1357,10992,14635,14069,9309,11034,9559,14636,14628,14629,14631,15471,14630,9540,776,15645],"tribe_events_cat":[8964],"class_list":["post-28794","tribe_events","type-tribe_events","status-publish","has-post-thumbnail","hentry","tag-acid","tag-aquasella","tag-c-suite","tag-cafe-la-palma","tag-cafe-la-palma-clubbing","tag-csuite","tag-djs-madrid","tag-djs-malasana","tag-electronica","tag-espacio-seguro","tag-euro-dance","tag-groovy","tag-house","tag-italo-disco","tag-minimal","tag-minimal-tech","tag-pluriel","tag-raquel-x","tag-roma-farah","tag-ruderik","tag-simon-porzio","tag-tech-house","tag-techno","tag-tqnt","tribe_events_cat-clubbing","cat_clubbing"],"uagb_featured_image_src":{"full":["https:\/\/cafelapalma.com\/wp-content\/uploads\/2023\/11\/PLURIELFRONT.jpg",1080,1920,false],"thumbnail":["https:\/\/cafelapalma.com\/wp-content\/uploads\/2023\/11\/PLURIELFRONT-150x150.jpg",150,150,true],"medium":["https:\/\/cafelapalma.com\/wp-content\/uploads\/2023\/11\/PLURIELFRONT-169x300.jpg",169,300,true],"medium_large":["https:\/\/cafelapalma.com\/wp-content\/uploads\/2023\/11\/PLURIELFRONT-768x1365.jpg",768,1365,true],"large":["https:\/\/cafelapalma.com\/wp-content\/uploads\/2023\/11\/PLURIELFRONT-585x1040.jpg",585,1040,true],"1536x1536":["https:\/\/cafelapalma.com\/wp-content\/uploads\/2023\/11\/PLURIELFRONT-864x1536.jpg",864,1536,true],"2048x2048":["https:\/\/cafelapalma.com\/wp-content\/uploads\/2023\/11\/PLURIELFRONT.jpg",1080,1920,false],"trp-custom-language-flag":["https:\/\/cafelapalma.com\/wp-content\/uploads\/2023\/11\/PLURIELFRONT.jpg",7,12,false],"blossom-feminine-slider":["https:\/\/cafelapalma.com\/wp-content\/uploads\/2023\/11\/PLURIELFRONT-1080x649.jpg",1080,649,true],"blossom-feminine-featured":["https:\/\/cafelapalma.com\/wp-content\/uploads\/2023\/11\/PLURIELFRONT-1080x600.jpg",1080,600,true],"blossom-feminine-with-sidebar":["https:\/\/cafelapalma.com\/wp-content\/uploads\/2023\/11\/PLURIELFRONT-1020x600.jpg",1020,600,true],"blossom-feminine-blog":["https:\/\/cafelapalma.com\/wp-content\/uploads\/2023\/11\/PLURIELFRONT-435x435.jpg",435,435,true],"blossom-feminine-cat":["https:\/\/cafelapalma.com\/wp-content\/uploads\/2023\/11\/PLURIELFRONT-450x300.jpg",450,300,true],"blossom-feminine-related":["https:\/\/cafelapalma.com\/wp-content\/uploads\/2023\/11\/PLURIELFRONT-320x200.jpg",320,200,true],"blossom-feminine-schema":["https:\/\/cafelapalma.com\/wp-content\/uploads\/2023\/11\/PLURIELFRONT-34x60.jpg",34,60,true]},"uagb_author_info":{"display_name":"Victor","author_link":"https:\/\/cafelapalma.com\/en\/author\/comunicacion\/"},"uagb_comment_info":0,"uagb_excerpt":"El colectivo PLURIEL presenta TRIBE IN THE CITY, un espacio seguro en el que podr\u00e1s\u00a0vibrar y bailar disfrutando y compartiendo los valores que representan a este colectivo: paz, amor, unidad y respeto. A la cabina: TQNT est\u00e1 reconocido como una de las proyecciones m\u00e1s recientes de la escena asturiana. A los 19 a\u00f1os comenz\u00f3 su&hellip;","_links":{"self":[{"href":"https:\/\/cafelapalma.com\/en\/wp-json\/wp\/v2\/tribe_events\/28794","targetHints":{"allow":["GET"]}}],"collection":[{"href":"https:\/\/cafelapalma.com\/en\/wp-json\/wp\/v2\/tribe_events"}],"about":[{"href":"https:\/\/cafelapalma.com\/en\/wp-json\/wp\/v2\/types\/tribe_events"}],"author":[{"embeddable":true,"href":"https:\/\/cafelapalma.com\/en\/wp-json\/wp\/v2\/users\/2"}],"version-history":[{"count":0,"href":"https:\/\/cafelapalma.com\/en\/wp-json\/wp\/v2\/tribe_events\/28794\/revisions"}],"wp:featuredmedia":[{"embeddable":true,"href":"https:\/\/cafelapalma.com\/en\/wp-json\/wp\/v2\/media\/27537"}],"wp:attachment":[{"href":"https:\/\/cafelapalma.com\/en\/wp-json\/wp\/v2\/media?parent=28794"}],"wp:term":[{"taxonomy":"post_tag","embeddable":true,"href":"https:\/\/cafelapalma.com\/en\/wp-json\/wp\/v2\/tags?post=28794"},{"taxonomy":"tribe_events_cat","embeddable":true,"href":"https:\/\/cafelapalma.com\/en\/wp-json\/wp\/v2\/tribe_events_cat?post=28794"}],"curies":[{"name":"wp","href":"https:\/\/api.w.org\/{rel}","templated":true}]}}