{"id":28813,"date":"2024-04-30T13:39:09","date_gmt":"2024-04-30T11:39:09","guid":{"rendered":"https:\/\/cafelapalma.com\/?post_type=tribe_events&#038;p=28813"},"modified":"2024-04-30T13:39:12","modified_gmt":"2024-04-30T11:39:12","slug":"duele-novel-driver-post-plastic-world","status":"publish","type":"tribe_events","link":"https:\/\/cafelapalma.com\/en\/programacion\/duele-novel-driver-post-plastic-world\/","title":{"rendered":"DUELE + NOVEL DRIVER + POST PLASTIC WORLD"},"content":{"rendered":"<div  class=\"tribe-events-schedule tribe-clearfix\" >\n\t<p class=\"tribe-events-schedule__datetime\">\n\t\t<span class=\"tribe-events-schedule__date tribe-events-schedule__date--start\">\n\t\t\t14  June  2024\t\t<\/span>\n\n\t\t\t\t\t<span class=\"tribe-events-schedule__separator tribe-events-schedule__separator--date\">\n\t\t\t\t@\t\t\t<\/span>\n\t\t\t<span class=\"tribe-events-schedule__time tribe-events-schedule__time--start\">\n\t\t\t\t21:00\t\t\t<\/span>\n\t\t\n\t\t\t\t\t\t\t\t\t<span class=\"tribe-events-schedule__separator tribe-events-schedule__separator--time\">\n\t\t\t\t\t&#8211;\t\t\t\t<\/span>\n\t\t\t\n\t\t\t\t\t\t\t<span class=\"tribe-events-schedule__time tribe-events-schedule__time--end\">\n\t\t\t\t\t23:45\t\t\t\t<\/span>\n\t\t\t\n\t\t\t\t\t\t<\/p>\n<\/div>\n\n\n<div  class=\"tribe-block tribe-block__event-price\" >\n\t\t\t<span class=\"tribe-block__event-price__cost\"> 10\u20ac <\/span>\n\t\t\t\t<span class=\"tribe-block__event-price__description\">+ gg Anticipada | 13\u20ac Taquilla <\/span>\n\t<\/div>\n\n\n\n<div style=\"height:100px\" aria-hidden=\"true\" class=\"wp-block-spacer\"><\/div>\n\n\n\n<div class=\"wp-block-columns is-layout-flex wp-container-core-columns-is-layout-8f761849 wp-block-columns-is-layout-flex\">\n<div class=\"wp-block-column is-layout-flow wp-block-column-is-layout-flow\" style=\"flex-basis:33.33%\">\n<figure class=\"wp-block-image size-full\"><img loading=\"lazy\" decoding=\"async\" width=\"452\" height=\"632\" src=\"https:\/\/cafelapalma.com\/wp-content\/uploads\/2024\/04\/DUELE-A3-LOW.jpg\" alt=\"\" class=\"wp-image-28814\" srcset=\"https:\/\/cafelapalma.com\/wp-content\/uploads\/2024\/04\/DUELE-A3-LOW.jpg 452w, https:\/\/cafelapalma.com\/wp-content\/uploads\/2024\/04\/DUELE-A3-LOW-215x300.jpg 215w, https:\/\/cafelapalma.com\/wp-content\/uploads\/2024\/04\/DUELE-A3-LOW-43x60.jpg 43w\" sizes=\"auto, (max-width: 452px) 100vw, 452px\" \/><\/figure>\n\n\n<div  class=\"tribe-block tribe-block__event-website\" >\n\t<a\n\t\thref=\"https:\/\/www.passline.com\/eventos\/duele-novel-driver-post-plastic-world\"\n\t\ttarget=\"_self\"\n\t\t\t>\n\t\tBUY TICKETS\t<\/a>\n<\/div>\n<\/div>\n\n\n\n<div class=\"wp-block-column is-layout-flow wp-block-column-is-layout-flow\" style=\"flex-basis:66.66%\">\n<p class=\"has-text-align-left wp-block-paragraph\"><strong>DUELE <\/strong>es una banda formada por <strong>Jorge Luis Amil<\/strong> y <strong>Javier Iceta <\/strong>que comenz\u00f3 como un peque\u00f1o proyecto musical en un peque\u00f1o piso de <strong>Lavapi\u00e9s <\/strong>y termin\u00f3 de consolidarse como banda en la isla de <strong>Tenerife<\/strong>. Su estilo bebe principalmente del Noise pop y del Noise Rock junto a un amplio abanico de g\u00e9neros tales como el Kraut Rock, el brit pop, Shoegaze, la el\u00e9ctronica, el punk o el sampling. Sus letras se basan en experiencias que buscan lo espont\u00e1neo, lo directo y lo costumbrista: historias de amor, de desamor y adicciones varias.<\/p>\n\n\n\n<p class=\"has-text-align-left wp-block-paragraph\"><strong><em>\u201cMis amigas\u201d<\/em><\/strong>, una oda a la tristeza y la resignaci\u00f3n ambientada en <strong>Madrid<\/strong>, es el primer adelanto de lo que ser\u00e1 su primer EP, <strong><em>\u201cVacaciones Qu\u00edmicas\u201d<\/em><\/strong>, un conjunto de canciones de pop lis\u00e9rgicas, ruidosas y con historias de tonos s\u00f3rdidos y relatos que mezclan lo autobiogr\u00e1fico y la ficci\u00f3n.<\/p>\n\n\n\n<p class=\"has-text-align-right wp-block-paragraph\"><a href=\"https:\/\/open.spotify.com\/intl-es\/artist\/3dz9aMICvHqTIm2suEMolO?si=YDHqXBeGSM6WV23Y2vIYqw\"><em>Listen to <\/em><strong>DUELE<\/strong> <em>in <\/em><strong>Spotify<\/strong><\/a><\/p>\n\n\n\n<p class=\"has-text-align-left wp-block-paragraph\"><strong>NOVEL DRIVER<\/strong> es una banda madrile\u00f1a que combina influencias de varios g\u00e9neros como el Shoegaze, el Dreampop o la m\u00fasica alternativa para crear canciones a trav\u00e9s de riffs coreables, voces on\u00edricas y atm\u00f3sferas a base de sintetizadores, delays y mucho reverb.<\/p>\n\n\n\n<p class=\"has-text-align-right wp-block-paragraph\"><em><a href=\"https:\/\/open.spotify.com\/intl-es\/artist\/6sicqClDTDY5upHUTckYa3?si=0eoZjAYxR5m0M3_U8VpMTw\">Listen to <\/a><\/em><strong><a href=\"https:\/\/open.spotify.com\/intl-es\/artist\/6sicqClDTDY5upHUTckYa3?si=0eoZjAYxR5m0M3_U8VpMTw\">NOVEL DRIVER<\/a><\/strong><em><a href=\"https:\/\/open.spotify.com\/intl-es\/artist\/6sicqClDTDY5upHUTckYa3?si=0eoZjAYxR5m0M3_U8VpMTw\"> in <\/a><\/em><strong><a href=\"https:\/\/open.spotify.com\/intl-es\/artist\/6sicqClDTDY5upHUTckYa3?si=0eoZjAYxR5m0M3_U8VpMTw\">Spotify<\/a><\/strong><\/p>\n\n\n\n<p class=\"has-text-align-left wp-block-paragraph\"><strong>POST PLASTIC WORLD<\/strong> se describe como <em>Made in Madrid<\/em> y puede contener trazas de Brit-pop, Post-Punk, <strong>Bowie<\/strong>, <strong>Buzzcocks<\/strong>, <strong>Dry Cleaning<\/strong>, <strong>Bodega <\/strong>o <strong>Blur<\/strong>. Se podr\u00eda decir que <strong>Post Plastic World <\/strong>son representativos del Brit-pop madrile\u00f1o, una escena nost\u00e1lgica pero creciente de una cultura musical brit\u00e1nica que se remonta a los a\u00f1os 60.<\/p>\n\n\n\n<p class=\"has-text-align-right wp-block-paragraph\"><em><a href=\"https:\/\/open.spotify.com\/intl-es\/artist\/0VoIg0YJ3N7WdDlEXXFpHE?si=SUWYKs5uR2GHPg1b6J4oxQ\">Listen to <\/a><\/em><strong><a href=\"https:\/\/open.spotify.com\/intl-es\/artist\/0VoIg0YJ3N7WdDlEXXFpHE?si=SUWYKs5uR2GHPg1b6J4oxQ\">POST PLASTIC WORLD<\/a><\/strong><em><a href=\"https:\/\/open.spotify.com\/intl-es\/artist\/0VoIg0YJ3N7WdDlEXXFpHE?si=SUWYKs5uR2GHPg1b6J4oxQ\"> in <\/a><\/em><strong><a href=\"https:\/\/open.spotify.com\/intl-es\/artist\/0VoIg0YJ3N7WdDlEXXFpHE?si=SUWYKs5uR2GHPg1b6J4oxQ\">Spotify<\/a><\/strong><\/p>\n<\/div>\n<\/div>\n\n\n\n<div style=\"height:100px\" aria-hidden=\"true\" class=\"wp-block-spacer\"><\/div>\n\n\n\n<hr class=\"wp-block-separator has-alpha-channel-opacity\"\/>\n\n\n\n<div style=\"height:100px\" aria-hidden=\"true\" class=\"wp-block-spacer\"><\/div>\n\n\n<h2 class=\"tribe-block__related-events__title\">Related Events<\/h2>\n\n<ul  class=\"tribe-related-events tribe-clearfix\" >\n\t\t\t<li>\n\t\n<div class=\"tribe-related-events-thumbnail\">\n\t<a href=\"https:\/\/cafelapalma.com\/en\/programacion\/funkin-donuts\/\" class=\"url\" rel=\"bookmark\" tabindex=\"-1\" aria-hidden=\"true\"><img loading=\"lazy\" decoding=\"async\" width=\"693\" height=\"1040\" src=\"https:\/\/cafelapalma.com\/wp-content\/uploads\/2026\/07\/FD-vert2-bn-693x1040.jpg\" class=\"attachment-large size-large wp-post-image\" alt=\"\" \/><\/a>\n<\/div>\n\t<div class=\"tribe-related-event-info\">\n\t<h3 class=\"tribe-related-events-title\">\n\t\t<a href=\"https:\/\/cafelapalma.com\/en\/programacion\/funkin-donuts\/\" class=\"tribe-event-url\" rel=\"bookmark\">\n\t\t\tFUNKIN&#8217; DONUTS\t\t<\/a>\n\t<\/h3>\n\t<span class=\"tribe-event-date-start\">5  September@22:00<\/span><span class=\"tribe-event-time\">23:45<\/span><\/div>\n<\/li>\n\t\t\t<li>\n\t\n<div class=\"tribe-related-events-thumbnail\">\n\t<a href=\"https:\/\/cafelapalma.com\/en\/programacion\/backstage-le-petit-truffle-mayo\/\" class=\"url\" rel=\"bookmark\" tabindex=\"-1\" aria-hidden=\"true\"><img loading=\"lazy\" decoding=\"async\" width=\"780\" height=\"1040\" src=\"https:\/\/cafelapalma.com\/wp-content\/uploads\/2026\/07\/Imagen-TruffleMayo-LePetit-i-1-780x1040.png\" class=\"attachment-large size-large wp-post-image\" alt=\"\" \/><\/a>\n<\/div>\n\t<div class=\"tribe-related-event-info\">\n\t<h3 class=\"tribe-related-events-title\">\n\t\t<a href=\"https:\/\/cafelapalma.com\/en\/programacion\/backstage-le-petit-truffle-mayo\/\" class=\"tribe-event-url\" rel=\"bookmark\">\n\t\t\tBACKSTAGE: LE PETIT + TRUFFLE MAYO\t\t<\/a>\n\t<\/h3>\n\t<span class=\"tribe-event-date-start\">5  September@23:55<\/span><\/div>\n<\/li>\n\t\t\t<li>\n\t\n<div class=\"tribe-related-events-thumbnail\">\n\t<a href=\"https:\/\/cafelapalma.com\/en\/programacion\/willie-deville-concierto-benefico-x-venezuela\/\" class=\"url\" rel=\"bookmark\" tabindex=\"-1\" aria-hidden=\"true\"><img loading=\"lazy\" decoding=\"async\" width=\"1020\" height=\"531\" src=\"https:\/\/cafelapalma.com\/wp-content\/uploads\/2026\/08\/Willie-deville-1100x572-1-1040x541.jpg\" class=\"attachment-large size-large wp-post-image\" alt=\"\" \/><\/a>\n<\/div>\n\t<div class=\"tribe-related-event-info\">\n\t<h3 class=\"tribe-related-events-title\">\n\t\t<a href=\"https:\/\/cafelapalma.com\/en\/programacion\/willie-deville-concierto-benefico-x-venezuela\/\" class=\"tribe-event-url\" rel=\"bookmark\">\n\t\t\tWILLIE DEVILLE: CONCIERTO BEN\u00c9FICO X VENEZUELA\t\t<\/a>\n\t<\/h3>\n\t<span class=\"tribe-event-date-start\">6  September@21:00<\/span><span class=\"tribe-event-time\">23:45<\/span><\/div>\n<\/li>\n\t<\/ul>","protected":false},"excerpt":{"rendered":"<p>DUELE es una banda formada por Jorge Luis Amil y Javier Iceta que comenz\u00f3 como un peque\u00f1o proyecto musical en un peque\u00f1o piso de Lavapi\u00e9s y termin\u00f3 de consolidarse como banda en la isla de Tenerife. Su estilo bebe principalmente del Noise pop y del Noise Rock junto a un amplio abanico de g\u00e9neros tales &hellip; <\/p>","protected":false},"author":2,"featured_media":28815,"template":"","meta":{"_tec_requires_first_save":false,"_uag_custom_page_level_css":"","loftloader_page_shortcode":"","_EventAllDay":false,"_EventTimezone":"Europe\/Madrid","_EventStartDate":"2024-06-14 21:00:00","_EventEndDate":"2024-06-14 23:45:00","_EventStartDateUTC":"2024-06-14 19:00:00","_EventEndDateUTC":"2024-06-14 21:45:00","_EventShowMap":false,"_EventShowMapLink":false,"_EventURL":"https:\/\/www.passline.com\/eventos\/duele-novel-driver-post-plastic-world","_EventCost":"10","_EventCostDescription":"","_EventCurrencySymbol":"\u20ac","_EventCurrencyCode":"USD","_EventCurrencyPosition":"suffix","_EventDateTimeSeparator":"@","_EventTimeRangeSeparator":"-","_EventOrganizerID":[],"_EventVenueID":[],"_OrganizerEmail":"","_OrganizerPhone":"","_OrganizerWebsite":"","_VenueAddress":"","_VenueCity":"","_VenueCountry":"","_VenueProvince":"","_VenueState":"","_VenueZip":"","_VenuePhone":"","_VenueURL":"","_VenueStateProvince":"","_VenueLat":"","_VenueLng":"","_VenueShowMap":false,"_VenueShowMapLink":false,"_tribe_blocks_recurrence_rules":"","_tribe_blocks_recurrence_description":"","_tribe_blocks_recurrence_exclusions":"","_ecp_custom_2":"","_tribe_events_status":"","_tribe_events_status_reason":"","_tribe_events_is_hybrid":"","_tribe_events_is_virtual":"","_tribe_events_virtual_video_source":"","_tribe_events_virtual_embed_video":"","_tribe_events_virtual_linked_button_text":"","_tribe_events_virtual_linked_button":"","_tribe_events_virtual_show_embed_at":"","_tribe_events_virtual_show_embed_to":[],"_tribe_events_virtual_show_on_event":"","_tribe_events_virtual_show_on_views":"","_tribe_events_virtual_url":"","footnotes":""},"tags":[13638,1363,8869,2865,9147,9146,9938,13156,1357,15670,15669,13051,15673,12109,15659,15668,1355,9164,15667,15672,15671,15674],"tribe_events_cat":[8963],"class_list":["post-28813","tribe_events","type-tribe_events","status-publish","has-post-thumbnail","hentry","tag-brit-pop","tag-cafe-la-palma","tag-cafe-la-palma-2","tag-conciertos-cafe-la-palma","tag-conciertos-madrid","tag-conciertos-malasana","tag-dreampop","tag-duele","tag-electronica","tag-javier-iceta","tag-jorge-luis-amil","tag-kraut","tag-mis-amigas","tag-noise-pop","tag-noise-rock","tag-novel-driver","tag-pop","tag-pop-rock-2","tag-post-plastic-world","tag-sampling","tag-showgaze","tag-vacaciones-quimicas","tribe_events_cat-concierto","cat_concierto"],"uagb_featured_image_src":{"full":["https:\/\/cafelapalma.com\/wp-content\/uploads\/2024\/04\/DUELELOW--scaled.jpg",1996,3000,false],"thumbnail":["https:\/\/cafelapalma.com\/wp-content\/uploads\/2024\/04\/DUELELOW--150x150.jpg",150,150,true],"medium":["https:\/\/cafelapalma.com\/wp-content\/uploads\/2024\/04\/DUELELOW--200x300.jpg",200,300,true],"medium_large":["https:\/\/cafelapalma.com\/wp-content\/uploads\/2024\/04\/DUELELOW--768x1154.jpg",768,1154,true],"large":["https:\/\/cafelapalma.com\/wp-content\/uploads\/2024\/04\/DUELELOW--692x1040.jpg",692,1040,true],"1536x1536":["https:\/\/cafelapalma.com\/wp-content\/uploads\/2024\/04\/DUELELOW--1022x1536.jpg",1022,1536,true],"2048x2048":["https:\/\/cafelapalma.com\/wp-content\/uploads\/2024\/04\/DUELELOW--1362x2048.jpg",1362,2048,true],"trp-custom-language-flag":["https:\/\/cafelapalma.com\/wp-content\/uploads\/2024\/04\/DUELELOW--scaled.jpg",8,12,false],"blossom-feminine-slider":["https:\/\/cafelapalma.com\/wp-content\/uploads\/2024\/04\/DUELELOW--1920x649.jpg",1920,649,true],"blossom-feminine-featured":["https:\/\/cafelapalma.com\/wp-content\/uploads\/2024\/04\/DUELELOW--1410x600.jpg",1410,600,true],"blossom-feminine-with-sidebar":["https:\/\/cafelapalma.com\/wp-content\/uploads\/2024\/04\/DUELELOW--1020x600.jpg",1020,600,true],"blossom-feminine-blog":["https:\/\/cafelapalma.com\/wp-content\/uploads\/2024\/04\/DUELELOW--435x435.jpg",435,435,true],"blossom-feminine-cat":["https:\/\/cafelapalma.com\/wp-content\/uploads\/2024\/04\/DUELELOW--450x300.jpg",450,300,true],"blossom-feminine-related":["https:\/\/cafelapalma.com\/wp-content\/uploads\/2024\/04\/DUELELOW--320x200.jpg",320,200,true],"blossom-feminine-schema":["https:\/\/cafelapalma.com\/wp-content\/uploads\/2024\/04\/DUELELOW--40x60.jpg",40,60,true]},"uagb_author_info":{"display_name":"Victor","author_link":"https:\/\/cafelapalma.com\/en\/author\/comunicacion\/"},"uagb_comment_info":0,"uagb_excerpt":"DUELE es una banda formada por Jorge Luis Amil y Javier Iceta que comenz\u00f3 como un peque\u00f1o proyecto musical en un peque\u00f1o piso de Lavapi\u00e9s y termin\u00f3 de consolidarse como banda en la isla de Tenerife. Su estilo bebe principalmente del Noise pop y del Noise Rock junto a un amplio abanico de g\u00e9neros tales&hellip;","_links":{"self":[{"href":"https:\/\/cafelapalma.com\/en\/wp-json\/wp\/v2\/tribe_events\/28813","targetHints":{"allow":["GET"]}}],"collection":[{"href":"https:\/\/cafelapalma.com\/en\/wp-json\/wp\/v2\/tribe_events"}],"about":[{"href":"https:\/\/cafelapalma.com\/en\/wp-json\/wp\/v2\/types\/tribe_events"}],"author":[{"embeddable":true,"href":"https:\/\/cafelapalma.com\/en\/wp-json\/wp\/v2\/users\/2"}],"version-history":[{"count":0,"href":"https:\/\/cafelapalma.com\/en\/wp-json\/wp\/v2\/tribe_events\/28813\/revisions"}],"wp:featuredmedia":[{"embeddable":true,"href":"https:\/\/cafelapalma.com\/en\/wp-json\/wp\/v2\/media\/28815"}],"wp:attachment":[{"href":"https:\/\/cafelapalma.com\/en\/wp-json\/wp\/v2\/media?parent=28813"}],"wp:term":[{"taxonomy":"post_tag","embeddable":true,"href":"https:\/\/cafelapalma.com\/en\/wp-json\/wp\/v2\/tags?post=28813"},{"taxonomy":"tribe_events_cat","embeddable":true,"href":"https:\/\/cafelapalma.com\/en\/wp-json\/wp\/v2\/tribe_events_cat?post=28813"}],"curies":[{"name":"wp","href":"https:\/\/api.w.org\/{rel}","templated":true}]}}