{"id":28858,"date":"2024-05-13T11:52:37","date_gmt":"2024-05-13T09:52:37","guid":{"rendered":"https:\/\/cafelapalma.com\/?post_type=tribe_events&#038;p=28858"},"modified":"2024-05-13T11:52:39","modified_gmt":"2024-05-13T09:52:39","slug":"bambola-nights-live","status":"publish","type":"tribe_events","link":"https:\/\/cafelapalma.com\/en\/programacion\/bambola-nights-live\/","title":{"rendered":"ADIOS ADIOS + CIRQUI + OTRO"},"content":{"rendered":"<div  class=\"tribe-events-schedule tribe-clearfix\" >\n\t<p class=\"tribe-events-schedule__datetime\">\n\t\t<span class=\"tribe-events-schedule__date tribe-events-schedule__date--start\">\n\t\t\t06  June  2024\t\t<\/span>\n\n\t\t\t\t\t<span class=\"tribe-events-schedule__separator tribe-events-schedule__separator--date\">\n\t\t\t\t@\t\t\t<\/span>\n\t\t\t<span class=\"tribe-events-schedule__time tribe-events-schedule__time--start\">\n\t\t\t\t21:30\t\t\t<\/span>\n\t\t\n\t\t\t\t\t\t\t\t\t<span class=\"tribe-events-schedule__separator tribe-events-schedule__separator--time\">\n\t\t\t\t\t&#8211;\t\t\t\t<\/span>\n\t\t\t\n\t\t\t\t\t\t\t<span class=\"tribe-events-schedule__time tribe-events-schedule__time--end\">\n\t\t\t\t\t23:45\t\t\t\t<\/span>\n\t\t\t\n\t\t\t\t\t\t<\/p>\n<\/div>\n\n\n<div  class=\"tribe-block tribe-block__event-price\" >\n\t\t\t<span class=\"tribe-block__event-price__cost\"> 13\u20ac <\/span>\n\t\t\t\t<span class=\"tribe-block__event-price__description\">+ gg Anticipada | 16\u20ac Taquilla [ Incluye DOBLE DE CERVEZA DE BARRIL o REFRESCO ]<\/span>\n\t<\/div>\n\n\n\n<div style=\"height:100px\" aria-hidden=\"true\" class=\"wp-block-spacer\"><\/div>\n\n\n\n<div class=\"wp-block-columns is-layout-flex wp-container-core-columns-is-layout-8f761849 wp-block-columns-is-layout-flex\">\n<div class=\"wp-block-column is-layout-flow wp-block-column-is-layout-flow\" style=\"flex-basis:33.33%\">\n<figure class=\"wp-block-image size-full\"><img loading=\"lazy\" decoding=\"async\" width=\"375\" height=\"530\" src=\"https:\/\/cafelapalma.com\/wp-content\/uploads\/2024\/05\/BAMBOLA-FEST-A3-2-LOW.jpg\" alt=\"\" class=\"wp-image-28859\" srcset=\"https:\/\/cafelapalma.com\/wp-content\/uploads\/2024\/05\/BAMBOLA-FEST-A3-2-LOW.jpg 375w, https:\/\/cafelapalma.com\/wp-content\/uploads\/2024\/05\/BAMBOLA-FEST-A3-2-LOW-212x300.jpg 212w, https:\/\/cafelapalma.com\/wp-content\/uploads\/2024\/05\/BAMBOLA-FEST-A3-2-LOW-42x60.jpg 42w\" sizes=\"auto, (max-width: 375px) 100vw, 375px\" \/><\/figure>\n\n\n<div  class=\"tribe-block tribe-block__event-website\" >\n\t<a\n\t\thref=\"https:\/\/www.passline.com\/eventos\/bambola-nights\"\n\t\ttarget=\"_self\"\n\t\t\t>\n\t\tCOMPRAR ENTRADAS\t<\/a>\n<\/div>\n<\/div>\n\n\n\n<div class=\"wp-block-column is-layout-flow wp-block-column-is-layout-flow\" style=\"flex-basis:66.66%\">\n<p class=\"has-text-align-left wp-block-paragraph\"><strong>B\u00c1MBOLA NIGHTS<\/strong> es el evento con el que sale a la luz <strong>Oficina de Medianoche<\/strong>, un proyecto en colectivo que pretende desordenar felizmente los circuitos de los eventos musicales y dar apoyo y espacio a artistas musicales emergentes.<\/p>\n\n\n\n<p class=\"has-text-align-left wp-block-paragraph\">En esta ocasi\u00f3n se dar\u00e1 visibilidad a los sonidos de la rumba, la copla y el flamenco. invitando a artistas m\u00e1s familiarizados con el experimental y la electr\u00f3nica a explorar estos sonidos, generando un espacio de prueba l\u00fadica, experimentaci\u00f3n y juego sonoro. Se trata de generar cruces que posibiliten cambios en la escena musical: el cruce entre artistas emergentes y un p\u00fablico en sala que pueda conocerlos, el cruce entre el techno, el trip hop o el ambient con sonidos y estilos que creemos propios de otro lugar o de otro momento, pero que ganan una nueva vida gracias a este inesperado encuentro.<\/p>\n\n\n\n<p class=\"has-text-align-left wp-block-paragraph\">En el slot de conciertos, contaremos con los lives de <strong>Adi\u00f3s Adi\u00f3s<\/strong>, <strong>Cirqui <\/strong>(con <strong>love_letter.mp3<\/strong>) y <strong>Otro<\/strong>.<\/p>\n\n\n\n<p class=\"has-text-align-left wp-block-paragraph\"><strong>Fabio <\/strong>compone bajo la firma de <strong>ADIOS ADIOS <\/strong>temas desgarradores con los que asomarse al pozo que cada persona tiene en su interior. Como <strong>Fort Bravo<\/strong>, es un puente sonoro entre el grunge del lejano oeste y la sensibilidad andaluza de guitarras al sol.<\/p>\n\n\n\n<p class=\"has-text-align-right wp-block-paragraph\"><em><a href=\"https:\/\/open.spotify.com\/intl-es\/artist\/7dkQJjRW0q4DwT4x4ix9Vd?si=l_Jcro2OSsyElNZU_beZGQ\">Escucha a <\/a><\/em><strong><a href=\"https:\/\/open.spotify.com\/intl-es\/artist\/7dkQJjRW0q4DwT4x4ix9Vd?si=l_Jcro2OSsyElNZU_beZGQ\">ADIOS ADIOS <\/a><\/strong><em><a href=\"https:\/\/open.spotify.com\/intl-es\/artist\/7dkQJjRW0q4DwT4x4ix9Vd?si=l_Jcro2OSsyElNZU_beZGQ\">en <\/a><\/em><strong><a href=\"https:\/\/open.spotify.com\/intl-es\/artist\/7dkQJjRW0q4DwT4x4ix9Vd?si=l_Jcro2OSsyElNZU_beZGQ\">Spotify<\/a><\/strong><\/p>\n\n\n\n<p class=\"has-text-align-left wp-block-paragraph\"><strong>CIRQUI (con love_letter.mp3)<\/strong> es el proyecto de <strong>Mar\u00eda Riera<\/strong>, quien se acerca a lo popular desde la contemplaci\u00f3n y la abstracci\u00f3n, combinando la experimentaci\u00f3n con ritmos org\u00e1nicos junto con melod\u00edas electr\u00f3nicas que rayan en lo atonal. Resultan de esta mezcla unos sonidos mullidos, l\u00edquidos, refrescantes, que casi se pueden tocar.<\/p>\n\n\n\n<p class=\"has-text-align-right wp-block-paragraph\"><em><a href=\"https:\/\/open.spotify.com\/intl-es\/artist\/7Lpv8EHscQcwXcIeBXxVxz?si=KWkShYkBQ3Suo9y6IKbzjw\">Escucha a <\/a><\/em><strong><a href=\"https:\/\/open.spotify.com\/intl-es\/artist\/7Lpv8EHscQcwXcIeBXxVxz?si=KWkShYkBQ3Suo9y6IKbzjw\">CIRQUI <\/a><\/strong><em><a href=\"https:\/\/open.spotify.com\/intl-es\/artist\/7Lpv8EHscQcwXcIeBXxVxz?si=KWkShYkBQ3Suo9y6IKbzjw\">en <\/a><\/em><strong><a href=\"https:\/\/open.spotify.com\/intl-es\/artist\/7Lpv8EHscQcwXcIeBXxVxz?si=KWkShYkBQ3Suo9y6IKbzjw\">Spotify<\/a><\/strong><\/p>\n\n\n\n<p class=\"has-text-align-left wp-block-paragraph\"><strong>Aaron Morris<\/strong> es <strong>OTRO<\/strong>, afamado productor de un buen pu\u00f1ado de artistas de <strong>Valencia<\/strong>. En sus producciones se aprecia un sonido pr\u00edstino e impecable y, en los \u00faltimos tiempos, su proyecto personal se caracteriza por una evidente apreciaci\u00f3n del esp\u00edritu m\u00e1s primitivo de la rumba callejera.<\/p>\n\n\n\n<p class=\"has-text-align-right wp-block-paragraph\"><em><a href=\"https:\/\/open.spotify.com\/intl-es\/artist\/5WLKVJGJWUubfyG8KSfuvK?si=g4DY3TH1TNiW8dbqov2qpw\">Escucha a <\/a><\/em><strong><a href=\"https:\/\/open.spotify.com\/intl-es\/artist\/5WLKVJGJWUubfyG8KSfuvK?si=g4DY3TH1TNiW8dbqov2qpw\">OTRO<\/a><\/strong><em><a href=\"https:\/\/open.spotify.com\/intl-es\/artist\/5WLKVJGJWUubfyG8KSfuvK?si=g4DY3TH1TNiW8dbqov2qpw\"> en <\/a><\/em><strong><a href=\"https:\/\/open.spotify.com\/intl-es\/artist\/5WLKVJGJWUubfyG8KSfuvK?si=g4DY3TH1TNiW8dbqov2qpw\">Spotify<\/a><\/strong><\/p>\n\n\n\n<p class=\"has-text-align-left wp-block-paragraph\">Os invitamos a pasar juntos la medianoche m\u00e1s rumbera.<\/p>\n<\/div>\n<\/div>\n\n\n\n<div style=\"height:100px\" aria-hidden=\"true\" class=\"wp-block-spacer\"><\/div>\n\n\n\n<hr class=\"wp-block-separator has-alpha-channel-opacity\"\/>\n\n\n\n<div style=\"height:100px\" aria-hidden=\"true\" class=\"wp-block-spacer\"><\/div>\n\n\n<h2 class=\"tribe-block__related-events__title\">Related Events<\/h2>\n\n<ul  class=\"tribe-related-events tribe-clearfix\" >\n\t\t\t<li>\n\t\n<div class=\"tribe-related-events-thumbnail\">\n\t<a href=\"https:\/\/cafelapalma.com\/en\/programacion\/funkin-donuts\/\" class=\"url\" rel=\"bookmark\" tabindex=\"-1\" aria-hidden=\"true\"><img loading=\"lazy\" decoding=\"async\" width=\"693\" height=\"1040\" src=\"https:\/\/cafelapalma.com\/wp-content\/uploads\/2026\/07\/FD-vert2-bn-693x1040.jpg\" class=\"attachment-large size-large wp-post-image\" alt=\"\" \/><\/a>\n<\/div>\n\t<div class=\"tribe-related-event-info\">\n\t<h3 class=\"tribe-related-events-title\">\n\t\t<a href=\"https:\/\/cafelapalma.com\/en\/programacion\/funkin-donuts\/\" class=\"tribe-event-url\" rel=\"bookmark\">\n\t\t\tFUNKIN&#8217; DONUTS\t\t<\/a>\n\t<\/h3>\n\t<span class=\"tribe-event-date-start\">5  September@22:00<\/span><span class=\"tribe-event-time\">23:45<\/span><\/div>\n<\/li>\n\t\t\t<li>\n\t\n<div class=\"tribe-related-events-thumbnail\">\n\t<a href=\"https:\/\/cafelapalma.com\/en\/programacion\/backstage-le-petit-truffle-mayo\/\" class=\"url\" rel=\"bookmark\" tabindex=\"-1\" aria-hidden=\"true\"><img loading=\"lazy\" decoding=\"async\" width=\"780\" height=\"1040\" src=\"https:\/\/cafelapalma.com\/wp-content\/uploads\/2026\/07\/Imagen-TruffleMayo-LePetit-i-1-780x1040.png\" class=\"attachment-large size-large wp-post-image\" alt=\"\" \/><\/a>\n<\/div>\n\t<div class=\"tribe-related-event-info\">\n\t<h3 class=\"tribe-related-events-title\">\n\t\t<a href=\"https:\/\/cafelapalma.com\/en\/programacion\/backstage-le-petit-truffle-mayo\/\" class=\"tribe-event-url\" rel=\"bookmark\">\n\t\t\tBACKSTAGE: LE PETIT + TRUFFLE MAYO\t\t<\/a>\n\t<\/h3>\n\t<span class=\"tribe-event-date-start\">5  September@23:55<\/span><\/div>\n<\/li>\n\t\t\t<li>\n\t\n<div class=\"tribe-related-events-thumbnail\">\n\t<a href=\"https:\/\/cafelapalma.com\/en\/programacion\/willie-deville-concierto-benefico-x-venezuela\/\" class=\"url\" rel=\"bookmark\" tabindex=\"-1\" aria-hidden=\"true\"><img loading=\"lazy\" decoding=\"async\" width=\"1020\" height=\"531\" src=\"https:\/\/cafelapalma.com\/wp-content\/uploads\/2026\/08\/Willie-deville-1100x572-1-1040x541.jpg\" class=\"attachment-large size-large wp-post-image\" alt=\"\" \/><\/a>\n<\/div>\n\t<div class=\"tribe-related-event-info\">\n\t<h3 class=\"tribe-related-events-title\">\n\t\t<a href=\"https:\/\/cafelapalma.com\/en\/programacion\/willie-deville-concierto-benefico-x-venezuela\/\" class=\"tribe-event-url\" rel=\"bookmark\">\n\t\t\tWILLIE DEVILLE: CONCIERTO BEN\u00c9FICO X VENEZUELA\t\t<\/a>\n\t<\/h3>\n\t<span class=\"tribe-event-date-start\">6  September@21:00<\/span><span class=\"tribe-event-time\">23:45<\/span><\/div>\n<\/li>\n\t<\/ul>\n","protected":false},"excerpt":{"rendered":"<p>B\u00c1MBOLA NIGHTS es el evento con el que sale a la luz Oficina de Medianoche, un proyecto en colectivo que pretende desordenar felizmente los circuitos de los eventos musicales y dar apoyo y espacio a artistas musicales emergentes. En esta ocasi\u00f3n se dar\u00e1 visibilidad a los sonidos de la rumba, la copla y el flamenco. &hellip; <\/p>","protected":false},"author":2,"featured_media":28860,"template":"","meta":{"_tec_requires_first_save":false,"_uag_custom_page_level_css":"","loftloader_page_shortcode":"","_EventAllDay":false,"_EventTimezone":"Europe\/Madrid","_EventStartDate":"2024-06-06 21:30:00","_EventEndDate":"2024-06-06 23:45:00","_EventStartDateUTC":"2024-06-06 19:30:00","_EventEndDateUTC":"2024-06-06 21:45:00","_EventShowMap":false,"_EventShowMapLink":false,"_EventURL":"https:\/\/www.passline.com\/eventos\/bambola-nights","_EventCost":"13","_EventCostDescription":"","_EventCurrencySymbol":"\u20ac","_EventCurrencyCode":"USD","_EventCurrencyPosition":"suffix","_EventDateTimeSeparator":"@","_EventTimeRangeSeparator":"-","_EventOrganizerID":[],"_EventVenueID":[],"_OrganizerEmail":"","_OrganizerPhone":"","_OrganizerWebsite":"","_VenueAddress":"","_VenueCity":"","_VenueCountry":"","_VenueProvince":"","_VenueState":"","_VenueZip":"","_VenuePhone":"","_VenueURL":"","_VenueStateProvince":"","_VenueLat":"","_VenueLng":"","_VenueShowMap":false,"_VenueShowMapLink":false,"_tribe_blocks_recurrence_rules":"","_tribe_blocks_recurrence_description":"","_tribe_blocks_recurrence_exclusions":"","_ecp_custom_2":"","_tribe_events_status":"","_tribe_events_status_reason":"","_tribe_events_is_hybrid":"","_tribe_events_is_virtual":"","_tribe_events_virtual_video_source":"","_tribe_events_virtual_embed_video":"","_tribe_events_virtual_linked_button_text":"","_tribe_events_virtual_linked_button":"","_tribe_events_virtual_show_embed_at":"","_tribe_events_virtual_show_embed_to":[],"_tribe_events_virtual_show_on_event":"","_tribe_events_virtual_show_on_views":"","_tribe_events_virtual_url":"","footnotes":""},"tags":[15729,15724,15723,1363,8869,15725,2865,9147,9146,9455,15727,15728,15722,15726,9535,11468],"tribe_events_cat":[8963],"class_list":["post-28858","tribe_events","type-tribe_events","status-publish","has-post-thumbnail","hentry","tag-aaron-morris","tag-adios-adios","tag-bambola-nights","tag-cafe-la-palma","tag-cafe-la-palma-2","tag-cirqui","tag-conciertos-cafe-la-palma","tag-conciertos-madrid","tag-conciertos-malasana","tag-flamenco","tag-love_letter-mp3","tag-maria-riera","tag-oficina-de-medianoche","tag-otro","tag-rumba","tag-valeria-xu","tribe_events_cat-concierto","cat_concierto"],"uagb_featured_image_src":{"full":["https:\/\/cafelapalma.com\/wp-content\/uploads\/2024\/05\/BAMBOLA-NIGHTS-FRONT-1.jpg",1080,1920,false],"thumbnail":["https:\/\/cafelapalma.com\/wp-content\/uploads\/2024\/05\/BAMBOLA-NIGHTS-FRONT-1-150x150.jpg",150,150,true],"medium":["https:\/\/cafelapalma.com\/wp-content\/uploads\/2024\/05\/BAMBOLA-NIGHTS-FRONT-1-169x300.jpg",169,300,true],"medium_large":["https:\/\/cafelapalma.com\/wp-content\/uploads\/2024\/05\/BAMBOLA-NIGHTS-FRONT-1-768x1365.jpg",768,1365,true],"large":["https:\/\/cafelapalma.com\/wp-content\/uploads\/2024\/05\/BAMBOLA-NIGHTS-FRONT-1-585x1040.jpg",585,1040,true],"1536x1536":["https:\/\/cafelapalma.com\/wp-content\/uploads\/2024\/05\/BAMBOLA-NIGHTS-FRONT-1-864x1536.jpg",864,1536,true],"2048x2048":["https:\/\/cafelapalma.com\/wp-content\/uploads\/2024\/05\/BAMBOLA-NIGHTS-FRONT-1.jpg",1080,1920,false],"trp-custom-language-flag":["https:\/\/cafelapalma.com\/wp-content\/uploads\/2024\/05\/BAMBOLA-NIGHTS-FRONT-1.jpg",7,12,false],"blossom-feminine-slider":["https:\/\/cafelapalma.com\/wp-content\/uploads\/2024\/05\/BAMBOLA-NIGHTS-FRONT-1-1080x649.jpg",1080,649,true],"blossom-feminine-featured":["https:\/\/cafelapalma.com\/wp-content\/uploads\/2024\/05\/BAMBOLA-NIGHTS-FRONT-1-1080x600.jpg",1080,600,true],"blossom-feminine-with-sidebar":["https:\/\/cafelapalma.com\/wp-content\/uploads\/2024\/05\/BAMBOLA-NIGHTS-FRONT-1-1020x600.jpg",1020,600,true],"blossom-feminine-blog":["https:\/\/cafelapalma.com\/wp-content\/uploads\/2024\/05\/BAMBOLA-NIGHTS-FRONT-1-435x435.jpg",435,435,true],"blossom-feminine-cat":["https:\/\/cafelapalma.com\/wp-content\/uploads\/2024\/05\/BAMBOLA-NIGHTS-FRONT-1-450x300.jpg",450,300,true],"blossom-feminine-related":["https:\/\/cafelapalma.com\/wp-content\/uploads\/2024\/05\/BAMBOLA-NIGHTS-FRONT-1-320x200.jpg",320,200,true],"blossom-feminine-schema":["https:\/\/cafelapalma.com\/wp-content\/uploads\/2024\/05\/BAMBOLA-NIGHTS-FRONT-1-34x60.jpg",34,60,true]},"uagb_author_info":{"display_name":"Victor","author_link":"https:\/\/cafelapalma.com\/en\/author\/comunicacion\/"},"uagb_comment_info":0,"uagb_excerpt":"B\u00c1MBOLA NIGHTS es el evento con el que sale a la luz Oficina de Medianoche, un proyecto en colectivo que pretende desordenar felizmente los circuitos de los eventos musicales y dar apoyo y espacio a artistas musicales emergentes. En esta ocasi\u00f3n se dar\u00e1 visibilidad a los sonidos de la rumba, la copla y el flamenco.&hellip;","_links":{"self":[{"href":"https:\/\/cafelapalma.com\/en\/wp-json\/wp\/v2\/tribe_events\/28858","targetHints":{"allow":["GET"]}}],"collection":[{"href":"https:\/\/cafelapalma.com\/en\/wp-json\/wp\/v2\/tribe_events"}],"about":[{"href":"https:\/\/cafelapalma.com\/en\/wp-json\/wp\/v2\/types\/tribe_events"}],"author":[{"embeddable":true,"href":"https:\/\/cafelapalma.com\/en\/wp-json\/wp\/v2\/users\/2"}],"version-history":[{"count":0,"href":"https:\/\/cafelapalma.com\/en\/wp-json\/wp\/v2\/tribe_events\/28858\/revisions"}],"wp:featuredmedia":[{"embeddable":true,"href":"https:\/\/cafelapalma.com\/en\/wp-json\/wp\/v2\/media\/28860"}],"wp:attachment":[{"href":"https:\/\/cafelapalma.com\/en\/wp-json\/wp\/v2\/media?parent=28858"}],"wp:term":[{"taxonomy":"post_tag","embeddable":true,"href":"https:\/\/cafelapalma.com\/en\/wp-json\/wp\/v2\/tags?post=28858"},{"taxonomy":"tribe_events_cat","embeddable":true,"href":"https:\/\/cafelapalma.com\/en\/wp-json\/wp\/v2\/tribe_events_cat?post=28858"}],"curies":[{"name":"wp","href":"https:\/\/api.w.org\/{rel}","templated":true}]}}