{"id":28862,"date":"2024-05-13T11:53:15","date_gmt":"2024-05-13T09:53:15","guid":{"rendered":"https:\/\/cafelapalma.com\/programacion\/bambola-nights-live-copy\/"},"modified":"2024-05-13T12:00:22","modified_gmt":"2024-05-13T10:00:22","slug":"bambola-nights-djing","status":"publish","type":"tribe_events","link":"https:\/\/cafelapalma.com\/en\/programacion\/bambola-nights-djing\/","title":{"rendered":"DJ FINAL BOSS + ROBZZZ + DEREK V. BULCKE"},"content":{"rendered":"<div  class=\"tribe-events-schedule tribe-clearfix\" >\n\t<p class=\"tribe-events-schedule__datetime\">\n\t\t<span class=\"tribe-events-schedule__date tribe-events-schedule__date--start\">\n\t\t\t06  June  2024\t\t<\/span>\n\n\t\t\t\t\t<span class=\"tribe-events-schedule__separator tribe-events-schedule__separator--date\">\n\t\t\t\t@\t\t\t<\/span>\n\t\t\t<span class=\"tribe-events-schedule__time tribe-events-schedule__time--start\">\n\t\t\t\t23:50\t\t\t<\/span>\n\t\t\n\t\t\t\t\t\t\t\t\t<span class=\"tribe-events-schedule__separator tribe-events-schedule__separator--time\">\n\t\t\t\t\t&#8211;\t\t\t\t<\/span>\n\t\t\t\n\t\t\t\t\t\t\t<span class=\"tribe-events-schedule__time tribe-events-schedule__time--end\">\n\t\t\t\t\t23:55\t\t\t\t<\/span>\n\t\t\t\n\t\t\t\t\t\t<\/p>\n<\/div>\n\n\n<div  class=\"tribe-block tribe-block__event-price\" >\n\t\t\t<span class=\"tribe-block__event-price__cost\"> ENTRADA LIBRE <\/span>\n\t\t<\/div>\n\n\n\n<div style=\"height:100px\" aria-hidden=\"true\" class=\"wp-block-spacer\"><\/div>\n\n\n\n<div class=\"wp-block-columns is-layout-flex wp-container-core-columns-is-layout-8f761849 wp-block-columns-is-layout-flex\">\n<div class=\"wp-block-column is-layout-flow wp-block-column-is-layout-flow\" style=\"flex-basis:33.33%\">\n<figure class=\"wp-block-image size-full\"><img loading=\"lazy\" decoding=\"async\" width=\"375\" height=\"530\" src=\"https:\/\/cafelapalma.com\/wp-content\/uploads\/2024\/05\/BAMBOLA-FEST-A3-2-LOW.jpg\" alt=\"\" class=\"wp-image-28859\" srcset=\"https:\/\/cafelapalma.com\/wp-content\/uploads\/2024\/05\/BAMBOLA-FEST-A3-2-LOW.jpg 375w, https:\/\/cafelapalma.com\/wp-content\/uploads\/2024\/05\/BAMBOLA-FEST-A3-2-LOW-212x300.jpg 212w, https:\/\/cafelapalma.com\/wp-content\/uploads\/2024\/05\/BAMBOLA-FEST-A3-2-LOW-42x60.jpg 42w\" sizes=\"auto, (max-width: 375px) 100vw, 375px\" \/><\/figure>\n<\/div>\n\n\n\n<div class=\"wp-block-column is-layout-flow wp-block-column-is-layout-flow\" style=\"flex-basis:66.66%\">\n<p class=\"has-text-align-left wp-block-paragraph\"><strong>B\u00c1MBOLA NIGHTS<\/strong> es el evento con el que sale a la luz <strong>Oficina de Medianoche<\/strong>, un proyecto en colectivo que pretende desordenar felizmente los circuitos de los eventos musicales y dar apoyo y espacio a artistas musicales emergentes.<\/p>\n\n\n\n<p class=\"has-text-align-left wp-block-paragraph\">En esta ocasi\u00f3n se dar\u00e1 visibilidad a los sonidos de la rumba, la copla y el flamenco. invitando a artistas m\u00e1s familiarizados con el experimental y la electr\u00f3nica a explorar estos sonidos, generando un espacio de prueba l\u00fadica, experimentaci\u00f3n y juego sonoro. Se trata de generar cruces que posibiliten cambios en la escena musical: el cruce entre artistas emergentes y un p\u00fablico en sala que pueda conocerlos, el cruce entre el techno, el trip hop o el ambient con sonidos y estilos que creemos propios de otro lugar o de otro momento, pero que ganan una nueva vida gracias a este inesperado encuentro.<\/p>\n\n\n\n<p class=\"has-text-align-left wp-block-paragraph\">En el slot de club, contaremos con los lives de <strong>Dj Final Boss, ROBZZZ<\/strong> y <strong>Derek V. Bulcke<\/strong>.<\/p>\n\n\n\n<p class=\"has-text-align-left wp-block-paragraph\"><strong>DJ Final Boss: <\/strong>En el proyecto de djing de la artista <strong>LVL1 <\/strong>se abandonan las melod\u00edas cl\u00e1sicas de su proyecto art\u00edstico para dar paso a los ritmos hard dance, m\u00e1kina e hyperpop. Los sets de <strong>Final Boss<\/strong> abren un canal de comunicaci\u00f3n con lo cibern\u00e9tico y sus l\u00edneas virtuales de variaci\u00f3n infinita.<\/p>\n\n\n\n<p class=\"has-text-align-left wp-block-paragraph\"><strong>ROBZZZ: <\/strong>Desde el folklore hacia el tecno, <strong>Robzzz <\/strong>mezcla y produce canciones tanto en solitario como en su proyecto colaborativo <strong>Plasaporros<\/strong>, donde imperan ritmos ecl\u00e9cticos y maquineros capaces de resucitar a un muerto. Como dj, su gusto se caracteriza por ser fresco y directo, por hacer que te olvides completamente de lo que pasa al otro lado de la sala.<\/p>\n\n\n\n<p class=\"has-text-align-left wp-block-paragraph\"><strong>Derek V. Bulcke:<\/strong> Intensidad y jolgorio pasan por el filtro ultraproducido de <strong>Derek Van Den Bulcke<\/strong>, un artista afincado en <strong>Murcia <\/strong>cuya influencia bebe tanto del acid house, la escena rave y el techno de Detroit como del barrio que lo rodea. Se especializa tanto en la producci\u00f3n \/ Djing de esta fusi\u00f3n que \u00e9l denomina flamenco noise como en los visuales con que lo acompa\u00f1a.<\/p>\n\n\n\n<p class=\"has-text-align-left wp-block-paragraph\">Os invitamos a pasar juntos la medianoche m\u00e1s rumbera.<\/p>\n<\/div>\n<\/div>\n\n\n\n<div style=\"height:100px\" aria-hidden=\"true\" class=\"wp-block-spacer\"><\/div>\n\n\n\n<hr class=\"wp-block-separator has-alpha-channel-opacity\"\/>\n\n\n\n<div style=\"height:100px\" aria-hidden=\"true\" class=\"wp-block-spacer\"><\/div>\n\n\n<h2 class=\"tribe-block__related-events__title\">Related Events<\/h2>\n\n<ul  class=\"tribe-related-events tribe-clearfix\" >\n\t\t\t<li>\n\t\n<div class=\"tribe-related-events-thumbnail\">\n\t<a href=\"https:\/\/cafelapalma.com\/en\/programacion\/funkin-donuts\/\" class=\"url\" rel=\"bookmark\" tabindex=\"-1\" aria-hidden=\"true\"><img loading=\"lazy\" decoding=\"async\" width=\"693\" height=\"1040\" src=\"https:\/\/cafelapalma.com\/wp-content\/uploads\/2026\/07\/FD-vert2-bn-693x1040.jpg\" class=\"attachment-large size-large wp-post-image\" alt=\"\" \/><\/a>\n<\/div>\n\t<div class=\"tribe-related-event-info\">\n\t<h3 class=\"tribe-related-events-title\">\n\t\t<a href=\"https:\/\/cafelapalma.com\/en\/programacion\/funkin-donuts\/\" class=\"tribe-event-url\" rel=\"bookmark\">\n\t\t\tFUNKIN&#8217; DONUTS\t\t<\/a>\n\t<\/h3>\n\t<span class=\"tribe-event-date-start\">5  September@22:00<\/span><span class=\"tribe-event-time\">23:45<\/span><\/div>\n<\/li>\n\t\t\t<li>\n\t\n<div class=\"tribe-related-events-thumbnail\">\n\t<a href=\"https:\/\/cafelapalma.com\/en\/programacion\/backstage-le-petit-truffle-mayo\/\" class=\"url\" rel=\"bookmark\" tabindex=\"-1\" aria-hidden=\"true\"><img loading=\"lazy\" decoding=\"async\" width=\"780\" height=\"1040\" src=\"https:\/\/cafelapalma.com\/wp-content\/uploads\/2026\/07\/Imagen-TruffleMayo-LePetit-i-1-780x1040.png\" class=\"attachment-large size-large wp-post-image\" alt=\"\" \/><\/a>\n<\/div>\n\t<div class=\"tribe-related-event-info\">\n\t<h3 class=\"tribe-related-events-title\">\n\t\t<a href=\"https:\/\/cafelapalma.com\/en\/programacion\/backstage-le-petit-truffle-mayo\/\" class=\"tribe-event-url\" rel=\"bookmark\">\n\t\t\tBACKSTAGE: LE PETIT + TRUFFLE MAYO\t\t<\/a>\n\t<\/h3>\n\t<span class=\"tribe-event-date-start\">5  September@23:55<\/span><\/div>\n<\/li>\n\t\t\t<li>\n\t\n<div class=\"tribe-related-events-thumbnail\">\n\t<a href=\"https:\/\/cafelapalma.com\/en\/programacion\/willie-deville-concierto-benefico-x-venezuela\/\" class=\"url\" rel=\"bookmark\" tabindex=\"-1\" aria-hidden=\"true\"><img loading=\"lazy\" decoding=\"async\" width=\"1020\" height=\"531\" src=\"https:\/\/cafelapalma.com\/wp-content\/uploads\/2026\/08\/Willie-deville-1100x572-1-1040x541.jpg\" class=\"attachment-large size-large wp-post-image\" alt=\"\" \/><\/a>\n<\/div>\n\t<div class=\"tribe-related-event-info\">\n\t<h3 class=\"tribe-related-events-title\">\n\t\t<a href=\"https:\/\/cafelapalma.com\/en\/programacion\/willie-deville-concierto-benefico-x-venezuela\/\" class=\"tribe-event-url\" rel=\"bookmark\">\n\t\t\tWILLIE DEVILLE: CONCIERTO BEN\u00c9FICO X VENEZUELA\t\t<\/a>\n\t<\/h3>\n\t<span class=\"tribe-event-date-start\">6  September@21:00<\/span><span class=\"tribe-event-time\">23:45<\/span><\/div>\n<\/li>\n\t<\/ul>","protected":false},"excerpt":{"rendered":"<p>B\u00c1MBOLA NIGHTS es el evento con el que sale a la luz Oficina de Medianoche, un proyecto en colectivo que pretende desordenar felizmente los circuitos de los eventos musicales y dar apoyo y espacio a artistas musicales emergentes. En esta ocasi\u00f3n se dar\u00e1 visibilidad a los sonidos de la rumba, la copla y el flamenco. &hellip; <\/p>","protected":false},"author":2,"featured_media":28860,"template":"","meta":{"_tec_requires_first_save":false,"_uag_custom_page_level_css":"","loftloader_page_shortcode":"","_EventAllDay":false,"_EventTimezone":"Europe\/Madrid","_EventStartDate":"2024-06-06 23:50:00","_EventEndDate":"2024-06-06 23:55:00","_EventStartDateUTC":"2024-06-06 21:50:00","_EventEndDateUTC":"2024-06-06 21:55:00","_EventShowMap":false,"_EventShowMapLink":false,"_EventURL":"https:\/\/www.passline.com\/eventos\/bambola-nights","_EventCost":"ENTRADA LIBRE","_EventCostDescription":"","_EventCurrencySymbol":"\u20ac","_EventCurrencyCode":"USD","_EventCurrencyPosition":"suffix","_EventDateTimeSeparator":"@","_EventTimeRangeSeparator":"-","_EventOrganizerID":[],"_EventVenueID":[],"_OrganizerEmail":"","_OrganizerPhone":"","_OrganizerWebsite":"","_VenueAddress":"","_VenueCity":"","_VenueCountry":"","_VenueProvince":"","_VenueState":"","_VenueZip":"","_VenuePhone":"","_VenueURL":"","_VenueStateProvince":"","_VenueLat":"","_VenueLng":"","_VenueShowMap":false,"_VenueShowMapLink":false,"_tribe_blocks_recurrence_rules":"","_tribe_blocks_recurrence_description":"","_tribe_blocks_recurrence_exclusions":"","_ecp_custom_2":"","_tribe_events_status":"","_tribe_events_status_reason":"","_tribe_events_is_hybrid":"","_tribe_events_is_virtual":"","_tribe_events_virtual_video_source":"","_tribe_events_virtual_embed_video":"","_tribe_events_virtual_linked_button_text":"","_tribe_events_virtual_linked_button":"","_tribe_events_virtual_show_embed_at":"","_tribe_events_virtual_show_embed_to":[],"_tribe_events_virtual_show_on_event":"","_tribe_events_virtual_show_on_views":"","_tribe_events_virtual_url":"","footnotes":""},"tags":[10466,15723,1363,9225,15725,15732,15730,9226,9227,1357,12403,9746,10432,15733,15722,15734,15731,11468],"tribe_events_cat":[8964],"class_list":["post-28862","tribe_events","type-tribe_events","status-publish","has-post-thumbnail","hentry","tag-acid-house","tag-bambola-nights","tag-cafe-la-palma","tag-cafe-la-palma-clubbing","tag-cirqui","tag-derek-v-bulcke","tag-dj-final-boss","tag-djs-madrid","tag-djs-malasana","tag-electronica","tag-hard-dance","tag-hyperpop","tag-lvl1","tag-makina-2","tag-oficina-de-medianoche","tag-plasaporros","tag-robzzz","tag-valeria-xu","tribe_events_cat-clubbing","cat_clubbing"],"uagb_featured_image_src":{"full":["https:\/\/cafelapalma.com\/wp-content\/uploads\/2024\/05\/BAMBOLA-NIGHTS-FRONT-1.jpg",1080,1920,false],"thumbnail":["https:\/\/cafelapalma.com\/wp-content\/uploads\/2024\/05\/BAMBOLA-NIGHTS-FRONT-1-150x150.jpg",150,150,true],"medium":["https:\/\/cafelapalma.com\/wp-content\/uploads\/2024\/05\/BAMBOLA-NIGHTS-FRONT-1-169x300.jpg",169,300,true],"medium_large":["https:\/\/cafelapalma.com\/wp-content\/uploads\/2024\/05\/BAMBOLA-NIGHTS-FRONT-1-768x1365.jpg",768,1365,true],"large":["https:\/\/cafelapalma.com\/wp-content\/uploads\/2024\/05\/BAMBOLA-NIGHTS-FRONT-1-585x1040.jpg",585,1040,true],"1536x1536":["https:\/\/cafelapalma.com\/wp-content\/uploads\/2024\/05\/BAMBOLA-NIGHTS-FRONT-1-864x1536.jpg",864,1536,true],"2048x2048":["https:\/\/cafelapalma.com\/wp-content\/uploads\/2024\/05\/BAMBOLA-NIGHTS-FRONT-1.jpg",1080,1920,false],"trp-custom-language-flag":["https:\/\/cafelapalma.com\/wp-content\/uploads\/2024\/05\/BAMBOLA-NIGHTS-FRONT-1.jpg",7,12,false],"blossom-feminine-slider":["https:\/\/cafelapalma.com\/wp-content\/uploads\/2024\/05\/BAMBOLA-NIGHTS-FRONT-1-1080x649.jpg",1080,649,true],"blossom-feminine-featured":["https:\/\/cafelapalma.com\/wp-content\/uploads\/2024\/05\/BAMBOLA-NIGHTS-FRONT-1-1080x600.jpg",1080,600,true],"blossom-feminine-with-sidebar":["https:\/\/cafelapalma.com\/wp-content\/uploads\/2024\/05\/BAMBOLA-NIGHTS-FRONT-1-1020x600.jpg",1020,600,true],"blossom-feminine-blog":["https:\/\/cafelapalma.com\/wp-content\/uploads\/2024\/05\/BAMBOLA-NIGHTS-FRONT-1-435x435.jpg",435,435,true],"blossom-feminine-cat":["https:\/\/cafelapalma.com\/wp-content\/uploads\/2024\/05\/BAMBOLA-NIGHTS-FRONT-1-450x300.jpg",450,300,true],"blossom-feminine-related":["https:\/\/cafelapalma.com\/wp-content\/uploads\/2024\/05\/BAMBOLA-NIGHTS-FRONT-1-320x200.jpg",320,200,true],"blossom-feminine-schema":["https:\/\/cafelapalma.com\/wp-content\/uploads\/2024\/05\/BAMBOLA-NIGHTS-FRONT-1-34x60.jpg",34,60,true]},"uagb_author_info":{"display_name":"Victor","author_link":"https:\/\/cafelapalma.com\/en\/author\/comunicacion\/"},"uagb_comment_info":0,"uagb_excerpt":"B\u00c1MBOLA NIGHTS es el evento con el que sale a la luz Oficina de Medianoche, un proyecto en colectivo que pretende desordenar felizmente los circuitos de los eventos musicales y dar apoyo y espacio a artistas musicales emergentes. En esta ocasi\u00f3n se dar\u00e1 visibilidad a los sonidos de la rumba, la copla y el flamenco.&hellip;","_links":{"self":[{"href":"https:\/\/cafelapalma.com\/en\/wp-json\/wp\/v2\/tribe_events\/28862","targetHints":{"allow":["GET"]}}],"collection":[{"href":"https:\/\/cafelapalma.com\/en\/wp-json\/wp\/v2\/tribe_events"}],"about":[{"href":"https:\/\/cafelapalma.com\/en\/wp-json\/wp\/v2\/types\/tribe_events"}],"author":[{"embeddable":true,"href":"https:\/\/cafelapalma.com\/en\/wp-json\/wp\/v2\/users\/2"}],"version-history":[{"count":0,"href":"https:\/\/cafelapalma.com\/en\/wp-json\/wp\/v2\/tribe_events\/28862\/revisions"}],"wp:featuredmedia":[{"embeddable":true,"href":"https:\/\/cafelapalma.com\/en\/wp-json\/wp\/v2\/media\/28860"}],"wp:attachment":[{"href":"https:\/\/cafelapalma.com\/en\/wp-json\/wp\/v2\/media?parent=28862"}],"wp:term":[{"taxonomy":"post_tag","embeddable":true,"href":"https:\/\/cafelapalma.com\/en\/wp-json\/wp\/v2\/tags?post=28862"},{"taxonomy":"tribe_events_cat","embeddable":true,"href":"https:\/\/cafelapalma.com\/en\/wp-json\/wp\/v2\/tribe_events_cat?post=28862"}],"curies":[{"name":"wp","href":"https:\/\/api.w.org\/{rel}","templated":true}]}}