{"id":28887,"date":"2024-05-16T12:23:03","date_gmt":"2024-05-16T10:23:03","guid":{"rendered":"https:\/\/cafelapalma.com\/?post_type=tribe_events&#038;p=28887"},"modified":"2024-06-24T10:13:09","modified_gmt":"2024-06-24T08:13:09","slug":"zirconita","status":"publish","type":"tribe_events","link":"https:\/\/cafelapalma.com\/en\/programacion\/zirconita\/","title":{"rendered":"DIA DE LA M\u00daSICA 2024: ZIRCONITA"},"content":{"rendered":"<div  class=\"tribe-events-schedule tribe-clearfix\" >\n\t<p class=\"tribe-events-schedule__datetime\">\n\t\t<span class=\"tribe-events-schedule__date tribe-events-schedule__date--start\">\n\t\t\t22  June  2024\t\t<\/span>\n\n\t\t\t\t\t<span class=\"tribe-events-schedule__separator tribe-events-schedule__separator--date\">\n\t\t\t\t@\t\t\t<\/span>\n\t\t\t<span class=\"tribe-events-schedule__time tribe-events-schedule__time--start\">\n\t\t\t\t22:00\t\t\t<\/span>\n\t\t\n\t\t\t\t\t\t\t\t\t<span class=\"tribe-events-schedule__separator tribe-events-schedule__separator--time\">\n\t\t\t\t\t&#8211;\t\t\t\t<\/span>\n\t\t\t\n\t\t\t\t\t\t\t<span class=\"tribe-events-schedule__time tribe-events-schedule__time--end\">\n\t\t\t\t\t23:45\t\t\t\t<\/span>\n\t\t\t\n\t\t\t\t\t\t<\/p>\n<\/div>\n\n\n<div  class=\"tribe-block tribe-block__event-price\" >\n\t\t\t<span class=\"tribe-block__event-price__cost\"> 9\u20ac <\/span>\n\t\t\t\t<span class=\"tribe-block__event-price__description\">+ gg Anticipada | 12\u20ac Taquilla<\/span>\n\t<\/div>\n\n\n\n<div style=\"height:100px\" aria-hidden=\"true\" class=\"wp-block-spacer\"><\/div>\n\n\n\n<div class=\"wp-block-columns is-layout-flex wp-container-core-columns-is-layout-8f761849 wp-block-columns-is-layout-flex\">\n<div class=\"wp-block-column is-layout-flow wp-block-column-is-layout-flow\" style=\"flex-basis:33.33%\">\n<figure class=\"wp-block-image size-full\"><img loading=\"lazy\" decoding=\"async\" width=\"297\" height=\"420\" src=\"https:\/\/cafelapalma.com\/wp-content\/uploads\/2024\/06\/STORY-CAFE-LA-PALMA-2.jpg\" alt=\"\" class=\"wp-image-29086\" srcset=\"https:\/\/cafelapalma.com\/wp-content\/uploads\/2024\/06\/STORY-CAFE-LA-PALMA-2.jpg 297w, https:\/\/cafelapalma.com\/wp-content\/uploads\/2024\/06\/STORY-CAFE-LA-PALMA-2-212x300.jpg 212w, https:\/\/cafelapalma.com\/wp-content\/uploads\/2024\/06\/STORY-CAFE-LA-PALMA-2-42x60.jpg 42w\" sizes=\"auto, (max-width: 297px) 100vw, 297px\" \/><\/figure>\n\n\n<div  class=\"tribe-block tribe-block__event-website\" >\n\t<a\n\t\thref=\"https:\/\/ticketandroll.com\/evento\/zirconita-en-cafe-la-palma-sabado-22-de-junio\"\n\t\ttarget=\"_self\"\n\t\t\t>\n\t\tBUY TICKETS\t<\/a>\n<\/div>\n<\/div>\n\n\n\n<div class=\"wp-block-column is-layout-flow wp-block-column-is-layout-flow\" style=\"flex-basis:66.66%\">\n<div style=\"height:100px\" aria-hidden=\"true\" class=\"wp-block-spacer\"><\/div>\n\n\n\n<p class=\"has-text-align-left wp-block-paragraph\"><strong>ZIRCONITA <\/strong>es una banda madrile\u00f1a nacida tras un largo bagaje en diferentes proyectos de sus componentes. En 2017 comienza su andadura con su actual formaci\u00f3n&nbsp;de cuatro madrile\u00f1os y el cantante Ivan asturiano. En 2018 lanzaron su primer disco&nbsp; <strong><em>\u00abAmago\u00bb <\/em><\/strong>y&nbsp; en 2020 fue <strong><em>\u00abParadero\u00bb<\/em><\/strong>, actualmente trabajan en la composici\u00f3n&nbsp;del tercero y probablemente ense\u00f1en alg\u00fan&nbsp;tema de este \u00faltimo&nbsp;\u00e1lbum.<\/p>\n\n\n\n<p class=\"has-text-align-left wp-block-paragraph\">Su sonido abarca desde el m\u00e1s puro rock noventero al indie y pop actuales, un buen viaje musical que bebe de muchas influencias con un contundente directo.&nbsp;<\/p>\n\n\n\n<p class=\"has-text-align-right wp-block-paragraph\"><em><a href=\"https:\/\/open.spotify.com\/intl-es\/artist\/1t2C1cL3a1tTySmH3sV8mv?si=LiofkzB0QDaF6-9bmasR4g\">Listen to <\/a><\/em><strong><a href=\"https:\/\/open.spotify.com\/intl-es\/artist\/1t2C1cL3a1tTySmH3sV8mv?si=LiofkzB0QDaF6-9bmasR4g\">ZIRCONITA<\/a><\/strong><em><a href=\"https:\/\/open.spotify.com\/intl-es\/artist\/1t2C1cL3a1tTySmH3sV8mv?si=LiofkzB0QDaF6-9bmasR4g\"> in <\/a><\/em><strong><a href=\"https:\/\/open.spotify.com\/intl-es\/artist\/1t2C1cL3a1tTySmH3sV8mv?si=LiofkzB0QDaF6-9bmasR4g\">Spotify<\/a><\/strong><em><a href=\"https:\/\/open.spotify.com\/intl-es\/artist\/1t2C1cL3a1tTySmH3sV8mv?si=LiofkzB0QDaF6-9bmasR4g\">\u00a0<\/a><\/em><\/p>\n\n\n\n<p class=\"has-text-align-center wp-block-paragraph\"><em>Este concierto forma parte del ciclo <\/em><strong>D\u00cdA DE LA M\u00daSICA 2024<\/strong><em>, organizado por <\/em><strong>MADRID EN VIVO<\/strong><em>.<\/em><\/p>\n<\/div>\n<\/div>\n\n\n\n<div style=\"height:100px\" aria-hidden=\"true\" class=\"wp-block-spacer\"><\/div>\n\n\n\n<hr class=\"wp-block-separator has-alpha-channel-opacity\"\/>\n\n\n\n<div style=\"height:100px\" aria-hidden=\"true\" class=\"wp-block-spacer\"><\/div>\n\n\n<h2 class=\"tribe-block__related-events__title\">Related Events<\/h2>\n\n<ul  class=\"tribe-related-events tribe-clearfix\" >\n\t\t\t<li>\n\t\n<div class=\"tribe-related-events-thumbnail\">\n\t<a href=\"https:\/\/cafelapalma.com\/en\/programacion\/funkin-donuts\/\" class=\"url\" rel=\"bookmark\" tabindex=\"-1\" aria-hidden=\"true\"><img loading=\"lazy\" decoding=\"async\" width=\"693\" height=\"1040\" src=\"https:\/\/cafelapalma.com\/wp-content\/uploads\/2026\/07\/FD-vert2-bn-693x1040.jpg\" class=\"attachment-large size-large wp-post-image\" alt=\"\" \/><\/a>\n<\/div>\n\t<div class=\"tribe-related-event-info\">\n\t<h3 class=\"tribe-related-events-title\">\n\t\t<a href=\"https:\/\/cafelapalma.com\/en\/programacion\/funkin-donuts\/\" class=\"tribe-event-url\" rel=\"bookmark\">\n\t\t\tFUNKIN&#8217; DONUTS\t\t<\/a>\n\t<\/h3>\n\t<span class=\"tribe-event-date-start\">5  September@22:00<\/span><span class=\"tribe-event-time\">23:45<\/span><\/div>\n<\/li>\n\t\t\t<li>\n\t\n<div class=\"tribe-related-events-thumbnail\">\n\t<a href=\"https:\/\/cafelapalma.com\/en\/programacion\/backstage-le-petit-truffle-mayo\/\" class=\"url\" rel=\"bookmark\" tabindex=\"-1\" aria-hidden=\"true\"><img loading=\"lazy\" decoding=\"async\" width=\"780\" height=\"1040\" src=\"https:\/\/cafelapalma.com\/wp-content\/uploads\/2026\/07\/Imagen-TruffleMayo-LePetit-i-1-780x1040.png\" class=\"attachment-large size-large wp-post-image\" alt=\"\" \/><\/a>\n<\/div>\n\t<div class=\"tribe-related-event-info\">\n\t<h3 class=\"tribe-related-events-title\">\n\t\t<a href=\"https:\/\/cafelapalma.com\/en\/programacion\/backstage-le-petit-truffle-mayo\/\" class=\"tribe-event-url\" rel=\"bookmark\">\n\t\t\tBACKSTAGE: LE PETIT + TRUFFLE MAYO\t\t<\/a>\n\t<\/h3>\n\t<span class=\"tribe-event-date-start\">5  September@23:55<\/span><\/div>\n<\/li>\n\t\t\t<li>\n\t\n<div class=\"tribe-related-events-thumbnail\">\n\t<a href=\"https:\/\/cafelapalma.com\/en\/programacion\/willie-deville-concierto-benefico-x-venezuela\/\" class=\"url\" rel=\"bookmark\" tabindex=\"-1\" aria-hidden=\"true\"><img loading=\"lazy\" decoding=\"async\" width=\"1020\" height=\"531\" src=\"https:\/\/cafelapalma.com\/wp-content\/uploads\/2026\/08\/Willie-deville-1100x572-1-1040x541.jpg\" class=\"attachment-large size-large wp-post-image\" alt=\"\" \/><\/a>\n<\/div>\n\t<div class=\"tribe-related-event-info\">\n\t<h3 class=\"tribe-related-events-title\">\n\t\t<a href=\"https:\/\/cafelapalma.com\/en\/programacion\/willie-deville-concierto-benefico-x-venezuela\/\" class=\"tribe-event-url\" rel=\"bookmark\">\n\t\t\tWILLIE DEVILLE: CONCIERTO BEN\u00c9FICO X VENEZUELA\t\t<\/a>\n\t<\/h3>\n\t<span class=\"tribe-event-date-start\">6  September@21:00<\/span><span class=\"tribe-event-time\">23:45<\/span><\/div>\n<\/li>\n\t<\/ul>","protected":false},"excerpt":{"rendered":"<p>ZIRCONITA es una banda madrile\u00f1a nacida tras un largo bagaje en diferentes proyectos de sus componentes. En 2017 comienza su andadura con su actual formaci\u00f3n&nbsp;de cuatro madrile\u00f1os y el cantante Ivan asturiano. En 2018 lanzaron su primer disco&nbsp; \u00abAmago\u00bb y&nbsp; en 2020 fue \u00abParadero\u00bb, actualmente trabajan en la composici\u00f3n&nbsp;del tercero y probablemente ense\u00f1en alg\u00fan&nbsp;tema de &hellip; <\/p>","protected":false},"author":2,"featured_media":28889,"template":"","meta":{"_tec_requires_first_save":false,"_uag_custom_page_level_css":"","loftloader_page_shortcode":"","_EventAllDay":false,"_EventTimezone":"Europe\/Madrid","_EventStartDate":"2024-06-22 22:00:00","_EventEndDate":"2024-06-22 23:45:00","_EventStartDateUTC":"2024-06-22 20:00:00","_EventEndDateUTC":"2024-06-22 21:45:00","_EventShowMap":false,"_EventShowMapLink":false,"_EventURL":"https:\/\/ticketandroll.com\/evento\/zirconita-en-cafe-la-palma-sabado-22-de-junio","_EventCost":"9","_EventCostDescription":"","_EventCurrencySymbol":"\u20ac","_EventCurrencyCode":"USD","_EventCurrencyPosition":"suffix","_EventDateTimeSeparator":"@","_EventTimeRangeSeparator":"-","_EventOrganizerID":[],"_EventVenueID":[],"_OrganizerEmail":"","_OrganizerPhone":"","_OrganizerWebsite":"","_VenueAddress":"","_VenueCity":"","_VenueCountry":"","_VenueProvince":"","_VenueState":"","_VenueZip":"","_VenuePhone":"","_VenueURL":"","_VenueStateProvince":"","_VenueLat":"","_VenueLng":"","_VenueShowMap":false,"_VenueShowMapLink":false,"_tribe_blocks_recurrence_rules":"","_tribe_blocks_recurrence_description":"","_tribe_blocks_recurrence_exclusions":"","_ecp_custom_2":"","_tribe_events_status":"","_tribe_events_status_reason":"","_tribe_events_is_hybrid":"","_tribe_events_is_virtual":"","_tribe_events_virtual_video_source":"","_tribe_events_virtual_embed_video":"","_tribe_events_virtual_linked_button_text":"","_tribe_events_virtual_linked_button":"","_tribe_events_virtual_show_embed_at":"","_tribe_events_virtual_show_embed_to":[],"_tribe_events_virtual_show_on_event":"","_tribe_events_virtual_show_on_views":"","_tribe_events_virtual_url":"","footnotes":""},"tags":[15747,1363,8869,2865,9147,9146,8970,15748,1355,1354,15746],"tribe_events_cat":[8963],"class_list":["post-28887","tribe_events","type-tribe_events","status-publish","has-post-thumbnail","hentry","tag-amago","tag-cafe-la-palma","tag-cafe-la-palma-2","tag-conciertos-cafe-la-palma","tag-conciertos-madrid","tag-conciertos-malasana","tag-indie","tag-paradero","tag-pop","tag-rock","tag-zirconita","tribe_events_cat-concierto","cat_concierto"],"uagb_featured_image_src":{"full":["https:\/\/cafelapalma.com\/wp-content\/uploads\/2024\/05\/ZIRCONITA-PIC.jpg",853,853,false],"thumbnail":["https:\/\/cafelapalma.com\/wp-content\/uploads\/2024\/05\/ZIRCONITA-PIC-150x150.jpg",150,150,true],"medium":["https:\/\/cafelapalma.com\/wp-content\/uploads\/2024\/05\/ZIRCONITA-PIC-300x300.jpg",300,300,true],"medium_large":["https:\/\/cafelapalma.com\/wp-content\/uploads\/2024\/05\/ZIRCONITA-PIC-768x768.jpg",768,768,true],"large":["https:\/\/cafelapalma.com\/wp-content\/uploads\/2024\/05\/ZIRCONITA-PIC.jpg",853,853,false],"1536x1536":["https:\/\/cafelapalma.com\/wp-content\/uploads\/2024\/05\/ZIRCONITA-PIC.jpg",853,853,false],"2048x2048":["https:\/\/cafelapalma.com\/wp-content\/uploads\/2024\/05\/ZIRCONITA-PIC.jpg",853,853,false],"trp-custom-language-flag":["https:\/\/cafelapalma.com\/wp-content\/uploads\/2024\/05\/ZIRCONITA-PIC.jpg",12,12,false],"blossom-feminine-slider":["https:\/\/cafelapalma.com\/wp-content\/uploads\/2024\/05\/ZIRCONITA-PIC-853x649.jpg",853,649,true],"blossom-feminine-featured":["https:\/\/cafelapalma.com\/wp-content\/uploads\/2024\/05\/ZIRCONITA-PIC-853x600.jpg",853,600,true],"blossom-feminine-with-sidebar":["https:\/\/cafelapalma.com\/wp-content\/uploads\/2024\/05\/ZIRCONITA-PIC-853x600.jpg",853,600,true],"blossom-feminine-blog":["https:\/\/cafelapalma.com\/wp-content\/uploads\/2024\/05\/ZIRCONITA-PIC-435x435.jpg",435,435,true],"blossom-feminine-cat":["https:\/\/cafelapalma.com\/wp-content\/uploads\/2024\/05\/ZIRCONITA-PIC-450x300.jpg",450,300,true],"blossom-feminine-related":["https:\/\/cafelapalma.com\/wp-content\/uploads\/2024\/05\/ZIRCONITA-PIC-320x200.jpg",320,200,true],"blossom-feminine-schema":["https:\/\/cafelapalma.com\/wp-content\/uploads\/2024\/05\/ZIRCONITA-PIC-60x60.jpg",60,60,true]},"uagb_author_info":{"display_name":"Victor","author_link":"https:\/\/cafelapalma.com\/en\/author\/comunicacion\/"},"uagb_comment_info":0,"uagb_excerpt":"ZIRCONITA es una banda madrile\u00f1a nacida tras un largo bagaje en diferentes proyectos de sus componentes. En 2017 comienza su andadura con su actual formaci\u00f3n&nbsp;de cuatro madrile\u00f1os y el cantante Ivan asturiano. En 2018 lanzaron su primer disco&nbsp; \u00abAmago\u00bb y&nbsp; en 2020 fue \u00abParadero\u00bb, actualmente trabajan en la composici\u00f3n&nbsp;del tercero y probablemente ense\u00f1en alg\u00fan&nbsp;tema de&hellip;","_links":{"self":[{"href":"https:\/\/cafelapalma.com\/en\/wp-json\/wp\/v2\/tribe_events\/28887","targetHints":{"allow":["GET"]}}],"collection":[{"href":"https:\/\/cafelapalma.com\/en\/wp-json\/wp\/v2\/tribe_events"}],"about":[{"href":"https:\/\/cafelapalma.com\/en\/wp-json\/wp\/v2\/types\/tribe_events"}],"author":[{"embeddable":true,"href":"https:\/\/cafelapalma.com\/en\/wp-json\/wp\/v2\/users\/2"}],"version-history":[{"count":0,"href":"https:\/\/cafelapalma.com\/en\/wp-json\/wp\/v2\/tribe_events\/28887\/revisions"}],"wp:featuredmedia":[{"embeddable":true,"href":"https:\/\/cafelapalma.com\/en\/wp-json\/wp\/v2\/media\/28889"}],"wp:attachment":[{"href":"https:\/\/cafelapalma.com\/en\/wp-json\/wp\/v2\/media?parent=28887"}],"wp:term":[{"taxonomy":"post_tag","embeddable":true,"href":"https:\/\/cafelapalma.com\/en\/wp-json\/wp\/v2\/tags?post=28887"},{"taxonomy":"tribe_events_cat","embeddable":true,"href":"https:\/\/cafelapalma.com\/en\/wp-json\/wp\/v2\/tribe_events_cat?post=28887"}],"curies":[{"name":"wp","href":"https:\/\/api.w.org\/{rel}","templated":true}]}}