{"id":28969,"date":"2024-06-05T19:27:53","date_gmt":"2024-06-05T17:27:53","guid":{"rendered":"https:\/\/cafelapalma.com\/programacion\/muestra-t-chico-salvaje-copy\/"},"modified":"2024-07-02T11:06:12","modified_gmt":"2024-07-02T09:06:12","slug":"muestra-t-papel-minimo-mateo-feten","status":"publish","type":"tribe_events","link":"https:\/\/cafelapalma.com\/en\/programacion\/muestra-t-papel-minimo-mateo-feten\/","title":{"rendered":"Muestra t 2024: \u00abPapel M\u00ednimo\u00bb. MATEO FET\u00c9N"},"content":{"rendered":"<div  class=\"tribe-events-schedule tribe-clearfix\" >\n\t<p class=\"tribe-events-schedule__datetime\">\n\t\t<span class=\"tribe-events-schedule__date tribe-events-schedule__date--start\">\n\t\t\t08  July  2024\t\t<\/span>\n\n\t\t\t\t\t<span class=\"tribe-events-schedule__separator tribe-events-schedule__separator--date\">\n\t\t\t\t@\t\t\t<\/span>\n\t\t\t<span class=\"tribe-events-schedule__time tribe-events-schedule__time--start\">\n\t\t\t\t02:00\t\t\t<\/span>\n\t\t\n\t\t\t\t\t\t\t\t\t<span class=\"tribe-events-schedule__separator tribe-events-schedule__separator--time\">\n\t\t\t\t\t&#8211;\t\t\t\t<\/span>\n\t\t\t\n\t\t\t\t\t\t\t<span class=\"tribe-events-schedule__time tribe-events-schedule__time--end\">\n\t\t\t\t\t02:30\t\t\t\t<\/span>\n\t\t\t\n\t\t\t\t\t\t<\/p>\n<\/div>\n\n\n\n<p class=\"wp-block-paragraph\"><em>Hasta el lunes 8 de julio<\/em><\/p>\n\n\n<div  class=\"tribe-block tribe-block__event-price\" >\n\t\t\t<span class=\"tribe-block__event-price__cost\"> ENTRADA LIBRE <\/span>\n\t\t<\/div>\n\n\n\n<div style=\"height:100px\" aria-hidden=\"true\" class=\"wp-block-spacer\"><\/div>\n\n\n\n<div class=\"wp-block-columns is-layout-flex wp-container-core-columns-is-layout-8f761849 wp-block-columns-is-layout-flex\">\n<div class=\"wp-block-column is-layout-flow wp-block-column-is-layout-flow\" style=\"flex-basis:33.33%\">\n<figure class=\"wp-block-image size-large\"><img loading=\"lazy\" decoding=\"async\" width=\"735\" height=\"1040\" src=\"https:\/\/cafelapalma.com\/wp-content\/uploads\/2024\/06\/MATEO-FETEN-1-735x1040.jpg\" alt=\"\" class=\"wp-image-28971\" srcset=\"https:\/\/cafelapalma.com\/wp-content\/uploads\/2024\/06\/MATEO-FETEN-1-735x1040.jpg 735w, https:\/\/cafelapalma.com\/wp-content\/uploads\/2024\/06\/MATEO-FETEN-1-212x300.jpg 212w, https:\/\/cafelapalma.com\/wp-content\/uploads\/2024\/06\/MATEO-FETEN-1-768x1086.jpg 768w, https:\/\/cafelapalma.com\/wp-content\/uploads\/2024\/06\/MATEO-FETEN-1-1086x1536.jpg 1086w, https:\/\/cafelapalma.com\/wp-content\/uploads\/2024\/06\/MATEO-FETEN-1-1448x2048.jpg 1448w, https:\/\/cafelapalma.com\/wp-content\/uploads\/2024\/06\/MATEO-FETEN-1-42x60.jpg 42w, https:\/\/cafelapalma.com\/wp-content\/uploads\/2024\/06\/MATEO-FETEN-1.jpg 1587w\" sizes=\"auto, (max-width: 735px) 100vw, 735px\" \/><\/figure>\n<\/div>\n\n\n\n<div class=\"wp-block-column is-layout-flow wp-block-column-is-layout-flow\" style=\"flex-basis:66.66%\">\n<p class=\"wp-block-paragraph\"><\/p>\n\n\n\n<p class=\"has-text-align-left wp-block-paragraph\">Nacido en <strong>C\u00f3rdoba <\/strong>en 1974, <strong>Mateo Fet\u00e9n<\/strong> es el pseud\u00f3nimo de <strong>Emilio Ruiz Mateo<\/strong>. Sus collages se han podido ver en publicaciones como <em><strong>ABC Cultural<\/strong><\/em>, <em><strong>SModa <\/strong><\/em>o <em><strong>Matador<\/strong>; <\/em>portadas de<strong> La Bella Varsovia<\/strong>, <strong>Visor <\/strong>o <strong>Alianza <\/strong>y exposiciones en <strong>Factor\u00eda de Arte<\/strong> <strong>y Desarrollo<\/strong>, <strong>Condeduque<\/strong>, <strong>Casasur<\/strong>, <strong>RGF Studio<\/strong>, <strong>Bastardo<\/strong>, <strong>Ocean Drive Madrid<\/strong> o <strong>HOFF Galer\u00eda<\/strong>. Forma parte de <strong>Estudio Inverso <\/strong>(C\/ Marqu\u00e9s de Santa Ana, 4, Madrid), donde puedes conocer en persona sus \u00faltimas creaciones, junto a las de otros destacados artistas.<\/p>\n\n\n\n<p class=\"has-text-align-left wp-block-paragraph\">El artista trabaja el collage de modo totalmente anal\u00f3gico, a la manera cl\u00e1sica, sin intervenci\u00f3n de t\u00e9cnicas digitales y siempre con materiales originales: texturas de papel, revistas de d\u00e9cadas pasadas, fotograf\u00edas compradas en mercadillos, viejos libros\u2026 el azar que impone trabajar con este tipo de materiales reduce las posibilidades concretas pero, posiblemente, despierta conexiones y posibilidades in\u00e9ditas.<\/p>\n\n\n\n<p class=\"has-text-align-left wp-block-paragraph\">Mateo se mueve entre el S\u00edndrome de Di\u00f3genes en el estudio y el minimalismo en la obra: firme defensor del menos es m\u00e1s, disfruta especialmente cuando surge un collage con dos recortes, o incluso solo con uno.<\/p>\n\n\n\n<p class=\"has-text-align-right wp-block-paragraph\"><em><a href=\"https:\/\/www.instagram.com\/mateofeten\/\">Sigue a <\/a><\/em><strong><a href=\"https:\/\/www.instagram.com\/mateofeten\/\">MATEO FET\u00c9N<\/a><\/strong><em><a href=\"https:\/\/www.instagram.com\/mateofeten\/\"> in <\/a><\/em><strong><a href=\"https:\/\/www.instagram.com\/mateofeten\/\">Instagram<\/a><\/strong><\/p>\n\n\n\n<p class=\"has-text-align-center wp-block-paragraph\"><strong><a href=\"https:\/\/muestrat.com\/\">Muestra t<\/a><\/strong><em> es el <\/em><strong>Festival Cultural de Madrid Orgullo <\/strong>(<strong>MADO<\/strong>)<em> cuyo comit\u00e9 organizador est\u00e1 formado por <\/em><strong>AEGAL<\/strong><em>, <\/em><strong>COGAM <\/strong><em>y <\/em><strong>FELGTB<\/strong><em>. Tiene como patrocinador institucional principal al <\/em><strong>Ayuntamiento de Madrid<\/strong><em> y tambi\u00e9n cuenta con el patrocinio institucional de la <\/em><strong>Comunidad de Madrid<\/strong><em>.<\/em><\/p>\n<\/div>\n<\/div>\n\n\n\n<div style=\"height:100px\" aria-hidden=\"true\" class=\"wp-block-spacer\"><\/div>\n\n\n\n<hr class=\"wp-block-separator has-alpha-channel-opacity is-style-wide\"\/>\n\n\n\n<div style=\"height:100px\" aria-hidden=\"true\" class=\"wp-block-spacer\"><\/div>\n\n\n<h2 class=\"tribe-block__related-events__title\">Related Events<\/h2>\n\n<ul  class=\"tribe-related-events tribe-clearfix\" >\n\t\t\t<li>\n\t\n<div class=\"tribe-related-events-thumbnail\">\n\t<a href=\"https:\/\/cafelapalma.com\/en\/programacion\/funkin-donuts\/\" class=\"url\" rel=\"bookmark\" tabindex=\"-1\" aria-hidden=\"true\"><img loading=\"lazy\" decoding=\"async\" width=\"693\" height=\"1040\" src=\"https:\/\/cafelapalma.com\/wp-content\/uploads\/2026\/07\/FD-vert2-bn-693x1040.jpg\" class=\"attachment-large size-large wp-post-image\" alt=\"\" \/><\/a>\n<\/div>\n\t<div class=\"tribe-related-event-info\">\n\t<h3 class=\"tribe-related-events-title\">\n\t\t<a href=\"https:\/\/cafelapalma.com\/en\/programacion\/funkin-donuts\/\" class=\"tribe-event-url\" rel=\"bookmark\">\n\t\t\tFUNKIN&#8217; DONUTS\t\t<\/a>\n\t<\/h3>\n\t<span class=\"tribe-event-date-start\">5  September@22:00<\/span><span class=\"tribe-event-time\">23:45<\/span><\/div>\n<\/li>\n\t\t\t<li>\n\t\n<div class=\"tribe-related-events-thumbnail\">\n\t<a href=\"https:\/\/cafelapalma.com\/en\/programacion\/backstage-le-petit-truffle-mayo\/\" class=\"url\" rel=\"bookmark\" tabindex=\"-1\" aria-hidden=\"true\"><img loading=\"lazy\" decoding=\"async\" width=\"780\" height=\"1040\" src=\"https:\/\/cafelapalma.com\/wp-content\/uploads\/2026\/07\/Imagen-TruffleMayo-LePetit-i-1-780x1040.png\" class=\"attachment-large size-large wp-post-image\" alt=\"\" \/><\/a>\n<\/div>\n\t<div class=\"tribe-related-event-info\">\n\t<h3 class=\"tribe-related-events-title\">\n\t\t<a href=\"https:\/\/cafelapalma.com\/en\/programacion\/backstage-le-petit-truffle-mayo\/\" class=\"tribe-event-url\" rel=\"bookmark\">\n\t\t\tBACKSTAGE: LE PETIT + TRUFFLE MAYO\t\t<\/a>\n\t<\/h3>\n\t<span class=\"tribe-event-date-start\">5  September@23:55<\/span><\/div>\n<\/li>\n\t\t\t<li>\n\t\n<div class=\"tribe-related-events-thumbnail\">\n\t<a href=\"https:\/\/cafelapalma.com\/en\/programacion\/willie-deville-concierto-benefico-x-venezuela\/\" class=\"url\" rel=\"bookmark\" tabindex=\"-1\" aria-hidden=\"true\"><img loading=\"lazy\" decoding=\"async\" width=\"1020\" height=\"531\" src=\"https:\/\/cafelapalma.com\/wp-content\/uploads\/2026\/08\/Willie-deville-1100x572-1-1040x541.jpg\" class=\"attachment-large size-large wp-post-image\" alt=\"\" \/><\/a>\n<\/div>\n\t<div class=\"tribe-related-event-info\">\n\t<h3 class=\"tribe-related-events-title\">\n\t\t<a href=\"https:\/\/cafelapalma.com\/en\/programacion\/willie-deville-concierto-benefico-x-venezuela\/\" class=\"tribe-event-url\" rel=\"bookmark\">\n\t\t\tWILLIE DEVILLE: CONCIERTO BEN\u00c9FICO X VENEZUELA\t\t<\/a>\n\t<\/h3>\n\t<span class=\"tribe-event-date-start\">6  September@21:00<\/span><span class=\"tribe-event-time\">23:45<\/span><\/div>\n<\/li>\n\t<\/ul>","protected":false},"excerpt":{"rendered":"<p>Hasta el lunes 8 de julio Nacido en C\u00f3rdoba en 1974, Mateo Fet\u00e9n es el pseud\u00f3nimo de Emilio Ruiz Mateo. Sus collages se han podido ver en publicaciones como ABC Cultural, SModa o Matador; portadas de La Bella Varsovia, Visor o Alianza y exposiciones en Factor\u00eda de Arte y Desarrollo, Condeduque, Casasur, RGF Studio, Bastardo, &hellip; <\/p>","protected":false},"author":2,"featured_media":28972,"template":"","meta":{"_tec_requires_first_save":false,"_uag_custom_page_level_css":"","loftloader_page_shortcode":"","_EventAllDay":false,"_EventTimezone":"Europe\/Madrid","_EventStartDate":"2024-07-08 02:00:00","_EventEndDate":"2024-07-08 02:30:00","_EventStartDateUTC":"2024-07-08 00:00:00","_EventEndDateUTC":"2024-07-08 00:30:00","_EventShowMap":false,"_EventShowMapLink":false,"_EventURL":"","_EventCost":"ENTRADA LIBRE","_EventCostDescription":"","_EventCurrencySymbol":"\u20ac","_EventCurrencyCode":"","_EventCurrencyPosition":"suffix","_EventDateTimeSeparator":"@","_EventTimeRangeSeparator":"-","_EventOrganizerID":[],"_EventVenueID":[0],"_OrganizerEmail":"","_OrganizerPhone":"","_OrganizerWebsite":"","_VenueAddress":"","_VenueCity":"","_VenueCountry":"","_VenueProvince":"","_VenueState":"","_VenueZip":"","_VenuePhone":"","_VenueURL":"","_VenueStateProvince":"","_VenueLat":"","_VenueLng":"","_VenueShowMap":false,"_VenueShowMapLink":false,"_tribe_blocks_recurrence_rules":"","_tribe_blocks_recurrence_description":"","_tribe_blocks_recurrence_exclusions":"","_ecp_custom_2":"","_tribe_events_status":"","_tribe_events_status_reason":"","_tribe_events_is_hybrid":"","_tribe_events_is_virtual":"","_tribe_events_virtual_video_source":"","_tribe_events_virtual_embed_video":"","_tribe_events_virtual_linked_button_text":"","_tribe_events_virtual_linked_button":"","_tribe_events_virtual_show_embed_at":"","_tribe_events_virtual_show_embed_to":[],"_tribe_events_virtual_show_on_event":"","_tribe_events_virtual_show_on_views":"","_tribe_events_virtual_url":"","footnotes":""},"tags":[13826,9834,1363,13827,11843,9398,15794,11900,11899,11901,13828,13532,15793,13820],"tribe_events_cat":[8965],"class_list":["post-28969","tribe_events","type-tribe_events","status-publish","has-post-thumbnail","hentry","tag-aegal","tag-ayuntamiento-de-madrid","tag-cafe-la-palma","tag-cogam","tag-collage","tag-comunidad-de-madrid","tag-emilio-ruiz-mateo","tag-expos","tag-exposiciones-cafe-la-palma","tag-fast-expos","tag-felgtb","tag-galerias-de-arte-malasana","tag-mateo-feten","tag-muestra-t","tribe_events_cat-exposicion","cat_exposicion"],"uagb_featured_image_src":{"full":["https:\/\/cafelapalma.com\/wp-content\/uploads\/2024\/06\/FlashUp2-scaled.jpg",1688,3000,false],"thumbnail":["https:\/\/cafelapalma.com\/wp-content\/uploads\/2024\/06\/FlashUp2-150x150.jpg",150,150,true],"medium":["https:\/\/cafelapalma.com\/wp-content\/uploads\/2024\/06\/FlashUp2-169x300.jpg",169,300,true],"medium_large":["https:\/\/cafelapalma.com\/wp-content\/uploads\/2024\/06\/FlashUp2-768x1365.jpg",768,1365,true],"large":["https:\/\/cafelapalma.com\/wp-content\/uploads\/2024\/06\/FlashUp2-585x1040.jpg",585,1040,true],"1536x1536":["https:\/\/cafelapalma.com\/wp-content\/uploads\/2024\/06\/FlashUp2-864x1536.jpg",864,1536,true],"2048x2048":["https:\/\/cafelapalma.com\/wp-content\/uploads\/2024\/06\/FlashUp2-1152x2048.jpg",1152,2048,true],"trp-custom-language-flag":["https:\/\/cafelapalma.com\/wp-content\/uploads\/2024\/06\/FlashUp2-scaled.jpg",7,12,false],"blossom-feminine-slider":["https:\/\/cafelapalma.com\/wp-content\/uploads\/2024\/06\/FlashUp2-1920x649.jpg",1920,649,true],"blossom-feminine-featured":["https:\/\/cafelapalma.com\/wp-content\/uploads\/2024\/06\/FlashUp2-1410x600.jpg",1410,600,true],"blossom-feminine-with-sidebar":["https:\/\/cafelapalma.com\/wp-content\/uploads\/2024\/06\/FlashUp2-1020x600.jpg",1020,600,true],"blossom-feminine-blog":["https:\/\/cafelapalma.com\/wp-content\/uploads\/2024\/06\/FlashUp2-435x435.jpg",435,435,true],"blossom-feminine-cat":["https:\/\/cafelapalma.com\/wp-content\/uploads\/2024\/06\/FlashUp2-450x300.jpg",450,300,true],"blossom-feminine-related":["https:\/\/cafelapalma.com\/wp-content\/uploads\/2024\/06\/FlashUp2-320x200.jpg",320,200,true],"blossom-feminine-schema":["https:\/\/cafelapalma.com\/wp-content\/uploads\/2024\/06\/FlashUp2-34x60.jpg",34,60,true]},"uagb_author_info":{"display_name":"Victor","author_link":"https:\/\/cafelapalma.com\/en\/author\/comunicacion\/"},"uagb_comment_info":0,"uagb_excerpt":"Hasta el lunes 8 de julio Nacido en C\u00f3rdoba en 1974, Mateo Fet\u00e9n es el pseud\u00f3nimo de Emilio Ruiz Mateo. Sus collages se han podido ver en publicaciones como ABC Cultural, SModa o Matador; portadas de La Bella Varsovia, Visor o Alianza y exposiciones en Factor\u00eda de Arte y Desarrollo, Condeduque, Casasur, RGF Studio, Bastardo,&hellip;","_links":{"self":[{"href":"https:\/\/cafelapalma.com\/en\/wp-json\/wp\/v2\/tribe_events\/28969","targetHints":{"allow":["GET"]}}],"collection":[{"href":"https:\/\/cafelapalma.com\/en\/wp-json\/wp\/v2\/tribe_events"}],"about":[{"href":"https:\/\/cafelapalma.com\/en\/wp-json\/wp\/v2\/types\/tribe_events"}],"author":[{"embeddable":true,"href":"https:\/\/cafelapalma.com\/en\/wp-json\/wp\/v2\/users\/2"}],"version-history":[{"count":0,"href":"https:\/\/cafelapalma.com\/en\/wp-json\/wp\/v2\/tribe_events\/28969\/revisions"}],"wp:featuredmedia":[{"embeddable":true,"href":"https:\/\/cafelapalma.com\/en\/wp-json\/wp\/v2\/media\/28972"}],"wp:attachment":[{"href":"https:\/\/cafelapalma.com\/en\/wp-json\/wp\/v2\/media?parent=28969"}],"wp:term":[{"taxonomy":"post_tag","embeddable":true,"href":"https:\/\/cafelapalma.com\/en\/wp-json\/wp\/v2\/tags?post=28969"},{"taxonomy":"tribe_events_cat","embeddable":true,"href":"https:\/\/cafelapalma.com\/en\/wp-json\/wp\/v2\/tribe_events_cat?post=28969"}],"curies":[{"name":"wp","href":"https:\/\/api.w.org\/{rel}","templated":true}]}}