{"id":28989,"date":"2024-06-07T13:04:43","date_gmt":"2024-06-07T11:04:43","guid":{"rendered":"https:\/\/cafelapalma.com\/?post_type=tribe_events&#038;p=28989"},"modified":"2024-06-07T13:06:14","modified_gmt":"2024-06-07T11:06:14","slug":"sna-veta-orquesta","status":"publish","type":"tribe_events","link":"https:\/\/cafelapalma.com\/en\/programacion\/sna-veta-orquesta\/","title":{"rendered":"SUPERNINTENDO ARCHUNDIA + VETA + ORQUESTA"},"content":{"rendered":"<div  class=\"tribe-events-schedule tribe-clearfix\" >\n\t<p class=\"tribe-events-schedule__datetime\">\n\t\t<span class=\"tribe-events-schedule__date tribe-events-schedule__date--start\">\n\t\t\t04  July  2024\t\t<\/span>\n\n\t\t\t\t\t<span class=\"tribe-events-schedule__separator tribe-events-schedule__separator--date\">\n\t\t\t\t@\t\t\t<\/span>\n\t\t\t<span class=\"tribe-events-schedule__time tribe-events-schedule__time--start\">\n\t\t\t\t21:00\t\t\t<\/span>\n\t\t\n\t\t\t\t\t\t\t\t\t<span class=\"tribe-events-schedule__separator tribe-events-schedule__separator--time\">\n\t\t\t\t\t&#8211;\t\t\t\t<\/span>\n\t\t\t\n\t\t\t\t\t\t\t<span class=\"tribe-events-schedule__time tribe-events-schedule__time--end\">\n\t\t\t\t\t23:45\t\t\t\t<\/span>\n\t\t\t\n\t\t\t\t\t\t<\/p>\n<\/div>\n\n\n<div  class=\"tribe-block tribe-block__event-price\" >\n\t\t\t<span class=\"tribe-block__event-price__cost\"> 12\u20ac <\/span>\n\t\t\t\t<span class=\"tribe-block__event-price__description\">+ gg Anticipada | 15\u20ac Taquilla<\/span>\n\t<\/div>\n\n\n\n<div style=\"height:100px\" aria-hidden=\"true\" class=\"wp-block-spacer\"><\/div>\n\n\n\n<div class=\"wp-block-columns is-layout-flex wp-container-core-columns-is-layout-8f761849 wp-block-columns-is-layout-flex\">\n<div class=\"wp-block-column is-layout-flow wp-block-column-is-layout-flow\" style=\"flex-basis:33.33%\">\n<figure class=\"wp-block-image size-large\"><img loading=\"lazy\" decoding=\"async\" width=\"735\" height=\"1040\" src=\"https:\/\/cafelapalma.com\/wp-content\/uploads\/2024\/06\/SN-A3-LOW-735x1040.jpg\" alt=\"\" class=\"wp-image-28990\" srcset=\"https:\/\/cafelapalma.com\/wp-content\/uploads\/2024\/06\/SN-A3-LOW-735x1040.jpg 735w, https:\/\/cafelapalma.com\/wp-content\/uploads\/2024\/06\/SN-A3-LOW-212x300.jpg 212w, https:\/\/cafelapalma.com\/wp-content\/uploads\/2024\/06\/SN-A3-LOW-768x1086.jpg 768w, https:\/\/cafelapalma.com\/wp-content\/uploads\/2024\/06\/SN-A3-LOW-1086x1536.jpg 1086w, https:\/\/cafelapalma.com\/wp-content\/uploads\/2024\/06\/SN-A3-LOW-42x60.jpg 42w, https:\/\/cafelapalma.com\/wp-content\/uploads\/2024\/06\/SN-A3-LOW.jpg 1414w\" sizes=\"auto, (max-width: 735px) 100vw, 735px\" \/><\/figure>\n\n\n<div  class=\"tribe-block tribe-block__event-website\" >\n\t<a\n\t\thref=\"https:\/\/www.passline.com\/eventos\/supernintendo-archundia-veta-orquesta\"\n\t\ttarget=\"_self\"\n\t\t\t>\n\t\tBUY TICKETS\t<\/a>\n<\/div>\n<\/div>\n\n\n\n<div class=\"wp-block-column is-layout-flow wp-block-column-is-layout-flow\" style=\"flex-basis:66.66%\">\n<p class=\"has-text-align-left wp-block-paragraph\"><strong>SUPERNINTENDO ARCHUNDIA<\/strong> es un d\u00fao queer de electr\u00f3nica-pop nacido en <strong>Berl\u00edn <\/strong>con ra\u00edces porte\u00f1as formado por la genuina y dulce <strong>VNNTX<\/strong> <em>aka <\/em><strong>Julianne Mosca<\/strong> y el talentoso y en\u00e9rgico <strong>OBRIGADO<\/strong>. Formadas en el conservatorio de <strong>Buenos Aires<\/strong>, unieron fuerzas en la ciudad de <strong>Berl\u00edn <\/strong>donde fraguaron su proyecto m\u00e1s ambicioso hasta la fecha. Durante el verano de 2023 acaban de grabar <strong><em>\u201cANGEL ATTACK\u00bb<\/em><\/strong>, su \u00e1lbum debut, donde exploran a trav\u00e9s de diez nuevas canciones los territorios del electro punk, vaporwave, electro pop, drum and bass y acid-house.<\/p>\n\n\n\n<p class=\"has-text-align-right wp-block-paragraph\"><em><a href=\"https:\/\/open.spotify.com\/intl-es\/artist\/3Sx7bD7QalgrTD1IAEAS1P?si=UCiPoDJiQWK7S8O2JQRvMA\">Listen to <\/a><\/em><strong><a href=\"https:\/\/open.spotify.com\/intl-es\/artist\/3Sx7bD7QalgrTD1IAEAS1P?si=UCiPoDJiQWK7S8O2JQRvMA\">SUPERNINTENDO ARCHUNDIA<\/a><\/strong><em><a href=\"https:\/\/open.spotify.com\/intl-es\/artist\/3Sx7bD7QalgrTD1IAEAS1P?si=UCiPoDJiQWK7S8O2JQRvMA\"> in <\/a><\/em><strong><a href=\"https:\/\/open.spotify.com\/intl-es\/artist\/3Sx7bD7QalgrTD1IAEAS1P?si=UCiPoDJiQWK7S8O2JQRvMA\">Spotify<\/a><\/strong><\/p>\n\n\n\n<p class=\"has-text-align-left wp-block-paragraph\"><strong>VETA <\/strong>es un d\u00fao formado por los manchegos residentes en <strong>Madrid<\/strong>: <strong>Ana Galletero<\/strong> (<strong>Travolta<\/strong>) y <strong>Carlos Toronado<\/strong> (<strong>PAL<\/strong>). Su \u00e1lbum hom\u00f3nimo es uno de esos tesoros sonoros que se arman como si estuvieran moldeados por placas tect\u00f3nicas. Una mezcla de lo impulsivo, sencillo y primitivo, con lo reposado y lo sofisticado. Investigaci\u00f3n y control. Los sintetizadores, loops, cajas de ritmos, \u00f3rganos <strong>Farfisa <\/strong>(pero tambi\u00e9n pianos, cuerdas, saxos y guitarras) conforman una m\u00fasica electr\u00f3nica tan repetitiva y obsesiva como adictiva entre la retroman\u00eda kraut y minimalista, y la trituradora del presente.<\/p>\n\n\n\n<p class=\"has-text-align-right wp-block-paragraph\"><em><a href=\"https:\/\/open.spotify.com\/intl-es\/artist\/7HpD6PiR6lJEGyZaKfg3Rt?si=xgnSfXRPQk6ab1Mc_bHakA\">Listen to <\/a><\/em><strong><a href=\"https:\/\/open.spotify.com\/intl-es\/artist\/7HpD6PiR6lJEGyZaKfg3Rt?si=xgnSfXRPQk6ab1Mc_bHakA\">VETA <\/a><\/strong><em><a href=\"https:\/\/open.spotify.com\/intl-es\/artist\/7HpD6PiR6lJEGyZaKfg3Rt?si=xgnSfXRPQk6ab1Mc_bHakA\">in <\/a><\/em><strong><a href=\"https:\/\/open.spotify.com\/intl-es\/artist\/7HpD6PiR6lJEGyZaKfg3Rt?si=xgnSfXRPQk6ab1Mc_bHakA\">Spotify<\/a><\/strong><\/p>\n\n\n\n<p class=\"has-text-align-left wp-block-paragraph\"><strong>ORQUESTA <\/strong>es un d\u00fao musical viejo-folcl\u00f3rico-marchoso formado por <strong>Anto Rodr\u00edguez<\/strong> y <strong>\u00d3scar Bueno<\/strong>, dos asturianos afincados en Madrid. <strong>ORQUESTA <\/strong>quiere que sus canciones suenen a bakalao para fiestas de prau pero solo les salen canciones indies (por el momento). <strong>ORQUESTA <\/strong>suena entre lo electr\u00f3nico, las canciones tradicionales, la m\u00fasica popular espa\u00f1ola de los &#8217;70, la melod\u00eda de un despertador y una nana.<\/p>\n\n\n\n<p class=\"has-text-align-right wp-block-paragraph\"><em><a href=\"https:\/\/open.spotify.com\/intl-es\/artist\/17XVUzsi46HiHnn3ttqSYZ?si=ka0NNjOUSl2lkTntcEKaYQ\">Listen to <\/a><\/em><strong><a href=\"https:\/\/open.spotify.com\/intl-es\/artist\/17XVUzsi46HiHnn3ttqSYZ?si=ka0NNjOUSl2lkTntcEKaYQ\">ORQUESTA <\/a><\/strong><em><a href=\"https:\/\/open.spotify.com\/intl-es\/artist\/17XVUzsi46HiHnn3ttqSYZ?si=ka0NNjOUSl2lkTntcEKaYQ\">in <\/a><\/em><strong><a href=\"https:\/\/open.spotify.com\/intl-es\/artist\/17XVUzsi46HiHnn3ttqSYZ?si=ka0NNjOUSl2lkTntcEKaYQ\">Spotify<\/a><\/strong><\/p>\n<\/div>\n<\/div>\n\n\n\n<div style=\"height:100px\" aria-hidden=\"true\" class=\"wp-block-spacer\"><\/div>\n\n\n\n<hr class=\"wp-block-separator has-alpha-channel-opacity\"\/>\n\n\n\n<div style=\"height:100px\" aria-hidden=\"true\" class=\"wp-block-spacer\"><\/div>\n\n\n<h2 class=\"tribe-block__related-events__title\">Related Events<\/h2>\n\n<ul  class=\"tribe-related-events tribe-clearfix\" >\n\t\t\t<li>\n\t\n<div class=\"tribe-related-events-thumbnail\">\n\t<a href=\"https:\/\/cafelapalma.com\/en\/programacion\/funkin-donuts\/\" class=\"url\" rel=\"bookmark\" tabindex=\"-1\" aria-hidden=\"true\"><img loading=\"lazy\" decoding=\"async\" width=\"693\" height=\"1040\" src=\"https:\/\/cafelapalma.com\/wp-content\/uploads\/2026\/07\/FD-vert2-bn-693x1040.jpg\" class=\"attachment-large size-large wp-post-image\" alt=\"\" \/><\/a>\n<\/div>\n\t<div class=\"tribe-related-event-info\">\n\t<h3 class=\"tribe-related-events-title\">\n\t\t<a href=\"https:\/\/cafelapalma.com\/en\/programacion\/funkin-donuts\/\" class=\"tribe-event-url\" rel=\"bookmark\">\n\t\t\tFUNKIN&#8217; DONUTS\t\t<\/a>\n\t<\/h3>\n\t<span class=\"tribe-event-date-start\">5  September@22:00<\/span><span class=\"tribe-event-time\">23:45<\/span><\/div>\n<\/li>\n\t\t\t<li>\n\t\n<div class=\"tribe-related-events-thumbnail\">\n\t<a href=\"https:\/\/cafelapalma.com\/en\/programacion\/backstage-le-petit-truffle-mayo\/\" class=\"url\" rel=\"bookmark\" tabindex=\"-1\" aria-hidden=\"true\"><img loading=\"lazy\" decoding=\"async\" width=\"780\" height=\"1040\" src=\"https:\/\/cafelapalma.com\/wp-content\/uploads\/2026\/07\/Imagen-TruffleMayo-LePetit-i-1-780x1040.png\" class=\"attachment-large size-large wp-post-image\" alt=\"\" \/><\/a>\n<\/div>\n\t<div class=\"tribe-related-event-info\">\n\t<h3 class=\"tribe-related-events-title\">\n\t\t<a href=\"https:\/\/cafelapalma.com\/en\/programacion\/backstage-le-petit-truffle-mayo\/\" class=\"tribe-event-url\" rel=\"bookmark\">\n\t\t\tBACKSTAGE: LE PETIT + TRUFFLE MAYO\t\t<\/a>\n\t<\/h3>\n\t<span class=\"tribe-event-date-start\">5  September@23:55<\/span><\/div>\n<\/li>\n\t\t\t<li>\n\t\n<div class=\"tribe-related-events-thumbnail\">\n\t<a href=\"https:\/\/cafelapalma.com\/en\/programacion\/willie-deville-concierto-benefico-x-venezuela\/\" class=\"url\" rel=\"bookmark\" tabindex=\"-1\" aria-hidden=\"true\"><img loading=\"lazy\" decoding=\"async\" width=\"1020\" height=\"531\" src=\"https:\/\/cafelapalma.com\/wp-content\/uploads\/2026\/08\/Willie-deville-1100x572-1-1040x541.jpg\" class=\"attachment-large size-large wp-post-image\" alt=\"\" \/><\/a>\n<\/div>\n\t<div class=\"tribe-related-event-info\">\n\t<h3 class=\"tribe-related-events-title\">\n\t\t<a href=\"https:\/\/cafelapalma.com\/en\/programacion\/willie-deville-concierto-benefico-x-venezuela\/\" class=\"tribe-event-url\" rel=\"bookmark\">\n\t\t\tWILLIE DEVILLE: CONCIERTO BEN\u00c9FICO X VENEZUELA\t\t<\/a>\n\t<\/h3>\n\t<span class=\"tribe-event-date-start\">6  September@21:00<\/span><span class=\"tribe-event-time\">23:45<\/span><\/div>\n<\/li>\n\t<\/ul>","protected":false},"excerpt":{"rendered":"<p>SUPERNINTENDO ARCHUNDIA es un d\u00fao queer de electr\u00f3nica-pop nacido en Berl\u00edn con ra\u00edces porte\u00f1as formado por la genuina y dulce VNNTX aka Julianne Mosca y el talentoso y en\u00e9rgico OBRIGADO. Formadas en el conservatorio de Buenos Aires, unieron fuerzas en la ciudad de Berl\u00edn donde fraguaron su proyecto m\u00e1s ambicioso hasta la fecha. Durante el &hellip; <\/p>","protected":false},"author":2,"featured_media":28991,"template":"","meta":{"_tec_requires_first_save":false,"_uag_custom_page_level_css":"","loftloader_page_shortcode":"","_EventAllDay":false,"_EventTimezone":"Europe\/Madrid","_EventStartDate":"2024-07-04 21:00:00","_EventEndDate":"2024-07-04 23:45:00","_EventStartDateUTC":"2024-07-04 19:00:00","_EventEndDateUTC":"2024-07-04 21:45:00","_EventShowMap":false,"_EventShowMapLink":false,"_EventURL":"https:\/\/www.passline.com\/eventos\/supernintendo-archundia-veta-orquesta","_EventCost":"12","_EventCostDescription":"","_EventCurrencySymbol":"\u20ac","_EventCurrencyCode":"USD","_EventCurrencyPosition":"suffix","_EventDateTimeSeparator":"@","_EventTimeRangeSeparator":"-","_EventOrganizerID":[],"_EventVenueID":[],"_OrganizerEmail":"","_OrganizerPhone":"","_OrganizerWebsite":"","_VenueAddress":"","_VenueCity":"","_VenueCountry":"","_VenueProvince":"","_VenueState":"","_VenueZip":"","_VenuePhone":"","_VenueURL":"","_VenueStateProvince":"","_VenueLat":"","_VenueLng":"","_VenueShowMap":false,"_VenueShowMapLink":false,"_tribe_blocks_recurrence_rules":"","_tribe_blocks_recurrence_description":"","_tribe_blocks_recurrence_exclusions":"","_ecp_custom_2":"","_tribe_events_status":"","_tribe_events_status_reason":"","_tribe_events_is_hybrid":"","_tribe_events_is_virtual":"","_tribe_events_virtual_video_source":"","_tribe_events_virtual_embed_video":"","_tribe_events_virtual_linked_button_text":"","_tribe_events_virtual_linked_button":"","_tribe_events_virtual_show_embed_at":"","_tribe_events_virtual_show_embed_to":[],"_tribe_events_virtual_show_on_event":"","_tribe_events_virtual_show_on_views":"","_tribe_events_virtual_url":"","footnotes":""},"tags":[10466,15822,15816,15825,8869,1363,2865,9147,9146,15819,10607,15817,1357,13775,15814,13051,15824,10993,13944,15808,15815,15809,11871,15812,15826,1355,11498,15810,15821,15818,15811,15813],"tribe_events_cat":[8963],"class_list":["post-28989","tribe_events","type-tribe_events","status-publish","has-post-thumbnail","hentry","tag-acid-house","tag-ana-galletero","tag-angel-attack","tag-anto-rodriguez","tag-cafe-la-palma-2","tag-cafe-la-palma","tag-conciertos-cafe-la-palma","tag-conciertos-madrid","tag-conciertos-malasana","tag-drum-and-bass","tag-electro-pop","tag-electro-punk","tag-electronica","tag-electropop","tag-julianne-mosca","tag-kraut","tag-kraut-2","tag-lgtbi","tag-mado","tag-madrid-orgullo","tag-obrigado","tag-orgullo-2025-madrid","tag-orgullo-gay","tag-orquesta","tag-oscar-bueno","tag-pop","tag-queer","tag-supernintendo-archundia","tag-travolta","tag-vaporwave","tag-veta","tag-vnntx","tribe_events_cat-concierto","cat_concierto"],"uagb_featured_image_src":{"full":["https:\/\/cafelapalma.com\/wp-content\/uploads\/2024\/06\/SN-PIC-scaled.jpg",2000,3000,false],"thumbnail":["https:\/\/cafelapalma.com\/wp-content\/uploads\/2024\/06\/SN-PIC-150x150.jpg",150,150,true],"medium":["https:\/\/cafelapalma.com\/wp-content\/uploads\/2024\/06\/SN-PIC-200x300.jpg",200,300,true],"medium_large":["https:\/\/cafelapalma.com\/wp-content\/uploads\/2024\/06\/SN-PIC-768x1152.jpg",768,1152,true],"large":["https:\/\/cafelapalma.com\/wp-content\/uploads\/2024\/06\/SN-PIC-693x1040.jpg",693,1040,true],"1536x1536":["https:\/\/cafelapalma.com\/wp-content\/uploads\/2024\/06\/SN-PIC-1024x1536.jpg",1024,1536,true],"2048x2048":["https:\/\/cafelapalma.com\/wp-content\/uploads\/2024\/06\/SN-PIC-1365x2048.jpg",1365,2048,true],"trp-custom-language-flag":["https:\/\/cafelapalma.com\/wp-content\/uploads\/2024\/06\/SN-PIC-scaled.jpg",8,12,false],"blossom-feminine-slider":["https:\/\/cafelapalma.com\/wp-content\/uploads\/2024\/06\/SN-PIC-1920x649.jpg",1920,649,true],"blossom-feminine-featured":["https:\/\/cafelapalma.com\/wp-content\/uploads\/2024\/06\/SN-PIC-1410x600.jpg",1410,600,true],"blossom-feminine-with-sidebar":["https:\/\/cafelapalma.com\/wp-content\/uploads\/2024\/06\/SN-PIC-1020x600.jpg",1020,600,true],"blossom-feminine-blog":["https:\/\/cafelapalma.com\/wp-content\/uploads\/2024\/06\/SN-PIC-435x435.jpg",435,435,true],"blossom-feminine-cat":["https:\/\/cafelapalma.com\/wp-content\/uploads\/2024\/06\/SN-PIC-450x300.jpg",450,300,true],"blossom-feminine-related":["https:\/\/cafelapalma.com\/wp-content\/uploads\/2024\/06\/SN-PIC-320x200.jpg",320,200,true],"blossom-feminine-schema":["https:\/\/cafelapalma.com\/wp-content\/uploads\/2024\/06\/SN-PIC-40x60.jpg",40,60,true]},"uagb_author_info":{"display_name":"Victor","author_link":"https:\/\/cafelapalma.com\/en\/author\/comunicacion\/"},"uagb_comment_info":0,"uagb_excerpt":"SUPERNINTENDO ARCHUNDIA es un d\u00fao queer de electr\u00f3nica-pop nacido en Berl\u00edn con ra\u00edces porte\u00f1as formado por la genuina y dulce VNNTX aka Julianne Mosca y el talentoso y en\u00e9rgico OBRIGADO. Formadas en el conservatorio de Buenos Aires, unieron fuerzas en la ciudad de Berl\u00edn donde fraguaron su proyecto m\u00e1s ambicioso hasta la fecha. Durante el&hellip;","_links":{"self":[{"href":"https:\/\/cafelapalma.com\/en\/wp-json\/wp\/v2\/tribe_events\/28989","targetHints":{"allow":["GET"]}}],"collection":[{"href":"https:\/\/cafelapalma.com\/en\/wp-json\/wp\/v2\/tribe_events"}],"about":[{"href":"https:\/\/cafelapalma.com\/en\/wp-json\/wp\/v2\/types\/tribe_events"}],"author":[{"embeddable":true,"href":"https:\/\/cafelapalma.com\/en\/wp-json\/wp\/v2\/users\/2"}],"version-history":[{"count":0,"href":"https:\/\/cafelapalma.com\/en\/wp-json\/wp\/v2\/tribe_events\/28989\/revisions"}],"wp:featuredmedia":[{"embeddable":true,"href":"https:\/\/cafelapalma.com\/en\/wp-json\/wp\/v2\/media\/28991"}],"wp:attachment":[{"href":"https:\/\/cafelapalma.com\/en\/wp-json\/wp\/v2\/media?parent=28989"}],"wp:term":[{"taxonomy":"post_tag","embeddable":true,"href":"https:\/\/cafelapalma.com\/en\/wp-json\/wp\/v2\/tags?post=28989"},{"taxonomy":"tribe_events_cat","embeddable":true,"href":"https:\/\/cafelapalma.com\/en\/wp-json\/wp\/v2\/tribe_events_cat?post=28989"}],"curies":[{"name":"wp","href":"https:\/\/api.w.org\/{rel}","templated":true}]}}