{"id":29128,"date":"2024-07-01T12:30:44","date_gmt":"2024-07-01T10:30:44","guid":{"rendered":"https:\/\/cafelapalma.com\/?post_type=tribe_events&#038;p=29128"},"modified":"2024-10-17T10:25:59","modified_gmt":"2024-10-17T08:25:59","slug":"escenarios-vibra-mahou-presenta-la-culpa-beta-maximo-ataque-de-caspa","status":"publish","type":"tribe_events","link":"https:\/\/cafelapalma.com\/en\/programacion\/escenarios-vibra-mahou-presenta-la-culpa-beta-maximo-ataque-de-caspa\/","title":{"rendered":"LA CULPA + BETA M\u00c1XIMO feat. ARIADNA PUNSETES + ATAQUE DE CASPA"},"content":{"rendered":"<div  class=\"tribe-events-schedule tribe-clearfix\" >\n\t<p class=\"tribe-events-schedule__datetime\">\n\t\t<span class=\"tribe-events-schedule__date tribe-events-schedule__date--start\">\n\t\t\t26  October  2024\t\t<\/span>\n\n\t\t\t\t\t<span class=\"tribe-events-schedule__separator tribe-events-schedule__separator--date\">\n\t\t\t\t@\t\t\t<\/span>\n\t\t\t<span class=\"tribe-events-schedule__time tribe-events-schedule__time--start\">\n\t\t\t\t21:00\t\t\t<\/span>\n\t\t\n\t\t\t\t\t\t\t\t\t<span class=\"tribe-events-schedule__separator tribe-events-schedule__separator--time\">\n\t\t\t\t\t&#8211;\t\t\t\t<\/span>\n\t\t\t\n\t\t\t\t\t\t\t<span class=\"tribe-events-schedule__time tribe-events-schedule__time--end\">\n\t\t\t\t\t23:45\t\t\t\t<\/span>\n\t\t\t\n\t\t\t\t\t\t<\/p>\n<\/div>\n\n\n<div  class=\"tribe-block tribe-block__event-price\" >\n\t\t\t<span class=\"tribe-block__event-price__cost\"> ENTRADAS AGOTADAS <\/span>\n\t\t\t\t<span class=\"tribe-block__event-price__description\">#soldout<\/span>\n\t<\/div>\n\n\n\n<div style=\"height:100px\" aria-hidden=\"true\" class=\"wp-block-spacer\"><\/div>\n\n\n\n<div class=\"wp-block-columns is-layout-flex wp-container-core-columns-is-layout-8f761849 wp-block-columns-is-layout-flex\">\n<div class=\"wp-block-column is-layout-flow wp-block-column-is-layout-flow\" style=\"flex-basis:33.33%\">\n<figure class=\"wp-block-image size-large\"><img loading=\"lazy\" decoding=\"async\" width=\"736\" height=\"1040\" src=\"https:\/\/cafelapalma.com\/wp-content\/uploads\/2024\/07\/BETA-A3-SO-DEF-736x1040.jpg\" alt=\"\" class=\"wp-image-29664\" srcset=\"https:\/\/cafelapalma.com\/wp-content\/uploads\/2024\/07\/BETA-A3-SO-DEF-736x1040.jpg 736w, https:\/\/cafelapalma.com\/wp-content\/uploads\/2024\/07\/BETA-A3-SO-DEF-212x300.jpg 212w, https:\/\/cafelapalma.com\/wp-content\/uploads\/2024\/07\/BETA-A3-SO-DEF-768x1086.jpg 768w, https:\/\/cafelapalma.com\/wp-content\/uploads\/2024\/07\/BETA-A3-SO-DEF-1086x1536.jpg 1086w, https:\/\/cafelapalma.com\/wp-content\/uploads\/2024\/07\/BETA-A3-SO-DEF-1448x2048.jpg 1448w, https:\/\/cafelapalma.com\/wp-content\/uploads\/2024\/07\/BETA-A3-SO-DEF-42x60.jpg 42w\" sizes=\"auto, (max-width: 736px) 100vw, 736px\" \/><\/figure>\n<\/div>\n\n\n\n<div class=\"wp-block-column is-layout-flow wp-block-column-is-layout-flow\" style=\"flex-basis:66.66%\">\n<p class=\"wp-block-paragraph\"><\/p>\n\n\n\n<p class=\"has-text-align-left wp-block-paragraph\">Un d\u00eda cuatro colegas deciden montar un grupo, un mes despu\u00e9s est\u00e1n dando su primer concierto y algo m\u00e1s tarde graban con <strong>Diego Escriche<\/strong> de <strong>La Plata<\/strong> las ocho pistas que componen su primer \u00e1lbum. El segundo, <strong><em>\u00abCuando Amanece\u00bb<\/em><\/strong>, grabado de nuevo por <strong>Escriche<\/strong>, llega un a\u00f1o despu\u00e9s tras un cambio de vocalista. Ahora <strong>LA CULPA<\/strong> se conforman como un <em>power tr\u00edo<\/em> de pop pur\u00edsimo, pegadizo, emocional, sin trampas: estribillos que se incrustan en tu cabeza y te persiguen durante d\u00edas, frescura y guitarras pegadizas. Su tercer disco est\u00e1 en camino.<\/p>\n\n\n\n<p class=\"has-text-align-right wp-block-paragraph\"><em><a href=\"https:\/\/open.spotify.com\/intl-es\/artist\/677roxlr69mbWMLY6MMGnx?si=lGWOt8eUQYu4fNHs_I_ukw\">Listen to <\/a><\/em><strong><a href=\"https:\/\/open.spotify.com\/intl-es\/artist\/677roxlr69mbWMLY6MMGnx?si=lGWOt8eUQYu4fNHs_I_ukw\">LA CULPA<\/a><\/strong><em><a href=\"https:\/\/open.spotify.com\/intl-es\/artist\/677roxlr69mbWMLY6MMGnx?si=lGWOt8eUQYu4fNHs_I_ukw\"> in <\/a><\/em><strong><a href=\"https:\/\/open.spotify.com\/intl-es\/artist\/677roxlr69mbWMLY6MMGnx?si=lGWOt8eUQYu4fNHs_I_ukw\">Spotify<\/a><\/strong><\/p>\n\n\n\n<p class=\"has-text-align-left wp-block-paragraph\">La caja de ritmos ya no se calienta: <strong>BETA M\u00c1XIMO<\/strong> se da un paseo por su pasado y se hace un l\u00edo de referencias que intenta desenmara\u00f1ar en plan a\u00f1os veinte. La voz de <strong>ARIADNA PUNSETES<\/strong> hace que Beta salga airoso de su intentona. Punk suave o pop ruidoso, impulsado a golpe exacto maquinal.<\/p>\n\n\n\n<p class=\"has-text-align-right wp-block-paragraph\"><em><a href=\"https:\/\/open.spotify.com\/intl-es\/artist\/365RFaJ5rIVgB8JkNSLN0M?si=UFguILZFTseg_Zzs9CDRHQ\">Listen to <\/a><\/em><strong><a href=\"https:\/\/open.spotify.com\/intl-es\/artist\/365RFaJ5rIVgB8JkNSLN0M?si=UFguILZFTseg_Zzs9CDRHQ\">BETA M\u00c1XIMO<\/a><\/strong><em><a href=\"https:\/\/open.spotify.com\/intl-es\/artist\/365RFaJ5rIVgB8JkNSLN0M?si=UFguILZFTseg_Zzs9CDRHQ\"> in <\/a><\/em><strong><a href=\"https:\/\/open.spotify.com\/intl-es\/artist\/365RFaJ5rIVgB8JkNSLN0M?si=UFguILZFTseg_Zzs9CDRHQ\">Spotify<\/a><\/strong><\/p>\n\n\n\n<p class=\"has-text-align-left wp-block-paragraph\">Supongamos que un grupo de amigos se lo pasan en grande en un s\u00f3tano haciendo canciones sobre la pesca de bajura o la entomolog\u00eda. La maqueta que grabaron en un par de ma\u00f1anas duerme durante a\u00f1os y a\u00f1os en un caj\u00f3n, hasta que <strong>Manu S\u00e1nchez<\/strong> \u2013<strong>Anntona <\/strong>de <strong>Los Punsetes<\/strong>\u2013 la descubre y decide hacer un vinilo con las canciones originales y sus versiones con algunos grupos que hacen magia con ellas. Esa magia despierta en ellos el esp\u00edritu del s\u00f3tano, y les anima a desempolvar bajos, guitarras y micr\u00f3fonos: supongamos que el tiempo no les ha quitado las ganas de jugar con ritmos y melod\u00edas; supongamos que hablamos de <strong>ATAQUE DE CASPA<\/strong>.<\/p>\n\n\n\n<p class=\"has-text-align-right wp-block-paragraph\"><em><a href=\"https:\/\/open.spotify.com\/intl-es\/artist\/53rvBug7ytrTDjFdo5mKhk?si=EXRj-TybQr25xGVgq3-Mxw\">Listen to <\/a><\/em><strong><a href=\"https:\/\/open.spotify.com\/intl-es\/artist\/53rvBug7ytrTDjFdo5mKhk?si=EXRj-TybQr25xGVgq3-Mxw\">ATAQUE DE CASPA<\/a><\/strong><em><a href=\"https:\/\/open.spotify.com\/intl-es\/artist\/53rvBug7ytrTDjFdo5mKhk?si=EXRj-TybQr25xGVgq3-Mxw\"> in <\/a><\/em><strong><a href=\"https:\/\/open.spotify.com\/intl-es\/artist\/53rvBug7ytrTDjFdo5mKhk?si=EXRj-TybQr25xGVgq3-Mxw\">Spotify<\/a><\/strong><\/p>\n\n\n\n<p class=\"has-text-align-left wp-block-paragraph\"><em>Con el apoyo de <\/em><strong>ESCENARIOS VIBRA MAHOU<\/strong><\/p>\n<\/div>\n<\/div>\n\n\n\n<div style=\"height:100px\" aria-hidden=\"true\" class=\"wp-block-spacer\"><\/div>\n\n\n\n<hr class=\"wp-block-separator has-alpha-channel-opacity\"\/>\n\n\n\n<div style=\"height:100px\" aria-hidden=\"true\" class=\"wp-block-spacer\"><\/div>\n\n\n<h2 class=\"tribe-block__related-events__title\">Related Events<\/h2>\n\n<ul  class=\"tribe-related-events tribe-clearfix\" >\n\t\t\t<li>\n\t\n<div class=\"tribe-related-events-thumbnail\">\n\t<a href=\"https:\/\/cafelapalma.com\/en\/programacion\/funkin-donuts\/\" class=\"url\" rel=\"bookmark\" tabindex=\"-1\" aria-hidden=\"true\"><img loading=\"lazy\" decoding=\"async\" width=\"693\" height=\"1040\" src=\"https:\/\/cafelapalma.com\/wp-content\/uploads\/2026\/07\/FD-vert2-bn-693x1040.jpg\" class=\"attachment-large size-large wp-post-image\" alt=\"\" \/><\/a>\n<\/div>\n\t<div class=\"tribe-related-event-info\">\n\t<h3 class=\"tribe-related-events-title\">\n\t\t<a href=\"https:\/\/cafelapalma.com\/en\/programacion\/funkin-donuts\/\" class=\"tribe-event-url\" rel=\"bookmark\">\n\t\t\tFUNKIN&#8217; DONUTS\t\t<\/a>\n\t<\/h3>\n\t<span class=\"tribe-event-date-start\">5  September@22:00<\/span><span class=\"tribe-event-time\">23:45<\/span><\/div>\n<\/li>\n\t\t\t<li>\n\t\n<div class=\"tribe-related-events-thumbnail\">\n\t<a href=\"https:\/\/cafelapalma.com\/en\/programacion\/backstage-le-petit-truffle-mayo\/\" class=\"url\" rel=\"bookmark\" tabindex=\"-1\" aria-hidden=\"true\"><img loading=\"lazy\" decoding=\"async\" width=\"780\" height=\"1040\" src=\"https:\/\/cafelapalma.com\/wp-content\/uploads\/2026\/07\/Imagen-TruffleMayo-LePetit-i-1-780x1040.png\" class=\"attachment-large size-large wp-post-image\" alt=\"\" \/><\/a>\n<\/div>\n\t<div class=\"tribe-related-event-info\">\n\t<h3 class=\"tribe-related-events-title\">\n\t\t<a href=\"https:\/\/cafelapalma.com\/en\/programacion\/backstage-le-petit-truffle-mayo\/\" class=\"tribe-event-url\" rel=\"bookmark\">\n\t\t\tBACKSTAGE: LE PETIT + TRUFFLE MAYO\t\t<\/a>\n\t<\/h3>\n\t<span class=\"tribe-event-date-start\">5  September@23:55<\/span><\/div>\n<\/li>\n\t\t\t<li>\n\t\n<div class=\"tribe-related-events-thumbnail\">\n\t<a href=\"https:\/\/cafelapalma.com\/en\/programacion\/willie-deville-concierto-benefico-x-venezuela\/\" class=\"url\" rel=\"bookmark\" tabindex=\"-1\" aria-hidden=\"true\"><img loading=\"lazy\" decoding=\"async\" width=\"1020\" height=\"531\" src=\"https:\/\/cafelapalma.com\/wp-content\/uploads\/2026\/08\/Willie-deville-1100x572-1-1040x541.jpg\" class=\"attachment-large size-large wp-post-image\" alt=\"\" \/><\/a>\n<\/div>\n\t<div class=\"tribe-related-event-info\">\n\t<h3 class=\"tribe-related-events-title\">\n\t\t<a href=\"https:\/\/cafelapalma.com\/en\/programacion\/willie-deville-concierto-benefico-x-venezuela\/\" class=\"tribe-event-url\" rel=\"bookmark\">\n\t\t\tWILLIE DEVILLE: CONCIERTO BEN\u00c9FICO X VENEZUELA\t\t<\/a>\n\t<\/h3>\n\t<span class=\"tribe-event-date-start\">6  September@21:00<\/span><span class=\"tribe-event-time\">23:45<\/span><\/div>\n<\/li>\n\t<\/ul>","protected":false},"excerpt":{"rendered":"<p>Un d\u00eda cuatro colegas deciden montar un grupo, un mes despu\u00e9s est\u00e1n dando su primer concierto y algo m\u00e1s tarde graban con Diego Escriche de La Plata las ocho pistas que componen su primer \u00e1lbum. El segundo, \u00abCuando Amanece\u00bb, grabado de nuevo por Escriche, llega un a\u00f1o despu\u00e9s tras un cambio de vocalista. Ahora LA &hellip; <\/p>","protected":false},"author":2,"featured_media":29130,"template":"","meta":{"_tec_requires_first_save":false,"_uag_custom_page_level_css":"","loftloader_page_shortcode":"","_EventAllDay":false,"_EventTimezone":"Europe\/Madrid","_EventStartDate":"2024-10-26 21:00:00","_EventEndDate":"2024-10-26 23:45:00","_EventStartDateUTC":"2024-10-26 19:00:00","_EventEndDateUTC":"2024-10-26 21:45:00","_EventShowMap":false,"_EventShowMapLink":false,"_EventURL":"https:\/\/www.passline.com\/eventos\/la-culpa-beta-maximo-ft-ariadna-punsetes-ataque-de-caspa","_EventCost":"ENTRADAS AGOTADAS","_EventCostDescription":"","_EventCurrencySymbol":"\u20ac","_EventCurrencyCode":"","_EventCurrencyPosition":"suffix","_EventDateTimeSeparator":"@","_EventTimeRangeSeparator":"-","_EventOrganizerID":[],"_EventVenueID":[],"_OrganizerEmail":"","_OrganizerPhone":"","_OrganizerWebsite":"","_VenueAddress":"","_VenueCity":"","_VenueCountry":"","_VenueProvince":"","_VenueState":"","_VenueZip":"","_VenuePhone":"","_VenueURL":"","_VenueStateProvince":"","_VenueLat":"","_VenueLng":"","_VenueShowMap":false,"_VenueShowMapLink":false,"_tribe_blocks_recurrence_rules":"","_tribe_blocks_recurrence_description":"","_tribe_blocks_recurrence_exclusions":"","_ecp_custom_2":"","_tribe_events_status":"","_tribe_events_status_reason":"","_tribe_events_is_hybrid":"","_tribe_events_is_virtual":"","_tribe_events_virtual_video_source":"","_tribe_events_virtual_embed_video":"","_tribe_events_virtual_linked_button_text":"","_tribe_events_virtual_linked_button":"","_tribe_events_virtual_show_embed_at":"","_tribe_events_virtual_show_embed_to":[],"_tribe_events_virtual_show_on_event":"","_tribe_events_virtual_show_on_views":"","_tribe_events_virtual_url":"","footnotes":""},"tags":[15931,15926,15924,8869,1363,2865,9147,9146,15929,15927,9623,15692,10310,15930,1355,1481,1354,1146],"tribe_events_cat":[8963],"class_list":["post-29128","tribe_events","type-tribe_events","status-publish","has-post-thumbnail","hentry","tag-anntona","tag-ataque-de-caspa","tag-beta-maximo","tag-cafe-la-palma-2","tag-cafe-la-palma","tag-conciertos-cafe-la-palma","tag-conciertos-madrid","tag-conciertos-malasana","tag-cuando-amanece","tag-diego-escriche","tag-escenarios-vibra-mahou","tag-la-plata","tag-los-punsetes","tag-manu-sanchez","tag-pop","tag-punk","tag-rock","tag-synthpop","tribe_events_cat-concierto","cat_concierto"],"uagb_featured_image_src":{"full":["https:\/\/cafelapalma.com\/wp-content\/uploads\/2024\/07\/VIBRA-MAHOU-FRONT.jpg",1080,1920,false],"thumbnail":["https:\/\/cafelapalma.com\/wp-content\/uploads\/2024\/07\/VIBRA-MAHOU-FRONT-150x150.jpg",150,150,true],"medium":["https:\/\/cafelapalma.com\/wp-content\/uploads\/2024\/07\/VIBRA-MAHOU-FRONT-169x300.jpg",169,300,true],"medium_large":["https:\/\/cafelapalma.com\/wp-content\/uploads\/2024\/07\/VIBRA-MAHOU-FRONT-768x1365.jpg",768,1365,true],"large":["https:\/\/cafelapalma.com\/wp-content\/uploads\/2024\/07\/VIBRA-MAHOU-FRONT-585x1040.jpg",585,1040,true],"1536x1536":["https:\/\/cafelapalma.com\/wp-content\/uploads\/2024\/07\/VIBRA-MAHOU-FRONT-864x1536.jpg",864,1536,true],"2048x2048":["https:\/\/cafelapalma.com\/wp-content\/uploads\/2024\/07\/VIBRA-MAHOU-FRONT.jpg",1080,1920,false],"trp-custom-language-flag":["https:\/\/cafelapalma.com\/wp-content\/uploads\/2024\/07\/VIBRA-MAHOU-FRONT.jpg",7,12,false],"blossom-feminine-slider":["https:\/\/cafelapalma.com\/wp-content\/uploads\/2024\/07\/VIBRA-MAHOU-FRONT-1080x649.jpg",1080,649,true],"blossom-feminine-featured":["https:\/\/cafelapalma.com\/wp-content\/uploads\/2024\/07\/VIBRA-MAHOU-FRONT-1080x600.jpg",1080,600,true],"blossom-feminine-with-sidebar":["https:\/\/cafelapalma.com\/wp-content\/uploads\/2024\/07\/VIBRA-MAHOU-FRONT-1020x600.jpg",1020,600,true],"blossom-feminine-blog":["https:\/\/cafelapalma.com\/wp-content\/uploads\/2024\/07\/VIBRA-MAHOU-FRONT-435x435.jpg",435,435,true],"blossom-feminine-cat":["https:\/\/cafelapalma.com\/wp-content\/uploads\/2024\/07\/VIBRA-MAHOU-FRONT-450x300.jpg",450,300,true],"blossom-feminine-related":["https:\/\/cafelapalma.com\/wp-content\/uploads\/2024\/07\/VIBRA-MAHOU-FRONT-320x200.jpg",320,200,true],"blossom-feminine-schema":["https:\/\/cafelapalma.com\/wp-content\/uploads\/2024\/07\/VIBRA-MAHOU-FRONT-34x60.jpg",34,60,true]},"uagb_author_info":{"display_name":"Victor","author_link":"https:\/\/cafelapalma.com\/en\/author\/comunicacion\/"},"uagb_comment_info":0,"uagb_excerpt":"Un d\u00eda cuatro colegas deciden montar un grupo, un mes despu\u00e9s est\u00e1n dando su primer concierto y algo m\u00e1s tarde graban con Diego Escriche de La Plata las ocho pistas que componen su primer \u00e1lbum. El segundo, \u00abCuando Amanece\u00bb, grabado de nuevo por Escriche, llega un a\u00f1o despu\u00e9s tras un cambio de vocalista. Ahora LA&hellip;","_links":{"self":[{"href":"https:\/\/cafelapalma.com\/en\/wp-json\/wp\/v2\/tribe_events\/29128","targetHints":{"allow":["GET"]}}],"collection":[{"href":"https:\/\/cafelapalma.com\/en\/wp-json\/wp\/v2\/tribe_events"}],"about":[{"href":"https:\/\/cafelapalma.com\/en\/wp-json\/wp\/v2\/types\/tribe_events"}],"author":[{"embeddable":true,"href":"https:\/\/cafelapalma.com\/en\/wp-json\/wp\/v2\/users\/2"}],"version-history":[{"count":0,"href":"https:\/\/cafelapalma.com\/en\/wp-json\/wp\/v2\/tribe_events\/29128\/revisions"}],"wp:featuredmedia":[{"embeddable":true,"href":"https:\/\/cafelapalma.com\/en\/wp-json\/wp\/v2\/media\/29130"}],"wp:attachment":[{"href":"https:\/\/cafelapalma.com\/en\/wp-json\/wp\/v2\/media?parent=29128"}],"wp:term":[{"taxonomy":"post_tag","embeddable":true,"href":"https:\/\/cafelapalma.com\/en\/wp-json\/wp\/v2\/tags?post=29128"},{"taxonomy":"tribe_events_cat","embeddable":true,"href":"https:\/\/cafelapalma.com\/en\/wp-json\/wp\/v2\/tribe_events_cat?post=29128"}],"curies":[{"name":"wp","href":"https:\/\/api.w.org\/{rel}","templated":true}]}}