{"id":29145,"date":"2024-07-03T12:25:00","date_gmt":"2024-07-03T10:25:00","guid":{"rendered":"https:\/\/cafelapalma.com\/?post_type=tribe_events&#038;p=29145"},"modified":"2024-07-03T12:38:38","modified_gmt":"2024-07-03T10:38:38","slug":"el-satrapa","status":"publish","type":"tribe_events","link":"https:\/\/cafelapalma.com\/en\/programacion\/el-satrapa\/","title":{"rendered":"EL S\u00c1TRAPA"},"content":{"rendered":"<div  class=\"tribe-events-schedule tribe-clearfix\" >\n\t<p class=\"tribe-events-schedule__datetime\">\n\t\t<span class=\"tribe-events-schedule__date tribe-events-schedule__date--start\">\n\t\t\t07  September  2024\t\t<\/span>\n\n\t\t\t\t\t<span class=\"tribe-events-schedule__separator tribe-events-schedule__separator--date\">\n\t\t\t\t@\t\t\t<\/span>\n\t\t\t<span class=\"tribe-events-schedule__time tribe-events-schedule__time--start\">\n\t\t\t\t22:00\t\t\t<\/span>\n\t\t\n\t\t\t\t\t\t\t\t\t<span class=\"tribe-events-schedule__separator tribe-events-schedule__separator--time\">\n\t\t\t\t\t&#8211;\t\t\t\t<\/span>\n\t\t\t\n\t\t\t\t\t\t\t<span class=\"tribe-events-schedule__time tribe-events-schedule__time--end\">\n\t\t\t\t\t23:45\t\t\t\t<\/span>\n\t\t\t\n\t\t\t\t\t\t<\/p>\n<\/div>\n\n\n<div  class=\"tribe-block tribe-block__event-price\" >\n\t\t\t<span class=\"tribe-block__event-price__cost\"> 9\u20ac <\/span>\n\t\t\t\t<span class=\"tribe-block__event-price__description\">+ gg Anticipada | 12\u20ac Taquilla<\/span>\n\t<\/div>\n\n\n\n<div style=\"height:100px\" aria-hidden=\"true\" class=\"wp-block-spacer\"><\/div>\n\n\n\n<div class=\"wp-block-columns is-layout-flex wp-container-core-columns-is-layout-8f761849 wp-block-columns-is-layout-flex\">\n<div class=\"wp-block-column is-layout-flow wp-block-column-is-layout-flow\" style=\"flex-basis:33.33%\">\n<figure class=\"wp-block-image size-large\"><img loading=\"lazy\" decoding=\"async\" width=\"736\" height=\"1040\" src=\"https:\/\/cafelapalma.com\/wp-content\/uploads\/2024\/07\/SATRAPA-A3-LOW-736x1040.jpg\" alt=\"\" class=\"wp-image-29146\" srcset=\"https:\/\/cafelapalma.com\/wp-content\/uploads\/2024\/07\/SATRAPA-A3-LOW-736x1040.jpg 736w, https:\/\/cafelapalma.com\/wp-content\/uploads\/2024\/07\/SATRAPA-A3-LOW-212x300.jpg 212w, https:\/\/cafelapalma.com\/wp-content\/uploads\/2024\/07\/SATRAPA-A3-LOW-768x1085.jpg 768w, https:\/\/cafelapalma.com\/wp-content\/uploads\/2024\/07\/SATRAPA-A3-LOW-1087x1536.jpg 1087w, https:\/\/cafelapalma.com\/wp-content\/uploads\/2024\/07\/SATRAPA-A3-LOW-1449x2048.jpg 1449w, https:\/\/cafelapalma.com\/wp-content\/uploads\/2024\/07\/SATRAPA-A3-LOW-42x60.jpg 42w, https:\/\/cafelapalma.com\/wp-content\/uploads\/2024\/07\/SATRAPA-A3-LOW.jpg 1755w\" sizes=\"auto, (max-width: 736px) 100vw, 736px\" \/><\/figure>\n\n\n<div  class=\"tribe-block tribe-block__event-website\" >\n\t<a\n\t\thref=\"https:\/\/www.passline.com\/eventos\/el-satrapa\"\n\t\ttarget=\"_self\"\n\t\t\t>\n\t\tBUY TICKETS\t<\/a>\n<\/div>\n<\/div>\n\n\n\n<div class=\"wp-block-column is-layout-flow wp-block-column-is-layout-flow\" style=\"flex-basis:66.66%\">\n<div style=\"height:100px\" aria-hidden=\"true\" class=\"wp-block-spacer\"><\/div>\n\n\n\n<p class=\"has-text-align-left wp-block-paragraph\"><strong>EL S\u00c1TRAPA<\/strong> es un cantante y compositor gaditano afincado en Madrid, cuya m\u00fasica se caracteriza por fusi\u00f3n de m\u00faltiples estilos. Canciones con presencia de ritmos latinos, electr\u00f3nica, folk americano, jazz, algo de soul y blues, pasados por la coctelera del pop e interpretados de manera personal con un sello propio.<\/p>\n\n\n\n<p class=\"has-text-align-left wp-block-paragraph\">Las letras de los temas inciden en la cr\u00edtica social e historias costumbristas cantadas con armon\u00edas alegres y bailables. Acompa\u00f1an a <strong>El S\u00e1trapa<\/strong>, <strong>Javier Serrano<\/strong> (bajista y director musical), <strong>Boris Fadul <\/strong>(Guitarra pral), <strong>Andr\u00e9s <\/strong>(Guitarra r\u00edtmica) y <strong>Antonio <\/strong>(Bater\u00eda).<\/p>\n\n\n\n<p class=\"has-text-align-left wp-block-paragraph\">\u00bfCansado de o\u00edr el mismo indie mon\u00f3tono de siempre? \u00a1Sum\u00e9rgete en el nuevo pop independiente fresco y divertido!<\/p>\n\n\n\n<p class=\"has-text-align-right wp-block-paragraph\"><em><a href=\"https:\/\/open.spotify.com\/intl-es\/artist\/6oqSOutU0R92Q7cd3bLAIy?si=p5zWM3J7TEqTDAIxvQS_Cg\">Listen to <\/a><\/em><strong><a href=\"https:\/\/open.spotify.com\/intl-es\/artist\/6oqSOutU0R92Q7cd3bLAIy?si=p5zWM3J7TEqTDAIxvQS_Cg\">EL S\u00c1TRAPA<\/a><\/strong><em><a href=\"https:\/\/open.spotify.com\/intl-es\/artist\/6oqSOutU0R92Q7cd3bLAIy?si=p5zWM3J7TEqTDAIxvQS_Cg\"> in <\/a><\/em><strong><a href=\"https:\/\/open.spotify.com\/intl-es\/artist\/6oqSOutU0R92Q7cd3bLAIy?si=p5zWM3J7TEqTDAIxvQS_Cg\">Spotify<\/a><\/strong><\/p>\n<\/div>\n<\/div>\n\n\n\n<div style=\"height:100px\" aria-hidden=\"true\" class=\"wp-block-spacer\"><\/div>\n\n\n\n<hr class=\"wp-block-separator has-alpha-channel-opacity\"\/>\n\n\n\n<div style=\"height:100px\" aria-hidden=\"true\" class=\"wp-block-spacer\"><\/div>\n\n\n<h2 class=\"tribe-block__related-events__title\">Related Events<\/h2>\n\n<ul  class=\"tribe-related-events tribe-clearfix\" >\n\t\t\t<li>\n\t\n<div class=\"tribe-related-events-thumbnail\">\n\t<a href=\"https:\/\/cafelapalma.com\/en\/programacion\/funkin-donuts\/\" class=\"url\" rel=\"bookmark\" tabindex=\"-1\" aria-hidden=\"true\"><img loading=\"lazy\" decoding=\"async\" width=\"693\" height=\"1040\" src=\"https:\/\/cafelapalma.com\/wp-content\/uploads\/2026\/07\/FD-vert2-bn-693x1040.jpg\" class=\"attachment-large size-large wp-post-image\" alt=\"\" \/><\/a>\n<\/div>\n\t<div class=\"tribe-related-event-info\">\n\t<h3 class=\"tribe-related-events-title\">\n\t\t<a href=\"https:\/\/cafelapalma.com\/en\/programacion\/funkin-donuts\/\" class=\"tribe-event-url\" rel=\"bookmark\">\n\t\t\tFUNKIN&#8217; DONUTS\t\t<\/a>\n\t<\/h3>\n\t<span class=\"tribe-event-date-start\">5  September@22:00<\/span><span class=\"tribe-event-time\">23:45<\/span><\/div>\n<\/li>\n\t\t\t<li>\n\t\n<div class=\"tribe-related-events-thumbnail\">\n\t<a href=\"https:\/\/cafelapalma.com\/en\/programacion\/backstage-le-petit-truffle-mayo\/\" class=\"url\" rel=\"bookmark\" tabindex=\"-1\" aria-hidden=\"true\"><img loading=\"lazy\" decoding=\"async\" width=\"780\" height=\"1040\" src=\"https:\/\/cafelapalma.com\/wp-content\/uploads\/2026\/07\/Imagen-TruffleMayo-LePetit-i-1-780x1040.png\" class=\"attachment-large size-large wp-post-image\" alt=\"\" \/><\/a>\n<\/div>\n\t<div class=\"tribe-related-event-info\">\n\t<h3 class=\"tribe-related-events-title\">\n\t\t<a href=\"https:\/\/cafelapalma.com\/en\/programacion\/backstage-le-petit-truffle-mayo\/\" class=\"tribe-event-url\" rel=\"bookmark\">\n\t\t\tBACKSTAGE: LE PETIT + TRUFFLE MAYO\t\t<\/a>\n\t<\/h3>\n\t<span class=\"tribe-event-date-start\">5  September@23:55<\/span><\/div>\n<\/li>\n\t\t\t<li>\n\t\n<div class=\"tribe-related-events-thumbnail\">\n\t<a href=\"https:\/\/cafelapalma.com\/en\/programacion\/willie-deville-concierto-benefico-x-venezuela\/\" class=\"url\" rel=\"bookmark\" tabindex=\"-1\" aria-hidden=\"true\"><img loading=\"lazy\" decoding=\"async\" width=\"1020\" height=\"531\" src=\"https:\/\/cafelapalma.com\/wp-content\/uploads\/2026\/08\/Willie-deville-1100x572-1-1040x541.jpg\" class=\"attachment-large size-large wp-post-image\" alt=\"\" \/><\/a>\n<\/div>\n\t<div class=\"tribe-related-event-info\">\n\t<h3 class=\"tribe-related-events-title\">\n\t\t<a href=\"https:\/\/cafelapalma.com\/en\/programacion\/willie-deville-concierto-benefico-x-venezuela\/\" class=\"tribe-event-url\" rel=\"bookmark\">\n\t\t\tWILLIE DEVILLE: CONCIERTO BEN\u00c9FICO X VENEZUELA\t\t<\/a>\n\t<\/h3>\n\t<span class=\"tribe-event-date-start\">6  September@21:00<\/span><span class=\"tribe-event-time\">23:45<\/span><\/div>\n<\/li>\n\t<\/ul>","protected":false},"excerpt":{"rendered":"<p>EL S\u00c1TRAPA es un cantante y compositor gaditano afincado en Madrid, cuya m\u00fasica se caracteriza por fusi\u00f3n de m\u00faltiples estilos. Canciones con presencia de ritmos latinos, electr\u00f3nica, folk americano, jazz, algo de soul y blues, pasados por la coctelera del pop e interpretados de manera personal con un sello propio. Las letras de los temas &hellip; <\/p>","protected":false},"author":2,"featured_media":29147,"template":"","meta":{"_tec_requires_first_save":false,"_uag_custom_page_level_css":"","loftloader_page_shortcode":"","_EventAllDay":false,"_EventTimezone":"Europe\/Madrid","_EventStartDate":"2024-09-07 22:00:00","_EventEndDate":"2024-09-07 23:45:00","_EventStartDateUTC":"2024-09-07 20:00:00","_EventEndDateUTC":"2024-09-07 21:45:00","_EventShowMap":false,"_EventShowMapLink":false,"_EventURL":"https:\/\/www.passline.com\/eventos\/el-satrapa","_EventCost":"9","_EventCostDescription":"","_EventCurrencySymbol":"\u20ac","_EventCurrencyCode":"USD","_EventCurrencyPosition":"suffix","_EventDateTimeSeparator":"@","_EventTimeRangeSeparator":"-","_EventOrganizerID":[],"_EventVenueID":[],"_OrganizerEmail":"","_OrganizerPhone":"","_OrganizerWebsite":"","_VenueAddress":"","_VenueCity":"","_VenueCountry":"","_VenueProvince":"","_VenueState":"","_VenueZip":"","_VenuePhone":"","_VenueURL":"","_VenueStateProvince":"","_VenueLat":"","_VenueLng":"","_VenueShowMap":false,"_VenueShowMapLink":false,"_tribe_blocks_recurrence_rules":"","_tribe_blocks_recurrence_description":"","_tribe_blocks_recurrence_exclusions":"","_ecp_custom_2":"","_tribe_events_status":"","_tribe_events_status_reason":"","_tribe_events_is_hybrid":"","_tribe_events_is_virtual":"","_tribe_events_virtual_video_source":"","_tribe_events_virtual_embed_video":"","_tribe_events_virtual_linked_button_text":"","_tribe_events_virtual_linked_button":"","_tribe_events_virtual_show_embed_at":"","_tribe_events_virtual_show_embed_to":[],"_tribe_events_virtual_show_on_event":"","_tribe_events_virtual_show_on_views":"","_tribe_events_virtual_url":"","footnotes":""},"tags":[15947,1363,8869,2865,9147,9146,15945,8970,15946,1355,1354],"tribe_events_cat":[8963],"class_list":["post-29145","tribe_events","type-tribe_events","status-publish","has-post-thumbnail","hentry","tag-boris-fadul","tag-cafe-la-palma","tag-cafe-la-palma-2","tag-conciertos-cafe-la-palma","tag-conciertos-madrid","tag-conciertos-malasana","tag-el-satrapa","tag-indie","tag-javier-serrano","tag-pop","tag-rock","tribe_events_cat-concierto","cat_concierto"],"uagb_featured_image_src":{"full":["https:\/\/cafelapalma.com\/wp-content\/uploads\/2024\/07\/SATRAPA-PIC.jpg",1707,2560,false],"thumbnail":["https:\/\/cafelapalma.com\/wp-content\/uploads\/2024\/07\/SATRAPA-PIC-150x150.jpg",150,150,true],"medium":["https:\/\/cafelapalma.com\/wp-content\/uploads\/2024\/07\/SATRAPA-PIC-200x300.jpg",200,300,true],"medium_large":["https:\/\/cafelapalma.com\/wp-content\/uploads\/2024\/07\/SATRAPA-PIC-768x1152.jpg",768,1152,true],"large":["https:\/\/cafelapalma.com\/wp-content\/uploads\/2024\/07\/SATRAPA-PIC-693x1040.jpg",693,1040,true],"1536x1536":["https:\/\/cafelapalma.com\/wp-content\/uploads\/2024\/07\/SATRAPA-PIC-1024x1536.jpg",1024,1536,true],"2048x2048":["https:\/\/cafelapalma.com\/wp-content\/uploads\/2024\/07\/SATRAPA-PIC-1366x2048.jpg",1366,2048,true],"trp-custom-language-flag":["https:\/\/cafelapalma.com\/wp-content\/uploads\/2024\/07\/SATRAPA-PIC.jpg",8,12,false],"blossom-feminine-slider":["https:\/\/cafelapalma.com\/wp-content\/uploads\/2024\/07\/SATRAPA-PIC-1707x649.jpg",1707,649,true],"blossom-feminine-featured":["https:\/\/cafelapalma.com\/wp-content\/uploads\/2024\/07\/SATRAPA-PIC-1410x600.jpg",1410,600,true],"blossom-feminine-with-sidebar":["https:\/\/cafelapalma.com\/wp-content\/uploads\/2024\/07\/SATRAPA-PIC-1020x600.jpg",1020,600,true],"blossom-feminine-blog":["https:\/\/cafelapalma.com\/wp-content\/uploads\/2024\/07\/SATRAPA-PIC-435x435.jpg",435,435,true],"blossom-feminine-cat":["https:\/\/cafelapalma.com\/wp-content\/uploads\/2024\/07\/SATRAPA-PIC-450x300.jpg",450,300,true],"blossom-feminine-related":["https:\/\/cafelapalma.com\/wp-content\/uploads\/2024\/07\/SATRAPA-PIC-320x200.jpg",320,200,true],"blossom-feminine-schema":["https:\/\/cafelapalma.com\/wp-content\/uploads\/2024\/07\/SATRAPA-PIC-40x60.jpg",40,60,true]},"uagb_author_info":{"display_name":"Victor","author_link":"https:\/\/cafelapalma.com\/en\/author\/comunicacion\/"},"uagb_comment_info":0,"uagb_excerpt":"EL S\u00c1TRAPA es un cantante y compositor gaditano afincado en Madrid, cuya m\u00fasica se caracteriza por fusi\u00f3n de m\u00faltiples estilos. Canciones con presencia de ritmos latinos, electr\u00f3nica, folk americano, jazz, algo de soul y blues, pasados por la coctelera del pop e interpretados de manera personal con un sello propio. Las letras de los temas&hellip;","_links":{"self":[{"href":"https:\/\/cafelapalma.com\/en\/wp-json\/wp\/v2\/tribe_events\/29145","targetHints":{"allow":["GET"]}}],"collection":[{"href":"https:\/\/cafelapalma.com\/en\/wp-json\/wp\/v2\/tribe_events"}],"about":[{"href":"https:\/\/cafelapalma.com\/en\/wp-json\/wp\/v2\/types\/tribe_events"}],"author":[{"embeddable":true,"href":"https:\/\/cafelapalma.com\/en\/wp-json\/wp\/v2\/users\/2"}],"version-history":[{"count":0,"href":"https:\/\/cafelapalma.com\/en\/wp-json\/wp\/v2\/tribe_events\/29145\/revisions"}],"wp:featuredmedia":[{"embeddable":true,"href":"https:\/\/cafelapalma.com\/en\/wp-json\/wp\/v2\/media\/29147"}],"wp:attachment":[{"href":"https:\/\/cafelapalma.com\/en\/wp-json\/wp\/v2\/media?parent=29145"}],"wp:term":[{"taxonomy":"post_tag","embeddable":true,"href":"https:\/\/cafelapalma.com\/en\/wp-json\/wp\/v2\/tags?post=29145"},{"taxonomy":"tribe_events_cat","embeddable":true,"href":"https:\/\/cafelapalma.com\/en\/wp-json\/wp\/v2\/tribe_events_cat?post=29145"}],"curies":[{"name":"wp","href":"https:\/\/api.w.org\/{rel}","templated":true}]}}