{"id":29164,"date":"2024-07-04T12:54:53","date_gmt":"2024-07-04T10:54:53","guid":{"rendered":"https:\/\/cafelapalma.com\/?post_type=tribe_events&#038;p=29164"},"modified":"2024-07-04T12:55:44","modified_gmt":"2024-07-04T10:55:44","slug":"blindfold-not-another-teen-band","status":"publish","type":"tribe_events","link":"https:\/\/cafelapalma.com\/en\/programacion\/blindfold-not-another-teen-band\/","title":{"rendered":"BLINDFOLD + NOT ANOTHER TEEN BAND"},"content":{"rendered":"<div  class=\"tribe-events-schedule tribe-clearfix\" >\n\t<p class=\"tribe-events-schedule__datetime\">\n\t\t<span class=\"tribe-events-schedule__date tribe-events-schedule__date--start\">\n\t\t\t10  July  2024\t\t<\/span>\n\n\t\t\t\t\t<span class=\"tribe-events-schedule__separator tribe-events-schedule__separator--date\">\n\t\t\t\t@\t\t\t<\/span>\n\t\t\t<span class=\"tribe-events-schedule__time tribe-events-schedule__time--start\">\n\t\t\t\t21:00\t\t\t<\/span>\n\t\t\n\t\t\t\t\t\t\t\t\t<span class=\"tribe-events-schedule__separator tribe-events-schedule__separator--time\">\n\t\t\t\t\t&#8211;\t\t\t\t<\/span>\n\t\t\t\n\t\t\t\t\t\t\t<span class=\"tribe-events-schedule__time tribe-events-schedule__time--end\">\n\t\t\t\t\t23:30\t\t\t\t<\/span>\n\t\t\t\n\t\t\t\t\t\t<\/p>\n<\/div>\n\n\n<div  class=\"tribe-block tribe-block__event-price\" >\n\t\t\t<span class=\"tribe-block__event-price__cost\"> 10\u20ac <\/span>\n\t\t\t\t<span class=\"tribe-block__event-price__description\">+ gg Anticipada | 13\u20ac Taquilla<\/span>\n\t<\/div>\n\n\n\n<div style=\"height:100px\" aria-hidden=\"true\" class=\"wp-block-spacer\"><\/div>\n\n\n\n<div class=\"wp-block-columns is-layout-flex wp-container-core-columns-is-layout-8f761849 wp-block-columns-is-layout-flex\">\n<div class=\"wp-block-column is-layout-flow wp-block-column-is-layout-flow\" style=\"flex-basis:33.33%\">\n<figure class=\"wp-block-image size-large\"><img loading=\"lazy\" decoding=\"async\" width=\"780\" height=\"1040\" src=\"https:\/\/cafelapalma.com\/wp-content\/uploads\/2024\/07\/BLINDFOLD-A3-780x1040.jpg\" alt=\"\" class=\"wp-image-29165\" srcset=\"https:\/\/cafelapalma.com\/wp-content\/uploads\/2024\/07\/BLINDFOLD-A3-780x1040.jpg 780w, https:\/\/cafelapalma.com\/wp-content\/uploads\/2024\/07\/BLINDFOLD-A3-225x300.jpg 225w, https:\/\/cafelapalma.com\/wp-content\/uploads\/2024\/07\/BLINDFOLD-A3-768x1024.jpg 768w, https:\/\/cafelapalma.com\/wp-content\/uploads\/2024\/07\/BLINDFOLD-A3-1152x1536.jpg 1152w, https:\/\/cafelapalma.com\/wp-content\/uploads\/2024\/07\/BLINDFOLD-A3-45x60.jpg 45w, https:\/\/cafelapalma.com\/wp-content\/uploads\/2024\/07\/BLINDFOLD-A3.jpg 1536w\" sizes=\"auto, (max-width: 780px) 100vw, 780px\" \/><\/figure>\n\n\n<div  class=\"tribe-block tribe-block__event-website\" >\n\t<a\n\t\thref=\"https:\/\/www.passline.com\/eventos\/blindfold-not-another-teen-band\"\n\t\ttarget=\"_self\"\n\t\t\t>\n\t\tBUY TICKETS\t<\/a>\n<\/div>\n<\/div>\n\n\n\n<div class=\"wp-block-column is-layout-flow wp-block-column-is-layout-flow\" style=\"flex-basis:66.66%\">\n<div style=\"height:100px\" aria-hidden=\"true\" class=\"wp-block-spacer\"><\/div>\n\n\n\n<p class=\"has-text-align-left wp-block-paragraph\"><strong>BLINDFOLD <\/strong>es una banda grunge que surge en <strong>Madrid <\/strong>en 2024. La m\u00fasica viene con influencias de bandas como <strong>Nirvana <\/strong>o <strong>The Vaselines<\/strong>. <strong>Blindfold <\/strong>nace de la idea de <strong>Mateo <\/strong>(guitarra r\u00edtmica, vocalista y letrista) de crear una banda para poder expresarse a trav\u00e9s de la m\u00fasica. <strong>Mateo <\/strong>acude a <strong>Nora <\/strong>(bajista), <strong>Marcos <\/strong>(guitarra l\u00edder) y <strong>Guille <\/strong>(bater\u00eda) para hacer el sue\u00f1o realidad.<\/p>\n\n\n\n<p class=\"has-text-align-right wp-block-paragraph\"><em><a href=\"https:\/\/www.instagram.com\/blindfoldtheband\/\">Sigue a <\/a><\/em><strong><a href=\"https:\/\/www.instagram.com\/blindfoldtheband\/\">BLINDFOLD <\/a><\/strong><em><a href=\"https:\/\/www.instagram.com\/blindfoldtheband\/\">in <\/a><\/em><strong><a href=\"https:\/\/www.instagram.com\/blindfoldtheband\/\">Instagram<\/a><\/strong><\/p>\n\n\n\n<p class=\"has-text-align-left wp-block-paragraph\"><strong>NOT ANOTHER TEEN BAND<\/strong> es un grupo formado por cinco chicas; <strong>Nora<\/strong>, <strong>Carol<\/strong>, <strong>Estela<\/strong>, <strong>Emilia <\/strong>y <strong>Nora<\/strong>. La banda principalmente est\u00e1 enfocada en covers, aunque actualmente est\u00e1 tomando un nuevo rumbo, en el que se est\u00e1n componiendo canciones originales de estilo rock. <strong>Not another teen band<\/strong> ha dado ya varios conciertos en diversidad de espacios, desde el festival <strong>Barrio Sonoro<\/strong> hasta varios centros culturales.<\/p>\n\n\n\n<p class=\"has-text-align-right wp-block-paragraph\"><em><a href=\"https:\/\/www.instagram.com\/not_another_teen_band_\/\">Sigue a <\/a><\/em><strong><a href=\"https:\/\/www.instagram.com\/not_another_teen_band_\/\">NOT ANOTHER TEEN BAND<\/a><\/strong><em><a href=\"https:\/\/www.instagram.com\/not_another_teen_band_\/\"> in <\/a><\/em><strong><a href=\"https:\/\/www.instagram.com\/not_another_teen_band_\/\">Instagram<\/a><\/strong><\/p>\n<\/div>\n<\/div>\n\n\n\n<div style=\"height:100px\" aria-hidden=\"true\" class=\"wp-block-spacer\"><\/div>\n\n\n\n<hr class=\"wp-block-separator has-alpha-channel-opacity\"\/>\n\n\n\n<div style=\"height:100px\" aria-hidden=\"true\" class=\"wp-block-spacer\"><\/div>\n\n\n<h2 class=\"tribe-block__related-events__title\">Related Events<\/h2>\n\n<ul  class=\"tribe-related-events tribe-clearfix\" >\n\t\t\t<li>\n\t\n<div class=\"tribe-related-events-thumbnail\">\n\t<a href=\"https:\/\/cafelapalma.com\/en\/programacion\/funkin-donuts\/\" class=\"url\" rel=\"bookmark\" tabindex=\"-1\" aria-hidden=\"true\"><img loading=\"lazy\" decoding=\"async\" width=\"693\" height=\"1040\" src=\"https:\/\/cafelapalma.com\/wp-content\/uploads\/2026\/07\/FD-vert2-bn-693x1040.jpg\" class=\"attachment-large size-large wp-post-image\" alt=\"\" \/><\/a>\n<\/div>\n\t<div class=\"tribe-related-event-info\">\n\t<h3 class=\"tribe-related-events-title\">\n\t\t<a href=\"https:\/\/cafelapalma.com\/en\/programacion\/funkin-donuts\/\" class=\"tribe-event-url\" rel=\"bookmark\">\n\t\t\tFUNKIN&#8217; DONUTS\t\t<\/a>\n\t<\/h3>\n\t<span class=\"tribe-event-date-start\">5  September@22:00<\/span><span class=\"tribe-event-time\">23:45<\/span><\/div>\n<\/li>\n\t\t\t<li>\n\t\n<div class=\"tribe-related-events-thumbnail\">\n\t<a href=\"https:\/\/cafelapalma.com\/en\/programacion\/backstage-le-petit-truffle-mayo\/\" class=\"url\" rel=\"bookmark\" tabindex=\"-1\" aria-hidden=\"true\"><img loading=\"lazy\" decoding=\"async\" width=\"780\" height=\"1040\" src=\"https:\/\/cafelapalma.com\/wp-content\/uploads\/2026\/07\/Imagen-TruffleMayo-LePetit-i-1-780x1040.png\" class=\"attachment-large size-large wp-post-image\" alt=\"\" \/><\/a>\n<\/div>\n\t<div class=\"tribe-related-event-info\">\n\t<h3 class=\"tribe-related-events-title\">\n\t\t<a href=\"https:\/\/cafelapalma.com\/en\/programacion\/backstage-le-petit-truffle-mayo\/\" class=\"tribe-event-url\" rel=\"bookmark\">\n\t\t\tBACKSTAGE: LE PETIT + TRUFFLE MAYO\t\t<\/a>\n\t<\/h3>\n\t<span class=\"tribe-event-date-start\">5  September@23:55<\/span><\/div>\n<\/li>\n\t\t\t<li>\n\t\n<div class=\"tribe-related-events-thumbnail\">\n\t<a href=\"https:\/\/cafelapalma.com\/en\/programacion\/willie-deville-concierto-benefico-x-venezuela\/\" class=\"url\" rel=\"bookmark\" tabindex=\"-1\" aria-hidden=\"true\"><img loading=\"lazy\" decoding=\"async\" width=\"1020\" height=\"531\" src=\"https:\/\/cafelapalma.com\/wp-content\/uploads\/2026\/08\/Willie-deville-1100x572-1-1040x541.jpg\" class=\"attachment-large size-large wp-post-image\" alt=\"\" \/><\/a>\n<\/div>\n\t<div class=\"tribe-related-event-info\">\n\t<h3 class=\"tribe-related-events-title\">\n\t\t<a href=\"https:\/\/cafelapalma.com\/en\/programacion\/willie-deville-concierto-benefico-x-venezuela\/\" class=\"tribe-event-url\" rel=\"bookmark\">\n\t\t\tWILLIE DEVILLE: CONCIERTO BEN\u00c9FICO X VENEZUELA\t\t<\/a>\n\t<\/h3>\n\t<span class=\"tribe-event-date-start\">6  September@21:00<\/span><span class=\"tribe-event-time\">23:45<\/span><\/div>\n<\/li>\n\t<\/ul>","protected":false},"excerpt":{"rendered":"<p>BLINDFOLD es una banda grunge que surge en Madrid en 2024. La m\u00fasica viene con influencias de bandas como Nirvana o The Vaselines. Blindfold nace de la idea de Mateo (guitarra r\u00edtmica, vocalista y letrista) de crear una banda para poder expresarse a trav\u00e9s de la m\u00fasica. Mateo acude a Nora (bajista), Marcos (guitarra l\u00edder) &hellip; <\/p>","protected":false},"author":2,"featured_media":29166,"template":"","meta":{"_tec_requires_first_save":false,"_uag_custom_page_level_css":"","loftloader_page_shortcode":"","_EventAllDay":false,"_EventTimezone":"Europe\/Madrid","_EventStartDate":"2024-07-10 21:00:00","_EventEndDate":"2024-07-10 23:30:00","_EventStartDateUTC":"2024-07-10 19:00:00","_EventEndDateUTC":"2024-07-10 21:30:00","_EventShowMap":false,"_EventShowMapLink":false,"_EventURL":"https:\/\/www.passline.com\/eventos\/blindfold-not-another-teen-band","_EventCost":"10","_EventCostDescription":"","_EventCurrencySymbol":"\u20ac","_EventCurrencyCode":"USD","_EventCurrencyPosition":"suffix","_EventDateTimeSeparator":"@","_EventTimeRangeSeparator":"-","_EventOrganizerID":[],"_EventVenueID":[],"_OrganizerEmail":"","_OrganizerPhone":"","_OrganizerWebsite":"","_VenueAddress":"","_VenueCity":"","_VenueCountry":"","_VenueProvince":"","_VenueState":"","_VenueZip":"","_VenuePhone":"","_VenueURL":"","_VenueStateProvince":"","_VenueLat":"","_VenueLng":"","_VenueShowMap":false,"_VenueShowMapLink":false,"_tribe_blocks_recurrence_rules":"","_tribe_blocks_recurrence_description":"","_tribe_blocks_recurrence_exclusions":"","_ecp_custom_2":"","_tribe_events_status":"","_tribe_events_status_reason":"","_tribe_events_is_hybrid":"","_tribe_events_is_virtual":"","_tribe_events_virtual_video_source":"","_tribe_events_virtual_embed_video":"","_tribe_events_virtual_linked_button_text":"","_tribe_events_virtual_linked_button":"","_tribe_events_virtual_show_embed_at":"","_tribe_events_virtual_show_embed_to":[],"_tribe_events_virtual_show_on_event":"","_tribe_events_virtual_show_on_views":"","_tribe_events_virtual_url":"","footnotes":""},"tags":[14717,15960,15957,1363,8869,2865,9147,9146,15875,11357,15959,15958,1354,12257],"tribe_events_cat":[8963],"class_list":["post-29164","tribe_events","type-tribe_events","status-publish","has-post-thumbnail","hentry","tag-alternative-rock","tag-barrio-sonoro","tag-blindfold","tag-cafe-la-palma","tag-cafe-la-palma-2","tag-conciertos-cafe-la-palma","tag-conciertos-madrid","tag-conciertos-malasana","tag-cover-band","tag-grunge","tag-mateo-niembro","tag-not-another-teen-band","tag-rock","tag-versiones","tribe_events_cat-concierto","cat_concierto"],"uagb_featured_image_src":{"full":["https:\/\/cafelapalma.com\/wp-content\/uploads\/2024\/07\/BLINDFOLD-PIC.jpg",1166,874,false],"thumbnail":["https:\/\/cafelapalma.com\/wp-content\/uploads\/2024\/07\/BLINDFOLD-PIC-150x150.jpg",150,150,true],"medium":["https:\/\/cafelapalma.com\/wp-content\/uploads\/2024\/07\/BLINDFOLD-PIC-300x225.jpg",300,225,true],"medium_large":["https:\/\/cafelapalma.com\/wp-content\/uploads\/2024\/07\/BLINDFOLD-PIC-768x576.jpg",768,576,true],"large":["https:\/\/cafelapalma.com\/wp-content\/uploads\/2024\/07\/BLINDFOLD-PIC-1040x780.jpg",1020,765,true],"1536x1536":["https:\/\/cafelapalma.com\/wp-content\/uploads\/2024\/07\/BLINDFOLD-PIC.jpg",1166,874,false],"2048x2048":["https:\/\/cafelapalma.com\/wp-content\/uploads\/2024\/07\/BLINDFOLD-PIC.jpg",1166,874,false],"trp-custom-language-flag":["https:\/\/cafelapalma.com\/wp-content\/uploads\/2024\/07\/BLINDFOLD-PIC.jpg",16,12,false],"blossom-feminine-slider":["https:\/\/cafelapalma.com\/wp-content\/uploads\/2024\/07\/BLINDFOLD-PIC-1166x649.jpg",1166,649,true],"blossom-feminine-featured":["https:\/\/cafelapalma.com\/wp-content\/uploads\/2024\/07\/BLINDFOLD-PIC-1166x600.jpg",1166,600,true],"blossom-feminine-with-sidebar":["https:\/\/cafelapalma.com\/wp-content\/uploads\/2024\/07\/BLINDFOLD-PIC-1020x600.jpg",1020,600,true],"blossom-feminine-blog":["https:\/\/cafelapalma.com\/wp-content\/uploads\/2024\/07\/BLINDFOLD-PIC-435x435.jpg",435,435,true],"blossom-feminine-cat":["https:\/\/cafelapalma.com\/wp-content\/uploads\/2024\/07\/BLINDFOLD-PIC-450x300.jpg",450,300,true],"blossom-feminine-related":["https:\/\/cafelapalma.com\/wp-content\/uploads\/2024\/07\/BLINDFOLD-PIC-320x200.jpg",320,200,true],"blossom-feminine-schema":["https:\/\/cafelapalma.com\/wp-content\/uploads\/2024\/07\/BLINDFOLD-PIC-80x60.jpg",80,60,true]},"uagb_author_info":{"display_name":"Victor","author_link":"https:\/\/cafelapalma.com\/en\/author\/comunicacion\/"},"uagb_comment_info":0,"uagb_excerpt":"BLINDFOLD es una banda grunge que surge en Madrid en 2024. La m\u00fasica viene con influencias de bandas como Nirvana o The Vaselines. Blindfold nace de la idea de Mateo (guitarra r\u00edtmica, vocalista y letrista) de crear una banda para poder expresarse a trav\u00e9s de la m\u00fasica. Mateo acude a Nora (bajista), Marcos (guitarra l\u00edder)&hellip;","_links":{"self":[{"href":"https:\/\/cafelapalma.com\/en\/wp-json\/wp\/v2\/tribe_events\/29164","targetHints":{"allow":["GET"]}}],"collection":[{"href":"https:\/\/cafelapalma.com\/en\/wp-json\/wp\/v2\/tribe_events"}],"about":[{"href":"https:\/\/cafelapalma.com\/en\/wp-json\/wp\/v2\/types\/tribe_events"}],"author":[{"embeddable":true,"href":"https:\/\/cafelapalma.com\/en\/wp-json\/wp\/v2\/users\/2"}],"version-history":[{"count":0,"href":"https:\/\/cafelapalma.com\/en\/wp-json\/wp\/v2\/tribe_events\/29164\/revisions"}],"wp:featuredmedia":[{"embeddable":true,"href":"https:\/\/cafelapalma.com\/en\/wp-json\/wp\/v2\/media\/29166"}],"wp:attachment":[{"href":"https:\/\/cafelapalma.com\/en\/wp-json\/wp\/v2\/media?parent=29164"}],"wp:term":[{"taxonomy":"post_tag","embeddable":true,"href":"https:\/\/cafelapalma.com\/en\/wp-json\/wp\/v2\/tags?post=29164"},{"taxonomy":"tribe_events_cat","embeddable":true,"href":"https:\/\/cafelapalma.com\/en\/wp-json\/wp\/v2\/tribe_events_cat?post=29164"}],"curies":[{"name":"wp","href":"https:\/\/api.w.org\/{rel}","templated":true}]}}