{"id":29219,"date":"2024-07-22T12:56:37","date_gmt":"2024-07-22T10:56:37","guid":{"rendered":"https:\/\/cafelapalma.com\/?post_type=tribe_events&#038;p=29219"},"modified":"2024-09-24T13:40:18","modified_gmt":"2024-09-24T11:40:18","slug":"sonido-madrid-en-vivo-blantx-naen-mani-dii","status":"publish","type":"tribe_events","link":"https:\/\/cafelapalma.com\/en\/programacion\/sonido-madrid-en-vivo-blantx-naen-mani-dii\/","title":{"rendered":"SONIDO MADRID EN VIVO 24: BLANTX + NAEN + MANI DII"},"content":{"rendered":"<div  class=\"tribe-events-schedule tribe-clearfix\" >\n\t<p class=\"tribe-events-schedule__datetime\">\n\t\t<span class=\"tribe-events-schedule__date tribe-events-schedule__date--start\">\n\t\t\t26  September  2024\t\t<\/span>\n\n\t\t\t\t\t<span class=\"tribe-events-schedule__separator tribe-events-schedule__separator--date\">\n\t\t\t\t@\t\t\t<\/span>\n\t\t\t<span class=\"tribe-events-schedule__time tribe-events-schedule__time--start\">\n\t\t\t\t21:00\t\t\t<\/span>\n\t\t\n\t\t\t\t\t\t\t\t\t<span class=\"tribe-events-schedule__separator tribe-events-schedule__separator--time\">\n\t\t\t\t\t&#8211;\t\t\t\t<\/span>\n\t\t\t\n\t\t\t\t\t\t\t<span class=\"tribe-events-schedule__time tribe-events-schedule__time--end\">\n\t\t\t\t\t23:45\t\t\t\t<\/span>\n\t\t\t\n\t\t\t\t\t\t<\/p>\n<\/div>\n\n\n<div  class=\"tribe-block tribe-block__event-price\" >\n\t\t\t<span class=\"tribe-block__event-price__cost\"> 10\u20ac <\/span>\n\t\t\t\t<span class=\"tribe-block__event-price__description\">+ gg Anticipada | 12\u20ac Taquilla<\/span>\n\t<\/div>\n\n\n\n<div style=\"height:100px\" aria-hidden=\"true\" class=\"wp-block-spacer\"><\/div>\n\n\n\n<div class=\"wp-block-columns is-layout-flex wp-container-core-columns-is-layout-8f761849 wp-block-columns-is-layout-flex\">\n<div class=\"wp-block-column is-layout-flow wp-block-column-is-layout-flow\" style=\"flex-basis:33.33%\">\n<figure class=\"wp-block-image size-full\"><img loading=\"lazy\" decoding=\"async\" width=\"297\" height=\"528\" src=\"https:\/\/cafelapalma.com\/wp-content\/uploads\/2024\/07\/SONIDO-MADRID-A3-TRY.jpg\" alt=\"\" class=\"wp-image-29525\" srcset=\"https:\/\/cafelapalma.com\/wp-content\/uploads\/2024\/07\/SONIDO-MADRID-A3-TRY.jpg 297w, https:\/\/cafelapalma.com\/wp-content\/uploads\/2024\/07\/SONIDO-MADRID-A3-TRY-169x300.jpg 169w, https:\/\/cafelapalma.com\/wp-content\/uploads\/2024\/07\/SONIDO-MADRID-A3-TRY-34x60.jpg 34w\" sizes=\"auto, (max-width: 297px) 100vw, 297px\" \/><\/figure>\n\n\n<div  class=\"tribe-block tribe-block__event-website\" >\n\t<a\n\t\thref=\"https:\/\/www.passline.com\/eventos\/blantx-naen-mani-dii\"\n\t\ttarget=\"_self\"\n\t\t\t>\n\t\tBUY TICKETS\t<\/a>\n<\/div>\n<\/div>\n\n\n\n<div class=\"wp-block-column is-layout-flow wp-block-column-is-layout-flow\" style=\"flex-basis:66.66%\">\n<p class=\"wp-block-paragraph\"><\/p>\n\n\n\n<p class=\"has-text-align-left wp-block-paragraph\"><strong>BLANTX <\/strong>es una artista, compositora y productora madrile\u00f1a que est\u00e1 emergiendo como una de las nuevas voces m\u00e1s aut\u00e9nticas y potentes en la escena local. Con su primer EP, <strong><em>\u201cLo siento mi amor\u00bb<\/em><\/strong>, <strong>blantx <\/strong>ha demostrado su capacidad para crear un sonido \u00fanico y envolvente que refleja tanto su historia personal como sus influencias art\u00edsticas.<\/p>\n\n\n\n<p class=\"has-text-align-right wp-block-paragraph\"><em><a href=\"https:\/\/open.spotify.com\/intl-es\/artist\/7I2jyCWwk5QADdzsppJvo0?si=WPCmpMOPTvW0rKCtGjcQDw\">Listen to <\/a><\/em><strong><a href=\"https:\/\/open.spotify.com\/intl-es\/artist\/7I2jyCWwk5QADdzsppJvo0?si=WPCmpMOPTvW0rKCtGjcQDw\">BLANTX <\/a><\/strong><em><a href=\"https:\/\/open.spotify.com\/intl-es\/artist\/7I2jyCWwk5QADdzsppJvo0?si=WPCmpMOPTvW0rKCtGjcQDw\">in <\/a><\/em><strong><a href=\"https:\/\/open.spotify.com\/intl-es\/artist\/7I2jyCWwk5QADdzsppJvo0?si=WPCmpMOPTvW0rKCtGjcQDw\">Spotify<\/a><\/strong><\/p>\n\n\n\n<p class=\"has-text-align-left wp-block-paragraph\"><strong>NAEN <\/strong>crea m\u00fasica para transmutar emociones inc\u00f3modas y se inspira en diferentes g\u00e9neros para crear su propio estilo. Su \u00faltimo EP <strong><em>\u00abCrystal.py\u00bb<\/em><\/strong> habla sobre encontrar el equilibrio en un mundo lleno de sobreest\u00edmulos y velocidad extrema. Pr\u00f3ximamente saldr\u00e1 su nuevo proyecto, <strong>COLAPSO<\/strong>, donde reflexiona sobre temas de salud mental, la relaci\u00f3n con la m\u00fasica y c\u00f3mo podemos transformar el dolor en evoluci\u00f3n.<\/p>\n\n\n\n<p class=\"has-text-align-right wp-block-paragraph\"><em><a href=\"https:\/\/open.spotify.com\/intl-es\/artist\/2NfXmWc2ozZ4kXoIpTDDkR?si=uzCJgo8fQc2aO3GVsEgxuA\">Listen to <\/a><\/em><strong><a href=\"https:\/\/open.spotify.com\/intl-es\/artist\/2NfXmWc2ozZ4kXoIpTDDkR?si=uzCJgo8fQc2aO3GVsEgxuA\">NAEN <\/a><\/strong><em><a href=\"https:\/\/open.spotify.com\/intl-es\/artist\/2NfXmWc2ozZ4kXoIpTDDkR?si=uzCJgo8fQc2aO3GVsEgxuA\">in <\/a><\/em><strong><a href=\"https:\/\/open.spotify.com\/intl-es\/artist\/2NfXmWc2ozZ4kXoIpTDDkR?si=uzCJgo8fQc2aO3GVsEgxuA\">Spotify<\/a><\/strong><\/p>\n\n\n\n<p class=\"has-text-align-left wp-block-paragraph\"><strong>MANI DII <\/strong>es una cantante y compositora que destaca por su voz y presencia esc\u00e9nica, creando atm\u00f3sferas \u00fanicas en una mezcla de g\u00e9neros como el indie-pop, electr\u00f3nica experimental y avant-pop. Su \u00faltimo EP <strong><em>\u00abO\u00bb<\/em><\/strong> combina lo org\u00e1nico con lo electr\u00f3nico en un viaje introspectivo por diferentes estados emocionales.<\/p>\n\n\n\n<p class=\"has-text-align-right wp-block-paragraph\"><em><a href=\"https:\/\/open.spotify.com\/intl-es\/artist\/7lUV9AIw77NdPS9MJo3yJn?si=0Ui3s9O8SnuwCtEhV5Xr3A\">Listen to <\/a><\/em><strong><a href=\"https:\/\/open.spotify.com\/intl-es\/artist\/7lUV9AIw77NdPS9MJo3yJn?si=0Ui3s9O8SnuwCtEhV5Xr3A\">MANI DII<\/a><\/strong><em><a href=\"https:\/\/open.spotify.com\/intl-es\/artist\/7lUV9AIw77NdPS9MJo3yJn?si=0Ui3s9O8SnuwCtEhV5Xr3A\"> in <\/a><\/em><strong><a href=\"https:\/\/open.spotify.com\/intl-es\/artist\/7lUV9AIw77NdPS9MJo3yJn?si=0Ui3s9O8SnuwCtEhV5Xr3A\">Spotify<\/a><\/strong><\/p>\n\n\n\n<p class=\"has-text-align-center wp-block-paragraph\"><strong>#SonidoMadridEnVivo24 <\/strong>es una iniciativa de <strong>MADRID EN VIVO<\/strong> <strong><a href=\"https:\/\/www.instagram.com\/madridenvivo_\/\">@madridenvivo<\/a><\/strong> en colaboraci\u00f3n con <strong>MAHOU<\/strong> <strong><a href=\"https:\/\/www.instagram.com\/mahou_es\/\">@mahou_es<\/a><\/strong><\/p>\n<\/div>\n<\/div>\n\n\n\n<div style=\"height:100px\" aria-hidden=\"true\" class=\"wp-block-spacer\"><\/div>\n\n\n\n<hr class=\"wp-block-separator has-alpha-channel-opacity\"\/>\n\n\n\n<div style=\"height:100px\" aria-hidden=\"true\" class=\"wp-block-spacer\"><\/div>\n\n\n<h2 class=\"tribe-block__related-events__title\">Related Events<\/h2>\n\n<ul  class=\"tribe-related-events tribe-clearfix\" >\n\t\t\t<li>\n\t\n<div class=\"tribe-related-events-thumbnail\">\n\t<a href=\"https:\/\/cafelapalma.com\/en\/programacion\/funkin-donuts\/\" class=\"url\" rel=\"bookmark\" tabindex=\"-1\" aria-hidden=\"true\"><img loading=\"lazy\" decoding=\"async\" width=\"693\" height=\"1040\" src=\"https:\/\/cafelapalma.com\/wp-content\/uploads\/2026\/07\/FD-vert2-bn-693x1040.jpg\" class=\"attachment-large size-large wp-post-image\" alt=\"\" \/><\/a>\n<\/div>\n\t<div class=\"tribe-related-event-info\">\n\t<h3 class=\"tribe-related-events-title\">\n\t\t<a href=\"https:\/\/cafelapalma.com\/en\/programacion\/funkin-donuts\/\" class=\"tribe-event-url\" rel=\"bookmark\">\n\t\t\tFUNKIN&#8217; DONUTS\t\t<\/a>\n\t<\/h3>\n\t<span class=\"tribe-event-date-start\">5  September@22:00<\/span><span class=\"tribe-event-time\">23:45<\/span><\/div>\n<\/li>\n\t\t\t<li>\n\t\n<div class=\"tribe-related-events-thumbnail\">\n\t<a href=\"https:\/\/cafelapalma.com\/en\/programacion\/backstage-le-petit-truffle-mayo\/\" class=\"url\" rel=\"bookmark\" tabindex=\"-1\" aria-hidden=\"true\"><img loading=\"lazy\" decoding=\"async\" width=\"780\" height=\"1040\" src=\"https:\/\/cafelapalma.com\/wp-content\/uploads\/2026\/07\/Imagen-TruffleMayo-LePetit-i-1-780x1040.png\" class=\"attachment-large size-large wp-post-image\" alt=\"\" \/><\/a>\n<\/div>\n\t<div class=\"tribe-related-event-info\">\n\t<h3 class=\"tribe-related-events-title\">\n\t\t<a href=\"https:\/\/cafelapalma.com\/en\/programacion\/backstage-le-petit-truffle-mayo\/\" class=\"tribe-event-url\" rel=\"bookmark\">\n\t\t\tBACKSTAGE: LE PETIT + TRUFFLE MAYO\t\t<\/a>\n\t<\/h3>\n\t<span class=\"tribe-event-date-start\">5  September@23:55<\/span><\/div>\n<\/li>\n\t\t\t<li>\n\t\n<div class=\"tribe-related-events-thumbnail\">\n\t<a href=\"https:\/\/cafelapalma.com\/en\/programacion\/willie-deville-concierto-benefico-x-venezuela\/\" class=\"url\" rel=\"bookmark\" tabindex=\"-1\" aria-hidden=\"true\"><img loading=\"lazy\" decoding=\"async\" width=\"1020\" height=\"531\" src=\"https:\/\/cafelapalma.com\/wp-content\/uploads\/2026\/08\/Willie-deville-1100x572-1-1040x541.jpg\" class=\"attachment-large size-large wp-post-image\" alt=\"\" \/><\/a>\n<\/div>\n\t<div class=\"tribe-related-event-info\">\n\t<h3 class=\"tribe-related-events-title\">\n\t\t<a href=\"https:\/\/cafelapalma.com\/en\/programacion\/willie-deville-concierto-benefico-x-venezuela\/\" class=\"tribe-event-url\" rel=\"bookmark\">\n\t\t\tWILLIE DEVILLE: CONCIERTO BEN\u00c9FICO X VENEZUELA\t\t<\/a>\n\t<\/h3>\n\t<span class=\"tribe-event-date-start\">6  September@21:00<\/span><span class=\"tribe-event-time\">23:45<\/span><\/div>\n<\/li>\n\t<\/ul>","protected":false},"excerpt":{"rendered":"<p>BLANTX es una artista, compositora y productora madrile\u00f1a que est\u00e1 emergiendo como una de las nuevas voces m\u00e1s aut\u00e9nticas y potentes en la escena local. Con su primer EP, \u201cLo siento mi amor\u00bb, blantx ha demostrado su capacidad para crear un sonido \u00fanico y envolvente que refleja tanto su historia personal como sus influencias art\u00edsticas. &hellip; <\/p>","protected":false},"author":2,"featured_media":29221,"template":"","meta":{"_tec_requires_first_save":false,"_uag_custom_page_level_css":"","loftloader_page_shortcode":"","_EventAllDay":false,"_EventTimezone":"Europe\/Madrid","_EventStartDate":"2024-09-26 21:00:00","_EventEndDate":"2024-09-26 23:45:00","_EventStartDateUTC":"2024-09-26 19:00:00","_EventEndDateUTC":"2024-09-26 21:45:00","_EventShowMap":false,"_EventShowMapLink":false,"_EventURL":"https:\/\/www.passline.com\/eventos\/blantx-naen-mani-dii","_EventCost":"10","_EventCostDescription":"","_EventCurrencySymbol":"\u20ac","_EventCurrencyCode":"USD","_EventCurrencyPosition":"suffix","_EventDateTimeSeparator":"@","_EventTimeRangeSeparator":"-","_EventOrganizerID":[],"_EventVenueID":[],"_OrganizerEmail":"","_OrganizerPhone":"","_OrganizerWebsite":"","_VenueAddress":"","_VenueCity":"","_VenueCountry":"","_VenueProvince":"","_VenueState":"","_VenueZip":"","_VenuePhone":"","_VenueURL":"","_VenueStateProvince":"","_VenueLat":"","_VenueLng":"","_VenueShowMap":false,"_VenueShowMapLink":false,"_tribe_blocks_recurrence_rules":"","_tribe_blocks_recurrence_description":"","_tribe_blocks_recurrence_exclusions":"","_ecp_custom_2":"","_tribe_events_status":"","_tribe_events_status_reason":"","_tribe_events_is_hybrid":"","_tribe_events_is_virtual":"","_tribe_events_virtual_video_source":"","_tribe_events_virtual_embed_video":"","_tribe_events_virtual_linked_button_text":"","_tribe_events_virtual_linked_button":"","_tribe_events_virtual_show_embed_at":"","_tribe_events_virtual_show_embed_to":[],"_tribe_events_virtual_show_on_event":"","_tribe_events_virtual_show_on_views":"","_tribe_events_virtual_url":"","footnotes":""},"tags":[15997,1363,8869,16002,2865,9147,9146,16001,9847,16005,1357,9746,16000,12369,12598,15999,15998,16003,1355,9632,12608,2397],"tribe_events_cat":[8963],"class_list":["post-29219","tribe_events","type-tribe_events","status-publish","has-post-thumbnail","hentry","tag-blantx","tag-cafe-la-palma","tag-cafe-la-palma-2","tag-colapso","tag-conciertos-cafe-la-palma","tag-conciertos-madrid","tag-conciertos-malasana","tag-crystal-py","tag-disco","tag-edm","tag-electronica","tag-hyperpop","tag-lo-siento-mi-amor","tag-madrid-en-vivo","tag-mahou","tag-mani-dii","tag-naen","tag-neo-perreo","tag-pop","tag-rb","tag-sonido-madrid-en-vivo","tag-trap","tribe_events_cat-concierto","cat_concierto"],"uagb_featured_image_src":{"full":["https:\/\/cafelapalma.com\/wp-content\/uploads\/2024\/07\/smevdef.jpg",1080,1080,false],"thumbnail":["https:\/\/cafelapalma.com\/wp-content\/uploads\/2024\/07\/smevdef-150x150.jpg",150,150,true],"medium":["https:\/\/cafelapalma.com\/wp-content\/uploads\/2024\/07\/smevdef-300x300.jpg",300,300,true],"medium_large":["https:\/\/cafelapalma.com\/wp-content\/uploads\/2024\/07\/smevdef-768x768.jpg",768,768,true],"large":["https:\/\/cafelapalma.com\/wp-content\/uploads\/2024\/07\/smevdef-1040x1040.jpg",1020,1020,true],"1536x1536":["https:\/\/cafelapalma.com\/wp-content\/uploads\/2024\/07\/smevdef.jpg",1080,1080,false],"2048x2048":["https:\/\/cafelapalma.com\/wp-content\/uploads\/2024\/07\/smevdef.jpg",1080,1080,false],"trp-custom-language-flag":["https:\/\/cafelapalma.com\/wp-content\/uploads\/2024\/07\/smevdef.jpg",12,12,false],"blossom-feminine-slider":["https:\/\/cafelapalma.com\/wp-content\/uploads\/2024\/07\/smevdef-1080x649.jpg",1080,649,true],"blossom-feminine-featured":["https:\/\/cafelapalma.com\/wp-content\/uploads\/2024\/07\/smevdef-1080x600.jpg",1080,600,true],"blossom-feminine-with-sidebar":["https:\/\/cafelapalma.com\/wp-content\/uploads\/2024\/07\/smevdef-1020x600.jpg",1020,600,true],"blossom-feminine-blog":["https:\/\/cafelapalma.com\/wp-content\/uploads\/2024\/07\/smevdef-435x435.jpg",435,435,true],"blossom-feminine-cat":["https:\/\/cafelapalma.com\/wp-content\/uploads\/2024\/07\/smevdef-450x300.jpg",450,300,true],"blossom-feminine-related":["https:\/\/cafelapalma.com\/wp-content\/uploads\/2024\/07\/smevdef-320x200.jpg",320,200,true],"blossom-feminine-schema":["https:\/\/cafelapalma.com\/wp-content\/uploads\/2024\/07\/smevdef-60x60.jpg",60,60,true]},"uagb_author_info":{"display_name":"Victor","author_link":"https:\/\/cafelapalma.com\/en\/author\/comunicacion\/"},"uagb_comment_info":0,"uagb_excerpt":"BLANTX es una artista, compositora y productora madrile\u00f1a que est\u00e1 emergiendo como una de las nuevas voces m\u00e1s aut\u00e9nticas y potentes en la escena local. Con su primer EP, \u201cLo siento mi amor\u00bb, blantx ha demostrado su capacidad para crear un sonido \u00fanico y envolvente que refleja tanto su historia personal como sus influencias art\u00edsticas.&hellip;","_links":{"self":[{"href":"https:\/\/cafelapalma.com\/en\/wp-json\/wp\/v2\/tribe_events\/29219","targetHints":{"allow":["GET"]}}],"collection":[{"href":"https:\/\/cafelapalma.com\/en\/wp-json\/wp\/v2\/tribe_events"}],"about":[{"href":"https:\/\/cafelapalma.com\/en\/wp-json\/wp\/v2\/types\/tribe_events"}],"author":[{"embeddable":true,"href":"https:\/\/cafelapalma.com\/en\/wp-json\/wp\/v2\/users\/2"}],"version-history":[{"count":0,"href":"https:\/\/cafelapalma.com\/en\/wp-json\/wp\/v2\/tribe_events\/29219\/revisions"}],"wp:featuredmedia":[{"embeddable":true,"href":"https:\/\/cafelapalma.com\/en\/wp-json\/wp\/v2\/media\/29221"}],"wp:attachment":[{"href":"https:\/\/cafelapalma.com\/en\/wp-json\/wp\/v2\/media?parent=29219"}],"wp:term":[{"taxonomy":"post_tag","embeddable":true,"href":"https:\/\/cafelapalma.com\/en\/wp-json\/wp\/v2\/tags?post=29219"},{"taxonomy":"tribe_events_cat","embeddable":true,"href":"https:\/\/cafelapalma.com\/en\/wp-json\/wp\/v2\/tribe_events_cat?post=29219"}],"curies":[{"name":"wp","href":"https:\/\/api.w.org\/{rel}","templated":true}]}}