{"id":29233,"date":"2024-07-22T17:51:44","date_gmt":"2024-07-22T15:51:44","guid":{"rendered":"https:\/\/cafelapalma.com\/?post_type=tribe_events&#038;p=29233"},"modified":"2024-11-17T11:48:00","modified_gmt":"2024-11-17T10:48:00","slug":"escenarios-vibra-mahou-espanto-daga-voladora","status":"publish","type":"tribe_events","link":"https:\/\/cafelapalma.com\/en\/programacion\/escenarios-vibra-mahou-espanto-daga-voladora\/","title":{"rendered":"ESPANTO + DAGA VOLADORA"},"content":{"rendered":"<div  class=\"tribe-events-schedule tribe-clearfix\" >\n\t<p class=\"tribe-events-schedule__datetime\">\n\t\t<span class=\"tribe-events-schedule__date tribe-events-schedule__date--start\">\n\t\t\t14  December  2024\t\t<\/span>\n\n\t\t\t\t\t<span class=\"tribe-events-schedule__separator tribe-events-schedule__separator--date\">\n\t\t\t\t@\t\t\t<\/span>\n\t\t\t<span class=\"tribe-events-schedule__time tribe-events-schedule__time--start\">\n\t\t\t\t21:30\t\t\t<\/span>\n\t\t\n\t\t\t\t\t\t\t\t\t<span class=\"tribe-events-schedule__separator tribe-events-schedule__separator--time\">\n\t\t\t\t\t&#8211;\t\t\t\t<\/span>\n\t\t\t\n\t\t\t\t\t\t\t<span class=\"tribe-events-schedule__time tribe-events-schedule__time--end\">\n\t\t\t\t\t23:45\t\t\t\t<\/span>\n\t\t\t\n\t\t\t\t\t\t<\/p>\n<\/div>\n\n\n<div  class=\"tribe-block tribe-block__event-price\" >\n\t\t\t<span class=\"tribe-block__event-price__cost\"> ENTRADAS AGOTADAS <\/span>\n\t\t\t\t<span class=\"tribe-block__event-price__description\">#soldout<\/span>\n\t<\/div>\n\n\n\n<div style=\"height:100px\" aria-hidden=\"true\" class=\"wp-block-spacer\"><\/div>\n\n\n\n<div class=\"wp-block-columns is-layout-flex wp-container-core-columns-is-layout-8f761849 wp-block-columns-is-layout-flex\">\n<div class=\"wp-block-column is-layout-flow wp-block-column-is-layout-flow\" style=\"flex-basis:33.33%\">\n<figure class=\"wp-block-image size-large\"><img loading=\"lazy\" decoding=\"async\" width=\"736\" height=\"1040\" src=\"https:\/\/cafelapalma.com\/wp-content\/uploads\/2024\/07\/ESPANTO-DAGA-VM-A3-LOWEB-736x1040.jpg\" alt=\"\" class=\"wp-image-29234\" srcset=\"https:\/\/cafelapalma.com\/wp-content\/uploads\/2024\/07\/ESPANTO-DAGA-VM-A3-LOWEB-736x1040.jpg 736w, https:\/\/cafelapalma.com\/wp-content\/uploads\/2024\/07\/ESPANTO-DAGA-VM-A3-LOWEB-212x300.jpg 212w, https:\/\/cafelapalma.com\/wp-content\/uploads\/2024\/07\/ESPANTO-DAGA-VM-A3-LOWEB-768x1085.jpg 768w, https:\/\/cafelapalma.com\/wp-content\/uploads\/2024\/07\/ESPANTO-DAGA-VM-A3-LOWEB-1088x1536.jpg 1088w, https:\/\/cafelapalma.com\/wp-content\/uploads\/2024\/07\/ESPANTO-DAGA-VM-A3-LOWEB-1450x2048.jpg 1450w, https:\/\/cafelapalma.com\/wp-content\/uploads\/2024\/07\/ESPANTO-DAGA-VM-A3-LOWEB-42x60.jpg 42w, https:\/\/cafelapalma.com\/wp-content\/uploads\/2024\/07\/ESPANTO-DAGA-VM-A3-LOWEB.jpg 1788w\" sizes=\"auto, (max-width: 736px) 100vw, 736px\" \/><\/figure>\n<\/div>\n\n\n\n<div class=\"wp-block-column is-layout-flow wp-block-column-is-layout-flow\" style=\"flex-basis:66.66%\">\n<div style=\"height:100px\" aria-hidden=\"true\" class=\"wp-block-spacer\"><\/div>\n\n\n\n<p class=\"has-text-align-left wp-block-paragraph\">Teresa y Luis,&nbsp;<strong>ESPANTO<\/strong>, son un d\u00fao y componen canciones. En esta ocasi\u00f3n presentar\u00e1n en directo su nuevo disco <em><strong>\u201cRumores\u201d<\/strong><\/em> en formato electr\u00f3nico. Con un planteamiento que se podr\u00eda calificar como dream rock, adem\u00e1s, repasar\u00e1n sus canciones m\u00e1s celebradas de discos anteriores, en lo que promete ser uno encuentro m\u00edstico-festivo con su p\u00fablico, al que adoran.<\/p>\n\n\n\n<p class=\"has-text-align-right wp-block-paragraph\"><em><a href=\"https:\/\/open.spotify.com\/intl-es\/artist\/4m2iq2WEoxSFvOZd130HIQ?si=dUth2xc1QjarQs_2PuVP7w\">Listen to <\/a><\/em><strong><a href=\"https:\/\/open.spotify.com\/intl-es\/artist\/4m2iq2WEoxSFvOZd130HIQ?si=dUth2xc1QjarQs_2PuVP7w\">ESPANTO<\/a><\/strong><em><a href=\"https:\/\/open.spotify.com\/intl-es\/artist\/4m2iq2WEoxSFvOZd130HIQ?si=dUth2xc1QjarQs_2PuVP7w\"> in <\/a><\/em><strong><a href=\"https:\/\/open.spotify.com\/intl-es\/artist\/4m2iq2WEoxSFvOZd130HIQ?si=dUth2xc1QjarQs_2PuVP7w\">Spotify<\/a><\/strong><\/p>\n\n\n\n<p class=\"has-text-align-left wp-block-paragraph\"><strong>Cristina Plaza<\/strong> (<strong>Clovis<\/strong>, <strong>Los eterno<\/strong>) es&nbsp;<strong>DAGA VOLADORA<\/strong>, una aventura solitaria&nbsp;donde compone, interpreta y produce en clave lo-fi lo que se ha dado en llamar folk&nbsp;c\u00f3smico. Su tercer disco, <strong><em>\u201cLos manantiales\u201d<\/em><\/strong> (2024, <strong>Lovemonk<\/strong>), no deja de causar revuelo&nbsp;dentro y fuera de nuestras fronteras. Como si de un cruce entre <strong>Cate Le Bon<\/strong> y <strong>Vainica&nbsp;Doble<\/strong> se tratara, asistimos en directo al oasis de sus letras rotundas y enigm\u00e1tica&nbsp;personalidad.<\/p>\n\n\n\n<p class=\"has-text-align-right wp-block-paragraph\"><em><a href=\"https:\/\/open.spotify.com\/intl-es\/artist\/0HkkrjqypBf5EUrsCZNxca?si=SwJv8iEZQNi9UZeqbgeVrw\">Listen to <\/a><\/em><strong><a href=\"https:\/\/open.spotify.com\/intl-es\/artist\/0HkkrjqypBf5EUrsCZNxca?si=SwJv8iEZQNi9UZeqbgeVrw\">DAGA VOLADORA<\/a><\/strong><em><a href=\"https:\/\/open.spotify.com\/intl-es\/artist\/0HkkrjqypBf5EUrsCZNxca?si=SwJv8iEZQNi9UZeqbgeVrw\"> in <\/a><\/em><strong><a href=\"https:\/\/open.spotify.com\/intl-es\/artist\/0HkkrjqypBf5EUrsCZNxca?si=SwJv8iEZQNi9UZeqbgeVrw\">Spotify<\/a><\/strong><\/p>\n\n\n\n<p class=\"has-text-align-left wp-block-paragraph\"><em>Con el apoyo de <\/em><strong>ESCENARIOS VIBRA MAHOU<\/strong><\/p>\n<\/div>\n<\/div>\n\n\n\n<div style=\"height:100px\" aria-hidden=\"true\" class=\"wp-block-spacer\"><\/div>\n\n\n\n<hr class=\"wp-block-separator has-alpha-channel-opacity\"\/>\n\n\n\n<div style=\"height:100px\" aria-hidden=\"true\" class=\"wp-block-spacer\"><\/div>\n\n\n<h2 class=\"tribe-block__related-events__title\">Related Events<\/h2>\n\n<ul  class=\"tribe-related-events tribe-clearfix\" >\n\t\t\t<li>\n\t\n<div class=\"tribe-related-events-thumbnail\">\n\t<a href=\"https:\/\/cafelapalma.com\/en\/programacion\/funkin-donuts\/\" class=\"url\" rel=\"bookmark\" tabindex=\"-1\" aria-hidden=\"true\"><img loading=\"lazy\" decoding=\"async\" width=\"693\" height=\"1040\" src=\"https:\/\/cafelapalma.com\/wp-content\/uploads\/2026\/07\/FD-vert2-bn-693x1040.jpg\" class=\"attachment-large size-large wp-post-image\" alt=\"\" \/><\/a>\n<\/div>\n\t<div class=\"tribe-related-event-info\">\n\t<h3 class=\"tribe-related-events-title\">\n\t\t<a href=\"https:\/\/cafelapalma.com\/en\/programacion\/funkin-donuts\/\" class=\"tribe-event-url\" rel=\"bookmark\">\n\t\t\tFUNKIN&#8217; DONUTS\t\t<\/a>\n\t<\/h3>\n\t<span class=\"tribe-event-date-start\">5  September@22:00<\/span><span class=\"tribe-event-time\">23:45<\/span><\/div>\n<\/li>\n\t\t\t<li>\n\t\n<div class=\"tribe-related-events-thumbnail\">\n\t<a href=\"https:\/\/cafelapalma.com\/en\/programacion\/backstage-le-petit-truffle-mayo\/\" class=\"url\" rel=\"bookmark\" tabindex=\"-1\" aria-hidden=\"true\"><img loading=\"lazy\" decoding=\"async\" width=\"780\" height=\"1040\" src=\"https:\/\/cafelapalma.com\/wp-content\/uploads\/2026\/07\/Imagen-TruffleMayo-LePetit-i-1-780x1040.png\" class=\"attachment-large size-large wp-post-image\" alt=\"\" \/><\/a>\n<\/div>\n\t<div class=\"tribe-related-event-info\">\n\t<h3 class=\"tribe-related-events-title\">\n\t\t<a href=\"https:\/\/cafelapalma.com\/en\/programacion\/backstage-le-petit-truffle-mayo\/\" class=\"tribe-event-url\" rel=\"bookmark\">\n\t\t\tBACKSTAGE: LE PETIT + TRUFFLE MAYO\t\t<\/a>\n\t<\/h3>\n\t<span class=\"tribe-event-date-start\">5  September@23:55<\/span><\/div>\n<\/li>\n\t\t\t<li>\n\t\n<div class=\"tribe-related-events-thumbnail\">\n\t<a href=\"https:\/\/cafelapalma.com\/en\/programacion\/willie-deville-concierto-benefico-x-venezuela\/\" class=\"url\" rel=\"bookmark\" tabindex=\"-1\" aria-hidden=\"true\"><img loading=\"lazy\" decoding=\"async\" width=\"1020\" height=\"531\" src=\"https:\/\/cafelapalma.com\/wp-content\/uploads\/2026\/08\/Willie-deville-1100x572-1-1040x541.jpg\" class=\"attachment-large size-large wp-post-image\" alt=\"\" \/><\/a>\n<\/div>\n\t<div class=\"tribe-related-event-info\">\n\t<h3 class=\"tribe-related-events-title\">\n\t\t<a href=\"https:\/\/cafelapalma.com\/en\/programacion\/willie-deville-concierto-benefico-x-venezuela\/\" class=\"tribe-event-url\" rel=\"bookmark\">\n\t\t\tWILLIE DEVILLE: CONCIERTO BEN\u00c9FICO X VENEZUELA\t\t<\/a>\n\t<\/h3>\n\t<span class=\"tribe-event-date-start\">6  September@21:00<\/span><span class=\"tribe-event-time\">23:45<\/span><\/div>\n<\/li>\n\t<\/ul>","protected":false},"excerpt":{"rendered":"<p>Teresa y Luis,&nbsp;ESPANTO, son un d\u00fao y componen canciones. En esta ocasi\u00f3n presentar\u00e1n en directo su nuevo disco \u201cRumores\u201d en formato electr\u00f3nico. Con un planteamiento que se podr\u00eda calificar como dream rock, adem\u00e1s, repasar\u00e1n sus canciones m\u00e1s celebradas de discos anteriores, en lo que promete ser uno encuentro m\u00edstico-festivo con su p\u00fablico, al que adoran. &hellip; <\/p>","protected":false},"author":2,"featured_media":29235,"template":"","meta":{"_tec_requires_first_save":false,"_uag_custom_page_level_css":"","loftloader_page_shortcode":"","_EventAllDay":false,"_EventTimezone":"Europe\/Madrid","_EventStartDate":"2024-12-14 21:30:00","_EventEndDate":"2024-12-14 23:45:00","_EventStartDateUTC":"2024-12-14 20:30:00","_EventEndDateUTC":"2024-12-14 22:45:00","_EventShowMap":false,"_EventShowMapLink":false,"_EventURL":"https:\/\/www.passline.com\/eventos\/espanto-daga-voladora","_EventCost":"ENTRADAS AGOTADAS","_EventCostDescription":"","_EventCurrencySymbol":"\u20ac","_EventCurrencyCode":"USD","_EventCurrencyPosition":"suffix","_EventDateTimeSeparator":"@","_EventTimeRangeSeparator":"-","_EventOrganizerID":[],"_EventVenueID":[],"_OrganizerEmail":"","_OrganizerPhone":"","_OrganizerWebsite":"","_VenueAddress":"","_VenueCity":"","_VenueCountry":"","_VenueProvince":"","_VenueState":"","_VenueZip":"","_VenuePhone":"","_VenueURL":"","_VenueStateProvince":"","_VenueLat":"","_VenueLng":"","_VenueShowMap":false,"_VenueShowMapLink":false,"_tribe_blocks_recurrence_rules":"","_tribe_blocks_recurrence_description":"","_tribe_blocks_recurrence_exclusions":"","_ecp_custom_2":"","_tribe_events_status":"","_tribe_events_status_reason":"","_tribe_events_is_hybrid":"","_tribe_events_is_virtual":"","_tribe_events_virtual_video_source":"","_tribe_events_virtual_embed_video":"","_tribe_events_virtual_linked_button_text":"","_tribe_events_virtual_linked_button":"","_tribe_events_virtual_show_embed_at":"","_tribe_events_virtual_show_embed_to":[],"_tribe_events_virtual_show_on_event":"","_tribe_events_virtual_show_on_views":"","_tribe_events_virtual_url":"","footnotes":""},"tags":[10185,1363,8869,2865,9147,9146,16022,16020,9939,9623,16024,1355,9164,16021],"tribe_events_cat":[8963],"class_list":["post-29233","tribe_events","type-tribe_events","status-publish","has-post-thumbnail","hentry","tag-austrohungaro","tag-cafe-la-palma","tag-cafe-la-palma-2","tag-conciertos-cafe-la-palma","tag-conciertos-madrid","tag-conciertos-malasana","tag-cristina-plaza","tag-daga-voladora","tag-dream-pop","tag-escenarios-vibra-mahou","tag-lovemonk","tag-pop","tag-pop-rock-2","tag-rumores","tribe_events_cat-concierto","cat_concierto"],"uagb_featured_image_src":{"full":["https:\/\/cafelapalma.com\/wp-content\/uploads\/2024\/07\/Espanto_cemento_1_emilio_blaxqui.jpg",1000,1000,false],"thumbnail":["https:\/\/cafelapalma.com\/wp-content\/uploads\/2024\/07\/Espanto_cemento_1_emilio_blaxqui-150x150.jpg",150,150,true],"medium":["https:\/\/cafelapalma.com\/wp-content\/uploads\/2024\/07\/Espanto_cemento_1_emilio_blaxqui-300x300.jpg",300,300,true],"medium_large":["https:\/\/cafelapalma.com\/wp-content\/uploads\/2024\/07\/Espanto_cemento_1_emilio_blaxqui-768x768.jpg",768,768,true],"large":["https:\/\/cafelapalma.com\/wp-content\/uploads\/2024\/07\/Espanto_cemento_1_emilio_blaxqui.jpg",1000,1000,false],"1536x1536":["https:\/\/cafelapalma.com\/wp-content\/uploads\/2024\/07\/Espanto_cemento_1_emilio_blaxqui.jpg",1000,1000,false],"2048x2048":["https:\/\/cafelapalma.com\/wp-content\/uploads\/2024\/07\/Espanto_cemento_1_emilio_blaxqui.jpg",1000,1000,false],"trp-custom-language-flag":["https:\/\/cafelapalma.com\/wp-content\/uploads\/2024\/07\/Espanto_cemento_1_emilio_blaxqui.jpg",12,12,false],"blossom-feminine-slider":["https:\/\/cafelapalma.com\/wp-content\/uploads\/2024\/07\/Espanto_cemento_1_emilio_blaxqui-1000x649.jpg",1000,649,true],"blossom-feminine-featured":["https:\/\/cafelapalma.com\/wp-content\/uploads\/2024\/07\/Espanto_cemento_1_emilio_blaxqui-1000x600.jpg",1000,600,true],"blossom-feminine-with-sidebar":["https:\/\/cafelapalma.com\/wp-content\/uploads\/2024\/07\/Espanto_cemento_1_emilio_blaxqui-1000x600.jpg",1000,600,true],"blossom-feminine-blog":["https:\/\/cafelapalma.com\/wp-content\/uploads\/2024\/07\/Espanto_cemento_1_emilio_blaxqui-435x435.jpg",435,435,true],"blossom-feminine-cat":["https:\/\/cafelapalma.com\/wp-content\/uploads\/2024\/07\/Espanto_cemento_1_emilio_blaxqui-450x300.jpg",450,300,true],"blossom-feminine-related":["https:\/\/cafelapalma.com\/wp-content\/uploads\/2024\/07\/Espanto_cemento_1_emilio_blaxqui-320x200.jpg",320,200,true],"blossom-feminine-schema":["https:\/\/cafelapalma.com\/wp-content\/uploads\/2024\/07\/Espanto_cemento_1_emilio_blaxqui-60x60.jpg",60,60,true]},"uagb_author_info":{"display_name":"Victor","author_link":"https:\/\/cafelapalma.com\/en\/author\/comunicacion\/"},"uagb_comment_info":0,"uagb_excerpt":"Teresa y Luis,&nbsp;ESPANTO, son un d\u00fao y componen canciones. En esta ocasi\u00f3n presentar\u00e1n en directo su nuevo disco \u201cRumores\u201d en formato electr\u00f3nico. Con un planteamiento que se podr\u00eda calificar como dream rock, adem\u00e1s, repasar\u00e1n sus canciones m\u00e1s celebradas de discos anteriores, en lo que promete ser uno encuentro m\u00edstico-festivo con su p\u00fablico, al que adoran.&hellip;","_links":{"self":[{"href":"https:\/\/cafelapalma.com\/en\/wp-json\/wp\/v2\/tribe_events\/29233","targetHints":{"allow":["GET"]}}],"collection":[{"href":"https:\/\/cafelapalma.com\/en\/wp-json\/wp\/v2\/tribe_events"}],"about":[{"href":"https:\/\/cafelapalma.com\/en\/wp-json\/wp\/v2\/types\/tribe_events"}],"author":[{"embeddable":true,"href":"https:\/\/cafelapalma.com\/en\/wp-json\/wp\/v2\/users\/2"}],"version-history":[{"count":0,"href":"https:\/\/cafelapalma.com\/en\/wp-json\/wp\/v2\/tribe_events\/29233\/revisions"}],"wp:featuredmedia":[{"embeddable":true,"href":"https:\/\/cafelapalma.com\/en\/wp-json\/wp\/v2\/media\/29235"}],"wp:attachment":[{"href":"https:\/\/cafelapalma.com\/en\/wp-json\/wp\/v2\/media?parent=29233"}],"wp:term":[{"taxonomy":"post_tag","embeddable":true,"href":"https:\/\/cafelapalma.com\/en\/wp-json\/wp\/v2\/tags?post=29233"},{"taxonomy":"tribe_events_cat","embeddable":true,"href":"https:\/\/cafelapalma.com\/en\/wp-json\/wp\/v2\/tribe_events_cat?post=29233"}],"curies":[{"name":"wp","href":"https:\/\/api.w.org\/{rel}","templated":true}]}}