{"id":29237,"date":"2024-07-22T19:33:14","date_gmt":"2024-07-22T17:33:14","guid":{"rendered":"https:\/\/cafelapalma.com\/?post_type=tribe_events&#038;p=29237"},"modified":"2024-09-05T18:13:46","modified_gmt":"2024-09-05T16:13:46","slug":"hot-pot-vol-2","status":"publish","type":"tribe_events","link":"https:\/\/cafelapalma.com\/en\/programacion\/hot-pot-vol-2\/","title":{"rendered":"CUBERO + FLE + F THEKID + EGO BB"},"content":{"rendered":"<div  class=\"tribe-events-schedule tribe-clearfix\" >\n\t<p class=\"tribe-events-schedule__datetime\">\n\t\t<span class=\"tribe-events-schedule__date tribe-events-schedule__date--start\">\n\t\t\t12  September  2024\t\t<\/span>\n\n\t\t\t\t\t<span class=\"tribe-events-schedule__separator tribe-events-schedule__separator--date\">\n\t\t\t\t@\t\t\t<\/span>\n\t\t\t<span class=\"tribe-events-schedule__time tribe-events-schedule__time--start\">\n\t\t\t\t21:00\t\t\t<\/span>\n\t\t\n\t\t\t\t\t\t\t\t\t<span class=\"tribe-events-schedule__separator tribe-events-schedule__separator--time\">\n\t\t\t\t\t&#8211;\t\t\t\t<\/span>\n\t\t\t\n\t\t\t\t\t\t\t<span class=\"tribe-events-schedule__time tribe-events-schedule__time--end\">\n\t\t\t\t\t23:45\t\t\t\t<\/span>\n\t\t\t\n\t\t\t\t\t\t<\/p>\n<\/div>\n\n\n<div  class=\"tribe-block tribe-block__event-price\" >\n\t\t\t<span class=\"tribe-block__event-price__cost\"> 12\u20ac <\/span>\n\t\t\t\t<span class=\"tribe-block__event-price__description\">+ gg Anticipada | 15\u20ac Taquilla [ Incluye DOBLE DE CERVEZA DE BARRIL o REFRESCO ]<\/span>\n\t<\/div>\n\n\n\n<div style=\"height:100px\" aria-hidden=\"true\" class=\"wp-block-spacer\"><\/div>\n\n\n\n<div class=\"wp-block-columns is-layout-flex wp-container-core-columns-is-layout-8f761849 wp-block-columns-is-layout-flex\">\n<div class=\"wp-block-column is-layout-flow wp-block-column-is-layout-flow\" style=\"flex-basis:33.33%\">\n<figure class=\"wp-block-image size-large\"><img loading=\"lazy\" decoding=\"async\" width=\"735\" height=\"1040\" src=\"https:\/\/cafelapalma.com\/wp-content\/uploads\/2024\/07\/HOTPOT-A3-LOW-735x1040.jpg\" alt=\"\" class=\"wp-image-29238\" srcset=\"https:\/\/cafelapalma.com\/wp-content\/uploads\/2024\/07\/HOTPOT-A3-LOW-735x1040.jpg 735w, https:\/\/cafelapalma.com\/wp-content\/uploads\/2024\/07\/HOTPOT-A3-LOW-212x300.jpg 212w, https:\/\/cafelapalma.com\/wp-content\/uploads\/2024\/07\/HOTPOT-A3-LOW-768x1086.jpg 768w, https:\/\/cafelapalma.com\/wp-content\/uploads\/2024\/07\/HOTPOT-A3-LOW-1086x1536.jpg 1086w, https:\/\/cafelapalma.com\/wp-content\/uploads\/2024\/07\/HOTPOT-A3-LOW-1448x2048.jpg 1448w, https:\/\/cafelapalma.com\/wp-content\/uploads\/2024\/07\/HOTPOT-A3-LOW-42x60.jpg 42w\" sizes=\"auto, (max-width: 735px) 100vw, 735px\" \/><\/figure>\n\n\n<div  class=\"tribe-block tribe-block__event-website\" >\n\t<a\n\t\thref=\"https:\/\/www.passline.com\/eventos\/hot-pot-vol-2\"\n\t\ttarget=\"_self\"\n\t\t\t>\n\t\tCOMPRAR ENTRADAS\t<\/a>\n<\/div>\n<\/div>\n\n\n\n<div class=\"wp-block-column is-layout-flow wp-block-column-is-layout-flow\" style=\"flex-basis:66.66%\">\n<div style=\"height:100px\" aria-hidden=\"true\" class=\"wp-block-spacer\"><\/div>\n\n\n\n<p class=\"has-text-align-left wp-block-paragraph\"><strong>HOT POT<\/strong> \u00a0es un espacio donde los artistas de la escena urbana unen fuerzas para ofrecer un concierto que resume lo que est\u00e1 sucediendo a nivel musical en la capital. En esta ocasi\u00f3n presentan en <strong>CAFE LA PALMA<\/strong> su Vol. II con una serie de cuatro interesant\u00edsimas propuestas.<\/p>\n\n\n\n<p class=\"has-text-align-right wp-block-paragraph\"><em><a href=\"https:\/\/www.instagram.com\/hotpot_club\/\">Sigue a <strong>HOT POT<\/strong> en <\/a><\/em><strong><a href=\"https:\/\/www.instagram.com\/hotpot_club\/\">Instagram<\/a><\/strong><\/p>\n\n\n\n<p class=\"has-text-align-left wp-block-paragraph\">\u00abHace tiempo que no s\u00e9 etiquetar mi m\u00fasica\u00bb, dice <strong>CUBERO <\/strong>de sus propios temas. Sin embargo, despu\u00e9s de diez a\u00f1os haciendo m\u00fasica, la presencia que exhibe en los escenarios demuestra la seguridad que ha depositado en su propuesta.<\/p>\n\n\n\n<p class=\"has-text-align-right wp-block-paragraph\"><em><a href=\"https:\/\/open.spotify.com\/intl-es\/artist\/4ldrJehab7Z7Gjtj2JjNFL?si=M0blE0ydR6KaA4DoJnWCfw\">Escucha a <\/a><\/em><strong><a href=\"https:\/\/open.spotify.com\/intl-es\/artist\/4ldrJehab7Z7Gjtj2JjNFL?si=M0blE0ydR6KaA4DoJnWCfw\">CUBERO <\/a><\/strong><em><a href=\"https:\/\/open.spotify.com\/intl-es\/artist\/4ldrJehab7Z7Gjtj2JjNFL?si=M0blE0ydR6KaA4DoJnWCfw\">en <\/a><\/em><strong><a href=\"https:\/\/open.spotify.com\/intl-es\/artist\/4ldrJehab7Z7Gjtj2JjNFL?si=M0blE0ydR6KaA4DoJnWCfw\">Spotify<\/a><\/strong><\/p>\n\n\n\n<p class=\"has-text-align-left wp-block-paragraph\">Transmutar la pena en estribillos, esa es la misi\u00f3n de <strong>FLE <\/strong>como cantante. A trav\u00e9s de motivos simb\u00f3licos como el fuego o la sangre, el artista madrile\u00f1o entiende y hace entender que el dolor es parte del cambio y condici\u00f3n indispensable para evolucionar.<\/p>\n\n\n\n<p class=\"has-text-align-right wp-block-paragraph\"><em><a href=\"https:\/\/open.spotify.com\/intl-es\/artist\/0KXkoSHQlr6ejDIgREWdCM?si=-kep3PgmS4mZhxBDqFT5jQ\">Escucha a <\/a><\/em><strong><a href=\"https:\/\/open.spotify.com\/intl-es\/artist\/0KXkoSHQlr6ejDIgREWdCM?si=-kep3PgmS4mZhxBDqFT5jQ\">FLE <\/a><\/strong><em><a href=\"https:\/\/open.spotify.com\/intl-es\/artist\/0KXkoSHQlr6ejDIgREWdCM?si=-kep3PgmS4mZhxBDqFT5jQ\">en <\/a><\/em><strong><a href=\"https:\/\/open.spotify.com\/intl-es\/artist\/0KXkoSHQlr6ejDIgREWdCM?si=-kep3PgmS4mZhxBDqFT5jQ\">Spotify<\/a><\/strong><\/p>\n\n\n\n<p class=\"has-text-align-left wp-block-paragraph\">Parece veros\u00edmil que, trat\u00e1ndose de un artista que se ha criado entre <strong>Marruecos <\/strong>y <strong>Barcelona<\/strong>, el afrotrap sea el g\u00e9nero que mejor defina a <strong>F THEKID<\/strong>. Por una parte, su propuesta nos habla de un viaje de ida, cuyo destino queda fuera de los m\u00e1rgenes de la legalidad. Por otro lado, un retorno al hogar y a la identidad perdida.<\/p>\n\n\n\n<p class=\"has-text-align-right wp-block-paragraph\"><em><a href=\"https:\/\/open.spotify.com\/intl-es\/artist\/5B85inWGzoYMBnAHyalxhw?si=KgBx4SJISSmEnzwI6mDS5w\">Escucha a <\/a><\/em><strong><a href=\"https:\/\/open.spotify.com\/intl-es\/artist\/5B85inWGzoYMBnAHyalxhw?si=KgBx4SJISSmEnzwI6mDS5w\">F theKID <\/a><\/strong><em><a href=\"https:\/\/open.spotify.com\/intl-es\/artist\/5B85inWGzoYMBnAHyalxhw?si=KgBx4SJISSmEnzwI6mDS5w\">en <\/a><\/em><strong><a href=\"https:\/\/open.spotify.com\/intl-es\/artist\/5B85inWGzoYMBnAHyalxhw?si=KgBx4SJISSmEnzwI6mDS5w\">Spotify<\/a><\/strong><\/p>\n\n\n\n<p class=\"has-text-align-left wp-block-paragraph\">La Gen Z grita a trav\u00e9s de la voz de <strong>EGO BB<\/strong>. La Rage Princess del Trap sigue anotando bolos en la capital con un estilo similar a <strong>BKThe Rula<\/strong>, <strong>Latto <\/strong>o <strong>Ancya<\/strong>.<\/p>\n\n\n\n<p class=\"has-text-align-right wp-block-paragraph\"><em><a href=\"https:\/\/open.spotify.com\/intl-es\/artist\/69Fh9Rk3351fL1ycQAKxJv?si=tMwWuuyJR4Og0ob9z_wRtg\">Escucha a <\/a><\/em><strong><a href=\"https:\/\/open.spotify.com\/intl-es\/artist\/69Fh9Rk3351fL1ycQAKxJv?si=tMwWuuyJR4Og0ob9z_wRtg\">EGO BB <\/a><\/strong><em><a href=\"https:\/\/open.spotify.com\/intl-es\/artist\/69Fh9Rk3351fL1ycQAKxJv?si=tMwWuuyJR4Og0ob9z_wRtg\">en <\/a><\/em><strong><a href=\"https:\/\/open.spotify.com\/intl-es\/artist\/69Fh9Rk3351fL1ycQAKxJv?si=tMwWuuyJR4Og0ob9z_wRtg\">Spotify<\/a><\/strong><\/p>\n<\/div>\n<\/div>\n\n\n\n<div style=\"height:100px\" aria-hidden=\"true\" class=\"wp-block-spacer\"><\/div>\n\n\n\n<hr class=\"wp-block-separator has-alpha-channel-opacity\"\/>\n\n\n\n<div style=\"height:100px\" aria-hidden=\"true\" class=\"wp-block-spacer\"><\/div>\n\n\n<h2 class=\"tribe-block__related-events__title\">Related Events<\/h2>\n\n<ul  class=\"tribe-related-events tribe-clearfix\" >\n\t\t\t<li>\n\t\n<div class=\"tribe-related-events-thumbnail\">\n\t<a href=\"https:\/\/cafelapalma.com\/en\/programacion\/funkin-donuts\/\" class=\"url\" rel=\"bookmark\" tabindex=\"-1\" aria-hidden=\"true\"><img loading=\"lazy\" decoding=\"async\" width=\"693\" height=\"1040\" src=\"https:\/\/cafelapalma.com\/wp-content\/uploads\/2026\/07\/FD-vert2-bn-693x1040.jpg\" class=\"attachment-large size-large wp-post-image\" alt=\"\" \/><\/a>\n<\/div>\n\t<div class=\"tribe-related-event-info\">\n\t<h3 class=\"tribe-related-events-title\">\n\t\t<a href=\"https:\/\/cafelapalma.com\/en\/programacion\/funkin-donuts\/\" class=\"tribe-event-url\" rel=\"bookmark\">\n\t\t\tFUNKIN&#8217; DONUTS\t\t<\/a>\n\t<\/h3>\n\t<span class=\"tribe-event-date-start\">5  September@22:00<\/span><span class=\"tribe-event-time\">23:45<\/span><\/div>\n<\/li>\n\t\t\t<li>\n\t\n<div class=\"tribe-related-events-thumbnail\">\n\t<a href=\"https:\/\/cafelapalma.com\/en\/programacion\/backstage-le-petit-truffle-mayo\/\" class=\"url\" rel=\"bookmark\" tabindex=\"-1\" aria-hidden=\"true\"><img loading=\"lazy\" decoding=\"async\" width=\"780\" height=\"1040\" src=\"https:\/\/cafelapalma.com\/wp-content\/uploads\/2026\/07\/Imagen-TruffleMayo-LePetit-i-1-780x1040.png\" class=\"attachment-large size-large wp-post-image\" alt=\"\" \/><\/a>\n<\/div>\n\t<div class=\"tribe-related-event-info\">\n\t<h3 class=\"tribe-related-events-title\">\n\t\t<a href=\"https:\/\/cafelapalma.com\/en\/programacion\/backstage-le-petit-truffle-mayo\/\" class=\"tribe-event-url\" rel=\"bookmark\">\n\t\t\tBACKSTAGE: LE PETIT + TRUFFLE MAYO\t\t<\/a>\n\t<\/h3>\n\t<span class=\"tribe-event-date-start\">5  September@23:55<\/span><\/div>\n<\/li>\n\t\t\t<li>\n\t\n<div class=\"tribe-related-events-thumbnail\">\n\t<a href=\"https:\/\/cafelapalma.com\/en\/programacion\/willie-deville-concierto-benefico-x-venezuela\/\" class=\"url\" rel=\"bookmark\" tabindex=\"-1\" aria-hidden=\"true\"><img loading=\"lazy\" decoding=\"async\" width=\"1020\" height=\"531\" src=\"https:\/\/cafelapalma.com\/wp-content\/uploads\/2026\/08\/Willie-deville-1100x572-1-1040x541.jpg\" class=\"attachment-large size-large wp-post-image\" alt=\"\" \/><\/a>\n<\/div>\n\t<div class=\"tribe-related-event-info\">\n\t<h3 class=\"tribe-related-events-title\">\n\t\t<a href=\"https:\/\/cafelapalma.com\/en\/programacion\/willie-deville-concierto-benefico-x-venezuela\/\" class=\"tribe-event-url\" rel=\"bookmark\">\n\t\t\tWILLIE DEVILLE: CONCIERTO BEN\u00c9FICO X VENEZUELA\t\t<\/a>\n\t<\/h3>\n\t<span class=\"tribe-event-date-start\">6  September@21:00<\/span><span class=\"tribe-event-time\">23:45<\/span><\/div>\n<\/li>\n\t<\/ul>\n","protected":false},"excerpt":{"rendered":"<p>HOT POT \u00a0es un espacio donde los artistas de la escena urbana unen fuerzas para ofrecer un concierto que resume lo que est\u00e1 sucediendo a nivel musical en la capital. En esta ocasi\u00f3n presentan en CAFE LA PALMA su Vol. II con una serie de cuatro interesant\u00edsimas propuestas. Sigue a HOT POT en Instagram \u00abHace &hellip; <\/p>","protected":false},"author":2,"featured_media":29239,"template":"","meta":{"_tec_requires_first_save":false,"_uag_custom_page_level_css":"","loftloader_page_shortcode":"","_EventAllDay":false,"_EventTimezone":"Europe\/Madrid","_EventStartDate":"2024-09-12 21:00:00","_EventEndDate":"2024-09-12 23:45:00","_EventStartDateUTC":"2024-09-12 19:00:00","_EventEndDateUTC":"2024-09-12 21:45:00","_EventShowMap":false,"_EventShowMapLink":false,"_EventURL":"https:\/\/www.passline.com\/eventos\/hot-pot-vol-2","_EventCost":"12","_EventCostDescription":"","_EventCurrencySymbol":"\u20ac","_EventCurrencyCode":"USD","_EventCurrencyPosition":"suffix","_EventDateTimeSeparator":"@","_EventTimeRangeSeparator":"-","_EventOrganizerID":[],"_EventVenueID":[],"_OrganizerEmail":"","_OrganizerPhone":"","_OrganizerWebsite":"","_VenueAddress":"","_VenueCity":"","_VenueCountry":"","_VenueProvince":"","_VenueState":"","_VenueZip":"","_VenuePhone":"","_VenueURL":"","_VenueStateProvince":"","_VenueLat":"","_VenueLng":"","_VenueShowMap":false,"_VenueShowMapLink":false,"_tribe_blocks_recurrence_rules":"","_tribe_blocks_recurrence_description":"","_tribe_blocks_recurrence_exclusions":"","_ecp_custom_2":"","_tribe_events_status":"","_tribe_events_status_reason":"","_tribe_events_is_hybrid":"","_tribe_events_is_virtual":"","_tribe_events_virtual_video_source":"","_tribe_events_virtual_embed_video":"","_tribe_events_virtual_linked_button_text":"","_tribe_events_virtual_linked_button":"","_tribe_events_virtual_show_embed_at":"","_tribe_events_virtual_show_embed_to":[],"_tribe_events_virtual_show_on_event":"","_tribe_events_virtual_show_on_views":"","_tribe_events_virtual_url":"","footnotes":""},"tags":[16030,1363,8869,2865,9147,9146,16026,12614,16029,16027,9352,16025,9746,2395,9350,2397],"tribe_events_cat":[8963],"class_list":["post-29237","tribe_events","type-tribe_events","status-publish","has-post-thumbnail","hentry","tag-afrotrap","tag-cafe-la-palma","tag-cafe-la-palma-2","tag-conciertos-cafe-la-palma","tag-conciertos-madrid","tag-conciertos-malasana","tag-cubero","tag-drill","tag-ego-bb","tag-fle","tag-hip-hop-2","tag-hot-pot","tag-hyperpop","tag-rap","tag-reggaeton","tag-trap","tribe_events_cat-concierto","cat_concierto"],"uagb_featured_image_src":{"full":["https:\/\/cafelapalma.com\/wp-content\/uploads\/2024\/07\/HOTPOTLOGO-LOW.jpg",1080,1920,false],"thumbnail":["https:\/\/cafelapalma.com\/wp-content\/uploads\/2024\/07\/HOTPOTLOGO-LOW-150x150.jpg",150,150,true],"medium":["https:\/\/cafelapalma.com\/wp-content\/uploads\/2024\/07\/HOTPOTLOGO-LOW-169x300.jpg",169,300,true],"medium_large":["https:\/\/cafelapalma.com\/wp-content\/uploads\/2024\/07\/HOTPOTLOGO-LOW-768x1365.jpg",768,1365,true],"large":["https:\/\/cafelapalma.com\/wp-content\/uploads\/2024\/07\/HOTPOTLOGO-LOW-585x1040.jpg",585,1040,true],"1536x1536":["https:\/\/cafelapalma.com\/wp-content\/uploads\/2024\/07\/HOTPOTLOGO-LOW-864x1536.jpg",864,1536,true],"2048x2048":["https:\/\/cafelapalma.com\/wp-content\/uploads\/2024\/07\/HOTPOTLOGO-LOW.jpg",1080,1920,false],"trp-custom-language-flag":["https:\/\/cafelapalma.com\/wp-content\/uploads\/2024\/07\/HOTPOTLOGO-LOW.jpg",7,12,false],"blossom-feminine-slider":["https:\/\/cafelapalma.com\/wp-content\/uploads\/2024\/07\/HOTPOTLOGO-LOW-1080x649.jpg",1080,649,true],"blossom-feminine-featured":["https:\/\/cafelapalma.com\/wp-content\/uploads\/2024\/07\/HOTPOTLOGO-LOW-1080x600.jpg",1080,600,true],"blossom-feminine-with-sidebar":["https:\/\/cafelapalma.com\/wp-content\/uploads\/2024\/07\/HOTPOTLOGO-LOW-1020x600.jpg",1020,600,true],"blossom-feminine-blog":["https:\/\/cafelapalma.com\/wp-content\/uploads\/2024\/07\/HOTPOTLOGO-LOW-435x435.jpg",435,435,true],"blossom-feminine-cat":["https:\/\/cafelapalma.com\/wp-content\/uploads\/2024\/07\/HOTPOTLOGO-LOW-450x300.jpg",450,300,true],"blossom-feminine-related":["https:\/\/cafelapalma.com\/wp-content\/uploads\/2024\/07\/HOTPOTLOGO-LOW-320x200.jpg",320,200,true],"blossom-feminine-schema":["https:\/\/cafelapalma.com\/wp-content\/uploads\/2024\/07\/HOTPOTLOGO-LOW-34x60.jpg",34,60,true]},"uagb_author_info":{"display_name":"Victor","author_link":"https:\/\/cafelapalma.com\/en\/author\/comunicacion\/"},"uagb_comment_info":0,"uagb_excerpt":"HOT POT \u00a0es un espacio donde los artistas de la escena urbana unen fuerzas para ofrecer un concierto que resume lo que est\u00e1 sucediendo a nivel musical en la capital. En esta ocasi\u00f3n presentan en CAFE LA PALMA su Vol. II con una serie de cuatro interesant\u00edsimas propuestas. Sigue a HOT POT en Instagram \u00abHace&hellip;","_links":{"self":[{"href":"https:\/\/cafelapalma.com\/en\/wp-json\/wp\/v2\/tribe_events\/29237","targetHints":{"allow":["GET"]}}],"collection":[{"href":"https:\/\/cafelapalma.com\/en\/wp-json\/wp\/v2\/tribe_events"}],"about":[{"href":"https:\/\/cafelapalma.com\/en\/wp-json\/wp\/v2\/types\/tribe_events"}],"author":[{"embeddable":true,"href":"https:\/\/cafelapalma.com\/en\/wp-json\/wp\/v2\/users\/2"}],"version-history":[{"count":0,"href":"https:\/\/cafelapalma.com\/en\/wp-json\/wp\/v2\/tribe_events\/29237\/revisions"}],"wp:featuredmedia":[{"embeddable":true,"href":"https:\/\/cafelapalma.com\/en\/wp-json\/wp\/v2\/media\/29239"}],"wp:attachment":[{"href":"https:\/\/cafelapalma.com\/en\/wp-json\/wp\/v2\/media?parent=29237"}],"wp:term":[{"taxonomy":"post_tag","embeddable":true,"href":"https:\/\/cafelapalma.com\/en\/wp-json\/wp\/v2\/tags?post=29237"},{"taxonomy":"tribe_events_cat","embeddable":true,"href":"https:\/\/cafelapalma.com\/en\/wp-json\/wp\/v2\/tribe_events_cat?post=29237"}],"curies":[{"name":"wp","href":"https:\/\/api.w.org\/{rel}","templated":true}]}}