{"id":29270,"date":"2024-07-26T17:17:20","date_gmt":"2024-07-26T15:17:20","guid":{"rendered":"https:\/\/cafelapalma.com\/?post_type=tribe_events&#038;p=29270"},"modified":"2024-07-26T17:17:26","modified_gmt":"2024-07-26T15:17:26","slug":"gesebe-los-pickles-lion-family-band","status":"publish","type":"tribe_events","link":"https:\/\/cafelapalma.com\/en\/programacion\/gesebe-los-pickles-lion-family-band\/","title":{"rendered":"GeSeB\u00e9 + LOS PICKLES + LION FAMILY BAND"},"content":{"rendered":"<div  class=\"tribe-events-schedule tribe-clearfix\" >\n\t<p class=\"tribe-events-schedule__datetime\">\n\t\t<span class=\"tribe-events-schedule__date tribe-events-schedule__date--start\">\n\t\t\t05  September  2024\t\t<\/span>\n\n\t\t\t\t\t<span class=\"tribe-events-schedule__separator tribe-events-schedule__separator--date\">\n\t\t\t\t@\t\t\t<\/span>\n\t\t\t<span class=\"tribe-events-schedule__time tribe-events-schedule__time--start\">\n\t\t\t\t21:00\t\t\t<\/span>\n\t\t\n\t\t\t\t\t\t\t\t\t<span class=\"tribe-events-schedule__separator tribe-events-schedule__separator--time\">\n\t\t\t\t\t&#8211;\t\t\t\t<\/span>\n\t\t\t\n\t\t\t\t\t\t\t<span class=\"tribe-events-schedule__time tribe-events-schedule__time--end\">\n\t\t\t\t\t23:45\t\t\t\t<\/span>\n\t\t\t\n\t\t\t\t\t\t<\/p>\n<\/div>\n\n\n<div  class=\"tribe-block tribe-block__event-price\" >\n\t\t\t<span class=\"tribe-block__event-price__cost\"> 12\u20ac <\/span>\n\t\t\t\t<span class=\"tribe-block__event-price__description\">+ gg Anticipada | 15\u20ac Taquilla<\/span>\n\t<\/div>\n\n\n\n<div style=\"height:100px\" aria-hidden=\"true\" class=\"wp-block-spacer\"><\/div>\n\n\n\n<div class=\"wp-block-columns is-layout-flex wp-container-core-columns-is-layout-8f761849 wp-block-columns-is-layout-flex\">\n<div class=\"wp-block-column is-layout-flow wp-block-column-is-layout-flow\" style=\"flex-basis:33.33%\">\n<figure class=\"wp-block-image size-large\"><img loading=\"lazy\" decoding=\"async\" width=\"735\" height=\"1040\" src=\"https:\/\/cafelapalma.com\/wp-content\/uploads\/2024\/07\/GESEBE-A3-LOW-735x1040.jpg\" alt=\"\" class=\"wp-image-29271\" srcset=\"https:\/\/cafelapalma.com\/wp-content\/uploads\/2024\/07\/GESEBE-A3-LOW-735x1040.jpg 735w, https:\/\/cafelapalma.com\/wp-content\/uploads\/2024\/07\/GESEBE-A3-LOW-212x300.jpg 212w, https:\/\/cafelapalma.com\/wp-content\/uploads\/2024\/07\/GESEBE-A3-LOW-768x1086.jpg 768w, https:\/\/cafelapalma.com\/wp-content\/uploads\/2024\/07\/GESEBE-A3-LOW-1086x1536.jpg 1086w, https:\/\/cafelapalma.com\/wp-content\/uploads\/2024\/07\/GESEBE-A3-LOW-1448x2048.jpg 1448w, https:\/\/cafelapalma.com\/wp-content\/uploads\/2024\/07\/GESEBE-A3-LOW-42x60.jpg 42w\" sizes=\"auto, (max-width: 735px) 100vw, 735px\" \/><\/figure>\n\n\n<div  class=\"tribe-block tribe-block__event-website\" >\n\t<a\n\t\thref=\"https:\/\/www.passline.com\/eventos\/gesebe-los-pickles-lion-family-band\"\n\t\ttarget=\"_self\"\n\t\t\t>\n\t\tBUY TICKETS\t<\/a>\n<\/div>\n<\/div>\n\n\n\n<div class=\"wp-block-column is-layout-flow wp-block-column-is-layout-flow\" style=\"flex-basis:66.66%\">\n<p class=\"wp-block-paragraph\"><\/p>\n\n\n\n<p class=\"has-text-align-left wp-block-paragraph\"><strong>GeSeB\u00e9 <\/strong>viene desde <strong>Barcelona <\/strong>con su talentosa banda para presentar su reciente y flamante \u00e1lbum <em><strong>\u00abSed de music\u00bb<\/strong><\/em>. Estar\u00e1n present\u00e1ndose por primera vez en <strong>Madrid<\/strong>, en una velada especial donde compartir\u00e1 escenario con <strong>Los Pickles<\/strong> y <strong>The Lion Family<\/strong> para hacer una noche a pura fiesta, con mucho reggae y cumbia.<\/p>\n\n\n\n<p class=\"has-text-align-left wp-block-paragraph\"><strong>GeSeB\u00e9 <\/strong>es un artista y compositor uruguayo radicado en Barcelona que presenta, junto a su talentosa banda, su reciente disco <em><strong>\u00abSed de music\u00bb<\/strong><\/em>, una obra que refleja sus experiencias de vida y los variados sonidos con los que ha experimentado a lo largo de su trayectoria, con el reggae music como g\u00e9nero principal, pasando por el vibrante y energ\u00e9tico ska, fusionado con el rock, cumbia y el hip hop. Una propuesta musical \u00fanica con un sonido cautivador. Con letras profundas, de amor, conciencia y motivadoras, m\u00e1s un manejo especial del escenario y del momento in situ hace del show una experiencia reveladora para el p\u00fablico.<\/p>\n\n\n\n<p class=\"has-text-align-right wp-block-paragraph\"><em>Listen to <\/em><strong>GeSeB\u00e9 <\/strong><em>in <\/em><strong>Spotify<\/strong><\/p>\n\n\n\n<p class=\"has-text-align-left wp-block-paragraph\"><strong>Lion Family Band<\/strong> es pura sandunga y m\u00e1s n\u00e1. Consolidada como banda desde el 2017, los leones que rugen con sabor traen su<em> Latin Groove<\/em>; una propuesta energ\u00e9tica y cargada de diversos estilos como lo son el dembow, merengue, dancehall, cumbia, rock, champeta y afrobeat. Con integrantes principalmente de Colombia, la banda ha lanzado varios singles y EPs (<strong><em>\u00abOriginal Sound\u00bb<\/em><\/strong>, <strong><em>\u00abSandungu\u00e9alo\u00bb<\/em><\/strong> y <strong><em>\u00abLion&#8217;s Crew\u00bb<\/em><\/strong>) donde han podido explorar y consolidar un sonido propio. Su directo es en\u00e9rgico, explosivo y asegura una noche de parranda al mejor estilo tropical que viaja entre lo org\u00e1nico y lo digital. \u00a1Mantenga la llama encendida, no la deje apagar!<\/p>\n\n\n\n<p class=\"has-text-align-right wp-block-paragraph\"><em><a href=\"https:\/\/open.spotify.com\/intl-es\/artist\/1VRmEqXyUd2EtxqpS6MZx0?si=ADxXGyjQQQuIdehK4t3UFw\">Listen to <\/a><\/em><strong><a href=\"https:\/\/open.spotify.com\/intl-es\/artist\/1VRmEqXyUd2EtxqpS6MZx0?si=ADxXGyjQQQuIdehK4t3UFw\">LION FAMILY BAND<\/a><\/strong><em><a href=\"https:\/\/open.spotify.com\/intl-es\/artist\/1VRmEqXyUd2EtxqpS6MZx0?si=ADxXGyjQQQuIdehK4t3UFw\"> in <\/a><\/em><strong><a href=\"https:\/\/open.spotify.com\/intl-es\/artist\/1VRmEqXyUd2EtxqpS6MZx0?si=ADxXGyjQQQuIdehK4t3UFw\">Spotify<\/a><\/strong><\/p>\n\n\n\n<p class=\"has-text-align-left wp-block-paragraph\">Adem\u00e1s, <strong>Los Pickles<\/strong>, una banda de madrile\u00f1os rioplatenses, estar\u00e1n abriendo la velada y su coraz\u00f3n para todos ustedes.<\/p>\n<\/div>\n<\/div>\n\n\n\n<div style=\"height:100px\" aria-hidden=\"true\" class=\"wp-block-spacer\"><\/div>\n\n\n\n<hr class=\"wp-block-separator has-alpha-channel-opacity\"\/>\n\n\n\n<div style=\"height:100px\" aria-hidden=\"true\" class=\"wp-block-spacer\"><\/div>\n\n\n<h2 class=\"tribe-block__related-events__title\">Related Events<\/h2>\n\n<ul  class=\"tribe-related-events tribe-clearfix\" >\n\t\t\t<li>\n\t\n<div class=\"tribe-related-events-thumbnail\">\n\t<a href=\"https:\/\/cafelapalma.com\/en\/programacion\/funkin-donuts\/\" class=\"url\" rel=\"bookmark\" tabindex=\"-1\" aria-hidden=\"true\"><img loading=\"lazy\" decoding=\"async\" width=\"693\" height=\"1040\" src=\"https:\/\/cafelapalma.com\/wp-content\/uploads\/2026\/07\/FD-vert2-bn-693x1040.jpg\" class=\"attachment-large size-large wp-post-image\" alt=\"\" \/><\/a>\n<\/div>\n\t<div class=\"tribe-related-event-info\">\n\t<h3 class=\"tribe-related-events-title\">\n\t\t<a href=\"https:\/\/cafelapalma.com\/en\/programacion\/funkin-donuts\/\" class=\"tribe-event-url\" rel=\"bookmark\">\n\t\t\tFUNKIN&#8217; DONUTS\t\t<\/a>\n\t<\/h3>\n\t<span class=\"tribe-event-date-start\">5  September@22:00<\/span><span class=\"tribe-event-time\">23:45<\/span><\/div>\n<\/li>\n\t\t\t<li>\n\t\n<div class=\"tribe-related-events-thumbnail\">\n\t<a href=\"https:\/\/cafelapalma.com\/en\/programacion\/backstage-le-petit-truffle-mayo\/\" class=\"url\" rel=\"bookmark\" tabindex=\"-1\" aria-hidden=\"true\"><img loading=\"lazy\" decoding=\"async\" width=\"780\" height=\"1040\" src=\"https:\/\/cafelapalma.com\/wp-content\/uploads\/2026\/07\/Imagen-TruffleMayo-LePetit-i-1-780x1040.png\" class=\"attachment-large size-large wp-post-image\" alt=\"\" \/><\/a>\n<\/div>\n\t<div class=\"tribe-related-event-info\">\n\t<h3 class=\"tribe-related-events-title\">\n\t\t<a href=\"https:\/\/cafelapalma.com\/en\/programacion\/backstage-le-petit-truffle-mayo\/\" class=\"tribe-event-url\" rel=\"bookmark\">\n\t\t\tBACKSTAGE: LE PETIT + TRUFFLE MAYO\t\t<\/a>\n\t<\/h3>\n\t<span class=\"tribe-event-date-start\">5  September@23:55<\/span><\/div>\n<\/li>\n\t\t\t<li>\n\t\n<div class=\"tribe-related-events-thumbnail\">\n\t<a href=\"https:\/\/cafelapalma.com\/en\/programacion\/willie-deville-concierto-benefico-x-venezuela\/\" class=\"url\" rel=\"bookmark\" tabindex=\"-1\" aria-hidden=\"true\"><img loading=\"lazy\" decoding=\"async\" width=\"1020\" height=\"531\" src=\"https:\/\/cafelapalma.com\/wp-content\/uploads\/2026\/08\/Willie-deville-1100x572-1-1040x541.jpg\" class=\"attachment-large size-large wp-post-image\" alt=\"\" \/><\/a>\n<\/div>\n\t<div class=\"tribe-related-event-info\">\n\t<h3 class=\"tribe-related-events-title\">\n\t\t<a href=\"https:\/\/cafelapalma.com\/en\/programacion\/willie-deville-concierto-benefico-x-venezuela\/\" class=\"tribe-event-url\" rel=\"bookmark\">\n\t\t\tWILLIE DEVILLE: CONCIERTO BEN\u00c9FICO X VENEZUELA\t\t<\/a>\n\t<\/h3>\n\t<span class=\"tribe-event-date-start\">6  September@21:00<\/span><span class=\"tribe-event-time\">23:45<\/span><\/div>\n<\/li>\n\t<\/ul>","protected":false},"excerpt":{"rendered":"<p>GeSeB\u00e9 viene desde Barcelona con su talentosa banda para presentar su reciente y flamante \u00e1lbum \u00abSed de music\u00bb. Estar\u00e1n present\u00e1ndose por primera vez en Madrid, en una velada especial donde compartir\u00e1 escenario con Los Pickles y The Lion Family para hacer una noche a pura fiesta, con mucho reggae y cumbia. GeSeB\u00e9 es un artista &hellip; <\/p>","protected":false},"author":2,"featured_media":29272,"template":"","meta":{"_tec_requires_first_save":false,"_uag_custom_page_level_css":"","loftloader_page_shortcode":"","_EventAllDay":false,"_EventTimezone":"Europe\/Madrid","_EventStartDate":"2024-09-05 21:00:00","_EventEndDate":"2024-09-05 23:45:00","_EventStartDateUTC":"2024-09-05 19:00:00","_EventEndDateUTC":"2024-09-05 21:45:00","_EventShowMap":false,"_EventShowMapLink":false,"_EventURL":"https:\/\/www.passline.com\/eventos\/gesebe-los-pickles-lion-family-band","_EventCost":"12","_EventCostDescription":"","_EventCurrencySymbol":"\u20ac","_EventCurrencyCode":"USD","_EventCurrencyPosition":"suffix","_EventDateTimeSeparator":"@","_EventTimeRangeSeparator":"-","_EventOrganizerID":[],"_EventVenueID":[],"_OrganizerEmail":"","_OrganizerPhone":"","_OrganizerWebsite":"","_VenueAddress":"","_VenueCity":"","_VenueCountry":"","_VenueProvince":"","_VenueState":"","_VenueZip":"","_VenuePhone":"","_VenueURL":"","_VenueStateProvince":"","_VenueLat":"","_VenueLng":"","_VenueShowMap":false,"_VenueShowMapLink":false,"_tribe_blocks_recurrence_rules":"","_tribe_blocks_recurrence_description":"","_tribe_blocks_recurrence_exclusions":"","_ecp_custom_2":"","_tribe_events_status":"","_tribe_events_status_reason":"","_tribe_events_is_hybrid":"","_tribe_events_is_virtual":"","_tribe_events_virtual_video_source":"","_tribe_events_virtual_embed_video":"","_tribe_events_virtual_linked_button_text":"","_tribe_events_virtual_linked_button":"","_tribe_events_virtual_show_embed_at":"","_tribe_events_virtual_show_embed_to":[],"_tribe_events_virtual_show_on_event":"","_tribe_events_virtual_show_on_views":"","_tribe_events_virtual_url":"","footnotes":""},"tags":[12702,1363,13894,2865,9147,9146,9916,10897,9347,16057,2396,16061,16063,16066,16059,10198,16064,10232,1354,16062,16065,16058,11300,16060],"tribe_events_cat":[8963],"class_list":["post-29270","tribe_events","type-tribe_events","status-publish","has-post-thumbnail","hentry","tag-afrobeat","tag-cafe-la-palma","tag-champeta","tag-conciertos-cafe-la-palma","tag-conciertos-madrid","tag-conciertos-malasana","tag-cumbia","tag-dancehall","tag-dembow","tag-gesebe","tag-hip-hop","tag-latin-fiesta","tag-latin-groove","tag-lions-crew","tag-los-pickles","tag-merengue","tag-original-sound","tag-reggae","tag-rock","tag-sandunga","tag-sandunguealo","tag-sed-de-music","tag-ska","tag-the-lion-family","tribe_events_cat-concierto","cat_concierto"],"uagb_featured_image_src":{"full":["https:\/\/cafelapalma.com\/wp-content\/uploads\/2024\/07\/GESEFRONT.jpg",608,1080,false],"thumbnail":["https:\/\/cafelapalma.com\/wp-content\/uploads\/2024\/07\/GESEFRONT-150x150.jpg",150,150,true],"medium":["https:\/\/cafelapalma.com\/wp-content\/uploads\/2024\/07\/GESEFRONT-169x300.jpg",169,300,true],"medium_large":["https:\/\/cafelapalma.com\/wp-content\/uploads\/2024\/07\/GESEFRONT.jpg",608,1080,false],"large":["https:\/\/cafelapalma.com\/wp-content\/uploads\/2024\/07\/GESEFRONT-585x1040.jpg",585,1040,true],"1536x1536":["https:\/\/cafelapalma.com\/wp-content\/uploads\/2024\/07\/GESEFRONT.jpg",608,1080,false],"2048x2048":["https:\/\/cafelapalma.com\/wp-content\/uploads\/2024\/07\/GESEFRONT.jpg",608,1080,false],"trp-custom-language-flag":["https:\/\/cafelapalma.com\/wp-content\/uploads\/2024\/07\/GESEFRONT.jpg",7,12,false],"blossom-feminine-slider":["https:\/\/cafelapalma.com\/wp-content\/uploads\/2024\/07\/GESEFRONT-608x649.jpg",608,649,true],"blossom-feminine-featured":["https:\/\/cafelapalma.com\/wp-content\/uploads\/2024\/07\/GESEFRONT-608x600.jpg",608,600,true],"blossom-feminine-with-sidebar":["https:\/\/cafelapalma.com\/wp-content\/uploads\/2024\/07\/GESEFRONT-608x600.jpg",608,600,true],"blossom-feminine-blog":["https:\/\/cafelapalma.com\/wp-content\/uploads\/2024\/07\/GESEFRONT-435x435.jpg",435,435,true],"blossom-feminine-cat":["https:\/\/cafelapalma.com\/wp-content\/uploads\/2024\/07\/GESEFRONT-450x300.jpg",450,300,true],"blossom-feminine-related":["https:\/\/cafelapalma.com\/wp-content\/uploads\/2024\/07\/GESEFRONT-320x200.jpg",320,200,true],"blossom-feminine-schema":["https:\/\/cafelapalma.com\/wp-content\/uploads\/2024\/07\/GESEFRONT-34x60.jpg",34,60,true]},"uagb_author_info":{"display_name":"Victor","author_link":"https:\/\/cafelapalma.com\/en\/author\/comunicacion\/"},"uagb_comment_info":0,"uagb_excerpt":"GeSeB\u00e9 viene desde Barcelona con su talentosa banda para presentar su reciente y flamante \u00e1lbum \u00abSed de music\u00bb. Estar\u00e1n present\u00e1ndose por primera vez en Madrid, en una velada especial donde compartir\u00e1 escenario con Los Pickles y The Lion Family para hacer una noche a pura fiesta, con mucho reggae y cumbia. GeSeB\u00e9 es un artista&hellip;","_links":{"self":[{"href":"https:\/\/cafelapalma.com\/en\/wp-json\/wp\/v2\/tribe_events\/29270","targetHints":{"allow":["GET"]}}],"collection":[{"href":"https:\/\/cafelapalma.com\/en\/wp-json\/wp\/v2\/tribe_events"}],"about":[{"href":"https:\/\/cafelapalma.com\/en\/wp-json\/wp\/v2\/types\/tribe_events"}],"author":[{"embeddable":true,"href":"https:\/\/cafelapalma.com\/en\/wp-json\/wp\/v2\/users\/2"}],"version-history":[{"count":0,"href":"https:\/\/cafelapalma.com\/en\/wp-json\/wp\/v2\/tribe_events\/29270\/revisions"}],"wp:featuredmedia":[{"embeddable":true,"href":"https:\/\/cafelapalma.com\/en\/wp-json\/wp\/v2\/media\/29272"}],"wp:attachment":[{"href":"https:\/\/cafelapalma.com\/en\/wp-json\/wp\/v2\/media?parent=29270"}],"wp:term":[{"taxonomy":"post_tag","embeddable":true,"href":"https:\/\/cafelapalma.com\/en\/wp-json\/wp\/v2\/tags?post=29270"},{"taxonomy":"tribe_events_cat","embeddable":true,"href":"https:\/\/cafelapalma.com\/en\/wp-json\/wp\/v2\/tribe_events_cat?post=29270"}],"curies":[{"name":"wp","href":"https:\/\/api.w.org\/{rel}","templated":true}]}}