{"id":29281,"date":"2024-07-29T18:08:22","date_gmt":"2024-07-29T16:08:22","guid":{"rendered":"https:\/\/cafelapalma.com\/?post_type=tribe_events&#038;p=29281"},"modified":"2024-09-26T18:21:40","modified_gmt":"2024-09-26T16:21:40","slug":"de-perdidas-al-rio-emigrantes","status":"publish","type":"tribe_events","link":"https:\/\/cafelapalma.com\/en\/programacion\/de-perdidas-al-rio-emigrantes\/","title":{"rendered":"DE PERDIDAS AL R\u00cdO + EMIGRANTES"},"content":{"rendered":"<div  class=\"tribe-events-schedule tribe-clearfix\" >\n\t<p class=\"tribe-events-schedule__datetime\">\n\t\t<span class=\"tribe-events-schedule__date tribe-events-schedule__date--start\">\n\t\t\t27  September  2024\t\t<\/span>\n\n\t\t\t\t\t<span class=\"tribe-events-schedule__separator tribe-events-schedule__separator--date\">\n\t\t\t\t@\t\t\t<\/span>\n\t\t\t<span class=\"tribe-events-schedule__time tribe-events-schedule__time--start\">\n\t\t\t\t21:00\t\t\t<\/span>\n\t\t\n\t\t\t\t\t\t\t\t\t<span class=\"tribe-events-schedule__separator tribe-events-schedule__separator--time\">\n\t\t\t\t\t&#8211;\t\t\t\t<\/span>\n\t\t\t\n\t\t\t\t\t\t\t<span class=\"tribe-events-schedule__time tribe-events-schedule__time--end\">\n\t\t\t\t\t23:45\t\t\t\t<\/span>\n\t\t\t\n\t\t\t\t\t\t<\/p>\n<\/div>\n\n\n<div  class=\"tribe-block tribe-block__event-price\" >\n\t\t\t<span class=\"tribe-block__event-price__cost\"> ENTRADAS AGOTADAS <\/span>\n\t\t\t\t<span class=\"tribe-block__event-price__description\">#soldout<\/span>\n\t<\/div>\n\n\n\n<div style=\"height:100px\" aria-hidden=\"true\" class=\"wp-block-spacer\"><\/div>\n\n\n\n<div class=\"wp-block-columns is-layout-flex wp-container-core-columns-is-layout-8f761849 wp-block-columns-is-layout-flex\">\n<div class=\"wp-block-column is-layout-flow wp-block-column-is-layout-flow\" style=\"flex-basis:33.33%\">\n<figure class=\"wp-block-image size-full\"><img loading=\"lazy\" decoding=\"async\" width=\"373\" height=\"525\" src=\"https:\/\/cafelapalma.com\/wp-content\/uploads\/2024\/07\/DE-PERDIDAS-A3-LOW.jpg\" alt=\"\" class=\"wp-image-29282\" srcset=\"https:\/\/cafelapalma.com\/wp-content\/uploads\/2024\/07\/DE-PERDIDAS-A3-LOW.jpg 373w, https:\/\/cafelapalma.com\/wp-content\/uploads\/2024\/07\/DE-PERDIDAS-A3-LOW-213x300.jpg 213w, https:\/\/cafelapalma.com\/wp-content\/uploads\/2024\/07\/DE-PERDIDAS-A3-LOW-43x60.jpg 43w\" sizes=\"auto, (max-width: 373px) 100vw, 373px\" \/><\/figure>\n<\/div>\n\n\n\n<div class=\"wp-block-column is-layout-flow wp-block-column-is-layout-flow\" style=\"flex-basis:66.66%\">\n<p class=\"wp-block-paragraph\"><\/p>\n\n\n\n<p class=\"has-text-align-left wp-block-paragraph\">\u00a1No te pierdas el concierto de presentaci\u00f3n del primer disco de <strong>De Perdidas Al R\u00edo<\/strong>! Este evento promete ser una noche inolvidable llena de buena m\u00fasica y energ\u00eda. Despu\u00e9s de su incre\u00edble sold out en Madrid el a\u00f1o pasado, el grupo regresa con m\u00e1s fuerza que nunca para escuchar en directo su primer trabajo <em><strong>\u00abLa ballena Riga\u00bb<\/strong><\/em>. Esta vez estar\u00e1n acompa\u00f1adas por las talentosas <strong>Emigrantes<\/strong>.<\/p>\n\n\n\n<p class=\"has-text-align-left wp-block-paragraph\"><strong>De Perdidas Al R\u00edo <\/strong>es un vibrante grupo de pop fantas\u00eda que ha llegado para revolucionar la escena musical. Con su primer disco reci\u00e9n salido del horno, te invitan a un viaje sonoro donde cada canci\u00f3n es una fiesta \u00fanica. Desde ritmos rumberos hasta melod\u00edas que te har\u00e1n reflexionar, todo con un toque desenfadado y lleno de energ\u00eda. La formaci\u00f3n cl\u00e1sica de pop se complementa con dos trombones que a\u00f1aden un sabor especial a su sonido. \u00a1Prep\u00e1rate para bailar!<\/p>\n\n\n\n<p class=\"has-text-align-left wp-block-paragraph\"><strong>De Perdidas Al R\u00edo <\/strong>no solo hace m\u00fasica; crea un espacio seguro donde la diversi\u00f3n y la cr\u00edtica social se entrelazan. En su corta trayectoria, de menos de dos a\u00f1os, ya han pasado por varios festivales y han compartido escenario con m\u00fasicos del panorama nacional de la talla de <strong>Pedro Pastor<\/strong>, <strong>Bewis de la Rosa<\/strong> y <strong>Mabel Flores<\/strong>. Con su estilo festivo y su mensaje poderoso este grupo est\u00e1 listo para conquistar corazones y mentes. \u00a1No te quedes fuera de la fiesta! Escucha su disco y \u00fanete a la revoluci\u00f3n musical que est\u00e1 arrasando.<\/p>\n\n\n\n<p class=\"has-text-align-right wp-block-paragraph\"><em><a href=\"https:\/\/open.spotify.com\/intl-es\/artist\/2TFDgxE0ZhNs3OZOehVPg0?si=gSIAT5FmRWOz5BlKvQX2XA\">Listen to <\/a><\/em><strong><a href=\"https:\/\/open.spotify.com\/intl-es\/artist\/2TFDgxE0ZhNs3OZOehVPg0?si=gSIAT5FmRWOz5BlKvQX2XA\">DE PERDIDAS AL R\u00cdO<\/a><\/strong><em><a href=\"https:\/\/open.spotify.com\/intl-es\/artist\/2TFDgxE0ZhNs3OZOehVPg0?si=gSIAT5FmRWOz5BlKvQX2XA\"> in <\/a><\/em><strong><a href=\"https:\/\/open.spotify.com\/intl-es\/artist\/2TFDgxE0ZhNs3OZOehVPg0?si=gSIAT5FmRWOz5BlKvQX2XA\">Spotify<\/a><\/strong><\/p>\n\n\n\n<p class=\"has-text-align-left wp-block-paragraph\">Ven a disfrutar de una velada \u00fanica en la que podr\u00e1s ser parte de la historia musical de <strong>Emigrantes<\/strong>, que se presentan por primera vez. No dejes pasar la oportunidad de vivir esta experiencia en vivo, donde la pasi\u00f3n y la alegr\u00eda se fusionan en cada nota. Con su estilo divertido y sus mezclas de m\u00fasica popular espa\u00f1ola y paraguaya, \u00a1te har\u00e1n bailar desde el primer acorde! \u00a1La aventura comienza!<\/p>\n\n\n\n<p class=\"has-text-align-right wp-block-paragraph\"><em><a href=\"https:\/\/open.spotify.com\/intl-es\/artist\/6Nogqe5HbgO0DcF1Q4gpl2?si=yl7O8D2vRNOKoHG7_a5ZvA\">Listen to <\/a><\/em><strong><a href=\"https:\/\/open.spotify.com\/intl-es\/artist\/6Nogqe5HbgO0DcF1Q4gpl2?si=yl7O8D2vRNOKoHG7_a5ZvA\">EMIGRANTES<\/a><\/strong><em><a href=\"https:\/\/open.spotify.com\/intl-es\/artist\/6Nogqe5HbgO0DcF1Q4gpl2?si=yl7O8D2vRNOKoHG7_a5ZvA\"> in <\/a><\/em><strong><a href=\"https:\/\/open.spotify.com\/intl-es\/artist\/6Nogqe5HbgO0DcF1Q4gpl2?si=yl7O8D2vRNOKoHG7_a5ZvA\">Spotify<\/a><\/strong><\/p>\n<\/div>\n<\/div>\n\n\n\n<div style=\"height:100px\" aria-hidden=\"true\" class=\"wp-block-spacer\"><\/div>\n\n\n\n<hr class=\"wp-block-separator has-alpha-channel-opacity\"\/>\n\n\n\n<div style=\"height:100px\" aria-hidden=\"true\" class=\"wp-block-spacer\"><\/div>\n\n\n<h2 class=\"tribe-block__related-events__title\">Related Events<\/h2>\n\n<ul  class=\"tribe-related-events tribe-clearfix\" >\n\t\t\t<li>\n\t\n<div class=\"tribe-related-events-thumbnail\">\n\t<a href=\"https:\/\/cafelapalma.com\/en\/programacion\/funkin-donuts\/\" class=\"url\" rel=\"bookmark\" tabindex=\"-1\" aria-hidden=\"true\"><img loading=\"lazy\" decoding=\"async\" width=\"693\" height=\"1040\" src=\"https:\/\/cafelapalma.com\/wp-content\/uploads\/2026\/07\/FD-vert2-bn-693x1040.jpg\" class=\"attachment-large size-large wp-post-image\" alt=\"\" \/><\/a>\n<\/div>\n\t<div class=\"tribe-related-event-info\">\n\t<h3 class=\"tribe-related-events-title\">\n\t\t<a href=\"https:\/\/cafelapalma.com\/en\/programacion\/funkin-donuts\/\" class=\"tribe-event-url\" rel=\"bookmark\">\n\t\t\tFUNKIN&#8217; DONUTS\t\t<\/a>\n\t<\/h3>\n\t<span class=\"tribe-event-date-start\">5  September@22:00<\/span><span class=\"tribe-event-time\">23:45<\/span><\/div>\n<\/li>\n\t\t\t<li>\n\t\n<div class=\"tribe-related-events-thumbnail\">\n\t<a href=\"https:\/\/cafelapalma.com\/en\/programacion\/backstage-le-petit-truffle-mayo\/\" class=\"url\" rel=\"bookmark\" tabindex=\"-1\" aria-hidden=\"true\"><img loading=\"lazy\" decoding=\"async\" width=\"780\" height=\"1040\" src=\"https:\/\/cafelapalma.com\/wp-content\/uploads\/2026\/07\/Imagen-TruffleMayo-LePetit-i-1-780x1040.png\" class=\"attachment-large size-large wp-post-image\" alt=\"\" \/><\/a>\n<\/div>\n\t<div class=\"tribe-related-event-info\">\n\t<h3 class=\"tribe-related-events-title\">\n\t\t<a href=\"https:\/\/cafelapalma.com\/en\/programacion\/backstage-le-petit-truffle-mayo\/\" class=\"tribe-event-url\" rel=\"bookmark\">\n\t\t\tBACKSTAGE: LE PETIT + TRUFFLE MAYO\t\t<\/a>\n\t<\/h3>\n\t<span class=\"tribe-event-date-start\">5  September@23:55<\/span><\/div>\n<\/li>\n\t\t\t<li>\n\t\n<div class=\"tribe-related-events-thumbnail\">\n\t<a href=\"https:\/\/cafelapalma.com\/en\/programacion\/willie-deville-concierto-benefico-x-venezuela\/\" class=\"url\" rel=\"bookmark\" tabindex=\"-1\" aria-hidden=\"true\"><img loading=\"lazy\" decoding=\"async\" width=\"1020\" height=\"531\" src=\"https:\/\/cafelapalma.com\/wp-content\/uploads\/2026\/08\/Willie-deville-1100x572-1-1040x541.jpg\" class=\"attachment-large size-large wp-post-image\" alt=\"\" \/><\/a>\n<\/div>\n\t<div class=\"tribe-related-event-info\">\n\t<h3 class=\"tribe-related-events-title\">\n\t\t<a href=\"https:\/\/cafelapalma.com\/en\/programacion\/willie-deville-concierto-benefico-x-venezuela\/\" class=\"tribe-event-url\" rel=\"bookmark\">\n\t\t\tWILLIE DEVILLE: CONCIERTO BEN\u00c9FICO X VENEZUELA\t\t<\/a>\n\t<\/h3>\n\t<span class=\"tribe-event-date-start\">6  September@21:00<\/span><span class=\"tribe-event-time\">23:45<\/span><\/div>\n<\/li>\n\t<\/ul>","protected":false},"excerpt":{"rendered":"<p>\u00a1No te pierdas el concierto de presentaci\u00f3n del primer disco de De Perdidas Al R\u00edo! Este evento promete ser una noche inolvidable llena de buena m\u00fasica y energ\u00eda. Despu\u00e9s de su incre\u00edble sold out en Madrid el a\u00f1o pasado, el grupo regresa con m\u00e1s fuerza que nunca para escuchar en directo su primer trabajo \u00abLa &hellip; <\/p>","protected":false},"author":2,"featured_media":29283,"template":"","meta":{"_tec_requires_first_save":false,"_uag_custom_page_level_css":"","loftloader_page_shortcode":"","_EventAllDay":false,"_EventTimezone":"Europe\/Madrid","_EventStartDate":"2024-09-27 21:00:00","_EventEndDate":"2024-09-27 23:45:00","_EventStartDateUTC":"2024-09-27 19:00:00","_EventEndDateUTC":"2024-09-27 21:45:00","_EventShowMap":false,"_EventShowMapLink":false,"_EventURL":"https:\/\/entradium.com\/events\/de-perdidas-al-rio-emigrantes","_EventCost":"ENTRADAS AGOTADAS","_EventCostDescription":"","_EventCurrencySymbol":"\u20ac","_EventCurrencyCode":"USD","_EventCurrencyPosition":"suffix","_EventDateTimeSeparator":"@","_EventTimeRangeSeparator":"-","_EventOrganizerID":[],"_EventVenueID":[],"_OrganizerEmail":"","_OrganizerPhone":"","_OrganizerWebsite":"","_VenueAddress":"","_VenueCity":"","_VenueCountry":"","_VenueProvince":"","_VenueState":"","_VenueZip":"","_VenuePhone":"","_VenueURL":"","_VenueStateProvince":"","_VenueLat":"","_VenueLng":"","_VenueShowMap":false,"_VenueShowMapLink":false,"_tribe_blocks_recurrence_rules":"","_tribe_blocks_recurrence_description":"","_tribe_blocks_recurrence_exclusions":"","_ecp_custom_2":"","_tribe_events_status":"","_tribe_events_status_reason":"","_tribe_events_is_hybrid":"","_tribe_events_is_virtual":"","_tribe_events_virtual_video_source":"","_tribe_events_virtual_embed_video":"","_tribe_events_virtual_linked_button_text":"","_tribe_events_virtual_linked_button":"","_tribe_events_virtual_show_embed_at":"","_tribe_events_virtual_show_embed_to":[],"_tribe_events_virtual_show_on_event":"","_tribe_events_virtual_show_on_views":"","_tribe_events_virtual_url":"","footnotes":""},"tags":[16072,1363,8869,2865,9147,9146,16075,16076,16073,1354,9535],"tribe_events_cat":[8963],"class_list":["post-29281","tribe_events","type-tribe_events","status-publish","has-post-thumbnail","hentry","tag-brass-band","tag-cafe-la-palma","tag-cafe-la-palma-2","tag-conciertos-cafe-la-palma","tag-conciertos-madrid","tag-conciertos-malasana","tag-emigrantes","tag-la-ballena-riga","tag-pop-fantasia","tag-rock","tag-rumba","tribe_events_cat-concierto","cat_concierto"],"uagb_featured_image_src":{"full":["https:\/\/cafelapalma.com\/wp-content\/uploads\/2024\/07\/De-Perdidas-Al-Rio-Verical.jpeg",1197,1924,false],"thumbnail":["https:\/\/cafelapalma.com\/wp-content\/uploads\/2024\/07\/De-Perdidas-Al-Rio-Verical-150x150.jpeg",150,150,true],"medium":["https:\/\/cafelapalma.com\/wp-content\/uploads\/2024\/07\/De-Perdidas-Al-Rio-Verical-187x300.jpeg",187,300,true],"medium_large":["https:\/\/cafelapalma.com\/wp-content\/uploads\/2024\/07\/De-Perdidas-Al-Rio-Verical-768x1234.jpeg",768,1234,true],"large":["https:\/\/cafelapalma.com\/wp-content\/uploads\/2024\/07\/De-Perdidas-Al-Rio-Verical-647x1040.jpeg",647,1040,true],"1536x1536":["https:\/\/cafelapalma.com\/wp-content\/uploads\/2024\/07\/De-Perdidas-Al-Rio-Verical-956x1536.jpeg",956,1536,true],"2048x2048":["https:\/\/cafelapalma.com\/wp-content\/uploads\/2024\/07\/De-Perdidas-Al-Rio-Verical.jpeg",1197,1924,false],"trp-custom-language-flag":["https:\/\/cafelapalma.com\/wp-content\/uploads\/2024\/07\/De-Perdidas-Al-Rio-Verical.jpeg",7,12,false],"blossom-feminine-slider":["https:\/\/cafelapalma.com\/wp-content\/uploads\/2024\/07\/De-Perdidas-Al-Rio-Verical-1197x649.jpeg",1197,649,true],"blossom-feminine-featured":["https:\/\/cafelapalma.com\/wp-content\/uploads\/2024\/07\/De-Perdidas-Al-Rio-Verical-1197x600.jpeg",1197,600,true],"blossom-feminine-with-sidebar":["https:\/\/cafelapalma.com\/wp-content\/uploads\/2024\/07\/De-Perdidas-Al-Rio-Verical-1020x600.jpeg",1020,600,true],"blossom-feminine-blog":["https:\/\/cafelapalma.com\/wp-content\/uploads\/2024\/07\/De-Perdidas-Al-Rio-Verical-435x435.jpeg",435,435,true],"blossom-feminine-cat":["https:\/\/cafelapalma.com\/wp-content\/uploads\/2024\/07\/De-Perdidas-Al-Rio-Verical-450x300.jpeg",450,300,true],"blossom-feminine-related":["https:\/\/cafelapalma.com\/wp-content\/uploads\/2024\/07\/De-Perdidas-Al-Rio-Verical-320x200.jpeg",320,200,true],"blossom-feminine-schema":["https:\/\/cafelapalma.com\/wp-content\/uploads\/2024\/07\/De-Perdidas-Al-Rio-Verical-37x60.jpeg",37,60,true]},"uagb_author_info":{"display_name":"Victor","author_link":"https:\/\/cafelapalma.com\/en\/author\/comunicacion\/"},"uagb_comment_info":0,"uagb_excerpt":"\u00a1No te pierdas el concierto de presentaci\u00f3n del primer disco de De Perdidas Al R\u00edo! Este evento promete ser una noche inolvidable llena de buena m\u00fasica y energ\u00eda. Despu\u00e9s de su incre\u00edble sold out en Madrid el a\u00f1o pasado, el grupo regresa con m\u00e1s fuerza que nunca para escuchar en directo su primer trabajo \u00abLa&hellip;","_links":{"self":[{"href":"https:\/\/cafelapalma.com\/en\/wp-json\/wp\/v2\/tribe_events\/29281","targetHints":{"allow":["GET"]}}],"collection":[{"href":"https:\/\/cafelapalma.com\/en\/wp-json\/wp\/v2\/tribe_events"}],"about":[{"href":"https:\/\/cafelapalma.com\/en\/wp-json\/wp\/v2\/types\/tribe_events"}],"author":[{"embeddable":true,"href":"https:\/\/cafelapalma.com\/en\/wp-json\/wp\/v2\/users\/2"}],"version-history":[{"count":0,"href":"https:\/\/cafelapalma.com\/en\/wp-json\/wp\/v2\/tribe_events\/29281\/revisions"}],"wp:featuredmedia":[{"embeddable":true,"href":"https:\/\/cafelapalma.com\/en\/wp-json\/wp\/v2\/media\/29283"}],"wp:attachment":[{"href":"https:\/\/cafelapalma.com\/en\/wp-json\/wp\/v2\/media?parent=29281"}],"wp:term":[{"taxonomy":"post_tag","embeddable":true,"href":"https:\/\/cafelapalma.com\/en\/wp-json\/wp\/v2\/tags?post=29281"},{"taxonomy":"tribe_events_cat","embeddable":true,"href":"https:\/\/cafelapalma.com\/en\/wp-json\/wp\/v2\/tribe_events_cat?post=29281"}],"curies":[{"name":"wp","href":"https:\/\/api.w.org\/{rel}","templated":true}]}}