{"id":29291,"date":"2024-07-29T20:18:57","date_gmt":"2024-07-29T18:18:57","guid":{"rendered":"https:\/\/cafelapalma.com\/?post_type=tribe_events&#038;p=29291"},"modified":"2025-01-04T18:58:18","modified_gmt":"2025-01-04T17:58:18","slug":"conciertos-30-aniversario-ciervoss-rezelo","status":"publish","type":"tribe_events","link":"https:\/\/cafelapalma.com\/en\/programacion\/conciertos-30-aniversario-ciervoss-rezelo\/","title":{"rendered":"CIERVOSS + REZELO"},"content":{"rendered":"<div  class=\"tribe-events-schedule tribe-clearfix\" >\n\t<p class=\"tribe-events-schedule__datetime\">\n\t\t<span class=\"tribe-events-schedule__date tribe-events-schedule__date--start\">\n\t\t\t03  January  2025\t\t<\/span>\n\n\t\t\t\t\t<span class=\"tribe-events-schedule__separator tribe-events-schedule__separator--date\">\n\t\t\t\t@\t\t\t<\/span>\n\t\t\t<span class=\"tribe-events-schedule__time tribe-events-schedule__time--start\">\n\t\t\t\t21:30\t\t\t<\/span>\n\t\t\n\t\t\t\t\t\t\t\t\t<span class=\"tribe-events-schedule__separator tribe-events-schedule__separator--time\">\n\t\t\t\t\t&#8211;\t\t\t\t<\/span>\n\t\t\t\n\t\t\t\t\t\t\t<span class=\"tribe-events-schedule__time tribe-events-schedule__time--end\">\n\t\t\t\t\t23:45\t\t\t\t<\/span>\n\t\t\t\n\t\t\t\t\t\t<\/p>\n<\/div>\n\n\n<div  class=\"tribe-block tribe-block__event-price\" >\n\t\t\t<span class=\"tribe-block__event-price__cost\"> 10\u20ac <\/span>\n\t\t\t\t<span class=\"tribe-block__event-price__description\">+ gg Anticipada | 12\u20ac Taquilla<\/span>\n\t<\/div>\n\n\n\n<div style=\"height:100px\" aria-hidden=\"true\" class=\"wp-block-spacer\"><\/div>\n\n\n\n<div class=\"wp-block-columns is-layout-flex wp-container-core-columns-is-layout-8f761849 wp-block-columns-is-layout-flex\">\n<div class=\"wp-block-column is-layout-flow wp-block-column-is-layout-flow\" style=\"flex-basis:33.33%\">\n<figure class=\"wp-block-image size-large\"><img loading=\"lazy\" decoding=\"async\" width=\"735\" height=\"1040\" src=\"https:\/\/cafelapalma.com\/wp-content\/uploads\/2024\/07\/CIERVOSS-A3-LOW-735x1040.jpg\" alt=\"\" class=\"wp-image-29292\" srcset=\"https:\/\/cafelapalma.com\/wp-content\/uploads\/2024\/07\/CIERVOSS-A3-LOW-735x1040.jpg 735w, https:\/\/cafelapalma.com\/wp-content\/uploads\/2024\/07\/CIERVOSS-A3-LOW-212x300.jpg 212w, https:\/\/cafelapalma.com\/wp-content\/uploads\/2024\/07\/CIERVOSS-A3-LOW-768x1086.jpg 768w, https:\/\/cafelapalma.com\/wp-content\/uploads\/2024\/07\/CIERVOSS-A3-LOW-1086x1536.jpg 1086w, https:\/\/cafelapalma.com\/wp-content\/uploads\/2024\/07\/CIERVOSS-A3-LOW-1448x2048.jpg 1448w, https:\/\/cafelapalma.com\/wp-content\/uploads\/2024\/07\/CIERVOSS-A3-LOW-42x60.jpg 42w\" sizes=\"auto, (max-width: 735px) 100vw, 735px\" \/><\/figure>\n\n\n<div  class=\"tribe-block tribe-block__event-website\" >\n\t<a\n\t\thref=\"https:\/\/www.passline.com\/eventos\/ciervoss-rezelo\"\n\t\ttarget=\"_self\"\n\t\t\t>\n\t\tBUY TICKETS\t<\/a>\n<\/div>\n<\/div>\n\n\n\n<div class=\"wp-block-column is-layout-flow wp-block-column-is-layout-flow\" style=\"flex-basis:66.66%\">\n<p class=\"wp-block-paragraph\"><\/p>\n\n\n\n<p class=\"has-text-align-left wp-block-paragraph\"><strong>Ciervoss<\/strong>, grupo formado en 2017 por <strong>Jayme Rotten<\/strong> (voz), <strong>Sid Bifu<\/strong> (voz), <strong>Sonia Youth<\/strong> (voz), <strong>Carmen C\u00f3lera<\/strong> (voz) y <strong>Andrelo Biafra <\/strong>(productor y DJ), con un sonido influenciado por el punk y la electr\u00f3nica, sin miedo a experimentar con cualquier g\u00e9nero aparentemente ajeno a ellos.<br><br>Multidisciplinares e irreverentes, raro es el mes que no sacan un proyecto nuevo que tambalea lo anteriormente establecido; con canciones que superan los cientos de miles de visitas en las plataformas de streaming. Conocidos por montar la fiesta all\u00e1 donde van, ahora lo hacen desde los escenarios, habiendo tocado en numerosos festivales y salas estatales, donde el concierto y la rave forman una simbiosis con mucha, much\u00edsima, qu\u00edmica. \u00danicos en su especie, dif\u00edcilmente se encontrar\u00e1 un grupo con una idiosincrasia tan profundamente marcada, gracias a la capacidad que tienen de controlar todo el proceso de creaci\u00f3n.<br><br><strong>Ciervoss <\/strong>es punk futurista en tiempos del no futuro.<\/p>\n\n\n\n<p class=\"has-text-align-left wp-block-paragraph\"><em><a href=\"https:\/\/open.spotify.com\/intl-es\/artist\/1CAML4WFHPiDUjW2uByMu3?si=IDTciNd_QuSFOQoXm0pOKA\">Listen to <\/a><\/em><strong><a href=\"https:\/\/open.spotify.com\/intl-es\/artist\/1CAML4WFHPiDUjW2uByMu3?si=IDTciNd_QuSFOQoXm0pOKA\">CIERVOSS <\/a><\/strong><em><a href=\"https:\/\/open.spotify.com\/intl-es\/artist\/1CAML4WFHPiDUjW2uByMu3?si=IDTciNd_QuSFOQoXm0pOKA\">in <\/a><\/em><strong><a href=\"https:\/\/open.spotify.com\/intl-es\/artist\/1CAML4WFHPiDUjW2uByMu3?si=IDTciNd_QuSFOQoXm0pOKA\">Spotify<\/a><\/strong><em><a href=\"https:\/\/open.spotify.com\/intl-es\/artist\/1CAML4WFHPiDUjW2uByMu3?si=IDTciNd_QuSFOQoXm0pOKA\"><br><\/a><\/em><br><strong>REZELO <\/strong>es un grupo andaluz y residencia en <strong>Madrid <\/strong>que nace en 2023 con un objetivo claro: volver a poner el cancionero popular en el centro de la escena musical. Para ello, <strong>Mar\u00eda Bartolom\u00e9<\/strong> y <strong>Miguel Barrientos<\/strong>, sus componentes, se encuentran inmersos en la relectura de un cancionero concreto: el grabado por <strong>Federico Garc\u00eda Lorca<\/strong> y <strong>La Argentinita<\/strong> en 1931 que lleva por t\u00edtulo <strong><em>\u201cSelecci\u00f3n de Canciones Populares Espa\u00f1olas\u201d<\/em><\/strong>.<br><br>Influencias como el punk m\u00e1s contempor\u00e1neo, el trap, el flamenco o la electr\u00f3nica hacen que la creaci\u00f3n de temas en <strong>REZELO <\/strong>se defina por construir beats y bases adictivas que unen los 808 y el vocoder con samples de palmas y casta\u00f1uelas; y por recuperar letras honestas, utilizando recursos tradicionales para contar problem\u00e1ticas actuales sin olvidar poner un acento cr\u00edtico. Su primer EP, <strong><em>\u201cVol. I: LA CARNE\u201d<\/em><\/strong>, el primero de una trilog\u00eda con la que completar\u00e1n la relectura del cancionero de Lorca, recoge sus 3 primeros singles (<strong><em>\u201cZorongo del Alto\u201d<\/em><\/strong>, <strong><em>\u201cNana Yerma\u201d<\/em><\/strong> y<strong><em> \u201cRomanze de los Anjalicos\u201d<\/em><\/strong>) adem\u00e1s de un tema in\u00e9dito, <strong><em>\u201cConvento\u201d<\/em><\/strong>.<\/p>\n\n\n\n<p class=\"has-text-align-left wp-block-paragraph\"><em><a href=\"https:\/\/open.spotify.com\/intl-es\/artist\/1nSlIKzRjn19dziheCrVdU?si=o-qT36ERR4Cwqki0gqvl-A\">Listen to <\/a><\/em><strong><a href=\"https:\/\/open.spotify.com\/intl-es\/artist\/1nSlIKzRjn19dziheCrVdU?si=o-qT36ERR4Cwqki0gqvl-A\">REZELO <\/a><\/strong><em><a href=\"https:\/\/open.spotify.com\/intl-es\/artist\/1nSlIKzRjn19dziheCrVdU?si=o-qT36ERR4Cwqki0gqvl-A\">in <\/a><\/em><strong><a href=\"https:\/\/open.spotify.com\/intl-es\/artist\/1nSlIKzRjn19dziheCrVdU?si=o-qT36ERR4Cwqki0gqvl-A\">Spotify<\/a><\/strong><\/p>\n<\/div>\n<\/div>\n\n\n\n<div style=\"height:100px\" aria-hidden=\"true\" class=\"wp-block-spacer\"><\/div>\n\n\n\n<hr class=\"wp-block-separator has-alpha-channel-opacity\"\/>\n\n\n\n<div style=\"height:100px\" aria-hidden=\"true\" class=\"wp-block-spacer\"><\/div>\n\n\n<h2 class=\"tribe-block__related-events__title\">Related Events<\/h2>\n\n<ul  class=\"tribe-related-events tribe-clearfix\" >\n\t\t\t<li>\n\t\n<div class=\"tribe-related-events-thumbnail\">\n\t<a href=\"https:\/\/cafelapalma.com\/en\/programacion\/funkin-donuts\/\" class=\"url\" rel=\"bookmark\" tabindex=\"-1\" aria-hidden=\"true\"><img loading=\"lazy\" decoding=\"async\" width=\"693\" height=\"1040\" src=\"https:\/\/cafelapalma.com\/wp-content\/uploads\/2026\/07\/FD-vert2-bn-693x1040.jpg\" class=\"attachment-large size-large wp-post-image\" alt=\"\" \/><\/a>\n<\/div>\n\t<div class=\"tribe-related-event-info\">\n\t<h3 class=\"tribe-related-events-title\">\n\t\t<a href=\"https:\/\/cafelapalma.com\/en\/programacion\/funkin-donuts\/\" class=\"tribe-event-url\" rel=\"bookmark\">\n\t\t\tFUNKIN&#8217; DONUTS\t\t<\/a>\n\t<\/h3>\n\t<span class=\"tribe-event-date-start\">5  September@22:00<\/span><span class=\"tribe-event-time\">23:45<\/span><\/div>\n<\/li>\n\t\t\t<li>\n\t\n<div class=\"tribe-related-events-thumbnail\">\n\t<a href=\"https:\/\/cafelapalma.com\/en\/programacion\/backstage-le-petit-truffle-mayo\/\" class=\"url\" rel=\"bookmark\" tabindex=\"-1\" aria-hidden=\"true\"><img loading=\"lazy\" decoding=\"async\" width=\"780\" height=\"1040\" src=\"https:\/\/cafelapalma.com\/wp-content\/uploads\/2026\/07\/Imagen-TruffleMayo-LePetit-i-1-780x1040.png\" class=\"attachment-large size-large wp-post-image\" alt=\"\" \/><\/a>\n<\/div>\n\t<div class=\"tribe-related-event-info\">\n\t<h3 class=\"tribe-related-events-title\">\n\t\t<a href=\"https:\/\/cafelapalma.com\/en\/programacion\/backstage-le-petit-truffle-mayo\/\" class=\"tribe-event-url\" rel=\"bookmark\">\n\t\t\tBACKSTAGE: LE PETIT + TRUFFLE MAYO\t\t<\/a>\n\t<\/h3>\n\t<span class=\"tribe-event-date-start\">5  September@23:55<\/span><\/div>\n<\/li>\n\t\t\t<li>\n\t\n<div class=\"tribe-related-events-thumbnail\">\n\t<a href=\"https:\/\/cafelapalma.com\/en\/programacion\/willie-deville-concierto-benefico-x-venezuela\/\" class=\"url\" rel=\"bookmark\" tabindex=\"-1\" aria-hidden=\"true\"><img loading=\"lazy\" decoding=\"async\" width=\"1020\" height=\"531\" src=\"https:\/\/cafelapalma.com\/wp-content\/uploads\/2026\/08\/Willie-deville-1100x572-1-1040x541.jpg\" class=\"attachment-large size-large wp-post-image\" alt=\"\" \/><\/a>\n<\/div>\n\t<div class=\"tribe-related-event-info\">\n\t<h3 class=\"tribe-related-events-title\">\n\t\t<a href=\"https:\/\/cafelapalma.com\/en\/programacion\/willie-deville-concierto-benefico-x-venezuela\/\" class=\"tribe-event-url\" rel=\"bookmark\">\n\t\t\tWILLIE DEVILLE: CONCIERTO BEN\u00c9FICO X VENEZUELA\t\t<\/a>\n\t<\/h3>\n\t<span class=\"tribe-event-date-start\">6  September@21:00<\/span><span class=\"tribe-event-time\">23:45<\/span><\/div>\n<\/li>\n\t<\/ul>","protected":false},"excerpt":{"rendered":"<p>Ciervoss, grupo formado en 2017 por Jayme Rotten (voz), Sid Bifu (voz), Sonia Youth (voz), Carmen C\u00f3lera (voz) y Andrelo Biafra (productor y DJ), con un sonido influenciado por el punk y la electr\u00f3nica, sin miedo a experimentar con cualquier g\u00e9nero aparentemente ajeno a ellos. Multidisciplinares e irreverentes, raro es el mes que no sacan &hellip; <\/p>","protected":false},"author":2,"featured_media":29293,"template":"","meta":{"_tec_requires_first_save":false,"_uag_custom_page_level_css":"","loftloader_page_shortcode":"","_EventAllDay":false,"_EventTimezone":"Europe\/Madrid","_EventStartDate":"2025-01-03 21:30:00","_EventEndDate":"2025-01-03 23:45:00","_EventStartDateUTC":"2025-01-03 20:30:00","_EventEndDateUTC":"2025-01-03 22:45:00","_EventShowMap":false,"_EventShowMapLink":false,"_EventURL":"https:\/\/www.passline.com\/eventos\/ciervoss-rezelo","_EventCost":"10","_EventCostDescription":"","_EventCurrencySymbol":"\u20ac","_EventCurrencyCode":"USD","_EventCurrencyPosition":"suffix","_EventDateTimeSeparator":"@","_EventTimeRangeSeparator":"-","_EventOrganizerID":[],"_EventVenueID":[],"_OrganizerEmail":"","_OrganizerPhone":"","_OrganizerWebsite":"","_VenueAddress":"","_VenueCity":"","_VenueCountry":"","_VenueProvince":"","_VenueState":"","_VenueZip":"","_VenuePhone":"","_VenueURL":"","_VenueStateProvince":"","_VenueLat":"","_VenueLng":"","_VenueShowMap":false,"_VenueShowMapLink":false,"_tribe_blocks_recurrence_rules":"","_tribe_blocks_recurrence_description":"","_tribe_blocks_recurrence_exclusions":"","_ecp_custom_2":"","_tribe_events_status":"","_tribe_events_status_reason":"","_tribe_events_is_hybrid":"","_tribe_events_is_virtual":"","_tribe_events_virtual_video_source":"","_tribe_events_virtual_embed_video":"","_tribe_events_virtual_linked_button_text":"","_tribe_events_virtual_linked_button":"","_tribe_events_virtual_show_embed_at":"","_tribe_events_virtual_show_embed_to":[],"_tribe_events_virtual_show_on_event":"","_tribe_events_virtual_show_on_views":"","_tribe_events_virtual_url":"","footnotes":""},"tags":[16099,16106,16093,1363,8869,16098,16091,2865,9146,16112,1357,16105,14908,16090,16095,16102,16100,16104,16101,16110,1481,16092,16111,16094,16103,16096,16097,16107,2397,9349,10127,16108,16109],"tribe_events_cat":[8963],"class_list":["post-29291","tribe_events","type-tribe_events","status-publish","has-post-thumbnail","hentry","tag-andrelo-biafra","tag-borrachera","tag-buuum-agencia","tag-cafe-la-palma","tag-cafe-la-palma-2","tag-carmen-colera","tag-ciervoss","tag-conciertos-cafe-la-palma","tag-conciertos-malasana","tag-convento","tag-electronica","tag-estoy-entre-una-nina-y-el-hachis","tag-federico-garcia-lorca","tag-genero-urbano","tag-jayme-rotten","tag-la-argentinita","tag-maria-bartolome","tag-mi-pasion","tag-miguel-barrientos","tag-nana-yerma","tag-punk","tag-rezelo","tag-romanze-de-los-anjalicos","tag-sala-x-sevilla","tag-seleccion-de-canciones-populares-espanolas","tag-sid-bifu","tag-sonia-youth","tag-todavia-de-rave","tag-trap","tag-urban","tag-urban-music","tag-vol-i-la-carne","tag-zorongo-del-alto","tribe_events_cat-concierto","cat_concierto"],"uagb_featured_image_src":{"full":["https:\/\/cafelapalma.com\/wp-content\/uploads\/2024\/07\/ciervoss-lowpic-scaled.jpg",2000,3000,false],"thumbnail":["https:\/\/cafelapalma.com\/wp-content\/uploads\/2024\/07\/ciervoss-lowpic-150x150.jpg",150,150,true],"medium":["https:\/\/cafelapalma.com\/wp-content\/uploads\/2024\/07\/ciervoss-lowpic-200x300.jpg",200,300,true],"medium_large":["https:\/\/cafelapalma.com\/wp-content\/uploads\/2024\/07\/ciervoss-lowpic-768x1152.jpg",768,1152,true],"large":["https:\/\/cafelapalma.com\/wp-content\/uploads\/2024\/07\/ciervoss-lowpic-693x1040.jpg",693,1040,true],"1536x1536":["https:\/\/cafelapalma.com\/wp-content\/uploads\/2024\/07\/ciervoss-lowpic-1024x1536.jpg",1024,1536,true],"2048x2048":["https:\/\/cafelapalma.com\/wp-content\/uploads\/2024\/07\/ciervoss-lowpic-1365x2048.jpg",1365,2048,true],"trp-custom-language-flag":["https:\/\/cafelapalma.com\/wp-content\/uploads\/2024\/07\/ciervoss-lowpic-scaled.jpg",8,12,false],"blossom-feminine-slider":["https:\/\/cafelapalma.com\/wp-content\/uploads\/2024\/07\/ciervoss-lowpic-1920x649.jpg",1920,649,true],"blossom-feminine-featured":["https:\/\/cafelapalma.com\/wp-content\/uploads\/2024\/07\/ciervoss-lowpic-1410x600.jpg",1410,600,true],"blossom-feminine-with-sidebar":["https:\/\/cafelapalma.com\/wp-content\/uploads\/2024\/07\/ciervoss-lowpic-1020x600.jpg",1020,600,true],"blossom-feminine-blog":["https:\/\/cafelapalma.com\/wp-content\/uploads\/2024\/07\/ciervoss-lowpic-435x435.jpg",435,435,true],"blossom-feminine-cat":["https:\/\/cafelapalma.com\/wp-content\/uploads\/2024\/07\/ciervoss-lowpic-450x300.jpg",450,300,true],"blossom-feminine-related":["https:\/\/cafelapalma.com\/wp-content\/uploads\/2024\/07\/ciervoss-lowpic-320x200.jpg",320,200,true],"blossom-feminine-schema":["https:\/\/cafelapalma.com\/wp-content\/uploads\/2024\/07\/ciervoss-lowpic-40x60.jpg",40,60,true]},"uagb_author_info":{"display_name":"Victor","author_link":"https:\/\/cafelapalma.com\/en\/author\/comunicacion\/"},"uagb_comment_info":0,"uagb_excerpt":"Ciervoss, grupo formado en 2017 por Jayme Rotten (voz), Sid Bifu (voz), Sonia Youth (voz), Carmen C\u00f3lera (voz) y Andrelo Biafra (productor y DJ), con un sonido influenciado por el punk y la electr\u00f3nica, sin miedo a experimentar con cualquier g\u00e9nero aparentemente ajeno a ellos. Multidisciplinares e irreverentes, raro es el mes que no sacan&hellip;","_links":{"self":[{"href":"https:\/\/cafelapalma.com\/en\/wp-json\/wp\/v2\/tribe_events\/29291","targetHints":{"allow":["GET"]}}],"collection":[{"href":"https:\/\/cafelapalma.com\/en\/wp-json\/wp\/v2\/tribe_events"}],"about":[{"href":"https:\/\/cafelapalma.com\/en\/wp-json\/wp\/v2\/types\/tribe_events"}],"author":[{"embeddable":true,"href":"https:\/\/cafelapalma.com\/en\/wp-json\/wp\/v2\/users\/2"}],"version-history":[{"count":0,"href":"https:\/\/cafelapalma.com\/en\/wp-json\/wp\/v2\/tribe_events\/29291\/revisions"}],"wp:featuredmedia":[{"embeddable":true,"href":"https:\/\/cafelapalma.com\/en\/wp-json\/wp\/v2\/media\/29293"}],"wp:attachment":[{"href":"https:\/\/cafelapalma.com\/en\/wp-json\/wp\/v2\/media?parent=29291"}],"wp:term":[{"taxonomy":"post_tag","embeddable":true,"href":"https:\/\/cafelapalma.com\/en\/wp-json\/wp\/v2\/tags?post=29291"},{"taxonomy":"tribe_events_cat","embeddable":true,"href":"https:\/\/cafelapalma.com\/en\/wp-json\/wp\/v2\/tribe_events_cat?post=29291"}],"curies":[{"name":"wp","href":"https:\/\/api.w.org\/{rel}","templated":true}]}}