{"id":29295,"date":"2024-07-30T12:56:12","date_gmt":"2024-07-30T10:56:12","guid":{"rendered":"https:\/\/cafelapalma.com\/programacion\/pablo-und-destruktion-3-copy\/"},"modified":"2024-10-12T14:11:42","modified_gmt":"2024-10-12T12:11:42","slug":"pablo-und-destruktion-4","status":"publish","type":"tribe_events","link":"https:\/\/cafelapalma.com\/en\/programacion\/pablo-und-destruktion-4\/","title":{"rendered":"PABLO UND DESTRUKTION"},"content":{"rendered":"<div  class=\"tribe-events-schedule tribe-clearfix\" >\n\t<p class=\"tribe-events-schedule__datetime\">\n\t\t<span class=\"tribe-events-schedule__date tribe-events-schedule__date--start\">\n\t\t\t12  October  2024\t\t<\/span>\n\n\t\t\t\t\t<span class=\"tribe-events-schedule__separator tribe-events-schedule__separator--date\">\n\t\t\t\t@\t\t\t<\/span>\n\t\t\t<span class=\"tribe-events-schedule__time tribe-events-schedule__time--start\">\n\t\t\t\t22:00\t\t\t<\/span>\n\t\t\n\t\t\t\t\t\t\t\t\t<span class=\"tribe-events-schedule__separator tribe-events-schedule__separator--time\">\n\t\t\t\t\t&#8211;\t\t\t\t<\/span>\n\t\t\t\n\t\t\t\t\t\t\t<span class=\"tribe-events-schedule__time tribe-events-schedule__time--end\">\n\t\t\t\t\t23:45\t\t\t\t<\/span>\n\t\t\t\n\t\t\t\t\t\t<\/p>\n<\/div>\n\n\n<div  class=\"tribe-block tribe-block__event-price\" >\n\t\t\t<span class=\"tribe-block__event-price__cost\"> 14\u20ac <\/span>\n\t\t\t\t<span class=\"tribe-block__event-price__description\">+ gg Anticipada | 16\u20ac Taquilla<\/span>\n\t<\/div>\n\n\n\n<div style=\"height:100px\" aria-hidden=\"true\" class=\"wp-block-spacer\"><\/div>\n\n\n\n<div class=\"wp-block-columns is-layout-flex wp-container-core-columns-is-layout-8f761849 wp-block-columns-is-layout-flex\">\n<div class=\"wp-block-column is-layout-flow wp-block-column-is-layout-flow\" style=\"flex-basis:33.33%\">\n<figure class=\"wp-block-image size-large\"><img loading=\"lazy\" decoding=\"async\" width=\"736\" height=\"1040\" src=\"https:\/\/cafelapalma.com\/wp-content\/uploads\/2024\/07\/PUD-A3-LOW-736x1040.jpg\" alt=\"\" class=\"wp-image-29297\" srcset=\"https:\/\/cafelapalma.com\/wp-content\/uploads\/2024\/07\/PUD-A3-LOW-736x1040.jpg 736w, https:\/\/cafelapalma.com\/wp-content\/uploads\/2024\/07\/PUD-A3-LOW-212x300.jpg 212w, https:\/\/cafelapalma.com\/wp-content\/uploads\/2024\/07\/PUD-A3-LOW-768x1086.jpg 768w, https:\/\/cafelapalma.com\/wp-content\/uploads\/2024\/07\/PUD-A3-LOW-1086x1536.jpg 1086w, https:\/\/cafelapalma.com\/wp-content\/uploads\/2024\/07\/PUD-A3-LOW-1448x2048.jpg 1448w, https:\/\/cafelapalma.com\/wp-content\/uploads\/2024\/07\/PUD-A3-LOW-42x60.jpg 42w\" sizes=\"auto, (max-width: 736px) 100vw, 736px\" \/><\/figure>\n\n\n<div  class=\"tribe-block tribe-block__event-website\" >\n\t<a\n\t\thref=\"https:\/\/www.passline.com\/eventos\/pablo-und-destruktion-duo-show\"\n\t\ttarget=\"_self\"\n\t\t\t>\n\t\tBUY TICKETS\t<\/a>\n<\/div>\n<\/div>\n\n\n\n<div class=\"wp-block-column is-layout-flow wp-block-column-is-layout-flow\" style=\"flex-basis:66.66%\">\n<div style=\"height:100px\" aria-hidden=\"true\" class=\"wp-block-spacer\"><\/div>\n\n\n\n<p class=\"has-text-align-left wp-block-paragraph\"><strong>Pablo Und Destruktion<\/strong> naci\u00f3 en <strong>Gij\u00f3n <\/strong>en 1984 con el sobrenombre de <strong>Pablo Garc\u00eda<\/strong>. A los ocho a\u00f1os form\u00f3 parte del coro del <strong>C.P R\u00edo Piles<\/strong> e hizo la comuni\u00f3n en la iglesia de <strong>Cabue\u00f1es<\/strong>, a los 16 se apunt\u00f3 a la rondalla de la <strong>Laboral<\/strong>, y a los 20 al grupo de teatro universitario de la <strong>Facultad de Veterinaria de Lugo<\/strong>.<\/p>\n\n\n\n<p class=\"has-text-align-left wp-block-paragraph\">Tras adquirir esos conocimientos comenz\u00f3 su carrera en solitario, durante la cual ha publicado 5 discos de estudio y ha dado cientos de conciertos por <strong>Espa\u00f1a<\/strong>, <strong>Europa <\/strong>y el <strong>Extremo Oriente<\/strong>. Tambi\u00e9n ha colaborado como actor con <strong>La Tristura<\/strong> y ha tratado de luchar contra El Mal publicando art\u00edculos period\u00edsticos en diarios regionales, charlando sobre vidas de santos en radios nacionales y escribiendo <strong>La Bestia Colmena<\/strong>, una novela apocal\u00edptica de rabiosa actualidad.<\/p>\n\n\n\n<p class=\"has-text-align-left wp-block-paragraph\">En esta ocasi\u00f3n y por segunda vez en <strong>CAFE LA PALMA<\/strong>, el artista presentar\u00e1 su repertorio en formato <strong><em>DUO SHOW<\/em><\/strong>, con intimidad, alevos\u00eda, y su inseparable <strong>Pibl\u00edn <\/strong>a las baquetas; la magia de su inseparable <strong>Aria FA-80<\/strong> y la honestidad que le caracteriza. El broche final a <strong><em>\u00abUltramonte\u00bb<\/em><\/strong> y tal vez alg\u00fan avance de lo que est\u00e1 por venir.<\/p>\n\n\n\n<p class=\"has-text-align-right wp-block-paragraph\"><em><a href=\"https:\/\/open.spotify.com\/intl-es\/artist\/55o14KDbF8VAbUm7QYqIcd?si=qYX7ZGmgQlOUb_uKPgYTHw\">Listen to <\/a><\/em><strong><a href=\"https:\/\/open.spotify.com\/intl-es\/artist\/55o14KDbF8VAbUm7QYqIcd?si=qYX7ZGmgQlOUb_uKPgYTHw\">PABLO UND DESTRUKTION<\/a><\/strong><em><a href=\"https:\/\/open.spotify.com\/intl-es\/artist\/55o14KDbF8VAbUm7QYqIcd?si=qYX7ZGmgQlOUb_uKPgYTHw\"> in <\/a><\/em><strong><a href=\"https:\/\/open.spotify.com\/intl-es\/artist\/55o14KDbF8VAbUm7QYqIcd?si=qYX7ZGmgQlOUb_uKPgYTHw\">Spotify<\/a><\/strong><\/p>\n<\/div>\n<\/div>\n\n\n\n<div style=\"height:100px\" aria-hidden=\"true\" class=\"wp-block-spacer\"><\/div>\n\n\n\n<hr class=\"wp-block-separator has-css-opacity is-style-wide\"\/>\n\n\n\n<div style=\"height:100px\" aria-hidden=\"true\" class=\"wp-block-spacer\"><\/div>\n\n\n<h2 class=\"tribe-block__related-events__title\">Related Events<\/h2>\n\n<ul  class=\"tribe-related-events tribe-clearfix\" >\n\t\t\t<li>\n\t\n<div class=\"tribe-related-events-thumbnail\">\n\t<a href=\"https:\/\/cafelapalma.com\/en\/programacion\/funkin-donuts\/\" class=\"url\" rel=\"bookmark\" tabindex=\"-1\" aria-hidden=\"true\"><img loading=\"lazy\" decoding=\"async\" width=\"693\" height=\"1040\" src=\"https:\/\/cafelapalma.com\/wp-content\/uploads\/2026\/07\/FD-vert2-bn-693x1040.jpg\" class=\"attachment-large size-large wp-post-image\" alt=\"\" \/><\/a>\n<\/div>\n\t<div class=\"tribe-related-event-info\">\n\t<h3 class=\"tribe-related-events-title\">\n\t\t<a href=\"https:\/\/cafelapalma.com\/en\/programacion\/funkin-donuts\/\" class=\"tribe-event-url\" rel=\"bookmark\">\n\t\t\tFUNKIN&#8217; DONUTS\t\t<\/a>\n\t<\/h3>\n\t<span class=\"tribe-event-date-start\">5  September@22:00<\/span><span class=\"tribe-event-time\">23:45<\/span><\/div>\n<\/li>\n\t\t\t<li>\n\t\n<div class=\"tribe-related-events-thumbnail\">\n\t<a href=\"https:\/\/cafelapalma.com\/en\/programacion\/willie-deville-concierto-benefico-x-venezuela\/\" class=\"url\" rel=\"bookmark\" tabindex=\"-1\" aria-hidden=\"true\"><img loading=\"lazy\" decoding=\"async\" width=\"1020\" height=\"531\" src=\"https:\/\/cafelapalma.com\/wp-content\/uploads\/2026\/08\/Willie-deville-1100x572-1-1040x541.jpg\" class=\"attachment-large size-large wp-post-image\" alt=\"\" \/><\/a>\n<\/div>\n\t<div class=\"tribe-related-event-info\">\n\t<h3 class=\"tribe-related-events-title\">\n\t\t<a href=\"https:\/\/cafelapalma.com\/en\/programacion\/willie-deville-concierto-benefico-x-venezuela\/\" class=\"tribe-event-url\" rel=\"bookmark\">\n\t\t\tWILLIE DEVILLE: CONCIERTO BEN\u00c9FICO X VENEZUELA\t\t<\/a>\n\t<\/h3>\n\t<span class=\"tribe-event-date-start\">6  September@21:00<\/span><span class=\"tribe-event-time\">23:45<\/span><\/div>\n<\/li>\n\t\t\t<li>\n\t\n<div class=\"tribe-related-events-thumbnail\">\n\t<a href=\"https:\/\/cafelapalma.com\/en\/programacion\/new-boix\/\" class=\"url\" rel=\"bookmark\" tabindex=\"-1\" aria-hidden=\"true\"><img loading=\"lazy\" decoding=\"async\" width=\"694\" height=\"1040\" src=\"https:\/\/cafelapalma.com\/wp-content\/uploads\/2026\/05\/WhatsApp-Image-2026-04-29-at-12.00.28-694x1040.jpeg\" class=\"attachment-large size-large wp-post-image\" alt=\"\" \/><\/a>\n<\/div>\n\t<div class=\"tribe-related-event-info\">\n\t<h3 class=\"tribe-related-events-title\">\n\t\t<a href=\"https:\/\/cafelapalma.com\/en\/programacion\/new-boix\/\" class=\"tribe-event-url\" rel=\"bookmark\">\n\t\t\tNEW BOIX\t\t<\/a>\n\t<\/h3>\n\t<span class=\"tribe-event-date-start\">10  September@22:00<\/span><span class=\"tribe-event-time\">23:45<\/span><\/div>\n<\/li>\n\t<\/ul>","protected":false},"excerpt":{"rendered":"<p>Pablo Und Destruktion naci\u00f3 en Gij\u00f3n en 1984 con el sobrenombre de Pablo Garc\u00eda. A los ocho a\u00f1os form\u00f3 parte del coro del C.P R\u00edo Piles e hizo la comuni\u00f3n en la iglesia de Cabue\u00f1es, a los 16 se apunt\u00f3 a la rondalla de la Laboral, y a los 20 al grupo de teatro universitario &hellip; <\/p>","protected":false},"author":2,"featured_media":29298,"template":"","meta":{"_tec_requires_first_save":false,"_uag_custom_page_level_css":"","loftloader_page_shortcode":"","_EventAllDay":false,"_EventTimezone":"Europe\/Madrid","_EventStartDate":"2024-10-12 22:00:00","_EventEndDate":"2024-10-12 23:45:00","_EventStartDateUTC":"2024-10-12 20:00:00","_EventEndDateUTC":"2024-10-12 21:45:00","_EventShowMap":false,"_EventShowMapLink":false,"_EventURL":"https:\/\/www.passline.com\/eventos\/pablo-und-destruktion-duo-show","_EventCost":"14","_EventCostDescription":"","_EventCurrencySymbol":"\u20ac","_EventCurrencyCode":"","_EventCurrencyPosition":"suffix","_EventDateTimeSeparator":"@","_EventTimeRangeSeparator":"-","_EventOrganizerID":[],"_EventVenueID":[0],"_OrganizerEmail":"","_OrganizerPhone":"","_OrganizerWebsite":"","_VenueAddress":"","_VenueCity":"","_VenueCountry":"","_VenueProvince":"","_VenueState":"","_VenueZip":"","_VenuePhone":"","_VenueURL":"","_VenueStateProvince":"","_VenueLat":"","_VenueLng":"","_VenueShowMap":false,"_VenueShowMapLink":false,"_tribe_blocks_recurrence_rules":"","_tribe_blocks_recurrence_description":"","_tribe_blocks_recurrence_exclusions":"","_ecp_custom_2":"","_tribe_events_status":"","_tribe_events_status_reason":"","_tribe_events_is_hybrid":"","_tribe_events_is_virtual":"","_tribe_events_virtual_video_source":"","_tribe_events_virtual_embed_video":"","_tribe_events_virtual_linked_button_text":"","_tribe_events_virtual_linked_button":"","_tribe_events_virtual_show_embed_at":"","_tribe_events_virtual_show_embed_to":[],"_tribe_events_virtual_show_on_event":"","_tribe_events_virtual_show_on_views":"","_tribe_events_virtual_url":"","footnotes":""},"tags":[],"tribe_events_cat":[8963],"class_list":["post-29295","tribe_events","type-tribe_events","status-publish","has-post-thumbnail","hentry","tribe_events_cat-concierto","cat_concierto"],"uagb_featured_image_src":{"full":["https:\/\/cafelapalma.com\/wp-content\/uploads\/2024\/07\/PUD-FRONTPIC-4.jpg",602,1204,false],"thumbnail":["https:\/\/cafelapalma.com\/wp-content\/uploads\/2024\/07\/PUD-FRONTPIC-4-150x150.jpg",150,150,true],"medium":["https:\/\/cafelapalma.com\/wp-content\/uploads\/2024\/07\/PUD-FRONTPIC-4-150x300.jpg",150,300,true],"medium_large":["https:\/\/cafelapalma.com\/wp-content\/uploads\/2024\/07\/PUD-FRONTPIC-4.jpg",602,1204,false],"large":["https:\/\/cafelapalma.com\/wp-content\/uploads\/2024\/07\/PUD-FRONTPIC-4-520x1040.jpg",520,1040,true],"1536x1536":["https:\/\/cafelapalma.com\/wp-content\/uploads\/2024\/07\/PUD-FRONTPIC-4.jpg",602,1204,false],"2048x2048":["https:\/\/cafelapalma.com\/wp-content\/uploads\/2024\/07\/PUD-FRONTPIC-4.jpg",602,1204,false],"trp-custom-language-flag":["https:\/\/cafelapalma.com\/wp-content\/uploads\/2024\/07\/PUD-FRONTPIC-4.jpg",6,12,false],"blossom-feminine-slider":["https:\/\/cafelapalma.com\/wp-content\/uploads\/2024\/07\/PUD-FRONTPIC-4-602x649.jpg",602,649,true],"blossom-feminine-featured":["https:\/\/cafelapalma.com\/wp-content\/uploads\/2024\/07\/PUD-FRONTPIC-4-602x600.jpg",602,600,true],"blossom-feminine-with-sidebar":["https:\/\/cafelapalma.com\/wp-content\/uploads\/2024\/07\/PUD-FRONTPIC-4-602x600.jpg",602,600,true],"blossom-feminine-blog":["https:\/\/cafelapalma.com\/wp-content\/uploads\/2024\/07\/PUD-FRONTPIC-4-435x435.jpg",435,435,true],"blossom-feminine-cat":["https:\/\/cafelapalma.com\/wp-content\/uploads\/2024\/07\/PUD-FRONTPIC-4-450x300.jpg",450,300,true],"blossom-feminine-related":["https:\/\/cafelapalma.com\/wp-content\/uploads\/2024\/07\/PUD-FRONTPIC-4-320x200.jpg",320,200,true],"blossom-feminine-schema":["https:\/\/cafelapalma.com\/wp-content\/uploads\/2024\/07\/PUD-FRONTPIC-4-30x60.jpg",30,60,true]},"uagb_author_info":{"display_name":"Victor","author_link":"https:\/\/cafelapalma.com\/en\/author\/comunicacion\/"},"uagb_comment_info":0,"uagb_excerpt":"Pablo Und Destruktion naci\u00f3 en Gij\u00f3n en 1984 con el sobrenombre de Pablo Garc\u00eda. A los ocho a\u00f1os form\u00f3 parte del coro del C.P R\u00edo Piles e hizo la comuni\u00f3n en la iglesia de Cabue\u00f1es, a los 16 se apunt\u00f3 a la rondalla de la Laboral, y a los 20 al grupo de teatro universitario&hellip;","_links":{"self":[{"href":"https:\/\/cafelapalma.com\/en\/wp-json\/wp\/v2\/tribe_events\/29295","targetHints":{"allow":["GET"]}}],"collection":[{"href":"https:\/\/cafelapalma.com\/en\/wp-json\/wp\/v2\/tribe_events"}],"about":[{"href":"https:\/\/cafelapalma.com\/en\/wp-json\/wp\/v2\/types\/tribe_events"}],"author":[{"embeddable":true,"href":"https:\/\/cafelapalma.com\/en\/wp-json\/wp\/v2\/users\/2"}],"version-history":[{"count":0,"href":"https:\/\/cafelapalma.com\/en\/wp-json\/wp\/v2\/tribe_events\/29295\/revisions"}],"wp:featuredmedia":[{"embeddable":true,"href":"https:\/\/cafelapalma.com\/en\/wp-json\/wp\/v2\/media\/29298"}],"wp:attachment":[{"href":"https:\/\/cafelapalma.com\/en\/wp-json\/wp\/v2\/media?parent=29295"}],"wp:term":[{"taxonomy":"post_tag","embeddable":true,"href":"https:\/\/cafelapalma.com\/en\/wp-json\/wp\/v2\/tags?post=29295"},{"taxonomy":"tribe_events_cat","embeddable":true,"href":"https:\/\/cafelapalma.com\/en\/wp-json\/wp\/v2\/tribe_events_cat?post=29295"}],"curies":[{"name":"wp","href":"https:\/\/api.w.org\/{rel}","templated":true}]}}