{"id":29369,"date":"2024-08-30T09:32:13","date_gmt":"2024-08-30T07:32:13","guid":{"rendered":"https:\/\/cafelapalma.com\/?post_type=tribe_events&#038;p=29369"},"modified":"2024-08-30T17:12:07","modified_gmt":"2024-08-30T15:12:07","slug":"aienruta-2024-presenta-cosmic-wacho-madrid","status":"publish","type":"tribe_events","link":"https:\/\/cafelapalma.com\/en\/programacion\/aienruta-2024-presenta-cosmic-wacho-madrid\/","title":{"rendered":"COSMIC WACHO"},"content":{"rendered":"<div  class=\"tribe-events-schedule tribe-clearfix\" >\n\t<p class=\"tribe-events-schedule__datetime\">\n\t\t<span class=\"tribe-events-schedule__date tribe-events-schedule__date--start\">\n\t\t\t15  November  2024\t\t<\/span>\n\n\t\t\t\t\t<span class=\"tribe-events-schedule__separator tribe-events-schedule__separator--date\">\n\t\t\t\t@\t\t\t<\/span>\n\t\t\t<span class=\"tribe-events-schedule__time tribe-events-schedule__time--start\">\n\t\t\t\t22:00\t\t\t<\/span>\n\t\t\n\t\t\t\t\t\t\t\t\t<span class=\"tribe-events-schedule__separator tribe-events-schedule__separator--time\">\n\t\t\t\t\t&#8211;\t\t\t\t<\/span>\n\t\t\t\n\t\t\t\t\t\t\t<span class=\"tribe-events-schedule__time tribe-events-schedule__time--end\">\n\t\t\t\t\t23:45\t\t\t\t<\/span>\n\t\t\t\n\t\t\t\t\t\t<\/p>\n<\/div>\n\n\n<div  class=\"tribe-block tribe-block__event-price\" >\n\t\t\t<span class=\"tribe-block__event-price__cost\"> 12\u20ac <\/span>\n\t\t\t\t<span class=\"tribe-block__event-price__description\">+ gg Anticipada | 16\u20ac Taquilla<\/span>\n\t<\/div>\n\n\n\n<div style=\"height:100px\" aria-hidden=\"true\" class=\"wp-block-spacer\"><\/div>\n\n\n\n<div class=\"wp-block-columns is-layout-flex wp-container-core-columns-is-layout-8f761849 wp-block-columns-is-layout-flex\">\n<div class=\"wp-block-column is-layout-flow wp-block-column-is-layout-flow\" style=\"flex-basis:33.33%\">\n<figure class=\"wp-block-image size-large\"><img loading=\"lazy\" decoding=\"async\" width=\"740\" height=\"1040\" src=\"https:\/\/cafelapalma.com\/wp-content\/uploads\/2024\/08\/CW-A3-LOW-740x1040.jpg\" alt=\"\" class=\"wp-image-29370\" srcset=\"https:\/\/cafelapalma.com\/wp-content\/uploads\/2024\/08\/CW-A3-LOW-740x1040.jpg 740w, https:\/\/cafelapalma.com\/wp-content\/uploads\/2024\/08\/CW-A3-LOW-213x300.jpg 213w, https:\/\/cafelapalma.com\/wp-content\/uploads\/2024\/08\/CW-A3-LOW-768x1080.jpg 768w, https:\/\/cafelapalma.com\/wp-content\/uploads\/2024\/08\/CW-A3-LOW-1093x1536.jpg 1093w, https:\/\/cafelapalma.com\/wp-content\/uploads\/2024\/08\/CW-A3-LOW-1457x2048.jpg 1457w, https:\/\/cafelapalma.com\/wp-content\/uploads\/2024\/08\/CW-A3-LOW-43x60.jpg 43w\" sizes=\"auto, (max-width: 740px) 100vw, 740px\" \/><\/figure>\n\n\n<div  class=\"tribe-block tribe-block__event-website\" >\n\t<a\n\t\thref=\"https:\/\/www.notikumi.com\/channel\/rootsound\/2024\/11\/15\/concierto-de-cosmic-wacho-en-madrid\"\n\t\ttarget=\"_self\"\n\t\t\t>\n\t\tBUY TICKETS\t<\/a>\n<\/div>\n<\/div>\n\n\n\n<div class=\"wp-block-column is-layout-flow wp-block-column-is-layout-flow\" style=\"flex-basis:66.66%\">\n<div style=\"height:100px\" aria-hidden=\"true\" class=\"wp-block-spacer\"><\/div>\n\n\n\n<p class=\"has-text-align-left wp-block-paragraph\">Escuchar <strong>COSMIC WACHO<\/strong> es como sumergirte en un ba\u00f1o de burbujas en pleno mar tropical. Una experiencia efervescente y relajante, hipn\u00f3tica y vibrante. La dupla proveniente de la<strong> Costa del Sol<\/strong> malague\u00f1a, el espa\u00f1ol <strong>Alejandro Dom\u00ednguez<\/strong> (<strong>Aless<\/strong>) y el argentino <strong>Franco Felici<\/strong>, apuestan por recrear un universo musical inaudito en nuestra escena actual, creando un puente entre las sonoridades latinas y la vanguardia urban pop.<\/p>\n\n\n\n<p class=\"has-text-align-left wp-block-paragraph\">Tomando en sus inicios la cumbia, hija predilecta del ritmo latinoamericano, como nave nodriza, consiguen llamar la atenci\u00f3n tras varios sencillos como <strong><em>\u201cNinfa de la Villa\u201d<\/em><\/strong> o <em><strong>\u201cSabe a Tu Nombre\u201d<\/strong><\/em>. En 2022 publican su \u00e1lbum debut hom\u00f3nimo, una selva musical y psicod\u00e9lica donde la cumbia, la bossa o el calypso suenan a luz del sol, mientras los sonidos m\u00e1s pop y urbanos reclaman la noche.\u00a0<\/p>\n\n\n\n<p class=\"has-text-align-left wp-block-paragraph\">En 2024 est\u00e1n de regreso con <em><strong>\u201cLo Que Dicen Por Ah\u00ed\u201d<\/strong><\/em>, un \u00e1lbum que define lo que se entiende por frescura en el sentido m\u00e1s amplio del t\u00e9rmino, donde han llevado su particular sonido al siguiente nivel. Sencillos como <strong><em>\u00abBotecito\u00bb<\/em><\/strong> o <strong><em>\u00abStratocarte\u00bb <\/em><\/strong>as\u00ed lo atestiguan. En definitiva, un mundo \u00fanico, repleto de sensibilidades sonoras, en el que <strong>COSMIC WACHO<\/strong> son nuestros mejores gu\u00edas.<\/p>\n\n\n\n<p class=\"has-text-align-left wp-block-paragraph\">C<em>on el apoyo de <strong>AIE <\/strong>\/ <strong>Aienruta 2024<\/strong>.<\/em><\/p>\n\n\n\n<p class=\"has-text-align-right wp-block-paragraph\"><em><a href=\"https:\/\/open.spotify.com\/intl-es\/artist\/6qVCBovVysB8MOf7a1mUKa?si=09Jb1Pm0SdehThbOWLkcaw\">Listen to <\/a><\/em><strong><a href=\"https:\/\/open.spotify.com\/intl-es\/artist\/6qVCBovVysB8MOf7a1mUKa?si=09Jb1Pm0SdehThbOWLkcaw\">COSMIC WACHO<\/a><\/strong><em><a href=\"https:\/\/open.spotify.com\/intl-es\/artist\/6qVCBovVysB8MOf7a1mUKa?si=09Jb1Pm0SdehThbOWLkcaw\"> in <\/a><\/em><strong><a href=\"https:\/\/open.spotify.com\/intl-es\/artist\/6qVCBovVysB8MOf7a1mUKa?si=09Jb1Pm0SdehThbOWLkcaw\">Spotify<\/a><\/strong><\/p>\n<\/div>\n<\/div>\n\n\n\n<div style=\"height:100px\" aria-hidden=\"true\" class=\"wp-block-spacer\"><\/div>\n\n\n\n<hr class=\"wp-block-separator has-alpha-channel-opacity\"\/>\n\n\n\n<div style=\"height:100px\" aria-hidden=\"true\" class=\"wp-block-spacer\"><\/div>\n\n\n<h2 class=\"tribe-block__related-events__title\">Related Events<\/h2>\n\n<ul  class=\"tribe-related-events tribe-clearfix\" >\n\t\t\t<li>\n\t\n<div class=\"tribe-related-events-thumbnail\">\n\t<a href=\"https:\/\/cafelapalma.com\/en\/programacion\/funkin-donuts\/\" class=\"url\" rel=\"bookmark\" tabindex=\"-1\" aria-hidden=\"true\"><img loading=\"lazy\" decoding=\"async\" width=\"693\" height=\"1040\" src=\"https:\/\/cafelapalma.com\/wp-content\/uploads\/2026\/07\/FD-vert2-bn-693x1040.jpg\" class=\"attachment-large size-large wp-post-image\" alt=\"\" \/><\/a>\n<\/div>\n\t<div class=\"tribe-related-event-info\">\n\t<h3 class=\"tribe-related-events-title\">\n\t\t<a href=\"https:\/\/cafelapalma.com\/en\/programacion\/funkin-donuts\/\" class=\"tribe-event-url\" rel=\"bookmark\">\n\t\t\tFUNKIN&#8217; DONUTS\t\t<\/a>\n\t<\/h3>\n\t<span class=\"tribe-event-date-start\">5  September@22:00<\/span><span class=\"tribe-event-time\">23:45<\/span><\/div>\n<\/li>\n\t\t\t<li>\n\t\n<div class=\"tribe-related-events-thumbnail\">\n\t<a href=\"https:\/\/cafelapalma.com\/en\/programacion\/backstage-le-petit-truffle-mayo\/\" class=\"url\" rel=\"bookmark\" tabindex=\"-1\" aria-hidden=\"true\"><img loading=\"lazy\" decoding=\"async\" width=\"780\" height=\"1040\" src=\"https:\/\/cafelapalma.com\/wp-content\/uploads\/2026\/07\/Imagen-TruffleMayo-LePetit-i-1-780x1040.png\" class=\"attachment-large size-large wp-post-image\" alt=\"\" \/><\/a>\n<\/div>\n\t<div class=\"tribe-related-event-info\">\n\t<h3 class=\"tribe-related-events-title\">\n\t\t<a href=\"https:\/\/cafelapalma.com\/en\/programacion\/backstage-le-petit-truffle-mayo\/\" class=\"tribe-event-url\" rel=\"bookmark\">\n\t\t\tBACKSTAGE: LE PETIT + TRUFFLE MAYO\t\t<\/a>\n\t<\/h3>\n\t<span class=\"tribe-event-date-start\">5  September@23:55<\/span><\/div>\n<\/li>\n\t\t\t<li>\n\t\n<div class=\"tribe-related-events-thumbnail\">\n\t<a href=\"https:\/\/cafelapalma.com\/en\/programacion\/willie-deville-concierto-benefico-x-venezuela\/\" class=\"url\" rel=\"bookmark\" tabindex=\"-1\" aria-hidden=\"true\"><img loading=\"lazy\" decoding=\"async\" width=\"1020\" height=\"531\" src=\"https:\/\/cafelapalma.com\/wp-content\/uploads\/2026\/08\/Willie-deville-1100x572-1-1040x541.jpg\" class=\"attachment-large size-large wp-post-image\" alt=\"\" \/><\/a>\n<\/div>\n\t<div class=\"tribe-related-event-info\">\n\t<h3 class=\"tribe-related-events-title\">\n\t\t<a href=\"https:\/\/cafelapalma.com\/en\/programacion\/willie-deville-concierto-benefico-x-venezuela\/\" class=\"tribe-event-url\" rel=\"bookmark\">\n\t\t\tWILLIE DEVILLE: CONCIERTO BEN\u00c9FICO X VENEZUELA\t\t<\/a>\n\t<\/h3>\n\t<span class=\"tribe-event-date-start\">6  September@21:00<\/span><span class=\"tribe-event-time\">23:45<\/span><\/div>\n<\/li>\n\t<\/ul>","protected":false},"excerpt":{"rendered":"<p>Escuchar COSMIC WACHO es como sumergirte en un ba\u00f1o de burbujas en pleno mar tropical. Una experiencia efervescente y relajante, hipn\u00f3tica y vibrante. La dupla proveniente de la Costa del Sol malague\u00f1a, el espa\u00f1ol Alejandro Dom\u00ednguez (Aless) y el argentino Franco Felici, apuestan por recrear un universo musical inaudito en nuestra escena actual, creando un &hellip; <\/p>","protected":false},"author":2,"featured_media":29372,"template":"","meta":{"_tec_requires_first_save":false,"_uag_custom_page_level_css":"","loftloader_page_shortcode":"","_EventAllDay":false,"_EventTimezone":"Europe\/Madrid","_EventStartDate":"2024-11-15 22:00:00","_EventEndDate":"2024-11-15 23:45:00","_EventStartDateUTC":"2024-11-15 21:00:00","_EventEndDateUTC":"2024-11-15 22:45:00","_EventShowMap":false,"_EventShowMapLink":false,"_EventURL":"https:\/\/www.notikumi.com\/channel\/rootsound\/2024\/11\/15\/concierto-de-cosmic-wacho-en-madrid","_EventCost":"12","_EventCostDescription":"","_EventCurrencySymbol":"\u20ac","_EventCurrencyCode":"USD","_EventCurrencyPosition":"suffix","_EventDateTimeSeparator":"@","_EventTimeRangeSeparator":"-","_EventOrganizerID":[],"_EventVenueID":[],"_OrganizerEmail":"","_OrganizerPhone":"","_OrganizerWebsite":"","_VenueAddress":"","_VenueCity":"","_VenueCountry":"","_VenueProvince":"","_VenueState":"","_VenueZip":"","_VenuePhone":"","_VenueURL":"","_VenueStateProvince":"","_VenueLat":"","_VenueLng":"","_VenueShowMap":false,"_VenueShowMapLink":false,"_tribe_blocks_recurrence_rules":"","_tribe_blocks_recurrence_description":"","_tribe_blocks_recurrence_exclusions":"","_ecp_custom_2":"","_tribe_events_status":"","_tribe_events_status_reason":"","_tribe_events_is_hybrid":"","_tribe_events_is_virtual":"","_tribe_events_virtual_video_source":"","_tribe_events_virtual_embed_video":"","_tribe_events_virtual_linked_button_text":"","_tribe_events_virtual_linked_button":"","_tribe_events_virtual_show_embed_at":"","_tribe_events_virtual_show_embed_to":[],"_tribe_events_virtual_show_on_event":"","_tribe_events_virtual_show_on_views":"","_tribe_events_virtual_url":"","footnotes":""},"tags":[9810,12332,16148,16149,9621,16159,8869,1363,16153,2865,9147,9146,16144,16147,9916,16150,16158,16151,16145,16152,16160,15531],"tribe_events_cat":[8963],"class_list":["post-29369","tribe_events","type-tribe_events","status-publish","has-post-thumbnail","hentry","tag-aie","tag-aienruta","tag-alejandro-dominguez","tag-aless","tag-bossanova","tag-botecito","tag-cafe-la-palma-2","tag-cafe-la-palma","tag-calypso","tag-conciertos-cafe-la-palma","tag-conciertos-madrid","tag-conciertos-malasana","tag-cosmic-wacho","tag-costa-del-sol","tag-cumbia","tag-franco-felici","tag-lo-que-dicen-por-ahi","tag-ninfa-de-la-villa","tag-rootsound","tag-sabe-a-tu-nombre","tag-stratocarte","tag-urbano","tribe_events_cat-concierto","cat_concierto"],"uagb_featured_image_src":{"full":["https:\/\/cafelapalma.com\/wp-content\/uploads\/2024\/08\/1-HQ-Piromania-500x380-1.jpg",285,380,false],"thumbnail":["https:\/\/cafelapalma.com\/wp-content\/uploads\/2024\/08\/1-HQ-Piromania-500x380-1-150x150.jpg",150,150,true],"medium":["https:\/\/cafelapalma.com\/wp-content\/uploads\/2024\/08\/1-HQ-Piromania-500x380-1-225x300.jpg",225,300,true],"medium_large":["https:\/\/cafelapalma.com\/wp-content\/uploads\/2024\/08\/1-HQ-Piromania-500x380-1.jpg",285,380,false],"large":["https:\/\/cafelapalma.com\/wp-content\/uploads\/2024\/08\/1-HQ-Piromania-500x380-1.jpg",285,380,false],"1536x1536":["https:\/\/cafelapalma.com\/wp-content\/uploads\/2024\/08\/1-HQ-Piromania-500x380-1.jpg",285,380,false],"2048x2048":["https:\/\/cafelapalma.com\/wp-content\/uploads\/2024\/08\/1-HQ-Piromania-500x380-1.jpg",285,380,false],"trp-custom-language-flag":["https:\/\/cafelapalma.com\/wp-content\/uploads\/2024\/08\/1-HQ-Piromania-500x380-1.jpg",9,12,false],"blossom-feminine-slider":["https:\/\/cafelapalma.com\/wp-content\/uploads\/2024\/08\/1-HQ-Piromania-500x380-1.jpg",285,380,false],"blossom-feminine-featured":["https:\/\/cafelapalma.com\/wp-content\/uploads\/2024\/08\/1-HQ-Piromania-500x380-1.jpg",285,380,false],"blossom-feminine-with-sidebar":["https:\/\/cafelapalma.com\/wp-content\/uploads\/2024\/08\/1-HQ-Piromania-500x380-1.jpg",285,380,false],"blossom-feminine-blog":["https:\/\/cafelapalma.com\/wp-content\/uploads\/2024\/08\/1-HQ-Piromania-500x380-1.jpg",285,380,false],"blossom-feminine-cat":["https:\/\/cafelapalma.com\/wp-content\/uploads\/2024\/08\/1-HQ-Piromania-500x380-1-285x300.jpg",285,300,true],"blossom-feminine-related":["https:\/\/cafelapalma.com\/wp-content\/uploads\/2024\/08\/1-HQ-Piromania-500x380-1-285x200.jpg",285,200,true],"blossom-feminine-schema":["https:\/\/cafelapalma.com\/wp-content\/uploads\/2024\/08\/1-HQ-Piromania-500x380-1-45x60.jpg",45,60,true]},"uagb_author_info":{"display_name":"Victor","author_link":"https:\/\/cafelapalma.com\/en\/author\/comunicacion\/"},"uagb_comment_info":0,"uagb_excerpt":"Escuchar COSMIC WACHO es como sumergirte en un ba\u00f1o de burbujas en pleno mar tropical. Una experiencia efervescente y relajante, hipn\u00f3tica y vibrante. La dupla proveniente de la Costa del Sol malague\u00f1a, el espa\u00f1ol Alejandro Dom\u00ednguez (Aless) y el argentino Franco Felici, apuestan por recrear un universo musical inaudito en nuestra escena actual, creando un&hellip;","_links":{"self":[{"href":"https:\/\/cafelapalma.com\/en\/wp-json\/wp\/v2\/tribe_events\/29369","targetHints":{"allow":["GET"]}}],"collection":[{"href":"https:\/\/cafelapalma.com\/en\/wp-json\/wp\/v2\/tribe_events"}],"about":[{"href":"https:\/\/cafelapalma.com\/en\/wp-json\/wp\/v2\/types\/tribe_events"}],"author":[{"embeddable":true,"href":"https:\/\/cafelapalma.com\/en\/wp-json\/wp\/v2\/users\/2"}],"version-history":[{"count":0,"href":"https:\/\/cafelapalma.com\/en\/wp-json\/wp\/v2\/tribe_events\/29369\/revisions"}],"wp:featuredmedia":[{"embeddable":true,"href":"https:\/\/cafelapalma.com\/en\/wp-json\/wp\/v2\/media\/29372"}],"wp:attachment":[{"href":"https:\/\/cafelapalma.com\/en\/wp-json\/wp\/v2\/media?parent=29369"}],"wp:term":[{"taxonomy":"post_tag","embeddable":true,"href":"https:\/\/cafelapalma.com\/en\/wp-json\/wp\/v2\/tags?post=29369"},{"taxonomy":"tribe_events_cat","embeddable":true,"href":"https:\/\/cafelapalma.com\/en\/wp-json\/wp\/v2\/tribe_events_cat?post=29369"}],"curies":[{"name":"wp","href":"https:\/\/api.w.org\/{rel}","templated":true}]}}