{"id":29373,"date":"2024-08-30T10:36:20","date_gmt":"2024-08-30T08:36:20","guid":{"rendered":"https:\/\/cafelapalma.com\/?post_type=tribe_events&#038;p=29373"},"modified":"2024-11-16T16:27:17","modified_gmt":"2024-11-16T15:27:17","slug":"escenarios-vibra-mahou-presenta-emilia-pardo-y-bazan-detergente-liquido","status":"publish","type":"tribe_events","link":"https:\/\/cafelapalma.com\/en\/programacion\/escenarios-vibra-mahou-presenta-emilia-pardo-y-bazan-detergente-liquido\/","title":{"rendered":"EMILIA, PARDO Y BAZ\u00c1N + DETERGENTE L\u00cdQUIDO"},"content":{"rendered":"<div  class=\"tribe-events-schedule tribe-clearfix\" >\n\t<p class=\"tribe-events-schedule__datetime\">\n\t\t<span class=\"tribe-events-schedule__date tribe-events-schedule__date--start\">\n\t\t\t16  November  2024\t\t<\/span>\n\n\t\t\t\t\t<span class=\"tribe-events-schedule__separator tribe-events-schedule__separator--date\">\n\t\t\t\t@\t\t\t<\/span>\n\t\t\t<span class=\"tribe-events-schedule__time tribe-events-schedule__time--start\">\n\t\t\t\t21:00\t\t\t<\/span>\n\t\t\n\t\t\t\t\t\t\t\t\t<span class=\"tribe-events-schedule__separator tribe-events-schedule__separator--time\">\n\t\t\t\t\t&#8211;\t\t\t\t<\/span>\n\t\t\t\n\t\t\t\t\t\t\t<span class=\"tribe-events-schedule__time tribe-events-schedule__time--end\">\n\t\t\t\t\t23:45\t\t\t\t<\/span>\n\t\t\t\n\t\t\t\t\t\t<\/p>\n<\/div>\n\n\n<div  class=\"tribe-block tribe-block__event-price\" >\n\t\t\t<span class=\"tribe-block__event-price__cost\"> ENTRADAS AGOTADAS <\/span>\n\t\t\t\t<span class=\"tribe-block__event-price__description\">#soldout<\/span>\n\t<\/div>\n\n\n\n<div style=\"height:100px\" aria-hidden=\"true\" class=\"wp-block-spacer\"><\/div>\n\n\n\n<div class=\"wp-block-columns is-layout-flex wp-container-core-columns-is-layout-8f761849 wp-block-columns-is-layout-flex\">\n<div class=\"wp-block-column is-layout-flow wp-block-column-is-layout-flow\" style=\"flex-basis:33.33%\">\n<figure class=\"wp-block-image size-large\"><img loading=\"lazy\" decoding=\"async\" width=\"743\" height=\"1040\" src=\"https:\/\/cafelapalma.com\/wp-content\/uploads\/2024\/08\/EPyB-A3-LOW-DEF-743x1040.jpg\" alt=\"\" class=\"wp-image-29386\" srcset=\"https:\/\/cafelapalma.com\/wp-content\/uploads\/2024\/08\/EPyB-A3-LOW-DEF-743x1040.jpg 743w, https:\/\/cafelapalma.com\/wp-content\/uploads\/2024\/08\/EPyB-A3-LOW-DEF-214x300.jpg 214w, https:\/\/cafelapalma.com\/wp-content\/uploads\/2024\/08\/EPyB-A3-LOW-DEF-768x1076.jpg 768w, https:\/\/cafelapalma.com\/wp-content\/uploads\/2024\/08\/EPyB-A3-LOW-DEF-1097x1536.jpg 1097w, https:\/\/cafelapalma.com\/wp-content\/uploads\/2024\/08\/EPyB-A3-LOW-DEF-1462x2048.jpg 1462w, https:\/\/cafelapalma.com\/wp-content\/uploads\/2024\/08\/EPyB-A3-LOW-DEF-43x60.jpg 43w, https:\/\/cafelapalma.com\/wp-content\/uploads\/2024\/08\/EPyB-A3-LOW-DEF.jpg 1808w\" sizes=\"auto, (max-width: 743px) 100vw, 743px\" \/><\/figure>\n<\/div>\n\n\n\n<div class=\"wp-block-column is-layout-flow wp-block-column-is-layout-flow\" style=\"flex-basis:66.66%\">\n<p class=\"wp-block-paragraph\"><\/p>\n\n\n\n<p class=\"has-text-align-left wp-block-paragraph\">Tras el notable debut con<strong><em> \u201cEl mal de la juventud\u201d <\/em><\/strong>(2021), <strong>EMILIA, PARDO Y BAZ\u00c1N<\/strong> nos vuelven a sorprender con <strong><em>\u201cLa fiesta que me prometiste\u201d<\/em><\/strong>, un ramillete de hits explosivos y pegadizos que mantienen las bases de esa gran f\u00f3rmula compositiva tan personal, con letras costumbristas, ir\u00f3nicas e incisivas que sanan y abren heridas al un\u00edsono.<\/p>\n\n\n\n<p class=\"has-text-align-left wp-block-paragraph\"><strong><em>\u201cLa fiesta que me prometiste\u201d<\/em><\/strong> sigue la estela de melancol\u00eda resplandeciente de su predecesor, energ\u00eda que no se rinde y nos ayuda a ponernos en pie tras cada ca\u00edda, masticando penas y resacas, pero siempre despegando hacia delante, una y otra vez.<\/p>\n\n\n\n<p class=\"has-text-align-right wp-block-paragraph\"><em><a href=\"https:\/\/open.spotify.com\/intl-es\/artist\/3Wu21kxlNyuHhyGbCndp7j?si=__GOSE08RHKF1jeZsdv6QA\">Listen to <\/a><\/em><strong><a href=\"https:\/\/open.spotify.com\/intl-es\/artist\/3Wu21kxlNyuHhyGbCndp7j?si=__GOSE08RHKF1jeZsdv6QA\">EMILIA, PARDO Y BAZ\u00c1N<\/a><\/strong><em><a href=\"https:\/\/open.spotify.com\/intl-es\/artist\/3Wu21kxlNyuHhyGbCndp7j?si=__GOSE08RHKF1jeZsdv6QA\"> in <\/a><\/em><strong><a href=\"https:\/\/open.spotify.com\/intl-es\/artist\/3Wu21kxlNyuHhyGbCndp7j?si=__GOSE08RHKF1jeZsdv6QA\">Spotify<\/a><\/strong><\/p>\n\n\n\n<p class=\"has-text-align-left wp-block-paragraph\">Considerados como una de las realidades m\u00e1s rotundas e interesantes de la escena pop nacional, la banda gaditana <strong>DETERGENTE L\u00cdQUIDO <\/strong>habla de una manera hiperrealista, como si fuera un programa informativo de la televisi\u00f3n, de las circunstancias reales de una persona cualquiera que va perdiendo las esperanzas de alcanzar una vida como se espera, seg\u00fan ordenan los c\u00e1nones de la sociedad, y que vive atrapada en una monoton\u00eda aplastante de trabajo, relaciones poco serias, incomunicaci\u00f3n, soledad y cenas fr\u00edas. Pero, como siempre, estas letras angustiosas est\u00e1n interpretadas sobre melod\u00edas pegadizas que se adhieren en el cerebro del oyente a la primera.<\/p>\n\n\n\n<p class=\"has-text-align-right wp-block-paragraph\"><em><a href=\"https:\/\/open.spotify.com\/intl-es\/artist\/58bow5nUiEheB4uxuIiaXJ?si=CDGklN4nSFSLzf8wEBjDZQ\">Listen to <\/a><\/em><strong><a href=\"https:\/\/open.spotify.com\/intl-es\/artist\/58bow5nUiEheB4uxuIiaXJ?si=CDGklN4nSFSLzf8wEBjDZQ\">DETERGENTE L\u00cdQUIDO<\/a><\/strong><em><a href=\"https:\/\/open.spotify.com\/intl-es\/artist\/58bow5nUiEheB4uxuIiaXJ?si=CDGklN4nSFSLzf8wEBjDZQ\"> in <\/a><\/em><strong><a href=\"https:\/\/open.spotify.com\/intl-es\/artist\/58bow5nUiEheB4uxuIiaXJ?si=CDGklN4nSFSLzf8wEBjDZQ\">Spotify<\/a><\/strong><\/p>\n\n\n\n<p class=\"has-text-align-left wp-block-paragraph\"><em>Con el apoyo de <\/em><strong>ESCENARIOS VIBRA MAHOU<\/strong><\/p>\n<\/div>\n<\/div>\n\n\n\n<div style=\"height:100px\" aria-hidden=\"true\" class=\"wp-block-spacer\"><\/div>\n\n\n\n<hr class=\"wp-block-separator has-alpha-channel-opacity\"\/>\n\n\n\n<div style=\"height:100px\" aria-hidden=\"true\" class=\"wp-block-spacer\"><\/div>\n\n\n<h2 class=\"tribe-block__related-events__title\">Related Events<\/h2>\n\n<ul  class=\"tribe-related-events tribe-clearfix\" >\n\t\t\t<li>\n\t\n<div class=\"tribe-related-events-thumbnail\">\n\t<a href=\"https:\/\/cafelapalma.com\/en\/programacion\/funkin-donuts\/\" class=\"url\" rel=\"bookmark\" tabindex=\"-1\" aria-hidden=\"true\"><img loading=\"lazy\" decoding=\"async\" width=\"693\" height=\"1040\" src=\"https:\/\/cafelapalma.com\/wp-content\/uploads\/2026\/07\/FD-vert2-bn-693x1040.jpg\" class=\"attachment-large size-large wp-post-image\" alt=\"\" \/><\/a>\n<\/div>\n\t<div class=\"tribe-related-event-info\">\n\t<h3 class=\"tribe-related-events-title\">\n\t\t<a href=\"https:\/\/cafelapalma.com\/en\/programacion\/funkin-donuts\/\" class=\"tribe-event-url\" rel=\"bookmark\">\n\t\t\tFUNKIN&#8217; DONUTS\t\t<\/a>\n\t<\/h3>\n\t<span class=\"tribe-event-date-start\">5  September@22:00<\/span><span class=\"tribe-event-time\">23:45<\/span><\/div>\n<\/li>\n\t\t\t<li>\n\t\n<div class=\"tribe-related-events-thumbnail\">\n\t<a href=\"https:\/\/cafelapalma.com\/en\/programacion\/backstage-le-petit-truffle-mayo\/\" class=\"url\" rel=\"bookmark\" tabindex=\"-1\" aria-hidden=\"true\"><img loading=\"lazy\" decoding=\"async\" width=\"780\" height=\"1040\" src=\"https:\/\/cafelapalma.com\/wp-content\/uploads\/2026\/07\/Imagen-TruffleMayo-LePetit-i-1-780x1040.png\" class=\"attachment-large size-large wp-post-image\" alt=\"\" \/><\/a>\n<\/div>\n\t<div class=\"tribe-related-event-info\">\n\t<h3 class=\"tribe-related-events-title\">\n\t\t<a href=\"https:\/\/cafelapalma.com\/en\/programacion\/backstage-le-petit-truffle-mayo\/\" class=\"tribe-event-url\" rel=\"bookmark\">\n\t\t\tBACKSTAGE: LE PETIT + TRUFFLE MAYO\t\t<\/a>\n\t<\/h3>\n\t<span class=\"tribe-event-date-start\">5  September@23:55<\/span><\/div>\n<\/li>\n\t\t\t<li>\n\t\n<div class=\"tribe-related-events-thumbnail\">\n\t<a href=\"https:\/\/cafelapalma.com\/en\/programacion\/willie-deville-concierto-benefico-x-venezuela\/\" class=\"url\" rel=\"bookmark\" tabindex=\"-1\" aria-hidden=\"true\"><img loading=\"lazy\" decoding=\"async\" width=\"1020\" height=\"531\" src=\"https:\/\/cafelapalma.com\/wp-content\/uploads\/2026\/08\/Willie-deville-1100x572-1-1040x541.jpg\" class=\"attachment-large size-large wp-post-image\" alt=\"\" \/><\/a>\n<\/div>\n\t<div class=\"tribe-related-event-info\">\n\t<h3 class=\"tribe-related-events-title\">\n\t\t<a href=\"https:\/\/cafelapalma.com\/en\/programacion\/willie-deville-concierto-benefico-x-venezuela\/\" class=\"tribe-event-url\" rel=\"bookmark\">\n\t\t\tWILLIE DEVILLE: CONCIERTO BEN\u00c9FICO X VENEZUELA\t\t<\/a>\n\t<\/h3>\n\t<span class=\"tribe-event-date-start\">6  September@21:00<\/span><span class=\"tribe-event-time\">23:45<\/span><\/div>\n<\/li>\n\t<\/ul>","protected":false},"excerpt":{"rendered":"<p>Tras el notable debut con \u201cEl mal de la juventud\u201d (2021), EMILIA, PARDO Y BAZ\u00c1N nos vuelven a sorprender con \u201cLa fiesta que me prometiste\u201d, un ramillete de hits explosivos y pegadizos que mantienen las bases de esa gran f\u00f3rmula compositiva tan personal, con letras costumbristas, ir\u00f3nicas e incisivas que sanan y abren heridas al &hellip; <\/p>","protected":false},"author":2,"featured_media":29375,"template":"","meta":{"_tec_requires_first_save":false,"_uag_custom_page_level_css":"","loftloader_page_shortcode":"","_EventAllDay":false,"_EventTimezone":"Europe\/Madrid","_EventStartDate":"2024-11-16 21:00:00","_EventEndDate":"2024-11-16 23:45:00","_EventStartDateUTC":"2024-11-16 20:00:00","_EventEndDateUTC":"2024-11-16 22:45:00","_EventShowMap":false,"_EventShowMapLink":false,"_EventURL":"https:\/\/www.passline.com\/eventos\/emilia-pardo-y-bazan-detergente-liquido","_EventCost":"ENTRADAS AGOTADAS","_EventCostDescription":"","_EventCurrencySymbol":"\u20ac","_EventCurrencyCode":"USD","_EventCurrencyPosition":"suffix","_EventDateTimeSeparator":"@","_EventTimeRangeSeparator":"-","_EventOrganizerID":[],"_EventVenueID":[],"_OrganizerEmail":"","_OrganizerPhone":"","_OrganizerWebsite":"","_VenueAddress":"","_VenueCity":"","_VenueCountry":"","_VenueProvince":"","_VenueState":"","_VenueZip":"","_VenuePhone":"","_VenueURL":"","_VenueStateProvince":"","_VenueLat":"","_VenueLng":"","_VenueShowMap":false,"_VenueShowMapLink":false,"_tribe_blocks_recurrence_rules":"","_tribe_blocks_recurrence_description":"","_tribe_blocks_recurrence_exclusions":"","_ecp_custom_2":"","_tribe_events_status":"","_tribe_events_status_reason":"","_tribe_events_is_hybrid":"","_tribe_events_is_virtual":"","_tribe_events_virtual_video_source":"","_tribe_events_virtual_embed_video":"","_tribe_events_virtual_linked_button_text":"","_tribe_events_virtual_linked_button":"","_tribe_events_virtual_show_embed_at":"","_tribe_events_virtual_show_embed_to":[],"_tribe_events_virtual_show_on_event":"","_tribe_events_virtual_show_on_views":"","_tribe_events_virtual_url":"","footnotes":""},"tags":[1363,8869,2865,9147,9146,12098,9148,16155,16154,16156,8970,9150,16157,13180,1355],"tribe_events_cat":[8963],"class_list":["post-29373","tribe_events","type-tribe_events","status-publish","has-post-thumbnail","hentry","tag-cafe-la-palma","tag-cafe-la-palma-2","tag-conciertos-cafe-la-palma","tag-conciertos-madrid","tag-conciertos-malasana","tag-contumacia-en-primavera","tag-detergente-liquido-2","tag-el-mal-de-la-juventud","tag-emilia-pardo-y-bazan","tag-grimas-y-meriendas","tag-indie","tag-industrias-bala","tag-la-fiesta-que-me-prometiste","tag-lunar-discos","tag-pop","tribe_events_cat-concierto","cat_concierto"],"uagb_featured_image_src":{"full":["https:\/\/cafelapalma.com\/wp-content\/uploads\/2024\/08\/Emilia-Pardo-y-Bazan-vertlow-scaled.jpg",1688,3000,false],"thumbnail":["https:\/\/cafelapalma.com\/wp-content\/uploads\/2024\/08\/Emilia-Pardo-y-Bazan-vertlow-150x150.jpg",150,150,true],"medium":["https:\/\/cafelapalma.com\/wp-content\/uploads\/2024\/08\/Emilia-Pardo-y-Bazan-vertlow-169x300.jpg",169,300,true],"medium_large":["https:\/\/cafelapalma.com\/wp-content\/uploads\/2024\/08\/Emilia-Pardo-y-Bazan-vertlow-768x1365.jpg",768,1365,true],"large":["https:\/\/cafelapalma.com\/wp-content\/uploads\/2024\/08\/Emilia-Pardo-y-Bazan-vertlow-585x1040.jpg",585,1040,true],"1536x1536":["https:\/\/cafelapalma.com\/wp-content\/uploads\/2024\/08\/Emilia-Pardo-y-Bazan-vertlow-864x1536.jpg",864,1536,true],"2048x2048":["https:\/\/cafelapalma.com\/wp-content\/uploads\/2024\/08\/Emilia-Pardo-y-Bazan-vertlow-1152x2048.jpg",1152,2048,true],"trp-custom-language-flag":["https:\/\/cafelapalma.com\/wp-content\/uploads\/2024\/08\/Emilia-Pardo-y-Bazan-vertlow-scaled.jpg",7,12,false],"blossom-feminine-slider":["https:\/\/cafelapalma.com\/wp-content\/uploads\/2024\/08\/Emilia-Pardo-y-Bazan-vertlow-1920x649.jpg",1920,649,true],"blossom-feminine-featured":["https:\/\/cafelapalma.com\/wp-content\/uploads\/2024\/08\/Emilia-Pardo-y-Bazan-vertlow-1410x600.jpg",1410,600,true],"blossom-feminine-with-sidebar":["https:\/\/cafelapalma.com\/wp-content\/uploads\/2024\/08\/Emilia-Pardo-y-Bazan-vertlow-1020x600.jpg",1020,600,true],"blossom-feminine-blog":["https:\/\/cafelapalma.com\/wp-content\/uploads\/2024\/08\/Emilia-Pardo-y-Bazan-vertlow-435x435.jpg",435,435,true],"blossom-feminine-cat":["https:\/\/cafelapalma.com\/wp-content\/uploads\/2024\/08\/Emilia-Pardo-y-Bazan-vertlow-450x300.jpg",450,300,true],"blossom-feminine-related":["https:\/\/cafelapalma.com\/wp-content\/uploads\/2024\/08\/Emilia-Pardo-y-Bazan-vertlow-320x200.jpg",320,200,true],"blossom-feminine-schema":["https:\/\/cafelapalma.com\/wp-content\/uploads\/2024\/08\/Emilia-Pardo-y-Bazan-vertlow-34x60.jpg",34,60,true]},"uagb_author_info":{"display_name":"Victor","author_link":"https:\/\/cafelapalma.com\/en\/author\/comunicacion\/"},"uagb_comment_info":0,"uagb_excerpt":"Tras el notable debut con \u201cEl mal de la juventud\u201d (2021), EMILIA, PARDO Y BAZ\u00c1N nos vuelven a sorprender con \u201cLa fiesta que me prometiste\u201d, un ramillete de hits explosivos y pegadizos que mantienen las bases de esa gran f\u00f3rmula compositiva tan personal, con letras costumbristas, ir\u00f3nicas e incisivas que sanan y abren heridas al&hellip;","_links":{"self":[{"href":"https:\/\/cafelapalma.com\/en\/wp-json\/wp\/v2\/tribe_events\/29373","targetHints":{"allow":["GET"]}}],"collection":[{"href":"https:\/\/cafelapalma.com\/en\/wp-json\/wp\/v2\/tribe_events"}],"about":[{"href":"https:\/\/cafelapalma.com\/en\/wp-json\/wp\/v2\/types\/tribe_events"}],"author":[{"embeddable":true,"href":"https:\/\/cafelapalma.com\/en\/wp-json\/wp\/v2\/users\/2"}],"version-history":[{"count":0,"href":"https:\/\/cafelapalma.com\/en\/wp-json\/wp\/v2\/tribe_events\/29373\/revisions"}],"wp:featuredmedia":[{"embeddable":true,"href":"https:\/\/cafelapalma.com\/en\/wp-json\/wp\/v2\/media\/29375"}],"wp:attachment":[{"href":"https:\/\/cafelapalma.com\/en\/wp-json\/wp\/v2\/media?parent=29373"}],"wp:term":[{"taxonomy":"post_tag","embeddable":true,"href":"https:\/\/cafelapalma.com\/en\/wp-json\/wp\/v2\/tags?post=29373"},{"taxonomy":"tribe_events_cat","embeddable":true,"href":"https:\/\/cafelapalma.com\/en\/wp-json\/wp\/v2\/tribe_events_cat?post=29373"}],"curies":[{"name":"wp","href":"https:\/\/api.w.org\/{rel}","templated":true}]}}