{"id":29382,"date":"2024-09-02T17:02:35","date_gmt":"2024-09-02T15:02:35","guid":{"rendered":"https:\/\/cafelapalma.com\/programacion\/kommune-3-copy\/"},"modified":"2024-09-02T17:09:07","modified_gmt":"2024-09-02T15:09:07","slug":"kommune-club-recharged-rhythms","status":"publish","type":"tribe_events","link":"https:\/\/cafelapalma.com\/en\/programacion\/kommune-club-recharged-rhythms\/","title":{"rendered":"NURIAS b2b BETAMAX + FINDPEAKS + WO KEM aka W-95"},"content":{"rendered":"<div  class=\"tribe-events-schedule tribe-clearfix\" >\n\t<p class=\"tribe-events-schedule__datetime\">\n\t\t<span class=\"tribe-events-schedule__date tribe-events-schedule__date--start\">\n\t\t\t14  September  2024\t\t<\/span>\n\n\t\t\t\t\t<span class=\"tribe-events-schedule__separator tribe-events-schedule__separator--date\">\n\t\t\t\t@\t\t\t<\/span>\n\t\t\t<span class=\"tribe-events-schedule__time tribe-events-schedule__time--start\">\n\t\t\t\t23:50\t\t\t<\/span>\n\t\t\n\t\t\t\t\t\t\t\t\t<span class=\"tribe-events-schedule__separator tribe-events-schedule__separator--time\">\n\t\t\t\t\t\t\t\t\t<\/span>\n\t\t\t\n\t\t\t\t\t\t\t<span class=\"tribe-events-schedule__time tribe-events-schedule__time--end\">\n\t\t\t\t\t23:55\t\t\t\t<\/span>\n\t\t\t\n\t\t\t\t\t\t<\/p>\n<\/div>\n\n\n<div  class=\"tribe-block tribe-block__event-price\" >\n\t\t\t<span class=\"tribe-block__event-price__cost\"> 9\u20ac <\/span>\n\t\t\t\t<span class=\"tribe-block__event-price__description\">+ gg Anticipada | 11\u20ac Taquilla de 00:00 a 01:30 | 13\u20ac Taquilla de 01:30 a cierre. Todos los tramos de entrada incluyen UNA CONSUMICI\u00d3N. Canjeable por DOS CERVEZAS DE BARRIL hasta las 01:30<\/span>\n\t<\/div>\n\n\n\n<div style=\"height:100px\" aria-hidden=\"true\" class=\"wp-block-spacer\"><\/div>\n\n\n\n<div class=\"wp-block-columns is-layout-flex wp-container-core-columns-is-layout-8f761849 wp-block-columns-is-layout-flex\">\n<div class=\"wp-block-column is-layout-flow wp-block-column-is-layout-flow\" style=\"flex-basis:33.33%\">\n<figure class=\"wp-block-image size-large\"><img loading=\"lazy\" decoding=\"async\" width=\"735\" height=\"1040\" src=\"https:\/\/cafelapalma.com\/wp-content\/uploads\/2024\/09\/KOMMUNE-A3-LOW-735x1040.jpg\" alt=\"\" class=\"wp-image-29384\" srcset=\"https:\/\/cafelapalma.com\/wp-content\/uploads\/2024\/09\/KOMMUNE-A3-LOW-735x1040.jpg 735w, https:\/\/cafelapalma.com\/wp-content\/uploads\/2024\/09\/KOMMUNE-A3-LOW-212x300.jpg 212w, https:\/\/cafelapalma.com\/wp-content\/uploads\/2024\/09\/KOMMUNE-A3-LOW-768x1086.jpg 768w, https:\/\/cafelapalma.com\/wp-content\/uploads\/2024\/09\/KOMMUNE-A3-LOW-1086x1536.jpg 1086w, https:\/\/cafelapalma.com\/wp-content\/uploads\/2024\/09\/KOMMUNE-A3-LOW-1448x2048.jpg 1448w, https:\/\/cafelapalma.com\/wp-content\/uploads\/2024\/09\/KOMMUNE-A3-LOW-42x60.jpg 42w, https:\/\/cafelapalma.com\/wp-content\/uploads\/2024\/09\/KOMMUNE-A3-LOW.jpg 1754w\" sizes=\"auto, (max-width: 735px) 100vw, 735px\" \/><\/figure>\n\n\n<div  class=\"tribe-block tribe-block__event-website\" >\n\t<a\n\t\thref=\"https:\/\/www.passline.com\/eventos\/kommune-club-recharged-rhythms\"\n\t\ttarget=\"_self\"\n\t\t\t>\n\t\tBUY TICKETS\t<\/a>\n<\/div>\n<\/div>\n\n\n\n<div class=\"wp-block-column is-layout-flow wp-block-column-is-layout-flow\" style=\"flex-basis:66.66%\">\n<p class=\"wp-block-paragraph\"><\/p>\n\n\n\n<p class=\"has-text-align-left wp-block-paragraph\"><strong>KOMMUNE KLUB<\/strong> no pod\u00eda perderse la famosa vuelta al cole con las pilas (y los ritmos) cargados, aquella en la que volvemos todxs de vacaciones (buscadnos por la pista y nos contamos an\u00e9cdotas veraniegas), y en la que <strong>Madrid <\/strong>empieza a transmitir de nuevo su intensidad caracter\u00edstica, a\u00fan con el buen tiempo levitando.<\/p>\n\n\n\n<p class=\"has-text-align-left wp-block-paragraph\">Para ello, celebramos nuestro <em>opening <\/em>de la temporada, y vig\u00e9sima primera fiesta, para que bailemos a vuestros prop\u00f3sitos y a los nuestros. Esperaros de nuevo al eclecticismo electr\u00f3nico al que os hemos acostumbrado; de la mano de:<\/p>\n\n\n\n<p class=\"has-text-align-left wp-block-paragraph\">-> <strong>NURIAS <\/strong><em>b2b <\/em><strong>Betamax<\/strong><br><strong>Nurias <\/strong>se caracteriza por sus sets llenos de energ\u00eda y groove. Se ha sumergido en el mundo del vinilo, del cual se declara apasionada; recientemente se ha unido al colectivo <strong>Trama Club<\/strong>. Ofrecer\u00e1 un <em>b2b <\/em>muy esperado junto a <strong>Betamax<\/strong>. De formaci\u00f3n musical propia del conservatorio, este artista ya consolidado fue uno de los pioneros del underground madrile\u00f1o de los 90.<\/p>\n\n\n\n<p class=\"has-text-align-left wp-block-paragraph\">-> <strong>Wo Kem<\/strong>, <strong>FindPeaks<\/strong>:<br>Amenizando la noche, nuestrxs fielxs residentxs vuelven con su moreno post-veraniego y un descanso merecido.<\/p>\n\n\n\n<p class=\"has-text-align-left wp-block-paragraph\">Nos vemos en la pista, \u00a1nos vemos en <strong>CAFE LA PALMA<\/strong>!<\/p>\n\n\n\n<p class=\"has-text-align-right wp-block-paragraph\"><em><a href=\"http:\/\/instagram.com\/kommune_club\/\">Sigue a <\/a><\/em><strong><a href=\"http:\/\/instagram.com\/kommune_club\/\">KOMMUNE CLUB<\/a><\/strong><em><a href=\"http:\/\/instagram.com\/kommune_club\/\"> in <\/a><\/em><strong><a href=\"http:\/\/instagram.com\/kommune_club\/\">Instagram<\/a><\/strong><\/p>\n<\/div>\n<\/div>\n\n\n\n<div style=\"height:100px\" aria-hidden=\"true\" class=\"wp-block-spacer\"><\/div>\n\n\n\n<hr class=\"wp-block-separator has-alpha-channel-opacity\"\/>\n\n\n\n<div style=\"height:100px\" aria-hidden=\"true\" class=\"wp-block-spacer\"><\/div>\n\n\n<h2 class=\"tribe-block__related-events__title\">Related Events<\/h2>\n\n<ul  class=\"tribe-related-events tribe-clearfix\" >\n\t\t\t<li>\n\t\n<div class=\"tribe-related-events-thumbnail\">\n\t<a href=\"https:\/\/cafelapalma.com\/en\/programacion\/funkin-donuts\/\" class=\"url\" rel=\"bookmark\" tabindex=\"-1\" aria-hidden=\"true\"><img loading=\"lazy\" decoding=\"async\" width=\"693\" height=\"1040\" src=\"https:\/\/cafelapalma.com\/wp-content\/uploads\/2026\/07\/FD-vert2-bn-693x1040.jpg\" class=\"attachment-large size-large wp-post-image\" alt=\"\" \/><\/a>\n<\/div>\n\t<div class=\"tribe-related-event-info\">\n\t<h3 class=\"tribe-related-events-title\">\n\t\t<a href=\"https:\/\/cafelapalma.com\/en\/programacion\/funkin-donuts\/\" class=\"tribe-event-url\" rel=\"bookmark\">\n\t\t\tFUNKIN&#8217; DONUTS\t\t<\/a>\n\t<\/h3>\n\t<span class=\"tribe-event-date-start\">5  September@22:00<\/span><span class=\"tribe-event-time\">23:45<\/span><\/div>\n<\/li>\n\t\t\t<li>\n\t\n<div class=\"tribe-related-events-thumbnail\">\n\t<a href=\"https:\/\/cafelapalma.com\/en\/programacion\/backstage-le-petit-truffle-mayo\/\" class=\"url\" rel=\"bookmark\" tabindex=\"-1\" aria-hidden=\"true\"><img loading=\"lazy\" decoding=\"async\" width=\"780\" height=\"1040\" src=\"https:\/\/cafelapalma.com\/wp-content\/uploads\/2026\/07\/Imagen-TruffleMayo-LePetit-i-1-780x1040.png\" class=\"attachment-large size-large wp-post-image\" alt=\"\" \/><\/a>\n<\/div>\n\t<div class=\"tribe-related-event-info\">\n\t<h3 class=\"tribe-related-events-title\">\n\t\t<a href=\"https:\/\/cafelapalma.com\/en\/programacion\/backstage-le-petit-truffle-mayo\/\" class=\"tribe-event-url\" rel=\"bookmark\">\n\t\t\tBACKSTAGE: LE PETIT + TRUFFLE MAYO\t\t<\/a>\n\t<\/h3>\n\t<span class=\"tribe-event-date-start\">5  September@23:55<\/span><\/div>\n<\/li>\n\t\t\t<li>\n\t\n<div class=\"tribe-related-events-thumbnail\">\n\t<a href=\"https:\/\/cafelapalma.com\/en\/programacion\/willie-deville-concierto-benefico-x-venezuela\/\" class=\"url\" rel=\"bookmark\" tabindex=\"-1\" aria-hidden=\"true\"><img loading=\"lazy\" decoding=\"async\" width=\"1020\" height=\"531\" src=\"https:\/\/cafelapalma.com\/wp-content\/uploads\/2026\/08\/Willie-deville-1100x572-1-1040x541.jpg\" class=\"attachment-large size-large wp-post-image\" alt=\"\" \/><\/a>\n<\/div>\n\t<div class=\"tribe-related-event-info\">\n\t<h3 class=\"tribe-related-events-title\">\n\t\t<a href=\"https:\/\/cafelapalma.com\/en\/programacion\/willie-deville-concierto-benefico-x-venezuela\/\" class=\"tribe-event-url\" rel=\"bookmark\">\n\t\t\tWILLIE DEVILLE: CONCIERTO BEN\u00c9FICO X VENEZUELA\t\t<\/a>\n\t<\/h3>\n\t<span class=\"tribe-event-date-start\">6  September@21:00<\/span><span class=\"tribe-event-time\">23:45<\/span><\/div>\n<\/li>\n\t<\/ul>","protected":false},"excerpt":{"rendered":"<p>KOMMUNE KLUB no pod\u00eda perderse la famosa vuelta al cole con las pilas (y los ritmos) cargados, aquella en la que volvemos todxs de vacaciones (buscadnos por la pista y nos contamos an\u00e9cdotas veraniegas), y en la que Madrid empieza a transmitir de nuevo su intensidad caracter\u00edstica, a\u00fan con el buen tiempo levitando. Para ello, &hellip; <\/p>","protected":false},"author":2,"featured_media":27929,"template":"","meta":{"_tec_requires_first_save":false,"_uag_custom_page_level_css":"","loftloader_page_shortcode":"","_EventAllDay":false,"_EventTimezone":"Europe\/Madrid","_EventStartDate":"2024-09-14 23:50:00","_EventEndDate":"2024-09-14 23:55:00","_EventStartDateUTC":"2024-09-14 21:50:00","_EventEndDateUTC":"2024-09-14 21:55:00","_EventShowMap":false,"_EventShowMapLink":false,"_EventURL":"https:\/\/www.passline.com\/eventos\/kommune-club-recharged-rhythms","_EventCost":"9","_EventCostDescription":"","_EventCurrencySymbol":"","_EventCurrencyCode":"","_EventCurrencyPosition":"","_EventDateTimeSeparator":"","_EventTimeRangeSeparator":"","_EventOrganizerID":[],"_EventVenueID":[],"_OrganizerEmail":"","_OrganizerPhone":"","_OrganizerWebsite":"","_VenueAddress":"","_VenueCity":"","_VenueCountry":"","_VenueProvince":"","_VenueState":"","_VenueZip":"","_VenuePhone":"","_VenueURL":"","_VenueStateProvince":"","_VenueLat":"","_VenueLng":"","_VenueShowMap":false,"_VenueShowMapLink":false,"_tribe_blocks_recurrence_rules":"","_tribe_blocks_recurrence_description":"","_tribe_blocks_recurrence_exclusions":"","_ecp_custom_2":"","_tribe_events_status":"","_tribe_events_status_reason":"","_tribe_events_is_hybrid":"","_tribe_events_is_virtual":"","_tribe_events_virtual_video_source":"","_tribe_events_virtual_embed_video":"","_tribe_events_virtual_linked_button_text":"","_tribe_events_virtual_linked_button":"","_tribe_events_virtual_show_embed_at":"","_tribe_events_virtual_show_embed_to":[],"_tribe_events_virtual_show_on_event":"","_tribe_events_virtual_show_on_views":"","_tribe_events_virtual_url":"","footnotes":""},"tags":[12074,16162,10358,1363,9225,11553,9557,9847,15764,9226,9227,1357,15004,779,9309,14999,14998,16161,9366,9620,776,12072,10228,9375],"tribe_events_cat":[8964],"class_list":["post-29382","tribe_events","type-tribe_events","status-publish","has-post-thumbnail","hentry","tag-betamax","tag-betamax_","tag-breaks","tag-cafe-la-palma","tag-cafe-la-palma-clubbing","tag-chicago-house","tag-deep-house","tag-disco","tag-distort","tag-djs-madrid","tag-djs-malasana","tag-electronica","tag-findpeaks","tag-funk","tag-house","tag-kommune","tag-kommune-klub","tag-nurias","tag-recreo","tag-soul","tag-techno","tag-trama-club","tag-trance","tag-wo-kem","tribe_events_cat-clubbing","cat_clubbing"],"uagb_featured_image_src":{"full":["https:\/\/cafelapalma.com\/wp-content\/uploads\/2024\/01\/KOMMUNE-FRONT.jpg",1080,1920,false],"thumbnail":["https:\/\/cafelapalma.com\/wp-content\/uploads\/2024\/01\/KOMMUNE-FRONT-150x150.jpg",150,150,true],"medium":["https:\/\/cafelapalma.com\/wp-content\/uploads\/2024\/01\/KOMMUNE-FRONT-169x300.jpg",169,300,true],"medium_large":["https:\/\/cafelapalma.com\/wp-content\/uploads\/2024\/01\/KOMMUNE-FRONT-768x1365.jpg",768,1365,true],"large":["https:\/\/cafelapalma.com\/wp-content\/uploads\/2024\/01\/KOMMUNE-FRONT-585x1040.jpg",585,1040,true],"1536x1536":["https:\/\/cafelapalma.com\/wp-content\/uploads\/2024\/01\/KOMMUNE-FRONT-864x1536.jpg",864,1536,true],"2048x2048":["https:\/\/cafelapalma.com\/wp-content\/uploads\/2024\/01\/KOMMUNE-FRONT.jpg",1080,1920,false],"trp-custom-language-flag":["https:\/\/cafelapalma.com\/wp-content\/uploads\/2024\/01\/KOMMUNE-FRONT.jpg",7,12,false],"blossom-feminine-slider":["https:\/\/cafelapalma.com\/wp-content\/uploads\/2024\/01\/KOMMUNE-FRONT-1080x649.jpg",1080,649,true],"blossom-feminine-featured":["https:\/\/cafelapalma.com\/wp-content\/uploads\/2024\/01\/KOMMUNE-FRONT-1080x600.jpg",1080,600,true],"blossom-feminine-with-sidebar":["https:\/\/cafelapalma.com\/wp-content\/uploads\/2024\/01\/KOMMUNE-FRONT-1020x600.jpg",1020,600,true],"blossom-feminine-blog":["https:\/\/cafelapalma.com\/wp-content\/uploads\/2024\/01\/KOMMUNE-FRONT-435x435.jpg",435,435,true],"blossom-feminine-cat":["https:\/\/cafelapalma.com\/wp-content\/uploads\/2024\/01\/KOMMUNE-FRONT-450x300.jpg",450,300,true],"blossom-feminine-related":["https:\/\/cafelapalma.com\/wp-content\/uploads\/2024\/01\/KOMMUNE-FRONT-320x200.jpg",320,200,true],"blossom-feminine-schema":["https:\/\/cafelapalma.com\/wp-content\/uploads\/2024\/01\/KOMMUNE-FRONT-34x60.jpg",34,60,true]},"uagb_author_info":{"display_name":"Victor","author_link":"https:\/\/cafelapalma.com\/en\/author\/comunicacion\/"},"uagb_comment_info":0,"uagb_excerpt":"KOMMUNE KLUB no pod\u00eda perderse la famosa vuelta al cole con las pilas (y los ritmos) cargados, aquella en la que volvemos todxs de vacaciones (buscadnos por la pista y nos contamos an\u00e9cdotas veraniegas), y en la que Madrid empieza a transmitir de nuevo su intensidad caracter\u00edstica, a\u00fan con el buen tiempo levitando. Para ello,&hellip;","_links":{"self":[{"href":"https:\/\/cafelapalma.com\/en\/wp-json\/wp\/v2\/tribe_events\/29382","targetHints":{"allow":["GET"]}}],"collection":[{"href":"https:\/\/cafelapalma.com\/en\/wp-json\/wp\/v2\/tribe_events"}],"about":[{"href":"https:\/\/cafelapalma.com\/en\/wp-json\/wp\/v2\/types\/tribe_events"}],"author":[{"embeddable":true,"href":"https:\/\/cafelapalma.com\/en\/wp-json\/wp\/v2\/users\/2"}],"version-history":[{"count":0,"href":"https:\/\/cafelapalma.com\/en\/wp-json\/wp\/v2\/tribe_events\/29382\/revisions"}],"wp:featuredmedia":[{"embeddable":true,"href":"https:\/\/cafelapalma.com\/en\/wp-json\/wp\/v2\/media\/27929"}],"wp:attachment":[{"href":"https:\/\/cafelapalma.com\/en\/wp-json\/wp\/v2\/media?parent=29382"}],"wp:term":[{"taxonomy":"post_tag","embeddable":true,"href":"https:\/\/cafelapalma.com\/en\/wp-json\/wp\/v2\/tags?post=29382"},{"taxonomy":"tribe_events_cat","embeddable":true,"href":"https:\/\/cafelapalma.com\/en\/wp-json\/wp\/v2\/tribe_events_cat?post=29382"}],"curies":[{"name":"wp","href":"https:\/\/api.w.org\/{rel}","templated":true}]}}