{"id":29428,"date":"2024-09-10T09:47:57","date_gmt":"2024-09-10T07:47:57","guid":{"rendered":"https:\/\/cafelapalma.com\/programacion\/mosul-mosul-closing-season-party-copy\/"},"modified":"2024-09-10T09:54:27","modified_gmt":"2024-09-10T07:54:27","slug":"mosul-mosul-opening-season-party","status":"publish","type":"tribe_events","link":"https:\/\/cafelapalma.com\/en\/programacion\/mosul-mosul-opening-season-party\/","title":{"rendered":"GIDEO + SEAINA + MARCELO + GOTHIC SANS"},"content":{"rendered":"<div  class=\"tribe-events-schedule tribe-clearfix\" >\n\t<p class=\"tribe-events-schedule__datetime\">\n\t\t<span class=\"tribe-events-schedule__date tribe-events-schedule__date--start\">\n\t\t\t21  September  2024\t\t<\/span>\n\n\t\t\t\t\t<span class=\"tribe-events-schedule__separator tribe-events-schedule__separator--date\">\n\t\t\t\t@\t\t\t<\/span>\n\t\t\t<span class=\"tribe-events-schedule__time tribe-events-schedule__time--start\">\n\t\t\t\t23:50\t\t\t<\/span>\n\t\t\n\t\t\t\t\t\t\t\t\t<span class=\"tribe-events-schedule__separator tribe-events-schedule__separator--time\">\n\t\t\t\t\t\t\t\t\t<\/span>\n\t\t\t\n\t\t\t\t\t\t\t<span class=\"tribe-events-schedule__time tribe-events-schedule__time--end\">\n\t\t\t\t\t23:55\t\t\t\t<\/span>\n\t\t\t\n\t\t\t\t\t\t<\/p>\n<\/div>\n\n\n<div  class=\"tribe-block tribe-block__event-price\" >\n\t\t\t<span class=\"tribe-block__event-price__cost\"> 11\u20ac <\/span>\n\t\t\t\t<span class=\"tribe-block__event-price__description\">+ gg Anticipada | 13\u20ac Taquilla de 00:00 a 01:30 | 14\u20ac Taquilla de 01:30 a cierre. Todos los tramos de entrada incluyen UNA CONSUMICI\u00d3N. Canjeable por DOS CERVEZAS DE BARRIL antes de las 01:30<\/span>\n\t<\/div>\n\n\n\n<div style=\"height:100px\" aria-hidden=\"true\" class=\"wp-block-spacer\"><\/div>\n\n\n\n<div class=\"wp-block-columns is-layout-flex wp-container-core-columns-is-layout-8f761849 wp-block-columns-is-layout-flex\">\n<div class=\"wp-block-column is-layout-flow wp-block-column-is-layout-flow\" style=\"flex-basis:33.33%\">\n<figure class=\"wp-block-image size-full\"><img loading=\"lazy\" decoding=\"async\" width=\"989\" height=\"1410\" src=\"https:\/\/cafelapalma.com\/wp-content\/uploads\/2024\/09\/MOSUL-SEPT-24-A3-.jpg\" alt=\"\" class=\"wp-image-29430\" srcset=\"https:\/\/cafelapalma.com\/wp-content\/uploads\/2024\/09\/MOSUL-SEPT-24-A3-.jpg 989w, https:\/\/cafelapalma.com\/wp-content\/uploads\/2024\/09\/MOSUL-SEPT-24-A3--210x300.jpg 210w, https:\/\/cafelapalma.com\/wp-content\/uploads\/2024\/09\/MOSUL-SEPT-24-A3--729x1040.jpg 729w, https:\/\/cafelapalma.com\/wp-content\/uploads\/2024\/09\/MOSUL-SEPT-24-A3--768x1095.jpg 768w, https:\/\/cafelapalma.com\/wp-content\/uploads\/2024\/09\/MOSUL-SEPT-24-A3--42x60.jpg 42w\" sizes=\"auto, (max-width: 989px) 100vw, 989px\" \/><\/figure>\n\n\n<div  class=\"tribe-block tribe-block__event-website\" >\n\t<a\n\t\thref=\"https:\/\/www.passline.com\/eventos\/mosul-mosul-gideo-seaina-marcelo-gothic-sans\"\n\t\ttarget=\"_self\"\n\t\t\t>\n\t\tBUY TICKETS\t<\/a>\n<\/div>\n<\/div>\n\n\n\n<div class=\"wp-block-column is-layout-flow wp-block-column-is-layout-flow\" style=\"flex-basis:66.66%\">\n<p class=\"wp-block-paragraph\"><\/p>\n\n\n\n<p class=\"wp-block-paragraph\"><\/p>\n\n\n\n<p class=\"has-text-align-left wp-block-paragraph\">Empieza el curso para el colectivo madrile\u00f1o <strong>MOSUL MOSUL<\/strong>, esta vez con dos ilustres invitados de la capital del reino, <strong>GIDEO <\/strong>y <strong>SEAINA<\/strong>.<\/p>\n\n\n\n<p class=\"has-text-align-left wp-block-paragraph\"><strong>GIDEO<\/strong>: Nacido y criado en <strong>Madrid <\/strong>e influenciado por la m\u00fasica rap desde una edad temprana, <strong>GIDEO<\/strong> ha producido m\u00fasica con el productor <strong>Baby Pantera<\/strong>, lo que ha tenido un notable impacto en la reciente escena nacional. Como productor y dise\u00f1ador, explora nuevos sonidos y estructuras en su EP debut, <strong><em>\u201cOffender\u201d<\/em><\/strong>, lanzado a trav\u00e9s del sello discogr\u00e1fico <strong>Dycentra <\/strong>de <strong>Loyalty XIX<\/strong>. <strong>GIDEO<\/strong> busca ampliar sus horizontes sonoros y asentar nuevos conceptos de m\u00fasica club experimental en la escena nacional.<\/p>\n\n\n\n<p class=\"has-text-align-left wp-block-paragraph\"><strong>SEAINA <\/strong>trae unos ritmos legales y amistosos: juke, riddim, cosas. Alg\u00fan medio report\u00f3 que sus sonidos estaban prohibidos en 17 pa\u00edses. Las paredes de los clubs de la costa se preguntan si realmente es necesaria tanta\u2026 calidad.<\/p>\n\n\n\n<p class=\"has-text-align-left wp-block-paragraph\"><strong>MARCELO<\/strong>: A veces conocido como <strong>Megansito el Guapo<\/strong>, a caballo entre el pop urbano y la electr\u00f3nica m\u00e1s variada y divertida. Una propuesta en la que quedan atr\u00e1s los g\u00e9neros y solo importa BAILAR.<\/p>\n\n\n\n<p class=\"has-text-align-left wp-block-paragraph\"><strong>GOTHIC SANS<\/strong>: <em>Soundcloud Digger<\/em> de oficio. En sus sesiones convive el <em>witchouse <\/em>de los a\u00f1os \u201810, percusiones tribales y reggaeton chatarra, todo ba\u00f1ado por una fina capa de fantas\u00eda medieval chunga.<\/p>\n\n\n\n<p class=\"has-text-align-right wp-block-paragraph\"><em><a href=\"https:\/\/www.instagram.com\/_mosulmosul\/\">Sigue a <strong>MOSUL MOSUL<\/strong> in <\/a><\/em><strong><a href=\"https:\/\/www.instagram.com\/_mosulmosul\/\">Instagram<\/a><\/strong><\/p>\n<\/div>\n<\/div>\n\n\n\n<div style=\"height:100px\" aria-hidden=\"true\" class=\"wp-block-spacer\"><\/div>\n\n\n\n<hr class=\"wp-block-separator has-alpha-channel-opacity is-style-wide\"\/>\n\n\n\n<div style=\"height:100px\" aria-hidden=\"true\" class=\"wp-block-spacer\"><\/div>\n\n\n<h2 class=\"tribe-block__related-events__title\">Related Events<\/h2>\n\n<ul  class=\"tribe-related-events tribe-clearfix\" >\n\t\t\t<li>\n\t\n<div class=\"tribe-related-events-thumbnail\">\n\t<a href=\"https:\/\/cafelapalma.com\/en\/programacion\/funkin-donuts\/\" class=\"url\" rel=\"bookmark\" tabindex=\"-1\" aria-hidden=\"true\"><img loading=\"lazy\" decoding=\"async\" width=\"693\" height=\"1040\" src=\"https:\/\/cafelapalma.com\/wp-content\/uploads\/2026\/07\/FD-vert2-bn-693x1040.jpg\" class=\"attachment-large size-large wp-post-image\" alt=\"\" \/><\/a>\n<\/div>\n\t<div class=\"tribe-related-event-info\">\n\t<h3 class=\"tribe-related-events-title\">\n\t\t<a href=\"https:\/\/cafelapalma.com\/en\/programacion\/funkin-donuts\/\" class=\"tribe-event-url\" rel=\"bookmark\">\n\t\t\tFUNKIN&#8217; DONUTS\t\t<\/a>\n\t<\/h3>\n\t<span class=\"tribe-event-date-start\">5  September@22:00<\/span><span class=\"tribe-event-time\">23:45<\/span><\/div>\n<\/li>\n\t\t\t<li>\n\t\n<div class=\"tribe-related-events-thumbnail\">\n\t<a href=\"https:\/\/cafelapalma.com\/en\/programacion\/backstage-le-petit-truffle-mayo\/\" class=\"url\" rel=\"bookmark\" tabindex=\"-1\" aria-hidden=\"true\"><img loading=\"lazy\" decoding=\"async\" width=\"780\" height=\"1040\" src=\"https:\/\/cafelapalma.com\/wp-content\/uploads\/2026\/07\/Imagen-TruffleMayo-LePetit-i-1-780x1040.png\" class=\"attachment-large size-large wp-post-image\" alt=\"\" \/><\/a>\n<\/div>\n\t<div class=\"tribe-related-event-info\">\n\t<h3 class=\"tribe-related-events-title\">\n\t\t<a href=\"https:\/\/cafelapalma.com\/en\/programacion\/backstage-le-petit-truffle-mayo\/\" class=\"tribe-event-url\" rel=\"bookmark\">\n\t\t\tBACKSTAGE: LE PETIT + TRUFFLE MAYO\t\t<\/a>\n\t<\/h3>\n\t<span class=\"tribe-event-date-start\">5  September@23:55<\/span><\/div>\n<\/li>\n\t\t\t<li>\n\t\n<div class=\"tribe-related-events-thumbnail\">\n\t<a href=\"https:\/\/cafelapalma.com\/en\/programacion\/willie-deville-concierto-benefico-x-venezuela\/\" class=\"url\" rel=\"bookmark\" tabindex=\"-1\" aria-hidden=\"true\"><img loading=\"lazy\" decoding=\"async\" width=\"1020\" height=\"531\" src=\"https:\/\/cafelapalma.com\/wp-content\/uploads\/2026\/08\/Willie-deville-1100x572-1-1040x541.jpg\" class=\"attachment-large size-large wp-post-image\" alt=\"\" \/><\/a>\n<\/div>\n\t<div class=\"tribe-related-event-info\">\n\t<h3 class=\"tribe-related-events-title\">\n\t\t<a href=\"https:\/\/cafelapalma.com\/en\/programacion\/willie-deville-concierto-benefico-x-venezuela\/\" class=\"tribe-event-url\" rel=\"bookmark\">\n\t\t\tWILLIE DEVILLE: CONCIERTO BEN\u00c9FICO X VENEZUELA\t\t<\/a>\n\t<\/h3>\n\t<span class=\"tribe-event-date-start\">6  September@21:00<\/span><span class=\"tribe-event-time\">23:45<\/span><\/div>\n<\/li>\n\t<\/ul>","protected":false},"excerpt":{"rendered":"<p>Empieza el curso para el colectivo madrile\u00f1o MOSUL MOSUL, esta vez con dos ilustres invitados de la capital del reino, GIDEO y SEAINA. GIDEO: Nacido y criado en Madrid e influenciado por la m\u00fasica rap desde una edad temprana, GIDEO ha producido m\u00fasica con el productor Baby Pantera, lo que ha tenido un notable impacto &hellip; <\/p>","protected":false},"author":2,"featured_media":27296,"template":"","meta":{"_tec_requires_first_save":false,"_uag_custom_page_level_css":"","loftloader_page_shortcode":"","_EventAllDay":false,"_EventTimezone":"Europe\/Madrid","_EventStartDate":"2024-09-21 23:50:00","_EventEndDate":"2024-09-21 23:55:00","_EventStartDateUTC":"2024-09-21 21:50:00","_EventEndDateUTC":"2024-09-21 21:55:00","_EventShowMap":false,"_EventShowMapLink":false,"_EventURL":"https:\/\/www.passline.com\/eventos\/mosul-mosul-gideo-seaina-marcelo-gothic-sans","_EventCost":"11","_EventCostDescription":"","_EventCurrencySymbol":"","_EventCurrencyCode":"","_EventCurrencyPosition":"","_EventDateTimeSeparator":"","_EventTimeRangeSeparator":"","_EventOrganizerID":[],"_EventVenueID":[0],"_OrganizerEmail":"","_OrganizerPhone":"","_OrganizerWebsite":"","_VenueAddress":"","_VenueCity":"","_VenueCountry":"","_VenueProvince":"","_VenueState":"","_VenueZip":"","_VenuePhone":"","_VenueURL":"","_VenueStateProvince":"","_VenueLat":"","_VenueLng":"","_VenueShowMap":false,"_VenueShowMapLink":false,"_tribe_blocks_recurrence_rules":"","_tribe_blocks_recurrence_description":"","_tribe_blocks_recurrence_exclusions":"","_ecp_custom_2":"","_tribe_events_status":"","_tribe_events_status_reason":"","_tribe_events_is_hybrid":"","_tribe_events_is_virtual":"","_tribe_events_virtual_video_source":"","_tribe_events_virtual_embed_video":"","_tribe_events_virtual_linked_button_text":"","_tribe_events_virtual_linked_button":"","_tribe_events_virtual_show_embed_at":"","_tribe_events_virtual_show_embed_to":[],"_tribe_events_virtual_show_on_event":"","_tribe_events_virtual_show_on_views":"","_tribe_events_virtual_url":"","footnotes":""},"tags":[9674,1363,9225,9226,9227,9317,1357,16190,13287,13288,16197,11301,13286,14621,13290,13284,13282,16193,16198,16191,11416,776,10228],"tribe_events_cat":[8964],"class_list":["post-29428","tribe_events","type-tribe_events","status-publish","has-post-thumbnail","hentry","tag-breakbeat","tag-cafe-la-palma","tag-cafe-la-palma-clubbing","tag-djs-madrid","tag-djs-malasana","tag-electro","tag-electronica","tag-gideo","tag-gonso","tag-gothic-sans","tag-juke","tag-jungle","tag-marcelo","tag-mbd","tag-megansito-el-guapo","tag-miguel-grimaldo","tag-mosul-mosul","tag-offender","tag-riddim","tag-seaina","tag-somos-la-herencia","tag-techno","tag-trance","tribe_events_cat-clubbing","cat_clubbing"],"uagb_featured_image_src":{"full":["https:\/\/cafelapalma.com\/wp-content\/uploads\/2023\/09\/mosul_mosul_logo.jpg",1080,1920,false],"thumbnail":["https:\/\/cafelapalma.com\/wp-content\/uploads\/2023\/09\/mosul_mosul_logo-150x150.jpg",150,150,true],"medium":["https:\/\/cafelapalma.com\/wp-content\/uploads\/2023\/09\/mosul_mosul_logo-169x300.jpg",169,300,true],"medium_large":["https:\/\/cafelapalma.com\/wp-content\/uploads\/2023\/09\/mosul_mosul_logo-768x1365.jpg",768,1365,true],"large":["https:\/\/cafelapalma.com\/wp-content\/uploads\/2023\/09\/mosul_mosul_logo-585x1040.jpg",585,1040,true],"1536x1536":["https:\/\/cafelapalma.com\/wp-content\/uploads\/2023\/09\/mosul_mosul_logo-864x1536.jpg",864,1536,true],"2048x2048":["https:\/\/cafelapalma.com\/wp-content\/uploads\/2023\/09\/mosul_mosul_logo.jpg",1080,1920,false],"trp-custom-language-flag":["https:\/\/cafelapalma.com\/wp-content\/uploads\/2023\/09\/mosul_mosul_logo.jpg",7,12,false],"blossom-feminine-slider":["https:\/\/cafelapalma.com\/wp-content\/uploads\/2023\/09\/mosul_mosul_logo-1080x649.jpg",1080,649,true],"blossom-feminine-featured":["https:\/\/cafelapalma.com\/wp-content\/uploads\/2023\/09\/mosul_mosul_logo-1080x600.jpg",1080,600,true],"blossom-feminine-with-sidebar":["https:\/\/cafelapalma.com\/wp-content\/uploads\/2023\/09\/mosul_mosul_logo-1020x600.jpg",1020,600,true],"blossom-feminine-blog":["https:\/\/cafelapalma.com\/wp-content\/uploads\/2023\/09\/mosul_mosul_logo-435x435.jpg",435,435,true],"blossom-feminine-cat":["https:\/\/cafelapalma.com\/wp-content\/uploads\/2023\/09\/mosul_mosul_logo-450x300.jpg",450,300,true],"blossom-feminine-related":["https:\/\/cafelapalma.com\/wp-content\/uploads\/2023\/09\/mosul_mosul_logo-320x200.jpg",320,200,true],"blossom-feminine-schema":["https:\/\/cafelapalma.com\/wp-content\/uploads\/2023\/09\/mosul_mosul_logo-34x60.jpg",34,60,true]},"uagb_author_info":{"display_name":"Victor","author_link":"https:\/\/cafelapalma.com\/en\/author\/comunicacion\/"},"uagb_comment_info":0,"uagb_excerpt":"Empieza el curso para el colectivo madrile\u00f1o MOSUL MOSUL, esta vez con dos ilustres invitados de la capital del reino, GIDEO y SEAINA. GIDEO: Nacido y criado en Madrid e influenciado por la m\u00fasica rap desde una edad temprana, GIDEO ha producido m\u00fasica con el productor Baby Pantera, lo que ha tenido un notable impacto&hellip;","_links":{"self":[{"href":"https:\/\/cafelapalma.com\/en\/wp-json\/wp\/v2\/tribe_events\/29428","targetHints":{"allow":["GET"]}}],"collection":[{"href":"https:\/\/cafelapalma.com\/en\/wp-json\/wp\/v2\/tribe_events"}],"about":[{"href":"https:\/\/cafelapalma.com\/en\/wp-json\/wp\/v2\/types\/tribe_events"}],"author":[{"embeddable":true,"href":"https:\/\/cafelapalma.com\/en\/wp-json\/wp\/v2\/users\/2"}],"version-history":[{"count":0,"href":"https:\/\/cafelapalma.com\/en\/wp-json\/wp\/v2\/tribe_events\/29428\/revisions"}],"wp:featuredmedia":[{"embeddable":true,"href":"https:\/\/cafelapalma.com\/en\/wp-json\/wp\/v2\/media\/27296"}],"wp:attachment":[{"href":"https:\/\/cafelapalma.com\/en\/wp-json\/wp\/v2\/media?parent=29428"}],"wp:term":[{"taxonomy":"post_tag","embeddable":true,"href":"https:\/\/cafelapalma.com\/en\/wp-json\/wp\/v2\/tags?post=29428"},{"taxonomy":"tribe_events_cat","embeddable":true,"href":"https:\/\/cafelapalma.com\/en\/wp-json\/wp\/v2\/tribe_events_cat?post=29428"}],"curies":[{"name":"wp","href":"https:\/\/api.w.org\/{rel}","templated":true}]}}