{"id":29469,"date":"2024-09-18T10:20:54","date_gmt":"2024-09-18T08:20:54","guid":{"rendered":"https:\/\/cafelapalma.com\/?post_type=tribe_events&#038;p=29469"},"modified":"2024-10-05T15:56:32","modified_gmt":"2024-10-05T13:56:32","slug":"aienruta-presenta-j-martina","status":"publish","type":"tribe_events","link":"https:\/\/cafelapalma.com\/en\/programacion\/aienruta-presenta-j-martina\/","title":{"rendered":"J MARTINA"},"content":{"rendered":"<div  class=\"tribe-events-schedule tribe-clearfix\" >\n\t<p class=\"tribe-events-schedule__datetime\">\n\t\t<span class=\"tribe-events-schedule__date tribe-events-schedule__date--start\">\n\t\t\t10  October  2024\t\t<\/span>\n\n\t\t\t\t\t<span class=\"tribe-events-schedule__separator tribe-events-schedule__separator--date\">\n\t\t\t\t@\t\t\t<\/span>\n\t\t\t<span class=\"tribe-events-schedule__time tribe-events-schedule__time--start\">\n\t\t\t\t22:00\t\t\t<\/span>\n\t\t\n\t\t\t\t\t\t\t\t\t<span class=\"tribe-events-schedule__separator tribe-events-schedule__separator--time\">\n\t\t\t\t\t&#8211;\t\t\t\t<\/span>\n\t\t\t\n\t\t\t\t\t\t\t<span class=\"tribe-events-schedule__time tribe-events-schedule__time--end\">\n\t\t\t\t\t23:45\t\t\t\t<\/span>\n\t\t\t\n\t\t\t\t\t\t<\/p>\n<\/div>\n\n\n<div  class=\"tribe-block tribe-block__event-price\" >\n\t\t\t<span class=\"tribe-block__event-price__cost\"> 8\u20ac <\/span>\n\t\t\t\t<span class=\"tribe-block__event-price__description\">+ gg Anticipada | 10\u20ac Taquilla<\/span>\n\t<\/div>\n\n\n\n<div style=\"height:100px\" aria-hidden=\"true\" class=\"wp-block-spacer\"><\/div>\n\n\n\n<div class=\"wp-block-columns is-layout-flex wp-container-core-columns-is-layout-8f761849 wp-block-columns-is-layout-flex\">\n<div class=\"wp-block-column is-layout-flow wp-block-column-is-layout-flow\" style=\"flex-basis:33.33%\">\n<figure class=\"wp-block-image size-large\"><img loading=\"lazy\" decoding=\"async\" width=\"735\" height=\"1040\" src=\"https:\/\/cafelapalma.com\/wp-content\/uploads\/2024\/09\/JM_Cartel_Madrid_A3AIEOKDEF-735x1040.jpg\" alt=\"\" class=\"wp-image-29605\" srcset=\"https:\/\/cafelapalma.com\/wp-content\/uploads\/2024\/09\/JM_Cartel_Madrid_A3AIEOKDEF-735x1040.jpg 735w, https:\/\/cafelapalma.com\/wp-content\/uploads\/2024\/09\/JM_Cartel_Madrid_A3AIEOKDEF-212x300.jpg 212w, https:\/\/cafelapalma.com\/wp-content\/uploads\/2024\/09\/JM_Cartel_Madrid_A3AIEOKDEF-768x1087.jpg 768w, https:\/\/cafelapalma.com\/wp-content\/uploads\/2024\/09\/JM_Cartel_Madrid_A3AIEOKDEF-1085x1536.jpg 1085w, https:\/\/cafelapalma.com\/wp-content\/uploads\/2024\/09\/JM_Cartel_Madrid_A3AIEOKDEF-1447x2048.jpg 1447w, https:\/\/cafelapalma.com\/wp-content\/uploads\/2024\/09\/JM_Cartel_Madrid_A3AIEOKDEF-42x60.jpg 42w\" sizes=\"auto, (max-width: 735px) 100vw, 735px\" \/><\/figure>\n\n\n<div  class=\"tribe-block tribe-block__event-website\" >\n\t<a\n\t\thref=\"https:\/\/www.passline.com\/eventos\/j-martina-madrid-aienruta\"\n\t\ttarget=\"_self\"\n\t\t\t>\n\t\tBUY TICKETS\t<\/a>\n<\/div>\n<\/div>\n\n\n\n<div class=\"wp-block-column is-layout-flow wp-block-column-is-layout-flow\" style=\"flex-basis:66.66%\">\n<p class=\"wp-block-paragraph\"><\/p>\n\n\n\n<p class=\"has-text-align-left wp-block-paragraph\"><strong>J MARTINA<\/strong> es un grupo navarro-vizca\u00edno formado por las hermanas <strong>Kattalin <\/strong>y <strong>Ane B\u00e1rcena<\/strong> junto a <strong>Javier Jorajuria<\/strong>. Se mueven en el pop electr\u00f3nico, buscando una forma personal de hacerlo, integrando tambi\u00e9n referencias de estilos diferentes. La b\u00fasqueda de sonidos contempor\u00e1neos y la multidisciplinalidad art\u00edstica son evidentes en su propuesta. Tras publicar su primer \u00e1lbum en 2021, <strong><em>\u201cJaio Naiz Baina\u201d<\/em><\/strong>, en abril de 2024 publican el segundo, <strong><em>\u201cNegu Gorri\u201d <\/em><\/strong>(<strong>Balaunka<\/strong>, 2024).<\/p>\n\n\n\n<p class=\"has-text-align-left wp-block-paragraph\">El concepto ha sido definido por las situaciones \u00edntimamente ligadas a la convulsa \u00e9poca de crisis en la que les ha tocado vivir como j\u00f3venes: melancol\u00eda, ira, desesperaci\u00f3n; pero tambi\u00e9n esperanza, luz y pasi\u00f3n por la lucha. Cobran especial fuerza los mensajes en las canciones, ataviados con formas mel\u00f3dicas en voces y sonidos. Junto a \u00e9stos elementos aparecen estructuras, mensajes, sintes y melod\u00edas atrevidas, creadas en su contexto y construidas sobre referencias contempor\u00e1neas. Se puede decir que en el \u00e1lbum se mantiene la esencia de <strong>J Martina<\/strong>, pero con un aumento de la intensidad en las canciones dando un paso m\u00e1s en la b\u00fasqueda de la forma de decir y la relaci\u00f3n con las diferentes formas que ofrece el pop.<\/p>\n\n\n\n<p class=\"has-text-align-right wp-block-paragraph\"><em><a href=\"https:\/\/open.spotify.com\/intl-es\/artist\/2n5oKnRt4i2SfKUPw3sX8R?si=W4y1-0i6QNytFEw_pSpBSA\">Escucha <\/a><\/em><strong><a href=\"https:\/\/open.spotify.com\/intl-es\/artist\/2n5oKnRt4i2SfKUPw3sX8R?si=W4y1-0i6QNytFEw_pSpBSA\">J MARTINA<\/a><\/strong><em><a href=\"https:\/\/open.spotify.com\/intl-es\/artist\/2n5oKnRt4i2SfKUPw3sX8R?si=W4y1-0i6QNytFEw_pSpBSA\"> in <\/a><\/em><strong><a href=\"https:\/\/open.spotify.com\/intl-es\/artist\/2n5oKnRt4i2SfKUPw3sX8R?si=W4y1-0i6QNytFEw_pSpBSA\">Spotify<\/a><\/strong><\/p>\n\n\n\n<p class=\"has-text-align-left wp-block-paragraph\"><em>Con el apoyo de <strong>AIEnruta<\/strong><\/em><\/p>\n<\/div>\n<\/div>\n\n\n\n<div style=\"height:100px\" aria-hidden=\"true\" class=\"wp-block-spacer\"><\/div>\n\n\n\n<hr class=\"wp-block-separator has-alpha-channel-opacity\"\/>\n\n\n\n<div style=\"height:100px\" aria-hidden=\"true\" class=\"wp-block-spacer\"><\/div>\n\n\n<h2 class=\"tribe-block__related-events__title\">Related Events<\/h2>\n\n<ul  class=\"tribe-related-events tribe-clearfix\" >\n\t\t\t<li>\n\t\n<div class=\"tribe-related-events-thumbnail\">\n\t<a href=\"https:\/\/cafelapalma.com\/en\/programacion\/funkin-donuts\/\" class=\"url\" rel=\"bookmark\" tabindex=\"-1\" aria-hidden=\"true\"><img loading=\"lazy\" decoding=\"async\" width=\"693\" height=\"1040\" src=\"https:\/\/cafelapalma.com\/wp-content\/uploads\/2026\/07\/FD-vert2-bn-693x1040.jpg\" class=\"attachment-large size-large wp-post-image\" alt=\"\" \/><\/a>\n<\/div>\n\t<div class=\"tribe-related-event-info\">\n\t<h3 class=\"tribe-related-events-title\">\n\t\t<a href=\"https:\/\/cafelapalma.com\/en\/programacion\/funkin-donuts\/\" class=\"tribe-event-url\" rel=\"bookmark\">\n\t\t\tFUNKIN&#8217; DONUTS\t\t<\/a>\n\t<\/h3>\n\t<span class=\"tribe-event-date-start\">5  September@22:00<\/span><span class=\"tribe-event-time\">23:45<\/span><\/div>\n<\/li>\n\t\t\t<li>\n\t\n<div class=\"tribe-related-events-thumbnail\">\n\t<a href=\"https:\/\/cafelapalma.com\/en\/programacion\/backstage-le-petit-truffle-mayo\/\" class=\"url\" rel=\"bookmark\" tabindex=\"-1\" aria-hidden=\"true\"><img loading=\"lazy\" decoding=\"async\" width=\"780\" height=\"1040\" src=\"https:\/\/cafelapalma.com\/wp-content\/uploads\/2026\/07\/Imagen-TruffleMayo-LePetit-i-1-780x1040.png\" class=\"attachment-large size-large wp-post-image\" alt=\"\" \/><\/a>\n<\/div>\n\t<div class=\"tribe-related-event-info\">\n\t<h3 class=\"tribe-related-events-title\">\n\t\t<a href=\"https:\/\/cafelapalma.com\/en\/programacion\/backstage-le-petit-truffle-mayo\/\" class=\"tribe-event-url\" rel=\"bookmark\">\n\t\t\tBACKSTAGE: LE PETIT + TRUFFLE MAYO\t\t<\/a>\n\t<\/h3>\n\t<span class=\"tribe-event-date-start\">5  September@23:55<\/span><\/div>\n<\/li>\n\t\t\t<li>\n\t\n<div class=\"tribe-related-events-thumbnail\">\n\t<a href=\"https:\/\/cafelapalma.com\/en\/programacion\/willie-deville-concierto-benefico-x-venezuela\/\" class=\"url\" rel=\"bookmark\" tabindex=\"-1\" aria-hidden=\"true\"><img loading=\"lazy\" decoding=\"async\" width=\"1020\" height=\"531\" src=\"https:\/\/cafelapalma.com\/wp-content\/uploads\/2026\/08\/Willie-deville-1100x572-1-1040x541.jpg\" class=\"attachment-large size-large wp-post-image\" alt=\"\" \/><\/a>\n<\/div>\n\t<div class=\"tribe-related-event-info\">\n\t<h3 class=\"tribe-related-events-title\">\n\t\t<a href=\"https:\/\/cafelapalma.com\/en\/programacion\/willie-deville-concierto-benefico-x-venezuela\/\" class=\"tribe-event-url\" rel=\"bookmark\">\n\t\t\tWILLIE DEVILLE: CONCIERTO BEN\u00c9FICO X VENEZUELA\t\t<\/a>\n\t<\/h3>\n\t<span class=\"tribe-event-date-start\">6  September@21:00<\/span><span class=\"tribe-event-time\">23:45<\/span><\/div>\n<\/li>\n\t<\/ul>","protected":false},"excerpt":{"rendered":"<p>J MARTINA es un grupo navarro-vizca\u00edno formado por las hermanas Kattalin y Ane B\u00e1rcena junto a Javier Jorajuria. Se mueven en el pop electr\u00f3nico, buscando una forma personal de hacerlo, integrando tambi\u00e9n referencias de estilos diferentes. La b\u00fasqueda de sonidos contempor\u00e1neos y la multidisciplinalidad art\u00edstica son evidentes en su propuesta. Tras publicar su primer \u00e1lbum &hellip; <\/p>","protected":false},"author":2,"featured_media":29471,"template":"","meta":{"_tec_requires_first_save":false,"_uag_custom_page_level_css":"","loftloader_page_shortcode":"","_EventAllDay":false,"_EventTimezone":"Europe\/Madrid","_EventStartDate":"2024-10-10 22:00:00","_EventEndDate":"2024-10-10 23:45:00","_EventStartDateUTC":"2024-10-10 20:00:00","_EventEndDateUTC":"2024-10-10 21:45:00","_EventShowMap":false,"_EventShowMapLink":false,"_EventURL":"https:\/\/www.passline.com\/eventos\/j-martina-madrid-aienruta","_EventCost":"8","_EventCostDescription":"","_EventCurrencySymbol":"\u20ac","_EventCurrencyCode":"USD","_EventCurrencyPosition":"suffix","_EventDateTimeSeparator":"@","_EventTimeRangeSeparator":"-","_EventOrganizerID":[],"_EventVenueID":[],"_OrganizerEmail":"","_OrganizerPhone":"","_OrganizerWebsite":"","_VenueAddress":"","_VenueCity":"","_VenueCountry":"","_VenueProvince":"","_VenueState":"","_VenueZip":"","_VenuePhone":"","_VenueURL":"","_VenueStateProvince":"","_VenueLat":"","_VenueLng":"","_VenueShowMap":false,"_VenueShowMapLink":false,"_tribe_blocks_recurrence_rules":"","_tribe_blocks_recurrence_description":"","_tribe_blocks_recurrence_exclusions":"","_ecp_custom_2":"","_tribe_events_status":"","_tribe_events_status_reason":"","_tribe_events_is_hybrid":"","_tribe_events_is_virtual":"","_tribe_events_virtual_video_source":"","_tribe_events_virtual_embed_video":"","_tribe_events_virtual_linked_button_text":"","_tribe_events_virtual_linked_button":"","_tribe_events_virtual_show_embed_at":"","_tribe_events_virtual_show_embed_to":[],"_tribe_events_virtual_show_on_event":"","_tribe_events_virtual_show_on_views":"","_tribe_events_virtual_url":"","footnotes":""},"tags":[9810,12332,16222,16217,8869,1363,2865,9147,9146,13775,16216,16219,16224,16223,16221,16220,16225,12117],"tribe_events_cat":[8963],"class_list":["post-29469","tribe_events","type-tribe_events","status-publish","has-post-thumbnail","hentry","tag-aie","tag-aienruta","tag-ane-barcena","tag-balaunka","tag-cafe-la-palma-2","tag-cafe-la-palma","tag-conciertos-cafe-la-palma","tag-conciertos-madrid","tag-conciertos-malasana","tag-electropop","tag-iban-ezkerra","tag-j-martina","tag-jaio-naiz-baina","tag-javier-jorajuria","tag-kattalin-barcena","tag-musica-urbana-en-euskera","tag-negu-gorri","tag-pop-electronico","tribe_events_cat-concierto","cat_concierto"],"uagb_featured_image_src":{"full":["https:\/\/cafelapalma.com\/wp-content\/uploads\/2024\/09\/j-martina-por-maria-muriedas.jpg",281,500,false],"thumbnail":["https:\/\/cafelapalma.com\/wp-content\/uploads\/2024\/09\/j-martina-por-maria-muriedas-150x150.jpg",150,150,true],"medium":["https:\/\/cafelapalma.com\/wp-content\/uploads\/2024\/09\/j-martina-por-maria-muriedas-169x300.jpg",169,300,true],"medium_large":["https:\/\/cafelapalma.com\/wp-content\/uploads\/2024\/09\/j-martina-por-maria-muriedas.jpg",281,500,false],"large":["https:\/\/cafelapalma.com\/wp-content\/uploads\/2024\/09\/j-martina-por-maria-muriedas.jpg",281,500,false],"1536x1536":["https:\/\/cafelapalma.com\/wp-content\/uploads\/2024\/09\/j-martina-por-maria-muriedas.jpg",281,500,false],"2048x2048":["https:\/\/cafelapalma.com\/wp-content\/uploads\/2024\/09\/j-martina-por-maria-muriedas.jpg",281,500,false],"trp-custom-language-flag":["https:\/\/cafelapalma.com\/wp-content\/uploads\/2024\/09\/j-martina-por-maria-muriedas.jpg",7,12,false],"blossom-feminine-slider":["https:\/\/cafelapalma.com\/wp-content\/uploads\/2024\/09\/j-martina-por-maria-muriedas.jpg",281,500,false],"blossom-feminine-featured":["https:\/\/cafelapalma.com\/wp-content\/uploads\/2024\/09\/j-martina-por-maria-muriedas.jpg",281,500,false],"blossom-feminine-with-sidebar":["https:\/\/cafelapalma.com\/wp-content\/uploads\/2024\/09\/j-martina-por-maria-muriedas.jpg",281,500,false],"blossom-feminine-blog":["https:\/\/cafelapalma.com\/wp-content\/uploads\/2024\/09\/j-martina-por-maria-muriedas-281x435.jpg",281,435,true],"blossom-feminine-cat":["https:\/\/cafelapalma.com\/wp-content\/uploads\/2024\/09\/j-martina-por-maria-muriedas-281x300.jpg",281,300,true],"blossom-feminine-related":["https:\/\/cafelapalma.com\/wp-content\/uploads\/2024\/09\/j-martina-por-maria-muriedas-281x200.jpg",281,200,true],"blossom-feminine-schema":["https:\/\/cafelapalma.com\/wp-content\/uploads\/2024\/09\/j-martina-por-maria-muriedas-34x60.jpg",34,60,true]},"uagb_author_info":{"display_name":"Victor","author_link":"https:\/\/cafelapalma.com\/en\/author\/comunicacion\/"},"uagb_comment_info":0,"uagb_excerpt":"J MARTINA es un grupo navarro-vizca\u00edno formado por las hermanas Kattalin y Ane B\u00e1rcena junto a Javier Jorajuria. Se mueven en el pop electr\u00f3nico, buscando una forma personal de hacerlo, integrando tambi\u00e9n referencias de estilos diferentes. La b\u00fasqueda de sonidos contempor\u00e1neos y la multidisciplinalidad art\u00edstica son evidentes en su propuesta. Tras publicar su primer \u00e1lbum&hellip;","_links":{"self":[{"href":"https:\/\/cafelapalma.com\/en\/wp-json\/wp\/v2\/tribe_events\/29469","targetHints":{"allow":["GET"]}}],"collection":[{"href":"https:\/\/cafelapalma.com\/en\/wp-json\/wp\/v2\/tribe_events"}],"about":[{"href":"https:\/\/cafelapalma.com\/en\/wp-json\/wp\/v2\/types\/tribe_events"}],"author":[{"embeddable":true,"href":"https:\/\/cafelapalma.com\/en\/wp-json\/wp\/v2\/users\/2"}],"version-history":[{"count":0,"href":"https:\/\/cafelapalma.com\/en\/wp-json\/wp\/v2\/tribe_events\/29469\/revisions"}],"wp:featuredmedia":[{"embeddable":true,"href":"https:\/\/cafelapalma.com\/en\/wp-json\/wp\/v2\/media\/29471"}],"wp:attachment":[{"href":"https:\/\/cafelapalma.com\/en\/wp-json\/wp\/v2\/media?parent=29469"}],"wp:term":[{"taxonomy":"post_tag","embeddable":true,"href":"https:\/\/cafelapalma.com\/en\/wp-json\/wp\/v2\/tags?post=29469"},{"taxonomy":"tribe_events_cat","embeddable":true,"href":"https:\/\/cafelapalma.com\/en\/wp-json\/wp\/v2\/tribe_events_cat?post=29469"}],"curies":[{"name":"wp","href":"https:\/\/api.w.org\/{rel}","templated":true}]}}