{"id":29486,"date":"2024-09-23T10:33:57","date_gmt":"2024-09-23T08:33:57","guid":{"rendered":"https:\/\/cafelapalma.com\/?post_type=tribe_events&#038;p=29486"},"modified":"2024-11-09T18:07:26","modified_gmt":"2024-11-09T17:07:26","slug":"radar-joven-2024-hofe-x-440","status":"publish","type":"tribe_events","link":"https:\/\/cafelapalma.com\/en\/programacion\/radar-joven-2024-hofe-x-440\/","title":{"rendered":"RADAR JOVEN 2024: HOFE X 4:40"},"content":{"rendered":"<div  class=\"tribe-events-schedule tribe-clearfix\" >\n\t<p class=\"tribe-events-schedule__datetime\">\n\t\t<span class=\"tribe-events-schedule__date tribe-events-schedule__date--start\">\n\t\t\t09  November  2024\t\t<\/span>\n\n\t\t\t\t\t<span class=\"tribe-events-schedule__separator tribe-events-schedule__separator--date\">\n\t\t\t\t@\t\t\t<\/span>\n\t\t\t<span class=\"tribe-events-schedule__time tribe-events-schedule__time--start\">\n\t\t\t\t22:00\t\t\t<\/span>\n\t\t\n\t\t\t\t\t\t\t\t\t<span class=\"tribe-events-schedule__separator tribe-events-schedule__separator--time\">\n\t\t\t\t\t&#8211;\t\t\t\t<\/span>\n\t\t\t\n\t\t\t\t\t\t\t<span class=\"tribe-events-schedule__time tribe-events-schedule__time--end\">\n\t\t\t\t\t23:45\t\t\t\t<\/span>\n\t\t\t\n\t\t\t\t\t\t<\/p>\n<\/div>\n\n\n<div  class=\"tribe-block tribe-block__event-price\" >\n\t\t\t<span class=\"tribe-block__event-price__cost\"> ENTRADAS AGOTADAS <\/span>\n\t\t\t\t<span class=\"tribe-block__event-price__description\">#soldout<\/span>\n\t<\/div>\n\n\n\n<div style=\"height:100px\" aria-hidden=\"true\" class=\"wp-block-spacer\"><\/div>\n\n\n\n<div class=\"wp-block-columns is-layout-flex wp-container-core-columns-is-layout-8f761849 wp-block-columns-is-layout-flex\">\n<div class=\"wp-block-column is-layout-flow wp-block-column-is-layout-flow\" style=\"flex-basis:33.33%\">\n<figure class=\"wp-block-image size-full\"><img loading=\"lazy\" decoding=\"async\" width=\"297\" height=\"420\" src=\"https:\/\/cafelapalma.com\/wp-content\/uploads\/2024\/09\/HOFE-A3.jpg\" alt=\"\" class=\"wp-image-29487\" srcset=\"https:\/\/cafelapalma.com\/wp-content\/uploads\/2024\/09\/HOFE-A3.jpg 297w, https:\/\/cafelapalma.com\/wp-content\/uploads\/2024\/09\/HOFE-A3-212x300.jpg 212w, https:\/\/cafelapalma.com\/wp-content\/uploads\/2024\/09\/HOFE-A3-42x60.jpg 42w\" sizes=\"auto, (max-width: 297px) 100vw, 297px\" \/><\/figure>\n<\/div>\n\n\n\n<div class=\"wp-block-column is-layout-flow wp-block-column-is-layout-flow\" style=\"flex-basis:66.66%\">\n<p class=\"wp-block-paragraph\"><\/p>\n\n\n\n<p class=\"has-text-align-left wp-block-paragraph\"><strong>HOFE x 4:40<\/strong> es el nombre del proyecto que conforman el cantante <strong>Igotz Mendez<\/strong> (<strong>Hofe<\/strong>) y los productores <strong>Xabier Lafuente <\/strong>y <strong>Marcos Galech<\/strong> (4:40). Pese a que la uni\u00f3n musical consolidada entre estos tres j\u00f3venes sea relativamente reciente, el tr\u00edo lleva dando guerra en la escena de <strong>Iru\u00f1a <\/strong>desde hace ya m\u00e1s de cinco a\u00f1os, previamente dedicados a la m\u00fasica junto a su anterior colectivo <strong>Nibbass<\/strong>, con el cual lograron gran notoriedad en la escena underground de <strong>Euskal Herria<\/strong>.<\/p>\n\n\n\n<p class=\"has-text-align-left wp-block-paragraph\">De la mano del sello <strong>Oso Polita<\/strong>, y uni\u00e9ndose a la oleada de nuevos talentos del roster de la discogr\u00e1fica, <strong>HOFE x 4:40<\/strong> lanzaron su primera mixtape conjunta, <strong><em>\u201cAMODIOA\u201d<\/em><\/strong>, donde se pueden escuchar temas como <strong><em>\u2018MzMz (Tek)\u2019<\/em><\/strong> o <strong><em>\u20182 Esku 2 Laban\u2019<\/em><\/strong> <em>ft.<\/em> <strong>Kiliki <\/strong>y <strong>Suneo <\/strong>de la <strong>Chill Mafia<\/strong>. A este ambicioso proyecto le siguieron singles y colaboraciones como artistas como <strong>Ben Yart<\/strong>, <strong>La \u00c9lite<\/strong>, <strong>BRAVA<\/strong>, <strong>Nueve Desconocidos<\/strong>, <strong>Kiliki Frexko<\/strong> o <strong>Merina Gris<\/strong>. Cerrando 2023 los artistas lanzaron <strong><em>\u201cAMORRUA\u201d<\/em><\/strong>, un EP que completa a su anterior trabajo, con cuatro canciones con las llevan su sonido un paso m\u00e1s all\u00e1, entre beats de electr\u00f3nica, postpunk y toques de drum n\u2019 bass.<\/p>\n\n\n\n<p class=\"has-text-align-right wp-block-paragraph\"><em><a href=\"https:\/\/open.spotify.com\/intl-es\/artist\/56J8Wxq3wAYCDHNwabMzrO?si=HcmpvRo1RMmWwNq9UQ6Fig\">Listen to <\/a><\/em><strong><a href=\"https:\/\/open.spotify.com\/intl-es\/artist\/56J8Wxq3wAYCDHNwabMzrO?si=HcmpvRo1RMmWwNq9UQ6Fig\">HOFE X 4:40<\/a><\/strong><em><a href=\"https:\/\/open.spotify.com\/intl-es\/artist\/56J8Wxq3wAYCDHNwabMzrO?si=HcmpvRo1RMmWwNq9UQ6Fig\"> in <\/a><\/em><strong><a href=\"https:\/\/open.spotify.com\/intl-es\/artist\/56J8Wxq3wAYCDHNwabMzrO?si=HcmpvRo1RMmWwNq9UQ6Fig\">Spotify<\/a><\/strong><\/p>\n\n\n\n<p class=\"has-text-align-left wp-block-paragraph\">#RadarJoven2024 @madridenvivo\u00a0@comunidadmadrid @culturacmadrid\u00a0@juventudcmadrid<\/p>\n<\/div>\n<\/div>\n\n\n\n<div style=\"height:100px\" aria-hidden=\"true\" class=\"wp-block-spacer\"><\/div>\n\n\n\n<hr class=\"wp-block-separator has-alpha-channel-opacity\"\/>\n\n\n\n<div style=\"height:100px\" aria-hidden=\"true\" class=\"wp-block-spacer\"><\/div>\n\n\n<h2 class=\"tribe-block__related-events__title\">Related Events<\/h2>\n\n<ul  class=\"tribe-related-events tribe-clearfix\" >\n\t\t\t<li>\n\t\n<div class=\"tribe-related-events-thumbnail\">\n\t<a href=\"https:\/\/cafelapalma.com\/en\/programacion\/funkin-donuts\/\" class=\"url\" rel=\"bookmark\" tabindex=\"-1\" aria-hidden=\"true\"><img loading=\"lazy\" decoding=\"async\" width=\"693\" height=\"1040\" src=\"https:\/\/cafelapalma.com\/wp-content\/uploads\/2026\/07\/FD-vert2-bn-693x1040.jpg\" class=\"attachment-large size-large wp-post-image\" alt=\"\" \/><\/a>\n<\/div>\n\t<div class=\"tribe-related-event-info\">\n\t<h3 class=\"tribe-related-events-title\">\n\t\t<a href=\"https:\/\/cafelapalma.com\/en\/programacion\/funkin-donuts\/\" class=\"tribe-event-url\" rel=\"bookmark\">\n\t\t\tFUNKIN&#8217; DONUTS\t\t<\/a>\n\t<\/h3>\n\t<span class=\"tribe-event-date-start\">5  September@22:00<\/span><span class=\"tribe-event-time\">23:45<\/span><\/div>\n<\/li>\n\t\t\t<li>\n\t\n<div class=\"tribe-related-events-thumbnail\">\n\t<a href=\"https:\/\/cafelapalma.com\/en\/programacion\/backstage-le-petit-truffle-mayo\/\" class=\"url\" rel=\"bookmark\" tabindex=\"-1\" aria-hidden=\"true\"><img loading=\"lazy\" decoding=\"async\" width=\"780\" height=\"1040\" src=\"https:\/\/cafelapalma.com\/wp-content\/uploads\/2026\/07\/Imagen-TruffleMayo-LePetit-i-1-780x1040.png\" class=\"attachment-large size-large wp-post-image\" alt=\"\" \/><\/a>\n<\/div>\n\t<div class=\"tribe-related-event-info\">\n\t<h3 class=\"tribe-related-events-title\">\n\t\t<a href=\"https:\/\/cafelapalma.com\/en\/programacion\/backstage-le-petit-truffle-mayo\/\" class=\"tribe-event-url\" rel=\"bookmark\">\n\t\t\tBACKSTAGE: LE PETIT + TRUFFLE MAYO\t\t<\/a>\n\t<\/h3>\n\t<span class=\"tribe-event-date-start\">5  September@23:55<\/span><\/div>\n<\/li>\n\t\t\t<li>\n\t\n<div class=\"tribe-related-events-thumbnail\">\n\t<a href=\"https:\/\/cafelapalma.com\/en\/programacion\/willie-deville-concierto-benefico-x-venezuela\/\" class=\"url\" rel=\"bookmark\" tabindex=\"-1\" aria-hidden=\"true\"><img loading=\"lazy\" decoding=\"async\" width=\"1020\" height=\"531\" src=\"https:\/\/cafelapalma.com\/wp-content\/uploads\/2026\/08\/Willie-deville-1100x572-1-1040x541.jpg\" class=\"attachment-large size-large wp-post-image\" alt=\"\" \/><\/a>\n<\/div>\n\t<div class=\"tribe-related-event-info\">\n\t<h3 class=\"tribe-related-events-title\">\n\t\t<a href=\"https:\/\/cafelapalma.com\/en\/programacion\/willie-deville-concierto-benefico-x-venezuela\/\" class=\"tribe-event-url\" rel=\"bookmark\">\n\t\t\tWILLIE DEVILLE: CONCIERTO BEN\u00c9FICO X VENEZUELA\t\t<\/a>\n\t<\/h3>\n\t<span class=\"tribe-event-date-start\">6  September@21:00<\/span><span class=\"tribe-event-time\">23:45<\/span><\/div>\n<\/li>\n\t<\/ul>","protected":false},"excerpt":{"rendered":"<p>HOFE x 4:40 es el nombre del proyecto que conforman el cantante Igotz Mendez (Hofe) y los productores Xabier Lafuente y Marcos Galech (4:40). Pese a que la uni\u00f3n musical consolidada entre estos tres j\u00f3venes sea relativamente reciente, el tr\u00edo lleva dando guerra en la escena de Iru\u00f1a desde hace ya m\u00e1s de cinco a\u00f1os, &hellip; <\/p>","protected":false},"author":2,"featured_media":29488,"template":"","meta":{"_tec_requires_first_save":false,"_uag_custom_page_level_css":"","loftloader_page_shortcode":"","_EventAllDay":false,"_EventTimezone":"Europe\/Madrid","_EventStartDate":"2024-11-09 22:00:00","_EventEndDate":"2024-11-09 23:45:00","_EventStartDateUTC":"2024-11-09 21:00:00","_EventEndDateUTC":"2024-11-09 22:45:00","_EventShowMap":false,"_EventShowMapLink":false,"_EventURL":"","_EventCost":"ENTRADAS AGOTADAS","_EventCostDescription":"","_EventCurrencySymbol":"\u20ac","_EventCurrencyCode":"USD","_EventCurrencyPosition":"suffix","_EventDateTimeSeparator":"@","_EventTimeRangeSeparator":"-","_EventOrganizerID":[],"_EventVenueID":[],"_OrganizerEmail":"","_OrganizerPhone":"","_OrganizerWebsite":"","_VenueAddress":"","_VenueCity":"","_VenueCountry":"","_VenueProvince":"","_VenueState":"","_VenueZip":"","_VenuePhone":"","_VenueURL":"","_VenueStateProvince":"","_VenueLat":"","_VenueLng":"","_VenueShowMap":false,"_VenueShowMapLink":false,"_tribe_blocks_recurrence_rules":"","_tribe_blocks_recurrence_description":"","_tribe_blocks_recurrence_exclusions":"","_ecp_custom_2":"","_tribe_events_status":"","_tribe_events_status_reason":"","_tribe_events_is_hybrid":"","_tribe_events_is_virtual":"","_tribe_events_virtual_video_source":"","_tribe_events_virtual_embed_video":"","_tribe_events_virtual_linked_button_text":"","_tribe_events_virtual_linked_button":"","_tribe_events_virtual_show_embed_at":"","_tribe_events_virtual_show_embed_to":[],"_tribe_events_virtual_show_on_event":"","_tribe_events_virtual_show_on_views":"","_tribe_events_virtual_url":"","footnotes":""},"tags":[16242,16240,16248,9229,10330,9345,1363,16250,10326,9398,2865,9147,9146,15281,1357,16235,16236,16243,16245,13200,16238,16247,16241,16239,12629,9395,12365,13591,16237],"tribe_events_cat":[8963],"class_list":["post-29486","tribe_events","type-tribe_events","status-publish","has-post-thumbnail","hentry","tag-2-esku-2-laban","tag-amodioa","tag-amorrua","tag-beats","tag-ben-yart","tag-brava","tag-cafe-la-palma","tag-carne-joven","tag-chill-mafia","tag-comunidad-de-madrid","tag-conciertos-cafe-la-palma","tag-conciertos-madrid","tag-conciertos-malasana","tag-dnb","tag-electronica","tag-hofe-x-440","tag-igotz-mendez","tag-kiliki-frexco","tag-la-elite","tag-last-tour","tag-marcos-galech","tag-merina-gris","tag-mzmz-tek","tag-nibbass","tag-nueve-desconocidos","tag-postpunk","tag-radar-joven","tag-suneo","tag-xabier-lafuente","tribe_events_cat-concierto","cat_concierto"],"uagb_featured_image_src":{"full":["https:\/\/cafelapalma.com\/wp-content\/uploads\/2024\/09\/HOFEPIC.jpg",478,851,false],"thumbnail":["https:\/\/cafelapalma.com\/wp-content\/uploads\/2024\/09\/HOFEPIC-150x150.jpg",150,150,true],"medium":["https:\/\/cafelapalma.com\/wp-content\/uploads\/2024\/09\/HOFEPIC-169x300.jpg",169,300,true],"medium_large":["https:\/\/cafelapalma.com\/wp-content\/uploads\/2024\/09\/HOFEPIC.jpg",478,851,false],"large":["https:\/\/cafelapalma.com\/wp-content\/uploads\/2024\/09\/HOFEPIC.jpg",478,851,false],"1536x1536":["https:\/\/cafelapalma.com\/wp-content\/uploads\/2024\/09\/HOFEPIC.jpg",478,851,false],"2048x2048":["https:\/\/cafelapalma.com\/wp-content\/uploads\/2024\/09\/HOFEPIC.jpg",478,851,false],"trp-custom-language-flag":["https:\/\/cafelapalma.com\/wp-content\/uploads\/2024\/09\/HOFEPIC.jpg",7,12,false],"blossom-feminine-slider":["https:\/\/cafelapalma.com\/wp-content\/uploads\/2024\/09\/HOFEPIC-478x649.jpg",478,649,true],"blossom-feminine-featured":["https:\/\/cafelapalma.com\/wp-content\/uploads\/2024\/09\/HOFEPIC-478x600.jpg",478,600,true],"blossom-feminine-with-sidebar":["https:\/\/cafelapalma.com\/wp-content\/uploads\/2024\/09\/HOFEPIC-478x600.jpg",478,600,true],"blossom-feminine-blog":["https:\/\/cafelapalma.com\/wp-content\/uploads\/2024\/09\/HOFEPIC-435x435.jpg",435,435,true],"blossom-feminine-cat":["https:\/\/cafelapalma.com\/wp-content\/uploads\/2024\/09\/HOFEPIC-450x300.jpg",450,300,true],"blossom-feminine-related":["https:\/\/cafelapalma.com\/wp-content\/uploads\/2024\/09\/HOFEPIC-320x200.jpg",320,200,true],"blossom-feminine-schema":["https:\/\/cafelapalma.com\/wp-content\/uploads\/2024\/09\/HOFEPIC-34x60.jpg",34,60,true]},"uagb_author_info":{"display_name":"Victor","author_link":"https:\/\/cafelapalma.com\/en\/author\/comunicacion\/"},"uagb_comment_info":0,"uagb_excerpt":"HOFE x 4:40 es el nombre del proyecto que conforman el cantante Igotz Mendez (Hofe) y los productores Xabier Lafuente y Marcos Galech (4:40). Pese a que la uni\u00f3n musical consolidada entre estos tres j\u00f3venes sea relativamente reciente, el tr\u00edo lleva dando guerra en la escena de Iru\u00f1a desde hace ya m\u00e1s de cinco a\u00f1os,&hellip;","_links":{"self":[{"href":"https:\/\/cafelapalma.com\/en\/wp-json\/wp\/v2\/tribe_events\/29486","targetHints":{"allow":["GET"]}}],"collection":[{"href":"https:\/\/cafelapalma.com\/en\/wp-json\/wp\/v2\/tribe_events"}],"about":[{"href":"https:\/\/cafelapalma.com\/en\/wp-json\/wp\/v2\/types\/tribe_events"}],"author":[{"embeddable":true,"href":"https:\/\/cafelapalma.com\/en\/wp-json\/wp\/v2\/users\/2"}],"version-history":[{"count":0,"href":"https:\/\/cafelapalma.com\/en\/wp-json\/wp\/v2\/tribe_events\/29486\/revisions"}],"wp:featuredmedia":[{"embeddable":true,"href":"https:\/\/cafelapalma.com\/en\/wp-json\/wp\/v2\/media\/29488"}],"wp:attachment":[{"href":"https:\/\/cafelapalma.com\/en\/wp-json\/wp\/v2\/media?parent=29486"}],"wp:term":[{"taxonomy":"post_tag","embeddable":true,"href":"https:\/\/cafelapalma.com\/en\/wp-json\/wp\/v2\/tags?post=29486"},{"taxonomy":"tribe_events_cat","embeddable":true,"href":"https:\/\/cafelapalma.com\/en\/wp-json\/wp\/v2\/tribe_events_cat?post=29486"}],"curies":[{"name":"wp","href":"https:\/\/api.w.org\/{rel}","templated":true}]}}