{"id":29501,"date":"2024-09-23T13:02:36","date_gmt":"2024-09-23T11:02:36","guid":{"rendered":"https:\/\/cafelapalma.com\/programacion\/music-coolture-rb-session-live-music-3-copy\/"},"modified":"2024-09-23T13:16:56","modified_gmt":"2024-09-23T11:16:56","slug":"music-coolture-rb-session-live-music-4","status":"publish","type":"tribe_events","link":"https:\/\/cafelapalma.com\/en\/programacion\/music-coolture-rb-session-live-music-4\/","title":{"rendered":"SAMUEL NAGATI + AMBIZIUS + RJAYMUSIQ"},"content":{"rendered":"<div  class=\"tribe-events-schedule tribe-clearfix\" >\n\t<p class=\"tribe-events-schedule__datetime\">\n\t\t<span class=\"tribe-events-schedule__date tribe-events-schedule__date--start\">\n\t\t\t13  October  2024\t\t<\/span>\n\n\t\t\t\t\t<span class=\"tribe-events-schedule__separator tribe-events-schedule__separator--date\">\n\t\t\t\t@\t\t\t<\/span>\n\t\t\t<span class=\"tribe-events-schedule__time tribe-events-schedule__time--start\">\n\t\t\t\t21:00\t\t\t<\/span>\n\t\t\n\t\t\t\t\t\t\t\t\t<span class=\"tribe-events-schedule__separator tribe-events-schedule__separator--time\">\n\t\t\t\t\t&#8211;\t\t\t\t<\/span>\n\t\t\t\n\t\t\t\t\t\t\t<span class=\"tribe-events-schedule__time tribe-events-schedule__time--end\">\n\t\t\t\t\t23:15\t\t\t\t<\/span>\n\t\t\t\n\t\t\t\t\t\t<\/p>\n<\/div>\n\n\n<div  class=\"tribe-block tribe-block__event-price\" >\n\t\t\t<span class=\"tribe-block__event-price__cost\"> 12\u20ac <\/span>\n\t\t\t\t<span class=\"tribe-block__event-price__description\">+ gg Anticipada | 14\u20ac Taquilla<\/span>\n\t<\/div>\n\n\n\n<div style=\"height:100px\" aria-hidden=\"true\" class=\"wp-block-spacer\"><\/div>\n\n\n\n<div class=\"wp-block-columns is-layout-flex wp-container-core-columns-is-layout-8f761849 wp-block-columns-is-layout-flex\">\n<div class=\"wp-block-column is-layout-flow wp-block-column-is-layout-flow\" style=\"flex-basis:33.33%\">\n<figure class=\"wp-block-image size-large\"><img loading=\"lazy\" decoding=\"async\" width=\"735\" height=\"1040\" src=\"https:\/\/cafelapalma.com\/wp-content\/uploads\/2024\/09\/MUSIC-COOLTURE-OCT-A3-LOW-735x1040.jpg\" alt=\"\" class=\"wp-image-29502\" srcset=\"https:\/\/cafelapalma.com\/wp-content\/uploads\/2024\/09\/MUSIC-COOLTURE-OCT-A3-LOW-735x1040.jpg 735w, https:\/\/cafelapalma.com\/wp-content\/uploads\/2024\/09\/MUSIC-COOLTURE-OCT-A3-LOW-212x300.jpg 212w, https:\/\/cafelapalma.com\/wp-content\/uploads\/2024\/09\/MUSIC-COOLTURE-OCT-A3-LOW-768x1086.jpg 768w, https:\/\/cafelapalma.com\/wp-content\/uploads\/2024\/09\/MUSIC-COOLTURE-OCT-A3-LOW-1086x1536.jpg 1086w, https:\/\/cafelapalma.com\/wp-content\/uploads\/2024\/09\/MUSIC-COOLTURE-OCT-A3-LOW-42x60.jpg 42w, https:\/\/cafelapalma.com\/wp-content\/uploads\/2024\/09\/MUSIC-COOLTURE-OCT-A3-LOW.jpg 1414w\" sizes=\"auto, (max-width: 735px) 100vw, 735px\" \/><\/figure>\n\n\n<div  class=\"tribe-block tribe-block__event-website\" >\n\t<a\n\t\thref=\"https:\/\/www.passline.com\/eventos\/music-coolture-samuel-nagati-ambizius-rjay-musiq\"\n\t\ttarget=\"_self\"\n\t\t\t>\n\t\tBUY TICKETS\t<\/a>\n<\/div>\n<\/div>\n\n\n\n<div class=\"wp-block-column is-layout-flow wp-block-column-is-layout-flow\" style=\"flex-basis:66.66%\">\n<p class=\"wp-block-paragraph\"><\/p>\n\n\n\n<p class=\"has-text-align-left wp-block-paragraph\">\u00a1Descubre la esencia del R&amp;B con <strong>MUSIC COOLTURE<\/strong>, el evento de m\u00fasica en directo imprescindible en <strong>Madrid<\/strong>!&nbsp;\u00danete a nosotros con los sonidos m\u00e1s cautivadores del R&amp;B a nivel nacional e internacional.<\/p>\n\n\n\n<p class=\"has-text-align-right wp-block-paragraph\"><em><a href=\"https:\/\/www.instagram.com\/music.coolture\/\">Sigue a <\/a><\/em><strong><a href=\"https:\/\/www.instagram.com\/music.coolture\/\">MUSIC COOLTURE<\/a><\/strong><em><a href=\"https:\/\/www.instagram.com\/music.coolture\/\"> in <\/a><\/em><strong><a href=\"https:\/\/www.instagram.com\/music.coolture\/\">Instagram<\/a><\/strong><\/p>\n\n\n\n<p class=\"has-text-align-left wp-block-paragraph\"><strong>SAMUEL NAGATI<\/strong>, artista barcelon\u00e9s de ascendencia norteafricana, formado en canto y baile, combina ambos mundos en una propuesta vers\u00e1til dentro del g\u00e9nero urbano. En su \u00faltimo proyecto, Samuel ha transicionado a un nuevo sonido mucho m\u00e1s fresco y actual, el cu\u00e1l queda reflejado \u00faltimo EP, <em><strong>\u201cN2K\u201d<\/strong><\/em> con temas como <em><strong>\u201cMariposas\u201d<\/strong><\/em>, con el que cautiv\u00f3 al jurado en las audiciones de <strong>Factor X 2024 Espa\u00f1a<\/strong>, en el que lleg\u00f3 a ser finalista. Sus dos \u00fatlimos EPs <strong><em>\u201cNoct\u00e1\u201d<\/em><\/strong>,<strong><em> \u201cN2K\u201d<\/em><\/strong>, definen el actual sonido de Samuel, que ha actuado en espacios como <strong>Primavera Sound<\/strong>, <strong>La Merc\u00e8<\/strong>, <strong>MadCool Talent<\/strong> y <strong>M\u00e1s y M\u00e1s Festival<\/strong>.<\/p>\n\n\n\n<p class=\"has-text-align-right wp-block-paragraph\"><em><a href=\"https:\/\/open.spotify.com\/intl-es\/artist\/31nHXIszRXT5C9THnHaflJ?si=QTCLT5ruRVqRnK-WvRlbCA\">Listen to <\/a><\/em><strong><a href=\"https:\/\/open.spotify.com\/intl-es\/artist\/31nHXIszRXT5C9THnHaflJ?si=QTCLT5ruRVqRnK-WvRlbCA\">S<\/a><a href=\"https:\/\/open.spotify.com\/intl-es\/artist\/12nbwudI19m47N4B4qBfp1?si=XVB4WhjNR7COVw2vg_HMDA\">AMUEL NAGATI <\/a><\/strong><em><a href=\"https:\/\/open.spotify.com\/intl-es\/artist\/12nbwudI19m47N4B4qBfp1?si=XVB4WhjNR7COVw2vg_HMDA\">in <\/a><\/em><strong><a href=\"https:\/\/open.spotify.com\/intl-es\/artist\/12nbwudI19m47N4B4qBfp1?si=XVB4WhjNR7COVw2vg_HMDA\">Spotify<\/a><\/strong><\/p>\n\n\n\n<p class=\"has-text-align-left wp-block-paragraph\">Con ra\u00edces belgas y africanas, <strong>AMBIZIUS <\/strong>es conocida por mezclar influencias del R&amp;B, hip-hop y la m\u00fasica latina y se caracteriza por tratar temas de empoderamiento, ambici\u00f3n y superaci\u00f3n de la adversidad. Ha lanzado varias canciones y \u00e1lbumes, como <strong><em>\u00abPrioridades\u00bb<\/em><\/strong>, <strong><em>\u00abValdr\u00e1 la Pena\u00bb<\/em><\/strong> y <em><strong>\u00abPerreito Espiritual\u00bb<\/strong><\/em>. Adem\u00e1s, ha colaborado con otros artistas como <strong>XNilo <\/strong>y <strong>MdMedina <\/strong>en canciones como <strong><em>\u00abBodyline\u00bb<\/em><\/strong>.\u00a0<\/p>\n\n\n\n<p class=\"has-text-align-right wp-block-paragraph\"><em><a href=\"https:\/\/open.spotify.com\/intl-es\/artist\/0p6FvgFSje7efWY5CPlopK?si=A8KwfyfySp6rk6mYeU5Ulg&amp;nd=1&amp;dlsi=e4f757802d314f56\">E<\/a><a href=\"https:\/\/open.spotify.com\/intl-es\/artist\/4DAp0vMEyBKZiq78VUmj3G?si=7cPiMAViT3CELGDf8MVAaw\">scucha a <\/a><\/em><strong><a href=\"https:\/\/open.spotify.com\/intl-es\/artist\/4DAp0vMEyBKZiq78VUmj3G?si=7cPiMAViT3CELGDf8MVAaw\">AMBIZIUS<\/a><\/strong><em><a href=\"https:\/\/open.spotify.com\/intl-es\/artist\/4DAp0vMEyBKZiq78VUmj3G?si=7cPiMAViT3CELGDf8MVAaw\"> in <\/a><\/em><strong><a href=\"https:\/\/open.spotify.com\/intl-es\/artist\/4DAp0vMEyBKZiq78VUmj3G?si=7cPiMAViT3CELGDf8MVAaw\">Spotify<\/a><\/strong><\/p>\n\n\n\n<p class=\"has-text-align-left wp-block-paragraph\"><strong>RJayMusiq <\/strong>tambi\u00e9n conocido como <strong>RJay <\/strong>se cri\u00f3 en el sur de <strong>Londres<\/strong>. Cantante, compositor, productor y DJ, es un <em>Musiq Guy<\/em> en toda regla. Creci\u00f3 en el seno de una familia con una s\u00f3lida formaci\u00f3n musical, lo que influy\u00f3 enormemente en sus gustos. Desde que cantaba en la iglesia, rodeado de un ambiente gospel desde muy joven, hasta la m\u00fasica R&amp;B y reggae. RJay se enorgullece de tener fuertes influencias de artistas como <strong>Brandy<\/strong>, <strong>Stevie Wonder<\/strong>, <strong>Donnell Jones <\/strong>con una mezcla de sus voces m\u00e1s actuales de R&amp;B como <strong>Eric Bellinger<\/strong>, <strong>Angel <\/strong>y <strong>Chris Brown<\/strong>. Puedes escuchar la mezcla de estas texturas en su \u00faltimo proyecto <em><strong>\u00abOut The Blue\u00bb<\/strong><\/em>.\u00a0<\/p>\n\n\n\n<p class=\"has-text-align-right wp-block-paragraph\"><em><a href=\"https:\/\/open.spotify.com\/intl-es\/artist\/5cnqgpFeF0fjsExLbKG6Kw?si=z4fSb3c7Sb-kVEZv7LWAwg\">Es<\/a><a href=\"https:\/\/open.spotify.com\/intl-es\/artist\/14ND48WwXhyphAjO0HwiXj?si=4AmsqjaKTAaOYGDXOtzrow\">cucha a <\/a><\/em><strong><a href=\"https:\/\/open.spotify.com\/intl-es\/artist\/14ND48WwXhyphAjO0HwiXj?si=4AmsqjaKTAaOYGDXOtzrow\">RJAYMUSIQ <\/a><\/strong><em><a href=\"https:\/\/open.spotify.com\/intl-es\/artist\/14ND48WwXhyphAjO0HwiXj?si=4AmsqjaKTAaOYGDXOtzrow\">in <\/a><\/em><strong><a href=\"https:\/\/open.spotify.com\/intl-es\/artist\/14ND48WwXhyphAjO0HwiXj?si=4AmsqjaKTAaOYGDXOtzrow\">Spotify<\/a><\/strong><\/p>\n<\/div>\n<\/div>\n\n\n\n<div style=\"height:100px\" aria-hidden=\"true\" class=\"wp-block-spacer\"><\/div>\n\n\n\n<hr class=\"wp-block-separator has-alpha-channel-opacity\"\/>\n\n\n\n<div style=\"height:100px\" aria-hidden=\"true\" class=\"wp-block-spacer\"><\/div>\n\n\n<h2 class=\"tribe-block__related-events__title\">Related Events<\/h2>\n\n<ul  class=\"tribe-related-events tribe-clearfix\" >\n\t\t\t<li>\n\t\n<div class=\"tribe-related-events-thumbnail\">\n\t<a href=\"https:\/\/cafelapalma.com\/en\/programacion\/funkin-donuts\/\" class=\"url\" rel=\"bookmark\" tabindex=\"-1\" aria-hidden=\"true\"><img loading=\"lazy\" decoding=\"async\" width=\"693\" height=\"1040\" src=\"https:\/\/cafelapalma.com\/wp-content\/uploads\/2026\/07\/FD-vert2-bn-693x1040.jpg\" class=\"attachment-large size-large wp-post-image\" alt=\"\" \/><\/a>\n<\/div>\n\t<div class=\"tribe-related-event-info\">\n\t<h3 class=\"tribe-related-events-title\">\n\t\t<a href=\"https:\/\/cafelapalma.com\/en\/programacion\/funkin-donuts\/\" class=\"tribe-event-url\" rel=\"bookmark\">\n\t\t\tFUNKIN&#8217; DONUTS\t\t<\/a>\n\t<\/h3>\n\t<span class=\"tribe-event-date-start\">5  September@22:00<\/span><span class=\"tribe-event-time\">23:45<\/span><\/div>\n<\/li>\n\t\t\t<li>\n\t\n<div class=\"tribe-related-events-thumbnail\">\n\t<a href=\"https:\/\/cafelapalma.com\/en\/programacion\/backstage-le-petit-truffle-mayo\/\" class=\"url\" rel=\"bookmark\" tabindex=\"-1\" aria-hidden=\"true\"><img loading=\"lazy\" decoding=\"async\" width=\"780\" height=\"1040\" src=\"https:\/\/cafelapalma.com\/wp-content\/uploads\/2026\/07\/Imagen-TruffleMayo-LePetit-i-1-780x1040.png\" class=\"attachment-large size-large wp-post-image\" alt=\"\" \/><\/a>\n<\/div>\n\t<div class=\"tribe-related-event-info\">\n\t<h3 class=\"tribe-related-events-title\">\n\t\t<a href=\"https:\/\/cafelapalma.com\/en\/programacion\/backstage-le-petit-truffle-mayo\/\" class=\"tribe-event-url\" rel=\"bookmark\">\n\t\t\tBACKSTAGE: LE PETIT + TRUFFLE MAYO\t\t<\/a>\n\t<\/h3>\n\t<span class=\"tribe-event-date-start\">5  September@23:55<\/span><\/div>\n<\/li>\n\t\t\t<li>\n\t\n<div class=\"tribe-related-events-thumbnail\">\n\t<a href=\"https:\/\/cafelapalma.com\/en\/programacion\/willie-deville-concierto-benefico-x-venezuela\/\" class=\"url\" rel=\"bookmark\" tabindex=\"-1\" aria-hidden=\"true\"><img loading=\"lazy\" decoding=\"async\" width=\"1020\" height=\"531\" src=\"https:\/\/cafelapalma.com\/wp-content\/uploads\/2026\/08\/Willie-deville-1100x572-1-1040x541.jpg\" class=\"attachment-large size-large wp-post-image\" alt=\"\" \/><\/a>\n<\/div>\n\t<div class=\"tribe-related-event-info\">\n\t<h3 class=\"tribe-related-events-title\">\n\t\t<a href=\"https:\/\/cafelapalma.com\/en\/programacion\/willie-deville-concierto-benefico-x-venezuela\/\" class=\"tribe-event-url\" rel=\"bookmark\">\n\t\t\tWILLIE DEVILLE: CONCIERTO BEN\u00c9FICO X VENEZUELA\t\t<\/a>\n\t<\/h3>\n\t<span class=\"tribe-event-date-start\">6  September@21:00<\/span><span class=\"tribe-event-time\">23:45<\/span><\/div>\n<\/li>\n\t<\/ul>","protected":false},"excerpt":{"rendered":"<p>\u00a1Descubre la esencia del R&amp;B con MUSIC COOLTURE, el evento de m\u00fasica en directo imprescindible en Madrid!&nbsp;\u00danete a nosotros con los sonidos m\u00e1s cautivadores del R&amp;B a nivel nacional e internacional. Sigue a MUSIC COOLTURE en Instagram SAMUEL NAGATI, artista barcelon\u00e9s de ascendencia norteafricana, formado en canto y baile, combina ambos mundos en una propuesta &hellip; <\/p>","protected":false},"author":2,"featured_media":29345,"template":"","meta":{"_tec_requires_first_save":false,"_uag_custom_page_level_css":"","loftloader_page_shortcode":"","_EventAllDay":false,"_EventTimezone":"Europe\/Madrid","_EventStartDate":"2024-10-13 21:00:00","_EventEndDate":"2024-10-13 23:15:00","_EventStartDateUTC":"2024-10-13 19:00:00","_EventEndDateUTC":"2024-10-13 21:15:00","_EventShowMap":false,"_EventShowMapLink":false,"_EventURL":"https:\/\/www.passline.com\/eventos\/music-coolture-samuel-nagati-ambizius-rjay-musiq","_EventCost":"12","_EventCostDescription":"","_EventCurrencySymbol":"\u20ac","_EventCurrencyCode":"USD","_EventCurrencyPosition":"suffix","_EventDateTimeSeparator":"@","_EventTimeRangeSeparator":"-","_EventOrganizerID":[],"_EventVenueID":[],"_OrganizerEmail":"","_OrganizerPhone":"","_OrganizerWebsite":"","_VenueAddress":"","_VenueCity":"","_VenueCountry":"","_VenueProvince":"","_VenueState":"","_VenueZip":"","_VenuePhone":"","_VenueURL":"","_VenueStateProvince":"","_VenueLat":"","_VenueLng":"","_VenueShowMap":false,"_VenueShowMapLink":false,"_tribe_blocks_recurrence_rules":"","_tribe_blocks_recurrence_description":"","_tribe_blocks_recurrence_exclusions":"","_ecp_custom_2":"","_tribe_events_status":"","_tribe_events_status_reason":"","_tribe_events_is_hybrid":"","_tribe_events_is_virtual":"","_tribe_events_virtual_video_source":"","_tribe_events_virtual_embed_video":"","_tribe_events_virtual_linked_button_text":"","_tribe_events_virtual_linked_button":"","_tribe_events_virtual_show_embed_at":"","_tribe_events_virtual_show_embed_to":[],"_tribe_events_virtual_show_on_event":"","_tribe_events_virtual_show_on_views":"","_tribe_events_virtual_url":"","footnotes":""},"tags":[12702,16255,16140,16265,10970,1363,2865,9147,9146,779,16263,15400,16257,12765,16259,16266,16262,16260,9630,9632,10232,9631,16253,16254,16256,16261,16264],"tribe_events_cat":[8963],"class_list":["post-29501","tribe_events","type-tribe_events","status-publish","has-post-thumbnail","hentry","tag-afrobeat","tag-ambizius","tag-ana-rivera","tag-bodyline","tag-bossa-nova","tag-cafe-la-palma","tag-conciertos-cafe-la-palma","tag-conciertos-madrid","tag-conciertos-malasana","tag-funk","tag-mdmedina","tag-music-coolture","tag-n2k","tag-neosoul","tag-nocta","tag-out-the-blue","tag-perreito-espiritual","tag-prioridades","tag-rnb","tag-rb","tag-reggae","tag-rhythm-and-blues","tag-rjay","tag-rjaymusiq","tag-samuel-nagati","tag-valdra-la-pena","tag-xnilo","tribe_events_cat-concierto","cat_concierto"],"uagb_featured_image_src":{"full":["https:\/\/cafelapalma.com\/wp-content\/uploads\/2024\/07\/MCFRONT.jpg",1080,1920,false],"thumbnail":["https:\/\/cafelapalma.com\/wp-content\/uploads\/2024\/07\/MCFRONT-150x150.jpg",150,150,true],"medium":["https:\/\/cafelapalma.com\/wp-content\/uploads\/2024\/07\/MCFRONT-169x300.jpg",169,300,true],"medium_large":["https:\/\/cafelapalma.com\/wp-content\/uploads\/2024\/07\/MCFRONT-768x1365.jpg",768,1365,true],"large":["https:\/\/cafelapalma.com\/wp-content\/uploads\/2024\/07\/MCFRONT-585x1040.jpg",585,1040,true],"1536x1536":["https:\/\/cafelapalma.com\/wp-content\/uploads\/2024\/07\/MCFRONT-864x1536.jpg",864,1536,true],"2048x2048":["https:\/\/cafelapalma.com\/wp-content\/uploads\/2024\/07\/MCFRONT.jpg",1080,1920,false],"trp-custom-language-flag":["https:\/\/cafelapalma.com\/wp-content\/uploads\/2024\/07\/MCFRONT.jpg",7,12,false],"blossom-feminine-slider":["https:\/\/cafelapalma.com\/wp-content\/uploads\/2024\/07\/MCFRONT-1080x649.jpg",1080,649,true],"blossom-feminine-featured":["https:\/\/cafelapalma.com\/wp-content\/uploads\/2024\/07\/MCFRONT-1080x600.jpg",1080,600,true],"blossom-feminine-with-sidebar":["https:\/\/cafelapalma.com\/wp-content\/uploads\/2024\/07\/MCFRONT-1020x600.jpg",1020,600,true],"blossom-feminine-blog":["https:\/\/cafelapalma.com\/wp-content\/uploads\/2024\/07\/MCFRONT-435x435.jpg",435,435,true],"blossom-feminine-cat":["https:\/\/cafelapalma.com\/wp-content\/uploads\/2024\/07\/MCFRONT-450x300.jpg",450,300,true],"blossom-feminine-related":["https:\/\/cafelapalma.com\/wp-content\/uploads\/2024\/07\/MCFRONT-320x200.jpg",320,200,true],"blossom-feminine-schema":["https:\/\/cafelapalma.com\/wp-content\/uploads\/2024\/07\/MCFRONT-34x60.jpg",34,60,true]},"uagb_author_info":{"display_name":"Victor","author_link":"https:\/\/cafelapalma.com\/en\/author\/comunicacion\/"},"uagb_comment_info":0,"uagb_excerpt":"\u00a1Descubre la esencia del R&amp;B con MUSIC COOLTURE, el evento de m\u00fasica en directo imprescindible en Madrid!&nbsp;\u00danete a nosotros con los sonidos m\u00e1s cautivadores del R&amp;B a nivel nacional e internacional. Sigue a MUSIC COOLTURE en Instagram SAMUEL NAGATI, artista barcelon\u00e9s de ascendencia norteafricana, formado en canto y baile, combina ambos mundos en una propuesta&hellip;","_links":{"self":[{"href":"https:\/\/cafelapalma.com\/en\/wp-json\/wp\/v2\/tribe_events\/29501","targetHints":{"allow":["GET"]}}],"collection":[{"href":"https:\/\/cafelapalma.com\/en\/wp-json\/wp\/v2\/tribe_events"}],"about":[{"href":"https:\/\/cafelapalma.com\/en\/wp-json\/wp\/v2\/types\/tribe_events"}],"author":[{"embeddable":true,"href":"https:\/\/cafelapalma.com\/en\/wp-json\/wp\/v2\/users\/2"}],"version-history":[{"count":0,"href":"https:\/\/cafelapalma.com\/en\/wp-json\/wp\/v2\/tribe_events\/29501\/revisions"}],"wp:featuredmedia":[{"embeddable":true,"href":"https:\/\/cafelapalma.com\/en\/wp-json\/wp\/v2\/media\/29345"}],"wp:attachment":[{"href":"https:\/\/cafelapalma.com\/en\/wp-json\/wp\/v2\/media?parent=29501"}],"wp:term":[{"taxonomy":"post_tag","embeddable":true,"href":"https:\/\/cafelapalma.com\/en\/wp-json\/wp\/v2\/tags?post=29501"},{"taxonomy":"tribe_events_cat","embeddable":true,"href":"https:\/\/cafelapalma.com\/en\/wp-json\/wp\/v2\/tribe_events_cat?post=29501"}],"curies":[{"name":"wp","href":"https:\/\/api.w.org\/{rel}","templated":true}]}}