{"id":29555,"date":"2024-09-27T12:14:07","date_gmt":"2024-09-27T10:14:07","guid":{"rendered":"https:\/\/cafelapalma.com\/?post_type=tribe_events&#038;p=29555"},"modified":"2024-11-13T19:00:55","modified_gmt":"2024-11-13T18:00:55","slug":"aguas-internacionales-camino-artico","status":"publish","type":"tribe_events","link":"https:\/\/cafelapalma.com\/en\/programacion\/aguas-internacionales-camino-artico\/","title":{"rendered":"AGUAS INTERNACIONALES + CAMINO \u00c1RTICO"},"content":{"rendered":"<div  class=\"tribe-events-schedule tribe-clearfix\" >\n\t<p class=\"tribe-events-schedule__datetime\">\n\t\t<span class=\"tribe-events-schedule__date tribe-events-schedule__date--start\">\n\t\t\t14  November  2024\t\t<\/span>\n\n\t\t\t\t\t<span class=\"tribe-events-schedule__separator tribe-events-schedule__separator--date\">\n\t\t\t\t@\t\t\t<\/span>\n\t\t\t<span class=\"tribe-events-schedule__time tribe-events-schedule__time--start\">\n\t\t\t\t21:00\t\t\t<\/span>\n\t\t\n\t\t\t\t\t\t\t\t\t<span class=\"tribe-events-schedule__separator tribe-events-schedule__separator--time\">\n\t\t\t\t\t&#8211;\t\t\t\t<\/span>\n\t\t\t\n\t\t\t\t\t\t\t<span class=\"tribe-events-schedule__time tribe-events-schedule__time--end\">\n\t\t\t\t\t23:45\t\t\t\t<\/span>\n\t\t\t\n\t\t\t\t\t\t<\/p>\n<\/div>\n\n\n<div  class=\"tribe-block tribe-block__event-price\" >\n\t\t\t<span class=\"tribe-block__event-price__cost\"> ENTRADAS AGOTADAS <\/span>\n\t\t\t\t<span class=\"tribe-block__event-price__description\">#soldout<\/span>\n\t<\/div>\n\n\n\n<div style=\"height:100px\" aria-hidden=\"true\" class=\"wp-block-spacer\"><\/div>\n\n\n\n<div class=\"wp-block-columns is-layout-flex wp-container-core-columns-is-layout-8f761849 wp-block-columns-is-layout-flex\">\n<div class=\"wp-block-column is-layout-flow wp-block-column-is-layout-flow\" style=\"flex-basis:33.33%\">\n<figure class=\"wp-block-image size-large\"><img loading=\"lazy\" decoding=\"async\" width=\"735\" height=\"1040\" src=\"https:\/\/cafelapalma.com\/wp-content\/uploads\/2024\/09\/AGUAS-INTERNACIONALES-A3-LOW-735x1040.jpg\" alt=\"\" class=\"wp-image-29556\" srcset=\"https:\/\/cafelapalma.com\/wp-content\/uploads\/2024\/09\/AGUAS-INTERNACIONALES-A3-LOW-735x1040.jpg 735w, https:\/\/cafelapalma.com\/wp-content\/uploads\/2024\/09\/AGUAS-INTERNACIONALES-A3-LOW-212x300.jpg 212w, https:\/\/cafelapalma.com\/wp-content\/uploads\/2024\/09\/AGUAS-INTERNACIONALES-A3-LOW-768x1086.jpg 768w, https:\/\/cafelapalma.com\/wp-content\/uploads\/2024\/09\/AGUAS-INTERNACIONALES-A3-LOW-1086x1536.jpg 1086w, https:\/\/cafelapalma.com\/wp-content\/uploads\/2024\/09\/AGUAS-INTERNACIONALES-A3-LOW-1448x2048.jpg 1448w, https:\/\/cafelapalma.com\/wp-content\/uploads\/2024\/09\/AGUAS-INTERNACIONALES-A3-LOW-42x60.jpg 42w\" sizes=\"auto, (max-width: 735px) 100vw, 735px\" \/><\/figure>\n<\/div>\n\n\n\n<div class=\"wp-block-column is-layout-flow wp-block-column-is-layout-flow\" style=\"flex-basis:66.66%\">\n<p class=\"wp-block-paragraph\"><\/p>\n\n\n\n<p class=\"has-text-align-left wp-block-paragraph\"><strong>AGUAS INTERNACIONALES<\/strong> es una banda de indie-rock (si es que el indie existe) formada en <strong>Madrid <\/strong>por <strong>Emilio <\/strong>(vocalista y guitarra r\u00edtmica), <strong>Ale <\/strong>(bajo), <strong>Javo <\/strong>(bater\u00eda) y <strong>Carmen <\/strong>(guitarra solista). Su m\u00fasica se caracteriza por melod\u00edas pegajosas, letras evocadoras con un toque melanc\u00f3lico, ritmos en\u00e9rgicos y potentes riffs.<\/p>\n\n\n\n<p class=\"has-text-align-left wp-block-paragraph\">Hace pocos meses grabaron lo que ser\u00e1 su primer EP, producido por <strong>Jorge Blanco<\/strong> in <strong>Klinik Studios<\/strong>, que ver\u00e1 la luz a principios de la primavera de 2025.<\/p>\n\n\n\n<p class=\"has-text-align-right wp-block-paragraph\"><em><a href=\"https:\/\/www.instagram.com\/aguasinternacionales_music\/\">Sigue a <\/a><\/em><strong><a href=\"https:\/\/www.instagram.com\/aguasinternacionales_music\/\">AGUAS INTERNACIONALES<\/a><\/strong><em><a href=\"https:\/\/www.instagram.com\/aguasinternacionales_music\/\"> in <\/a><\/em><strong><a href=\"https:\/\/www.instagram.com\/aguasinternacionales_music\/\">Instagram<\/a><\/strong><\/p>\n\n\n\n<p class=\"has-text-align-left wp-block-paragraph\"><strong>CAMINO \u00c1RTICO<\/strong> nace de las cenizas de proyectos anteriores. <strong>David<\/strong>, <strong>Denis<\/strong>, <strong>Luis <\/strong>y <strong>Melvin <\/strong>unen su pasi\u00f3n por la m\u00fasica, sus influencias y experiencia para dar vida en los escenarios a <strong><em>\u00abPunto de Partida\u00bb<\/em><\/strong> el primer EP de la banda y a nuevos temas que surgen de lo m\u00e1s profundo de la monta\u00f1a. Adoptando sonidos del country, folk, rock e indie, con sus arm\u00f3nicas, guitarras ac\u00fasticas, el\u00e9ctricas, unas bater\u00edas marcadas y unos bajos que complementan y llenan la atm\u00f3sfera de su caracter\u00edstico sonido.<\/p>\n\n\n\n<p class=\"has-text-align-right wp-block-paragraph\"><em><a href=\"https:\/\/open.spotify.com\/intl-es\/artist\/5j5kex0rLW7rq77Dg4rlty?si=78oNHbfrQGKSbTxZ3eJrWQ\">Listen to <\/a><\/em><strong><a href=\"https:\/\/open.spotify.com\/intl-es\/artist\/5j5kex0rLW7rq77Dg4rlty?si=78oNHbfrQGKSbTxZ3eJrWQ\">CAMINO \u00c1RTICO<\/a><\/strong><em><a href=\"https:\/\/open.spotify.com\/intl-es\/artist\/5j5kex0rLW7rq77Dg4rlty?si=78oNHbfrQGKSbTxZ3eJrWQ\"> in <\/a><\/em><strong><a href=\"https:\/\/open.spotify.com\/intl-es\/artist\/5j5kex0rLW7rq77Dg4rlty?si=78oNHbfrQGKSbTxZ3eJrWQ\">Spotify<\/a><\/strong><\/p>\n<\/div>\n<\/div>\n\n\n\n<div style=\"height:100px\" aria-hidden=\"true\" class=\"wp-block-spacer\"><\/div>\n\n\n\n<hr class=\"wp-block-separator has-alpha-channel-opacity\"\/>\n\n\n\n<div style=\"height:100px\" aria-hidden=\"true\" class=\"wp-block-spacer\"><\/div>\n\n\n<h2 class=\"tribe-block__related-events__title\">Related Events<\/h2>\n\n<ul  class=\"tribe-related-events tribe-clearfix\" >\n\t\t\t<li>\n\t\n<div class=\"tribe-related-events-thumbnail\">\n\t<a href=\"https:\/\/cafelapalma.com\/en\/programacion\/vodu-lady-pina-israel-gil\/\" class=\"url\" rel=\"bookmark\" tabindex=\"-1\" aria-hidden=\"true\"><img loading=\"lazy\" decoding=\"async\" width=\"1020\" height=\"680\" src=\"https:\/\/cafelapalma.com\/wp-content\/uploads\/2026\/07\/Lady2-1040x693.jpg\" class=\"attachment-large size-large wp-post-image\" alt=\"\" \/><\/a>\n<\/div>\n\t<div class=\"tribe-related-event-info\">\n\t<h3 class=\"tribe-related-events-title\">\n\t\t<a href=\"https:\/\/cafelapalma.com\/en\/programacion\/vodu-lady-pina-israel-gil\/\" class=\"tribe-event-url\" rel=\"bookmark\">\n\t\t\tVOD\u00da: LADY PI\u00d1A + ISRAEL GIL\t\t<\/a>\n\t<\/h3>\n\t<span class=\"tribe-event-date-start\">4  September@23:55<\/span><\/div>\n<\/li>\n\t\t\t<li>\n\t\n<div class=\"tribe-related-events-thumbnail\">\n\t<a href=\"https:\/\/cafelapalma.com\/en\/programacion\/funkin-donuts\/\" class=\"url\" rel=\"bookmark\" tabindex=\"-1\" aria-hidden=\"true\"><img loading=\"lazy\" decoding=\"async\" width=\"693\" height=\"1040\" src=\"https:\/\/cafelapalma.com\/wp-content\/uploads\/2026\/07\/FD-vert2-bn-693x1040.jpg\" class=\"attachment-large size-large wp-post-image\" alt=\"\" \/><\/a>\n<\/div>\n\t<div class=\"tribe-related-event-info\">\n\t<h3 class=\"tribe-related-events-title\">\n\t\t<a href=\"https:\/\/cafelapalma.com\/en\/programacion\/funkin-donuts\/\" class=\"tribe-event-url\" rel=\"bookmark\">\n\t\t\tFUNKIN&#8217; DONUTS\t\t<\/a>\n\t<\/h3>\n\t<span class=\"tribe-event-date-start\">5  September@22:00<\/span><span class=\"tribe-event-time\">23:45<\/span><\/div>\n<\/li>\n\t\t\t<li>\n\t\n<div class=\"tribe-related-events-thumbnail\">\n\t<a href=\"https:\/\/cafelapalma.com\/en\/programacion\/backstage-le-petit-truffle-mayo\/\" class=\"url\" rel=\"bookmark\" tabindex=\"-1\" aria-hidden=\"true\"><img loading=\"lazy\" decoding=\"async\" width=\"780\" height=\"1040\" src=\"https:\/\/cafelapalma.com\/wp-content\/uploads\/2026\/07\/Imagen-TruffleMayo-LePetit-i-1-780x1040.png\" class=\"attachment-large size-large wp-post-image\" alt=\"\" \/><\/a>\n<\/div>\n\t<div class=\"tribe-related-event-info\">\n\t<h3 class=\"tribe-related-events-title\">\n\t\t<a href=\"https:\/\/cafelapalma.com\/en\/programacion\/backstage-le-petit-truffle-mayo\/\" class=\"tribe-event-url\" rel=\"bookmark\">\n\t\t\tBACKSTAGE: LE PETIT + TRUFFLE MAYO\t\t<\/a>\n\t<\/h3>\n\t<span class=\"tribe-event-date-start\">5  September@23:55<\/span><\/div>\n<\/li>\n\t<\/ul>","protected":false},"excerpt":{"rendered":"<p>AGUAS INTERNACIONALES es una banda de indie-rock (si es que el indie existe) formada en Madrid por Emilio (vocalista y guitarra r\u00edtmica), Ale (bajo), Javo (bater\u00eda) y Carmen (guitarra solista). Su m\u00fasica se caracteriza por melod\u00edas pegajosas, letras evocadoras con un toque melanc\u00f3lico, ritmos en\u00e9rgicos y potentes riffs. Hace pocos meses grabaron lo que ser\u00e1 &hellip; <\/p>","protected":false},"author":2,"featured_media":29557,"template":"","meta":{"_tec_requires_first_save":false,"_uag_custom_page_level_css":"","loftloader_page_shortcode":"","_EventAllDay":false,"_EventTimezone":"Europe\/Madrid","_EventStartDate":"2024-11-14 21:00:00","_EventEndDate":"2024-11-14 23:45:00","_EventStartDateUTC":"2024-11-14 20:00:00","_EventEndDateUTC":"2024-11-14 22:45:00","_EventShowMap":false,"_EventShowMapLink":false,"_EventURL":"https:\/\/www.passline.com\/eventos\/aguas-internacionales-camino-artico","_EventCost":"ENTRADAS AGOTADAS","_EventCostDescription":"","_EventCurrencySymbol":"\u20ac","_EventCurrencyCode":"USD","_EventCurrencyPosition":"suffix","_EventDateTimeSeparator":"@","_EventTimeRangeSeparator":"-","_EventOrganizerID":[],"_EventVenueID":[],"_OrganizerEmail":"","_OrganizerPhone":"","_OrganizerWebsite":"","_VenueAddress":"","_VenueCity":"","_VenueCountry":"","_VenueProvince":"","_VenueState":"","_VenueZip":"","_VenuePhone":"","_VenueURL":"","_VenueStateProvince":"","_VenueLat":"","_VenueLng":"","_VenueShowMap":false,"_VenueShowMapLink":false,"_tribe_blocks_recurrence_rules":"","_tribe_blocks_recurrence_description":"","_tribe_blocks_recurrence_exclusions":"","_ecp_custom_2":"","_tribe_events_status":"","_tribe_events_status_reason":"","_tribe_events_is_hybrid":"","_tribe_events_is_virtual":"","_tribe_events_virtual_video_source":"","_tribe_events_virtual_embed_video":"","_tribe_events_virtual_linked_button_text":"","_tribe_events_virtual_linked_button":"","_tribe_events_virtual_show_embed_at":"","_tribe_events_virtual_show_embed_to":[],"_tribe_events_virtual_show_on_event":"","_tribe_events_virtual_show_on_views":"","_tribe_events_virtual_url":"","footnotes":""},"tags":[16302,1363,8869,15070,2865,9147,9146,10581,9528,8970,13643,13642,1355,15075,1354],"tribe_events_cat":[8963],"class_list":["post-29555","tribe_events","type-tribe_events","status-publish","has-post-thumbnail","hentry","tag-aguas-internacionales","tag-cafe-la-palma","tag-cafe-la-palma-2","tag-camino-artico","tag-conciertos-cafe-la-palma","tag-conciertos-madrid","tag-conciertos-malasana","tag-country","tag-folk","tag-indie","tag-jorge-blanco","tag-klinik-studios","tag-pop","tag-punto-de-partida","tag-rock","tribe_events_cat-concierto","cat_concierto"],"uagb_featured_image_src":{"full":["https:\/\/cafelapalma.com\/wp-content\/uploads\/2024\/09\/AGUASINTERNACIONALESPIC.jpg",1066,1600,false],"thumbnail":["https:\/\/cafelapalma.com\/wp-content\/uploads\/2024\/09\/AGUASINTERNACIONALESPIC-150x150.jpg",150,150,true],"medium":["https:\/\/cafelapalma.com\/wp-content\/uploads\/2024\/09\/AGUASINTERNACIONALESPIC-200x300.jpg",200,300,true],"medium_large":["https:\/\/cafelapalma.com\/wp-content\/uploads\/2024\/09\/AGUASINTERNACIONALESPIC-768x1153.jpg",768,1153,true],"large":["https:\/\/cafelapalma.com\/wp-content\/uploads\/2024\/09\/AGUASINTERNACIONALESPIC-693x1040.jpg",693,1040,true],"1536x1536":["https:\/\/cafelapalma.com\/wp-content\/uploads\/2024\/09\/AGUASINTERNACIONALESPIC-1023x1536.jpg",1023,1536,true],"2048x2048":["https:\/\/cafelapalma.com\/wp-content\/uploads\/2024\/09\/AGUASINTERNACIONALESPIC.jpg",1066,1600,false],"trp-custom-language-flag":["https:\/\/cafelapalma.com\/wp-content\/uploads\/2024\/09\/AGUASINTERNACIONALESPIC.jpg",8,12,false],"blossom-feminine-slider":["https:\/\/cafelapalma.com\/wp-content\/uploads\/2024\/09\/AGUASINTERNACIONALESPIC-1066x649.jpg",1066,649,true],"blossom-feminine-featured":["https:\/\/cafelapalma.com\/wp-content\/uploads\/2024\/09\/AGUASINTERNACIONALESPIC-1066x600.jpg",1066,600,true],"blossom-feminine-with-sidebar":["https:\/\/cafelapalma.com\/wp-content\/uploads\/2024\/09\/AGUASINTERNACIONALESPIC-1020x600.jpg",1020,600,true],"blossom-feminine-blog":["https:\/\/cafelapalma.com\/wp-content\/uploads\/2024\/09\/AGUASINTERNACIONALESPIC-435x435.jpg",435,435,true],"blossom-feminine-cat":["https:\/\/cafelapalma.com\/wp-content\/uploads\/2024\/09\/AGUASINTERNACIONALESPIC-450x300.jpg",450,300,true],"blossom-feminine-related":["https:\/\/cafelapalma.com\/wp-content\/uploads\/2024\/09\/AGUASINTERNACIONALESPIC-320x200.jpg",320,200,true],"blossom-feminine-schema":["https:\/\/cafelapalma.com\/wp-content\/uploads\/2024\/09\/AGUASINTERNACIONALESPIC-40x60.jpg",40,60,true]},"uagb_author_info":{"display_name":"Victor","author_link":"https:\/\/cafelapalma.com\/en\/author\/comunicacion\/"},"uagb_comment_info":0,"uagb_excerpt":"AGUAS INTERNACIONALES es una banda de indie-rock (si es que el indie existe) formada en Madrid por Emilio (vocalista y guitarra r\u00edtmica), Ale (bajo), Javo (bater\u00eda) y Carmen (guitarra solista). Su m\u00fasica se caracteriza por melod\u00edas pegajosas, letras evocadoras con un toque melanc\u00f3lico, ritmos en\u00e9rgicos y potentes riffs. Hace pocos meses grabaron lo que ser\u00e1&hellip;","_links":{"self":[{"href":"https:\/\/cafelapalma.com\/en\/wp-json\/wp\/v2\/tribe_events\/29555","targetHints":{"allow":["GET"]}}],"collection":[{"href":"https:\/\/cafelapalma.com\/en\/wp-json\/wp\/v2\/tribe_events"}],"about":[{"href":"https:\/\/cafelapalma.com\/en\/wp-json\/wp\/v2\/types\/tribe_events"}],"author":[{"embeddable":true,"href":"https:\/\/cafelapalma.com\/en\/wp-json\/wp\/v2\/users\/2"}],"version-history":[{"count":0,"href":"https:\/\/cafelapalma.com\/en\/wp-json\/wp\/v2\/tribe_events\/29555\/revisions"}],"wp:featuredmedia":[{"embeddable":true,"href":"https:\/\/cafelapalma.com\/en\/wp-json\/wp\/v2\/media\/29557"}],"wp:attachment":[{"href":"https:\/\/cafelapalma.com\/en\/wp-json\/wp\/v2\/media?parent=29555"}],"wp:term":[{"taxonomy":"post_tag","embeddable":true,"href":"https:\/\/cafelapalma.com\/en\/wp-json\/wp\/v2\/tags?post=29555"},{"taxonomy":"tribe_events_cat","embeddable":true,"href":"https:\/\/cafelapalma.com\/en\/wp-json\/wp\/v2\/tribe_events_cat?post=29555"}],"curies":[{"name":"wp","href":"https:\/\/api.w.org\/{rel}","templated":true}]}}