{"id":29626,"date":"2024-10-07T11:46:02","date_gmt":"2024-10-07T09:46:02","guid":{"rendered":"https:\/\/cafelapalma.com\/?post_type=tribe_events&#038;p=29626"},"modified":"2024-10-07T11:46:04","modified_gmt":"2024-10-07T09:46:04","slug":"blanco-pinata-atomic-lemons","status":"publish","type":"tribe_events","link":"https:\/\/cafelapalma.com\/en\/programacion\/blanco-pinata-atomic-lemons\/","title":{"rendered":"BLANCO PI\u00d1ATA + ATOMIC LEMONS"},"content":{"rendered":"<div  class=\"tribe-events-schedule tribe-clearfix\" >\n\t<p class=\"tribe-events-schedule__datetime\">\n\t\t<span class=\"tribe-events-schedule__date tribe-events-schedule__date--start\">\n\t\t\t21  November  2024\t\t<\/span>\n\n\t\t\t\t\t<span class=\"tribe-events-schedule__separator tribe-events-schedule__separator--date\">\n\t\t\t\t@\t\t\t<\/span>\n\t\t\t<span class=\"tribe-events-schedule__time tribe-events-schedule__time--start\">\n\t\t\t\t21:00\t\t\t<\/span>\n\t\t\n\t\t\t\t\t\t\t\t\t<span class=\"tribe-events-schedule__separator tribe-events-schedule__separator--time\">\n\t\t\t\t\t&#8211;\t\t\t\t<\/span>\n\t\t\t\n\t\t\t\t\t\t\t<span class=\"tribe-events-schedule__time tribe-events-schedule__time--end\">\n\t\t\t\t\t23:45\t\t\t\t<\/span>\n\t\t\t\n\t\t\t\t\t\t<\/p>\n<\/div>\n\n\n<div  class=\"tribe-block tribe-block__event-price\" >\n\t\t\t<span class=\"tribe-block__event-price__cost\"> 12\u20ac <\/span>\n\t\t\t\t<span class=\"tribe-block__event-price__description\">+ gg Anticipada | 14\u20ac Taquilla<\/span>\n\t<\/div>\n\n\n\n<div style=\"height:100px\" aria-hidden=\"true\" class=\"wp-block-spacer\"><\/div>\n\n\n\n<div class=\"wp-block-columns is-layout-flex wp-container-core-columns-is-layout-8f761849 wp-block-columns-is-layout-flex\">\n<div class=\"wp-block-column is-layout-flow wp-block-column-is-layout-flow\" style=\"flex-basis:33.33%\">\n<figure class=\"wp-block-image size-large\"><img loading=\"lazy\" decoding=\"async\" width=\"736\" height=\"1040\" src=\"https:\/\/cafelapalma.com\/wp-content\/uploads\/2024\/10\/BPAL-A3-LOW-736x1040.jpg\" alt=\"\" class=\"wp-image-29627\" srcset=\"https:\/\/cafelapalma.com\/wp-content\/uploads\/2024\/10\/BPAL-A3-LOW-736x1040.jpg 736w, https:\/\/cafelapalma.com\/wp-content\/uploads\/2024\/10\/BPAL-A3-LOW-212x300.jpg 212w, https:\/\/cafelapalma.com\/wp-content\/uploads\/2024\/10\/BPAL-A3-LOW-768x1086.jpg 768w, https:\/\/cafelapalma.com\/wp-content\/uploads\/2024\/10\/BPAL-A3-LOW-1086x1536.jpg 1086w, https:\/\/cafelapalma.com\/wp-content\/uploads\/2024\/10\/BPAL-A3-LOW-1448x2048.jpg 1448w, https:\/\/cafelapalma.com\/wp-content\/uploads\/2024\/10\/BPAL-A3-LOW-42x60.jpg 42w\" sizes=\"auto, (max-width: 736px) 100vw, 736px\" \/><\/figure>\n\n\n<div  class=\"tribe-block tribe-block__event-website\" >\n\t<a\n\t\thref=\"https:\/\/www.passline.com\/eventos\/blanco-pinata-atomic-lemons\"\n\t\ttarget=\"_self\"\n\t\t\t>\n\t\tBUY TICKETS\t<\/a>\n<\/div>\n<\/div>\n\n\n\n<div class=\"wp-block-column is-layout-flow wp-block-column-is-layout-flow\" style=\"flex-basis:66.66%\">\n<p class=\"wp-block-paragraph\"><\/p>\n\n\n\n<p class=\"has-text-align-left wp-block-paragraph\"><strong>BLANCO PI\u00d1ATA<\/strong> es la banda de indie rock formada en 2015 por el madrile\u00f1o <strong>Carlos Fern\u00e1ndez <\/strong>(voz y guitarra) y los jienenses <strong>Carlos <\/strong>y <strong>\u00c1lvaro Moles<\/strong>, bajo y bater\u00eda, respectivamente. Su estilo bebe de bandas de la escena alternativa espa\u00f1ola e incorpora elementos tra\u00eddos de otros artistas internacionales de rock progresivo o power pop, lo que crea instrumentaciones elaboradas desde el rock m\u00e1s guitarrero hasta el juego con sonidos de sintetizadores.<br><br>Tras una autopublicaci\u00f3n y conciertos por salas, grabaron su primer disco titulado <strong><em>\u00abEl Disco del A\u00f1o\u00bb<\/em><\/strong>, acompa\u00f1ados del productor <strong>Manuel Cabezal\u00ed <\/strong>y en el estudio <strong>El Lado Izquierdo<\/strong> de <strong>Dany Richter<\/strong>.<\/p>\n\n\n\n<p class=\"has-text-align-right wp-block-paragraph\"><em><a href=\"https:\/\/open.spotify.com\/intl-es\/artist\/1o9jbG8F3NZAnhWhaUZKNz?si=ia_hW_icSOq1xFd_MjtHhw\">Listen to <\/a><\/em><strong><a href=\"https:\/\/open.spotify.com\/intl-es\/artist\/1o9jbG8F3NZAnhWhaUZKNz?si=ia_hW_icSOq1xFd_MjtHhw\">BLANCO PI\u00d1ATA<\/a><\/strong><em><a href=\"https:\/\/open.spotify.com\/intl-es\/artist\/1o9jbG8F3NZAnhWhaUZKNz?si=ia_hW_icSOq1xFd_MjtHhw\"> in <\/a><\/em><strong><a href=\"https:\/\/open.spotify.com\/intl-es\/artist\/1o9jbG8F3NZAnhWhaUZKNz?si=ia_hW_icSOq1xFd_MjtHhw\">Spotify<\/a><\/strong><\/p>\n\n\n\n<p class=\"has-text-align-left wp-block-paragraph\">Originales de <strong>Linares<\/strong>, <strong>ATOMIC LEMONS<\/strong> ya est\u00e1n considerados como una de las formaciones emergentes con m\u00e1s proyecci\u00f3n del indie rock en <strong>Andaluc\u00eda<\/strong>. La singularidad de este combo es la perfecta relaci\u00f3n entre temas pegadizos y una soberbia puesta en escena.<br><br>Desde sus comienzos, la banda ha pulido su personalidad. Su trabajo discogr\u00e1fico incluye su single <em><strong>\u201cTea\u201d <\/strong><\/em>(2018) y su disco <strong><em>\u201cEl Mundo Today\u201d<\/em><\/strong> (2021). Tras su \u00faltimo single,<strong><em> \u201cAuuu!!!\u201d<\/em><\/strong>, su pr\u00f3ximo EP ver\u00e1 la luz este 2024. Durante su trayectoria han obtenido el primer premio de la 5\u00aa edici\u00f3n del concurso nacional <strong>Rock in R\u00edo Tea<\/strong> y han tenido la oportunidad de compartir escenario con artistas de la talla de <strong>Leiva<\/strong>, <strong>Rosendo<\/strong>, <strong>Lori Meyers<\/strong> o <strong>Dani Fern\u00e1ndez<\/strong>.<\/p>\n\n\n\n<p class=\"has-text-align-right wp-block-paragraph\"><em><a href=\"https:\/\/open.spotify.com\/intl-es\/artist\/71Gzjz9NF7NeA8VrLKVehu?si=jtt3OvkwQuaqpyjyXi53sg\">Listen to <\/a><\/em><strong><a href=\"https:\/\/open.spotify.com\/intl-es\/artist\/71Gzjz9NF7NeA8VrLKVehu?si=jtt3OvkwQuaqpyjyXi53sg\">ATOMIC LEMONS<\/a><\/strong><em><a href=\"https:\/\/open.spotify.com\/intl-es\/artist\/71Gzjz9NF7NeA8VrLKVehu?si=jtt3OvkwQuaqpyjyXi53sg\"> in <\/a><\/em><strong><a href=\"https:\/\/open.spotify.com\/intl-es\/artist\/71Gzjz9NF7NeA8VrLKVehu?si=jtt3OvkwQuaqpyjyXi53sg\">Spotify<\/a><\/strong><em><a href=\"https:\/\/open.spotify.com\/intl-es\/artist\/71Gzjz9NF7NeA8VrLKVehu?si=jtt3OvkwQuaqpyjyXi53sg\"><br><\/a><\/em><\/p>\n<\/div>\n<\/div>\n\n\n\n<div style=\"height:100px\" aria-hidden=\"true\" class=\"wp-block-spacer\"><\/div>\n\n\n\n<hr class=\"wp-block-separator has-alpha-channel-opacity\"\/>\n\n\n\n<div style=\"height:100px\" aria-hidden=\"true\" class=\"wp-block-spacer\"><\/div>\n\n\n<h2 class=\"tribe-block__related-events__title\">Related Events<\/h2>\n\n<ul  class=\"tribe-related-events tribe-clearfix\" >\n\t\t\t<li>\n\t\n<div class=\"tribe-related-events-thumbnail\">\n\t<a href=\"https:\/\/cafelapalma.com\/en\/programacion\/funkin-donuts\/\" class=\"url\" rel=\"bookmark\" tabindex=\"-1\" aria-hidden=\"true\"><img loading=\"lazy\" decoding=\"async\" width=\"693\" height=\"1040\" src=\"https:\/\/cafelapalma.com\/wp-content\/uploads\/2026\/07\/FD-vert2-bn-693x1040.jpg\" class=\"attachment-large size-large wp-post-image\" alt=\"\" \/><\/a>\n<\/div>\n\t<div class=\"tribe-related-event-info\">\n\t<h3 class=\"tribe-related-events-title\">\n\t\t<a href=\"https:\/\/cafelapalma.com\/en\/programacion\/funkin-donuts\/\" class=\"tribe-event-url\" rel=\"bookmark\">\n\t\t\tFUNKIN&#8217; DONUTS\t\t<\/a>\n\t<\/h3>\n\t<span class=\"tribe-event-date-start\">5  September@22:00<\/span><span class=\"tribe-event-time\">23:45<\/span><\/div>\n<\/li>\n\t\t\t<li>\n\t\n<div class=\"tribe-related-events-thumbnail\">\n\t<a href=\"https:\/\/cafelapalma.com\/en\/programacion\/backstage-le-petit-truffle-mayo\/\" class=\"url\" rel=\"bookmark\" tabindex=\"-1\" aria-hidden=\"true\"><img loading=\"lazy\" decoding=\"async\" width=\"780\" height=\"1040\" src=\"https:\/\/cafelapalma.com\/wp-content\/uploads\/2026\/07\/Imagen-TruffleMayo-LePetit-i-1-780x1040.png\" class=\"attachment-large size-large wp-post-image\" alt=\"\" \/><\/a>\n<\/div>\n\t<div class=\"tribe-related-event-info\">\n\t<h3 class=\"tribe-related-events-title\">\n\t\t<a href=\"https:\/\/cafelapalma.com\/en\/programacion\/backstage-le-petit-truffle-mayo\/\" class=\"tribe-event-url\" rel=\"bookmark\">\n\t\t\tBACKSTAGE: LE PETIT + TRUFFLE MAYO\t\t<\/a>\n\t<\/h3>\n\t<span class=\"tribe-event-date-start\">5  September@23:55<\/span><\/div>\n<\/li>\n\t\t\t<li>\n\t\n<div class=\"tribe-related-events-thumbnail\">\n\t<a href=\"https:\/\/cafelapalma.com\/en\/programacion\/willie-deville-concierto-benefico-x-venezuela\/\" class=\"url\" rel=\"bookmark\" tabindex=\"-1\" aria-hidden=\"true\"><img loading=\"lazy\" decoding=\"async\" width=\"1020\" height=\"531\" src=\"https:\/\/cafelapalma.com\/wp-content\/uploads\/2026\/08\/Willie-deville-1100x572-1-1040x541.jpg\" class=\"attachment-large size-large wp-post-image\" alt=\"\" \/><\/a>\n<\/div>\n\t<div class=\"tribe-related-event-info\">\n\t<h3 class=\"tribe-related-events-title\">\n\t\t<a href=\"https:\/\/cafelapalma.com\/en\/programacion\/willie-deville-concierto-benefico-x-venezuela\/\" class=\"tribe-event-url\" rel=\"bookmark\">\n\t\t\tWILLIE DEVILLE: CONCIERTO BEN\u00c9FICO X VENEZUELA\t\t<\/a>\n\t<\/h3>\n\t<span class=\"tribe-event-date-start\">6  September@21:00<\/span><span class=\"tribe-event-time\">23:45<\/span><\/div>\n<\/li>\n\t<\/ul>","protected":false},"excerpt":{"rendered":"<p>BLANCO PI\u00d1ATA es la banda de indie rock formada en 2015 por el madrile\u00f1o Carlos Fern\u00e1ndez (voz y guitarra) y los jienenses Carlos y \u00c1lvaro Moles, bajo y bater\u00eda, respectivamente. Su estilo bebe de bandas de la escena alternativa espa\u00f1ola e incorpora elementos tra\u00eddos de otros artistas internacionales de rock progresivo o power pop, lo &hellip; <\/p>","protected":false},"author":2,"featured_media":29628,"template":"","meta":{"_tec_requires_first_save":false,"_uag_custom_page_level_css":"","loftloader_page_shortcode":"","_EventAllDay":false,"_EventTimezone":"Europe\/Madrid","_EventStartDate":"2024-11-21 21:00:00","_EventEndDate":"2024-11-21 23:45:00","_EventStartDateUTC":"2024-11-21 20:00:00","_EventEndDateUTC":"2024-11-21 22:45:00","_EventShowMap":false,"_EventShowMapLink":false,"_EventURL":"https:\/\/www.passline.com\/eventos\/blanco-pinata-atomic-lemons","_EventCost":"12","_EventCostDescription":"","_EventCurrencySymbol":"\u20ac","_EventCurrencyCode":"USD","_EventCurrencyPosition":"suffix","_EventDateTimeSeparator":"@","_EventTimeRangeSeparator":"-","_EventOrganizerID":[],"_EventVenueID":[],"_OrganizerEmail":"","_OrganizerPhone":"","_OrganizerWebsite":"","_VenueAddress":"","_VenueCity":"","_VenueCountry":"","_VenueProvince":"","_VenueState":"","_VenueZip":"","_VenuePhone":"","_VenueURL":"","_VenueStateProvince":"","_VenueLat":"","_VenueLng":"","_VenueShowMap":false,"_VenueShowMapLink":false,"_tribe_blocks_recurrence_rules":"","_tribe_blocks_recurrence_description":"","_tribe_blocks_recurrence_exclusions":"","_ecp_custom_2":"","_tribe_events_status":"","_tribe_events_status_reason":"","_tribe_events_is_hybrid":"","_tribe_events_is_virtual":"","_tribe_events_virtual_video_source":"","_tribe_events_virtual_embed_video":"","_tribe_events_virtual_linked_button_text":"","_tribe_events_virtual_linked_button":"","_tribe_events_virtual_show_embed_at":"","_tribe_events_virtual_show_embed_to":[],"_tribe_events_virtual_show_on_event":"","_tribe_events_virtual_show_on_views":"","_tribe_events_virtual_url":"","footnotes":""},"tags":[16358,16356,16365,1363,8869,16357,16359,2865,9147,9146,16362,16360,16361,16364,11930,15970,12440,1355,1354,16366,16363],"tribe_events_cat":[8963],"class_list":["post-29626","tribe_events","type-tribe_events","status-publish","has-post-thumbnail","hentry","tag-alvaro-moles","tag-atomic-lemons","tag-auuu","tag-cafe-la-palma","tag-cafe-la-palma-2","tag-carlos-fernandez","tag-carlos-moles","tag-conciertos-cafe-la-palma","tag-conciertos-madrid","tag-conciertos-malasana","tag-dany-richter","tag-el-disco-del-ano","tag-el-lado-izquierdo","tag-el-mundo-today","tag-indie-pop-rock","tag-linares","tag-manuel-cabezali","tag-pop","tag-rock","tag-rock-in-rio-tea","tag-tea","tribe_events_cat-concierto","cat_concierto"],"uagb_featured_image_src":{"full":["https:\/\/cafelapalma.com\/wp-content\/uploads\/2024\/10\/BP_vertpic-scaled.jpg",1688,3000,false],"thumbnail":["https:\/\/cafelapalma.com\/wp-content\/uploads\/2024\/10\/BP_vertpic-150x150.jpg",150,150,true],"medium":["https:\/\/cafelapalma.com\/wp-content\/uploads\/2024\/10\/BP_vertpic-169x300.jpg",169,300,true],"medium_large":["https:\/\/cafelapalma.com\/wp-content\/uploads\/2024\/10\/BP_vertpic-768x1365.jpg",768,1365,true],"large":["https:\/\/cafelapalma.com\/wp-content\/uploads\/2024\/10\/BP_vertpic-585x1040.jpg",585,1040,true],"1536x1536":["https:\/\/cafelapalma.com\/wp-content\/uploads\/2024\/10\/BP_vertpic-864x1536.jpg",864,1536,true],"2048x2048":["https:\/\/cafelapalma.com\/wp-content\/uploads\/2024\/10\/BP_vertpic-1153x2048.jpg",1153,2048,true],"trp-custom-language-flag":["https:\/\/cafelapalma.com\/wp-content\/uploads\/2024\/10\/BP_vertpic-scaled.jpg",7,12,false],"blossom-feminine-slider":["https:\/\/cafelapalma.com\/wp-content\/uploads\/2024\/10\/BP_vertpic-1920x649.jpg",1920,649,true],"blossom-feminine-featured":["https:\/\/cafelapalma.com\/wp-content\/uploads\/2024\/10\/BP_vertpic-1410x600.jpg",1410,600,true],"blossom-feminine-with-sidebar":["https:\/\/cafelapalma.com\/wp-content\/uploads\/2024\/10\/BP_vertpic-1020x600.jpg",1020,600,true],"blossom-feminine-blog":["https:\/\/cafelapalma.com\/wp-content\/uploads\/2024\/10\/BP_vertpic-435x435.jpg",435,435,true],"blossom-feminine-cat":["https:\/\/cafelapalma.com\/wp-content\/uploads\/2024\/10\/BP_vertpic-450x300.jpg",450,300,true],"blossom-feminine-related":["https:\/\/cafelapalma.com\/wp-content\/uploads\/2024\/10\/BP_vertpic-320x200.jpg",320,200,true],"blossom-feminine-schema":["https:\/\/cafelapalma.com\/wp-content\/uploads\/2024\/10\/BP_vertpic-34x60.jpg",34,60,true]},"uagb_author_info":{"display_name":"Victor","author_link":"https:\/\/cafelapalma.com\/en\/author\/comunicacion\/"},"uagb_comment_info":0,"uagb_excerpt":"BLANCO PI\u00d1ATA es la banda de indie rock formada en 2015 por el madrile\u00f1o Carlos Fern\u00e1ndez (voz y guitarra) y los jienenses Carlos y \u00c1lvaro Moles, bajo y bater\u00eda, respectivamente. Su estilo bebe de bandas de la escena alternativa espa\u00f1ola e incorpora elementos tra\u00eddos de otros artistas internacionales de rock progresivo o power pop, lo&hellip;","_links":{"self":[{"href":"https:\/\/cafelapalma.com\/en\/wp-json\/wp\/v2\/tribe_events\/29626","targetHints":{"allow":["GET"]}}],"collection":[{"href":"https:\/\/cafelapalma.com\/en\/wp-json\/wp\/v2\/tribe_events"}],"about":[{"href":"https:\/\/cafelapalma.com\/en\/wp-json\/wp\/v2\/types\/tribe_events"}],"author":[{"embeddable":true,"href":"https:\/\/cafelapalma.com\/en\/wp-json\/wp\/v2\/users\/2"}],"version-history":[{"count":0,"href":"https:\/\/cafelapalma.com\/en\/wp-json\/wp\/v2\/tribe_events\/29626\/revisions"}],"wp:featuredmedia":[{"embeddable":true,"href":"https:\/\/cafelapalma.com\/en\/wp-json\/wp\/v2\/media\/29628"}],"wp:attachment":[{"href":"https:\/\/cafelapalma.com\/en\/wp-json\/wp\/v2\/media?parent=29626"}],"wp:term":[{"taxonomy":"post_tag","embeddable":true,"href":"https:\/\/cafelapalma.com\/en\/wp-json\/wp\/v2\/tags?post=29626"},{"taxonomy":"tribe_events_cat","embeddable":true,"href":"https:\/\/cafelapalma.com\/en\/wp-json\/wp\/v2\/tribe_events_cat?post=29626"}],"curies":[{"name":"wp","href":"https:\/\/api.w.org\/{rel}","templated":true}]}}