{"id":29828,"date":"2024-11-12T12:05:28","date_gmt":"2024-11-12T11:05:28","guid":{"rendered":"https:\/\/cafelapalma.com\/?post_type=tribe_events&#038;p=29828"},"modified":"2024-11-12T12:14:46","modified_gmt":"2024-11-12T11:14:46","slug":"torzzzio-blackone-mikeo","status":"publish","type":"tribe_events","link":"https:\/\/cafelapalma.com\/en\/programacion\/torzzzio-blackone-mikeo\/","title":{"rendered":"TORZZZ\u00cdO &amp; BLACKONE + MIKEO"},"content":{"rendered":"<div  class=\"tribe-events-schedule tribe-clearfix\" >\n\t<p class=\"tribe-events-schedule__datetime\">\n\t\t<span class=\"tribe-events-schedule__date tribe-events-schedule__date--start\">\n\t\t\t28  December  2024\t\t<\/span>\n\n\t\t\t\t\t<span class=\"tribe-events-schedule__separator tribe-events-schedule__separator--date\">\n\t\t\t\t@\t\t\t<\/span>\n\t\t\t<span class=\"tribe-events-schedule__time tribe-events-schedule__time--start\">\n\t\t\t\t21:00\t\t\t<\/span>\n\t\t\n\t\t\t\t\t\t\t\t\t<span class=\"tribe-events-schedule__separator tribe-events-schedule__separator--time\">\n\t\t\t\t\t&#8211;\t\t\t\t<\/span>\n\t\t\t\n\t\t\t\t\t\t\t<span class=\"tribe-events-schedule__time tribe-events-schedule__time--end\">\n\t\t\t\t\t23:45\t\t\t\t<\/span>\n\t\t\t\n\t\t\t\t\t\t<\/p>\n<\/div>\n\n\n<div  class=\"tribe-block tribe-block__event-price\" >\n\t\t\t<span class=\"tribe-block__event-price__cost\"> 7,50\u20ac <\/span>\n\t\t\t\t<span class=\"tribe-block__event-price__description\">+ gg Anticipada | 10\u20ac Taquilla [ Incluye DOBLE DE CERVEZA DE BARRIL o REFRESCO ]<\/span>\n\t<\/div>\n\n\n\n<div style=\"height:100px\" aria-hidden=\"true\" class=\"wp-block-spacer\"><\/div>\n\n\n\n<div class=\"wp-block-columns is-layout-flex wp-container-core-columns-is-layout-8f761849 wp-block-columns-is-layout-flex\">\n<div class=\"wp-block-column is-layout-flow wp-block-column-is-layout-flow\" style=\"flex-basis:33.33%\">\n<figure class=\"wp-block-image size-large\"><img loading=\"lazy\" decoding=\"async\" width=\"693\" height=\"1040\" src=\"https:\/\/cafelapalma.com\/wp-content\/uploads\/2024\/11\/TORZZZIO-MIKEO-A3-LOW-693x1040.jpg\" alt=\"\" class=\"wp-image-29829\" srcset=\"https:\/\/cafelapalma.com\/wp-content\/uploads\/2024\/11\/TORZZZIO-MIKEO-A3-LOW-693x1040.jpg 693w, https:\/\/cafelapalma.com\/wp-content\/uploads\/2024\/11\/TORZZZIO-MIKEO-A3-LOW-200x300.jpg 200w, https:\/\/cafelapalma.com\/wp-content\/uploads\/2024\/11\/TORZZZIO-MIKEO-A3-LOW-768x1152.jpg 768w, https:\/\/cafelapalma.com\/wp-content\/uploads\/2024\/11\/TORZZZIO-MIKEO-A3-LOW-1024x1536.jpg 1024w, https:\/\/cafelapalma.com\/wp-content\/uploads\/2024\/11\/TORZZZIO-MIKEO-A3-LOW-40x60.jpg 40w, https:\/\/cafelapalma.com\/wp-content\/uploads\/2024\/11\/TORZZZIO-MIKEO-A3-LOW.jpg 1080w\" sizes=\"auto, (max-width: 693px) 100vw, 693px\" \/><\/figure>\n\n\n<div  class=\"tribe-block tribe-block__event-website\" >\n\t<a\n\t\thref=\"https:\/\/www.passline.com\/eventos\/torzzzio-blackone-mikeo\"\n\t\ttarget=\"_self\"\n\t\t\t>\n\t\tCOMPRAR ENTRADAS\t<\/a>\n<\/div>\n<\/div>\n\n\n\n<div class=\"wp-block-column is-layout-flow wp-block-column-is-layout-flow\" style=\"flex-basis:66.66%\">\n<p class=\"wp-block-paragraph\"><\/p>\n\n\n\n<p class=\"has-text-align-left wp-block-paragraph\"><strong>TORZZZ\u00cdO <\/strong>y <strong>BLACKONE <\/strong>son dos colegas que se juntan para hacer m\u00fasica en el trastero de su casa. Llevan desde 2017 lanzando m\u00fasica en solitario y desde 2020 en conjunto.<\/p>\n\n\n\n<p class=\"has-text-align-left wp-block-paragraph\">En diciembre de 2024 lanzan su nuevo trabajo llamado <strong><em>\u201cKarabanchel\u201d<\/em><\/strong>, un peque\u00f1o homenaje al hogar, su gente, los lugares donde crecieron y vivieron la ni\u00f1ez y el desamor en la juventud. Contar la huella que han dejado en el barrio y la que el barrio ha dejado en ellos. Expresado como un viaje en Metro, desde <strong>Urgel <\/strong>hasta <strong>Aluche<\/strong>, seis paradas y seis canciones.<\/p>\n\n\n\n<p class=\"has-text-align-left wp-block-paragraph\">Ahora toca por fin presentarlo con la cantante <strong>Fckng Bagheera<\/strong> como artista invitada al formar parte de varias de las canciones. Va a ser un canteo.<\/p>\n\n\n\n<p class=\"has-text-align-right wp-block-paragraph\"><a href=\"https:\/\/open.spotify.com\/intl-es\/album\/4NasNYV0LyevF78bKkBEgW?si=2xiAJ3I8RLOdJ2NK2t2_FQ\"><em>Escucha a <\/em><strong>TORZZZ\u00cdO &amp; BLACKONE<\/strong> <em>en <\/em><strong>Spotify<\/strong><\/a><\/p>\n\n\n\n<p class=\"has-text-align-left wp-block-paragraph\"><strong>MIKEO <\/strong>no va a ning\u00fan sitio sin sus amigues. Por eso siempre da sus conciertos con las mejores (peores) compa\u00f1\u00edas. El show arranca con una intro a cargo de <strong>Santa \u00c1gueda<\/strong> y su guitarra donde nos dejar\u00e1 a todo el mundo encandilado con su bonita voz y unas letras afiladas. Luego continuaremos con la irrupci\u00f3n de <strong>The Danis<\/strong> una banda a medio camino entre el rap en lo musical y el punk en lo espiritual, formada por <strong>Dani Sol\u00eds<\/strong> y <strong>Dani Mikeo<\/strong>, que promete espect\u00e1culo; escoltados por <strong>MC Fabrizio<\/strong> a cargo de los addlips y los comentarios.<\/p>\n\n\n\n<p class=\"has-text-align-right wp-block-paragraph\"><em><a href=\"https:\/\/open.spotify.com\/intl-es\/artist\/4DZZCUScOxIsYpuioFk9xp?si=jbMyjGSHQFCPqIvm6sCr-w\">Escucha a <\/a><\/em><strong><a href=\"https:\/\/open.spotify.com\/intl-es\/artist\/4DZZCUScOxIsYpuioFk9xp?si=jbMyjGSHQFCPqIvm6sCr-w\">MIKEO <\/a><\/strong><em><a href=\"https:\/\/open.spotify.com\/intl-es\/artist\/4DZZCUScOxIsYpuioFk9xp?si=jbMyjGSHQFCPqIvm6sCr-w\">en <\/a><\/em><strong><a href=\"https:\/\/open.spotify.com\/intl-es\/artist\/4DZZCUScOxIsYpuioFk9xp?si=jbMyjGSHQFCPqIvm6sCr-w\">Spotify<\/a><\/strong><\/p>\n<\/div>\n<\/div>\n\n\n\n<div style=\"height:100px\" aria-hidden=\"true\" class=\"wp-block-spacer\"><\/div>\n\n\n\n<hr class=\"wp-block-separator has-alpha-channel-opacity\"\/>\n\n\n\n<div style=\"height:100px\" aria-hidden=\"true\" class=\"wp-block-spacer\"><\/div>\n\n\n<h2 class=\"tribe-block__related-events__title\">Related Events<\/h2>\n\n<ul  class=\"tribe-related-events tribe-clearfix\" >\n\t\t\t<li>\n\t\n<div class=\"tribe-related-events-thumbnail\">\n\t<a href=\"https:\/\/cafelapalma.com\/en\/programacion\/funkin-donuts\/\" class=\"url\" rel=\"bookmark\" tabindex=\"-1\" aria-hidden=\"true\"><img loading=\"lazy\" decoding=\"async\" width=\"693\" height=\"1040\" src=\"https:\/\/cafelapalma.com\/wp-content\/uploads\/2026\/07\/FD-vert2-bn-693x1040.jpg\" class=\"attachment-large size-large wp-post-image\" alt=\"\" \/><\/a>\n<\/div>\n\t<div class=\"tribe-related-event-info\">\n\t<h3 class=\"tribe-related-events-title\">\n\t\t<a href=\"https:\/\/cafelapalma.com\/en\/programacion\/funkin-donuts\/\" class=\"tribe-event-url\" rel=\"bookmark\">\n\t\t\tFUNKIN&#8217; DONUTS\t\t<\/a>\n\t<\/h3>\n\t<span class=\"tribe-event-date-start\">5  September@22:00<\/span><span class=\"tribe-event-time\">23:45<\/span><\/div>\n<\/li>\n\t\t\t<li>\n\t\n<div class=\"tribe-related-events-thumbnail\">\n\t<a href=\"https:\/\/cafelapalma.com\/en\/programacion\/backstage-le-petit-truffle-mayo\/\" class=\"url\" rel=\"bookmark\" tabindex=\"-1\" aria-hidden=\"true\"><img loading=\"lazy\" decoding=\"async\" width=\"780\" height=\"1040\" src=\"https:\/\/cafelapalma.com\/wp-content\/uploads\/2026\/07\/Imagen-TruffleMayo-LePetit-i-1-780x1040.png\" class=\"attachment-large size-large wp-post-image\" alt=\"\" \/><\/a>\n<\/div>\n\t<div class=\"tribe-related-event-info\">\n\t<h3 class=\"tribe-related-events-title\">\n\t\t<a href=\"https:\/\/cafelapalma.com\/en\/programacion\/backstage-le-petit-truffle-mayo\/\" class=\"tribe-event-url\" rel=\"bookmark\">\n\t\t\tBACKSTAGE: LE PETIT + TRUFFLE MAYO\t\t<\/a>\n\t<\/h3>\n\t<span class=\"tribe-event-date-start\">5  September@23:55<\/span><\/div>\n<\/li>\n\t\t\t<li>\n\t\n<div class=\"tribe-related-events-thumbnail\">\n\t<a href=\"https:\/\/cafelapalma.com\/en\/programacion\/willie-deville-concierto-benefico-x-venezuela\/\" class=\"url\" rel=\"bookmark\" tabindex=\"-1\" aria-hidden=\"true\"><img loading=\"lazy\" decoding=\"async\" width=\"1020\" height=\"531\" src=\"https:\/\/cafelapalma.com\/wp-content\/uploads\/2026\/08\/Willie-deville-1100x572-1-1040x541.jpg\" class=\"attachment-large size-large wp-post-image\" alt=\"\" \/><\/a>\n<\/div>\n\t<div class=\"tribe-related-event-info\">\n\t<h3 class=\"tribe-related-events-title\">\n\t\t<a href=\"https:\/\/cafelapalma.com\/en\/programacion\/willie-deville-concierto-benefico-x-venezuela\/\" class=\"tribe-event-url\" rel=\"bookmark\">\n\t\t\tWILLIE DEVILLE: CONCIERTO BEN\u00c9FICO X VENEZUELA\t\t<\/a>\n\t<\/h3>\n\t<span class=\"tribe-event-date-start\">6  September@21:00<\/span><span class=\"tribe-event-time\">23:45<\/span><\/div>\n<\/li>\n\t<\/ul>\n","protected":false},"excerpt":{"rendered":"<p>TORZZZ\u00cdO y BLACKONE son dos colegas que se juntan para hacer m\u00fasica en el trastero de su casa. Llevan desde 2017 lanzando m\u00fasica en solitario y desde 2020 en conjunto. En diciembre de 2024 lanzan su nuevo trabajo llamado \u201cKarabanchel\u201d, un peque\u00f1o homenaje al hogar, su gente, los lugares donde crecieron y vivieron la ni\u00f1ez &hellip; <\/p>","protected":false},"author":2,"featured_media":29830,"template":"","meta":{"_tec_requires_first_save":false,"_uag_custom_page_level_css":"","loftloader_page_shortcode":"","_EventAllDay":false,"_EventTimezone":"Europe\/Madrid","_EventStartDate":"2024-12-28 21:00:00","_EventEndDate":"2024-12-28 23:45:00","_EventStartDateUTC":"2024-12-28 20:00:00","_EventEndDateUTC":"2024-12-28 22:45:00","_EventShowMap":false,"_EventShowMapLink":false,"_EventURL":"https:\/\/www.passline.com\/eventos\/torzzzio-blackone-mikeo","_EventCost":"7,50","_EventCostDescription":"","_EventCurrencySymbol":"\u20ac","_EventCurrencyCode":"USD","_EventCurrencyPosition":"suffix","_EventDateTimeSeparator":"@","_EventTimeRangeSeparator":"-","_EventOrganizerID":[],"_EventVenueID":[],"_OrganizerEmail":"","_OrganizerPhone":"","_OrganizerWebsite":"","_VenueAddress":"","_VenueCity":"","_VenueCountry":"","_VenueProvince":"","_VenueState":"","_VenueZip":"","_VenuePhone":"","_VenueURL":"","_VenueStateProvince":"","_VenueLat":"","_VenueLng":"","_VenueShowMap":false,"_VenueShowMapLink":false,"_tribe_blocks_recurrence_rules":"","_tribe_blocks_recurrence_description":"","_tribe_blocks_recurrence_exclusions":"","_ecp_custom_2":"","_tribe_events_status":"","_tribe_events_status_reason":"","_tribe_events_is_hybrid":"","_tribe_events_is_virtual":"","_tribe_events_virtual_video_source":"","_tribe_events_virtual_embed_video":"","_tribe_events_virtual_linked_button_text":"","_tribe_events_virtual_linked_button":"","_tribe_events_virtual_show_embed_at":"","_tribe_events_virtual_show_embed_to":[],"_tribe_events_virtual_show_on_event":"","_tribe_events_virtual_show_on_views":"","_tribe_events_virtual_url":"","footnotes":""},"tags":[1363,8869,2865,9147,9146,16474,16473,1357,16470,16469,16475,16468,1355,16471,16472,16466],"tribe_events_cat":[8963],"class_list":["post-29828","tribe_events","type-tribe_events","status-publish","has-post-thumbnail","hentry","tag-cafe-la-palma","tag-cafe-la-palma-2","tag-conciertos-cafe-la-palma","tag-conciertos-madrid","tag-conciertos-malasana","tag-dani-mikeo","tag-dani-solis","tag-electronica","tag-fckng-bagheera","tag-karabanche","tag-mc-fabrizio","tag-mikeo","tag-pop","tag-santa-agueda","tag-the-danis","tag-torzzzio","tribe_events_cat-concierto","cat_concierto"],"uagb_featured_image_src":{"full":["https:\/\/cafelapalma.com\/wp-content\/uploads\/2024\/11\/TORZZZIOSHOT_DEF-scaled.jpg",1688,3000,false],"thumbnail":["https:\/\/cafelapalma.com\/wp-content\/uploads\/2024\/11\/TORZZZIOSHOT_DEF-150x150.jpg",150,150,true],"medium":["https:\/\/cafelapalma.com\/wp-content\/uploads\/2024\/11\/TORZZZIOSHOT_DEF-169x300.jpg",169,300,true],"medium_large":["https:\/\/cafelapalma.com\/wp-content\/uploads\/2024\/11\/TORZZZIOSHOT_DEF-768x1365.jpg",768,1365,true],"large":["https:\/\/cafelapalma.com\/wp-content\/uploads\/2024\/11\/TORZZZIOSHOT_DEF-585x1040.jpg",585,1040,true],"1536x1536":["https:\/\/cafelapalma.com\/wp-content\/uploads\/2024\/11\/TORZZZIOSHOT_DEF-864x1536.jpg",864,1536,true],"2048x2048":["https:\/\/cafelapalma.com\/wp-content\/uploads\/2024\/11\/TORZZZIOSHOT_DEF-1152x2048.jpg",1152,2048,true],"trp-custom-language-flag":["https:\/\/cafelapalma.com\/wp-content\/uploads\/2024\/11\/TORZZZIOSHOT_DEF-scaled.jpg",7,12,false],"blossom-feminine-slider":["https:\/\/cafelapalma.com\/wp-content\/uploads\/2024\/11\/TORZZZIOSHOT_DEF-1732x649.jpg",1732,649,true],"blossom-feminine-featured":["https:\/\/cafelapalma.com\/wp-content\/uploads\/2024\/11\/TORZZZIOSHOT_DEF-1410x600.jpg",1410,600,true],"blossom-feminine-with-sidebar":["https:\/\/cafelapalma.com\/wp-content\/uploads\/2024\/11\/TORZZZIOSHOT_DEF-1020x600.jpg",1020,600,true],"blossom-feminine-blog":["https:\/\/cafelapalma.com\/wp-content\/uploads\/2024\/11\/TORZZZIOSHOT_DEF-435x435.jpg",435,435,true],"blossom-feminine-cat":["https:\/\/cafelapalma.com\/wp-content\/uploads\/2024\/11\/TORZZZIOSHOT_DEF-450x300.jpg",450,300,true],"blossom-feminine-related":["https:\/\/cafelapalma.com\/wp-content\/uploads\/2024\/11\/TORZZZIOSHOT_DEF-320x200.jpg",320,200,true],"blossom-feminine-schema":["https:\/\/cafelapalma.com\/wp-content\/uploads\/2024\/11\/TORZZZIOSHOT_DEF-34x60.jpg",34,60,true]},"uagb_author_info":{"display_name":"Victor","author_link":"https:\/\/cafelapalma.com\/en\/author\/comunicacion\/"},"uagb_comment_info":0,"uagb_excerpt":"TORZZZ\u00cdO y BLACKONE son dos colegas que se juntan para hacer m\u00fasica en el trastero de su casa. Llevan desde 2017 lanzando m\u00fasica en solitario y desde 2020 en conjunto. En diciembre de 2024 lanzan su nuevo trabajo llamado \u201cKarabanchel\u201d, un peque\u00f1o homenaje al hogar, su gente, los lugares donde crecieron y vivieron la ni\u00f1ez&hellip;","_links":{"self":[{"href":"https:\/\/cafelapalma.com\/en\/wp-json\/wp\/v2\/tribe_events\/29828","targetHints":{"allow":["GET"]}}],"collection":[{"href":"https:\/\/cafelapalma.com\/en\/wp-json\/wp\/v2\/tribe_events"}],"about":[{"href":"https:\/\/cafelapalma.com\/en\/wp-json\/wp\/v2\/types\/tribe_events"}],"author":[{"embeddable":true,"href":"https:\/\/cafelapalma.com\/en\/wp-json\/wp\/v2\/users\/2"}],"version-history":[{"count":0,"href":"https:\/\/cafelapalma.com\/en\/wp-json\/wp\/v2\/tribe_events\/29828\/revisions"}],"wp:featuredmedia":[{"embeddable":true,"href":"https:\/\/cafelapalma.com\/en\/wp-json\/wp\/v2\/media\/29830"}],"wp:attachment":[{"href":"https:\/\/cafelapalma.com\/en\/wp-json\/wp\/v2\/media?parent=29828"}],"wp:term":[{"taxonomy":"post_tag","embeddable":true,"href":"https:\/\/cafelapalma.com\/en\/wp-json\/wp\/v2\/tags?post=29828"},{"taxonomy":"tribe_events_cat","embeddable":true,"href":"https:\/\/cafelapalma.com\/en\/wp-json\/wp\/v2\/tribe_events_cat?post=29828"}],"curies":[{"name":"wp","href":"https:\/\/api.w.org\/{rel}","templated":true}]}}