{"id":29853,"date":"2024-11-14T08:28:42","date_gmt":"2024-11-14T07:28:42","guid":{"rendered":"https:\/\/cafelapalma.com\/?post_type=tribe_events&#038;p=29853"},"modified":"2024-12-13T10:03:59","modified_gmt":"2024-12-13T09:03:59","slug":"jagermusic-presenta-el-final-de-la-caida-antifan-los-manises","status":"publish","type":"tribe_events","link":"https:\/\/cafelapalma.com\/en\/programacion\/jagermusic-presenta-el-final-de-la-caida-antifan-los-manises\/","title":{"rendered":"\u00abEL FINAL DE LA CA\u00cdDA\u00bb: ANTIFAN + LOS MANISES"},"content":{"rendered":"<div  class=\"tribe-events-schedule tribe-clearfix\" >\n\t<p class=\"tribe-events-schedule__datetime\">\n\t\t<span class=\"tribe-events-schedule__date tribe-events-schedule__date--start\">\n\t\t\t13  December  2024\t\t<\/span>\n\n\t\t\t\t\t<span class=\"tribe-events-schedule__separator tribe-events-schedule__separator--date\">\n\t\t\t\t@\t\t\t<\/span>\n\t\t\t<span class=\"tribe-events-schedule__time tribe-events-schedule__time--start\">\n\t\t\t\t21:00\t\t\t<\/span>\n\t\t\n\t\t\t\t\t\t\t\t\t<span class=\"tribe-events-schedule__separator tribe-events-schedule__separator--time\">\n\t\t\t\t\t&#8211;\t\t\t\t<\/span>\n\t\t\t\n\t\t\t\t\t\t\t<span class=\"tribe-events-schedule__time tribe-events-schedule__time--end\">\n\t\t\t\t\t23:45\t\t\t\t<\/span>\n\t\t\t\n\t\t\t\t\t\t<\/p>\n<\/div>\n\n\n<div  class=\"tribe-block tribe-block__event-price\" >\n\t\t\t<span class=\"tribe-block__event-price__cost\"> 10\u20ac <\/span>\n\t\t\t\t<span class=\"tribe-block__event-price__description\">+ gg Anticipada | 13\u20ac Taquilla<\/span>\n\t<\/div>\n\n\n\n<div style=\"height:100px\" aria-hidden=\"true\" class=\"wp-block-spacer\"><\/div>\n\n\n\n<div class=\"wp-block-columns is-layout-flex wp-container-core-columns-is-layout-8f761849 wp-block-columns-is-layout-flex\">\n<div class=\"wp-block-column is-layout-flow wp-block-column-is-layout-flow\" style=\"flex-basis:33.33%\">\n<figure class=\"wp-block-image size-full\"><img decoding=\"async\" src=\"https:\/\/cafelapalma.com\/wp-content\/uploads\/2024\/11\/ANTIFAN-A3-LOW.jpg\" alt=\"\" class=\"wp-image-29854\"\/><\/figure>\n\n\n<div  class=\"tribe-block tribe-block__event-website\" >\n\t<a\n\t\thref=\"https:\/\/www.passline.com\/eventos\/el-final-de-la-caida-antifan-los-manises\"\n\t\ttarget=\"_self\"\n\t\t\t>\n\t\tBUY TICKETS\t<\/a>\n<\/div>\n<\/div>\n\n\n\n<div class=\"wp-block-column is-layout-flow wp-block-column-is-layout-flow\" style=\"flex-basis:66.66%\">\n<div style=\"height:100px\" aria-hidden=\"true\" class=\"wp-block-spacer\"><\/div>\n\n\n\n<p class=\"has-text-align-left wp-block-paragraph\"><strong>ANTIFAN&nbsp;<\/strong>es el grupo madrile\u00f1o formado por&nbsp;<strong>Jerva<\/strong>,&nbsp;<strong>I-ACE<\/strong>&nbsp;y&nbsp;<strong>Harto<\/strong>, un ins\u00f3lito e inesperado elemento dentro de un universo muy particular. Su \u00faltimo LP,&nbsp;<em><strong>\u201cLa Ca\u00edda\u201d<\/strong><\/em>, supone la consagraci\u00f3n de&nbsp;<strong>Jerva&nbsp;<\/strong>como uno de los grandes letristas en castellano, capaz de juntar referencias tan dispares como&nbsp;<strong>Eskorbuto<\/strong>,&nbsp;<strong>PIL<\/strong>, o el autotune con las estructuras m\u00e1s tradicionales del rap, dando forma a un concepto a medio camino entre el hip hop y el post-punk: un pilar fundamental a la hora de entender la m\u00fasica urbana contempor\u00e1nea.<\/p>\n\n\n\n<p class=\"has-text-align-left wp-block-paragraph\">Este concierto ser\u00e1 <strong><em>El Final De La Ca\u00edda<\/em><\/strong>. <strong><em>\u201cLa Ca\u00edda\u201d<\/em><\/strong> tendr\u00e1, por fin, la ca\u00edda que se merece.<\/p>\n\n\n\n<p class=\"has-text-align-right wp-block-paragraph\"><em><a href=\"https:\/\/open.spotify.com\/intl-es\/album\/1XsrPUTluG07oTw2iEVWrz?si=4XdNqUbvSzCiU0vLsQmT1Q\">Escucha <\/a><\/em><strong><a href=\"https:\/\/open.spotify.com\/intl-es\/album\/1XsrPUTluG07oTw2iEVWrz?si=4XdNqUbvSzCiU0vLsQmT1Q\">\u00abLa Ca\u00edda\u00bb <\/a><\/strong><em><a href=\"https:\/\/open.spotify.com\/intl-es\/album\/1XsrPUTluG07oTw2iEVWrz?si=4XdNqUbvSzCiU0vLsQmT1Q\">in <\/a><\/em><strong><a href=\"https:\/\/open.spotify.com\/intl-es\/album\/1XsrPUTluG07oTw2iEVWrz?si=4XdNqUbvSzCiU0vLsQmT1Q\">SPOTIFY<\/a><\/strong><\/p>\n\n\n\n<p class=\"has-text-align-left wp-block-paragraph\"><strong>LOS MANISES<\/strong>\u00a0no han dejado de experimentar y darle vueltas a la \u201cm\u00fasica de guitarras\u201d que compone la base de su sonido \u2013siendo el folk y el <em>genre world<\/em> sus otros dos pilares\u2013.\u00a0<strong>V\u00edctor\u00a0<\/strong>y\u00a0<strong>Rub\u00e9n\u00a0<\/strong>viven c\u00f3modos en un discurso 100% autorreferencial que a menudo les sirve como pretexto para hacer m\u00fasica juntos. Entre el <strong>Chinch\u00f3n <\/strong>y la <strong>Dama de Elche<\/strong> consiguen meter todas sus bromas internas, algunas de ellas bastante antiguas, que llevadas al \u00e1mbito musical se pueden llegar a resignificar. <em><strong>\u201cTodas Son Correctas\u201d<\/strong><\/em>, su primer disco de larga duraci\u00f3n, cuenta con la producci\u00f3n de <strong>Isidro Acedo<\/strong>\u00a0(<strong>I-Ace<\/strong>, de\u00a0<strong>Antifan<\/strong>).<\/p>\n<\/div>\n<\/div>\n\n\n\n<div style=\"height:100px\" aria-hidden=\"true\" class=\"wp-block-spacer\"><\/div>\n\n\n\n<hr class=\"wp-block-separator has-alpha-channel-opacity\"\/>\n\n\n\n<div style=\"height:100px\" aria-hidden=\"true\" class=\"wp-block-spacer\"><\/div>\n\n\n<h2 class=\"tribe-block__related-events__title\">Related Events<\/h2>\n\n<ul  class=\"tribe-related-events tribe-clearfix\" >\n\t\t\t<li>\n\t\n<div class=\"tribe-related-events-thumbnail\">\n\t<a href=\"https:\/\/cafelapalma.com\/en\/programacion\/funkin-donuts\/\" class=\"url\" rel=\"bookmark\" tabindex=\"-1\" aria-hidden=\"true\"><img loading=\"lazy\" decoding=\"async\" width=\"693\" height=\"1040\" src=\"https:\/\/cafelapalma.com\/wp-content\/uploads\/2026\/07\/FD-vert2-bn-693x1040.jpg\" class=\"attachment-large size-large wp-post-image\" alt=\"\" \/><\/a>\n<\/div>\n\t<div class=\"tribe-related-event-info\">\n\t<h3 class=\"tribe-related-events-title\">\n\t\t<a href=\"https:\/\/cafelapalma.com\/en\/programacion\/funkin-donuts\/\" class=\"tribe-event-url\" rel=\"bookmark\">\n\t\t\tFUNKIN&#8217; DONUTS\t\t<\/a>\n\t<\/h3>\n\t<span class=\"tribe-event-date-start\">5  September@22:00<\/span><span class=\"tribe-event-time\">23:45<\/span><\/div>\n<\/li>\n\t\t\t<li>\n\t\n<div class=\"tribe-related-events-thumbnail\">\n\t<a href=\"https:\/\/cafelapalma.com\/en\/programacion\/backstage-le-petit-truffle-mayo\/\" class=\"url\" rel=\"bookmark\" tabindex=\"-1\" aria-hidden=\"true\"><img loading=\"lazy\" decoding=\"async\" width=\"780\" height=\"1040\" src=\"https:\/\/cafelapalma.com\/wp-content\/uploads\/2026\/07\/Imagen-TruffleMayo-LePetit-i-1-780x1040.png\" class=\"attachment-large size-large wp-post-image\" alt=\"\" \/><\/a>\n<\/div>\n\t<div class=\"tribe-related-event-info\">\n\t<h3 class=\"tribe-related-events-title\">\n\t\t<a href=\"https:\/\/cafelapalma.com\/en\/programacion\/backstage-le-petit-truffle-mayo\/\" class=\"tribe-event-url\" rel=\"bookmark\">\n\t\t\tBACKSTAGE: LE PETIT + TRUFFLE MAYO\t\t<\/a>\n\t<\/h3>\n\t<span class=\"tribe-event-date-start\">5  September@23:55<\/span><\/div>\n<\/li>\n\t\t\t<li>\n\t\n<div class=\"tribe-related-events-thumbnail\">\n\t<a href=\"https:\/\/cafelapalma.com\/en\/programacion\/willie-deville-concierto-benefico-x-venezuela\/\" class=\"url\" rel=\"bookmark\" tabindex=\"-1\" aria-hidden=\"true\"><img loading=\"lazy\" decoding=\"async\" width=\"1020\" height=\"531\" src=\"https:\/\/cafelapalma.com\/wp-content\/uploads\/2026\/08\/Willie-deville-1100x572-1-1040x541.jpg\" class=\"attachment-large size-large wp-post-image\" alt=\"\" \/><\/a>\n<\/div>\n\t<div class=\"tribe-related-event-info\">\n\t<h3 class=\"tribe-related-events-title\">\n\t\t<a href=\"https:\/\/cafelapalma.com\/en\/programacion\/willie-deville-concierto-benefico-x-venezuela\/\" class=\"tribe-event-url\" rel=\"bookmark\">\n\t\t\tWILLIE DEVILLE: CONCIERTO BEN\u00c9FICO X VENEZUELA\t\t<\/a>\n\t<\/h3>\n\t<span class=\"tribe-event-date-start\">6  September@21:00<\/span><span class=\"tribe-event-time\">23:45<\/span><\/div>\n<\/li>\n\t<\/ul>","protected":false},"excerpt":{"rendered":"<p>ANTIFAN&nbsp;es el grupo madrile\u00f1o formado por&nbsp;Jerva,&nbsp;I-ACE&nbsp;y&nbsp;Harto, un ins\u00f3lito e inesperado elemento dentro de un universo muy particular. Su \u00faltimo LP,&nbsp;\u201cLa Ca\u00edda\u201d, supone la consagraci\u00f3n de&nbsp;Jerva&nbsp;como uno de los grandes letristas en castellano, capaz de juntar referencias tan dispares como&nbsp;Eskorbuto,&nbsp;PIL, o el autotune con las estructuras m\u00e1s tradicionales del rap, dando forma a un concepto a &hellip; <\/p>","protected":false},"author":2,"featured_media":29855,"template":"","meta":{"_tec_requires_first_save":false,"_uag_custom_page_level_css":"","loftloader_page_shortcode":"","_EventAllDay":false,"_EventTimezone":"Europe\/Madrid","_EventStartDate":"2024-12-13 21:00:00","_EventEndDate":"2024-12-13 23:45:00","_EventStartDateUTC":"2024-12-13 20:00:00","_EventEndDateUTC":"2024-12-13 22:45:00","_EventShowMap":false,"_EventShowMapLink":false,"_EventURL":"https:\/\/www.passline.com\/eventos\/el-final-de-la-caida-antifan-los-manises","_EventCost":"10","_EventCostDescription":"","_EventCurrencySymbol":"\u20ac","_EventCurrencyCode":"USD","_EventCurrencyPosition":"suffix","_EventDateTimeSeparator":"@","_EventTimeRangeSeparator":"-","_EventOrganizerID":[],"_EventVenueID":[],"_OrganizerEmail":"","_OrganizerPhone":"","_OrganizerWebsite":"","_VenueAddress":"","_VenueCity":"","_VenueCountry":"","_VenueProvince":"","_VenueState":"","_VenueZip":"","_VenuePhone":"","_VenueURL":"","_VenueStateProvince":"","_VenueLat":"","_VenueLng":"","_VenueShowMap":false,"_VenueShowMapLink":false,"_tribe_blocks_recurrence_rules":"","_tribe_blocks_recurrence_description":"","_tribe_blocks_recurrence_exclusions":"","_ecp_custom_2":"","_tribe_events_status":"","_tribe_events_status_reason":"","_tribe_events_is_hybrid":"","_tribe_events_is_virtual":"","_tribe_events_virtual_video_source":"","_tribe_events_virtual_embed_video":"","_tribe_events_virtual_linked_button_text":"","_tribe_events_virtual_linked_button":"","_tribe_events_virtual_show_embed_at":"","_tribe_events_virtual_show_embed_to":[],"_tribe_events_virtual_show_on_event":"","_tribe_events_virtual_show_on_views":"","_tribe_events_virtual_url":"","footnotes":""},"tags":[9117,8869,1363,2865,9146,16494,9401,14533,11194,11012,16493,9399,16492,14524,14531,2395,1146,14532],"tribe_events_cat":[8963],"class_list":["post-29853","tribe_events","type-tribe_events","status-publish","has-post-thumbnail","hentry","tag-antifan","tag-cafe-la-palma-2","tag-cafe-la-palma","tag-conciertos-cafe-la-palma","tag-conciertos-malasana","tag-hartosopas","tag-i-ace","tag-isidro-acedo","tag-jagermeister","tag-jagermusic","tag-javi-harto","tag-jerva","tag-la-caida","tag-los-manises","tag-montgri","tag-rap","tag-synthpop","tag-todas-son-correctas","tribe_events_cat-concierto","cat_concierto"],"uagb_featured_image_src":{"full":["https:\/\/cafelapalma.com\/wp-content\/uploads\/2024\/11\/Vanidad_Antifan_1.jpg",742,1113,false],"thumbnail":["https:\/\/cafelapalma.com\/wp-content\/uploads\/2024\/11\/Vanidad_Antifan_1-150x150.jpg",150,150,true],"medium":["https:\/\/cafelapalma.com\/wp-content\/uploads\/2024\/11\/Vanidad_Antifan_1-200x300.jpg",200,300,true],"medium_large":["https:\/\/cafelapalma.com\/wp-content\/uploads\/2024\/11\/Vanidad_Antifan_1.jpg",742,1113,false],"large":["https:\/\/cafelapalma.com\/wp-content\/uploads\/2024\/11\/Vanidad_Antifan_1-693x1040.jpg",693,1040,true],"1536x1536":["https:\/\/cafelapalma.com\/wp-content\/uploads\/2024\/11\/Vanidad_Antifan_1.jpg",742,1113,false],"2048x2048":["https:\/\/cafelapalma.com\/wp-content\/uploads\/2024\/11\/Vanidad_Antifan_1.jpg",742,1113,false],"trp-custom-language-flag":["https:\/\/cafelapalma.com\/wp-content\/uploads\/2024\/11\/Vanidad_Antifan_1.jpg",8,12,false],"blossom-feminine-slider":["https:\/\/cafelapalma.com\/wp-content\/uploads\/2024\/11\/Vanidad_Antifan_1-742x649.jpg",742,649,true],"blossom-feminine-featured":["https:\/\/cafelapalma.com\/wp-content\/uploads\/2024\/11\/Vanidad_Antifan_1-742x600.jpg",742,600,true],"blossom-feminine-with-sidebar":["https:\/\/cafelapalma.com\/wp-content\/uploads\/2024\/11\/Vanidad_Antifan_1-742x600.jpg",742,600,true],"blossom-feminine-blog":["https:\/\/cafelapalma.com\/wp-content\/uploads\/2024\/11\/Vanidad_Antifan_1-435x435.jpg",435,435,true],"blossom-feminine-cat":["https:\/\/cafelapalma.com\/wp-content\/uploads\/2024\/11\/Vanidad_Antifan_1-450x300.jpg",450,300,true],"blossom-feminine-related":["https:\/\/cafelapalma.com\/wp-content\/uploads\/2024\/11\/Vanidad_Antifan_1-320x200.jpg",320,200,true],"blossom-feminine-schema":["https:\/\/cafelapalma.com\/wp-content\/uploads\/2024\/11\/Vanidad_Antifan_1-40x60.jpg",40,60,true]},"uagb_author_info":{"display_name":"Victor","author_link":"https:\/\/cafelapalma.com\/en\/author\/comunicacion\/"},"uagb_comment_info":0,"uagb_excerpt":"ANTIFAN&nbsp;es el grupo madrile\u00f1o formado por&nbsp;Jerva,&nbsp;I-ACE&nbsp;y&nbsp;Harto, un ins\u00f3lito e inesperado elemento dentro de un universo muy particular. Su \u00faltimo LP,&nbsp;\u201cLa Ca\u00edda\u201d, supone la consagraci\u00f3n de&nbsp;Jerva&nbsp;como uno de los grandes letristas en castellano, capaz de juntar referencias tan dispares como&nbsp;Eskorbuto,&nbsp;PIL, o el autotune con las estructuras m\u00e1s tradicionales del rap, dando forma a un concepto a&hellip;","_links":{"self":[{"href":"https:\/\/cafelapalma.com\/en\/wp-json\/wp\/v2\/tribe_events\/29853","targetHints":{"allow":["GET"]}}],"collection":[{"href":"https:\/\/cafelapalma.com\/en\/wp-json\/wp\/v2\/tribe_events"}],"about":[{"href":"https:\/\/cafelapalma.com\/en\/wp-json\/wp\/v2\/types\/tribe_events"}],"author":[{"embeddable":true,"href":"https:\/\/cafelapalma.com\/en\/wp-json\/wp\/v2\/users\/2"}],"version-history":[{"count":0,"href":"https:\/\/cafelapalma.com\/en\/wp-json\/wp\/v2\/tribe_events\/29853\/revisions"}],"wp:featuredmedia":[{"embeddable":true,"href":"https:\/\/cafelapalma.com\/en\/wp-json\/wp\/v2\/media\/29855"}],"wp:attachment":[{"href":"https:\/\/cafelapalma.com\/en\/wp-json\/wp\/v2\/media?parent=29853"}],"wp:term":[{"taxonomy":"post_tag","embeddable":true,"href":"https:\/\/cafelapalma.com\/en\/wp-json\/wp\/v2\/tags?post=29853"},{"taxonomy":"tribe_events_cat","embeddable":true,"href":"https:\/\/cafelapalma.com\/en\/wp-json\/wp\/v2\/tribe_events_cat?post=29853"}],"curies":[{"name":"wp","href":"https:\/\/api.w.org\/{rel}","templated":true}]}}