{"id":29875,"date":"2024-11-18T18:52:39","date_gmt":"2024-11-18T17:52:39","guid":{"rendered":"https:\/\/cafelapalma.com\/?post_type=tribe_events&#038;p=29875"},"modified":"2024-11-29T13:10:38","modified_gmt":"2024-11-29T12:10:38","slug":"resaca","status":"publish","type":"tribe_events","link":"https:\/\/cafelapalma.com\/en\/programacion\/resaca\/","title":{"rendered":"RESAC:A"},"content":{"rendered":"<div  class=\"tribe-events-schedule tribe-clearfix\" >\n\t<p class=\"tribe-events-schedule__datetime\">\n\t\t<span class=\"tribe-events-schedule__date tribe-events-schedule__date--start\">\n\t\t\t30  November  2024\t\t<\/span>\n\n\t\t\t\t\t<span class=\"tribe-events-schedule__separator tribe-events-schedule__separator--date\">\n\t\t\t\t@\t\t\t<\/span>\n\t\t\t<span class=\"tribe-events-schedule__time tribe-events-schedule__time--start\">\n\t\t\t\t23:50\t\t\t<\/span>\n\t\t\n\t\t\t\t\t\t\t\t\t<span class=\"tribe-events-schedule__separator tribe-events-schedule__separator--time\">\n\t\t\t\t\t&#8211;\t\t\t\t<\/span>\n\t\t\t\n\t\t\t\t\t\t\t<span class=\"tribe-events-schedule__time tribe-events-schedule__time--end\">\n\t\t\t\t\t23:55\t\t\t\t<\/span>\n\t\t\t\n\t\t\t\t\t\t<\/p>\n<\/div>\n\n\n<div  class=\"tribe-block tribe-block__event-price\" >\n\t\t\t<span class=\"tribe-block__event-price__cost\"> 13\u20ac <\/span>\n\t\t\t\t<span class=\"tribe-block__event-price__description\">+ gg Taquilla. Incluye UNA CONSUMICI\u00d3N. ANTICIPADAS AGOTADAS SOLO VENTA EN TAQUILLA<\/span>\n\t<\/div>\n\n\n\n<div style=\"height:100px\" aria-hidden=\"true\" class=\"wp-block-spacer\"><\/div>\n\n\n\n<div class=\"wp-block-columns is-layout-flex wp-container-core-columns-is-layout-8f761849 wp-block-columns-is-layout-flex\">\n<div class=\"wp-block-column is-layout-flow wp-block-column-is-layout-flow\" style=\"flex-basis:33.33%\">\n<figure class=\"wp-block-image size-large\"><img loading=\"lazy\" decoding=\"async\" width=\"735\" height=\"1040\" src=\"https:\/\/cafelapalma.com\/wp-content\/uploads\/2024\/11\/RESACA-A3-LOW-735x1040.jpg\" alt=\"\" class=\"wp-image-29876\" srcset=\"https:\/\/cafelapalma.com\/wp-content\/uploads\/2024\/11\/RESACA-A3-LOW-735x1040.jpg 735w, https:\/\/cafelapalma.com\/wp-content\/uploads\/2024\/11\/RESACA-A3-LOW-212x300.jpg 212w, https:\/\/cafelapalma.com\/wp-content\/uploads\/2024\/11\/RESACA-A3-LOW-768x1087.jpg 768w, https:\/\/cafelapalma.com\/wp-content\/uploads\/2024\/11\/RESACA-A3-LOW-42x60.jpg 42w, https:\/\/cafelapalma.com\/wp-content\/uploads\/2024\/11\/RESACA-A3-LOW.jpg 1080w\" sizes=\"auto, (max-width: 735px) 100vw, 735px\" \/><\/figure>\n<\/div>\n\n\n\n<div class=\"wp-block-column is-layout-flow wp-block-column-is-layout-flow\" style=\"flex-basis:66.66%\">\n<div style=\"height:100px\" aria-hidden=\"true\" class=\"wp-block-spacer\"><\/div>\n\n\n\n<p class=\"has-text-align-left wp-block-paragraph\">\u00bfCu\u00e1ndo fue la \u00faltima vez que te pusieron tu canci\u00f3n favorita en un garito de Madrid?<\/p>\n\n\n\n<p class=\"has-text-align-left wp-block-paragraph\">Si fue hace poco, probablemente esta fiesta no sea para ti; si hace mucho, <strong>RESAC:A<\/strong> nace para que escuches la m\u00fasica que escuchas de lunes a jueves tambi\u00e9n cuando estas de fiesta. Un intento de que lo mejor de la m\u00fasica alternativa y del pop contempor\u00e1neo vuelva a sonar en la noche madrile\u00f1a sin tener que renunciar a salir con tus amigos.<\/p>\n\n\n\n<p class=\"has-text-align-left wp-block-paragraph\">Una fiesta como cuando te molaba la m\u00fasica que pon\u00edan de fiesta.<\/p>\n\n\n\n<p class=\"has-text-align-left wp-block-paragraph\">Una fiesta en casa de un colega sin ser en casa de un colega.<\/p>\n\n\n\n<p class=\"has-text-align-left wp-block-paragraph\">Una fiesta como a las que ibas cuando no ten\u00edas resaca.<\/p>\n\n\n\n<p class=\"has-text-align-right wp-block-paragraph\"><em><a href=\"https:\/\/www.instagram.com\/resacccca\/\">Sigue a <strong>RESAC:A<\/strong> in <\/a><\/em><strong><a href=\"https:\/\/www.instagram.com\/resacccca\/\">Instagram<\/a><\/strong><\/p>\n<\/div>\n<\/div>\n\n\n\n<div style=\"height:100px\" aria-hidden=\"true\" class=\"wp-block-spacer\"><\/div>\n\n\n\n<hr class=\"wp-block-separator has-alpha-channel-opacity\"\/>\n\n\n\n<div style=\"height:100px\" aria-hidden=\"true\" class=\"wp-block-spacer\"><\/div>\n\n\n<h2 class=\"tribe-block__related-events__title\">Related Events<\/h2>\n\n<ul  class=\"tribe-related-events tribe-clearfix\" >\n\t\t\t<li>\n\t\n<div class=\"tribe-related-events-thumbnail\">\n\t<a href=\"https:\/\/cafelapalma.com\/en\/programacion\/willie-deville-concierto-benefico-x-venezuela\/\" class=\"url\" rel=\"bookmark\" tabindex=\"-1\" aria-hidden=\"true\"><img loading=\"lazy\" decoding=\"async\" width=\"1020\" height=\"531\" src=\"https:\/\/cafelapalma.com\/wp-content\/uploads\/2026\/08\/Willie-deville-1100x572-1-1040x541.jpg\" class=\"attachment-large size-large wp-post-image\" alt=\"\" \/><\/a>\n<\/div>\n\t<div class=\"tribe-related-event-info\">\n\t<h3 class=\"tribe-related-events-title\">\n\t\t<a href=\"https:\/\/cafelapalma.com\/en\/programacion\/willie-deville-concierto-benefico-x-venezuela\/\" class=\"tribe-event-url\" rel=\"bookmark\">\n\t\t\tWILLIE DEVILLE: CONCIERTO BEN\u00c9FICO X VENEZUELA\t\t<\/a>\n\t<\/h3>\n\t<span class=\"tribe-event-date-start\">6  September@21:00<\/span><span class=\"tribe-event-time\">23:45<\/span><\/div>\n<\/li>\n\t\t\t<li>\n\t\n<div class=\"tribe-related-events-thumbnail\">\n\t<a href=\"https:\/\/cafelapalma.com\/en\/programacion\/new-boix\/\" class=\"url\" rel=\"bookmark\" tabindex=\"-1\" aria-hidden=\"true\"><img loading=\"lazy\" decoding=\"async\" width=\"694\" height=\"1040\" src=\"https:\/\/cafelapalma.com\/wp-content\/uploads\/2026\/05\/WhatsApp-Image-2026-04-29-at-12.00.28-694x1040.jpeg\" class=\"attachment-large size-large wp-post-image\" alt=\"\" \/><\/a>\n<\/div>\n\t<div class=\"tribe-related-event-info\">\n\t<h3 class=\"tribe-related-events-title\">\n\t\t<a href=\"https:\/\/cafelapalma.com\/en\/programacion\/new-boix\/\" class=\"tribe-event-url\" rel=\"bookmark\">\n\t\t\tNEW BOIX\t\t<\/a>\n\t<\/h3>\n\t<span class=\"tribe-event-date-start\">10  September@22:00<\/span><span class=\"tribe-event-time\">23:45<\/span><\/div>\n<\/li>\n\t\t\t<li>\n\t\n<div class=\"tribe-related-events-thumbnail\">\n\t<a href=\"https:\/\/cafelapalma.com\/en\/programacion\/zetaeme\/\" class=\"url\" rel=\"bookmark\" tabindex=\"-1\" aria-hidden=\"true\"><img loading=\"lazy\" decoding=\"async\" width=\"693\" height=\"1040\" src=\"https:\/\/cafelapalma.com\/wp-content\/uploads\/2026\/07\/5O3A7345-1-1-693x1040.jpg\" class=\"attachment-large size-large wp-post-image\" alt=\"\" \/><\/a>\n<\/div>\n\t<div class=\"tribe-related-event-info\">\n\t<h3 class=\"tribe-related-events-title\">\n\t\t<a href=\"https:\/\/cafelapalma.com\/en\/programacion\/zetaeme\/\" class=\"tribe-event-url\" rel=\"bookmark\">\n\t\t\tZETAEME\t\t<\/a>\n\t<\/h3>\n\t<span class=\"tribe-event-date-start\">10  September@23:55<\/span><\/div>\n<\/li>\n\t<\/ul>","protected":false},"excerpt":{"rendered":"<p>\u00bfCu\u00e1ndo fue la \u00faltima vez que te pusieron tu canci\u00f3n favorita en un garito de Madrid? Si fue hace poco, probablemente esta fiesta no sea para ti; si hace mucho, RESAC:A nace para que escuches la m\u00fasica que escuchas de lunes a jueves tambi\u00e9n cuando estas de fiesta. Un intento de que lo mejor de &hellip; <\/p>","protected":false},"author":2,"featured_media":29877,"template":"","meta":{"_tec_requires_first_save":false,"_uag_custom_page_level_css":"","loftloader_page_shortcode":"","_EventAllDay":false,"_EventTimezone":"Europe\/Madrid","_EventStartDate":"2024-11-30 23:50:00","_EventEndDate":"2024-11-30 23:55:00","_EventStartDateUTC":"2024-11-30 22:50:00","_EventEndDateUTC":"2024-11-30 22:55:00","_EventShowMap":false,"_EventShowMapLink":false,"_EventURL":"https:\/\/www.passline.com\/eventos\/resaca","_EventCost":"13","_EventCostDescription":"","_EventCurrencySymbol":"\u20ac","_EventCurrencyCode":"USD","_EventCurrencyPosition":"suffix","_EventDateTimeSeparator":"@","_EventTimeRangeSeparator":"-","_EventOrganizerID":[],"_EventVenueID":[],"_OrganizerEmail":"","_OrganizerPhone":"","_OrganizerWebsite":"","_VenueAddress":"","_VenueCity":"","_VenueCountry":"","_VenueProvince":"","_VenueState":"","_VenueZip":"","_VenuePhone":"","_VenueURL":"","_VenueStateProvince":"","_VenueLat":"","_VenueLng":"","_VenueShowMap":false,"_VenueShowMapLink":false,"_tribe_blocks_recurrence_rules":"","_tribe_blocks_recurrence_description":"","_tribe_blocks_recurrence_exclusions":"","_ecp_custom_2":"","_tribe_events_status":"","_tribe_events_status_reason":"","_tribe_events_is_hybrid":"","_tribe_events_is_virtual":"","_tribe_events_virtual_video_source":"","_tribe_events_virtual_embed_video":"","_tribe_events_virtual_linked_button_text":"","_tribe_events_virtual_linked_button":"","_tribe_events_virtual_show_embed_at":"","_tribe_events_virtual_show_embed_to":[],"_tribe_events_virtual_show_on_event":"","_tribe_events_virtual_show_on_views":"","_tribe_events_virtual_url":"","footnotes":""},"tags":[1363,8869,9225,9227,1357,8970,1355,10074],"tribe_events_cat":[8964],"class_list":["post-29875","tribe_events","type-tribe_events","status-publish","has-post-thumbnail","hentry","tag-cafe-la-palma","tag-cafe-la-palma-2","tag-cafe-la-palma-clubbing","tag-djs-malasana","tag-electronica","tag-indie","tag-pop","tag-tabaco","tribe_events_cat-clubbing","cat_clubbing"],"uagb_featured_image_src":{"full":["https:\/\/cafelapalma.com\/wp-content\/uploads\/2024\/11\/RESACASTORIES_-QUIET.jpg",379,675,false],"thumbnail":["https:\/\/cafelapalma.com\/wp-content\/uploads\/2024\/11\/RESACASTORIES_-QUIET-150x150.jpg",150,150,true],"medium":["https:\/\/cafelapalma.com\/wp-content\/uploads\/2024\/11\/RESACASTORIES_-QUIET-168x300.jpg",168,300,true],"medium_large":["https:\/\/cafelapalma.com\/wp-content\/uploads\/2024\/11\/RESACASTORIES_-QUIET.jpg",379,675,false],"large":["https:\/\/cafelapalma.com\/wp-content\/uploads\/2024\/11\/RESACASTORIES_-QUIET.jpg",379,675,false],"1536x1536":["https:\/\/cafelapalma.com\/wp-content\/uploads\/2024\/11\/RESACASTORIES_-QUIET.jpg",379,675,false],"2048x2048":["https:\/\/cafelapalma.com\/wp-content\/uploads\/2024\/11\/RESACASTORIES_-QUIET.jpg",379,675,false],"trp-custom-language-flag":["https:\/\/cafelapalma.com\/wp-content\/uploads\/2024\/11\/RESACASTORIES_-QUIET.jpg",7,12,false],"blossom-feminine-slider":["https:\/\/cafelapalma.com\/wp-content\/uploads\/2024\/11\/RESACASTORIES_-QUIET-379x649.jpg",379,649,true],"blossom-feminine-featured":["https:\/\/cafelapalma.com\/wp-content\/uploads\/2024\/11\/RESACASTORIES_-QUIET-379x600.jpg",379,600,true],"blossom-feminine-with-sidebar":["https:\/\/cafelapalma.com\/wp-content\/uploads\/2024\/11\/RESACASTORIES_-QUIET-379x600.jpg",379,600,true],"blossom-feminine-blog":["https:\/\/cafelapalma.com\/wp-content\/uploads\/2024\/11\/RESACASTORIES_-QUIET-379x435.jpg",379,435,true],"blossom-feminine-cat":["https:\/\/cafelapalma.com\/wp-content\/uploads\/2024\/11\/RESACASTORIES_-QUIET-379x300.jpg",379,300,true],"blossom-feminine-related":["https:\/\/cafelapalma.com\/wp-content\/uploads\/2024\/11\/RESACASTORIES_-QUIET-320x200.jpg",320,200,true],"blossom-feminine-schema":["https:\/\/cafelapalma.com\/wp-content\/uploads\/2024\/11\/RESACASTORIES_-QUIET-34x60.jpg",34,60,true]},"uagb_author_info":{"display_name":"Victor","author_link":"https:\/\/cafelapalma.com\/en\/author\/comunicacion\/"},"uagb_comment_info":0,"uagb_excerpt":"\u00bfCu\u00e1ndo fue la \u00faltima vez que te pusieron tu canci\u00f3n favorita en un garito de Madrid? Si fue hace poco, probablemente esta fiesta no sea para ti; si hace mucho, RESAC:A nace para que escuches la m\u00fasica que escuchas de lunes a jueves tambi\u00e9n cuando estas de fiesta. Un intento de que lo mejor de&hellip;","_links":{"self":[{"href":"https:\/\/cafelapalma.com\/en\/wp-json\/wp\/v2\/tribe_events\/29875","targetHints":{"allow":["GET"]}}],"collection":[{"href":"https:\/\/cafelapalma.com\/en\/wp-json\/wp\/v2\/tribe_events"}],"about":[{"href":"https:\/\/cafelapalma.com\/en\/wp-json\/wp\/v2\/types\/tribe_events"}],"author":[{"embeddable":true,"href":"https:\/\/cafelapalma.com\/en\/wp-json\/wp\/v2\/users\/2"}],"version-history":[{"count":0,"href":"https:\/\/cafelapalma.com\/en\/wp-json\/wp\/v2\/tribe_events\/29875\/revisions"}],"wp:featuredmedia":[{"embeddable":true,"href":"https:\/\/cafelapalma.com\/en\/wp-json\/wp\/v2\/media\/29877"}],"wp:attachment":[{"href":"https:\/\/cafelapalma.com\/en\/wp-json\/wp\/v2\/media?parent=29875"}],"wp:term":[{"taxonomy":"post_tag","embeddable":true,"href":"https:\/\/cafelapalma.com\/en\/wp-json\/wp\/v2\/tags?post=29875"},{"taxonomy":"tribe_events_cat","embeddable":true,"href":"https:\/\/cafelapalma.com\/en\/wp-json\/wp\/v2\/tribe_events_cat?post=29875"}],"curies":[{"name":"wp","href":"https:\/\/api.w.org\/{rel}","templated":true}]}}