{"id":29879,"date":"2024-11-19T10:32:13","date_gmt":"2024-11-19T09:32:13","guid":{"rendered":"https:\/\/cafelapalma.com\/?post_type=tribe_events&#038;p=29879"},"modified":"2025-03-13T16:25:20","modified_gmt":"2025-03-13T15:25:20","slug":"marban","status":"publish","type":"tribe_events","link":"https:\/\/cafelapalma.com\/en\/programacion\/marban\/","title":{"rendered":"MARBAN"},"content":{"rendered":"<div  class=\"tribe-events-schedule tribe-clearfix\" >\n\t<p class=\"tribe-events-schedule__datetime\">\n\t\t<span class=\"tribe-events-schedule__date tribe-events-schedule__date--start\">\n\t\t\t15  March  2025\t\t<\/span>\n\n\t\t\t\t\t<span class=\"tribe-events-schedule__separator tribe-events-schedule__separator--date\">\n\t\t\t\t@\t\t\t<\/span>\n\t\t\t<span class=\"tribe-events-schedule__time tribe-events-schedule__time--start\">\n\t\t\t\t22:00\t\t\t<\/span>\n\t\t\n\t\t\t\t\t\t\t\t\t<span class=\"tribe-events-schedule__separator tribe-events-schedule__separator--time\">\n\t\t\t\t\t&#8211;\t\t\t\t<\/span>\n\t\t\t\n\t\t\t\t\t\t\t<span class=\"tribe-events-schedule__time tribe-events-schedule__time--end\">\n\t\t\t\t\t23:45\t\t\t\t<\/span>\n\t\t\t\n\t\t\t\t\t\t<\/p>\n<\/div>\n\n\n<div  class=\"tribe-block tribe-block__event-price\" >\n\t\t\t<span class=\"tribe-block__event-price__cost\"> ENTRADAS AGOTADAS <\/span>\n\t\t\t\t<span class=\"tribe-block__event-price__description\">#soldout<\/span>\n\t<\/div>\n\n\n\n<div style=\"height:100px\" aria-hidden=\"true\" class=\"wp-block-spacer\"><\/div>\n\n\n\n<div class=\"wp-block-columns is-layout-flex wp-container-core-columns-is-layout-8f761849 wp-block-columns-is-layout-flex\">\n<div class=\"wp-block-column is-layout-flow wp-block-column-is-layout-flow\" style=\"flex-basis:33.33%\">\n<figure class=\"wp-block-image size-full\"><img loading=\"lazy\" decoding=\"async\" width=\"297\" height=\"420\" src=\"https:\/\/cafelapalma.com\/wp-content\/uploads\/2024\/11\/Marban_MADRID_A3_SO.jpg\" alt=\"\" class=\"wp-image-30800\" srcset=\"https:\/\/cafelapalma.com\/wp-content\/uploads\/2024\/11\/Marban_MADRID_A3_SO.jpg 297w, https:\/\/cafelapalma.com\/wp-content\/uploads\/2024\/11\/Marban_MADRID_A3_SO-212x300.jpg 212w, https:\/\/cafelapalma.com\/wp-content\/uploads\/2024\/11\/Marban_MADRID_A3_SO-42x60.jpg 42w\" sizes=\"auto, (max-width: 297px) 100vw, 297px\" \/><\/figure>\n<\/div>\n\n\n\n<div class=\"wp-block-column is-layout-flow wp-block-column-is-layout-flow\" style=\"flex-basis:66.66%\">\n<p class=\"wp-block-paragraph\"><\/p>\n\n\n\n<p class=\"has-text-align-left wp-block-paragraph\">Un bella <em>rara avis <\/em>del panorama musical llega a <strong>Subterfuge <\/strong>desde <strong>Getxo&nbsp;<\/strong>-el escenario en el que surge esa melancol\u00eda transgresora que les caracteriza-. Pocas bandas noveles pueden presumir de un universo po\u00e9tico tan emotivo, un imaginario tan cuidado -con ra\u00edces en la mitolog\u00eda y la filosof\u00eda-, y una propuesta musical tan radicalmente underground como las de&nbsp;<strong>MARBAN<\/strong>.<\/p>\n\n\n\n<p class=\"has-text-align-left wp-block-paragraph\">En 2017 la banda, ya conformada con su formaci\u00f3n actual, ilumina el EP <strong><em>\u00abLeviat\u00e1n\u00bb<\/em><\/strong>.&nbsp;En febrero del 2020 llega su segundo EP, <strong><em>\u00abMagna Moralia\u00bb<\/em><\/strong>, donde combinan la narrativa de la \u00e9poca cl\u00e1sica con el disgusto social gracias a un sonido m\u00e1s oscuro y letras cargadas de enfado. Finalmente, en abril de 2024, lanzan su primer LP, <strong><em>\u00abM\u00e1rmol\u00bb<\/em><\/strong>, un testimonio \u00edntimo presentado como una especie de diario&nbsp;post-punk. El <em>Sonido&nbsp;Manchester<\/em>,&nbsp;<strong>Arctic Monkeys,&nbsp;The Smiths,&nbsp;The Cure, Golpes Bajos<em>&nbsp;<\/em><\/strong>o&nbsp;<strong>Sr. Chinarro<em>&nbsp;<\/em><\/strong>influencian este \u00e1lbum conceptual en el que abordan la nostalgia, el dolor y el conocimiento de uno mismo.<\/p>\n\n\n\n<p class=\"has-text-align-left wp-block-paragraph\"><strong>Marban&nbsp;<\/strong>son <strong>Guillermo Marban<\/strong> (guitarra y voz), <strong>\u00c1lex Briegas<\/strong> (guitarras), <strong>Miguel Flores<\/strong> (bajista), <strong>\u00c1lvaro Mart\u00ednez<\/strong> (sintetizadores) y <strong>Javier Heppe<\/strong> (bater\u00eda).<\/p>\n\n\n\n<p class=\"has-text-align-right wp-block-paragraph\"><em><a href=\"https:\/\/open.spotify.com\/intl-es\/artist\/13rd4oAW4xak707186Vnun?si=qkH_gYTPQSCv6skUoe8CxA\">Listen to <\/a><\/em><strong><a href=\"https:\/\/open.spotify.com\/intl-es\/artist\/13rd4oAW4xak707186Vnun?si=qkH_gYTPQSCv6skUoe8CxA\">MARBAN <\/a><\/strong><em><a href=\"https:\/\/open.spotify.com\/intl-es\/artist\/13rd4oAW4xak707186Vnun?si=qkH_gYTPQSCv6skUoe8CxA\">in <\/a><\/em><strong><a href=\"https:\/\/open.spotify.com\/intl-es\/artist\/13rd4oAW4xak707186Vnun?si=qkH_gYTPQSCv6skUoe8CxA\">Spotify<\/a><\/strong><\/p>\n<\/div>\n<\/div>\n\n\n\n<div style=\"height:100px\" aria-hidden=\"true\" class=\"wp-block-spacer\"><\/div>\n\n\n\n<hr class=\"wp-block-separator has-alpha-channel-opacity\"\/>\n\n\n\n<div style=\"height:100px\" aria-hidden=\"true\" class=\"wp-block-spacer\"><\/div>\n\n\n<h2 class=\"tribe-block__related-events__title\">Related Events<\/h2>\n\n<ul  class=\"tribe-related-events tribe-clearfix\" >\n\t\t\t<li>\n\t\n<div class=\"tribe-related-events-thumbnail\">\n\t<a href=\"https:\/\/cafelapalma.com\/en\/programacion\/funkin-donuts\/\" class=\"url\" rel=\"bookmark\" tabindex=\"-1\" aria-hidden=\"true\"><img loading=\"lazy\" decoding=\"async\" width=\"693\" height=\"1040\" src=\"https:\/\/cafelapalma.com\/wp-content\/uploads\/2026\/07\/FD-vert2-bn-693x1040.jpg\" class=\"attachment-large size-large wp-post-image\" alt=\"\" \/><\/a>\n<\/div>\n\t<div class=\"tribe-related-event-info\">\n\t<h3 class=\"tribe-related-events-title\">\n\t\t<a href=\"https:\/\/cafelapalma.com\/en\/programacion\/funkin-donuts\/\" class=\"tribe-event-url\" rel=\"bookmark\">\n\t\t\tFUNKIN&#8217; DONUTS\t\t<\/a>\n\t<\/h3>\n\t<span class=\"tribe-event-date-start\">5  September@22:00<\/span><span class=\"tribe-event-time\">23:45<\/span><\/div>\n<\/li>\n\t\t\t<li>\n\t\n<div class=\"tribe-related-events-thumbnail\">\n\t<a href=\"https:\/\/cafelapalma.com\/en\/programacion\/backstage-le-petit-truffle-mayo\/\" class=\"url\" rel=\"bookmark\" tabindex=\"-1\" aria-hidden=\"true\"><img loading=\"lazy\" decoding=\"async\" width=\"780\" height=\"1040\" src=\"https:\/\/cafelapalma.com\/wp-content\/uploads\/2026\/07\/Imagen-TruffleMayo-LePetit-i-1-780x1040.png\" class=\"attachment-large size-large wp-post-image\" alt=\"\" \/><\/a>\n<\/div>\n\t<div class=\"tribe-related-event-info\">\n\t<h3 class=\"tribe-related-events-title\">\n\t\t<a href=\"https:\/\/cafelapalma.com\/en\/programacion\/backstage-le-petit-truffle-mayo\/\" class=\"tribe-event-url\" rel=\"bookmark\">\n\t\t\tBACKSTAGE: LE PETIT + TRUFFLE MAYO\t\t<\/a>\n\t<\/h3>\n\t<span class=\"tribe-event-date-start\">5  September@23:55<\/span><\/div>\n<\/li>\n\t\t\t<li>\n\t\n<div class=\"tribe-related-events-thumbnail\">\n\t<a href=\"https:\/\/cafelapalma.com\/en\/programacion\/willie-deville-concierto-benefico-x-venezuela\/\" class=\"url\" rel=\"bookmark\" tabindex=\"-1\" aria-hidden=\"true\"><img loading=\"lazy\" decoding=\"async\" width=\"1020\" height=\"531\" src=\"https:\/\/cafelapalma.com\/wp-content\/uploads\/2026\/08\/Willie-deville-1100x572-1-1040x541.jpg\" class=\"attachment-large size-large wp-post-image\" alt=\"\" \/><\/a>\n<\/div>\n\t<div class=\"tribe-related-event-info\">\n\t<h3 class=\"tribe-related-events-title\">\n\t\t<a href=\"https:\/\/cafelapalma.com\/en\/programacion\/willie-deville-concierto-benefico-x-venezuela\/\" class=\"tribe-event-url\" rel=\"bookmark\">\n\t\t\tWILLIE DEVILLE: CONCIERTO BEN\u00c9FICO X VENEZUELA\t\t<\/a>\n\t<\/h3>\n\t<span class=\"tribe-event-date-start\">6  September@21:00<\/span><span class=\"tribe-event-time\">23:45<\/span><\/div>\n<\/li>\n\t<\/ul>","protected":false},"excerpt":{"rendered":"<p>Un bella rara avis del panorama musical llega a Subterfuge desde Getxo&nbsp;-el escenario en el que surge esa melancol\u00eda transgresora que les caracteriza-. Pocas bandas noveles pueden presumir de un universo po\u00e9tico tan emotivo, un imaginario tan cuidado -con ra\u00edces en la mitolog\u00eda y la filosof\u00eda-, y una propuesta musical tan radicalmente underground como las &hellip; <\/p>","protected":false},"author":2,"featured_media":29881,"template":"","meta":{"_tec_requires_first_save":false,"_uag_custom_page_level_css":"","loftloader_page_shortcode":"","_EventAllDay":false,"_EventTimezone":"Europe\/Madrid","_EventStartDate":"2025-03-15 22:00:00","_EventEndDate":"2025-03-15 23:45:00","_EventStartDateUTC":"2025-03-15 21:00:00","_EventEndDateUTC":"2025-03-15 22:45:00","_EventShowMap":false,"_EventShowMapLink":false,"_EventURL":"https:\/\/www.wegow.com\/es\/conciertos\/marban-en-madrid","_EventCost":"ENTRADAS AGOTADAS","_EventCostDescription":"","_EventCurrencySymbol":"\u20ac","_EventCurrencyCode":"USD","_EventCurrencyPosition":"suffix","_EventDateTimeSeparator":"@","_EventTimeRangeSeparator":"-","_EventOrganizerID":[],"_EventVenueID":[],"_OrganizerEmail":"","_OrganizerPhone":"","_OrganizerWebsite":"","_VenueAddress":"","_VenueCity":"","_VenueCountry":"","_VenueProvince":"","_VenueState":"","_VenueZip":"","_VenuePhone":"","_VenueURL":"","_VenueStateProvince":"","_VenueLat":"","_VenueLng":"","_VenueShowMap":false,"_VenueShowMapLink":false,"_tribe_blocks_recurrence_rules":"","_tribe_blocks_recurrence_description":"","_tribe_blocks_recurrence_exclusions":"","_ecp_custom_2":"","_tribe_events_status":"","_tribe_events_status_reason":"","_tribe_events_is_hybrid":"","_tribe_events_is_virtual":"","_tribe_events_virtual_video_source":"","_tribe_events_virtual_embed_video":"","_tribe_events_virtual_linked_button_text":"","_tribe_events_virtual_linked_button":"","_tribe_events_virtual_show_embed_at":"","_tribe_events_virtual_show_embed_to":[],"_tribe_events_virtual_show_on_event":"","_tribe_events_virtual_show_on_views":"","_tribe_events_virtual_url":"","footnotes":""},"tags":[16503,1363,8869,2865,9147,9146,16502,16506,16499,16500,16498,16501,16504,1355],"tribe_events_cat":[8963],"class_list":["post-29879","tribe_events","type-tribe_events","status-publish","has-post-thumbnail","hentry","tag-alex-briegas","tag-cafe-la-palma","tag-cafe-la-palma-2","tag-conciertos-cafe-la-palma","tag-conciertos-madrid","tag-conciertos-malasana","tag-guillermo-marban","tag-javier-heppe","tag-leviatan","tag-magna-moralia","tag-marban","tag-marmol","tag-miguel-flores","tag-pop","tribe_events_cat-concierto","cat_concierto"],"uagb_featured_image_src":{"full":["https:\/\/cafelapalma.com\/wp-content\/uploads\/2024\/11\/MARBAN-PIC.jpg",423,752,false],"thumbnail":["https:\/\/cafelapalma.com\/wp-content\/uploads\/2024\/11\/MARBAN-PIC-150x150.jpg",150,150,true],"medium":["https:\/\/cafelapalma.com\/wp-content\/uploads\/2024\/11\/MARBAN-PIC-169x300.jpg",169,300,true],"medium_large":["https:\/\/cafelapalma.com\/wp-content\/uploads\/2024\/11\/MARBAN-PIC.jpg",423,752,false],"large":["https:\/\/cafelapalma.com\/wp-content\/uploads\/2024\/11\/MARBAN-PIC.jpg",423,752,false],"1536x1536":["https:\/\/cafelapalma.com\/wp-content\/uploads\/2024\/11\/MARBAN-PIC.jpg",423,752,false],"2048x2048":["https:\/\/cafelapalma.com\/wp-content\/uploads\/2024\/11\/MARBAN-PIC.jpg",423,752,false],"trp-custom-language-flag":["https:\/\/cafelapalma.com\/wp-content\/uploads\/2024\/11\/MARBAN-PIC.jpg",7,12,false],"blossom-feminine-slider":["https:\/\/cafelapalma.com\/wp-content\/uploads\/2024\/11\/MARBAN-PIC-423x649.jpg",423,649,true],"blossom-feminine-featured":["https:\/\/cafelapalma.com\/wp-content\/uploads\/2024\/11\/MARBAN-PIC-423x600.jpg",423,600,true],"blossom-feminine-with-sidebar":["https:\/\/cafelapalma.com\/wp-content\/uploads\/2024\/11\/MARBAN-PIC-423x600.jpg",423,600,true],"blossom-feminine-blog":["https:\/\/cafelapalma.com\/wp-content\/uploads\/2024\/11\/MARBAN-PIC-423x435.jpg",423,435,true],"blossom-feminine-cat":["https:\/\/cafelapalma.com\/wp-content\/uploads\/2024\/11\/MARBAN-PIC-423x300.jpg",423,300,true],"blossom-feminine-related":["https:\/\/cafelapalma.com\/wp-content\/uploads\/2024\/11\/MARBAN-PIC-320x200.jpg",320,200,true],"blossom-feminine-schema":["https:\/\/cafelapalma.com\/wp-content\/uploads\/2024\/11\/MARBAN-PIC-34x60.jpg",34,60,true]},"uagb_author_info":{"display_name":"Victor","author_link":"https:\/\/cafelapalma.com\/en\/author\/comunicacion\/"},"uagb_comment_info":0,"uagb_excerpt":"Un bella rara avis del panorama musical llega a Subterfuge desde Getxo&nbsp;-el escenario en el que surge esa melancol\u00eda transgresora que les caracteriza-. Pocas bandas noveles pueden presumir de un universo po\u00e9tico tan emotivo, un imaginario tan cuidado -con ra\u00edces en la mitolog\u00eda y la filosof\u00eda-, y una propuesta musical tan radicalmente underground como las&hellip;","_links":{"self":[{"href":"https:\/\/cafelapalma.com\/en\/wp-json\/wp\/v2\/tribe_events\/29879","targetHints":{"allow":["GET"]}}],"collection":[{"href":"https:\/\/cafelapalma.com\/en\/wp-json\/wp\/v2\/tribe_events"}],"about":[{"href":"https:\/\/cafelapalma.com\/en\/wp-json\/wp\/v2\/types\/tribe_events"}],"author":[{"embeddable":true,"href":"https:\/\/cafelapalma.com\/en\/wp-json\/wp\/v2\/users\/2"}],"version-history":[{"count":0,"href":"https:\/\/cafelapalma.com\/en\/wp-json\/wp\/v2\/tribe_events\/29879\/revisions"}],"wp:featuredmedia":[{"embeddable":true,"href":"https:\/\/cafelapalma.com\/en\/wp-json\/wp\/v2\/media\/29881"}],"wp:attachment":[{"href":"https:\/\/cafelapalma.com\/en\/wp-json\/wp\/v2\/media?parent=29879"}],"wp:term":[{"taxonomy":"post_tag","embeddable":true,"href":"https:\/\/cafelapalma.com\/en\/wp-json\/wp\/v2\/tags?post=29879"},{"taxonomy":"tribe_events_cat","embeddable":true,"href":"https:\/\/cafelapalma.com\/en\/wp-json\/wp\/v2\/tribe_events_cat?post=29879"}],"curies":[{"name":"wp","href":"https:\/\/api.w.org\/{rel}","templated":true}]}}