{"id":29885,"date":"2024-11-19T11:26:30","date_gmt":"2024-11-19T10:26:30","guid":{"rendered":"https:\/\/cafelapalma.com\/?post_type=tribe_events&#038;p=29885"},"modified":"2025-03-10T12:15:10","modified_gmt":"2025-03-10T11:15:10","slug":"mujeres-en-vivo-2025-sin-salida-fango-club","status":"publish","type":"tribe_events","link":"https:\/\/cafelapalma.com\/en\/programacion\/mujeres-en-vivo-2025-sin-salida-fango-club\/","title":{"rendered":"MUJERES EN VIVO 2025: SIN SALIDA + FANGO CLUB"},"content":{"rendered":"<div  class=\"tribe-events-schedule tribe-clearfix\" >\n\t<p class=\"tribe-events-schedule__datetime\">\n\t\t<span class=\"tribe-events-schedule__date tribe-events-schedule__date--start\">\n\t\t\t06  March  2025\t\t<\/span>\n\n\t\t\t\t\t<span class=\"tribe-events-schedule__separator tribe-events-schedule__separator--date\">\n\t\t\t\t@\t\t\t<\/span>\n\t\t\t<span class=\"tribe-events-schedule__time tribe-events-schedule__time--start\">\n\t\t\t\t21:30\t\t\t<\/span>\n\t\t\n\t\t\t\t\t\t\t\t\t<span class=\"tribe-events-schedule__separator tribe-events-schedule__separator--time\">\n\t\t\t\t\t&#8211;\t\t\t\t<\/span>\n\t\t\t\n\t\t\t\t\t\t\t<span class=\"tribe-events-schedule__time tribe-events-schedule__time--end\">\n\t\t\t\t\t23:45\t\t\t\t<\/span>\n\t\t\t\n\t\t\t\t\t\t<\/p>\n<\/div>\n\n\n<div  class=\"tribe-block tribe-block__event-price\" >\n\t\t\t<span class=\"tribe-block__event-price__cost\"> ENTRADAS AGOTADAS <\/span>\n\t\t\t\t<span class=\"tribe-block__event-price__description\">#soldout<\/span>\n\t<\/div>\n\n\n\n<div style=\"height:100px\" aria-hidden=\"true\" class=\"wp-block-spacer\"><\/div>\n\n\n\n<div class=\"wp-block-columns is-layout-flex wp-container-core-columns-is-layout-8f761849 wp-block-columns-is-layout-flex\">\n<div class=\"wp-block-column is-layout-flow wp-block-column-is-layout-flow\" style=\"flex-basis:33.33%\">\n<figure class=\"wp-block-image size-full\"><img loading=\"lazy\" decoding=\"async\" width=\"1080\" height=\"1920\" src=\"https:\/\/cafelapalma.com\/wp-content\/uploads\/2024\/11\/MEV-SINSALIDA-STORIES.jpg\" alt=\"\" class=\"wp-image-30767\" srcset=\"https:\/\/cafelapalma.com\/wp-content\/uploads\/2024\/11\/MEV-SINSALIDA-STORIES.jpg 1080w, https:\/\/cafelapalma.com\/wp-content\/uploads\/2024\/11\/MEV-SINSALIDA-STORIES-169x300.jpg 169w, https:\/\/cafelapalma.com\/wp-content\/uploads\/2024\/11\/MEV-SINSALIDA-STORIES-585x1040.jpg 585w, https:\/\/cafelapalma.com\/wp-content\/uploads\/2024\/11\/MEV-SINSALIDA-STORIES-768x1365.jpg 768w, https:\/\/cafelapalma.com\/wp-content\/uploads\/2024\/11\/MEV-SINSALIDA-STORIES-864x1536.jpg 864w, https:\/\/cafelapalma.com\/wp-content\/uploads\/2024\/11\/MEV-SINSALIDA-STORIES-34x60.jpg 34w\" sizes=\"auto, (max-width: 1080px) 100vw, 1080px\" \/><\/figure>\n<\/div>\n\n\n\n<div class=\"wp-block-column is-layout-flow wp-block-column-is-layout-flow\" style=\"flex-basis:66.66%\">\n<p class=\"has-text-align-left wp-block-paragraph\"><strong>Mar\u00eda <\/strong>al bajo, <strong>Miguel <\/strong>a los palos, <strong>Dana <\/strong>con su voz, <strong>\u00c1lvaro <\/strong>y <strong>Sebas <\/strong>en las guitarras son los componentes de <strong>SIN SALIDA<\/strong>. Una banda que mezcla el indie y el pop-rock (m\u00e1s rock que pop), repletos de influencias.<\/p>\n\n\n\n<p class=\"has-text-align-left wp-block-paragraph\">Tras su paso por los locales de ensayo de <strong>Gruta 77<\/strong> y su escenario, as\u00ed como <strong>La Sala WiZink<\/strong>, <strong>Sin Salida<\/strong> ha encontrado su sonido gracias a la iniciativa <strong>Ensaya Carabanchel<\/strong>. Sus canciones hablan de las experiencias que viven y ven tanto ellos como cualquier joven. Su primer single <strong><em>\u201cNadie\u201d<\/em><\/strong> refleja todo ello.<\/p>\n\n\n\n<p class=\"has-text-align-right wp-block-paragraph\"><em><a href=\"https:\/\/open.spotify.com\/intl-es\/artist\/5nfEvdG1X7d0HXAoVUy8yU?si=o7rSeuyLTf-1v1TNWDbtHg\">Listen to <\/a><\/em><strong><a href=\"https:\/\/open.spotify.com\/intl-es\/artist\/5nfEvdG1X7d0HXAoVUy8yU?si=o7rSeuyLTf-1v1TNWDbtHg\">SIN SALIDA<\/a><\/strong><em><a href=\"https:\/\/open.spotify.com\/intl-es\/artist\/5nfEvdG1X7d0HXAoVUy8yU?si=o7rSeuyLTf-1v1TNWDbtHg\"> in <\/a><\/em><strong><a href=\"https:\/\/open.spotify.com\/intl-es\/artist\/5nfEvdG1X7d0HXAoVUy8yU?si=o7rSeuyLTf-1v1TNWDbtHg\">Spotify<\/a><\/strong><\/p>\n\n\n\n<p class=\"has-text-align-left wp-block-paragraph\"><strong>FANGO CLUB<\/strong> es una banda local emergente con influencias indie\/rock y punk. Este colectivo transoce\u00e1nico busca abrirse un hueco en la escena madrile\u00f1a. Tras su paso por algunas de las salas m\u00e1s emblem\u00e1ticas el circuito, se encuentran en proceso de grabaci\u00f3n de su primer disco, aunque ya cuentan con tres singles disponibles en las plataformas de streaming.<\/p>\n\n\n\n<p class=\"has-text-align-right wp-block-paragraph\"><em><a href=\"https:\/\/open.spotify.com\/intl-es\/artist\/5Sl5ZyDZOG9se8zc7IM3Kf?si=QmPxueeVQFeeGx5mCjebag\">Listen to <\/a><\/em><strong><a href=\"https:\/\/open.spotify.com\/intl-es\/artist\/5Sl5ZyDZOG9se8zc7IM3Kf?si=QmPxueeVQFeeGx5mCjebag\">FANGO CLUB<\/a><\/strong><em><a href=\"https:\/\/open.spotify.com\/intl-es\/artist\/5Sl5ZyDZOG9se8zc7IM3Kf?si=QmPxueeVQFeeGx5mCjebag\"> in <\/a><\/em><strong><a href=\"https:\/\/open.spotify.com\/intl-es\/artist\/5Sl5ZyDZOG9se8zc7IM3Kf?si=QmPxueeVQFeeGx5mCjebag\">Spotify<\/a><\/strong><\/p>\n\n\n\n<p class=\"has-text-align-center wp-block-paragraph\"><strong>#MujeresenVivo2025<\/strong>\u00a0es una iniciativa de\u00a0<strong><a href=\"https:\/\/www.instagram.com\/madridenvivo_\/\">@madridenvivo<\/a>\u00a0<\/strong>y la<strong>\u00a0<a href=\"https:\/\/www.instagram.com\/comunidadmadrid\/\">@comunidadmadrid<\/a><\/strong><\/p>\n<\/div>\n<\/div>\n\n\n\n<div style=\"height:100px\" aria-hidden=\"true\" class=\"wp-block-spacer\"><\/div>\n\n\n\n<hr class=\"wp-block-separator has-alpha-channel-opacity\"\/>\n\n\n\n<div style=\"height:100px\" aria-hidden=\"true\" class=\"wp-block-spacer\"><\/div>\n\n\n<h2 class=\"tribe-block__related-events__title\">Related Events<\/h2>\n\n<ul  class=\"tribe-related-events tribe-clearfix\" >\n\t\t\t<li>\n\t\n<div class=\"tribe-related-events-thumbnail\">\n\t<a href=\"https:\/\/cafelapalma.com\/en\/programacion\/funkin-donuts\/\" class=\"url\" rel=\"bookmark\" tabindex=\"-1\" aria-hidden=\"true\"><img loading=\"lazy\" decoding=\"async\" width=\"693\" height=\"1040\" src=\"https:\/\/cafelapalma.com\/wp-content\/uploads\/2026\/07\/FD-vert2-bn-693x1040.jpg\" class=\"attachment-large size-large wp-post-image\" alt=\"\" \/><\/a>\n<\/div>\n\t<div class=\"tribe-related-event-info\">\n\t<h3 class=\"tribe-related-events-title\">\n\t\t<a href=\"https:\/\/cafelapalma.com\/en\/programacion\/funkin-donuts\/\" class=\"tribe-event-url\" rel=\"bookmark\">\n\t\t\tFUNKIN&#8217; DONUTS\t\t<\/a>\n\t<\/h3>\n\t<span class=\"tribe-event-date-start\">5  September@22:00<\/span><span class=\"tribe-event-time\">23:45<\/span><\/div>\n<\/li>\n\t\t\t<li>\n\t\n<div class=\"tribe-related-events-thumbnail\">\n\t<a href=\"https:\/\/cafelapalma.com\/en\/programacion\/backstage-le-petit-truffle-mayo\/\" class=\"url\" rel=\"bookmark\" tabindex=\"-1\" aria-hidden=\"true\"><img loading=\"lazy\" decoding=\"async\" width=\"780\" height=\"1040\" src=\"https:\/\/cafelapalma.com\/wp-content\/uploads\/2026\/07\/Imagen-TruffleMayo-LePetit-i-1-780x1040.png\" class=\"attachment-large size-large wp-post-image\" alt=\"\" \/><\/a>\n<\/div>\n\t<div class=\"tribe-related-event-info\">\n\t<h3 class=\"tribe-related-events-title\">\n\t\t<a href=\"https:\/\/cafelapalma.com\/en\/programacion\/backstage-le-petit-truffle-mayo\/\" class=\"tribe-event-url\" rel=\"bookmark\">\n\t\t\tBACKSTAGE: LE PETIT + TRUFFLE MAYO\t\t<\/a>\n\t<\/h3>\n\t<span class=\"tribe-event-date-start\">5  September@23:55<\/span><\/div>\n<\/li>\n\t\t\t<li>\n\t\n<div class=\"tribe-related-events-thumbnail\">\n\t<a href=\"https:\/\/cafelapalma.com\/en\/programacion\/willie-deville-concierto-benefico-x-venezuela\/\" class=\"url\" rel=\"bookmark\" tabindex=\"-1\" aria-hidden=\"true\"><img loading=\"lazy\" decoding=\"async\" width=\"1020\" height=\"531\" src=\"https:\/\/cafelapalma.com\/wp-content\/uploads\/2026\/08\/Willie-deville-1100x572-1-1040x541.jpg\" class=\"attachment-large size-large wp-post-image\" alt=\"\" \/><\/a>\n<\/div>\n\t<div class=\"tribe-related-event-info\">\n\t<h3 class=\"tribe-related-events-title\">\n\t\t<a href=\"https:\/\/cafelapalma.com\/en\/programacion\/willie-deville-concierto-benefico-x-venezuela\/\" class=\"tribe-event-url\" rel=\"bookmark\">\n\t\t\tWILLIE DEVILLE: CONCIERTO BEN\u00c9FICO X VENEZUELA\t\t<\/a>\n\t<\/h3>\n\t<span class=\"tribe-event-date-start\">6  September@21:00<\/span><span class=\"tribe-event-time\">23:45<\/span><\/div>\n<\/li>\n\t<\/ul>","protected":false},"excerpt":{"rendered":"<p>Mar\u00eda al bajo, Miguel a los palos, Dana con su voz, \u00c1lvaro y Sebas en las guitarras son los componentes de SIN SALIDA. Una banda que mezcla el indie y el pop-rock (m\u00e1s rock que pop), repletos de influencias. Tras su paso por los locales de ensayo de Gruta 77 y su escenario, as\u00ed como &hellip; <\/p>","protected":false},"author":2,"featured_media":29887,"template":"","meta":{"_tec_requires_first_save":false,"_uag_custom_page_level_css":"","loftloader_page_shortcode":"","_EventAllDay":false,"_EventTimezone":"Europe\/Madrid","_EventStartDate":"2025-03-06 21:30:00","_EventEndDate":"2025-03-06 23:45:00","_EventStartDateUTC":"2025-03-06 20:30:00","_EventEndDateUTC":"2025-03-06 22:45:00","_EventShowMap":false,"_EventShowMapLink":false,"_EventURL":"https:\/\/www.passline.com\/eventos\/sin-salida-fango-club","_EventCost":"ENTRADAS AGOTADAS","_EventCostDescription":"","_EventCurrencySymbol":"\u20ac","_EventCurrencyCode":"USD","_EventCurrencyPosition":"suffix","_EventDateTimeSeparator":"@","_EventTimeRangeSeparator":"-","_EventOrganizerID":[],"_EventVenueID":[],"_OrganizerEmail":"","_OrganizerPhone":"","_OrganizerWebsite":"","_VenueAddress":"","_VenueCity":"","_VenueCountry":"","_VenueProvince":"","_VenueState":"","_VenueZip":"","_VenuePhone":"","_VenueURL":"","_VenueStateProvince":"","_VenueLat":"","_VenueLng":"","_VenueShowMap":false,"_VenueShowMapLink":false,"_tribe_blocks_recurrence_rules":"","_tribe_blocks_recurrence_description":"","_tribe_blocks_recurrence_exclusions":"","_ecp_custom_2":"","_tribe_events_status":"","_tribe_events_status_reason":"","_tribe_events_is_hybrid":"","_tribe_events_is_virtual":"","_tribe_events_virtual_video_source":"","_tribe_events_virtual_embed_video":"","_tribe_events_virtual_linked_button_text":"","_tribe_events_virtual_linked_button":"","_tribe_events_virtual_show_embed_at":"","_tribe_events_virtual_show_embed_to":[],"_tribe_events_virtual_show_on_event":"","_tribe_events_virtual_show_on_views":"","_tribe_events_virtual_url":"","footnotes":""},"tags":[1363,8869,2865,9147,9146,16508,16509,1355,9164,16507],"tribe_events_cat":[8963],"class_list":["post-29885","tribe_events","type-tribe_events","status-publish","has-post-thumbnail","hentry","tag-cafe-la-palma","tag-cafe-la-palma-2","tag-conciertos-cafe-la-palma","tag-conciertos-madrid","tag-conciertos-malasana","tag-fango-club","tag-nadie","tag-pop","tag-pop-rock-2","tag-sin-salida","tribe_events_cat-concierto","cat_concierto"],"uagb_featured_image_src":{"full":["https:\/\/cafelapalma.com\/wp-content\/uploads\/2024\/11\/SIN-SALIDA-PICLOW-scaled.jpg",2000,3000,false],"thumbnail":["https:\/\/cafelapalma.com\/wp-content\/uploads\/2024\/11\/SIN-SALIDA-PICLOW-150x150.jpg",150,150,true],"medium":["https:\/\/cafelapalma.com\/wp-content\/uploads\/2024\/11\/SIN-SALIDA-PICLOW-200x300.jpg",200,300,true],"medium_large":["https:\/\/cafelapalma.com\/wp-content\/uploads\/2024\/11\/SIN-SALIDA-PICLOW-768x1152.jpg",768,1152,true],"large":["https:\/\/cafelapalma.com\/wp-content\/uploads\/2024\/11\/SIN-SALIDA-PICLOW-693x1040.jpg",693,1040,true],"1536x1536":["https:\/\/cafelapalma.com\/wp-content\/uploads\/2024\/11\/SIN-SALIDA-PICLOW-scaled.jpg",1024,1536,false],"2048x2048":["https:\/\/cafelapalma.com\/wp-content\/uploads\/2024\/11\/SIN-SALIDA-PICLOW-scaled.jpg",1365,2048,false],"trp-custom-language-flag":["https:\/\/cafelapalma.com\/wp-content\/uploads\/2024\/11\/SIN-SALIDA-PICLOW-scaled.jpg",8,12,false],"blossom-feminine-slider":["https:\/\/cafelapalma.com\/wp-content\/uploads\/2024\/11\/SIN-SALIDA-PICLOW-scaled.jpg",433,649,false],"blossom-feminine-featured":["https:\/\/cafelapalma.com\/wp-content\/uploads\/2024\/11\/SIN-SALIDA-PICLOW-scaled.jpg",400,600,false],"blossom-feminine-with-sidebar":["https:\/\/cafelapalma.com\/wp-content\/uploads\/2024\/11\/SIN-SALIDA-PICLOW-scaled.jpg",400,600,false],"blossom-feminine-blog":["https:\/\/cafelapalma.com\/wp-content\/uploads\/2024\/11\/SIN-SALIDA-PICLOW-scaled.jpg",290,435,false],"blossom-feminine-cat":["https:\/\/cafelapalma.com\/wp-content\/uploads\/2024\/11\/SIN-SALIDA-PICLOW-scaled.jpg",200,300,false],"blossom-feminine-related":["https:\/\/cafelapalma.com\/wp-content\/uploads\/2024\/11\/SIN-SALIDA-PICLOW-scaled.jpg",133,200,false],"blossom-feminine-schema":["https:\/\/cafelapalma.com\/wp-content\/uploads\/2024\/11\/SIN-SALIDA-PICLOW-scaled.jpg",40,60,false]},"uagb_author_info":{"display_name":"Victor","author_link":"https:\/\/cafelapalma.com\/en\/author\/comunicacion\/"},"uagb_comment_info":0,"uagb_excerpt":"Mar\u00eda al bajo, Miguel a los palos, Dana con su voz, \u00c1lvaro y Sebas en las guitarras son los componentes de SIN SALIDA. Una banda que mezcla el indie y el pop-rock (m\u00e1s rock que pop), repletos de influencias. Tras su paso por los locales de ensayo de Gruta 77 y su escenario, as\u00ed como&hellip;","_links":{"self":[{"href":"https:\/\/cafelapalma.com\/en\/wp-json\/wp\/v2\/tribe_events\/29885","targetHints":{"allow":["GET"]}}],"collection":[{"href":"https:\/\/cafelapalma.com\/en\/wp-json\/wp\/v2\/tribe_events"}],"about":[{"href":"https:\/\/cafelapalma.com\/en\/wp-json\/wp\/v2\/types\/tribe_events"}],"author":[{"embeddable":true,"href":"https:\/\/cafelapalma.com\/en\/wp-json\/wp\/v2\/users\/2"}],"version-history":[{"count":0,"href":"https:\/\/cafelapalma.com\/en\/wp-json\/wp\/v2\/tribe_events\/29885\/revisions"}],"wp:featuredmedia":[{"embeddable":true,"href":"https:\/\/cafelapalma.com\/en\/wp-json\/wp\/v2\/media\/29887"}],"wp:attachment":[{"href":"https:\/\/cafelapalma.com\/en\/wp-json\/wp\/v2\/media?parent=29885"}],"wp:term":[{"taxonomy":"post_tag","embeddable":true,"href":"https:\/\/cafelapalma.com\/en\/wp-json\/wp\/v2\/tags?post=29885"},{"taxonomy":"tribe_events_cat","embeddable":true,"href":"https:\/\/cafelapalma.com\/en\/wp-json\/wp\/v2\/tribe_events_cat?post=29885"}],"curies":[{"name":"wp","href":"https:\/\/api.w.org\/{rel}","templated":true}]}}