{"id":30067,"date":"2024-12-09T17:35:07","date_gmt":"2024-12-09T16:35:07","guid":{"rendered":"https:\/\/cafelapalma.com\/?post_type=tribe_events&#038;p=30067"},"modified":"2024-12-09T17:35:10","modified_gmt":"2024-12-09T16:35:10","slug":"the-lil-session","status":"publish","type":"tribe_events","link":"https:\/\/cafelapalma.com\/en\/programacion\/the-lil-session\/","title":{"rendered":"C\u00c9SAR ALONSO + AREY"},"content":{"rendered":"<div  class=\"tribe-events-schedule tribe-clearfix\" >\n\t<p class=\"tribe-events-schedule__datetime\">\n\t\t<span class=\"tribe-events-schedule__date tribe-events-schedule__date--start\">\n\t\t\t02  February  2025\t\t<\/span>\n\n\t\t\t\t\t<span class=\"tribe-events-schedule__separator tribe-events-schedule__separator--date\">\n\t\t\t\t@\t\t\t<\/span>\n\t\t\t<span class=\"tribe-events-schedule__time tribe-events-schedule__time--start\">\n\t\t\t\t21:00\t\t\t<\/span>\n\t\t\n\t\t\t\t\t\t\t\t\t<span class=\"tribe-events-schedule__separator tribe-events-schedule__separator--time\">\n\t\t\t\t\t&#8211;\t\t\t\t<\/span>\n\t\t\t\n\t\t\t\t\t\t\t<span class=\"tribe-events-schedule__time tribe-events-schedule__time--end\">\n\t\t\t\t\t23:00\t\t\t\t<\/span>\n\t\t\t\n\t\t\t\t\t\t<\/p>\n<\/div>\n\n\n<div  class=\"tribe-block tribe-block__event-price\" >\n\t\t\t<span class=\"tribe-block__event-price__cost\"> 8\u20ac <\/span>\n\t\t\t\t<span class=\"tribe-block__event-price__description\">+ gg Anticipada | 10\u20ac Taquilla<\/span>\n\t<\/div>\n\n\n\n<div style=\"height:100px\" aria-hidden=\"true\" class=\"wp-block-spacer\"><\/div>\n\n\n\n<div class=\"wp-block-columns is-layout-flex wp-container-core-columns-is-layout-8f761849 wp-block-columns-is-layout-flex\">\n<div class=\"wp-block-column is-layout-flow wp-block-column-is-layout-flow\" style=\"flex-basis:33.33%\">\n<figure class=\"wp-block-image size-full\"><img loading=\"lazy\" decoding=\"async\" width=\"297\" height=\"420\" src=\"https:\/\/cafelapalma.com\/wp-content\/uploads\/2024\/12\/CESAR-AREY-A3-LOW.jpg\" alt=\"\" class=\"wp-image-30068\" srcset=\"https:\/\/cafelapalma.com\/wp-content\/uploads\/2024\/12\/CESAR-AREY-A3-LOW.jpg 297w, https:\/\/cafelapalma.com\/wp-content\/uploads\/2024\/12\/CESAR-AREY-A3-LOW-212x300.jpg 212w, https:\/\/cafelapalma.com\/wp-content\/uploads\/2024\/12\/CESAR-AREY-A3-LOW-42x60.jpg 42w\" sizes=\"auto, (max-width: 297px) 100vw, 297px\" \/><\/figure>\n\n\n<div  class=\"tribe-block tribe-block__event-website\" >\n\t<a\n\t\thref=\"https:\/\/www.passline.com\/eventos\/the-lil-session-cesar-alonso-arey\"\n\t\ttarget=\"_self\"\n\t\t\t>\n\t\tBUY TICKETS\t<\/a>\n<\/div>\n<\/div>\n\n\n\n<div class=\"wp-block-column is-layout-flow wp-block-column-is-layout-flow\" style=\"flex-basis:66.66%\">\n<p class=\"wp-block-paragraph\"><\/p>\n\n\n\n<p class=\"has-text-align-left wp-block-paragraph\">Con un formato \u00edntimo, <strong><em>The Lil Session<\/em><\/strong> re\u00fane a dos artistas que ofrecen lo mejor de sus universos musicales. <strong>C\u00e9sar Alonso<\/strong> (<strong>lilcsr<\/strong>) debutar\u00e1 en directo con un repertorio lleno de emociones, donde el indie pop y el bedroom pop se mezclan con guitarras, piano y letras sinceras. Por su parte, <strong>Arey <\/strong>aportar\u00e1 su estilo personal, fusionando folk-indie y synth-pop en canciones que envuelven con su atm\u00f3sfera y sensibilidad.<\/p>\n\n\n\n<p class=\"has-text-align-left wp-block-paragraph\"><strong>C\u00c9SAR ALONSO<\/strong> es un artista vallisoletano, conocido como <strong>lilcsr<\/strong>, lleva desde 2019 creando canciones que mezclan indie pop y bedroom pop, con guitarras melanc\u00f3licas, piano y letras cargadas de emociones. Entre su repertorio destacan temas como <em><strong>\u201cVitamins\u201d<\/strong><\/em>, <strong><em>\u201cCanciones que no hablan de nada\u201d<\/em><\/strong> y la balada ac\u00fastica <strong><em>\u201cCartas de adi\u00f3s\u201d<\/em><\/strong>. Esta ser\u00e1 su primera actuaci\u00f3n en directo, donde presentar\u00e1 una selecci\u00f3n de su discograf\u00eda.<\/p>\n\n\n\n<p class=\"has-text-align-right wp-block-paragraph\"><em><a href=\"https:\/\/open.spotify.com\/intl-es\/artist\/4FlbhAxrf0jael3rphEU46?si=1OD2MVWSR-KQUbzOub6FEw\">Listen to <\/a><\/em><strong><a href=\"https:\/\/open.spotify.com\/intl-es\/artist\/4FlbhAxrf0jael3rphEU46?si=1OD2MVWSR-KQUbzOub6FEw\">C\u00c9SAR ALONSO<\/a><\/strong><em><a href=\"https:\/\/open.spotify.com\/intl-es\/artist\/4FlbhAxrf0jael3rphEU46?si=1OD2MVWSR-KQUbzOub6FEw\"> in <\/a><\/em><strong><a href=\"https:\/\/open.spotify.com\/intl-es\/artist\/4FlbhAxrf0jael3rphEU46?si=1OD2MVWSR-KQUbzOub6FEw\">Spotify<\/a><\/strong><\/p>\n\n\n\n<p class=\"has-text-align-left wp-block-paragraph\">Por su parte, <strong>AREY<\/strong>, cantautor zaragozano, aportar\u00e1 su estilo envolvente que combina folk-indie y synth-pop. Desde su debut en 2021 con el EP <strong><em>\u201cLas estaciones del tiempo\u201d<\/em><\/strong>, ha demostrado su versatilidad con canciones como <strong><em>\u201cRhea, amor\u201d <\/em><\/strong>y <em><strong>\u201cVeladura\u201d<\/strong><\/em>, llenas de sensibilidad y letras reflexivas.<\/p>\n\n\n\n<p class=\"has-text-align-right wp-block-paragraph\"><em><a href=\"https:\/\/open.spotify.com\/intl-es\/artist\/6CPm2lWmvuQEXFVYmwvLfa?si=sf8wObdHTRq0LqoCvXdSmQ\">Listen to <\/a><\/em><strong><a href=\"https:\/\/open.spotify.com\/intl-es\/artist\/6CPm2lWmvuQEXFVYmwvLfa?si=sf8wObdHTRq0LqoCvXdSmQ\">AREY <\/a><\/strong><em><a href=\"https:\/\/open.spotify.com\/intl-es\/artist\/6CPm2lWmvuQEXFVYmwvLfa?si=sf8wObdHTRq0LqoCvXdSmQ\">in <\/a><\/em><strong><a href=\"https:\/\/open.spotify.com\/intl-es\/artist\/6CPm2lWmvuQEXFVYmwvLfa?si=sf8wObdHTRq0LqoCvXdSmQ\">Spotify<\/a><\/strong><\/p>\n<\/div>\n<\/div>\n\n\n\n<div style=\"height:100px\" aria-hidden=\"true\" class=\"wp-block-spacer\"><\/div>\n\n\n\n<hr class=\"wp-block-separator has-alpha-channel-opacity\"\/>\n\n\n\n<div style=\"height:100px\" aria-hidden=\"true\" class=\"wp-block-spacer\"><\/div>\n\n\n<h2 class=\"tribe-block__related-events__title\">Related Events<\/h2>\n\n<ul  class=\"tribe-related-events tribe-clearfix\" >\n\t\t\t<li>\n\t\n<div class=\"tribe-related-events-thumbnail\">\n\t<a href=\"https:\/\/cafelapalma.com\/en\/programacion\/funkin-donuts\/\" class=\"url\" rel=\"bookmark\" tabindex=\"-1\" aria-hidden=\"true\"><img loading=\"lazy\" decoding=\"async\" width=\"693\" height=\"1040\" src=\"https:\/\/cafelapalma.com\/wp-content\/uploads\/2026\/07\/FD-vert2-bn-693x1040.jpg\" class=\"attachment-large size-large wp-post-image\" alt=\"\" \/><\/a>\n<\/div>\n\t<div class=\"tribe-related-event-info\">\n\t<h3 class=\"tribe-related-events-title\">\n\t\t<a href=\"https:\/\/cafelapalma.com\/en\/programacion\/funkin-donuts\/\" class=\"tribe-event-url\" rel=\"bookmark\">\n\t\t\tFUNKIN&#8217; DONUTS\t\t<\/a>\n\t<\/h3>\n\t<span class=\"tribe-event-date-start\">5  September@22:00<\/span><span class=\"tribe-event-time\">23:45<\/span><\/div>\n<\/li>\n\t\t\t<li>\n\t\n<div class=\"tribe-related-events-thumbnail\">\n\t<a href=\"https:\/\/cafelapalma.com\/en\/programacion\/backstage-le-petit-truffle-mayo\/\" class=\"url\" rel=\"bookmark\" tabindex=\"-1\" aria-hidden=\"true\"><img loading=\"lazy\" decoding=\"async\" width=\"780\" height=\"1040\" src=\"https:\/\/cafelapalma.com\/wp-content\/uploads\/2026\/07\/Imagen-TruffleMayo-LePetit-i-1-780x1040.png\" class=\"attachment-large size-large wp-post-image\" alt=\"\" \/><\/a>\n<\/div>\n\t<div class=\"tribe-related-event-info\">\n\t<h3 class=\"tribe-related-events-title\">\n\t\t<a href=\"https:\/\/cafelapalma.com\/en\/programacion\/backstage-le-petit-truffle-mayo\/\" class=\"tribe-event-url\" rel=\"bookmark\">\n\t\t\tBACKSTAGE: LE PETIT + TRUFFLE MAYO\t\t<\/a>\n\t<\/h3>\n\t<span class=\"tribe-event-date-start\">5  September@23:55<\/span><\/div>\n<\/li>\n\t\t\t<li>\n\t\n<div class=\"tribe-related-events-thumbnail\">\n\t<a href=\"https:\/\/cafelapalma.com\/en\/programacion\/willie-deville-concierto-benefico-x-venezuela\/\" class=\"url\" rel=\"bookmark\" tabindex=\"-1\" aria-hidden=\"true\"><img loading=\"lazy\" decoding=\"async\" width=\"1020\" height=\"531\" src=\"https:\/\/cafelapalma.com\/wp-content\/uploads\/2026\/08\/Willie-deville-1100x572-1-1040x541.jpg\" class=\"attachment-large size-large wp-post-image\" alt=\"\" \/><\/a>\n<\/div>\n\t<div class=\"tribe-related-event-info\">\n\t<h3 class=\"tribe-related-events-title\">\n\t\t<a href=\"https:\/\/cafelapalma.com\/en\/programacion\/willie-deville-concierto-benefico-x-venezuela\/\" class=\"tribe-event-url\" rel=\"bookmark\">\n\t\t\tWILLIE DEVILLE: CONCIERTO BEN\u00c9FICO X VENEZUELA\t\t<\/a>\n\t<\/h3>\n\t<span class=\"tribe-event-date-start\">6  September@21:00<\/span><span class=\"tribe-event-time\">23:45<\/span><\/div>\n<\/li>\n\t<\/ul>","protected":false},"excerpt":{"rendered":"<p>Con un formato \u00edntimo, The Lil Session re\u00fane a dos artistas que ofrecen lo mejor de sus universos musicales. C\u00e9sar Alonso (lilcsr) debutar\u00e1 en directo con un repertorio lleno de emociones, donde el indie pop y el bedroom pop se mezclan con guitarras, piano y letras sinceras. Por su parte, Arey aportar\u00e1 su estilo personal, &hellip; <\/p>","protected":false},"author":2,"featured_media":30069,"template":"","meta":{"_tec_requires_first_save":false,"_uag_custom_page_level_css":"","loftloader_page_shortcode":"","_EventAllDay":false,"_EventTimezone":"Europe\/Madrid","_EventStartDate":"2025-02-02 21:00:00","_EventEndDate":"2025-02-02 23:00:00","_EventStartDateUTC":"2025-02-02 20:00:00","_EventEndDateUTC":"2025-02-02 22:00:00","_EventShowMap":false,"_EventShowMapLink":false,"_EventURL":"https:\/\/www.passline.com\/eventos\/the-lil-session-cesar-alonso-arey","_EventCost":"8","_EventCostDescription":"","_EventCurrencySymbol":"\u20ac","_EventCurrencyCode":"USD","_EventCurrencyPosition":"suffix","_EventDateTimeSeparator":"@","_EventTimeRangeSeparator":"-","_EventOrganizerID":[],"_EventVenueID":[],"_OrganizerEmail":"","_OrganizerPhone":"","_OrganizerWebsite":"","_VenueAddress":"","_VenueCity":"","_VenueCountry":"","_VenueProvince":"","_VenueState":"","_VenueZip":"","_VenuePhone":"","_VenueURL":"","_VenueStateProvince":"","_VenueLat":"","_VenueLng":"","_VenueShowMap":false,"_VenueShowMapLink":false,"_tribe_blocks_recurrence_rules":"","_tribe_blocks_recurrence_description":"","_tribe_blocks_recurrence_exclusions":"","_ecp_custom_2":"","_tribe_events_status":"","_tribe_events_status_reason":"","_tribe_events_is_hybrid":"","_tribe_events_is_virtual":"","_tribe_events_virtual_video_source":"","_tribe_events_virtual_embed_video":"","_tribe_events_virtual_linked_button_text":"","_tribe_events_virtual_linked_button":"","_tribe_events_virtual_show_embed_at":"","_tribe_events_virtual_show_embed_to":[],"_tribe_events_virtual_show_on_event":"","_tribe_events_virtual_show_on_views":"","_tribe_events_virtual_url":"","footnotes":""},"tags":[16602,9438,1363,8869,16605,16606,16603,16600,2865,9147,9146,16607,9288,16608,16601,1355,1146,16599,16610,16604],"tribe_events_cat":[8963],"class_list":["post-30067","tribe_events","type-tribe_events","status-publish","has-post-thumbnail","hentry","tag-arey","tag-bedroom-pop","tag-cafe-la-palma","tag-cafe-la-palma-2","tag-canciones-que-no-hablan-de-nada","tag-cartas-de-adios","tag-cesar-a","tag-cesar-alonso","tag-conciertos-cafe-la-palma","tag-conciertos-madrid","tag-conciertos-malasana","tag-folk-indie","tag-indie-pop","tag-las-estaciones-del-tiempo","tag-lilcsr","tag-pop","tag-synthpop","tag-the-lil-session","tag-veladura","tag-vitamins","tribe_events_cat-concierto","cat_concierto"],"uagb_featured_image_src":{"full":["https:\/\/cafelapalma.com\/wp-content\/uploads\/2024\/12\/CESAR-AREY-LOWPIC-scaled.jpg",1500,3000,false],"thumbnail":["https:\/\/cafelapalma.com\/wp-content\/uploads\/2024\/12\/CESAR-AREY-LOWPIC-150x150.jpg",150,150,true],"medium":["https:\/\/cafelapalma.com\/wp-content\/uploads\/2024\/12\/CESAR-AREY-LOWPIC-150x300.jpg",150,300,true],"medium_large":["https:\/\/cafelapalma.com\/wp-content\/uploads\/2024\/12\/CESAR-AREY-LOWPIC-768x1536.jpg",768,1536,true],"large":["https:\/\/cafelapalma.com\/wp-content\/uploads\/2024\/12\/CESAR-AREY-LOWPIC-520x1040.jpg",520,1040,true],"1536x1536":["https:\/\/cafelapalma.com\/wp-content\/uploads\/2024\/12\/CESAR-AREY-LOWPIC-768x1536.jpg",768,1536,true],"2048x2048":["https:\/\/cafelapalma.com\/wp-content\/uploads\/2024\/12\/CESAR-AREY-LOWPIC-1024x2048.jpg",1024,2048,true],"trp-custom-language-flag":["https:\/\/cafelapalma.com\/wp-content\/uploads\/2024\/12\/CESAR-AREY-LOWPIC-scaled.jpg",6,12,false],"blossom-feminine-slider":["https:\/\/cafelapalma.com\/wp-content\/uploads\/2024\/12\/CESAR-AREY-LOWPIC-1755x649.jpg",1755,649,true],"blossom-feminine-featured":["https:\/\/cafelapalma.com\/wp-content\/uploads\/2024\/12\/CESAR-AREY-LOWPIC-1410x600.jpg",1410,600,true],"blossom-feminine-with-sidebar":["https:\/\/cafelapalma.com\/wp-content\/uploads\/2024\/12\/CESAR-AREY-LOWPIC-1020x600.jpg",1020,600,true],"blossom-feminine-blog":["https:\/\/cafelapalma.com\/wp-content\/uploads\/2024\/12\/CESAR-AREY-LOWPIC-435x435.jpg",435,435,true],"blossom-feminine-cat":["https:\/\/cafelapalma.com\/wp-content\/uploads\/2024\/12\/CESAR-AREY-LOWPIC-450x300.jpg",450,300,true],"blossom-feminine-related":["https:\/\/cafelapalma.com\/wp-content\/uploads\/2024\/12\/CESAR-AREY-LOWPIC-320x200.jpg",320,200,true],"blossom-feminine-schema":["https:\/\/cafelapalma.com\/wp-content\/uploads\/2024\/12\/CESAR-AREY-LOWPIC-30x60.jpg",30,60,true]},"uagb_author_info":{"display_name":"Victor","author_link":"https:\/\/cafelapalma.com\/en\/author\/comunicacion\/"},"uagb_comment_info":0,"uagb_excerpt":"Con un formato \u00edntimo, The Lil Session re\u00fane a dos artistas que ofrecen lo mejor de sus universos musicales. C\u00e9sar Alonso (lilcsr) debutar\u00e1 en directo con un repertorio lleno de emociones, donde el indie pop y el bedroom pop se mezclan con guitarras, piano y letras sinceras. Por su parte, Arey aportar\u00e1 su estilo personal,&hellip;","_links":{"self":[{"href":"https:\/\/cafelapalma.com\/en\/wp-json\/wp\/v2\/tribe_events\/30067","targetHints":{"allow":["GET"]}}],"collection":[{"href":"https:\/\/cafelapalma.com\/en\/wp-json\/wp\/v2\/tribe_events"}],"about":[{"href":"https:\/\/cafelapalma.com\/en\/wp-json\/wp\/v2\/types\/tribe_events"}],"author":[{"embeddable":true,"href":"https:\/\/cafelapalma.com\/en\/wp-json\/wp\/v2\/users\/2"}],"version-history":[{"count":0,"href":"https:\/\/cafelapalma.com\/en\/wp-json\/wp\/v2\/tribe_events\/30067\/revisions"}],"wp:featuredmedia":[{"embeddable":true,"href":"https:\/\/cafelapalma.com\/en\/wp-json\/wp\/v2\/media\/30069"}],"wp:attachment":[{"href":"https:\/\/cafelapalma.com\/en\/wp-json\/wp\/v2\/media?parent=30067"}],"wp:term":[{"taxonomy":"post_tag","embeddable":true,"href":"https:\/\/cafelapalma.com\/en\/wp-json\/wp\/v2\/tags?post=30067"},{"taxonomy":"tribe_events_cat","embeddable":true,"href":"https:\/\/cafelapalma.com\/en\/wp-json\/wp\/v2\/tribe_events_cat?post=30067"}],"curies":[{"name":"wp","href":"https:\/\/api.w.org\/{rel}","templated":true}]}}