{"id":30074,"date":"2024-12-12T19:36:45","date_gmt":"2024-12-12T18:36:45","guid":{"rendered":"https:\/\/cafelapalma.com\/?post_type=tribe_events&#038;p=30074"},"modified":"2024-12-12T19:36:52","modified_gmt":"2024-12-12T18:36:52","slug":"cafe-la-palma-30-aniversario-algora","status":"publish","type":"tribe_events","link":"https:\/\/cafelapalma.com\/en\/programacion\/cafe-la-palma-30-aniversario-algora\/","title":{"rendered":"ALGORA"},"content":{"rendered":"<div  class=\"tribe-events-schedule tribe-clearfix\" >\n\t<p class=\"tribe-events-schedule__datetime\">\n\t\t<span class=\"tribe-events-schedule__date tribe-events-schedule__date--start\">\n\t\t\t22  January  2025\t\t<\/span>\n\n\t\t\t\t\t<span class=\"tribe-events-schedule__separator tribe-events-schedule__separator--date\">\n\t\t\t\t@\t\t\t<\/span>\n\t\t\t<span class=\"tribe-events-schedule__time tribe-events-schedule__time--start\">\n\t\t\t\t21:00\t\t\t<\/span>\n\t\t\n\t\t\t\t\t\t\t\t\t<span class=\"tribe-events-schedule__separator tribe-events-schedule__separator--time\">\n\t\t\t\t\t&#8211;\t\t\t\t<\/span>\n\t\t\t\n\t\t\t\t\t\t\t<span class=\"tribe-events-schedule__time tribe-events-schedule__time--end\">\n\t\t\t\t\t23:00\t\t\t\t<\/span>\n\t\t\t\n\t\t\t\t\t\t<\/p>\n<\/div>\n\n\n<div  class=\"tribe-block tribe-block__event-price\" >\n\t\t\t<span class=\"tribe-block__event-price__cost\"> 12\u20ac <\/span>\n\t\t\t\t<span class=\"tribe-block__event-price__description\">+ gg Anticipada | 15\u20ac Taquilla<\/span>\n\t<\/div>\n\n\n\n<div style=\"height:100px\" aria-hidden=\"true\" class=\"wp-block-spacer\"><\/div>\n\n\n\n<div class=\"wp-block-columns is-layout-flex wp-container-core-columns-is-layout-8f761849 wp-block-columns-is-layout-flex\">\n<div class=\"wp-block-column is-layout-flow wp-block-column-is-layout-flow\" style=\"flex-basis:33.33%\">\n<figure class=\"wp-block-image size-large\"><img loading=\"lazy\" decoding=\"async\" width=\"735\" height=\"1040\" src=\"https:\/\/cafelapalma.com\/wp-content\/uploads\/2024\/12\/ALGORA-A3-LOW-735x1040.jpg\" alt=\"\" class=\"wp-image-30075\" srcset=\"https:\/\/cafelapalma.com\/wp-content\/uploads\/2024\/12\/ALGORA-A3-LOW-735x1040.jpg 735w, https:\/\/cafelapalma.com\/wp-content\/uploads\/2024\/12\/ALGORA-A3-LOW-212x300.jpg 212w, https:\/\/cafelapalma.com\/wp-content\/uploads\/2024\/12\/ALGORA-A3-LOW-768x1087.jpg 768w, https:\/\/cafelapalma.com\/wp-content\/uploads\/2024\/12\/ALGORA-A3-LOW-1085x1536.jpg 1085w, https:\/\/cafelapalma.com\/wp-content\/uploads\/2024\/12\/ALGORA-A3-LOW-42x60.jpg 42w, https:\/\/cafelapalma.com\/wp-content\/uploads\/2024\/12\/ALGORA-A3-LOW.jpg 1124w\" sizes=\"auto, (max-width: 735px) 100vw, 735px\" \/><\/figure>\n\n\n<div  class=\"tribe-block tribe-block__event-website\" >\n\t<a\n\t\thref=\"https:\/\/www.passline.com\/eventos\/cafe-la-palma-30-aniversario-algora\"\n\t\ttarget=\"_self\"\n\t\t\t>\n\t\tBUY TICKETS\t<\/a>\n<\/div>\n<\/div>\n\n\n\n<div class=\"wp-block-column is-layout-flow wp-block-column-is-layout-flow\" style=\"flex-basis:66.66%\">\n<div style=\"height:100px\" aria-hidden=\"true\" class=\"wp-block-spacer\"><\/div>\n\n\n\n<p class=\"has-text-align-left wp-block-paragraph\"><strong>V\u00edctor Algora<\/strong> public\u00f3 <strong><em>&#8216;Planes de verano&#8217;<\/em><\/strong> en 2007, un debut que sorprendi\u00f3 por su colorista melancol\u00eda tecnopop y su poes\u00eda expl\u00edcita y surrealista. Desde entonces ha publicado siete discos, ha trabajado para televisi\u00f3n, cine y teatro, y ha compuesto hits para <strong>La Prohibida<\/strong>.<\/p>\n\n\n\n<p class=\"has-text-align-left wp-block-paragraph\">Sus canciones mezclan beats electr\u00f3nicos y sonidos ac\u00fasticos, guitarras, pianos y sintetizadores. Sus letras son radiograf\u00edas urbanas de un singular costumbrismo y abiertas a diferentes interpretaciones.<\/p>\n\n\n\n<p class=\"has-text-align-left wp-block-paragraph\">Para el 30 Aniversario de <strong>CAFE LA PALMA<\/strong>, <strong>ALGORA <\/strong>repasar\u00e1 su \u00faltima etapa, la que comprende sus dos \u00faltimos discos en solitario, <strong><em>\u2018Un extra\u00f1o entre las rosas\u2019<\/em><\/strong> y <strong><em>\u2018P\u00f3dium\u2019<\/em><\/strong>.<\/p>\n\n\n\n<p class=\"has-text-align-right wp-block-paragraph\"><em><a href=\"https:\/\/open.spotify.com\/intl-es\/artist\/4NJgceXSpz4dpCNEBOhzHc?si=ey_ZT3QsSEyvfIkjj3SjIw\">Listen to <\/a><\/em><strong><a href=\"https:\/\/open.spotify.com\/intl-es\/artist\/4NJgceXSpz4dpCNEBOhzHc?si=ey_ZT3QsSEyvfIkjj3SjIw\">ALGORA <\/a><\/strong><em><a href=\"https:\/\/open.spotify.com\/intl-es\/artist\/4NJgceXSpz4dpCNEBOhzHc?si=ey_ZT3QsSEyvfIkjj3SjIw\">in <\/a><\/em><strong><a href=\"https:\/\/open.spotify.com\/intl-es\/artist\/4NJgceXSpz4dpCNEBOhzHc?si=ey_ZT3QsSEyvfIkjj3SjIw\">Spotify<\/a><\/strong><\/p>\n<\/div>\n<\/div>\n\n\n\n<div style=\"height:100px\" aria-hidden=\"true\" class=\"wp-block-spacer\"><\/div>\n\n\n\n<hr class=\"wp-block-separator has-alpha-channel-opacity\"\/>\n\n\n\n<div style=\"height:100px\" aria-hidden=\"true\" class=\"wp-block-spacer\"><\/div>\n\n\n<h2 class=\"tribe-block__related-events__title\">Related Events<\/h2>\n\n<ul  class=\"tribe-related-events tribe-clearfix\" >\n\t\t\t<li>\n\t\n<div class=\"tribe-related-events-thumbnail\">\n\t<a href=\"https:\/\/cafelapalma.com\/en\/programacion\/funkin-donuts\/\" class=\"url\" rel=\"bookmark\" tabindex=\"-1\" aria-hidden=\"true\"><img loading=\"lazy\" decoding=\"async\" width=\"693\" height=\"1040\" src=\"https:\/\/cafelapalma.com\/wp-content\/uploads\/2026\/07\/FD-vert2-bn-693x1040.jpg\" class=\"attachment-large size-large wp-post-image\" alt=\"\" \/><\/a>\n<\/div>\n\t<div class=\"tribe-related-event-info\">\n\t<h3 class=\"tribe-related-events-title\">\n\t\t<a href=\"https:\/\/cafelapalma.com\/en\/programacion\/funkin-donuts\/\" class=\"tribe-event-url\" rel=\"bookmark\">\n\t\t\tFUNKIN&#8217; DONUTS\t\t<\/a>\n\t<\/h3>\n\t<span class=\"tribe-event-date-start\">5  September@22:00<\/span><span class=\"tribe-event-time\">23:45<\/span><\/div>\n<\/li>\n\t\t\t<li>\n\t\n<div class=\"tribe-related-events-thumbnail\">\n\t<a href=\"https:\/\/cafelapalma.com\/en\/programacion\/backstage-le-petit-truffle-mayo\/\" class=\"url\" rel=\"bookmark\" tabindex=\"-1\" aria-hidden=\"true\"><img loading=\"lazy\" decoding=\"async\" width=\"780\" height=\"1040\" src=\"https:\/\/cafelapalma.com\/wp-content\/uploads\/2026\/07\/Imagen-TruffleMayo-LePetit-i-1-780x1040.png\" class=\"attachment-large size-large wp-post-image\" alt=\"\" \/><\/a>\n<\/div>\n\t<div class=\"tribe-related-event-info\">\n\t<h3 class=\"tribe-related-events-title\">\n\t\t<a href=\"https:\/\/cafelapalma.com\/en\/programacion\/backstage-le-petit-truffle-mayo\/\" class=\"tribe-event-url\" rel=\"bookmark\">\n\t\t\tBACKSTAGE: LE PETIT + TRUFFLE MAYO\t\t<\/a>\n\t<\/h3>\n\t<span class=\"tribe-event-date-start\">5  September@23:55<\/span><\/div>\n<\/li>\n\t\t\t<li>\n\t\n<div class=\"tribe-related-events-thumbnail\">\n\t<a href=\"https:\/\/cafelapalma.com\/en\/programacion\/willie-deville-concierto-benefico-x-venezuela\/\" class=\"url\" rel=\"bookmark\" tabindex=\"-1\" aria-hidden=\"true\"><img loading=\"lazy\" decoding=\"async\" width=\"1020\" height=\"531\" src=\"https:\/\/cafelapalma.com\/wp-content\/uploads\/2026\/08\/Willie-deville-1100x572-1-1040x541.jpg\" class=\"attachment-large size-large wp-post-image\" alt=\"\" \/><\/a>\n<\/div>\n\t<div class=\"tribe-related-event-info\">\n\t<h3 class=\"tribe-related-events-title\">\n\t\t<a href=\"https:\/\/cafelapalma.com\/en\/programacion\/willie-deville-concierto-benefico-x-venezuela\/\" class=\"tribe-event-url\" rel=\"bookmark\">\n\t\t\tWILLIE DEVILLE: CONCIERTO BEN\u00c9FICO X VENEZUELA\t\t<\/a>\n\t<\/h3>\n\t<span class=\"tribe-event-date-start\">6  September@21:00<\/span><span class=\"tribe-event-time\">23:45<\/span><\/div>\n<\/li>\n\t<\/ul>","protected":false},"excerpt":{"rendered":"<p>V\u00edctor Algora public\u00f3 &#8216;Planes de verano&#8217; en 2007, un debut que sorprendi\u00f3 por su colorista melancol\u00eda tecnopop y su poes\u00eda expl\u00edcita y surrealista. Desde entonces ha publicado siete discos, ha trabajado para televisi\u00f3n, cine y teatro, y ha compuesto hits para La Prohibida. Sus canciones mezclan beats electr\u00f3nicos y sonidos ac\u00fasticos, guitarras, pianos y sintetizadores. &hellip; <\/p>","protected":false},"author":2,"featured_media":30076,"template":"","meta":{"_tec_requires_first_save":false,"_uag_custom_page_level_css":"","loftloader_page_shortcode":"","_EventAllDay":false,"_EventTimezone":"Europe\/Madrid","_EventStartDate":"2025-01-22 21:00:00","_EventEndDate":"2025-01-22 23:00:00","_EventStartDateUTC":"2025-01-22 20:00:00","_EventEndDateUTC":"2025-01-22 22:00:00","_EventShowMap":false,"_EventShowMapLink":false,"_EventURL":"https:\/\/www.passline.com\/eventos\/cafe-la-palma-30-aniversario-algora","_EventCost":"12","_EventCostDescription":"","_EventCurrencySymbol":"\u20ac","_EventCurrencyCode":"USD","_EventCurrencyPosition":"suffix","_EventDateTimeSeparator":"@","_EventTimeRangeSeparator":"-","_EventOrganizerID":[],"_EventVenueID":[],"_OrganizerEmail":"","_OrganizerPhone":"","_OrganizerWebsite":"","_VenueAddress":"","_VenueCity":"","_VenueCountry":"","_VenueProvince":"","_VenueState":"","_VenueZip":"","_VenuePhone":"","_VenueURL":"","_VenueStateProvince":"","_VenueLat":"","_VenueLng":"","_VenueShowMap":false,"_VenueShowMapLink":false,"_tribe_blocks_recurrence_rules":"","_tribe_blocks_recurrence_description":"","_tribe_blocks_recurrence_exclusions":"","_ecp_custom_2":"","_tribe_events_status":"","_tribe_events_status_reason":"","_tribe_events_is_hybrid":"","_tribe_events_is_virtual":"","_tribe_events_virtual_video_source":"","_tribe_events_virtual_embed_video":"","_tribe_events_virtual_linked_button_text":"","_tribe_events_virtual_linked_button":"","_tribe_events_virtual_show_embed_at":"","_tribe_events_virtual_show_embed_to":[],"_tribe_events_virtual_show_on_event":"","_tribe_events_virtual_show_on_views":"","_tribe_events_virtual_url":"","footnotes":""},"tags":[1363,8869,16614,2865,9147,9146,16619,1357,13775,16613,16615,16618,1355,16616,16617,16611],"tribe_events_cat":[8963],"class_list":["post-30074","tribe_events","type-tribe_events","status-publish","has-post-thumbnail","hentry","tag-cafe-la-palma","tag-cafe-la-palma-2","tag-cafe-la-palma-30-aniversario","tag-conciertos-cafe-la-palma","tag-conciertos-madrid","tag-conciertos-malasana","tag-el-genio-equivocado","tag-electronica","tag-electropop","tag-la-prohibida","tag-planes-de-verano","tag-podium","tag-pop","tag-technopop","tag-un-extrano-entre-las-rosas","tag-victor-algora","tribe_events_cat-concierto","cat_concierto"],"uagb_featured_image_src":{"full":["https:\/\/cafelapalma.com\/wp-content\/uploads\/2024\/12\/ALGORA-LOWPIC.jpg",510,953,false],"thumbnail":["https:\/\/cafelapalma.com\/wp-content\/uploads\/2024\/12\/ALGORA-LOWPIC-150x150.jpg",150,150,true],"medium":["https:\/\/cafelapalma.com\/wp-content\/uploads\/2024\/12\/ALGORA-LOWPIC-161x300.jpg",161,300,true],"medium_large":["https:\/\/cafelapalma.com\/wp-content\/uploads\/2024\/12\/ALGORA-LOWPIC.jpg",510,953,false],"large":["https:\/\/cafelapalma.com\/wp-content\/uploads\/2024\/12\/ALGORA-LOWPIC.jpg",510,953,false],"1536x1536":["https:\/\/cafelapalma.com\/wp-content\/uploads\/2024\/12\/ALGORA-LOWPIC.jpg",510,953,false],"2048x2048":["https:\/\/cafelapalma.com\/wp-content\/uploads\/2024\/12\/ALGORA-LOWPIC.jpg",510,953,false],"trp-custom-language-flag":["https:\/\/cafelapalma.com\/wp-content\/uploads\/2024\/12\/ALGORA-LOWPIC.jpg",6,12,false],"blossom-feminine-slider":["https:\/\/cafelapalma.com\/wp-content\/uploads\/2024\/12\/ALGORA-LOWPIC-510x649.jpg",510,649,true],"blossom-feminine-featured":["https:\/\/cafelapalma.com\/wp-content\/uploads\/2024\/12\/ALGORA-LOWPIC-510x600.jpg",510,600,true],"blossom-feminine-with-sidebar":["https:\/\/cafelapalma.com\/wp-content\/uploads\/2024\/12\/ALGORA-LOWPIC-510x600.jpg",510,600,true],"blossom-feminine-blog":["https:\/\/cafelapalma.com\/wp-content\/uploads\/2024\/12\/ALGORA-LOWPIC-435x435.jpg",435,435,true],"blossom-feminine-cat":["https:\/\/cafelapalma.com\/wp-content\/uploads\/2024\/12\/ALGORA-LOWPIC-450x300.jpg",450,300,true],"blossom-feminine-related":["https:\/\/cafelapalma.com\/wp-content\/uploads\/2024\/12\/ALGORA-LOWPIC-320x200.jpg",320,200,true],"blossom-feminine-schema":["https:\/\/cafelapalma.com\/wp-content\/uploads\/2024\/12\/ALGORA-LOWPIC-32x60.jpg",32,60,true]},"uagb_author_info":{"display_name":"Victor","author_link":"https:\/\/cafelapalma.com\/en\/author\/comunicacion\/"},"uagb_comment_info":0,"uagb_excerpt":"V\u00edctor Algora public\u00f3 &#8216;Planes de verano&#8217; en 2007, un debut que sorprendi\u00f3 por su colorista melancol\u00eda tecnopop y su poes\u00eda expl\u00edcita y surrealista. Desde entonces ha publicado siete discos, ha trabajado para televisi\u00f3n, cine y teatro, y ha compuesto hits para La Prohibida. Sus canciones mezclan beats electr\u00f3nicos y sonidos ac\u00fasticos, guitarras, pianos y sintetizadores.&hellip;","_links":{"self":[{"href":"https:\/\/cafelapalma.com\/en\/wp-json\/wp\/v2\/tribe_events\/30074","targetHints":{"allow":["GET"]}}],"collection":[{"href":"https:\/\/cafelapalma.com\/en\/wp-json\/wp\/v2\/tribe_events"}],"about":[{"href":"https:\/\/cafelapalma.com\/en\/wp-json\/wp\/v2\/types\/tribe_events"}],"author":[{"embeddable":true,"href":"https:\/\/cafelapalma.com\/en\/wp-json\/wp\/v2\/users\/2"}],"version-history":[{"count":0,"href":"https:\/\/cafelapalma.com\/en\/wp-json\/wp\/v2\/tribe_events\/30074\/revisions"}],"wp:featuredmedia":[{"embeddable":true,"href":"https:\/\/cafelapalma.com\/en\/wp-json\/wp\/v2\/media\/30076"}],"wp:attachment":[{"href":"https:\/\/cafelapalma.com\/en\/wp-json\/wp\/v2\/media?parent=30074"}],"wp:term":[{"taxonomy":"post_tag","embeddable":true,"href":"https:\/\/cafelapalma.com\/en\/wp-json\/wp\/v2\/tags?post=30074"},{"taxonomy":"tribe_events_cat","embeddable":true,"href":"https:\/\/cafelapalma.com\/en\/wp-json\/wp\/v2\/tribe_events_cat?post=30074"}],"curies":[{"name":"wp","href":"https:\/\/api.w.org\/{rel}","templated":true}]}}