{"id":30082,"date":"2024-12-16T18:48:42","date_gmt":"2024-12-16T17:48:42","guid":{"rendered":"https:\/\/cafelapalma.com\/programacion\/tanzen-special-bday-copy\/"},"modified":"2024-12-16T18:56:07","modified_gmt":"2024-12-16T17:56:07","slug":"tanzen-5","status":"publish","type":"tribe_events","link":"https:\/\/cafelapalma.com\/en\/programacion\/tanzen-5\/","title":{"rendered":"TANZEN"},"content":{"rendered":"<div  class=\"tribe-events-schedule tribe-clearfix\" >\n\t<p class=\"tribe-events-schedule__datetime\">\n\t\t<span class=\"tribe-events-schedule__date tribe-events-schedule__date--start\">\n\t\t\t03  January  2025\t\t<\/span>\n\n\t\t\t\t\t<span class=\"tribe-events-schedule__separator tribe-events-schedule__separator--date\">\n\t\t\t\t@\t\t\t<\/span>\n\t\t\t<span class=\"tribe-events-schedule__time tribe-events-schedule__time--start\">\n\t\t\t\t23:50\t\t\t<\/span>\n\t\t\n\t\t\t\t\t\t\t\t\t<span class=\"tribe-events-schedule__separator tribe-events-schedule__separator--time\">\n\t\t\t\t\t&#8211;\t\t\t\t<\/span>\n\t\t\t\n\t\t\t\t\t\t\t<span class=\"tribe-events-schedule__time tribe-events-schedule__time--end\">\n\t\t\t\t\t23:55\t\t\t\t<\/span>\n\t\t\t\n\t\t\t\t\t\t<\/p>\n<\/div>\n\n\n<div  class=\"tribe-block tribe-block__event-price\" >\n\t\t\t<span class=\"tribe-block__event-price__cost\"> 9\u20ac <\/span>\n\t\t\t\t<span class=\"tribe-block__event-price__description\">+ gg Anticipada | 11\u20ac Taquilla de 00:00 a 01:30 + UNA COPA o DOS DOBLES | 13\u20ac Taquilla de 01:30 a cierre + CONSUMICI\u00d3N<\/span>\n\t<\/div>\n\n\n\n<div style=\"height:100px\" aria-hidden=\"true\" class=\"wp-block-spacer\"><\/div>\n\n\n\n<div class=\"wp-block-columns is-layout-flex wp-container-core-columns-is-layout-8f761849 wp-block-columns-is-layout-flex\">\n<div class=\"wp-block-column is-layout-flow wp-block-column-is-layout-flow\" style=\"flex-basis:33.33%\">\n<figure class=\"wp-block-image size-full\"><img loading=\"lazy\" decoding=\"async\" width=\"1080\" height=\"1320\" src=\"https:\/\/cafelapalma.com\/wp-content\/uploads\/2024\/12\/cartel-la-palma-enero-25.jpg\" alt=\"\" class=\"wp-image-30084\" srcset=\"https:\/\/cafelapalma.com\/wp-content\/uploads\/2024\/12\/cartel-la-palma-enero-25.jpg 1080w, https:\/\/cafelapalma.com\/wp-content\/uploads\/2024\/12\/cartel-la-palma-enero-25-245x300.jpg 245w, https:\/\/cafelapalma.com\/wp-content\/uploads\/2024\/12\/cartel-la-palma-enero-25-851x1040.jpg 851w, https:\/\/cafelapalma.com\/wp-content\/uploads\/2024\/12\/cartel-la-palma-enero-25-768x939.jpg 768w, https:\/\/cafelapalma.com\/wp-content\/uploads\/2024\/12\/cartel-la-palma-enero-25-49x60.jpg 49w\" sizes=\"auto, (max-width: 1080px) 100vw, 1080px\" \/><\/figure>\n\n\n<div  class=\"tribe-block tribe-block__event-website\" >\n\t<a\n\t\thref=\"https:\/\/www.passline.com\/eventos\/tanzen-5\"\n\t\ttarget=\"_self\"\n\t\t\t>\n\t\tBUY TICKETS\t<\/a>\n<\/div>\n<\/div>\n\n\n\n<div class=\"wp-block-column is-layout-flow wp-block-column-is-layout-flow\" style=\"flex-basis:66.66%\">\n<p class=\"has-text-align-left wp-block-paragraph\"><strong>TANZEN<\/strong> es una fiesta cuyo principal objetivo es el baile y surge de la idea de <strong>AlesaDJ <\/strong>de crear un colectivo en el que participen Djs y productores nacionales de m\u00fasica electr\u00f3nica y darlos a conocer en las salas y clubes m\u00e1s importantes.&nbsp; Con varias fiestas a sus espaldas, la m\u00fasica electr\u00f3nica en sus m\u00faltiples variantes es el hilo conductor de las noches aderezados con unas visuales de calidad que moldeen el ambiente al ritmo de la m\u00fasica. Su fiesta hermana , <strong>Vermuttr\u00f2nic<\/strong>, une la m\u00fasica con el arte en horario diurno, para los menos noct\u00e1mbulos.<\/p>\n\n\n\n<p class=\"has-text-align-left wp-block-paragraph\">Inquieta y curiosa por naturaleza, <strong>CARMEN BUEND\u00cdA<\/strong> es Dj profesional desde el a\u00f1o 2000. Ganadora Concurso <strong>Deejay TalentSOS\u201916<\/strong> y profesora de Deejay y Live Performance en <strong>Escuela DJP Music School<\/strong> hasta 2021, sus sets destilan much\u00edsima energ\u00eda y su pasi\u00f3n por la m\u00fasica nos la muestra en el primer comp\u00e1s. Adem\u00e1s viene a celebrar su cumplea\u00f1os&#8230; \u00a1fiesta asegurada!<\/p>\n\n\n\n<p class=\"has-text-align-left wp-block-paragraph\">Unidos por la experimentaci\u00f3n , con atm\u00f3sferas propias del techno mel\u00f3dico, <strong>Gonzalo Bautista<\/strong> (ex teclista de la banda post -rock <strong>Autumn Comets<\/strong>) y <strong>Nacho Urdia\u00edn<\/strong> son&nbsp;<strong>OCKTIVE<\/strong>. Naturales de <strong>Madrid<\/strong>, las producciones de este d\u00fao de m\u00fasicos electr\u00f3nicos ahondan en un sonido org\u00e1nico, c\u00e1lido y sampled\u00e9lico que sustancian texturas estimulantes, con querencias experimentales, desde estilos como el house primitivo, el 2-step, el electro, techno mel\u00f3dico, IDM, el deep-house o el ambient.<\/p>\n\n\n\n<p class=\"has-text-align-left wp-block-paragraph\">Desde Ceuta hasta Madrid, <strong>MORGAN FREELANCE<\/strong> ha ido moldeando su estilo, movi\u00e9ndose entre el house, el hard groove, el trance y ese inconfundible toque Italo Disco. Sus sesiones est\u00e1n hechas para que te olvides de todo y simplemente te dejes llevar por el ritmo. Con los pies en la tierra y los beats en el aire, quiere que disfrutes tanto como \u00e9l lo hace detr\u00e1s de los platos.<\/p>\n\n\n\n<p class=\"has-text-align-right wp-block-paragraph\"><em><a href=\"https:\/\/www.instagram.com\/tanze.ndance\/\">Sigue a <\/a><\/em><strong><a href=\"https:\/\/www.instagram.com\/tanze.ndance\/\">TANZEN <\/a><\/strong><em><a href=\"https:\/\/www.instagram.com\/tanze.ndance\/\">in <\/a><\/em><strong><a href=\"https:\/\/www.instagram.com\/tanze.ndance\/\">Instagram<\/a><\/strong><\/p>\n<\/div>\n<\/div>\n\n\n\n<div style=\"height:100px\" aria-hidden=\"true\" class=\"wp-block-spacer\"><\/div>\n\n\n\n<hr class=\"wp-block-separator has-alpha-channel-opacity is-style-wide\"\/>\n\n\n\n<div style=\"height:100px\" aria-hidden=\"true\" class=\"wp-block-spacer\"><\/div>\n\n\n<h2 class=\"tribe-block__related-events__title\">Related Events<\/h2>\n\n<ul  class=\"tribe-related-events tribe-clearfix\" >\n\t\t\t<li>\n\t\n<div class=\"tribe-related-events-thumbnail\">\n\t<a href=\"https:\/\/cafelapalma.com\/en\/programacion\/funkin-donuts\/\" class=\"url\" rel=\"bookmark\" tabindex=\"-1\" aria-hidden=\"true\"><img loading=\"lazy\" decoding=\"async\" width=\"693\" height=\"1040\" src=\"https:\/\/cafelapalma.com\/wp-content\/uploads\/2026\/07\/FD-vert2-bn-693x1040.jpg\" class=\"attachment-large size-large wp-post-image\" alt=\"\" \/><\/a>\n<\/div>\n\t<div class=\"tribe-related-event-info\">\n\t<h3 class=\"tribe-related-events-title\">\n\t\t<a href=\"https:\/\/cafelapalma.com\/en\/programacion\/funkin-donuts\/\" class=\"tribe-event-url\" rel=\"bookmark\">\n\t\t\tFUNKIN&#8217; DONUTS\t\t<\/a>\n\t<\/h3>\n\t<span class=\"tribe-event-date-start\">5  September@22:00<\/span><span class=\"tribe-event-time\">23:45<\/span><\/div>\n<\/li>\n\t\t\t<li>\n\t\n<div class=\"tribe-related-events-thumbnail\">\n\t<a href=\"https:\/\/cafelapalma.com\/en\/programacion\/backstage-le-petit-truffle-mayo\/\" class=\"url\" rel=\"bookmark\" tabindex=\"-1\" aria-hidden=\"true\"><img loading=\"lazy\" decoding=\"async\" width=\"780\" height=\"1040\" src=\"https:\/\/cafelapalma.com\/wp-content\/uploads\/2026\/07\/Imagen-TruffleMayo-LePetit-i-1-780x1040.png\" class=\"attachment-large size-large wp-post-image\" alt=\"\" \/><\/a>\n<\/div>\n\t<div class=\"tribe-related-event-info\">\n\t<h3 class=\"tribe-related-events-title\">\n\t\t<a href=\"https:\/\/cafelapalma.com\/en\/programacion\/backstage-le-petit-truffle-mayo\/\" class=\"tribe-event-url\" rel=\"bookmark\">\n\t\t\tBACKSTAGE: LE PETIT + TRUFFLE MAYO\t\t<\/a>\n\t<\/h3>\n\t<span class=\"tribe-event-date-start\">5  September@23:55<\/span><\/div>\n<\/li>\n\t\t\t<li>\n\t\n<div class=\"tribe-related-events-thumbnail\">\n\t<a href=\"https:\/\/cafelapalma.com\/en\/programacion\/willie-deville-concierto-benefico-x-venezuela\/\" class=\"url\" rel=\"bookmark\" tabindex=\"-1\" aria-hidden=\"true\"><img loading=\"lazy\" decoding=\"async\" width=\"1020\" height=\"531\" src=\"https:\/\/cafelapalma.com\/wp-content\/uploads\/2026\/08\/Willie-deville-1100x572-1-1040x541.jpg\" class=\"attachment-large size-large wp-post-image\" alt=\"\" \/><\/a>\n<\/div>\n\t<div class=\"tribe-related-event-info\">\n\t<h3 class=\"tribe-related-events-title\">\n\t\t<a href=\"https:\/\/cafelapalma.com\/en\/programacion\/willie-deville-concierto-benefico-x-venezuela\/\" class=\"tribe-event-url\" rel=\"bookmark\">\n\t\t\tWILLIE DEVILLE: CONCIERTO BEN\u00c9FICO X VENEZUELA\t\t<\/a>\n\t<\/h3>\n\t<span class=\"tribe-event-date-start\">6  September@21:00<\/span><span class=\"tribe-event-time\">23:45<\/span><\/div>\n<\/li>\n\t<\/ul>","protected":false},"excerpt":{"rendered":"<p>TANZEN es una fiesta cuyo principal objetivo es el baile y surge de la idea de AlesaDJ de crear un colectivo en el que participen Djs y productores nacionales de m\u00fasica electr\u00f3nica y darlos a conocer en las salas y clubes m\u00e1s importantes.&nbsp; Con varias fiestas a sus espaldas, la m\u00fasica electr\u00f3nica en sus m\u00faltiples &hellip; <\/p>","protected":false},"author":2,"featured_media":30084,"template":"","meta":{"_tec_requires_first_save":false,"_uag_custom_page_level_css":"","loftloader_page_shortcode":"","_EventAllDay":false,"_EventTimezone":"Europe\/Madrid","_EventStartDate":"2025-01-03 23:50:00","_EventEndDate":"2025-01-03 23:55:00","_EventStartDateUTC":"2025-01-03 22:50:00","_EventEndDateUTC":"2025-01-03 22:55:00","_EventShowMap":false,"_EventShowMapLink":false,"_EventURL":"https:\/\/www.passline.com\/eventos\/tanzen-5","_EventCost":"9","_EventCostDescription":"","_EventCurrencySymbol":"\u20ac","_EventCurrencyCode":"","_EventCurrencyPosition":"suffix","_EventDateTimeSeparator":"@","_EventTimeRangeSeparator":"-","_EventOrganizerID":[],"_EventVenueID":[0],"_OrganizerEmail":"","_OrganizerPhone":"","_OrganizerWebsite":"","_VenueAddress":"","_VenueCity":"","_VenueCountry":"","_VenueProvince":"","_VenueState":"","_VenueZip":"","_VenuePhone":"","_VenueURL":"","_VenueStateProvince":"","_VenueLat":"","_VenueLng":"","_VenueShowMap":false,"_VenueShowMapLink":false,"_tribe_blocks_recurrence_rules":"","_tribe_blocks_recurrence_description":"","_tribe_blocks_recurrence_exclusions":"","_ecp_custom_2":"","_tribe_events_status":"","_tribe_events_status_reason":"","_tribe_events_is_hybrid":"","_tribe_events_is_virtual":"","_tribe_events_virtual_video_source":"","_tribe_events_virtual_embed_video":"","_tribe_events_virtual_linked_button_text":"","_tribe_events_virtual_linked_button":"","_tribe_events_virtual_show_embed_at":"","_tribe_events_virtual_show_embed_to":[],"_tribe_events_virtual_show_on_event":"","_tribe_events_virtual_show_on_views":"","_tribe_events_virtual_url":"","footnotes":""},"tags":[10473,10474,9323,13544,9674,10358,15512,1363,9225,15511,9546,9557,9226,9227,10544,9394,9317,1357,15515,9818,14570,13543,14941,9309,13546,9549,11034,16626,13545,13541,13540,776,15514],"tribe_events_cat":[8964],"class_list":["post-30082","tribe_events","type-tribe_events","status-publish","has-post-thumbnail","hentry","tag-alesa-dj","tag-alesadj","tag-ambient","tag-autumn-comets","tag-breakbeat","tag-breaks","tag-buendia","tag-cafe-la-palma","tag-cafe-la-palma-clubbing","tag-carmen-buendia","tag-dark-disco","tag-deep-house","tag-djs-madrid","tag-djs-malasana","tag-dont-kill-my-vibes","tag-ebm","tag-electro","tag-electronica","tag-escuela-djp-music-school","tag-freedonia","tag-gleezy","tag-gonzalo-bautista","tag-hard-groove","tag-house","tag-idm","tag-indie-dance","tag-italo-disco","tag-morgan-freelance","tag-nacho-urdiain","tag-ocktive","tag-tanzen","tag-techno","tag-vermuttronic","tribe_events_cat-clubbing","cat_clubbing"],"uagb_featured_image_src":{"full":["https:\/\/cafelapalma.com\/wp-content\/uploads\/2024\/12\/cartel-la-palma-enero-25.jpg",1080,1320,false],"thumbnail":["https:\/\/cafelapalma.com\/wp-content\/uploads\/2024\/12\/cartel-la-palma-enero-25-150x150.jpg",150,150,true],"medium":["https:\/\/cafelapalma.com\/wp-content\/uploads\/2024\/12\/cartel-la-palma-enero-25-245x300.jpg",245,300,true],"medium_large":["https:\/\/cafelapalma.com\/wp-content\/uploads\/2024\/12\/cartel-la-palma-enero-25-768x939.jpg",768,939,true],"large":["https:\/\/cafelapalma.com\/wp-content\/uploads\/2024\/12\/cartel-la-palma-enero-25-851x1040.jpg",851,1040,true],"1536x1536":["https:\/\/cafelapalma.com\/wp-content\/uploads\/2024\/12\/cartel-la-palma-enero-25.jpg",1080,1320,false],"2048x2048":["https:\/\/cafelapalma.com\/wp-content\/uploads\/2024\/12\/cartel-la-palma-enero-25.jpg",1080,1320,false],"trp-custom-language-flag":["https:\/\/cafelapalma.com\/wp-content\/uploads\/2024\/12\/cartel-la-palma-enero-25.jpg",10,12,false],"blossom-feminine-slider":["https:\/\/cafelapalma.com\/wp-content\/uploads\/2024\/12\/cartel-la-palma-enero-25-1080x649.jpg",1080,649,true],"blossom-feminine-featured":["https:\/\/cafelapalma.com\/wp-content\/uploads\/2024\/12\/cartel-la-palma-enero-25-1080x600.jpg",1080,600,true],"blossom-feminine-with-sidebar":["https:\/\/cafelapalma.com\/wp-content\/uploads\/2024\/12\/cartel-la-palma-enero-25-1020x600.jpg",1020,600,true],"blossom-feminine-blog":["https:\/\/cafelapalma.com\/wp-content\/uploads\/2024\/12\/cartel-la-palma-enero-25-435x435.jpg",435,435,true],"blossom-feminine-cat":["https:\/\/cafelapalma.com\/wp-content\/uploads\/2024\/12\/cartel-la-palma-enero-25-450x300.jpg",450,300,true],"blossom-feminine-related":["https:\/\/cafelapalma.com\/wp-content\/uploads\/2024\/12\/cartel-la-palma-enero-25-320x200.jpg",320,200,true],"blossom-feminine-schema":["https:\/\/cafelapalma.com\/wp-content\/uploads\/2024\/12\/cartel-la-palma-enero-25-49x60.jpg",49,60,true]},"uagb_author_info":{"display_name":"Victor","author_link":"https:\/\/cafelapalma.com\/en\/author\/comunicacion\/"},"uagb_comment_info":0,"uagb_excerpt":"TANZEN es una fiesta cuyo principal objetivo es el baile y surge de la idea de AlesaDJ de crear un colectivo en el que participen Djs y productores nacionales de m\u00fasica electr\u00f3nica y darlos a conocer en las salas y clubes m\u00e1s importantes.&nbsp; Con varias fiestas a sus espaldas, la m\u00fasica electr\u00f3nica en sus m\u00faltiples&hellip;","_links":{"self":[{"href":"https:\/\/cafelapalma.com\/en\/wp-json\/wp\/v2\/tribe_events\/30082","targetHints":{"allow":["GET"]}}],"collection":[{"href":"https:\/\/cafelapalma.com\/en\/wp-json\/wp\/v2\/tribe_events"}],"about":[{"href":"https:\/\/cafelapalma.com\/en\/wp-json\/wp\/v2\/types\/tribe_events"}],"author":[{"embeddable":true,"href":"https:\/\/cafelapalma.com\/en\/wp-json\/wp\/v2\/users\/2"}],"version-history":[{"count":0,"href":"https:\/\/cafelapalma.com\/en\/wp-json\/wp\/v2\/tribe_events\/30082\/revisions"}],"wp:featuredmedia":[{"embeddable":true,"href":"https:\/\/cafelapalma.com\/en\/wp-json\/wp\/v2\/media\/30084"}],"wp:attachment":[{"href":"https:\/\/cafelapalma.com\/en\/wp-json\/wp\/v2\/media?parent=30082"}],"wp:term":[{"taxonomy":"post_tag","embeddable":true,"href":"https:\/\/cafelapalma.com\/en\/wp-json\/wp\/v2\/tags?post=30082"},{"taxonomy":"tribe_events_cat","embeddable":true,"href":"https:\/\/cafelapalma.com\/en\/wp-json\/wp\/v2\/tribe_events_cat?post=30082"}],"curies":[{"name":"wp","href":"https:\/\/api.w.org\/{rel}","templated":true}]}}