{"id":30095,"date":"2024-12-18T18:38:30","date_gmt":"2024-12-18T17:38:30","guid":{"rendered":"https:\/\/cafelapalma.com\/?post_type=tribe_events&#038;p=30095"},"modified":"2024-12-18T18:38:40","modified_gmt":"2024-12-18T17:38:40","slug":"raso-manda","status":"publish","type":"tribe_events","link":"https:\/\/cafelapalma.com\/en\/programacion\/raso-manda\/","title":{"rendered":"MENEO + PALBER + AXXOLOTS"},"content":{"rendered":"<div  class=\"tribe-events-schedule tribe-clearfix\" >\n\t<p class=\"tribe-events-schedule__datetime\">\n\t\t<span class=\"tribe-events-schedule__date tribe-events-schedule__date--start\">\n\t\t\t10  January  2025\t\t<\/span>\n\n\t\t\t\t\t<span class=\"tribe-events-schedule__separator tribe-events-schedule__separator--date\">\n\t\t\t\t@\t\t\t<\/span>\n\t\t\t<span class=\"tribe-events-schedule__time tribe-events-schedule__time--start\">\n\t\t\t\t23:50\t\t\t<\/span>\n\t\t\n\t\t\t\t\t\t\t\t\t<span class=\"tribe-events-schedule__separator tribe-events-schedule__separator--time\">\n\t\t\t\t\t&#8211;\t\t\t\t<\/span>\n\t\t\t\n\t\t\t\t\t\t\t<span class=\"tribe-events-schedule__time tribe-events-schedule__time--end\">\n\t\t\t\t\t23:55\t\t\t\t<\/span>\n\t\t\t\n\t\t\t\t\t\t<\/p>\n<\/div>\n\n\n<div  class=\"tribe-block tribe-block__event-price\" >\n\t\t\t<span class=\"tribe-block__event-price__cost\"> 10\u20ac <\/span>\n\t\t\t\t<span class=\"tribe-block__event-price__description\">+ gg Anticipada | 12\u20ac Taquilla de 00:00 a 01:30 | 14\u20ac Taquilla de 01:30 a cierre. Todos los tramos de entrada incluyen UNA CONSUMICI\u00d3N. Canjeable por DOS CERVEZAS DE BARRIL antes de las 01:30<\/span>\n\t<\/div>\n\n\n\n<div style=\"height:100px\" aria-hidden=\"true\" class=\"wp-block-spacer\"><\/div>\n\n\n\n<div class=\"wp-block-columns is-layout-flex wp-container-core-columns-is-layout-8f761849 wp-block-columns-is-layout-flex\">\n<div class=\"wp-block-column is-layout-flow wp-block-column-is-layout-flow\" style=\"flex-basis:33.33%\">\n<figure class=\"wp-block-image size-large\"><img loading=\"lazy\" decoding=\"async\" width=\"736\" height=\"1040\" src=\"https:\/\/cafelapalma.com\/wp-content\/uploads\/2024\/12\/raso.manda-A3-LOW-DEF-736x1040.jpg\" alt=\"\" class=\"wp-image-30096\" srcset=\"https:\/\/cafelapalma.com\/wp-content\/uploads\/2024\/12\/raso.manda-A3-LOW-DEF-736x1040.jpg 736w, https:\/\/cafelapalma.com\/wp-content\/uploads\/2024\/12\/raso.manda-A3-LOW-DEF-212x300.jpg 212w, https:\/\/cafelapalma.com\/wp-content\/uploads\/2024\/12\/raso.manda-A3-LOW-DEF-768x1086.jpg 768w, https:\/\/cafelapalma.com\/wp-content\/uploads\/2024\/12\/raso.manda-A3-LOW-DEF-1086x1536.jpg 1086w, https:\/\/cafelapalma.com\/wp-content\/uploads\/2024\/12\/raso.manda-A3-LOW-DEF-1449x2048.jpg 1449w, https:\/\/cafelapalma.com\/wp-content\/uploads\/2024\/12\/raso.manda-A3-LOW-DEF-42x60.jpg 42w\" sizes=\"auto, (max-width: 736px) 100vw, 736px\" \/><\/figure>\n\n\n<div  class=\"tribe-block tribe-block__event-website\" >\n\t<a\n\t\thref=\"https:\/\/www.passline.com\/eventos\/raso-manda-meneo-palber-axxolots\"\n\t\ttarget=\"_self\"\n\t\t\t>\n\t\tBUY TICKETS\t<\/a>\n<\/div>\n<\/div>\n\n\n\n<div class=\"wp-block-column is-layout-flow wp-block-column-is-layout-flow\" style=\"flex-basis:66.66%\">\n<div style=\"height:100px\" aria-hidden=\"true\" class=\"wp-block-spacer\"><\/div>\n\n\n\n<p class=\"has-text-align-left wp-block-paragraph\"><strong>raso. Estudio<\/strong> arranca el a\u00f1o celebrando el cumplea\u00f1os de su CEO y fundador y el afterparty de una de sus bandas franquicia. A los mandos:<\/p>\n\n\n\n<p class=\"has-text-align-left wp-block-paragraph\"><strong>Rigo Pex<\/strong>, m\u00e1s conocido como\u00a0<strong>MENEO<\/strong>, es un music\u00f3logo, perfomer y productor de origen guatemalteco, afincado actualmente en\u00a0<strong>Madrid<\/strong>. Acu\u00f1\u00f3 el t\u00e9rmino <em>electropical <\/em>y forma parte de la primera ola de productores globales que mezclan sonidos electr\u00f3nicos con ritmos tradicionales latinos como la cumbia, merengue y dembow.<\/p>\n\n\n\n<p class=\"has-text-align-left wp-block-paragraph\"><strong>PALBER&nbsp;<\/strong>es el pseud\u00f3nimo de&nbsp;<strong>Alberto Aguilera<\/strong>, Dj, m\u00fasico (<strong>Sweet Palta<\/strong>) y productor madrile\u00f1o de ra\u00edces andinas. En sus sesiones podemos encontrar hits de anta\u00f1o, m\u00fasica negra y ritmos latinos, aunque su propuesta gira principalmente entorno al disco, al funk y a una vertiente m\u00e1s housera. Desde selectas y emblem\u00e1ticas piezas hasta temas m\u00e1s recientes, con un criterio muy depurado que busca evocar en el oyente la cultura de baile disco que marc\u00f3 \u00e9poca en las d\u00e9cadas de los \u201970 y \u201980.<\/p>\n\n\n\n<p class=\"has-text-align-left wp-block-paragraph\"><strong>AXXOLOTS <\/strong>es una pareja de Djs formada por <strong>Jorge King<\/strong> <em>aka <\/em><strong>Fancy Monday<\/strong> y <strong>Electrik G\u00fcera<\/strong>. Habituales de la zona de <strong>La Latin<\/strong>a como <strong>Monete <\/strong>o la <strong>Terraza Atenas<\/strong>, desplazan su mesa de mezclas hasta Malasa\u00f1a para contagiarnos con sus beats.<\/p>\n\n\n\n<p class=\"has-text-align-right wp-block-paragraph\"><a href=\"https:\/\/rasoestudio.com\/\">raso.<\/a><\/p>\n<\/div>\n<\/div>\n\n\n\n<div style=\"height:100px\" aria-hidden=\"true\" class=\"wp-block-spacer\"><\/div>\n\n\n\n<hr class=\"wp-block-separator has-alpha-channel-opacity\"\/>\n\n\n\n<div style=\"height:100px\" aria-hidden=\"true\" class=\"wp-block-spacer\"><\/div>\n\n\n<h2 class=\"tribe-block__related-events__title\">Related Events<\/h2>\n\n<ul  class=\"tribe-related-events tribe-clearfix\" >\n\t\t\t<li>\n\t\n<div class=\"tribe-related-events-thumbnail\">\n\t<a href=\"https:\/\/cafelapalma.com\/en\/programacion\/funkin-donuts\/\" class=\"url\" rel=\"bookmark\" tabindex=\"-1\" aria-hidden=\"true\"><img loading=\"lazy\" decoding=\"async\" width=\"693\" height=\"1040\" src=\"https:\/\/cafelapalma.com\/wp-content\/uploads\/2026\/07\/FD-vert2-bn-693x1040.jpg\" class=\"attachment-large size-large wp-post-image\" alt=\"\" \/><\/a>\n<\/div>\n\t<div class=\"tribe-related-event-info\">\n\t<h3 class=\"tribe-related-events-title\">\n\t\t<a href=\"https:\/\/cafelapalma.com\/en\/programacion\/funkin-donuts\/\" class=\"tribe-event-url\" rel=\"bookmark\">\n\t\t\tFUNKIN&#8217; DONUTS\t\t<\/a>\n\t<\/h3>\n\t<span class=\"tribe-event-date-start\">5  September@22:00<\/span><span class=\"tribe-event-time\">23:45<\/span><\/div>\n<\/li>\n\t\t\t<li>\n\t\n<div class=\"tribe-related-events-thumbnail\">\n\t<a href=\"https:\/\/cafelapalma.com\/en\/programacion\/backstage-le-petit-truffle-mayo\/\" class=\"url\" rel=\"bookmark\" tabindex=\"-1\" aria-hidden=\"true\"><img loading=\"lazy\" decoding=\"async\" width=\"780\" height=\"1040\" src=\"https:\/\/cafelapalma.com\/wp-content\/uploads\/2026\/07\/Imagen-TruffleMayo-LePetit-i-1-780x1040.png\" class=\"attachment-large size-large wp-post-image\" alt=\"\" \/><\/a>\n<\/div>\n\t<div class=\"tribe-related-event-info\">\n\t<h3 class=\"tribe-related-events-title\">\n\t\t<a href=\"https:\/\/cafelapalma.com\/en\/programacion\/backstage-le-petit-truffle-mayo\/\" class=\"tribe-event-url\" rel=\"bookmark\">\n\t\t\tBACKSTAGE: LE PETIT + TRUFFLE MAYO\t\t<\/a>\n\t<\/h3>\n\t<span class=\"tribe-event-date-start\">5  September@23:55<\/span><\/div>\n<\/li>\n\t\t\t<li>\n\t\n<div class=\"tribe-related-events-thumbnail\">\n\t<a href=\"https:\/\/cafelapalma.com\/en\/programacion\/willie-deville-concierto-benefico-x-venezuela\/\" class=\"url\" rel=\"bookmark\" tabindex=\"-1\" aria-hidden=\"true\"><img loading=\"lazy\" decoding=\"async\" width=\"1020\" height=\"531\" src=\"https:\/\/cafelapalma.com\/wp-content\/uploads\/2026\/08\/Willie-deville-1100x572-1-1040x541.jpg\" class=\"attachment-large size-large wp-post-image\" alt=\"\" \/><\/a>\n<\/div>\n\t<div class=\"tribe-related-event-info\">\n\t<h3 class=\"tribe-related-events-title\">\n\t\t<a href=\"https:\/\/cafelapalma.com\/en\/programacion\/willie-deville-concierto-benefico-x-venezuela\/\" class=\"tribe-event-url\" rel=\"bookmark\">\n\t\t\tWILLIE DEVILLE: CONCIERTO BEN\u00c9FICO X VENEZUELA\t\t<\/a>\n\t<\/h3>\n\t<span class=\"tribe-event-date-start\">6  September@21:00<\/span><span class=\"tribe-event-time\">23:45<\/span><\/div>\n<\/li>\n\t<\/ul>","protected":false},"excerpt":{"rendered":"<p>raso. Estudio arranca el a\u00f1o celebrando el cumplea\u00f1os de su CEO y fundador y el afterparty de una de sus bandas franquicia. A los mandos: Rigo Pex, m\u00e1s conocido como\u00a0MENEO, es un music\u00f3logo, perfomer y productor de origen guatemalteco, afincado actualmente en\u00a0Madrid. Acu\u00f1\u00f3 el t\u00e9rmino electropical y forma parte de la primera ola de productores &hellip; <\/p>","protected":false},"author":2,"featured_media":30097,"template":"","meta":{"_tec_requires_first_save":false,"_uag_custom_page_level_css":"","loftloader_page_shortcode":"","_EventAllDay":false,"_EventTimezone":"Europe\/Madrid","_EventStartDate":"2025-01-10 23:50:00","_EventEndDate":"2025-01-10 23:55:00","_EventStartDateUTC":"2025-01-10 22:50:00","_EventEndDateUTC":"2025-01-10 22:55:00","_EventShowMap":false,"_EventShowMapLink":false,"_EventURL":"https:\/\/www.passline.com\/eventos\/raso-manda-meneo-palber-axxolots","_EventCost":"10","_EventCostDescription":"","_EventCurrencySymbol":"\u20ac","_EventCurrencyCode":"USD","_EventCurrencyPosition":"suffix","_EventDateTimeSeparator":"@","_EventTimeRangeSeparator":"-","_EventOrganizerID":[],"_EventVenueID":[],"_OrganizerEmail":"","_OrganizerPhone":"","_OrganizerWebsite":"","_VenueAddress":"","_VenueCity":"","_VenueCountry":"","_VenueProvince":"","_VenueState":"","_VenueZip":"","_VenuePhone":"","_VenueURL":"","_VenueStateProvince":"","_VenueLat":"","_VenueLng":"","_VenueShowMap":false,"_VenueShowMapLink":false,"_tribe_blocks_recurrence_rules":"","_tribe_blocks_recurrence_description":"","_tribe_blocks_recurrence_exclusions":"","_ecp_custom_2":"","_tribe_events_status":"","_tribe_events_status_reason":"","_tribe_events_is_hybrid":"","_tribe_events_is_virtual":"","_tribe_events_virtual_video_source":"","_tribe_events_virtual_embed_video":"","_tribe_events_virtual_linked_button_text":"","_tribe_events_virtual_linked_button":"","_tribe_events_virtual_show_embed_at":"","_tribe_events_virtual_show_embed_to":[],"_tribe_events_virtual_show_on_event":"","_tribe_events_virtual_show_on_views":"","_tribe_events_virtual_url":"","footnotes":""},"tags":[11175,10171,16634,12298,1363,8869,16614,9225,9347,9226,9227,16637,1357,16636,779,9309,11172,16635,9364,11173,14288,9363,10176,10469],"tribe_events_cat":[8964],"class_list":["post-30095","tribe_events","type-tribe_events","status-publish","has-post-thumbnail","hentry","tag-alan-queipo","tag-alberto-aguilera","tag-axxolots","tag-bum-motion-club","tag-cafe-la-palma","tag-cafe-la-palma-2","tag-cafe-la-palma-30-aniversario","tag-cafe-la-palma-clubbing","tag-dembow","tag-djs-madrid","tag-djs-malasana","tag-electrik-guera","tag-electronica","tag-fancy-monday","tag-funk","tag-house","tag-javi-ferrara","tag-jorge-king","tag-meneo","tag-parquesvr","tag-raso-estudio","tag-rigo-pex","tag-sweet-palta","tag-tiraya","tribe_events_cat-clubbing","cat_clubbing"],"uagb_featured_image_src":{"full":["https:\/\/cafelapalma.com\/wp-content\/uploads\/2024\/12\/rasofront.jpg",1080,1920,false],"thumbnail":["https:\/\/cafelapalma.com\/wp-content\/uploads\/2024\/12\/rasofront-150x150.jpg",150,150,true],"medium":["https:\/\/cafelapalma.com\/wp-content\/uploads\/2024\/12\/rasofront-169x300.jpg",169,300,true],"medium_large":["https:\/\/cafelapalma.com\/wp-content\/uploads\/2024\/12\/rasofront-768x1365.jpg",768,1365,true],"large":["https:\/\/cafelapalma.com\/wp-content\/uploads\/2024\/12\/rasofront-585x1040.jpg",585,1040,true],"1536x1536":["https:\/\/cafelapalma.com\/wp-content\/uploads\/2024\/12\/rasofront-864x1536.jpg",864,1536,true],"2048x2048":["https:\/\/cafelapalma.com\/wp-content\/uploads\/2024\/12\/rasofront.jpg",1080,1920,false],"trp-custom-language-flag":["https:\/\/cafelapalma.com\/wp-content\/uploads\/2024\/12\/rasofront.jpg",7,12,false],"blossom-feminine-slider":["https:\/\/cafelapalma.com\/wp-content\/uploads\/2024\/12\/rasofront-1080x649.jpg",1080,649,true],"blossom-feminine-featured":["https:\/\/cafelapalma.com\/wp-content\/uploads\/2024\/12\/rasofront-1080x600.jpg",1080,600,true],"blossom-feminine-with-sidebar":["https:\/\/cafelapalma.com\/wp-content\/uploads\/2024\/12\/rasofront-1020x600.jpg",1020,600,true],"blossom-feminine-blog":["https:\/\/cafelapalma.com\/wp-content\/uploads\/2024\/12\/rasofront-435x435.jpg",435,435,true],"blossom-feminine-cat":["https:\/\/cafelapalma.com\/wp-content\/uploads\/2024\/12\/rasofront-450x300.jpg",450,300,true],"blossom-feminine-related":["https:\/\/cafelapalma.com\/wp-content\/uploads\/2024\/12\/rasofront-320x200.jpg",320,200,true],"blossom-feminine-schema":["https:\/\/cafelapalma.com\/wp-content\/uploads\/2024\/12\/rasofront-34x60.jpg",34,60,true]},"uagb_author_info":{"display_name":"Victor","author_link":"https:\/\/cafelapalma.com\/en\/author\/comunicacion\/"},"uagb_comment_info":0,"uagb_excerpt":"raso. Estudio arranca el a\u00f1o celebrando el cumplea\u00f1os de su CEO y fundador y el afterparty de una de sus bandas franquicia. A los mandos: Rigo Pex, m\u00e1s conocido como\u00a0MENEO, es un music\u00f3logo, perfomer y productor de origen guatemalteco, afincado actualmente en\u00a0Madrid. Acu\u00f1\u00f3 el t\u00e9rmino electropical y forma parte de la primera ola de productores&hellip;","_links":{"self":[{"href":"https:\/\/cafelapalma.com\/en\/wp-json\/wp\/v2\/tribe_events\/30095","targetHints":{"allow":["GET"]}}],"collection":[{"href":"https:\/\/cafelapalma.com\/en\/wp-json\/wp\/v2\/tribe_events"}],"about":[{"href":"https:\/\/cafelapalma.com\/en\/wp-json\/wp\/v2\/types\/tribe_events"}],"author":[{"embeddable":true,"href":"https:\/\/cafelapalma.com\/en\/wp-json\/wp\/v2\/users\/2"}],"version-history":[{"count":0,"href":"https:\/\/cafelapalma.com\/en\/wp-json\/wp\/v2\/tribe_events\/30095\/revisions"}],"wp:featuredmedia":[{"embeddable":true,"href":"https:\/\/cafelapalma.com\/en\/wp-json\/wp\/v2\/media\/30097"}],"wp:attachment":[{"href":"https:\/\/cafelapalma.com\/en\/wp-json\/wp\/v2\/media?parent=30095"}],"wp:term":[{"taxonomy":"post_tag","embeddable":true,"href":"https:\/\/cafelapalma.com\/en\/wp-json\/wp\/v2\/tags?post=30095"},{"taxonomy":"tribe_events_cat","embeddable":true,"href":"https:\/\/cafelapalma.com\/en\/wp-json\/wp\/v2\/tribe_events_cat?post=30095"}],"curies":[{"name":"wp","href":"https:\/\/api.w.org\/{rel}","templated":true}]}}