{"id":30119,"date":"2024-12-27T09:08:55","date_gmt":"2024-12-27T08:08:55","guid":{"rendered":"https:\/\/cafelapalma.com\/?post_type=tribe_events&#038;p=30119"},"modified":"2025-01-08T09:44:38","modified_gmt":"2025-01-08T08:44:38","slug":"mikel-izal-30-aniversario","status":"publish","type":"tribe_events","link":"https:\/\/cafelapalma.com\/en\/programacion\/mikel-izal-30-aniversario\/","title":{"rendered":"MIKEL IZAL (AC\u00daSTICO TRIO)"},"content":{"rendered":"<div  class=\"tribe-events-schedule tribe-clearfix\" >\n\t<p class=\"tribe-events-schedule__datetime\">\n\t\t<span class=\"tribe-events-schedule__date tribe-events-schedule__date--start\">\n\t\t\t26  February  2025\t\t<\/span>\n\n\t\t\t\t\t<span class=\"tribe-events-schedule__separator tribe-events-schedule__separator--date\">\n\t\t\t\t@\t\t\t<\/span>\n\t\t\t<span class=\"tribe-events-schedule__time tribe-events-schedule__time--start\">\n\t\t\t\t22:00\t\t\t<\/span>\n\t\t\n\t\t\t\t\t\t\t\t\t<span class=\"tribe-events-schedule__separator tribe-events-schedule__separator--time\">\n\t\t\t\t\t&#8211;\t\t\t\t<\/span>\n\t\t\t\n\t\t\t\t\t\t\t<span class=\"tribe-events-schedule__time tribe-events-schedule__time--end\">\n\t\t\t\t\t23:45\t\t\t\t<\/span>\n\t\t\t\n\t\t\t\t\t\t<\/p>\n<\/div>\n\n\n<div  class=\"tribe-block tribe-block__event-price\" >\n\t\t\t<span class=\"tribe-block__event-price__cost\"> ENTRADAS AGOTADAS <\/span>\n\t\t\t\t<span class=\"tribe-block__event-price__description\">#soldout<\/span>\n\t<\/div>\n\n\n\n<div style=\"height:100px\" aria-hidden=\"true\" class=\"wp-block-spacer\"><\/div>\n\n\n\n<div class=\"wp-block-columns is-layout-flex wp-container-core-columns-is-layout-8f761849 wp-block-columns-is-layout-flex\">\n<div class=\"wp-block-column is-layout-flow wp-block-column-is-layout-flow\" style=\"flex-basis:33.33%\">\n<figure class=\"wp-block-image size-large\"><img loading=\"lazy\" decoding=\"async\" width=\"735\" height=\"1040\" src=\"https:\/\/cafelapalma.com\/wp-content\/uploads\/2024\/12\/IZAL-NUEVA-FECHA-A3LOWW-735x1040.jpg\" alt=\"\" class=\"wp-image-30286\" srcset=\"https:\/\/cafelapalma.com\/wp-content\/uploads\/2024\/12\/IZAL-NUEVA-FECHA-A3LOWW-735x1040.jpg 735w, https:\/\/cafelapalma.com\/wp-content\/uploads\/2024\/12\/IZAL-NUEVA-FECHA-A3LOWW-212x300.jpg 212w, https:\/\/cafelapalma.com\/wp-content\/uploads\/2024\/12\/IZAL-NUEVA-FECHA-A3LOWW-768x1086.jpg 768w, https:\/\/cafelapalma.com\/wp-content\/uploads\/2024\/12\/IZAL-NUEVA-FECHA-A3LOWW-1086x1536.jpg 1086w, https:\/\/cafelapalma.com\/wp-content\/uploads\/2024\/12\/IZAL-NUEVA-FECHA-A3LOWW-1448x2048.jpg 1448w, https:\/\/cafelapalma.com\/wp-content\/uploads\/2024\/12\/IZAL-NUEVA-FECHA-A3LOWW-42x60.jpg 42w\" sizes=\"auto, (max-width: 735px) 100vw, 735px\" \/><\/figure>\n<\/div>\n\n\n\n<div class=\"wp-block-column is-layout-flow wp-block-column-is-layout-flow\" style=\"flex-basis:66.66%\">\n<div style=\"height:100px\" aria-hidden=\"true\" class=\"wp-block-spacer\"><\/div>\n\n\n\n<p class=\"has-text-align-left wp-block-paragraph\">Uno de los conciertos m\u00e1s esperados del a\u00f1o: <strong>MIKEL IZAL<\/strong> comienza su etapa en solitario con la publicaci\u00f3n de <strong><em>\u201cEl Miedo y El Para\u00edso\u201d<\/em><\/strong>, un trabajo discogr\u00e1fico formado por diez temas in\u00e9ditos, que nos propone sumergirnos en un viaje de descubrimiento personal por las diferentes emociones y estados de \u00e1nimo que han acompa\u00f1ado al compositor en los \u00faltimos a\u00f1os.<\/p>\n\n\n\n<p class=\"has-text-align-left wp-block-paragraph\">Con el lanzamiento del \u00e1lbum lleg\u00f3 una gira que arrancaba en M\u00e9xico para despu\u00e9s arrasar por teatros y auditorios de nuestro pa\u00eds, donde agot\u00f3 las entradas en apenas veinticuatro horas en algunas de las ciudades, donde la energ\u00eda de sus directos y la conexi\u00f3n con el p\u00fablico es a\u00fan m\u00e1s especial.<\/p>\n\n\n\n<p class=\"has-text-align-left wp-block-paragraph\">El pr\u00f3ximo 9 de enero <strong>Mikel Izal<\/strong> regresa a <strong>CAFE LA PALMA<\/strong> para conmemorar el 30 Aniversario de la emblem\u00e1tica sala con un show renovado, diferente y en formato trio ac\u00fastico, para recrear un viaje emocional que va desde <strong><em>\u201cEl Miedo\u201d<\/em><\/strong> hasta <em><strong>\u201cEl Para\u00edso\u201d<\/strong><\/em>. Un encuentro \u00fanico e inolvidable para el p\u00fablico donde brillan con especial fuerza las canciones de su \u00faltimo trabajo, que ya han conquistado millones de oyentes, junto multitud de \u00e9xitos de toda su carrera con su banda <strong>IZAL <\/strong>(<strong><em>\u201cCopacabana\u201d<\/em><\/strong>, <strong><em>\u201cLa Mujer de Verde\u201d<\/em><\/strong> o <strong><em>\u201cEl Baile\u201d<\/em><\/strong>, entre otros) revisitados por el productor <strong>Pau Paredes<\/strong>. <\/p>\n\n\n\n<p class=\"has-text-align-left wp-block-paragraph\">Acompa\u00f1ado, en esta ocasi\u00f3n, por los m\u00fasicos <strong>Toni Carrillo<\/strong> y <strong>Javi Rubio<\/strong>, <strong>Mikel Izal<\/strong> sigue demostrando su gran potencial en los directos con una gira que ha conquistado al p\u00fablico y a la cr\u00edtica por partes iguales.<\/p>\n\n\n\n<p class=\"has-text-align-right wp-block-paragraph\"><em><a href=\"https:\/\/open.spotify.com\/intl-es\/artist\/4H3BAAfpEcLHQkaQKfvoW8?si=VHyEphE2R7SFO3vdBjaOYQ\">Listen to <\/a><\/em><strong><a href=\"https:\/\/open.spotify.com\/intl-es\/artist\/4H3BAAfpEcLHQkaQKfvoW8?si=VHyEphE2R7SFO3vdBjaOYQ\">MIKEL IZAL<\/a><\/strong><em><a href=\"https:\/\/open.spotify.com\/intl-es\/artist\/4H3BAAfpEcLHQkaQKfvoW8?si=VHyEphE2R7SFO3vdBjaOYQ\"> in <\/a><\/em><strong><a href=\"https:\/\/open.spotify.com\/intl-es\/artist\/4H3BAAfpEcLHQkaQKfvoW8?si=VHyEphE2R7SFO3vdBjaOYQ\">Spotify<\/a><\/strong><\/p>\n\n\n\n<p class=\"has-text-align-center wp-block-paragraph\"><em>Este concierto iba a celebrarse el jueves 9 de enero, pero tuvo que aplazarse a la fecha actual debido a un problema m\u00e9dico del artista. <strong><a href=\"https:\/\/www.instagram.com\/p\/DEiQqpbuNmZ\/\">M\u00e1s informaci\u00f3n<\/a><\/strong><\/em><\/p>\n<\/div>\n<\/div>\n\n\n\n<hr class=\"wp-block-separator has-alpha-channel-opacity\"\/>\n\n\n\n<div style=\"height:100px\" aria-hidden=\"true\" class=\"wp-block-spacer\"><\/div>\n\n\n<h2 class=\"tribe-block__related-events__title\">Related Events<\/h2>\n\n<ul  class=\"tribe-related-events tribe-clearfix\" >\n\t\t\t<li>\n\t\n<div class=\"tribe-related-events-thumbnail\">\n\t<a href=\"https:\/\/cafelapalma.com\/en\/programacion\/funkin-donuts\/\" class=\"url\" rel=\"bookmark\" tabindex=\"-1\" aria-hidden=\"true\"><img loading=\"lazy\" decoding=\"async\" width=\"693\" height=\"1040\" src=\"https:\/\/cafelapalma.com\/wp-content\/uploads\/2026\/07\/FD-vert2-bn-693x1040.jpg\" class=\"attachment-large size-large wp-post-image\" alt=\"\" \/><\/a>\n<\/div>\n\t<div class=\"tribe-related-event-info\">\n\t<h3 class=\"tribe-related-events-title\">\n\t\t<a href=\"https:\/\/cafelapalma.com\/en\/programacion\/funkin-donuts\/\" class=\"tribe-event-url\" rel=\"bookmark\">\n\t\t\tFUNKIN&#8217; DONUTS\t\t<\/a>\n\t<\/h3>\n\t<span class=\"tribe-event-date-start\">5  September@22:00<\/span><span class=\"tribe-event-time\">23:45<\/span><\/div>\n<\/li>\n\t\t\t<li>\n\t\n<div class=\"tribe-related-events-thumbnail\">\n\t<a href=\"https:\/\/cafelapalma.com\/en\/programacion\/backstage-le-petit-truffle-mayo\/\" class=\"url\" rel=\"bookmark\" tabindex=\"-1\" aria-hidden=\"true\"><img loading=\"lazy\" decoding=\"async\" width=\"780\" height=\"1040\" src=\"https:\/\/cafelapalma.com\/wp-content\/uploads\/2026\/07\/Imagen-TruffleMayo-LePetit-i-1-780x1040.png\" class=\"attachment-large size-large wp-post-image\" alt=\"\" \/><\/a>\n<\/div>\n\t<div class=\"tribe-related-event-info\">\n\t<h3 class=\"tribe-related-events-title\">\n\t\t<a href=\"https:\/\/cafelapalma.com\/en\/programacion\/backstage-le-petit-truffle-mayo\/\" class=\"tribe-event-url\" rel=\"bookmark\">\n\t\t\tBACKSTAGE: LE PETIT + TRUFFLE MAYO\t\t<\/a>\n\t<\/h3>\n\t<span class=\"tribe-event-date-start\">5  September@23:55<\/span><\/div>\n<\/li>\n\t\t\t<li>\n\t\n<div class=\"tribe-related-events-thumbnail\">\n\t<a href=\"https:\/\/cafelapalma.com\/en\/programacion\/willie-deville-concierto-benefico-x-venezuela\/\" class=\"url\" rel=\"bookmark\" tabindex=\"-1\" aria-hidden=\"true\"><img loading=\"lazy\" decoding=\"async\" width=\"1020\" height=\"531\" src=\"https:\/\/cafelapalma.com\/wp-content\/uploads\/2026\/08\/Willie-deville-1100x572-1-1040x541.jpg\" class=\"attachment-large size-large wp-post-image\" alt=\"\" \/><\/a>\n<\/div>\n\t<div class=\"tribe-related-event-info\">\n\t<h3 class=\"tribe-related-events-title\">\n\t\t<a href=\"https:\/\/cafelapalma.com\/en\/programacion\/willie-deville-concierto-benefico-x-venezuela\/\" class=\"tribe-event-url\" rel=\"bookmark\">\n\t\t\tWILLIE DEVILLE: CONCIERTO BEN\u00c9FICO X VENEZUELA\t\t<\/a>\n\t<\/h3>\n\t<span class=\"tribe-event-date-start\">6  September@21:00<\/span><span class=\"tribe-event-time\">23:45<\/span><\/div>\n<\/li>\n\t<\/ul>","protected":false},"excerpt":{"rendered":"<p>Uno de los conciertos m\u00e1s esperados del a\u00f1o: MIKEL IZAL comienza su etapa en solitario con la publicaci\u00f3n de \u201cEl Miedo y El Para\u00edso\u201d, un trabajo discogr\u00e1fico formado por diez temas in\u00e9ditos, que nos propone sumergirnos en un viaje de descubrimiento personal por las diferentes emociones y estados de \u00e1nimo que han acompa\u00f1ado al compositor &hellip; <\/p>","protected":false},"author":2,"featured_media":30121,"template":"","meta":{"_tec_requires_first_save":false,"_uag_custom_page_level_css":"","loftloader_page_shortcode":"","_EventAllDay":false,"_EventTimezone":"Europe\/Madrid","_EventStartDate":"2025-02-26 22:00:00","_EventEndDate":"2025-02-26 23:45:00","_EventStartDateUTC":"2025-02-26 21:00:00","_EventEndDateUTC":"2025-02-26 22:45:00","_EventShowMap":false,"_EventShowMapLink":false,"_EventURL":"https:\/\/www.passline.com\/eventos\/mikel-izal-cafe-la-palma-30-aniv","_EventCost":"ENTRADAS AGOTADAS","_EventCostDescription":"","_EventCurrencySymbol":"\u20ac","_EventCurrencyCode":"USD","_EventCurrencyPosition":"suffix","_EventDateTimeSeparator":"@","_EventTimeRangeSeparator":"-","_EventOrganizerID":[],"_EventVenueID":[],"_OrganizerEmail":"","_OrganizerPhone":"","_OrganizerWebsite":"","_VenueAddress":"","_VenueCity":"","_VenueCountry":"","_VenueProvince":"","_VenueState":"","_VenueZip":"","_VenuePhone":"","_VenueURL":"","_VenueStateProvince":"","_VenueLat":"","_VenueLng":"","_VenueShowMap":false,"_VenueShowMapLink":false,"_tribe_blocks_recurrence_rules":"","_tribe_blocks_recurrence_description":"","_tribe_blocks_recurrence_exclusions":"","_ecp_custom_2":"","_tribe_events_status":"","_tribe_events_status_reason":"","_tribe_events_is_hybrid":"","_tribe_events_is_virtual":"","_tribe_events_virtual_video_source":"","_tribe_events_virtual_embed_video":"","_tribe_events_virtual_linked_button_text":"","_tribe_events_virtual_linked_button":"","_tribe_events_virtual_show_embed_at":"","_tribe_events_virtual_show_embed_to":[],"_tribe_events_virtual_show_on_event":"","_tribe_events_virtual_show_on_views":"","_tribe_events_virtual_url":"","footnotes":""},"tags":[16639,1363,8869,16638,2865,9147,9146,16652,15865,8970,16655,16651,16653,1355,16654],"tribe_events_cat":[8963],"class_list":["post-30119","tribe_events","type-tribe_events","status-publish","has-post-thumbnail","hentry","tag-30-aniversario-cafe-la-palma","tag-cafe-la-palma","tag-cafe-la-palma-2","tag-cafe-la-palma-30-aniv","tag-conciertos-cafe-la-palma","tag-conciertos-madrid","tag-conciertos-malasana","tag-el-miedo-y-el-paraiso","tag-hook-management","tag-indie","tag-javi-rubio","tag-mikel-izal","tag-pau-paredes","tag-pop","tag-toni-carrillo","tribe_events_cat-concierto","cat_concierto"],"uagb_featured_image_src":{"full":["https:\/\/cafelapalma.com\/wp-content\/uploads\/2024\/12\/MIKELFRONT-LOW-scaled.jpg",2000,3000,false],"thumbnail":["https:\/\/cafelapalma.com\/wp-content\/uploads\/2024\/12\/MIKELFRONT-LOW-150x150.jpg",150,150,true],"medium":["https:\/\/cafelapalma.com\/wp-content\/uploads\/2024\/12\/MIKELFRONT-LOW-200x300.jpg",200,300,true],"medium_large":["https:\/\/cafelapalma.com\/wp-content\/uploads\/2024\/12\/MIKELFRONT-LOW-768x1152.jpg",768,1152,true],"large":["https:\/\/cafelapalma.com\/wp-content\/uploads\/2024\/12\/MIKELFRONT-LOW-693x1040.jpg",693,1040,true],"1536x1536":["https:\/\/cafelapalma.com\/wp-content\/uploads\/2024\/12\/MIKELFRONT-LOW-1024x1536.jpg",1024,1536,true],"2048x2048":["https:\/\/cafelapalma.com\/wp-content\/uploads\/2024\/12\/MIKELFRONT-LOW-1365x2048.jpg",1365,2048,true],"trp-custom-language-flag":["https:\/\/cafelapalma.com\/wp-content\/uploads\/2024\/12\/MIKELFRONT-LOW-scaled.jpg",8,12,false],"blossom-feminine-slider":["https:\/\/cafelapalma.com\/wp-content\/uploads\/2024\/12\/MIKELFRONT-LOW-1920x649.jpg",1920,649,true],"blossom-feminine-featured":["https:\/\/cafelapalma.com\/wp-content\/uploads\/2024\/12\/MIKELFRONT-LOW-1410x600.jpg",1410,600,true],"blossom-feminine-with-sidebar":["https:\/\/cafelapalma.com\/wp-content\/uploads\/2024\/12\/MIKELFRONT-LOW-1020x600.jpg",1020,600,true],"blossom-feminine-blog":["https:\/\/cafelapalma.com\/wp-content\/uploads\/2024\/12\/MIKELFRONT-LOW-435x435.jpg",435,435,true],"blossom-feminine-cat":["https:\/\/cafelapalma.com\/wp-content\/uploads\/2024\/12\/MIKELFRONT-LOW-450x300.jpg",450,300,true],"blossom-feminine-related":["https:\/\/cafelapalma.com\/wp-content\/uploads\/2024\/12\/MIKELFRONT-LOW-320x200.jpg",320,200,true],"blossom-feminine-schema":["https:\/\/cafelapalma.com\/wp-content\/uploads\/2024\/12\/MIKELFRONT-LOW-40x60.jpg",40,60,true]},"uagb_author_info":{"display_name":"Victor","author_link":"https:\/\/cafelapalma.com\/en\/author\/comunicacion\/"},"uagb_comment_info":0,"uagb_excerpt":"Uno de los conciertos m\u00e1s esperados del a\u00f1o: MIKEL IZAL comienza su etapa en solitario con la publicaci\u00f3n de \u201cEl Miedo y El Para\u00edso\u201d, un trabajo discogr\u00e1fico formado por diez temas in\u00e9ditos, que nos propone sumergirnos en un viaje de descubrimiento personal por las diferentes emociones y estados de \u00e1nimo que han acompa\u00f1ado al compositor&hellip;","_links":{"self":[{"href":"https:\/\/cafelapalma.com\/en\/wp-json\/wp\/v2\/tribe_events\/30119","targetHints":{"allow":["GET"]}}],"collection":[{"href":"https:\/\/cafelapalma.com\/en\/wp-json\/wp\/v2\/tribe_events"}],"about":[{"href":"https:\/\/cafelapalma.com\/en\/wp-json\/wp\/v2\/types\/tribe_events"}],"author":[{"embeddable":true,"href":"https:\/\/cafelapalma.com\/en\/wp-json\/wp\/v2\/users\/2"}],"version-history":[{"count":0,"href":"https:\/\/cafelapalma.com\/en\/wp-json\/wp\/v2\/tribe_events\/30119\/revisions"}],"wp:featuredmedia":[{"embeddable":true,"href":"https:\/\/cafelapalma.com\/en\/wp-json\/wp\/v2\/media\/30121"}],"wp:attachment":[{"href":"https:\/\/cafelapalma.com\/en\/wp-json\/wp\/v2\/media?parent=30119"}],"wp:term":[{"taxonomy":"post_tag","embeddable":true,"href":"https:\/\/cafelapalma.com\/en\/wp-json\/wp\/v2\/tags?post=30119"},{"taxonomy":"tribe_events_cat","embeddable":true,"href":"https:\/\/cafelapalma.com\/en\/wp-json\/wp\/v2\/tribe_events_cat?post=30119"}],"curies":[{"name":"wp","href":"https:\/\/api.w.org\/{rel}","templated":true}]}}