{"id":30144,"date":"2024-12-27T10:02:17","date_gmt":"2024-12-27T09:02:17","guid":{"rendered":"https:\/\/cafelapalma.com\/?post_type=tribe_events&#038;p=30144"},"modified":"2025-01-21T19:39:07","modified_gmt":"2025-01-21T18:39:07","slug":"egon-soda-30-aniversario","status":"publish","type":"tribe_events","link":"https:\/\/cafelapalma.com\/en\/programacion\/egon-soda-30-aniversario\/","title":{"rendered":"EGON SODA + JOEL GARC\u00cdA"},"content":{"rendered":"<div  class=\"tribe-events-schedule tribe-clearfix\" >\n\t<p class=\"tribe-events-schedule__datetime\">\n\t\t<span class=\"tribe-events-schedule__date tribe-events-schedule__date--start\">\n\t\t\t29  January  2025\t\t<\/span>\n\n\t\t\t\t\t<span class=\"tribe-events-schedule__separator tribe-events-schedule__separator--date\">\n\t\t\t\t@\t\t\t<\/span>\n\t\t\t<span class=\"tribe-events-schedule__time tribe-events-schedule__time--start\">\n\t\t\t\t21:00\t\t\t<\/span>\n\t\t\n\t\t\t\t\t\t\t\t\t<span class=\"tribe-events-schedule__separator tribe-events-schedule__separator--time\">\n\t\t\t\t\t&#8211;\t\t\t\t<\/span>\n\t\t\t\n\t\t\t\t\t\t\t<span class=\"tribe-events-schedule__time tribe-events-schedule__time--end\">\n\t\t\t\t\t23:30\t\t\t\t<\/span>\n\t\t\t\n\t\t\t\t\t\t<\/p>\n<\/div>\n\n\n<div  class=\"tribe-block tribe-block__event-price\" >\n\t\t\t<span class=\"tribe-block__event-price__cost\"> ENTRADAS AGOTADAS <\/span>\n\t\t\t\t<span class=\"tribe-block__event-price__description\">\u00a1\u00a1 NUEVA FECHA MARTES 28 DE ENERO !!<\/span>\n\t<\/div>\n\n\n\n<div style=\"height:100px\" aria-hidden=\"true\" class=\"wp-block-spacer\"><\/div>\n\n\n\n<div class=\"wp-block-columns is-layout-flex wp-container-core-columns-is-layout-8f761849 wp-block-columns-is-layout-flex\">\n<div class=\"wp-block-column is-layout-flow wp-block-column-is-layout-flow\" style=\"flex-basis:33.33%\">\n<figure class=\"wp-block-image size-large\"><img loading=\"lazy\" decoding=\"async\" width=\"735\" height=\"1040\" src=\"https:\/\/cafelapalma.com\/wp-content\/uploads\/2024\/12\/La_Palma_30_Aniversario_A3_Egon_Soda_LOW-735x1040.jpg\" alt=\"\" class=\"wp-image-30145\" srcset=\"https:\/\/cafelapalma.com\/wp-content\/uploads\/2024\/12\/La_Palma_30_Aniversario_A3_Egon_Soda_LOW-735x1040.jpg 735w, https:\/\/cafelapalma.com\/wp-content\/uploads\/2024\/12\/La_Palma_30_Aniversario_A3_Egon_Soda_LOW-212x300.jpg 212w, https:\/\/cafelapalma.com\/wp-content\/uploads\/2024\/12\/La_Palma_30_Aniversario_A3_Egon_Soda_LOW-768x1086.jpg 768w, https:\/\/cafelapalma.com\/wp-content\/uploads\/2024\/12\/La_Palma_30_Aniversario_A3_Egon_Soda_LOW-1086x1536.jpg 1086w, https:\/\/cafelapalma.com\/wp-content\/uploads\/2024\/12\/La_Palma_30_Aniversario_A3_Egon_Soda_LOW-1448x2048.jpg 1448w, https:\/\/cafelapalma.com\/wp-content\/uploads\/2024\/12\/La_Palma_30_Aniversario_A3_Egon_Soda_LOW-42x60.jpg 42w, https:\/\/cafelapalma.com\/wp-content\/uploads\/2024\/12\/La_Palma_30_Aniversario_A3_Egon_Soda_LOW.jpg 1754w\" sizes=\"auto, (max-width: 735px) 100vw, 735px\" \/><\/figure>\n\n\n<div  class=\"tribe-block tribe-block__event-website\" >\n\t<a\n\t\thref=\"https:\/\/www.passline.com\/eventos\/egon-soda-joel-garcia-cafe-la-palma-30-aniv-nueva-fecha-martes-28-enero\"\n\t\ttarget=\"_self\"\n\t\t\t>\n\t\tENTRADAS 28 DE ENERO\t<\/a>\n<\/div>\n<\/div>\n\n\n\n<div class=\"wp-block-column is-layout-flow wp-block-column-is-layout-flow\" style=\"flex-basis:66.66%\">\n<p class=\"wp-block-paragraph\"><\/p>\n\n\n\n<p class=\"has-text-align-left wp-block-paragraph\"><strong>Ricky Falkner<\/strong>, <strong>Xavi Molero<\/strong> y <strong>Ferran Pont\u00f3n<\/strong> deciden formar un proyecto propio tras una un periodo por distintas bandas en las que coincid\u00edan parcialmente. El grupo que nace tras esa uni\u00f3n, <strong>Pale<\/strong>, se al\u00eda con <strong>Jordi C. Corchs<\/strong>, de <strong>Infusiones Musicales <\/strong>para componer maquetas orientadas al \u00e1mbito personal. Tiempo despu\u00e9s, al tr\u00edo se le incorporan <strong>Josep M\u00aa Baldom\u00e0<\/strong> y <strong>Pablo Garrido<\/strong>. Adoptan como nombre <strong>EGON SODA<\/strong>.<\/p>\n\n\n\n<p class=\"has-text-align-left wp-block-paragraph\">El buen funcionamiento de su segundo disco les llev\u00f3 a intensificar su ritmo de conciertos y trabajo, lo que desemboc\u00f3 en su tercer elep\u00e9 <strong><em>\u00abDadnos precipicios\u00bb<\/em><\/strong> , que contiene algunos de los temas imprescindibles en su repertorio como <strong><em>\u00ab\u00c9sc\u00e1pula\u00bb<\/em><\/strong>, <strong><em>\u00abLa recuperaci\u00f3n\u00bb<\/em><\/strong> o <strong><em>\u00abReuni\u00f3n de pastores, ovejas muertas\u00bb<\/em><\/strong>. En este disco se configura la formaci\u00f3n definitiva de <strong>Egon Soda<\/strong>: sumando a <strong>Charlie Bautista<\/strong> en los teclados y a <strong>Ricky Lavado<\/strong> en las percursiones.<\/p>\n\n\n\n<p class=\"has-text-align-left wp-block-paragraph\">Tras algunos parones, debidos a los distintos proyectos en los que est\u00e1n embarcados sus miembros (<strong>Love of Lesbian<\/strong>, <strong>Mi Capit\u00e1n<\/strong>, <strong>Xoel L\u00f3pez<\/strong>, <strong>Nudozurdo <\/strong>o <strong>Iv\u00e1n Ferreiro<\/strong>, entre otros muchos), los miembros de <strong>Egon Soda <\/strong>se volvieron a reunir en 2021 para grabar su siguiente disco, <strong><em>\u00abBellaurora\u00bb<\/em><\/strong> (<strong>Panda<\/strong>, 2022), otra vuelta de tuerca en el camino de b\u00fasqueda musical de estos seis barbudos.<\/p>\n\n\n\n<p class=\"has-text-align-left wp-block-paragraph\">Pese a ser un grupo poco pr\u00f3digo a los directos, el 30 Aniversario de <strong>CAFE LA PALMA<\/strong> era una ocasi\u00f3n propicia para volver a juntarse. Abrir\u00e1 la velada <strong>Joel Garc\u00eda<\/strong>.<\/p>\n\n\n\n<p class=\"has-text-align-right wp-block-paragraph\"><em><a href=\"https:\/\/open.spotify.com\/intl-es\/artist\/4QpJDFoOivXjw4o8Bu5nd7?si=AIWgra2VRoSP72kcdAgHBw\">Listen to <\/a><\/em><strong><a href=\"https:\/\/open.spotify.com\/intl-es\/artist\/4QpJDFoOivXjw4o8Bu5nd7?si=AIWgra2VRoSP72kcdAgHBw\">EGON SODA<\/a><\/strong><em><a href=\"https:\/\/open.spotify.com\/intl-es\/artist\/4QpJDFoOivXjw4o8Bu5nd7?si=AIWgra2VRoSP72kcdAgHBw\"> in <\/a><\/em><strong><a href=\"https:\/\/open.spotify.com\/intl-es\/artist\/4QpJDFoOivXjw4o8Bu5nd7?si=AIWgra2VRoSP72kcdAgHBw\">Spotify <\/a><\/strong><\/p>\n<\/div>\n<\/div>\n\n\n\n<div style=\"height:100px\" aria-hidden=\"true\" class=\"wp-block-spacer\"><\/div>\n\n\n\n<hr class=\"wp-block-separator has-alpha-channel-opacity\"\/>\n\n\n\n<div style=\"height:100px\" aria-hidden=\"true\" class=\"wp-block-spacer\"><\/div>\n\n\n<h2 class=\"tribe-block__related-events__title\">Related Events<\/h2>\n\n<ul  class=\"tribe-related-events tribe-clearfix\" >\n\t\t\t<li>\n\t\n<div class=\"tribe-related-events-thumbnail\">\n\t<a href=\"https:\/\/cafelapalma.com\/en\/programacion\/funkin-donuts\/\" class=\"url\" rel=\"bookmark\" tabindex=\"-1\" aria-hidden=\"true\"><img loading=\"lazy\" decoding=\"async\" width=\"693\" height=\"1040\" src=\"https:\/\/cafelapalma.com\/wp-content\/uploads\/2026\/07\/FD-vert2-bn-693x1040.jpg\" class=\"attachment-large size-large wp-post-image\" alt=\"\" \/><\/a>\n<\/div>\n\t<div class=\"tribe-related-event-info\">\n\t<h3 class=\"tribe-related-events-title\">\n\t\t<a href=\"https:\/\/cafelapalma.com\/en\/programacion\/funkin-donuts\/\" class=\"tribe-event-url\" rel=\"bookmark\">\n\t\t\tFUNKIN&#8217; DONUTS\t\t<\/a>\n\t<\/h3>\n\t<span class=\"tribe-event-date-start\">5  September@22:00<\/span><span class=\"tribe-event-time\">23:45<\/span><\/div>\n<\/li>\n\t\t\t<li>\n\t\n<div class=\"tribe-related-events-thumbnail\">\n\t<a href=\"https:\/\/cafelapalma.com\/en\/programacion\/backstage-le-petit-truffle-mayo\/\" class=\"url\" rel=\"bookmark\" tabindex=\"-1\" aria-hidden=\"true\"><img loading=\"lazy\" decoding=\"async\" width=\"780\" height=\"1040\" src=\"https:\/\/cafelapalma.com\/wp-content\/uploads\/2026\/07\/Imagen-TruffleMayo-LePetit-i-1-780x1040.png\" class=\"attachment-large size-large wp-post-image\" alt=\"\" \/><\/a>\n<\/div>\n\t<div class=\"tribe-related-event-info\">\n\t<h3 class=\"tribe-related-events-title\">\n\t\t<a href=\"https:\/\/cafelapalma.com\/en\/programacion\/backstage-le-petit-truffle-mayo\/\" class=\"tribe-event-url\" rel=\"bookmark\">\n\t\t\tBACKSTAGE: LE PETIT + TRUFFLE MAYO\t\t<\/a>\n\t<\/h3>\n\t<span class=\"tribe-event-date-start\">5  September@23:55<\/span><\/div>\n<\/li>\n\t\t\t<li>\n\t\n<div class=\"tribe-related-events-thumbnail\">\n\t<a href=\"https:\/\/cafelapalma.com\/en\/programacion\/willie-deville-concierto-benefico-x-venezuela\/\" class=\"url\" rel=\"bookmark\" tabindex=\"-1\" aria-hidden=\"true\"><img loading=\"lazy\" decoding=\"async\" width=\"1020\" height=\"531\" src=\"https:\/\/cafelapalma.com\/wp-content\/uploads\/2026\/08\/Willie-deville-1100x572-1-1040x541.jpg\" class=\"attachment-large size-large wp-post-image\" alt=\"\" \/><\/a>\n<\/div>\n\t<div class=\"tribe-related-event-info\">\n\t<h3 class=\"tribe-related-events-title\">\n\t\t<a href=\"https:\/\/cafelapalma.com\/en\/programacion\/willie-deville-concierto-benefico-x-venezuela\/\" class=\"tribe-event-url\" rel=\"bookmark\">\n\t\t\tWILLIE DEVILLE: CONCIERTO BEN\u00c9FICO X VENEZUELA\t\t<\/a>\n\t<\/h3>\n\t<span class=\"tribe-event-date-start\">6  September@21:00<\/span><span class=\"tribe-event-time\">23:45<\/span><\/div>\n<\/li>\n\t<\/ul>","protected":false},"excerpt":{"rendered":"<p>Ricky Falkner, Xavi Molero y Ferran Pont\u00f3n deciden formar un proyecto propio tras una un periodo por distintas bandas en las que coincid\u00edan parcialmente. El grupo que nace tras esa uni\u00f3n, Pale, se al\u00eda con Jordi C. Corchs, de Infusiones Musicales para componer maquetas orientadas al \u00e1mbito personal. Tiempo despu\u00e9s, al tr\u00edo se le incorporan &hellip; <\/p>","protected":false},"author":2,"featured_media":30146,"template":"","meta":{"_tec_requires_first_save":false,"_uag_custom_page_level_css":"","loftloader_page_shortcode":"","_EventAllDay":false,"_EventTimezone":"Europe\/Madrid","_EventStartDate":"2025-01-29 21:00:00","_EventEndDate":"2025-01-29 23:30:00","_EventStartDateUTC":"2025-01-29 20:00:00","_EventEndDateUTC":"2025-01-29 22:30:00","_EventShowMap":false,"_EventShowMapLink":false,"_EventURL":"https:\/\/www.passline.com\/eventos\/egon-soda-joel-garcia-cafe-la-palma-30-aniv-nueva-fecha-martes-28-enero","_EventCost":"ENTRADAS AGOTADAS","_EventCostDescription":"","_EventCurrencySymbol":"\u20ac","_EventCurrencyCode":"USD","_EventCurrencyPosition":"suffix","_EventDateTimeSeparator":"@","_EventTimeRangeSeparator":"-","_EventOrganizerID":[],"_EventVenueID":[],"_OrganizerEmail":"","_OrganizerPhone":"","_OrganizerWebsite":"","_VenueAddress":"","_VenueCity":"","_VenueCountry":"","_VenueProvince":"","_VenueState":"","_VenueZip":"","_VenuePhone":"","_VenueURL":"","_VenueStateProvince":"","_VenueLat":"","_VenueLng":"","_VenueShowMap":false,"_VenueShowMapLink":false,"_tribe_blocks_recurrence_rules":"","_tribe_blocks_recurrence_description":"","_tribe_blocks_recurrence_exclusions":"","_ecp_custom_2":"","_tribe_events_status":"","_tribe_events_status_reason":"","_tribe_events_is_hybrid":"","_tribe_events_is_virtual":"","_tribe_events_virtual_video_source":"","_tribe_events_virtual_embed_video":"","_tribe_events_virtual_linked_button_text":"","_tribe_events_virtual_linked_button":"","_tribe_events_virtual_show_embed_at":"","_tribe_events_virtual_show_embed_to":[],"_tribe_events_virtual_show_on_event":"","_tribe_events_virtual_show_on_views":"","_tribe_events_virtual_url":"","footnotes":""},"tags":[16639,16686,1363,8869,16638,16678,2865,9147,9146,16679,12023,16680,16674,16675,16687,16676,16681,16684,12022,12017,16677,16685,1355,16672,12020,16673,9830],"tribe_events_cat":[8963],"class_list":["post-30144","tribe_events","type-tribe_events","status-publish","has-post-thumbnail","hentry","tag-30-aniversario-cafe-la-palma","tag-bellaurora","tag-cafe-la-palma","tag-cafe-la-palma-2","tag-cafe-la-palma-30-aniv","tag-charlie-bautista","tag-conciertos-cafe-la-palma","tag-conciertos-madrid","tag-conciertos-malasana","tag-dadnos-precipicios","tag-egon-soda","tag-escapula","tag-ferran-ponton","tag-infusiones-musicales","tag-joel-garcia","tag-josep-ma-baldoma","tag-la-recuperacion","tag-love-of-lesbian","tag-mi-capitan","tag-nudozurdo","tag-pablo-garrido","tag-panda","tag-pop","tag-ricky-falkner","tag-ricky-lavado","tag-xavi-molero","tag-xoel-lopez","tribe_events_cat-concierto","cat_concierto"],"uagb_featured_image_src":{"full":["https:\/\/cafelapalma.com\/wp-content\/uploads\/2024\/12\/EGON-FRONT-scaled.jpg",1687,3000,false],"thumbnail":["https:\/\/cafelapalma.com\/wp-content\/uploads\/2024\/12\/EGON-FRONT-150x150.jpg",150,150,true],"medium":["https:\/\/cafelapalma.com\/wp-content\/uploads\/2024\/12\/EGON-FRONT-169x300.jpg",169,300,true],"medium_large":["https:\/\/cafelapalma.com\/wp-content\/uploads\/2024\/12\/EGON-FRONT-768x1366.jpg",768,1366,true],"large":["https:\/\/cafelapalma.com\/wp-content\/uploads\/2024\/12\/EGON-FRONT-585x1040.jpg",585,1040,true],"1536x1536":["https:\/\/cafelapalma.com\/wp-content\/uploads\/2024\/12\/EGON-FRONT-864x1536.jpg",864,1536,true],"2048x2048":["https:\/\/cafelapalma.com\/wp-content\/uploads\/2024\/12\/EGON-FRONT-1152x2048.jpg",1152,2048,true],"trp-custom-language-flag":["https:\/\/cafelapalma.com\/wp-content\/uploads\/2024\/12\/EGON-FRONT-scaled.jpg",7,12,false],"blossom-feminine-slider":["https:\/\/cafelapalma.com\/wp-content\/uploads\/2024\/12\/EGON-FRONT-1838x649.jpg",1838,649,true],"blossom-feminine-featured":["https:\/\/cafelapalma.com\/wp-content\/uploads\/2024\/12\/EGON-FRONT-1410x600.jpg",1410,600,true],"blossom-feminine-with-sidebar":["https:\/\/cafelapalma.com\/wp-content\/uploads\/2024\/12\/EGON-FRONT-1020x600.jpg",1020,600,true],"blossom-feminine-blog":["https:\/\/cafelapalma.com\/wp-content\/uploads\/2024\/12\/EGON-FRONT-435x435.jpg",435,435,true],"blossom-feminine-cat":["https:\/\/cafelapalma.com\/wp-content\/uploads\/2024\/12\/EGON-FRONT-450x300.jpg",450,300,true],"blossom-feminine-related":["https:\/\/cafelapalma.com\/wp-content\/uploads\/2024\/12\/EGON-FRONT-320x200.jpg",320,200,true],"blossom-feminine-schema":["https:\/\/cafelapalma.com\/wp-content\/uploads\/2024\/12\/EGON-FRONT-34x60.jpg",34,60,true]},"uagb_author_info":{"display_name":"Victor","author_link":"https:\/\/cafelapalma.com\/en\/author\/comunicacion\/"},"uagb_comment_info":0,"uagb_excerpt":"Ricky Falkner, Xavi Molero y Ferran Pont\u00f3n deciden formar un proyecto propio tras una un periodo por distintas bandas en las que coincid\u00edan parcialmente. El grupo que nace tras esa uni\u00f3n, Pale, se al\u00eda con Jordi C. Corchs, de Infusiones Musicales para componer maquetas orientadas al \u00e1mbito personal. Tiempo despu\u00e9s, al tr\u00edo se le incorporan&hellip;","_links":{"self":[{"href":"https:\/\/cafelapalma.com\/en\/wp-json\/wp\/v2\/tribe_events\/30144","targetHints":{"allow":["GET"]}}],"collection":[{"href":"https:\/\/cafelapalma.com\/en\/wp-json\/wp\/v2\/tribe_events"}],"about":[{"href":"https:\/\/cafelapalma.com\/en\/wp-json\/wp\/v2\/types\/tribe_events"}],"author":[{"embeddable":true,"href":"https:\/\/cafelapalma.com\/en\/wp-json\/wp\/v2\/users\/2"}],"version-history":[{"count":0,"href":"https:\/\/cafelapalma.com\/en\/wp-json\/wp\/v2\/tribe_events\/30144\/revisions"}],"wp:featuredmedia":[{"embeddable":true,"href":"https:\/\/cafelapalma.com\/en\/wp-json\/wp\/v2\/media\/30146"}],"wp:attachment":[{"href":"https:\/\/cafelapalma.com\/en\/wp-json\/wp\/v2\/media?parent=30144"}],"wp:term":[{"taxonomy":"post_tag","embeddable":true,"href":"https:\/\/cafelapalma.com\/en\/wp-json\/wp\/v2\/tags?post=30144"},{"taxonomy":"tribe_events_cat","embeddable":true,"href":"https:\/\/cafelapalma.com\/en\/wp-json\/wp\/v2\/tribe_events_cat?post=30144"}],"curies":[{"name":"wp","href":"https:\/\/api.w.org\/{rel}","templated":true}]}}