{"id":30149,"date":"2024-12-27T10:13:41","date_gmt":"2024-12-27T09:13:41","guid":{"rendered":"https:\/\/cafelapalma.com\/?post_type=tribe_events&#038;p=30149"},"modified":"2024-12-27T19:39:49","modified_gmt":"2024-12-27T18:39:49","slug":"sienna-30-aniversario","status":"publish","type":"tribe_events","link":"https:\/\/cafelapalma.com\/en\/programacion\/sienna-30-aniversario\/","title":{"rendered":"SIENNA (AC\u00daSTICO)"},"content":{"rendered":"<div  class=\"tribe-events-schedule tribe-clearfix\" >\n\t<p class=\"tribe-events-schedule__datetime\">\n\t\t<span class=\"tribe-events-schedule__date tribe-events-schedule__date--start\">\n\t\t\t30  January  2025\t\t<\/span>\n\n\t\t\t\t\t<span class=\"tribe-events-schedule__separator tribe-events-schedule__separator--date\">\n\t\t\t\t@\t\t\t<\/span>\n\t\t\t<span class=\"tribe-events-schedule__time tribe-events-schedule__time--start\">\n\t\t\t\t22:00\t\t\t<\/span>\n\t\t\n\t\t\t\t\t\t\t\t\t<span class=\"tribe-events-schedule__separator tribe-events-schedule__separator--time\">\n\t\t\t\t\t&#8211;\t\t\t\t<\/span>\n\t\t\t\n\t\t\t\t\t\t\t<span class=\"tribe-events-schedule__time tribe-events-schedule__time--end\">\n\t\t\t\t\t23:45\t\t\t\t<\/span>\n\t\t\t\n\t\t\t\t\t\t<\/p>\n<\/div>\n\n\n<div  class=\"tribe-block tribe-block__event-price\" >\n\t\t\t<span class=\"tribe-block__event-price__cost\"> ENTRADAS AGOTADAS <\/span>\n\t\t\t\t<span class=\"tribe-block__event-price__description\">#soldout<\/span>\n\t<\/div>\n\n\n\n<div style=\"height:100px\" aria-hidden=\"true\" class=\"wp-block-spacer\"><\/div>\n\n\n\n<div class=\"wp-block-columns is-layout-flex wp-container-core-columns-is-layout-8f761849 wp-block-columns-is-layout-flex\">\n<div class=\"wp-block-column is-layout-flow wp-block-column-is-layout-flow\" style=\"flex-basis:33.33%\">\n<figure class=\"wp-block-image size-large\"><img loading=\"lazy\" decoding=\"async\" width=\"735\" height=\"1040\" src=\"https:\/\/cafelapalma.com\/wp-content\/uploads\/2024\/12\/La_Palma_30_Aniversario_A3_Sienna_LOW-1-735x1040.jpg\" alt=\"\" class=\"wp-image-30152\" srcset=\"https:\/\/cafelapalma.com\/wp-content\/uploads\/2024\/12\/La_Palma_30_Aniversario_A3_Sienna_LOW-1-735x1040.jpg 735w, https:\/\/cafelapalma.com\/wp-content\/uploads\/2024\/12\/La_Palma_30_Aniversario_A3_Sienna_LOW-1-212x300.jpg 212w, https:\/\/cafelapalma.com\/wp-content\/uploads\/2024\/12\/La_Palma_30_Aniversario_A3_Sienna_LOW-1-768x1086.jpg 768w, https:\/\/cafelapalma.com\/wp-content\/uploads\/2024\/12\/La_Palma_30_Aniversario_A3_Sienna_LOW-1-1086x1536.jpg 1086w, https:\/\/cafelapalma.com\/wp-content\/uploads\/2024\/12\/La_Palma_30_Aniversario_A3_Sienna_LOW-1-1448x2048.jpg 1448w, https:\/\/cafelapalma.com\/wp-content\/uploads\/2024\/12\/La_Palma_30_Aniversario_A3_Sienna_LOW-1-42x60.jpg 42w, https:\/\/cafelapalma.com\/wp-content\/uploads\/2024\/12\/La_Palma_30_Aniversario_A3_Sienna_LOW-1.jpg 1754w\" sizes=\"auto, (max-width: 735px) 100vw, 735px\" \/><\/figure>\n<\/div>\n\n\n\n<div class=\"wp-block-column is-layout-flow wp-block-column-is-layout-flow\" style=\"flex-basis:66.66%\">\n<p class=\"wp-block-paragraph\"><\/p>\n\n\n\n<p class=\"has-text-align-left wp-block-paragraph\"><strong>SIENNA <\/strong>se ha convertido en uno de los proyectos m\u00e1s genuinos y aut\u00e9nticos de la escena pop alternativa. En 2017, el artista valenciano deslumbr\u00f3 a cr\u00edtica y p\u00fablico con su primer \u00e1lbum <strong><em>\u00abTr\u00e1gico y fugaz\u00bb<\/em><\/strong>; un s\u00f3lido debut en el que la l\u00edrica punzante y la cr\u00edtica social se convirtieron en el motor indiscutible de su discurso. Desde entonces, el artista ha desarrollado una forma muy personal de articular su m\u00fasica en la que las melod\u00edas singulares de sus composiciones casan a la perfecci\u00f3n con una voz vibrante y llena de matices.<\/p>\n\n\n\n<p class=\"has-text-align-left wp-block-paragraph\">Con sus siguientes trabajos (<strong><em>\u00abTiempos de Impacto\u00bb<\/em><\/strong> y <strong><em>\u00abMelancolic\u00bb<\/em><\/strong>), se afianz\u00f3 en el circuito independiente con su paso por los principales festivales del circuito estatal. Pero ha sido este a\u00f1o 2024 el que ha marcado una nueva era de Sienna con el lanzamiento de <strong><em>\u00abTRANCE\u00bb<\/em><\/strong>. El cantante materializa en diez canciones ese estado mental en el que se sumerge cuando est\u00e1 sobre el escenario y rompe sus propias definiciones del yo, entremezcl\u00e1ndose las distintas personalidades que conviven entre s\u00ed y llev\u00e1ndolas al extremo. De esta forma, <strong><em>\u00abTRANCE\u00bb<\/em><\/strong> marca un punto de inflexi\u00f3n en la trayectoria de Sienna, qui\u00e9n entiende este trabajo como la puerta a seguir retorciendo su sonido, discurso y hasta su propia identidad con el \u00fanico objetivo de rendirse a la obra y dejar que \u00e9sta hable por s\u00ed sola.<\/p>\n\n\n\n<p class=\"has-text-align-left wp-block-paragraph\">El artista se subir\u00e1 al escenario de <strong>CAFE LA PALMA<\/strong> con motivo de su 30 Aniversario para desgranar los temas m\u00e1s importantes de su repertorio en formato ac\u00fastico.<\/p>\n\n\n\n<p class=\"has-text-align-right wp-block-paragraph\"><em><a href=\"https:\/\/open.spotify.com\/intl-es\/artist\/4PSNWFX3rYscMdKRp59uYA?si=4zq4ALXuSXG1tBNMLIKPBw\">Listen to <\/a><\/em><strong><a href=\"https:\/\/open.spotify.com\/intl-es\/artist\/4PSNWFX3rYscMdKRp59uYA?si=4zq4ALXuSXG1tBNMLIKPBw\">SIENNA <\/a><\/strong><em><a href=\"https:\/\/open.spotify.com\/intl-es\/artist\/4PSNWFX3rYscMdKRp59uYA?si=4zq4ALXuSXG1tBNMLIKPBw\">in <\/a><\/em><strong><a href=\"https:\/\/open.spotify.com\/intl-es\/artist\/4PSNWFX3rYscMdKRp59uYA?si=4zq4ALXuSXG1tBNMLIKPBw\">Spotify<\/a><\/strong><\/p>\n<\/div>\n<\/div>\n\n\n\n<div style=\"height:100px\" aria-hidden=\"true\" class=\"wp-block-spacer\"><\/div>\n\n\n\n<hr class=\"wp-block-separator has-alpha-channel-opacity\"\/>\n\n\n\n<div style=\"height:100px\" aria-hidden=\"true\" class=\"wp-block-spacer\"><\/div>\n\n\n<h2 class=\"tribe-block__related-events__title\">Related Events<\/h2>\n\n<ul  class=\"tribe-related-events tribe-clearfix\" >\n\t\t\t<li>\n\t\n<div class=\"tribe-related-events-thumbnail\">\n\t<a href=\"https:\/\/cafelapalma.com\/en\/programacion\/funkin-donuts\/\" class=\"url\" rel=\"bookmark\" tabindex=\"-1\" aria-hidden=\"true\"><img loading=\"lazy\" decoding=\"async\" width=\"693\" height=\"1040\" src=\"https:\/\/cafelapalma.com\/wp-content\/uploads\/2026\/07\/FD-vert2-bn-693x1040.jpg\" class=\"attachment-large size-large wp-post-image\" alt=\"\" \/><\/a>\n<\/div>\n\t<div class=\"tribe-related-event-info\">\n\t<h3 class=\"tribe-related-events-title\">\n\t\t<a href=\"https:\/\/cafelapalma.com\/en\/programacion\/funkin-donuts\/\" class=\"tribe-event-url\" rel=\"bookmark\">\n\t\t\tFUNKIN&#8217; DONUTS\t\t<\/a>\n\t<\/h3>\n\t<span class=\"tribe-event-date-start\">5  September@22:00<\/span><span class=\"tribe-event-time\">23:45<\/span><\/div>\n<\/li>\n\t\t\t<li>\n\t\n<div class=\"tribe-related-events-thumbnail\">\n\t<a href=\"https:\/\/cafelapalma.com\/en\/programacion\/backstage-le-petit-truffle-mayo\/\" class=\"url\" rel=\"bookmark\" tabindex=\"-1\" aria-hidden=\"true\"><img loading=\"lazy\" decoding=\"async\" width=\"780\" height=\"1040\" src=\"https:\/\/cafelapalma.com\/wp-content\/uploads\/2026\/07\/Imagen-TruffleMayo-LePetit-i-1-780x1040.png\" class=\"attachment-large size-large wp-post-image\" alt=\"\" \/><\/a>\n<\/div>\n\t<div class=\"tribe-related-event-info\">\n\t<h3 class=\"tribe-related-events-title\">\n\t\t<a href=\"https:\/\/cafelapalma.com\/en\/programacion\/backstage-le-petit-truffle-mayo\/\" class=\"tribe-event-url\" rel=\"bookmark\">\n\t\t\tBACKSTAGE: LE PETIT + TRUFFLE MAYO\t\t<\/a>\n\t<\/h3>\n\t<span class=\"tribe-event-date-start\">5  September@23:55<\/span><\/div>\n<\/li>\n\t\t\t<li>\n\t\n<div class=\"tribe-related-events-thumbnail\">\n\t<a href=\"https:\/\/cafelapalma.com\/en\/programacion\/willie-deville-concierto-benefico-x-venezuela\/\" class=\"url\" rel=\"bookmark\" tabindex=\"-1\" aria-hidden=\"true\"><img loading=\"lazy\" decoding=\"async\" width=\"1020\" height=\"531\" src=\"https:\/\/cafelapalma.com\/wp-content\/uploads\/2026\/08\/Willie-deville-1100x572-1-1040x541.jpg\" class=\"attachment-large size-large wp-post-image\" alt=\"\" \/><\/a>\n<\/div>\n\t<div class=\"tribe-related-event-info\">\n\t<h3 class=\"tribe-related-events-title\">\n\t\t<a href=\"https:\/\/cafelapalma.com\/en\/programacion\/willie-deville-concierto-benefico-x-venezuela\/\" class=\"tribe-event-url\" rel=\"bookmark\">\n\t\t\tWILLIE DEVILLE: CONCIERTO BEN\u00c9FICO X VENEZUELA\t\t<\/a>\n\t<\/h3>\n\t<span class=\"tribe-event-date-start\">6  September@21:00<\/span><span class=\"tribe-event-time\">23:45<\/span><\/div>\n<\/li>\n\t<\/ul>","protected":false},"excerpt":{"rendered":"<p>SIENNA se ha convertido en uno de los proyectos m\u00e1s genuinos y aut\u00e9nticos de la escena pop alternativa. En 2017, el artista valenciano deslumbr\u00f3 a cr\u00edtica y p\u00fablico con su primer \u00e1lbum \u00abTr\u00e1gico y fugaz\u00bb; un s\u00f3lido debut en el que la l\u00edrica punzante y la cr\u00edtica social se convirtieron en el motor indiscutible de &hellip; <\/p>","protected":false},"author":2,"featured_media":30153,"template":"","meta":{"_tec_requires_first_save":false,"_uag_custom_page_level_css":"","loftloader_page_shortcode":"","_EventAllDay":false,"_EventTimezone":"Europe\/Madrid","_EventStartDate":"2025-01-30 22:00:00","_EventEndDate":"2025-01-30 23:45:00","_EventStartDateUTC":"2025-01-30 21:00:00","_EventEndDateUTC":"2025-01-30 22:45:00","_EventShowMap":false,"_EventShowMapLink":false,"_EventURL":"https:\/\/www.passline.com\/eventos\/sienna-cafe-la-palma-30-aniv","_EventCost":"ENTRADAS AGOTADAS","_EventCostDescription":"","_EventCurrencySymbol":"\u20ac","_EventCurrencyCode":"USD","_EventCurrencyPosition":"suffix","_EventDateTimeSeparator":"@","_EventTimeRangeSeparator":"-","_EventOrganizerID":[],"_EventVenueID":[],"_OrganizerEmail":"","_OrganizerPhone":"","_OrganizerWebsite":"","_VenueAddress":"","_VenueCity":"","_VenueCountry":"","_VenueProvince":"","_VenueState":"","_VenueZip":"","_VenuePhone":"","_VenueURL":"","_VenueStateProvince":"","_VenueLat":"","_VenueLng":"","_VenueShowMap":false,"_VenueShowMapLink":false,"_tribe_blocks_recurrence_rules":"","_tribe_blocks_recurrence_description":"","_tribe_blocks_recurrence_exclusions":"","_ecp_custom_2":"","_tribe_events_status":"","_tribe_events_status_reason":"","_tribe_events_is_hybrid":"","_tribe_events_is_virtual":"","_tribe_events_virtual_video_source":"","_tribe_events_virtual_embed_video":"","_tribe_events_virtual_linked_button_text":"","_tribe_events_virtual_linked_button":"","_tribe_events_virtual_show_embed_at":"","_tribe_events_virtual_show_embed_to":[],"_tribe_events_virtual_show_on_event":"","_tribe_events_virtual_show_on_views":"","_tribe_events_virtual_url":"","footnotes":""},"tags":[1363,8869,2865,9147,9146,16689,16692,1355,16688,16690,10228],"tribe_events_cat":[8963],"class_list":["post-30149","tribe_events","type-tribe_events","status-publish","has-post-thumbnail","hentry","tag-cafe-la-palma","tag-cafe-la-palma-2","tag-conciertos-cafe-la-palma","tag-conciertos-madrid","tag-conciertos-malasana","tag-emerge","tag-melancolic","tag-pop","tag-sienna","tag-tragico-y-fugaz","tag-trance","tribe_events_cat-concierto","cat_concierto"],"uagb_featured_image_src":{"full":["https:\/\/cafelapalma.com\/wp-content\/uploads\/2024\/12\/SIENNA-FRONTLOW-scaled.jpg",1500,3000,false],"thumbnail":["https:\/\/cafelapalma.com\/wp-content\/uploads\/2024\/12\/SIENNA-FRONTLOW-150x150.jpg",150,150,true],"medium":["https:\/\/cafelapalma.com\/wp-content\/uploads\/2024\/12\/SIENNA-FRONTLOW-150x300.jpg",150,300,true],"medium_large":["https:\/\/cafelapalma.com\/wp-content\/uploads\/2024\/12\/SIENNA-FRONTLOW-768x1536.jpg",768,1536,true],"large":["https:\/\/cafelapalma.com\/wp-content\/uploads\/2024\/12\/SIENNA-FRONTLOW-520x1040.jpg",520,1040,true],"1536x1536":["https:\/\/cafelapalma.com\/wp-content\/uploads\/2024\/12\/SIENNA-FRONTLOW-768x1536.jpg",768,1536,true],"2048x2048":["https:\/\/cafelapalma.com\/wp-content\/uploads\/2024\/12\/SIENNA-FRONTLOW-1024x2048.jpg",1024,2048,true],"trp-custom-language-flag":["https:\/\/cafelapalma.com\/wp-content\/uploads\/2024\/12\/SIENNA-FRONTLOW-scaled.jpg",6,12,false],"blossom-feminine-slider":["https:\/\/cafelapalma.com\/wp-content\/uploads\/2024\/12\/SIENNA-FRONTLOW-1913x649.jpg",1913,649,true],"blossom-feminine-featured":["https:\/\/cafelapalma.com\/wp-content\/uploads\/2024\/12\/SIENNA-FRONTLOW-1410x600.jpg",1410,600,true],"blossom-feminine-with-sidebar":["https:\/\/cafelapalma.com\/wp-content\/uploads\/2024\/12\/SIENNA-FRONTLOW-1020x600.jpg",1020,600,true],"blossom-feminine-blog":["https:\/\/cafelapalma.com\/wp-content\/uploads\/2024\/12\/SIENNA-FRONTLOW-435x435.jpg",435,435,true],"blossom-feminine-cat":["https:\/\/cafelapalma.com\/wp-content\/uploads\/2024\/12\/SIENNA-FRONTLOW-450x300.jpg",450,300,true],"blossom-feminine-related":["https:\/\/cafelapalma.com\/wp-content\/uploads\/2024\/12\/SIENNA-FRONTLOW-320x200.jpg",320,200,true],"blossom-feminine-schema":["https:\/\/cafelapalma.com\/wp-content\/uploads\/2024\/12\/SIENNA-FRONTLOW-30x60.jpg",30,60,true]},"uagb_author_info":{"display_name":"Victor","author_link":"https:\/\/cafelapalma.com\/en\/author\/comunicacion\/"},"uagb_comment_info":0,"uagb_excerpt":"SIENNA se ha convertido en uno de los proyectos m\u00e1s genuinos y aut\u00e9nticos de la escena pop alternativa. En 2017, el artista valenciano deslumbr\u00f3 a cr\u00edtica y p\u00fablico con su primer \u00e1lbum \u00abTr\u00e1gico y fugaz\u00bb; un s\u00f3lido debut en el que la l\u00edrica punzante y la cr\u00edtica social se convirtieron en el motor indiscutible de&hellip;","_links":{"self":[{"href":"https:\/\/cafelapalma.com\/en\/wp-json\/wp\/v2\/tribe_events\/30149","targetHints":{"allow":["GET"]}}],"collection":[{"href":"https:\/\/cafelapalma.com\/en\/wp-json\/wp\/v2\/tribe_events"}],"about":[{"href":"https:\/\/cafelapalma.com\/en\/wp-json\/wp\/v2\/types\/tribe_events"}],"author":[{"embeddable":true,"href":"https:\/\/cafelapalma.com\/en\/wp-json\/wp\/v2\/users\/2"}],"version-history":[{"count":0,"href":"https:\/\/cafelapalma.com\/en\/wp-json\/wp\/v2\/tribe_events\/30149\/revisions"}],"wp:featuredmedia":[{"embeddable":true,"href":"https:\/\/cafelapalma.com\/en\/wp-json\/wp\/v2\/media\/30153"}],"wp:attachment":[{"href":"https:\/\/cafelapalma.com\/en\/wp-json\/wp\/v2\/media?parent=30149"}],"wp:term":[{"taxonomy":"post_tag","embeddable":true,"href":"https:\/\/cafelapalma.com\/en\/wp-json\/wp\/v2\/tags?post=30149"},{"taxonomy":"tribe_events_cat","embeddable":true,"href":"https:\/\/cafelapalma.com\/en\/wp-json\/wp\/v2\/tribe_events_cat?post=30149"}],"curies":[{"name":"wp","href":"https:\/\/api.w.org\/{rel}","templated":true}]}}