{"id":30155,"date":"2024-12-27T10:21:10","date_gmt":"2024-12-27T09:21:10","guid":{"rendered":"https:\/\/cafelapalma.com\/?post_type=tribe_events&#038;p=30155"},"modified":"2025-01-07T11:34:58","modified_gmt":"2025-01-07T10:34:58","slug":"los-nikis-de-la-pradera-30-aniversario","status":"publish","type":"tribe_events","link":"https:\/\/cafelapalma.com\/en\/programacion\/los-nikis-de-la-pradera-30-aniversario\/","title":{"rendered":"LOS NIKIS DE LA PRADERA"},"content":{"rendered":"<div  class=\"tribe-events-schedule tribe-clearfix\" >\n\t<p class=\"tribe-events-schedule__datetime\">\n\t\t<span class=\"tribe-events-schedule__date tribe-events-schedule__date--start\">\n\t\t\t01  February  2025\t\t<\/span>\n\n\t\t\t\t\t<span class=\"tribe-events-schedule__separator tribe-events-schedule__separator--date\">\n\t\t\t\t@\t\t\t<\/span>\n\t\t\t<span class=\"tribe-events-schedule__time tribe-events-schedule__time--start\">\n\t\t\t\t22:00\t\t\t<\/span>\n\t\t\n\t\t\t\t\t\t\t\t\t<span class=\"tribe-events-schedule__separator tribe-events-schedule__separator--time\">\n\t\t\t\t\t&#8211;\t\t\t\t<\/span>\n\t\t\t\n\t\t\t\t\t\t\t<span class=\"tribe-events-schedule__time tribe-events-schedule__time--end\">\n\t\t\t\t\t23:45\t\t\t\t<\/span>\n\t\t\t\n\t\t\t\t\t\t<\/p>\n<\/div>\n\n\n<div  class=\"tribe-block tribe-block__event-price\" >\n\t\t\t<span class=\"tribe-block__event-price__cost\"> 15\u20ac <\/span>\n\t\t\t\t<span class=\"tribe-block__event-price__description\">+ gg Anticipada | 18\u20ac Taquilla<\/span>\n\t<\/div>\n\n\n\n<div style=\"height:100px\" aria-hidden=\"true\" class=\"wp-block-spacer\"><\/div>\n\n\n\n<div class=\"wp-block-columns is-layout-flex wp-container-core-columns-is-layout-8f761849 wp-block-columns-is-layout-flex\">\n<div class=\"wp-block-column is-layout-flow wp-block-column-is-layout-flow\" style=\"flex-basis:33.33%\">\n<figure class=\"wp-block-image size-large\"><img loading=\"lazy\" decoding=\"async\" width=\"740\" height=\"1040\" src=\"https:\/\/cafelapalma.com\/wp-content\/uploads\/2024\/12\/LOS-NIKIS-A3-RB-740x1040.jpg\" alt=\"\" class=\"wp-image-30275\" srcset=\"https:\/\/cafelapalma.com\/wp-content\/uploads\/2024\/12\/LOS-NIKIS-A3-RB-740x1040.jpg 740w, https:\/\/cafelapalma.com\/wp-content\/uploads\/2024\/12\/LOS-NIKIS-A3-RB-214x300.jpg 214w, https:\/\/cafelapalma.com\/wp-content\/uploads\/2024\/12\/LOS-NIKIS-A3-RB-768x1079.jpg 768w, https:\/\/cafelapalma.com\/wp-content\/uploads\/2024\/12\/LOS-NIKIS-A3-RB-1094x1536.jpg 1094w, https:\/\/cafelapalma.com\/wp-content\/uploads\/2024\/12\/LOS-NIKIS-A3-RB-1458x2048.jpg 1458w, https:\/\/cafelapalma.com\/wp-content\/uploads\/2024\/12\/LOS-NIKIS-A3-RB-43x60.jpg 43w\" sizes=\"auto, (max-width: 740px) 100vw, 740px\" \/><\/figure>\n\n\n<div  class=\"tribe-block tribe-block__event-website\" >\n\t<a\n\t\thref=\"https:\/\/www.passline.com\/eventos\/los-nikis-de-la-pradera-cafe-la-palma-30-aniv\"\n\t\ttarget=\"_self\"\n\t\t\t>\n\t\tBUY TICKETS\t<\/a>\n<\/div>\n<\/div>\n\n\n\n<div class=\"wp-block-column is-layout-flow wp-block-column-is-layout-flow\" style=\"flex-basis:66.66%\">\n<p class=\"wp-block-paragraph\"><\/p>\n\n\n\n<p class=\"has-text-align-left wp-block-paragraph\">Un d\u00eda caes en la cuenta de que tu discograf\u00eda es toda igual y de pronto das un giro demencial. Realmente es muy triste cuando ves que un grupo est\u00e1 traicionando a sus fans. \u00bfPor qu\u00e9 <strong>Los Nikis<\/strong> se convirtieron en <strong>Los Nikis de la Pradera<\/strong>? Sucedi\u00f3 un d\u00eda cuando iban tan tranquilos paseando por el campo. De pronto <em>\u00a1Bum! \u00a1Bum! \u00a1Bum!<\/em> Tres rel\u00e1mpagos de golpe y una aparici\u00f3n: un esp\u00edritu, una especie de holograma con la forma de <strong>Patsy Cline<\/strong>. A ella le bast\u00f3 con una frase para convertirlos: <em>\u201cTres acordes y la verdad\u201d<\/em>, que recitada lenta y solemnemente es capaz de convertir al country a cualquiera.<\/p>\n\n\n\n<p class=\"has-text-align-left wp-block-paragraph\">El caso es que <strong>Los Nikis de la Pradera<\/strong> son cinco: <strong>Arturo P\u00e9rez<\/strong>, <strong>Rafa Cabello<\/strong> y <strong>Joaqu\u00edn Rodr\u00edguez<\/strong> (<strong>Los Nikis<\/strong>), <strong>Mauro Canut<\/strong> (<strong>Los Vegetales<\/strong>, <strong>Intronautas <\/strong>y <strong>Los Acusicas<\/strong>) y <strong>Nacho Biosca<\/strong> (<strong>Ataque de Caspa<\/strong>).<\/p>\n\n\n\n<p class=\"has-text-align-left wp-block-paragraph\">Entre los cinco suman unos 300 a\u00f1os de edad. Disc\u00edpulos de los <strong>Ramones <\/strong>toda su vida, pero desde lo de los tres rel\u00e1mpagos se han pasado al country y han vendido su pedal de distorsi\u00f3n. B\u00e1sicamente manifiestan que su aburguesamiento es directamente proporcional al crecimiento de sus \u00cdndices de Masa Corporal.<\/p>\n\n\n\n<p class=\"has-text-align-left wp-block-paragraph\">Una de sus canciones estelares es la colaboraci\u00f3n con <strong>Carlotta Cosials <\/strong>\u2014<em>frontwoman <\/em>de <strong>Hinds<\/strong>\u2014en su canci\u00f3n <strong><em>\u00abMe dispar\u00f3 y me mor\u00ed\u00bb<\/em><\/strong>. \u00bfQu\u00e9 si la tocan en directo? Bueno, lo cierto es que no lo sabemos porque tampoco tocan mucho, pero ahora que lo har\u00e1n por el 30 Aniversario del <strong>CAFE LA PALMA<\/strong> creemos que la ocasi\u00f3n viene que ni pintada\u2026<\/p>\n\n\n\n<p class=\"has-text-align-right wp-block-paragraph\"><em><a href=\"https:\/\/open.spotify.com\/intl-es\/artist\/7b6c8J2aI2EbBLTBf0aUgM?si=RqwyEH1sRIqu3gsUYf1XKg\">Listen to <\/a><\/em><strong><a href=\"https:\/\/open.spotify.com\/intl-es\/artist\/7b6c8J2aI2EbBLTBf0aUgM?si=RqwyEH1sRIqu3gsUYf1XKg\">LOS NIKIS DE LA PRADERA<\/a><\/strong><em><a href=\"https:\/\/open.spotify.com\/intl-es\/artist\/7b6c8J2aI2EbBLTBf0aUgM?si=RqwyEH1sRIqu3gsUYf1XKg\"> in <\/a><\/em><strong><a href=\"https:\/\/open.spotify.com\/intl-es\/artist\/7b6c8J2aI2EbBLTBf0aUgM?si=RqwyEH1sRIqu3gsUYf1XKg\">Spotify<\/a><\/strong><\/p>\n<\/div>\n<\/div>\n\n\n\n<div style=\"height:100px\" aria-hidden=\"true\" class=\"wp-block-spacer\"><\/div>\n\n\n\n<hr class=\"wp-block-separator has-alpha-channel-opacity\"\/>\n\n\n\n<div style=\"height:100px\" aria-hidden=\"true\" class=\"wp-block-spacer\"><\/div>\n\n\n<h2 class=\"tribe-block__related-events__title\">Related Events<\/h2>\n\n<ul  class=\"tribe-related-events tribe-clearfix\" >\n\t\t\t<li>\n\t\n<div class=\"tribe-related-events-thumbnail\">\n\t<a href=\"https:\/\/cafelapalma.com\/en\/programacion\/funkin-donuts\/\" class=\"url\" rel=\"bookmark\" tabindex=\"-1\" aria-hidden=\"true\"><img loading=\"lazy\" decoding=\"async\" width=\"693\" height=\"1040\" src=\"https:\/\/cafelapalma.com\/wp-content\/uploads\/2026\/07\/FD-vert2-bn-693x1040.jpg\" class=\"attachment-large size-large wp-post-image\" alt=\"\" \/><\/a>\n<\/div>\n\t<div class=\"tribe-related-event-info\">\n\t<h3 class=\"tribe-related-events-title\">\n\t\t<a href=\"https:\/\/cafelapalma.com\/en\/programacion\/funkin-donuts\/\" class=\"tribe-event-url\" rel=\"bookmark\">\n\t\t\tFUNKIN&#8217; DONUTS\t\t<\/a>\n\t<\/h3>\n\t<span class=\"tribe-event-date-start\">5  September@22:00<\/span><span class=\"tribe-event-time\">23:45<\/span><\/div>\n<\/li>\n\t\t\t<li>\n\t\n<div class=\"tribe-related-events-thumbnail\">\n\t<a href=\"https:\/\/cafelapalma.com\/en\/programacion\/backstage-le-petit-truffle-mayo\/\" class=\"url\" rel=\"bookmark\" tabindex=\"-1\" aria-hidden=\"true\"><img loading=\"lazy\" decoding=\"async\" width=\"780\" height=\"1040\" src=\"https:\/\/cafelapalma.com\/wp-content\/uploads\/2026\/07\/Imagen-TruffleMayo-LePetit-i-1-780x1040.png\" class=\"attachment-large size-large wp-post-image\" alt=\"\" \/><\/a>\n<\/div>\n\t<div class=\"tribe-related-event-info\">\n\t<h3 class=\"tribe-related-events-title\">\n\t\t<a href=\"https:\/\/cafelapalma.com\/en\/programacion\/backstage-le-petit-truffle-mayo\/\" class=\"tribe-event-url\" rel=\"bookmark\">\n\t\t\tBACKSTAGE: LE PETIT + TRUFFLE MAYO\t\t<\/a>\n\t<\/h3>\n\t<span class=\"tribe-event-date-start\">5  September@23:55<\/span><\/div>\n<\/li>\n\t\t\t<li>\n\t\n<div class=\"tribe-related-events-thumbnail\">\n\t<a href=\"https:\/\/cafelapalma.com\/en\/programacion\/willie-deville-concierto-benefico-x-venezuela\/\" class=\"url\" rel=\"bookmark\" tabindex=\"-1\" aria-hidden=\"true\"><img loading=\"lazy\" decoding=\"async\" width=\"1020\" height=\"531\" src=\"https:\/\/cafelapalma.com\/wp-content\/uploads\/2026\/08\/Willie-deville-1100x572-1-1040x541.jpg\" class=\"attachment-large size-large wp-post-image\" alt=\"\" \/><\/a>\n<\/div>\n\t<div class=\"tribe-related-event-info\">\n\t<h3 class=\"tribe-related-events-title\">\n\t\t<a href=\"https:\/\/cafelapalma.com\/en\/programacion\/willie-deville-concierto-benefico-x-venezuela\/\" class=\"tribe-event-url\" rel=\"bookmark\">\n\t\t\tWILLIE DEVILLE: CONCIERTO BEN\u00c9FICO X VENEZUELA\t\t<\/a>\n\t<\/h3>\n\t<span class=\"tribe-event-date-start\">6  September@21:00<\/span><span class=\"tribe-event-time\">23:45<\/span><\/div>\n<\/li>\n\t<\/ul>","protected":false},"excerpt":{"rendered":"<p>Un d\u00eda caes en la cuenta de que tu discograf\u00eda es toda igual y de pronto das un giro demencial. Realmente es muy triste cuando ves que un grupo est\u00e1 traicionando a sus fans. \u00bfPor qu\u00e9 Los Nikis se convirtieron en Los Nikis de la Pradera? Sucedi\u00f3 un d\u00eda cuando iban tan tranquilos paseando por &hellip; <\/p>","protected":false},"author":2,"featured_media":30157,"template":"","meta":{"_tec_requires_first_save":false,"_uag_custom_page_level_css":"","loftloader_page_shortcode":"","_EventAllDay":false,"_EventTimezone":"Europe\/Madrid","_EventStartDate":"2025-02-01 22:00:00","_EventEndDate":"2025-02-01 23:45:00","_EventStartDateUTC":"2025-02-01 21:00:00","_EventEndDateUTC":"2025-02-01 22:45:00","_EventShowMap":false,"_EventShowMapLink":false,"_EventURL":"https:\/\/www.passline.com\/eventos\/los-nikis-de-la-pradera-cafe-la-palma-30-aniv","_EventCost":"15","_EventCostDescription":"","_EventCurrencySymbol":"\u20ac","_EventCurrencyCode":"USD","_EventCurrencyPosition":"suffix","_EventDateTimeSeparator":"@","_EventTimeRangeSeparator":"-","_EventOrganizerID":[],"_EventVenueID":[],"_OrganizerEmail":"","_OrganizerPhone":"","_OrganizerWebsite":"","_VenueAddress":"","_VenueCity":"","_VenueCountry":"","_VenueProvince":"","_VenueState":"","_VenueZip":"","_VenuePhone":"","_VenueURL":"","_VenueStateProvince":"","_VenueLat":"","_VenueLng":"","_VenueShowMap":false,"_VenueShowMapLink":false,"_tribe_blocks_recurrence_rules":"","_tribe_blocks_recurrence_description":"","_tribe_blocks_recurrence_exclusions":"","_ecp_custom_2":"","_tribe_events_status":"","_tribe_events_status_reason":"","_tribe_events_is_hybrid":"","_tribe_events_is_virtual":"","_tribe_events_virtual_video_source":"","_tribe_events_virtual_embed_video":"","_tribe_events_virtual_linked_button_text":"","_tribe_events_virtual_linked_button":"","_tribe_events_virtual_show_embed_at":"","_tribe_events_virtual_show_embed_to":[],"_tribe_events_virtual_show_on_event":"","_tribe_events_virtual_show_on_views":"","_tribe_events_virtual_url":"","footnotes":""},"tags":[13620,15926,9710,1363,8869,16638,10079,2865,9147,9146,10581,10321,13594,11188,16699,16696,16698,16693,16694,16697,16701,16700,16695],"tribe_events_cat":[8963],"class_list":["post-30155","tribe_events","type-tribe_events","status-publish","has-post-thumbnail","hentry","tag-arturo-perez","tag-ataque-de-caspa","tag-blues","tag-cafe-la-palma","tag-cafe-la-palma-2","tag-cafe-la-palma-30-aniv","tag-carlotta-cosials","tag-conciertos-cafe-la-palma","tag-conciertos-madrid","tag-conciertos-malasana","tag-country","tag-el-volcan","tag-el-volcan-musica","tag-hinds","tag-intronautas","tag-joaquin-rodriguez","tag-los-acusicas","tag-los-nikis","tag-los-nikis-de-la-pradera","tag-mauro-canut","tag-me-disparo-y-me-mori","tag-nacho-biosca","tag-rafa-cabello","tribe_events_cat-concierto","cat_concierto"],"uagb_featured_image_src":{"full":["https:\/\/cafelapalma.com\/wp-content\/uploads\/2024\/12\/LNDLP-FRONTLOW.jpg",3000,3000,false],"thumbnail":["https:\/\/cafelapalma.com\/wp-content\/uploads\/2024\/12\/LNDLP-FRONTLOW-150x150.jpg",150,150,true],"medium":["https:\/\/cafelapalma.com\/wp-content\/uploads\/2024\/12\/LNDLP-FRONTLOW-300x300.jpg",300,300,true],"medium_large":["https:\/\/cafelapalma.com\/wp-content\/uploads\/2024\/12\/LNDLP-FRONTLOW-768x768.jpg",768,768,true],"large":["https:\/\/cafelapalma.com\/wp-content\/uploads\/2024\/12\/LNDLP-FRONTLOW-1040x1040.jpg",1020,1020,true],"1536x1536":["https:\/\/cafelapalma.com\/wp-content\/uploads\/2024\/12\/LNDLP-FRONTLOW-1536x1536.jpg",1536,1536,true],"2048x2048":["https:\/\/cafelapalma.com\/wp-content\/uploads\/2024\/12\/LNDLP-FRONTLOW-2048x2048.jpg",2048,2048,true],"trp-custom-language-flag":["https:\/\/cafelapalma.com\/wp-content\/uploads\/2024\/12\/LNDLP-FRONTLOW.jpg",12,12,false],"blossom-feminine-slider":["https:\/\/cafelapalma.com\/wp-content\/uploads\/2024\/12\/LNDLP-FRONTLOW-1920x649.jpg",1920,649,true],"blossom-feminine-featured":["https:\/\/cafelapalma.com\/wp-content\/uploads\/2024\/12\/LNDLP-FRONTLOW-1410x600.jpg",1410,600,true],"blossom-feminine-with-sidebar":["https:\/\/cafelapalma.com\/wp-content\/uploads\/2024\/12\/LNDLP-FRONTLOW-1020x600.jpg",1020,600,true],"blossom-feminine-blog":["https:\/\/cafelapalma.com\/wp-content\/uploads\/2024\/12\/LNDLP-FRONTLOW-435x435.jpg",435,435,true],"blossom-feminine-cat":["https:\/\/cafelapalma.com\/wp-content\/uploads\/2024\/12\/LNDLP-FRONTLOW-450x300.jpg",450,300,true],"blossom-feminine-related":["https:\/\/cafelapalma.com\/wp-content\/uploads\/2024\/12\/LNDLP-FRONTLOW-320x200.jpg",320,200,true],"blossom-feminine-schema":["https:\/\/cafelapalma.com\/wp-content\/uploads\/2024\/12\/LNDLP-FRONTLOW-60x60.jpg",60,60,true]},"uagb_author_info":{"display_name":"Victor","author_link":"https:\/\/cafelapalma.com\/en\/author\/comunicacion\/"},"uagb_comment_info":0,"uagb_excerpt":"Un d\u00eda caes en la cuenta de que tu discograf\u00eda es toda igual y de pronto das un giro demencial. Realmente es muy triste cuando ves que un grupo est\u00e1 traicionando a sus fans. \u00bfPor qu\u00e9 Los Nikis se convirtieron en Los Nikis de la Pradera? Sucedi\u00f3 un d\u00eda cuando iban tan tranquilos paseando por&hellip;","_links":{"self":[{"href":"https:\/\/cafelapalma.com\/en\/wp-json\/wp\/v2\/tribe_events\/30155","targetHints":{"allow":["GET"]}}],"collection":[{"href":"https:\/\/cafelapalma.com\/en\/wp-json\/wp\/v2\/tribe_events"}],"about":[{"href":"https:\/\/cafelapalma.com\/en\/wp-json\/wp\/v2\/types\/tribe_events"}],"author":[{"embeddable":true,"href":"https:\/\/cafelapalma.com\/en\/wp-json\/wp\/v2\/users\/2"}],"version-history":[{"count":0,"href":"https:\/\/cafelapalma.com\/en\/wp-json\/wp\/v2\/tribe_events\/30155\/revisions"}],"wp:featuredmedia":[{"embeddable":true,"href":"https:\/\/cafelapalma.com\/en\/wp-json\/wp\/v2\/media\/30157"}],"wp:attachment":[{"href":"https:\/\/cafelapalma.com\/en\/wp-json\/wp\/v2\/media?parent=30155"}],"wp:term":[{"taxonomy":"post_tag","embeddable":true,"href":"https:\/\/cafelapalma.com\/en\/wp-json\/wp\/v2\/tags?post=30155"},{"taxonomy":"tribe_events_cat","embeddable":true,"href":"https:\/\/cafelapalma.com\/en\/wp-json\/wp\/v2\/tribe_events_cat?post=30155"}],"curies":[{"name":"wp","href":"https:\/\/api.w.org\/{rel}","templated":true}]}}