{"id":30160,"date":"2024-12-27T10:32:54","date_gmt":"2024-12-27T09:32:54","guid":{"rendered":"https:\/\/cafelapalma.com\/?post_type=tribe_events&#038;p=30160"},"modified":"2024-12-27T19:45:28","modified_gmt":"2024-12-27T18:45:28","slug":"ivan-y-amaro-ferreiro-30-aniversario-18-febrero","status":"publish","type":"tribe_events","link":"https:\/\/cafelapalma.com\/en\/programacion\/ivan-y-amaro-ferreiro-30-aniversario-18-febrero\/","title":{"rendered":"IVAN Y AMARO FERREIRO"},"content":{"rendered":"<div  class=\"tribe-events-schedule tribe-clearfix\" >\n\t<p class=\"tribe-events-schedule__datetime\">\n\t\t<span class=\"tribe-events-schedule__date tribe-events-schedule__date--start\">\n\t\t\t18  February  2025\t\t<\/span>\n\n\t\t\t\t\t<span class=\"tribe-events-schedule__separator tribe-events-schedule__separator--date\">\n\t\t\t\t@\t\t\t<\/span>\n\t\t\t<span class=\"tribe-events-schedule__time tribe-events-schedule__time--start\">\n\t\t\t\t21:00\t\t\t<\/span>\n\t\t\n\t\t\t\t\t\t\t\t\t<span class=\"tribe-events-schedule__separator tribe-events-schedule__separator--time\">\n\t\t\t\t\t&#8211;\t\t\t\t<\/span>\n\t\t\t\n\t\t\t\t\t\t\t<span class=\"tribe-events-schedule__time tribe-events-schedule__time--end\">\n\t\t\t\t\t23:00\t\t\t\t<\/span>\n\t\t\t\n\t\t\t\t\t\t<\/p>\n<\/div>\n\n\n<div  class=\"tribe-block tribe-block__event-price\" >\n\t\t\t<span class=\"tribe-block__event-price__cost\"> ENTRADAS AGOTADAS <\/span>\n\t\t\t\t<span class=\"tribe-block__event-price__description\">#soldout<\/span>\n\t<\/div>\n\n\n\n<div style=\"height:100px\" aria-hidden=\"true\" class=\"wp-block-spacer\"><\/div>\n\n\n\n<div class=\"wp-block-columns is-layout-flex wp-container-core-columns-is-layout-8f761849 wp-block-columns-is-layout-flex\">\n<div class=\"wp-block-column is-layout-flow wp-block-column-is-layout-flow\" style=\"flex-basis:33.33%\">\n<figure class=\"wp-block-image size-large\"><img loading=\"lazy\" decoding=\"async\" width=\"735\" height=\"1040\" src=\"https:\/\/cafelapalma.com\/wp-content\/uploads\/2024\/12\/La_Palma_30_Aniversario_A3_Ivan_Amaro_Ferreiro_LOW-735x1040.jpg\" alt=\"\" class=\"wp-image-30161\" srcset=\"https:\/\/cafelapalma.com\/wp-content\/uploads\/2024\/12\/La_Palma_30_Aniversario_A3_Ivan_Amaro_Ferreiro_LOW-735x1040.jpg 735w, https:\/\/cafelapalma.com\/wp-content\/uploads\/2024\/12\/La_Palma_30_Aniversario_A3_Ivan_Amaro_Ferreiro_LOW-212x300.jpg 212w, https:\/\/cafelapalma.com\/wp-content\/uploads\/2024\/12\/La_Palma_30_Aniversario_A3_Ivan_Amaro_Ferreiro_LOW-768x1086.jpg 768w, https:\/\/cafelapalma.com\/wp-content\/uploads\/2024\/12\/La_Palma_30_Aniversario_A3_Ivan_Amaro_Ferreiro_LOW-1086x1536.jpg 1086w, https:\/\/cafelapalma.com\/wp-content\/uploads\/2024\/12\/La_Palma_30_Aniversario_A3_Ivan_Amaro_Ferreiro_LOW-1448x2048.jpg 1448w, https:\/\/cafelapalma.com\/wp-content\/uploads\/2024\/12\/La_Palma_30_Aniversario_A3_Ivan_Amaro_Ferreiro_LOW-42x60.jpg 42w, https:\/\/cafelapalma.com\/wp-content\/uploads\/2024\/12\/La_Palma_30_Aniversario_A3_Ivan_Amaro_Ferreiro_LOW.jpg 1754w\" sizes=\"auto, (max-width: 735px) 100vw, 735px\" \/><\/figure>\n<\/div>\n\n\n\n<div class=\"wp-block-column is-layout-flow wp-block-column-is-layout-flow\" style=\"flex-basis:66.66%\">\n<div style=\"height:100px\" aria-hidden=\"true\" class=\"wp-block-spacer\"><\/div>\n\n\n\n<p class=\"has-text-align-left wp-block-paragraph\"><strong>Iv\u00e1n Ferreiro<\/strong> fue durante 13 a\u00f1os l\u00edder, cantante y principal compositor del reconocido grupo <strong>Los Piratas <\/strong>con el que lanzaron 12 \u00e1lbumes y crearon una gran estela musical que todav\u00eda se venera. Despu\u00e9s de separarse de <strong>Los Piratas<\/strong> a finales del 2003, <strong>Iv\u00e1n <\/strong>decidi\u00f3 continuar en el mundo de la m\u00fasica junto a su hermano <strong>Amaro<\/strong>, presentando un ecl\u00e9ctico show: <strong>Rai Doriva<\/strong> y <strong>As Ferreiro<\/strong>.<\/p>\n\n\n\n<p class=\"has-text-align-left wp-block-paragraph\">Pero ha llovido much\u00edsimo desde entonces. Consolidados como full band, <strong>Ivan <\/strong>y <strong>Amaro <\/strong>han ido recorriendo <strong>Espa\u00f1a<\/strong>, pero tambi\u00e9n algunos pa\u00edses de <strong>Latinoam\u00e9rica <\/strong>como <strong>M\u00e9xico<\/strong>, <strong>Argentina<\/strong>\u2026<\/p>\n\n\n\n<p class=\"has-text-align-left wp-block-paragraph\">En 2023 lleg\u00f3 <strong><em>\u201cTrinchera Pop\u201d<\/em><\/strong>, su nuevo \u00e1lbum que fue N\u00ba 1 en la lista de Vinilos y #3 en lista de ventas. Un disco que conforma con canciones como <strong><em>\u201cEn el alambre\u201d<\/em><\/strong> y <em><strong>\u201cLa humanidad y la tierra\u201d<\/strong><\/em>. Tras agotar el <strong>WiZkink <\/strong>en enero de 2024, <strong>Iv\u00e1n <\/strong>se lanzaba a una gira imparable de festivales en 2024 como calentamiento de los conciertos en salas que estar\u00e1 presentando en su gira <strong><em>\u201cTrinchera Pop\u201d<\/em><\/strong>, que les llevar\u00e1 a recalar en <strong>CAFE LA PALMA<\/strong> con motivo del 30 Aniversario de la emblem\u00e1tica sala.<\/p>\n<\/div>\n<\/div>\n\n\n\n<div style=\"height:100px\" aria-hidden=\"true\" class=\"wp-block-spacer\"><\/div>\n\n\n\n<hr class=\"wp-block-separator has-alpha-channel-opacity\"\/>\n\n\n\n<div style=\"height:100px\" aria-hidden=\"true\" class=\"wp-block-spacer\"><\/div>\n\n\n<h2 class=\"tribe-block__related-events__title\">Related Events<\/h2>\n\n<ul  class=\"tribe-related-events tribe-clearfix\" >\n\t\t\t<li>\n\t\n<div class=\"tribe-related-events-thumbnail\">\n\t<a href=\"https:\/\/cafelapalma.com\/en\/programacion\/funkin-donuts\/\" class=\"url\" rel=\"bookmark\" tabindex=\"-1\" aria-hidden=\"true\"><img loading=\"lazy\" decoding=\"async\" width=\"693\" height=\"1040\" src=\"https:\/\/cafelapalma.com\/wp-content\/uploads\/2026\/07\/FD-vert2-bn-693x1040.jpg\" class=\"attachment-large size-large wp-post-image\" alt=\"\" \/><\/a>\n<\/div>\n\t<div class=\"tribe-related-event-info\">\n\t<h3 class=\"tribe-related-events-title\">\n\t\t<a href=\"https:\/\/cafelapalma.com\/en\/programacion\/funkin-donuts\/\" class=\"tribe-event-url\" rel=\"bookmark\">\n\t\t\tFUNKIN&#8217; DONUTS\t\t<\/a>\n\t<\/h3>\n\t<span class=\"tribe-event-date-start\">5  September@22:00<\/span><span class=\"tribe-event-time\">23:45<\/span><\/div>\n<\/li>\n\t\t\t<li>\n\t\n<div class=\"tribe-related-events-thumbnail\">\n\t<a href=\"https:\/\/cafelapalma.com\/en\/programacion\/backstage-le-petit-truffle-mayo\/\" class=\"url\" rel=\"bookmark\" tabindex=\"-1\" aria-hidden=\"true\"><img loading=\"lazy\" decoding=\"async\" width=\"780\" height=\"1040\" src=\"https:\/\/cafelapalma.com\/wp-content\/uploads\/2026\/07\/Imagen-TruffleMayo-LePetit-i-1-780x1040.png\" class=\"attachment-large size-large wp-post-image\" alt=\"\" \/><\/a>\n<\/div>\n\t<div class=\"tribe-related-event-info\">\n\t<h3 class=\"tribe-related-events-title\">\n\t\t<a href=\"https:\/\/cafelapalma.com\/en\/programacion\/backstage-le-petit-truffle-mayo\/\" class=\"tribe-event-url\" rel=\"bookmark\">\n\t\t\tBACKSTAGE: LE PETIT + TRUFFLE MAYO\t\t<\/a>\n\t<\/h3>\n\t<span class=\"tribe-event-date-start\">5  September@23:55<\/span><\/div>\n<\/li>\n\t\t\t<li>\n\t\n<div class=\"tribe-related-events-thumbnail\">\n\t<a href=\"https:\/\/cafelapalma.com\/en\/programacion\/willie-deville-concierto-benefico-x-venezuela\/\" class=\"url\" rel=\"bookmark\" tabindex=\"-1\" aria-hidden=\"true\"><img loading=\"lazy\" decoding=\"async\" width=\"1020\" height=\"531\" src=\"https:\/\/cafelapalma.com\/wp-content\/uploads\/2026\/08\/Willie-deville-1100x572-1-1040x541.jpg\" class=\"attachment-large size-large wp-post-image\" alt=\"\" \/><\/a>\n<\/div>\n\t<div class=\"tribe-related-event-info\">\n\t<h3 class=\"tribe-related-events-title\">\n\t\t<a href=\"https:\/\/cafelapalma.com\/en\/programacion\/willie-deville-concierto-benefico-x-venezuela\/\" class=\"tribe-event-url\" rel=\"bookmark\">\n\t\t\tWILLIE DEVILLE: CONCIERTO BEN\u00c9FICO X VENEZUELA\t\t<\/a>\n\t<\/h3>\n\t<span class=\"tribe-event-date-start\">6  September@21:00<\/span><span class=\"tribe-event-time\">23:45<\/span><\/div>\n<\/li>\n\t<\/ul>","protected":false},"excerpt":{"rendered":"<p>Iv\u00e1n Ferreiro fue durante 13 a\u00f1os l\u00edder, cantante y principal compositor del reconocido grupo Los Piratas con el que lanzaron 12 \u00e1lbumes y crearon una gran estela musical que todav\u00eda se venera. Despu\u00e9s de separarse de Los Piratas a finales del 2003, Iv\u00e1n decidi\u00f3 continuar en el mundo de la m\u00fasica junto a su hermano &hellip; <\/p>","protected":false},"author":2,"featured_media":30162,"template":"","meta":{"_tec_requires_first_save":false,"_uag_custom_page_level_css":"","loftloader_page_shortcode":"","_EventAllDay":false,"_EventTimezone":"Europe\/Madrid","_EventStartDate":"2025-02-18 21:00:00","_EventEndDate":"2025-02-18 23:00:00","_EventStartDateUTC":"2025-02-18 20:00:00","_EventEndDateUTC":"2025-02-18 22:00:00","_EventShowMap":false,"_EventShowMapLink":false,"_EventURL":"https:\/\/www.passline.com\/eventos\/ivan-y-amaro-ferreiro-cafe-la-palma-30-aniv-martes-18-febrero","_EventCost":"ENTRADAS AGOTADAS","_EventCostDescription":"","_EventCurrencySymbol":"\u20ac","_EventCurrencyCode":"USD","_EventCurrencyPosition":"suffix","_EventDateTimeSeparator":"@","_EventTimeRangeSeparator":"-","_EventOrganizerID":[],"_EventVenueID":[],"_OrganizerEmail":"","_OrganizerPhone":"","_OrganizerWebsite":"","_VenueAddress":"","_VenueCity":"","_VenueCountry":"","_VenueProvince":"","_VenueState":"","_VenueZip":"","_VenuePhone":"","_VenueURL":"","_VenueStateProvince":"","_VenueLat":"","_VenueLng":"","_VenueShowMap":false,"_VenueShowMapLink":false,"_tribe_blocks_recurrence_rules":"","_tribe_blocks_recurrence_description":"","_tribe_blocks_recurrence_exclusions":"","_ecp_custom_2":"","_tribe_events_status":"","_tribe_events_status_reason":"","_tribe_events_is_hybrid":"","_tribe_events_is_virtual":"","_tribe_events_virtual_video_source":"","_tribe_events_virtual_embed_video":"","_tribe_events_virtual_linked_button_text":"","_tribe_events_virtual_linked_button":"","_tribe_events_virtual_show_embed_at":"","_tribe_events_virtual_show_embed_to":[],"_tribe_events_virtual_show_on_event":"","_tribe_events_virtual_show_on_views":"","_tribe_events_virtual_url":"","footnotes":""},"tags":[10458,1363,8869,2865,9147,9146,8970,10461,16702,16703,1355,16704],"tribe_events_cat":[8963],"class_list":["post-30160","tribe_events","type-tribe_events","status-publish","has-post-thumbnail","hentry","tag-amaro-ferreiro","tag-cafe-la-palma","tag-cafe-la-palma-2","tag-conciertos-cafe-la-palma","tag-conciertos-madrid","tag-conciertos-malasana","tag-indie","tag-ivan-ferreiro","tag-ivan-ferreiro-2","tag-los-piratas","tag-pop","tag-trinchera-pop","tribe_events_cat-concierto","cat_concierto"],"uagb_featured_image_src":{"full":["https:\/\/cafelapalma.com\/wp-content\/uploads\/2024\/12\/FERREIRO2.jpg",1066,1600,false],"thumbnail":["https:\/\/cafelapalma.com\/wp-content\/uploads\/2024\/12\/FERREIRO2-150x150.jpg",150,150,true],"medium":["https:\/\/cafelapalma.com\/wp-content\/uploads\/2024\/12\/FERREIRO2-200x300.jpg",200,300,true],"medium_large":["https:\/\/cafelapalma.com\/wp-content\/uploads\/2024\/12\/FERREIRO2-768x1153.jpg",768,1153,true],"large":["https:\/\/cafelapalma.com\/wp-content\/uploads\/2024\/12\/FERREIRO2-693x1040.jpg",693,1040,true],"1536x1536":["https:\/\/cafelapalma.com\/wp-content\/uploads\/2024\/12\/FERREIRO2-1023x1536.jpg",1023,1536,true],"2048x2048":["https:\/\/cafelapalma.com\/wp-content\/uploads\/2024\/12\/FERREIRO2.jpg",1066,1600,false],"trp-custom-language-flag":["https:\/\/cafelapalma.com\/wp-content\/uploads\/2024\/12\/FERREIRO2.jpg",8,12,false],"blossom-feminine-slider":["https:\/\/cafelapalma.com\/wp-content\/uploads\/2024\/12\/FERREIRO2-1066x649.jpg",1066,649,true],"blossom-feminine-featured":["https:\/\/cafelapalma.com\/wp-content\/uploads\/2024\/12\/FERREIRO2-1066x600.jpg",1066,600,true],"blossom-feminine-with-sidebar":["https:\/\/cafelapalma.com\/wp-content\/uploads\/2024\/12\/FERREIRO2-1020x600.jpg",1020,600,true],"blossom-feminine-blog":["https:\/\/cafelapalma.com\/wp-content\/uploads\/2024\/12\/FERREIRO2-435x435.jpg",435,435,true],"blossom-feminine-cat":["https:\/\/cafelapalma.com\/wp-content\/uploads\/2024\/12\/FERREIRO2-450x300.jpg",450,300,true],"blossom-feminine-related":["https:\/\/cafelapalma.com\/wp-content\/uploads\/2024\/12\/FERREIRO2-320x200.jpg",320,200,true],"blossom-feminine-schema":["https:\/\/cafelapalma.com\/wp-content\/uploads\/2024\/12\/FERREIRO2-40x60.jpg",40,60,true]},"uagb_author_info":{"display_name":"Victor","author_link":"https:\/\/cafelapalma.com\/en\/author\/comunicacion\/"},"uagb_comment_info":0,"uagb_excerpt":"Iv\u00e1n Ferreiro fue durante 13 a\u00f1os l\u00edder, cantante y principal compositor del reconocido grupo Los Piratas con el que lanzaron 12 \u00e1lbumes y crearon una gran estela musical que todav\u00eda se venera. Despu\u00e9s de separarse de Los Piratas a finales del 2003, Iv\u00e1n decidi\u00f3 continuar en el mundo de la m\u00fasica junto a su hermano&hellip;","_links":{"self":[{"href":"https:\/\/cafelapalma.com\/en\/wp-json\/wp\/v2\/tribe_events\/30160","targetHints":{"allow":["GET"]}}],"collection":[{"href":"https:\/\/cafelapalma.com\/en\/wp-json\/wp\/v2\/tribe_events"}],"about":[{"href":"https:\/\/cafelapalma.com\/en\/wp-json\/wp\/v2\/types\/tribe_events"}],"author":[{"embeddable":true,"href":"https:\/\/cafelapalma.com\/en\/wp-json\/wp\/v2\/users\/2"}],"version-history":[{"count":0,"href":"https:\/\/cafelapalma.com\/en\/wp-json\/wp\/v2\/tribe_events\/30160\/revisions"}],"wp:featuredmedia":[{"embeddable":true,"href":"https:\/\/cafelapalma.com\/en\/wp-json\/wp\/v2\/media\/30162"}],"wp:attachment":[{"href":"https:\/\/cafelapalma.com\/en\/wp-json\/wp\/v2\/media?parent=30160"}],"wp:term":[{"taxonomy":"post_tag","embeddable":true,"href":"https:\/\/cafelapalma.com\/en\/wp-json\/wp\/v2\/tags?post=30160"},{"taxonomy":"tribe_events_cat","embeddable":true,"href":"https:\/\/cafelapalma.com\/en\/wp-json\/wp\/v2\/tribe_events_cat?post=30160"}],"curies":[{"name":"wp","href":"https:\/\/api.w.org\/{rel}","templated":true}]}}