{"id":30172,"date":"2024-12-27T10:53:19","date_gmt":"2024-12-27T09:53:19","guid":{"rendered":"https:\/\/cafelapalma.com\/?post_type=tribe_events&#038;p=30172"},"modified":"2024-12-27T10:53:21","modified_gmt":"2024-12-27T09:53:21","slug":"yoghourt-daze-30-aniversario","status":"publish","type":"tribe_events","link":"https:\/\/cafelapalma.com\/en\/programacion\/yoghourt-daze-30-aniversario\/","title":{"rendered":"YOGHOURT DAZE"},"content":{"rendered":"<div  class=\"tribe-events-schedule tribe-clearfix\" >\n\t<p class=\"tribe-events-schedule__datetime\">\n\t\t<span class=\"tribe-events-schedule__date tribe-events-schedule__date--start\">\n\t\t\t28  February  2025\t\t<\/span>\n\n\t\t\t\t\t<span class=\"tribe-events-schedule__separator tribe-events-schedule__separator--date\">\n\t\t\t\t@\t\t\t<\/span>\n\t\t\t<span class=\"tribe-events-schedule__time tribe-events-schedule__time--start\">\n\t\t\t\t22:00\t\t\t<\/span>\n\t\t\n\t\t\t\t\t\t\t\t\t<span class=\"tribe-events-schedule__separator tribe-events-schedule__separator--time\">\n\t\t\t\t\t&#8211;\t\t\t\t<\/span>\n\t\t\t\n\t\t\t\t\t\t\t<span class=\"tribe-events-schedule__time tribe-events-schedule__time--end\">\n\t\t\t\t\t23:30\t\t\t\t<\/span>\n\t\t\t\n\t\t\t\t\t\t<\/p>\n<\/div>\n\n\n<div  class=\"tribe-block tribe-block__event-price\" >\n\t\t\t<span class=\"tribe-block__event-price__cost\"> 10\u20ac <\/span>\n\t\t\t\t<span class=\"tribe-block__event-price__description\">+ gg Anticipada | 12\u20ac Taquilla<\/span>\n\t<\/div>\n\n\n\n<div style=\"height:100px\" aria-hidden=\"true\" class=\"wp-block-spacer\"><\/div>\n\n\n\n<div class=\"wp-block-columns is-layout-flex wp-container-core-columns-is-layout-8f761849 wp-block-columns-is-layout-flex\">\n<div class=\"wp-block-column is-layout-flow wp-block-column-is-layout-flow\" style=\"flex-basis:33.33%\">\n<figure class=\"wp-block-image size-large\"><img loading=\"lazy\" decoding=\"async\" width=\"585\" height=\"1040\" src=\"https:\/\/cafelapalma.com\/wp-content\/uploads\/2024\/12\/YDAZE-1920-x-1080-585x1040.jpg\" alt=\"\" class=\"wp-image-30173\" srcset=\"https:\/\/cafelapalma.com\/wp-content\/uploads\/2024\/12\/YDAZE-1920-x-1080-585x1040.jpg 585w, https:\/\/cafelapalma.com\/wp-content\/uploads\/2024\/12\/YDAZE-1920-x-1080-169x300.jpg 169w, https:\/\/cafelapalma.com\/wp-content\/uploads\/2024\/12\/YDAZE-1920-x-1080-768x1365.jpg 768w, https:\/\/cafelapalma.com\/wp-content\/uploads\/2024\/12\/YDAZE-1920-x-1080-864x1536.jpg 864w, https:\/\/cafelapalma.com\/wp-content\/uploads\/2024\/12\/YDAZE-1920-x-1080-34x60.jpg 34w, https:\/\/cafelapalma.com\/wp-content\/uploads\/2024\/12\/YDAZE-1920-x-1080.jpg 1080w\" sizes=\"auto, (max-width: 585px) 100vw, 585px\" \/><\/figure>\n\n\n<div  class=\"tribe-block tribe-block__event-website\" >\n\t<a\n\t\thref=\"https:\/\/www.passline.com\/eventos\/yoghourt-daze-cafe-la-palma-30-aniv\"\n\t\ttarget=\"_self\"\n\t\t\t>\n\t\tBUY TICKETS\t<\/a>\n<\/div>\n<\/div>\n\n\n\n<div class=\"wp-block-column is-layout-flow wp-block-column-is-layout-flow\" style=\"flex-basis:66.66%\">\n<div style=\"height:100px\" aria-hidden=\"true\" class=\"wp-block-spacer\"><\/div>\n\n\n\n<p class=\"has-text-align-left wp-block-paragraph\"><strong>YOGHOURT DAZE<\/strong> se re\u00fanen de nuevo para sumarse al Aniversario de <strong>CAFE LA PALMA<\/strong>. Un 30 Aniversario que pr\u00e1cticamente coincide con la formaci\u00f3n del tr\u00edo madrile\u00f1o all\u00e1 por 1993, convirti\u00e9ndose en uno de los principales exponentes del grunge\/rock espa\u00f1ol de finales de los &#8217;90 y principios de los &#8217;00 con varias actuaciones durante su trayectoria en el mismo escenario al que se volver\u00e1n a subir el 28 de Febrero.<\/p>\n\n\n\n<p class=\"has-text-align-left wp-block-paragraph\">La formaci\u00f3n del barrio de la <strong>Alameda de Osuna<\/strong> viaj\u00f3 casi inmediatamente tras su formaci\u00f3n a <strong>Inglaterra <\/strong>(<strong>Londres <\/strong>y <strong>Brighton<\/strong>) donde ganaron el concurso <strong>Battle Of The Bands<\/strong> del Sur de <strong>Inglaterra<\/strong> y llegaron a perticipar en el <strong>Festival de Glastonbury <\/strong>de 1995\u2026<\/p>\n\n\n\n<p class=\"has-text-align-left wp-block-paragraph\">En 1996 regresan a <strong>Espa\u00f1a<\/strong> y adem\u00e1s de participar en las primeras ediciones del <strong>Festimad<\/strong>, <strong>Doctor Music<\/strong>, empiezan con su discograf\u00eda que les ha llevado a publicar tres \u00e1lbumes de estudio y varios sencillos.<\/p>\n\n\n\n<p class=\"has-text-align-right wp-block-paragraph\"><em><a href=\"https:\/\/open.spotify.com\/intl-es\/artist\/1SNVotj09Ec7wrP3m1z9nx?si=K_2t54KgRKmymL3muCr7iQ\">Listen to <\/a><\/em><strong><a href=\"https:\/\/open.spotify.com\/intl-es\/artist\/1SNVotj09Ec7wrP3m1z9nx?si=K_2t54KgRKmymL3muCr7iQ\">YOGHOURT DAZE<\/a><\/strong><em><a href=\"https:\/\/open.spotify.com\/intl-es\/artist\/1SNVotj09Ec7wrP3m1z9nx?si=K_2t54KgRKmymL3muCr7iQ\"> in <\/a><\/em><strong><a href=\"https:\/\/open.spotify.com\/intl-es\/artist\/1SNVotj09Ec7wrP3m1z9nx?si=K_2t54KgRKmymL3muCr7iQ\">Spotify<\/a><\/strong><\/p>\n<\/div>\n<\/div>\n\n\n\n<div style=\"height:100px\" aria-hidden=\"true\" class=\"wp-block-spacer\"><\/div>\n\n\n\n<hr class=\"wp-block-separator has-alpha-channel-opacity\"\/>\n\n\n\n<div style=\"height:100px\" aria-hidden=\"true\" class=\"wp-block-spacer\"><\/div>\n\n\n<h2 class=\"tribe-block__related-events__title\">Related Events<\/h2>\n\n<ul  class=\"tribe-related-events tribe-clearfix\" >\n\t\t\t<li>\n\t\n<div class=\"tribe-related-events-thumbnail\">\n\t<a href=\"https:\/\/cafelapalma.com\/en\/programacion\/funkin-donuts\/\" class=\"url\" rel=\"bookmark\" tabindex=\"-1\" aria-hidden=\"true\"><img loading=\"lazy\" decoding=\"async\" width=\"693\" height=\"1040\" src=\"https:\/\/cafelapalma.com\/wp-content\/uploads\/2026\/07\/FD-vert2-bn-693x1040.jpg\" class=\"attachment-large size-large wp-post-image\" alt=\"\" \/><\/a>\n<\/div>\n\t<div class=\"tribe-related-event-info\">\n\t<h3 class=\"tribe-related-events-title\">\n\t\t<a href=\"https:\/\/cafelapalma.com\/en\/programacion\/funkin-donuts\/\" class=\"tribe-event-url\" rel=\"bookmark\">\n\t\t\tFUNKIN&#8217; DONUTS\t\t<\/a>\n\t<\/h3>\n\t<span class=\"tribe-event-date-start\">5  September@22:00<\/span><span class=\"tribe-event-time\">23:45<\/span><\/div>\n<\/li>\n\t\t\t<li>\n\t\n<div class=\"tribe-related-events-thumbnail\">\n\t<a href=\"https:\/\/cafelapalma.com\/en\/programacion\/backstage-le-petit-truffle-mayo\/\" class=\"url\" rel=\"bookmark\" tabindex=\"-1\" aria-hidden=\"true\"><img loading=\"lazy\" decoding=\"async\" width=\"780\" height=\"1040\" src=\"https:\/\/cafelapalma.com\/wp-content\/uploads\/2026\/07\/Imagen-TruffleMayo-LePetit-i-1-780x1040.png\" class=\"attachment-large size-large wp-post-image\" alt=\"\" \/><\/a>\n<\/div>\n\t<div class=\"tribe-related-event-info\">\n\t<h3 class=\"tribe-related-events-title\">\n\t\t<a href=\"https:\/\/cafelapalma.com\/en\/programacion\/backstage-le-petit-truffle-mayo\/\" class=\"tribe-event-url\" rel=\"bookmark\">\n\t\t\tBACKSTAGE: LE PETIT + TRUFFLE MAYO\t\t<\/a>\n\t<\/h3>\n\t<span class=\"tribe-event-date-start\">5  September@23:55<\/span><\/div>\n<\/li>\n\t\t\t<li>\n\t\n<div class=\"tribe-related-events-thumbnail\">\n\t<a href=\"https:\/\/cafelapalma.com\/en\/programacion\/willie-deville-concierto-benefico-x-venezuela\/\" class=\"url\" rel=\"bookmark\" tabindex=\"-1\" aria-hidden=\"true\"><img loading=\"lazy\" decoding=\"async\" width=\"1020\" height=\"531\" src=\"https:\/\/cafelapalma.com\/wp-content\/uploads\/2026\/08\/Willie-deville-1100x572-1-1040x541.jpg\" class=\"attachment-large size-large wp-post-image\" alt=\"\" \/><\/a>\n<\/div>\n\t<div class=\"tribe-related-event-info\">\n\t<h3 class=\"tribe-related-events-title\">\n\t\t<a href=\"https:\/\/cafelapalma.com\/en\/programacion\/willie-deville-concierto-benefico-x-venezuela\/\" class=\"tribe-event-url\" rel=\"bookmark\">\n\t\t\tWILLIE DEVILLE: CONCIERTO BEN\u00c9FICO X VENEZUELA\t\t<\/a>\n\t<\/h3>\n\t<span class=\"tribe-event-date-start\">6  September@21:00<\/span><span class=\"tribe-event-time\">23:45<\/span><\/div>\n<\/li>\n\t<\/ul>","protected":false},"excerpt":{"rendered":"<p>YOGHOURT DAZE se re\u00fanen de nuevo para sumarse al Aniversario de CAFE LA PALMA. Un 30 Aniversario que pr\u00e1cticamente coincide con la formaci\u00f3n del tr\u00edo madrile\u00f1o all\u00e1 por 1993, convirti\u00e9ndose en uno de los principales exponentes del grunge\/rock espa\u00f1ol de finales de los &#8217;90 y principios de los &#8217;00 con varias actuaciones durante su trayectoria &hellip; <\/p>","protected":false},"author":2,"featured_media":30174,"template":"","meta":{"_tec_requires_first_save":false,"_uag_custom_page_level_css":"","loftloader_page_shortcode":"","_EventAllDay":false,"_EventTimezone":"Europe\/Madrid","_EventStartDate":"2025-02-28 22:00:00","_EventEndDate":"2025-02-28 23:30:00","_EventStartDateUTC":"2025-02-28 21:00:00","_EventEndDateUTC":"2025-02-28 22:30:00","_EventShowMap":false,"_EventShowMapLink":false,"_EventURL":"https:\/\/www.passline.com\/eventos\/yoghourt-daze-cafe-la-palma-30-aniv","_EventCost":"10","_EventCostDescription":"","_EventCurrencySymbol":"\u20ac","_EventCurrencyCode":"USD","_EventCurrencyPosition":"suffix","_EventDateTimeSeparator":"@","_EventTimeRangeSeparator":"-","_EventOrganizerID":[],"_EventVenueID":[],"_OrganizerEmail":"","_OrganizerPhone":"","_OrganizerWebsite":"","_VenueAddress":"","_VenueCity":"","_VenueCountry":"","_VenueProvince":"","_VenueState":"","_VenueZip":"","_VenuePhone":"","_VenueURL":"","_VenueStateProvince":"","_VenueLat":"","_VenueLng":"","_VenueShowMap":false,"_VenueShowMapLink":false,"_tribe_blocks_recurrence_rules":"","_tribe_blocks_recurrence_description":"","_tribe_blocks_recurrence_exclusions":"","_ecp_custom_2":"","_tribe_events_status":"","_tribe_events_status_reason":"","_tribe_events_is_hybrid":"","_tribe_events_is_virtual":"","_tribe_events_virtual_video_source":"","_tribe_events_virtual_embed_video":"","_tribe_events_virtual_linked_button_text":"","_tribe_events_virtual_linked_button":"","_tribe_events_virtual_show_embed_at":"","_tribe_events_virtual_show_embed_to":[],"_tribe_events_virtual_show_on_event":"","_tribe_events_virtual_show_on_views":"","_tribe_events_virtual_url":"","footnotes":""},"tags":[16710,1363,8869,2865,9147,9146,16711,16707,16708,1355,16709],"tribe_events_cat":[8963],"class_list":["post-30172","tribe_events","type-tribe_events","status-publish","has-post-thumbnail","hentry","tag-battle-of-the-bands","tag-cafe-la-palma","tag-cafe-la-palma-2","tag-conciertos-cafe-la-palma","tag-conciertos-madrid","tag-conciertos-malasana","tag-festival-de-glastonbury","tag-grunge-rock","tag-jordi-tello","tag-pop","tag-yoghourt-daze","tribe_events_cat-concierto","cat_concierto"],"uagb_featured_image_src":{"full":["https:\/\/cafelapalma.com\/wp-content\/uploads\/2024\/12\/ab6761610000f178a090d8921e22e5dfe319a735.jpg",160,160,false],"thumbnail":["https:\/\/cafelapalma.com\/wp-content\/uploads\/2024\/12\/ab6761610000f178a090d8921e22e5dfe319a735-150x150.jpg",150,150,true],"medium":["https:\/\/cafelapalma.com\/wp-content\/uploads\/2024\/12\/ab6761610000f178a090d8921e22e5dfe319a735.jpg",160,160,false],"medium_large":["https:\/\/cafelapalma.com\/wp-content\/uploads\/2024\/12\/ab6761610000f178a090d8921e22e5dfe319a735.jpg",160,160,false],"large":["https:\/\/cafelapalma.com\/wp-content\/uploads\/2024\/12\/ab6761610000f178a090d8921e22e5dfe319a735.jpg",160,160,false],"1536x1536":["https:\/\/cafelapalma.com\/wp-content\/uploads\/2024\/12\/ab6761610000f178a090d8921e22e5dfe319a735.jpg",160,160,false],"2048x2048":["https:\/\/cafelapalma.com\/wp-content\/uploads\/2024\/12\/ab6761610000f178a090d8921e22e5dfe319a735.jpg",160,160,false],"trp-custom-language-flag":["https:\/\/cafelapalma.com\/wp-content\/uploads\/2024\/12\/ab6761610000f178a090d8921e22e5dfe319a735.jpg",12,12,false],"blossom-feminine-slider":["https:\/\/cafelapalma.com\/wp-content\/uploads\/2024\/12\/ab6761610000f178a090d8921e22e5dfe319a735.jpg",160,160,false],"blossom-feminine-featured":["https:\/\/cafelapalma.com\/wp-content\/uploads\/2024\/12\/ab6761610000f178a090d8921e22e5dfe319a735.jpg",160,160,false],"blossom-feminine-with-sidebar":["https:\/\/cafelapalma.com\/wp-content\/uploads\/2024\/12\/ab6761610000f178a090d8921e22e5dfe319a735.jpg",160,160,false],"blossom-feminine-blog":["https:\/\/cafelapalma.com\/wp-content\/uploads\/2024\/12\/ab6761610000f178a090d8921e22e5dfe319a735.jpg",160,160,false],"blossom-feminine-cat":["https:\/\/cafelapalma.com\/wp-content\/uploads\/2024\/12\/ab6761610000f178a090d8921e22e5dfe319a735.jpg",160,160,false],"blossom-feminine-related":["https:\/\/cafelapalma.com\/wp-content\/uploads\/2024\/12\/ab6761610000f178a090d8921e22e5dfe319a735.jpg",160,160,false],"blossom-feminine-schema":["https:\/\/cafelapalma.com\/wp-content\/uploads\/2024\/12\/ab6761610000f178a090d8921e22e5dfe319a735-60x60.jpg",60,60,true]},"uagb_author_info":{"display_name":"Victor","author_link":"https:\/\/cafelapalma.com\/en\/author\/comunicacion\/"},"uagb_comment_info":0,"uagb_excerpt":"YOGHOURT DAZE se re\u00fanen de nuevo para sumarse al Aniversario de CAFE LA PALMA. Un 30 Aniversario que pr\u00e1cticamente coincide con la formaci\u00f3n del tr\u00edo madrile\u00f1o all\u00e1 por 1993, convirti\u00e9ndose en uno de los principales exponentes del grunge\/rock espa\u00f1ol de finales de los &#8217;90 y principios de los &#8217;00 con varias actuaciones durante su trayectoria&hellip;","_links":{"self":[{"href":"https:\/\/cafelapalma.com\/en\/wp-json\/wp\/v2\/tribe_events\/30172","targetHints":{"allow":["GET"]}}],"collection":[{"href":"https:\/\/cafelapalma.com\/en\/wp-json\/wp\/v2\/tribe_events"}],"about":[{"href":"https:\/\/cafelapalma.com\/en\/wp-json\/wp\/v2\/types\/tribe_events"}],"author":[{"embeddable":true,"href":"https:\/\/cafelapalma.com\/en\/wp-json\/wp\/v2\/users\/2"}],"version-history":[{"count":0,"href":"https:\/\/cafelapalma.com\/en\/wp-json\/wp\/v2\/tribe_events\/30172\/revisions"}],"wp:featuredmedia":[{"embeddable":true,"href":"https:\/\/cafelapalma.com\/en\/wp-json\/wp\/v2\/media\/30174"}],"wp:attachment":[{"href":"https:\/\/cafelapalma.com\/en\/wp-json\/wp\/v2\/media?parent=30172"}],"wp:term":[{"taxonomy":"post_tag","embeddable":true,"href":"https:\/\/cafelapalma.com\/en\/wp-json\/wp\/v2\/tags?post=30172"},{"taxonomy":"tribe_events_cat","embeddable":true,"href":"https:\/\/cafelapalma.com\/en\/wp-json\/wp\/v2\/tribe_events_cat?post=30172"}],"curies":[{"name":"wp","href":"https:\/\/api.w.org\/{rel}","templated":true}]}}